{"id":12747,"date":"2023-04-04T15:42:04","date_gmt":"2023-04-04T13:42:04","guid":{"rendered":"https:\/\/viva-ferien.ch\/appartamento-vacanze-a-pontresina\/"},"modified":"2024-05-24T10:59:21","modified_gmt":"2024-05-24T08:59:21","slug":"appartamento-vacanze-a-pontresina","status":"publish","type":"page","link":"https:\/\/viva-ferien.ch\/it\/appartamento-vacanze-a-pontresina\/","title":{"rendered":"Appartamento vacanze a Pontresina"},"content":{"rendered":"\t\t<div data-elementor-type=\"wp-page\" data-elementor-id=\"12747\" class=\"elementor elementor-12747 elementor-8769\" data-elementor-post-type=\"page\">\n\t\t\t\t\t\t\t\t\t<section class=\"elementor-section elementor-top-section elementor-element elementor-element-760ab9af elementor-section-full_width elementor-section-height-default elementor-section-height-default\" data-id=\"760ab9af\" data-element_type=\"section\">\n\t\t\t\t\t\t<div class=\"elementor-container elementor-column-gap-default\">\n\t\t\t\t\t<div class=\"elementor-column elementor-col-100 elementor-top-column elementor-element elementor-element-587466ee\" data-id=\"587466ee\" data-element_type=\"column\">\n\t\t\t<div class=\"elementor-widget-wrap elementor-element-populated\">\n\t\t\t\t\t\t\t\t<div class=\"elementor-element elementor-element-27c5c0f6 elementor-widget elementor-widget-template\" data-id=\"27c5c0f6\" data-element_type=\"widget\" data-widget_type=\"template.default\">\n\t\t\t\t<div class=\"elementor-widget-container\">\n\t\t\t\t\t<div class=\"elementor-template\">\n\t\t\t\t\t<div data-elementor-type=\"section\" data-elementor-id=\"5202\" class=\"elementor elementor-5202\" data-elementor-post-type=\"elementor_library\">\n\t\t\t\t\t\t\t\t<section class=\"elementor-section elementor-top-section elementor-element elementor-element-5c4d34f0 elementor-section-height-min-height elementor-section-items-stretch hero-section elementor-section-boxed elementor-section-height-default\" data-id=\"5c4d34f0\" data-element_type=\"section\" data-settings=\"{&quot;background_background&quot;:&quot;classic&quot;}\">\n\t\t\t\t\t\t\t<div class=\"elementor-background-overlay\"><\/div>\n\t\t\t\t\t\t\t<div class=\"elementor-container elementor-column-gap-default\">\n\t\t\t\t\t<div class=\"elementor-column elementor-col-100 elementor-top-column elementor-element elementor-element-59da9fc4\" data-id=\"59da9fc4\" data-element_type=\"column\">\n\t\t\t<div class=\"elementor-widget-wrap elementor-element-populated\">\n\t\t\t\t\t\t\t\t<div class=\"elementor-element elementor-element-3cf229f8 h2 elementor-widget elementor-widget-heading\" data-id=\"3cf229f8\" data-element_type=\"widget\" data-widget_type=\"heading.default\">\n\t\t\t\t<div class=\"elementor-widget-container\">\n\t\t\t<style>\/*! elementor - v3.15.0 - 20-08-2023 *\/\n.elementor-heading-title{padding:0;margin:0;line-height:1}.elementor-widget-heading .elementor-heading-title[class*=elementor-size-]>a{color:inherit;font-size:inherit;line-height:inherit}.elementor-widget-heading .elementor-heading-title.elementor-size-small{font-size:15px}.elementor-widget-heading .elementor-heading-title.elementor-size-medium{font-size:19px}.elementor-widget-heading .elementor-heading-title.elementor-size-large{font-size:29px}.elementor-widget-heading .elementor-heading-title.elementor-size-xl{font-size:39px}.elementor-widget-heading .elementor-heading-title.elementor-size-xxl{font-size:59px}<\/style><h1 class=\"elementor-heading-title elementor-size-default\">Appartamento vacanze a Pontresina<\/h1>\t\t<\/div>\n\t\t\t\t<\/div>\n\t\t\t\t\t<\/div>\n\t\t<\/div>\n\t\t\t\t\t\t\t<\/div>\n\t\t<\/section>\n\t\t\t\t\t\t<\/div>\n\t\t\t\t<\/div>\n\t\t\t\t<\/div>\n\t\t\t\t<\/div>\n\t\t\t\t\t<\/div>\n\t\t<\/div>\n\t\t\t\t\t\t\t<\/div>\n\t\t<\/section>\n\t\t\t\t<section class=\"elementor-section elementor-top-section elementor-element elementor-element-3988a00 default-container elementor-section-boxed elementor-section-height-default elementor-section-height-default\" data-id=\"3988a00\" data-element_type=\"section\">\n\t\t\t\t\t\t<div class=\"elementor-container elementor-column-gap-default\">\n\t\t\t\t\t<div class=\"elementor-column elementor-col-100 elementor-top-column elementor-element elementor-element-829c5ba\" data-id=\"829c5ba\" data-element_type=\"column\">\n\t\t\t<div class=\"elementor-widget-wrap elementor-element-populated\">\n\t\t\t\t\t\t\t\t<div class=\"elementor-element elementor-element-42586d05 elementor-widget elementor-widget-breadcrumbs\" data-id=\"42586d05\" data-element_type=\"widget\" data-widget_type=\"breadcrumbs.default\">\n\t\t\t\t<div class=\"elementor-widget-container\">\n\t\t\t<link rel=\"stylesheet\" href=\"https:\/\/viva-ferien.ch\/wp-content\/plugins\/elementor-pro\/assets\/css\/widget-theme-elements.min.css\"><p id=\"breadcrumbs\"><span><span><a href=\"https:\/\/viva-ferien.ch\/it\/\">VIVA<\/a><\/span><\/span><\/p>\t\t<\/div>\n\t\t\t\t<\/div>\n\t\t\t\t<div class=\"elementor-element elementor-element-116462a8 elementor-widget elementor-widget-heading\" data-id=\"116462a8\" data-element_type=\"widget\" data-widget_type=\"heading.default\">\n\t\t\t\t<div class=\"elementor-widget-container\">\n\t\t\t<h2 class=\"elementor-heading-title elementor-size-default\">Appartamento vacanze a Pontresina<\/h2>\t\t<\/div>\n\t\t\t\t<\/div>\n\t\t\t\t<div class=\"elementor-element elementor-element-39871615 elementor-widget-laptop__width-initial elementor-widget elementor-widget-text-editor\" data-id=\"39871615\" data-element_type=\"widget\" data-widget_type=\"text-editor.default\">\n\t\t\t\t<div class=\"elementor-widget-container\">\n\t\t\t<style>\/*! elementor - v3.15.0 - 20-08-2023 *\/\n.elementor-widget-text-editor.elementor-drop-cap-view-stacked .elementor-drop-cap{background-color:#69727d;color:#fff}.elementor-widget-text-editor.elementor-drop-cap-view-framed .elementor-drop-cap{color:#69727d;border:3px solid;background-color:transparent}.elementor-widget-text-editor:not(.elementor-drop-cap-view-default) .elementor-drop-cap{margin-top:8px}.elementor-widget-text-editor:not(.elementor-drop-cap-view-default) .elementor-drop-cap-letter{width:1em;height:1em}.elementor-widget-text-editor .elementor-drop-cap{float:left;text-align:center;line-height:1;font-size:50px}.elementor-widget-text-editor .elementor-drop-cap-letter{display:inline-block}<\/style>\t\t\t\t<\/p>\n<p><b>Immergetevi nel mondo della montagna a Pontresina e prenotate giorni di relax in un appartamento vacanze VIVA. <\/b><\/p>\n<p>Pontresina si trova in posizione pittoresca a 1.800 metri sul livello del mare, sul lato sinistro della Valle del Bernina. Il suo fascino unico \u00e8 caratterizzato dal pittoresco mix di cascine tradizionali engadinesi e case patrizie con ricche decorazioni a graffito ed eleganti edifici alberghieri della Belle Epoque. <\/p>\n<p><b style=\"background-color: rgba(255, 255, 255, 0); color: var( --e-global-color-primary );\">Affittare un appartamento o una casa vacanze indipendente, spaziosa e conveniente a Pontresina \u00e8 una scelta eccellente in qualsiasi periodo dell&#8217;anno.<\/b><\/p>\n<p><span style=\"background-color: rgba(255, 255, 255, 0); color: var( --e-global-color-primary );\">Con una vasta gamma di attivit\u00e0 sportive e culturali, Pontresina \u00e8 una destinazione turistica attraente tutto l&#8217;anno. Se prenotate un appartamento o una casa vacanze qui, potete aspettarvi un tempo vario tra i profumati boschi di pino cembro e i maestosi ghiacciai del massiccio del Bernina. In inverno Pontresina attrae i visitatori con l&#8217;area sciistica di San Spiert, adatta alle famiglie e, la sua vicinanza alle piste di Diavolezza\/Lagalb. Non solo vi attende la pi\u00f9 lunga discesa sul ghiacciaio della Svizzera, ma anche la pista da sci pi\u00f9 ripida del Cantone dei Grigioni, con una pendenza dell&#8217;86%. Gli appassionati di sci di fondo possono godersi un rilassante tour sui sentieri o una romantica gita in slitta trainata da cavalli attraverso la Val Roseg, chiusa alle auto. Se volete vivere il trambusto di St. Moritz, il villaggio dista solo sei chilometri di distanza.<\/span><\/p>\n<p>Durante i mesi estivi, i vacanzieri attivi si divertono a esplorare la rete di 580 chilometri di sentieri escursionistici intorno alla Valle del Bernina. Gli escursionisti pi\u00f9 ambiziosi possono scalare il Piz Pal\u00fc o il Piz Bernina, due delle cime pi\u00f9 alte delle Alpi Orientali. La funicolare vi porta comodamente sul monte panoramico Muottas Muragl, da dove potrete fare splendide escursioni o semplicemente godervi la vista sul paesaggio lacustre dell&#8217;Alta Engadina. Un viaggio sulla Ferrovia del Bernina \u00e8 un&#8217;esperienza indimenticabile. Il percorso panoramico conduce attraverso il Passo del Bernina nella valle meridionale di Poschiavo e oltre il confine italiano in Valtellina. <span style=\"background-color: rgba(255, 255, 255, 0); color: var( --e-global-color-primary );\">Al caseificio alpino Morteratsch potrete immergervi nella tradizione dei casari e assaggiare le specialit\u00e0 regionali. Non c&#8217;\u00e8 da stupirsi se un appartamento per le vacanze a Pontresina<\/span><span style=\"background-color: rgba(255, 255, 255, 0); color: var( --e-global-color-primary );\"> sta diventando una destinazione turistica sempre pi\u00f9 popolare. Per rendere perfetta la vostra vacanza, vi offriamo un&#8217;ampia scelta di appartamenti moderni e accoglienti. <\/span>Appartamenti di vacanze a Pontresina.<\/p>\n\t\t\t\t\t\t<\/div>\n\t\t\t\t<\/div>\n\t\t\t\t\t<\/div>\n\t\t<\/div>\n\t\t\t\t\t\t\t<\/div>\n\t\t<\/section>\n\t\t\t\t<section class=\"elementor-section elementor-top-section elementor-element elementor-element-6ffba318 slide-section elementor-section-full_width elementor-section-height-default elementor-section-height-default\" data-id=\"6ffba318\" data-element_type=\"section\">\n\t\t\t\t\t\t<div class=\"elementor-container elementor-column-gap-default\">\n\t\t\t\t\t<div class=\"elementor-column elementor-col-100 elementor-top-column elementor-element elementor-element-75f0e288 raven-column-flex-horizontal\" data-id=\"75f0e288\" data-element_type=\"column\">\n\t\t\t<div class=\"elementor-widget-wrap elementor-element-populated\">\n\t\t\t\t\t\t\t\t<section class=\"elementor-section elementor-inner-section elementor-element elementor-element-53de7bb smallbox elementor-section-boxed elementor-section-height-default elementor-section-height-default\" data-id=\"53de7bb\" data-element_type=\"section\">\n\t\t\t\t\t\t<div class=\"elementor-container elementor-column-gap-default\">\n\t\t\t\t\t<div class=\"elementor-column elementor-col-100 elementor-inner-column elementor-element elementor-element-700b45a0\" data-id=\"700b45a0\" data-element_type=\"column\">\n\t\t\t<div class=\"elementor-widget-wrap elementor-element-populated\">\n\t\t\t\t\t\t\t\t<div class=\"elementor-element elementor-element-63ba5a9f elementor-widget elementor-widget-heading\" data-id=\"63ba5a9f\" data-element_type=\"widget\" data-widget_type=\"heading.default\">\n\t\t\t\t<div class=\"elementor-widget-container\">\n\t\t\t<h2 class=\"elementor-heading-title elementor-size-default\">Appartamenti di vacanze <br><h2 data-elementor-setting-key=\"title\" data-pen-placeholder=\"Eingabe hier...\" style=\"color: rgb(23, 55, 94);\"><span style=\"background-color: rgba(255, 255, 255, 0);\">di VIVA-Ferien<\/span><br><\/h2>a Pontresina <\/h2>\t\t<\/div>\n\t\t\t\t<\/div>\n\t\t\t\t<div class=\"elementor-element elementor-element-2434c609 elementor-widget elementor-widget-text-editor\" data-id=\"2434c609\" data-element_type=\"widget\" data-widget_type=\"text-editor.default\">\n\t\t\t\t<div class=\"elementor-widget-container\">\n\t\t\t\t\t\t\t<p><strong>Con un appartamento per le vacanze a Pontresina potete essere certi di avere indipendenza, spazio e privacy. <\/strong> Prenotate la vostra casa vacanze direttamente e in modo sicuro con il vostro fornitore locale VIVA-Ferien. <\/p><\/p>\n\t\t\t\t\t\t<\/div>\n\t\t\t\t<\/div>\n\t\t\t\t<div class=\"elementor-element elementor-element-14620490 elementor-widget elementor-widget-button\" data-id=\"14620490\" data-element_type=\"widget\" data-widget_type=\"button.default\">\n\t\t\t\t<div class=\"elementor-widget-container\">\n\t\t\t\t\t<div class=\"elementor-button-wrapper\">\n\t\t\t<a class=\"elementor-button elementor-button-link elementor-size-sm\" href=\"\/?s\">\n\t\t\t\t\t\t<span class=\"elementor-button-content-wrapper\">\n\t\t\t\t\t\t<span class=\"elementor-button-text\">Tutti gli alloggi<\/span>\n\t\t<\/span>\n\t\t\t\t\t<\/a>\n\t\t<\/div>\n\t\t\t\t<\/div>\n\t\t\t\t<\/div>\n\t\t\t\t\t<\/div>\n\t\t<\/div>\n\t\t\t\t\t\t\t<\/div>\n\t\t<\/section>\n\t\t\t\t<div class=\"elementor-element elementor-element-4c835863 beontest beon-slide-list beon-unit-slider elementor-widget elementor-widget-shortcode\" data-id=\"4c835863\" data-element_type=\"widget\" data-widget_type=\"shortcode.default\">\n\t\t\t\t<div class=\"elementor-widget-container\">\n\t\t\t\t\t<div class=\"elementor-shortcode\"><div class=\"swiper\"><div class=\"swiper-wrapper\"><div class=\"swiper-slide\"><div class=\"swiperlisting\">\t\t\t\t<div id=\"slider\" class=\"flexslider\">\n\t\t\t<ul class=\"slides\">\n\t\t\t\t\t\t\t\t\t<li>\n\t\t\t\t\t\t<a href=\"https:\/\/viva-ferien.ch\/it\/unterkuenfte\/spler-2\/\">\n\t\t\t\t\t\t\t<img decoding=\"async\" src=\"https:\/\/viva-ferien.ch\/wp-content\/uploads\/2026\/01\/mf25574984-1024x576.jpg\" alt=\"Spler-0\" \/>\n\t\t\t\t\t\t<\/a>\n\t\t\t\t\t<\/li>\n\t\t\t\t\t\t\t\t\t<li>\n\t\t\t\t\t\t<a href=\"https:\/\/viva-ferien.ch\/it\/unterkuenfte\/spler-2\/\">\n\t\t\t\t\t\t\t<img decoding=\"async\" src=\"https:\/\/viva-ferien.ch\/wp-content\/uploads\/2026\/01\/mf25574983-1024x576.jpg\" alt=\"Spler-1\" \/>\n\t\t\t\t\t\t<\/a>\n\t\t\t\t\t<\/li>\n\t\t\t\t\t\t\t\t\t<li>\n\t\t\t\t\t\t<a href=\"https:\/\/viva-ferien.ch\/it\/unterkuenfte\/spler-2\/\">\n\t\t\t\t\t\t\t<img decoding=\"async\" src=\"https:\/\/viva-ferien.ch\/wp-content\/uploads\/2026\/01\/mf25575002-1024x576.jpg\" alt=\"Spler-2\" \/>\n\t\t\t\t\t\t<\/a>\n\t\t\t\t\t<\/li>\n\t\t\t\t\t\t\t\t\t<li>\n\t\t\t\t\t\t<a href=\"https:\/\/viva-ferien.ch\/it\/unterkuenfte\/spler-2\/\">\n\t\t\t\t\t\t\t<img decoding=\"async\" src=\"https:\/\/viva-ferien.ch\/wp-content\/uploads\/2026\/01\/mf25575001-1024x576.jpg\" alt=\"Spler-3\" \/>\n\t\t\t\t\t\t<\/a>\n\t\t\t\t\t<\/li>\n\t\t\t\t\t\t\t\t\t<li>\n\t\t\t\t\t\t<a href=\"https:\/\/viva-ferien.ch\/it\/unterkuenfte\/spler-2\/\">\n\t\t\t\t\t\t\t<img decoding=\"async\" src=\"https:\/\/viva-ferien.ch\/wp-content\/uploads\/2026\/01\/mf25574986-1024x576.jpg\" alt=\"Spler-4\" \/>\n\t\t\t\t\t\t<\/a>\n\t\t\t\t\t<\/li>\n\t\t\t\t\t\t\t<\/ul>\n\t\t<\/div>\n\t\t<div class=\"info-wrapper\">\n\t\t\t<div>\n\t\t\t\t<a href=\"https:\/\/viva-ferien.ch\/it\/unterkuenfte\/spler-2\/\">\n\t\t\t\t\t<div class=\"description-wrapper\">\n\t\t\t\t\t\t<p class=\"image-description uppercase\"><strong>Pontresina<\/strong><\/p>\t\t\t\n\t\t\t\t\t\t<div class=\"wrap-classification\">\t\n\t\t\t\t\t\t\t\t\t\t\t\t\t\t<h3>Spler<\/h3>\n\t\t\t\t\t\t\t<div class=\"classification\"><img decoding=\"async\" src=\"\/wp-content\/themes\/vivaferien\/assets\/images\/VIVA_Icon_Klassifizierung_Voll.png\" alt=\"Star\"><img decoding=\"async\" src=\"\/wp-content\/themes\/vivaferien\/assets\/images\/VIVA_Icon_Klassifizierung_Voll.png\" alt=\"Star\"><img decoding=\"async\" src=\"\/wp-content\/themes\/vivaferien\/assets\/images\/VIVA_Icon_Klassifizierung_Voll.png\" alt=\"Star\"><img decoding=\"async\" src=\"\/wp-content\/themes\/vivaferien\/assets\/images\/VIVA_Icon_Klassifizierung_Voll.png\" alt=\"Star\"><img decoding=\"async\" src=\"\/wp-content\/themes\/vivaferien\/assets\/images\/VIVA_Icon_Klassifizierung_Halb.png\" alt=\"half-full Star\"><\/div>\t\t\t\t\t\t<\/div>\n\t\t\t\t\t<\/div>\n\t\t\t\t\t<hr>\n\t\t\t\t\t<\/hr>\n\t\t\t\t\t<div class=\"properties-wrapper\">\n\t\t\t\t\t\t<div>\n\t\t\t\t\t\t\t<!-- <p class=\"big-p\"><div class=\"image-description\">Ab<\/div><\/p>p_6885 -->\n\t\t\t\t\t\t\t<p class=\"big-p\"><div class=\"image-description\">Da<\/div><span class=\"currency\">CHF<\/span> <span class=\"price\" data-price=\"18300\">183,00<\/span><\/p>\n\t\t\t\t\t\t<\/div>\n\t\t\t\t\t\t<div class=\"add-border show-on-hover\"><\/div>\n\t\t\t\t\t\t<div class=\"show-on-hover\">\n\t\t\t\t\t\t\t<p class=\"big-p\"><div class=\"image-description\">Ospiti<\/div>4<\/p>\n\t\t\t\t\t\t<\/div>\n\t\t\t\t\t\t<div class=\"add-border show-on-hover\"><\/div>\n\t\t\t\t\t\t<div class=\"show-on-hover\">\n\t\t\t\t\t\t\t<p class=\"big-p\"><div class=\"image-description\">Camere da letto<\/div>2<\/p>\n\t\t\t\t\t\t<\/div>\n\t\t\t\t\t<\/div>\n\t\t\t\t<\/a>\n\t\t\t<\/div>\n\t\t<\/div>\n\t<\/div><\/div><div class=\"swiper-slide\"><div class=\"swiperlisting\">\t\t\t\t<div id=\"slider\" class=\"flexslider\">\n\t\t\t<ul class=\"slides\">\n\t\t\t\t\t\t\t\t\t<li>\n\t\t\t\t\t\t<a href=\"https:\/\/viva-ferien.ch\/it\/unterkuenfte\/muragls-4-2\/\">\n\t\t\t\t\t\t\t<img decoding=\"async\" src=\"https:\/\/viva-ferien.ch\/wp-content\/uploads\/2025\/05\/mf21681497-1024x576.jpg\" alt=\"Muragls 4-0\" \/>\n\t\t\t\t\t\t<\/a>\n\t\t\t\t\t<\/li>\n\t\t\t\t\t\t\t\t\t<li>\n\t\t\t\t\t\t<a href=\"https:\/\/viva-ferien.ch\/it\/unterkuenfte\/muragls-4-2\/\">\n\t\t\t\t\t\t\t<img decoding=\"async\" src=\"https:\/\/viva-ferien.ch\/wp-content\/uploads\/2025\/05\/mf21681499-1024x576.jpg\" alt=\"Muragls 4-1\" \/>\n\t\t\t\t\t\t<\/a>\n\t\t\t\t\t<\/li>\n\t\t\t\t\t\t\t\t\t<li>\n\t\t\t\t\t\t<a href=\"https:\/\/viva-ferien.ch\/it\/unterkuenfte\/muragls-4-2\/\">\n\t\t\t\t\t\t\t<img decoding=\"async\" src=\"https:\/\/viva-ferien.ch\/wp-content\/uploads\/2025\/05\/mf21681513-1024x576.jpg\" alt=\"Muragls 4-2\" \/>\n\t\t\t\t\t\t<\/a>\n\t\t\t\t\t<\/li>\n\t\t\t\t\t\t\t\t\t<li>\n\t\t\t\t\t\t<a href=\"https:\/\/viva-ferien.ch\/it\/unterkuenfte\/muragls-4-2\/\">\n\t\t\t\t\t\t\t<img decoding=\"async\" src=\"https:\/\/viva-ferien.ch\/wp-content\/uploads\/2025\/05\/mf21681511-1024x576.jpg\" alt=\"Muragls 4-3\" \/>\n\t\t\t\t\t\t<\/a>\n\t\t\t\t\t<\/li>\n\t\t\t\t\t\t\t\t\t<li>\n\t\t\t\t\t\t<a href=\"https:\/\/viva-ferien.ch\/it\/unterkuenfte\/muragls-4-2\/\">\n\t\t\t\t\t\t\t<img decoding=\"async\" src=\"https:\/\/viva-ferien.ch\/wp-content\/uploads\/2025\/05\/mf21681506-1024x576.jpg\" alt=\"Muragls 4-4\" \/>\n\t\t\t\t\t\t<\/a>\n\t\t\t\t\t<\/li>\n\t\t\t\t\t\t\t<\/ul>\n\t\t<\/div>\n\t\t<div class=\"info-wrapper\">\n\t\t\t<div>\n\t\t\t\t<a href=\"https:\/\/viva-ferien.ch\/it\/unterkuenfte\/muragls-4-2\/\">\n\t\t\t\t\t<div class=\"description-wrapper\">\n\t\t\t\t\t\t<p class=\"image-description uppercase\"><strong>Pontresina<\/strong><\/p>\t\t\t\n\t\t\t\t\t\t<div class=\"wrap-classification\">\t\n\t\t\t\t\t\t\t\t\t\t\t\t\t\t<h3>Muragls 4<\/h3>\n\t\t\t\t\t\t\t<div class=\"classification\"><img decoding=\"async\" src=\"\/wp-content\/themes\/vivaferien\/assets\/images\/VIVA_Icon_Klassifizierung_Voll.png\" alt=\"Star\"><img decoding=\"async\" src=\"\/wp-content\/themes\/vivaferien\/assets\/images\/VIVA_Icon_Klassifizierung_Voll.png\" alt=\"Star\"><img decoding=\"async\" src=\"\/wp-content\/themes\/vivaferien\/assets\/images\/VIVA_Icon_Klassifizierung_Voll.png\" alt=\"Star\"><img decoding=\"async\" src=\"\/wp-content\/themes\/vivaferien\/assets\/images\/VIVA_Icon_Klassifizierung_Halb.png\" alt=\"half-full Star\"><\/div>\t\t\t\t\t\t<\/div>\n\t\t\t\t\t<\/div>\n\t\t\t\t\t<hr>\n\t\t\t\t\t<\/hr>\n\t\t\t\t\t<div class=\"properties-wrapper\">\n\t\t\t\t\t\t<div>\n\t\t\t\t\t\t\t<!-- <p class=\"big-p\"><div class=\"image-description\">Ab<\/div><\/p>p_6885 -->\n\t\t\t\t\t\t\t<p class=\"big-p\"><div class=\"image-description\">Da<\/div><span class=\"currency\">CHF<\/span> <span class=\"price\" data-price=\"11800\">118,00<\/span><\/p>\n\t\t\t\t\t\t<\/div>\n\t\t\t\t\t\t<div class=\"add-border show-on-hover\"><\/div>\n\t\t\t\t\t\t<div class=\"show-on-hover\">\n\t\t\t\t\t\t\t<p class=\"big-p\"><div class=\"image-description\">Ospiti<\/div>4<\/p>\n\t\t\t\t\t\t<\/div>\n\t\t\t\t\t\t<div class=\"add-border show-on-hover\"><\/div>\n\t\t\t\t\t\t<div class=\"show-on-hover\">\n\t\t\t\t\t\t\t<p class=\"big-p\"><div class=\"image-description\">Camere da letto<\/div>2<\/p>\n\t\t\t\t\t\t<\/div>\n\t\t\t\t\t<\/div>\n\t\t\t\t<\/a>\n\t\t\t<\/div>\n\t\t<\/div>\n\t<\/div><\/div><div class=\"swiper-slide\"><div class=\"swiperlisting\">\t\t\t\t<div id=\"slider\" class=\"flexslider\">\n\t\t\t<ul class=\"slides\">\n\t\t\t\t\t\t\t\t\t<li>\n\t\t\t\t\t\t<a href=\"https:\/\/viva-ferien.ch\/it\/unterkuenfte\/piz-chalchagn-2\/\">\n\t\t\t\t\t\t\t<img decoding=\"async\" src=\"https:\/\/viva-ferien.ch\/wp-content\/uploads\/2024\/10\/mf18534735-1024x576.jpg\" alt=\"Piz Chalchagn-0\" \/>\n\t\t\t\t\t\t<\/a>\n\t\t\t\t\t<\/li>\n\t\t\t\t\t\t\t\t\t<li>\n\t\t\t\t\t\t<a href=\"https:\/\/viva-ferien.ch\/it\/unterkuenfte\/piz-chalchagn-2\/\">\n\t\t\t\t\t\t\t<img decoding=\"async\" src=\"https:\/\/viva-ferien.ch\/wp-content\/uploads\/2024\/10\/mf18534747-1024x576.jpg\" alt=\"Piz Chalchagn-1\" \/>\n\t\t\t\t\t\t<\/a>\n\t\t\t\t\t<\/li>\n\t\t\t\t\t\t\t\t\t<li>\n\t\t\t\t\t\t<a href=\"https:\/\/viva-ferien.ch\/it\/unterkuenfte\/piz-chalchagn-2\/\">\n\t\t\t\t\t\t\t<img decoding=\"async\" src=\"https:\/\/viva-ferien.ch\/wp-content\/uploads\/2024\/10\/mf18534746-1024x576.jpg\" alt=\"Piz Chalchagn-2\" \/>\n\t\t\t\t\t\t<\/a>\n\t\t\t\t\t<\/li>\n\t\t\t\t\t\t\t\t\t<li>\n\t\t\t\t\t\t<a href=\"https:\/\/viva-ferien.ch\/it\/unterkuenfte\/piz-chalchagn-2\/\">\n\t\t\t\t\t\t\t<img decoding=\"async\" src=\"https:\/\/viva-ferien.ch\/wp-content\/uploads\/2024\/10\/mf18534744-1024x576.jpg\" alt=\"Piz Chalchagn-3\" \/>\n\t\t\t\t\t\t<\/a>\n\t\t\t\t\t<\/li>\n\t\t\t\t\t\t\t\t\t<li>\n\t\t\t\t\t\t<a href=\"https:\/\/viva-ferien.ch\/it\/unterkuenfte\/piz-chalchagn-2\/\">\n\t\t\t\t\t\t\t<img decoding=\"async\" src=\"https:\/\/viva-ferien.ch\/wp-content\/uploads\/2024\/10\/mf18534748-1024x576.jpg\" alt=\"Piz Chalchagn-4\" \/>\n\t\t\t\t\t\t<\/a>\n\t\t\t\t\t<\/li>\n\t\t\t\t\t\t\t<\/ul>\n\t\t<\/div>\n\t\t<div class=\"info-wrapper\">\n\t\t\t<div>\n\t\t\t\t<a href=\"https:\/\/viva-ferien.ch\/it\/unterkuenfte\/piz-chalchagn-2\/\">\n\t\t\t\t\t<div class=\"description-wrapper\">\n\t\t\t\t\t\t<p class=\"image-description uppercase\"><strong>Pontresina<\/strong><\/p>\t\t\t\n\t\t\t\t\t\t<div class=\"wrap-classification\">\t\n\t\t\t\t\t\t\t\t\t\t\t\t\t\t<h3>Piz Chalchagn<\/h3>\n\t\t\t\t\t\t\t<div class=\"classification\"><img decoding=\"async\" src=\"\/wp-content\/themes\/vivaferien\/assets\/images\/VIVA_Icon_Klassifizierung_Voll.png\" alt=\"Star\"><img decoding=\"async\" src=\"\/wp-content\/themes\/vivaferien\/assets\/images\/VIVA_Icon_Klassifizierung_Voll.png\" alt=\"Star\"><img decoding=\"async\" src=\"\/wp-content\/themes\/vivaferien\/assets\/images\/VIVA_Icon_Klassifizierung_Voll.png\" alt=\"Star\"><img decoding=\"async\" src=\"\/wp-content\/themes\/vivaferien\/assets\/images\/VIVA_Icon_Klassifizierung_Voll.png\" alt=\"Star\"><\/div>\t\t\t\t\t\t<\/div>\n\t\t\t\t\t<\/div>\n\t\t\t\t\t<hr>\n\t\t\t\t\t<\/hr>\n\t\t\t\t\t<div class=\"properties-wrapper\">\n\t\t\t\t\t\t<div>\n\t\t\t\t\t\t\t<!-- <p class=\"big-p\"><div class=\"image-description\">Ab<\/div><\/p>p_6885 -->\n\t\t\t\t\t\t\t<p class=\"big-p\"><div class=\"image-description\">Da<\/div><span class=\"currency\">CHF<\/span> <span class=\"price\" data-price=\"18300\">183,00<\/span><\/p>\n\t\t\t\t\t\t<\/div>\n\t\t\t\t\t\t<div class=\"add-border show-on-hover\"><\/div>\n\t\t\t\t\t\t<div class=\"show-on-hover\">\n\t\t\t\t\t\t\t<p class=\"big-p\"><div class=\"image-description\">Ospiti<\/div>5<\/p>\n\t\t\t\t\t\t<\/div>\n\t\t\t\t\t\t<div class=\"add-border show-on-hover\"><\/div>\n\t\t\t\t\t\t<div class=\"show-on-hover\">\n\t\t\t\t\t\t\t<p class=\"big-p\"><div class=\"image-description\">Camere da letto<\/div>3<\/p>\n\t\t\t\t\t\t<\/div>\n\t\t\t\t\t<\/div>\n\t\t\t\t<\/a>\n\t\t\t<\/div>\n\t\t<\/div>\n\t<\/div><\/div><div class=\"swiper-slide\"><div class=\"swiperlisting\">\t\t\t\t<div id=\"slider\" class=\"flexslider\">\n\t\t\t<ul class=\"slides\">\n\t\t\t\t\t\t\t\t\t<li>\n\t\t\t\t\t\t<a href=\"https:\/\/viva-ferien.ch\/it\/unterkuenfte\/villa-klainguti-2\/\">\n\t\t\t\t\t\t\t<img decoding=\"async\" src=\"https:\/\/viva-ferien.ch\/wp-content\/uploads\/2024\/04\/mf16019726-1024x681.jpg\" alt=\"Villa Klainguti-0\" \/>\n\t\t\t\t\t\t<\/a>\n\t\t\t\t\t<\/li>\n\t\t\t\t\t\t\t\t\t<li>\n\t\t\t\t\t\t<a href=\"https:\/\/viva-ferien.ch\/it\/unterkuenfte\/villa-klainguti-2\/\">\n\t\t\t\t\t\t\t<img decoding=\"async\" src=\"https:\/\/viva-ferien.ch\/wp-content\/uploads\/2024\/04\/mf16019725-1024x681.jpg\" alt=\"Villa Klainguti-1\" \/>\n\t\t\t\t\t\t<\/a>\n\t\t\t\t\t<\/li>\n\t\t\t\t\t\t\t\t\t<li>\n\t\t\t\t\t\t<a href=\"https:\/\/viva-ferien.ch\/it\/unterkuenfte\/villa-klainguti-2\/\">\n\t\t\t\t\t\t\t<img decoding=\"async\" src=\"https:\/\/viva-ferien.ch\/wp-content\/uploads\/2024\/04\/mf16019728-1024x681.jpg\" alt=\"Villa Klainguti-2\" \/>\n\t\t\t\t\t\t<\/a>\n\t\t\t\t\t<\/li>\n\t\t\t\t\t\t\t\t\t<li>\n\t\t\t\t\t\t<a href=\"https:\/\/viva-ferien.ch\/it\/unterkuenfte\/villa-klainguti-2\/\">\n\t\t\t\t\t\t\t<img decoding=\"async\" src=\"https:\/\/viva-ferien.ch\/wp-content\/uploads\/2024\/04\/mf16019724-1024x683.jpg\" alt=\"Villa Klainguti-3\" \/>\n\t\t\t\t\t\t<\/a>\n\t\t\t\t\t<\/li>\n\t\t\t\t\t\t\t\t\t<li>\n\t\t\t\t\t\t<a href=\"https:\/\/viva-ferien.ch\/it\/unterkuenfte\/villa-klainguti-2\/\">\n\t\t\t\t\t\t\t<img decoding=\"async\" src=\"https:\/\/viva-ferien.ch\/wp-content\/uploads\/2024\/04\/mf16019683-1024x681.jpg\" alt=\"Villa Klainguti-4\" \/>\n\t\t\t\t\t\t<\/a>\n\t\t\t\t\t<\/li>\n\t\t\t\t\t\t\t<\/ul>\n\t\t<\/div>\n\t\t<div class=\"info-wrapper\">\n\t\t\t<div>\n\t\t\t\t<a href=\"https:\/\/viva-ferien.ch\/it\/unterkuenfte\/villa-klainguti-2\/\">\n\t\t\t\t\t<div class=\"description-wrapper\">\n\t\t\t\t\t\t<p class=\"image-description uppercase\"><strong>Pontresina<\/strong><\/p>\t\t\t\n\t\t\t\t\t\t<div class=\"wrap-classification\">\t\n\t\t\t\t\t\t\t\t\t\t\t\t\t\t<img decoding=\"async\" src=\"\/wp-content\/themes\/vivaferien\/assets\/images\/VIVA_Select.svg\" alt=\"Viva-Select-Icon\" class=\"vivaselect-wrapper\">\n\t\t\t\t\t\t\t\t\t\t\t\t\t\t<h3>Villa Klainguti<\/h3>\n\t\t\t\t\t\t\t<div class=\"classification\"><img decoding=\"async\" src=\"\/wp-content\/themes\/vivaferien\/assets\/images\/VIVA_Icon_Klassifizierung_Voll.png\" alt=\"Star\"><img decoding=\"async\" src=\"\/wp-content\/themes\/vivaferien\/assets\/images\/VIVA_Icon_Klassifizierung_Voll.png\" alt=\"Star\"><img decoding=\"async\" src=\"\/wp-content\/themes\/vivaferien\/assets\/images\/VIVA_Icon_Klassifizierung_Voll.png\" alt=\"Star\"><img decoding=\"async\" src=\"\/wp-content\/themes\/vivaferien\/assets\/images\/VIVA_Icon_Klassifizierung_Voll.png\" alt=\"Star\"><img decoding=\"async\" src=\"\/wp-content\/themes\/vivaferien\/assets\/images\/VIVA_Icon_Klassifizierung_Voll.png\" alt=\"Star\"><\/div>\t\t\t\t\t\t<\/div>\n\t\t\t\t\t<\/div>\n\t\t\t\t\t<hr>\n\t\t\t\t\t<\/hr>\n\t\t\t\t\t<div class=\"properties-wrapper\">\n\t\t\t\t\t\t<div>\n\t\t\t\t\t\t\t<!-- <p class=\"big-p\"><div class=\"image-description\">Ab<\/div><\/p>p_6885 -->\n\t\t\t\t\t\t\t<p class=\"big-p\"><div class=\"image-description\">Da<\/div><span class=\"currency\">CHF<\/span> <span class=\"price\" data-price=\"385000\">3.850,00<\/span><\/p>\n\t\t\t\t\t\t<\/div>\n\t\t\t\t\t\t<div class=\"add-border show-on-hover\"><\/div>\n\t\t\t\t\t\t<div class=\"show-on-hover\">\n\t\t\t\t\t\t\t<p class=\"big-p\"><div class=\"image-description\">Ospiti<\/div>11<\/p>\n\t\t\t\t\t\t<\/div>\n\t\t\t\t\t\t<div class=\"add-border show-on-hover\"><\/div>\n\t\t\t\t\t\t<div class=\"show-on-hover\">\n\t\t\t\t\t\t\t<p class=\"big-p\"><div class=\"image-description\">Camere da letto<\/div>5<\/p>\n\t\t\t\t\t\t<\/div>\n\t\t\t\t\t<\/div>\n\t\t\t\t<\/a>\n\t\t\t<\/div>\n\t\t<\/div>\n\t<\/div><\/div><div class=\"swiper-slide\"><div class=\"swiperlisting\">\t\t\t\t<div id=\"slider\" class=\"flexslider\">\n\t\t\t<ul class=\"slides\">\n\t\t\t\t\t\t\t\t\t<li>\n\t\t\t\t\t\t<a href=\"https:\/\/viva-ferien.ch\/it\/unterkuenfte\/lodola-2\/\">\n\t\t\t\t\t\t\t<img decoding=\"async\" src=\"https:\/\/viva-ferien.ch\/wp-content\/uploads\/2022\/11\/mf6704801-1024x576.jpg\" alt=\"Lodola-0\" \/>\n\t\t\t\t\t\t<\/a>\n\t\t\t\t\t<\/li>\n\t\t\t\t\t\t\t\t\t<li>\n\t\t\t\t\t\t<a href=\"https:\/\/viva-ferien.ch\/it\/unterkuenfte\/lodola-2\/\">\n\t\t\t\t\t\t\t<img decoding=\"async\" src=\"https:\/\/viva-ferien.ch\/wp-content\/uploads\/2022\/11\/mf6704799-1024x576.jpg\" alt=\"Lodola-1\" \/>\n\t\t\t\t\t\t<\/a>\n\t\t\t\t\t<\/li>\n\t\t\t\t\t\t\t\t\t<li>\n\t\t\t\t\t\t<a href=\"https:\/\/viva-ferien.ch\/it\/unterkuenfte\/lodola-2\/\">\n\t\t\t\t\t\t\t<img decoding=\"async\" src=\"https:\/\/viva-ferien.ch\/wp-content\/uploads\/2022\/11\/mf6704800-1024x576.jpg\" alt=\"Lodola-2\" \/>\n\t\t\t\t\t\t<\/a>\n\t\t\t\t\t<\/li>\n\t\t\t\t\t\t\t\t\t<li>\n\t\t\t\t\t\t<a href=\"https:\/\/viva-ferien.ch\/it\/unterkuenfte\/lodola-2\/\">\n\t\t\t\t\t\t\t<img decoding=\"async\" src=\"https:\/\/viva-ferien.ch\/wp-content\/uploads\/2022\/11\/mf6704788-1024x576.jpg\" alt=\"Lodola-3\" \/>\n\t\t\t\t\t\t<\/a>\n\t\t\t\t\t<\/li>\n\t\t\t\t\t\t\t\t\t<li>\n\t\t\t\t\t\t<a href=\"https:\/\/viva-ferien.ch\/it\/unterkuenfte\/lodola-2\/\">\n\t\t\t\t\t\t\t<img decoding=\"async\" src=\"https:\/\/viva-ferien.ch\/wp-content\/uploads\/2022\/11\/mf6704789-1024x576.jpg\" alt=\"Lodola-4\" \/>\n\t\t\t\t\t\t<\/a>\n\t\t\t\t\t<\/li>\n\t\t\t\t\t\t\t<\/ul>\n\t\t<\/div>\n\t\t<div class=\"info-wrapper\">\n\t\t\t<div>\n\t\t\t\t<a href=\"https:\/\/viva-ferien.ch\/it\/unterkuenfte\/lodola-2\/\">\n\t\t\t\t\t<div class=\"description-wrapper\">\n\t\t\t\t\t\t<p class=\"image-description uppercase\"><strong>Pontresina<\/strong><\/p>\t\t\t\n\t\t\t\t\t\t<div class=\"wrap-classification\">\t\n\t\t\t\t\t\t\t\t\t\t\t\t\t\t<h3>Lodola<\/h3>\n\t\t\t\t\t\t\t<div class=\"classification\"><img decoding=\"async\" src=\"\/wp-content\/themes\/vivaferien\/assets\/images\/VIVA_Icon_Klassifizierung_Voll.png\" alt=\"Star\"><img decoding=\"async\" src=\"\/wp-content\/themes\/vivaferien\/assets\/images\/VIVA_Icon_Klassifizierung_Voll.png\" alt=\"Star\"><img decoding=\"async\" src=\"\/wp-content\/themes\/vivaferien\/assets\/images\/VIVA_Icon_Klassifizierung_Voll.png\" alt=\"Star\"><img decoding=\"async\" src=\"\/wp-content\/themes\/vivaferien\/assets\/images\/VIVA_Icon_Klassifizierung_Voll.png\" alt=\"Star\"><\/div>\t\t\t\t\t\t<\/div>\n\t\t\t\t\t<\/div>\n\t\t\t\t\t<hr>\n\t\t\t\t\t<\/hr>\n\t\t\t\t\t<div class=\"properties-wrapper\">\n\t\t\t\t\t\t<div>\n\t\t\t\t\t\t\t<!-- <p class=\"big-p\"><div class=\"image-description\">Ab<\/div><\/p>p_6885 -->\n\t\t\t\t\t\t\t<p class=\"big-p\"><div class=\"image-description\">Da<\/div><span class=\"currency\">CHF<\/span> <span class=\"price\" data-price=\"19300\">193,00<\/span><\/p>\n\t\t\t\t\t\t<\/div>\n\t\t\t\t\t\t<div class=\"add-border show-on-hover\"><\/div>\n\t\t\t\t\t\t<div class=\"show-on-hover\">\n\t\t\t\t\t\t\t<p class=\"big-p\"><div class=\"image-description\">Ospiti<\/div>6<\/p>\n\t\t\t\t\t\t<\/div>\n\t\t\t\t\t\t<div class=\"add-border show-on-hover\"><\/div>\n\t\t\t\t\t\t<div class=\"show-on-hover\">\n\t\t\t\t\t\t\t<p class=\"big-p\"><div class=\"image-description\">Camere da letto<\/div>3<\/p>\n\t\t\t\t\t\t<\/div>\n\t\t\t\t\t<\/div>\n\t\t\t\t<\/a>\n\t\t\t<\/div>\n\t\t<\/div>\n\t<\/div><\/div><div class=\"swiper-slide\"><div class=\"swiperlisting\">\t\t\t\t<div id=\"slider\" class=\"flexslider\">\n\t\t\t<ul class=\"slides\">\n\t\t\t\t\t\t\t\t\t<li>\n\t\t\t\t\t\t<a href=\"https:\/\/viva-ferien.ch\/it\/unterkuenfte\/ers-52-2\/\">\n\t\t\t\t\t\t\t<img decoding=\"async\" src=\"https:\/\/viva-ferien.ch\/wp-content\/uploads\/2023\/08\/mf13170784-1024x576.jpg\" alt=\"Ers 52-0\" \/>\n\t\t\t\t\t\t<\/a>\n\t\t\t\t\t<\/li>\n\t\t\t\t\t\t\t\t\t<li>\n\t\t\t\t\t\t<a href=\"https:\/\/viva-ferien.ch\/it\/unterkuenfte\/ers-52-2\/\">\n\t\t\t\t\t\t\t<img decoding=\"async\" src=\"https:\/\/viva-ferien.ch\/wp-content\/uploads\/2023\/08\/mf13170807-1024x576.jpg\" alt=\"Ers 52-1\" \/>\n\t\t\t\t\t\t<\/a>\n\t\t\t\t\t<\/li>\n\t\t\t\t\t\t\t\t\t<li>\n\t\t\t\t\t\t<a href=\"https:\/\/viva-ferien.ch\/it\/unterkuenfte\/ers-52-2\/\">\n\t\t\t\t\t\t\t<img decoding=\"async\" src=\"https:\/\/viva-ferien.ch\/wp-content\/uploads\/2023\/08\/mf13170806-1024x576.jpg\" alt=\"Ers 52-2\" \/>\n\t\t\t\t\t\t<\/a>\n\t\t\t\t\t<\/li>\n\t\t\t\t\t\t\t\t\t<li>\n\t\t\t\t\t\t<a href=\"https:\/\/viva-ferien.ch\/it\/unterkuenfte\/ers-52-2\/\">\n\t\t\t\t\t\t\t<img decoding=\"async\" src=\"https:\/\/viva-ferien.ch\/wp-content\/uploads\/2023\/08\/mf13170783-1024x576.jpg\" alt=\"Ers 52-3\" \/>\n\t\t\t\t\t\t<\/a>\n\t\t\t\t\t<\/li>\n\t\t\t\t\t\t\t\t\t<li>\n\t\t\t\t\t\t<a href=\"https:\/\/viva-ferien.ch\/it\/unterkuenfte\/ers-52-2\/\">\n\t\t\t\t\t\t\t<img decoding=\"async\" src=\"https:\/\/viva-ferien.ch\/wp-content\/uploads\/2023\/08\/mf13170805-1024x576.jpg\" alt=\"Ers 52-4\" \/>\n\t\t\t\t\t\t<\/a>\n\t\t\t\t\t<\/li>\n\t\t\t\t\t\t\t<\/ul>\n\t\t<\/div>\n\t\t<div class=\"info-wrapper\">\n\t\t\t<div>\n\t\t\t\t<a href=\"https:\/\/viva-ferien.ch\/it\/unterkuenfte\/ers-52-2\/\">\n\t\t\t\t\t<div class=\"description-wrapper\">\n\t\t\t\t\t\t<p class=\"image-description uppercase\"><strong>Pontresina<\/strong><\/p>\t\t\t\n\t\t\t\t\t\t<div class=\"wrap-classification\">\t\n\t\t\t\t\t\t\t\t\t\t\t\t\t\t<h3>Ers 52<\/h3>\n\t\t\t\t\t\t\t<div class=\"classification\"><img decoding=\"async\" src=\"\/wp-content\/themes\/vivaferien\/assets\/images\/VIVA_Icon_Klassifizierung_Voll.png\" alt=\"Star\"><img decoding=\"async\" src=\"\/wp-content\/themes\/vivaferien\/assets\/images\/VIVA_Icon_Klassifizierung_Voll.png\" alt=\"Star\"><img decoding=\"async\" src=\"\/wp-content\/themes\/vivaferien\/assets\/images\/VIVA_Icon_Klassifizierung_Voll.png\" alt=\"Star\"><img decoding=\"async\" src=\"\/wp-content\/themes\/vivaferien\/assets\/images\/VIVA_Icon_Klassifizierung_Halb.png\" alt=\"half-full Star\"><\/div>\t\t\t\t\t\t<\/div>\n\t\t\t\t\t<\/div>\n\t\t\t\t\t<hr>\n\t\t\t\t\t<\/hr>\n\t\t\t\t\t<div class=\"properties-wrapper\">\n\t\t\t\t\t\t<div>\n\t\t\t\t\t\t\t<!-- <p class=\"big-p\"><div class=\"image-description\">Ab<\/div><\/p>p_6885 -->\n\t\t\t\t\t\t\t<p class=\"big-p\"><div class=\"image-description\">Da<\/div><span class=\"currency\">CHF<\/span> <span class=\"price\" data-price=\"15100\">151,00<\/span><\/p>\n\t\t\t\t\t\t<\/div>\n\t\t\t\t\t\t<div class=\"add-border show-on-hover\"><\/div>\n\t\t\t\t\t\t<div class=\"show-on-hover\">\n\t\t\t\t\t\t\t<p class=\"big-p\"><div class=\"image-description\">Ospiti<\/div>5<\/p>\n\t\t\t\t\t\t<\/div>\n\t\t\t\t\t\t<div class=\"add-border show-on-hover\"><\/div>\n\t\t\t\t\t\t<div class=\"show-on-hover\">\n\t\t\t\t\t\t\t<p class=\"big-p\"><div class=\"image-description\">Camere da letto<\/div>2<\/p>\n\t\t\t\t\t\t<\/div>\n\t\t\t\t\t<\/div>\n\t\t\t\t<\/a>\n\t\t\t<\/div>\n\t\t<\/div>\n\t<\/div><\/div><div class=\"swiper-slide\"><div class=\"swiperlisting\">\t\t\t\t<div id=\"slider\" class=\"flexslider\">\n\t\t\t<ul class=\"slides\">\n\t\t\t\t\t\t\t\t\t<li>\n\t\t\t\t\t\t<a href=\"https:\/\/viva-ferien.ch\/it\/unterkuenfte\/muragls-3-2\/\">\n\t\t\t\t\t\t\t<img decoding=\"async\" src=\"https:\/\/viva-ferien.ch\/wp-content\/uploads\/2023\/09\/mf13600987-1024x576.jpg\" alt=\"Muragls 3-0\" \/>\n\t\t\t\t\t\t<\/a>\n\t\t\t\t\t<\/li>\n\t\t\t\t\t\t\t\t\t<li>\n\t\t\t\t\t\t<a href=\"https:\/\/viva-ferien.ch\/it\/unterkuenfte\/muragls-3-2\/\">\n\t\t\t\t\t\t\t<img decoding=\"async\" src=\"https:\/\/viva-ferien.ch\/wp-content\/uploads\/2023\/09\/mf13601008-1024x576.jpg\" alt=\"Muragls 3-1\" \/>\n\t\t\t\t\t\t<\/a>\n\t\t\t\t\t<\/li>\n\t\t\t\t\t\t\t\t\t<li>\n\t\t\t\t\t\t<a href=\"https:\/\/viva-ferien.ch\/it\/unterkuenfte\/muragls-3-2\/\">\n\t\t\t\t\t\t\t<img decoding=\"async\" src=\"https:\/\/viva-ferien.ch\/wp-content\/uploads\/2023\/09\/mf13600984-1024x576.jpg\" alt=\"Muragls 3-2\" \/>\n\t\t\t\t\t\t<\/a>\n\t\t\t\t\t<\/li>\n\t\t\t\t\t\t\t\t\t<li>\n\t\t\t\t\t\t<a href=\"https:\/\/viva-ferien.ch\/it\/unterkuenfte\/muragls-3-2\/\">\n\t\t\t\t\t\t\t<img decoding=\"async\" src=\"https:\/\/viva-ferien.ch\/wp-content\/uploads\/2023\/09\/mf13601007-1024x576.jpg\" alt=\"Muragls 3-3\" \/>\n\t\t\t\t\t\t<\/a>\n\t\t\t\t\t<\/li>\n\t\t\t\t\t\t\t\t\t<li>\n\t\t\t\t\t\t<a href=\"https:\/\/viva-ferien.ch\/it\/unterkuenfte\/muragls-3-2\/\">\n\t\t\t\t\t\t\t<img decoding=\"async\" src=\"https:\/\/viva-ferien.ch\/wp-content\/uploads\/2023\/09\/mf13600985-1024x576.jpg\" alt=\"Muragls 3-4\" \/>\n\t\t\t\t\t\t<\/a>\n\t\t\t\t\t<\/li>\n\t\t\t\t\t\t\t<\/ul>\n\t\t<\/div>\n\t\t<div class=\"info-wrapper\">\n\t\t\t<div>\n\t\t\t\t<a href=\"https:\/\/viva-ferien.ch\/it\/unterkuenfte\/muragls-3-2\/\">\n\t\t\t\t\t<div class=\"description-wrapper\">\n\t\t\t\t\t\t<p class=\"image-description uppercase\"><strong>Pontresina<\/strong><\/p>\t\t\t\n\t\t\t\t\t\t<div class=\"wrap-classification\">\t\n\t\t\t\t\t\t\t\t\t\t\t\t\t\t<h3>Muragls 3<\/h3>\n\t\t\t\t\t\t\t<div class=\"classification\"><img decoding=\"async\" src=\"\/wp-content\/themes\/vivaferien\/assets\/images\/VIVA_Icon_Klassifizierung_Voll.png\" alt=\"Star\"><img decoding=\"async\" src=\"\/wp-content\/themes\/vivaferien\/assets\/images\/VIVA_Icon_Klassifizierung_Voll.png\" alt=\"Star\"><img decoding=\"async\" src=\"\/wp-content\/themes\/vivaferien\/assets\/images\/VIVA_Icon_Klassifizierung_Voll.png\" alt=\"Star\"><img decoding=\"async\" src=\"\/wp-content\/themes\/vivaferien\/assets\/images\/VIVA_Icon_Klassifizierung_Halb.png\" alt=\"half-full Star\"><\/div>\t\t\t\t\t\t<\/div>\n\t\t\t\t\t<\/div>\n\t\t\t\t\t<hr>\n\t\t\t\t\t<\/hr>\n\t\t\t\t\t<div class=\"properties-wrapper\">\n\t\t\t\t\t\t<div>\n\t\t\t\t\t\t\t<!-- <p class=\"big-p\"><div class=\"image-description\">Ab<\/div><\/p>p_6885 -->\n\t\t\t\t\t\t\t<p class=\"big-p\"><div class=\"image-description\">Da<\/div><span class=\"currency\">CHF<\/span> <span class=\"price\" data-price=\"13000\">130,00<\/span><\/p>\n\t\t\t\t\t\t<\/div>\n\t\t\t\t\t\t<div class=\"add-border show-on-hover\"><\/div>\n\t\t\t\t\t\t<div class=\"show-on-hover\">\n\t\t\t\t\t\t\t<p class=\"big-p\"><div class=\"image-description\">Ospiti<\/div>4<\/p>\n\t\t\t\t\t\t<\/div>\n\t\t\t\t\t\t<div class=\"add-border show-on-hover\"><\/div>\n\t\t\t\t\t\t<div class=\"show-on-hover\">\n\t\t\t\t\t\t\t<p class=\"big-p\"><div class=\"image-description\">Camere da letto<\/div>2<\/p>\n\t\t\t\t\t\t<\/div>\n\t\t\t\t\t<\/div>\n\t\t\t\t<\/a>\n\t\t\t<\/div>\n\t\t<\/div>\n\t<\/div><\/div><div class=\"swiper-slide\"><div class=\"swiperlisting\">\t\t\t\t<div id=\"slider\" class=\"flexslider\">\n\t\t\t<ul class=\"slides\">\n\t\t\t\t\t\t\t\t\t<li>\n\t\t\t\t\t\t<a href=\"https:\/\/viva-ferien.ch\/it\/unterkuenfte\/aroevens-2\/\">\n\t\t\t\t\t\t\t<img decoding=\"async\" src=\"https:\/\/viva-ferien.ch\/wp-content\/uploads\/2022\/11\/mf3383911-1024x689.jpg\" alt=\"Aroevens-0\" \/>\n\t\t\t\t\t\t<\/a>\n\t\t\t\t\t<\/li>\n\t\t\t\t\t\t\t\t\t<li>\n\t\t\t\t\t\t<a href=\"https:\/\/viva-ferien.ch\/it\/unterkuenfte\/aroevens-2\/\">\n\t\t\t\t\t\t\t<img decoding=\"async\" src=\"https:\/\/viva-ferien.ch\/wp-content\/uploads\/2022\/11\/mf3383920-1024x576.jpg\" alt=\"Aroevens-1\" \/>\n\t\t\t\t\t\t<\/a>\n\t\t\t\t\t<\/li>\n\t\t\t\t\t\t\t\t\t<li>\n\t\t\t\t\t\t<a href=\"https:\/\/viva-ferien.ch\/it\/unterkuenfte\/aroevens-2\/\">\n\t\t\t\t\t\t\t<img decoding=\"async\" src=\"https:\/\/viva-ferien.ch\/wp-content\/uploads\/2022\/11\/mf3383909-1024x576.jpg\" alt=\"Aroevens-2\" \/>\n\t\t\t\t\t\t<\/a>\n\t\t\t\t\t<\/li>\n\t\t\t\t\t\t\t\t\t<li>\n\t\t\t\t\t\t<a href=\"https:\/\/viva-ferien.ch\/it\/unterkuenfte\/aroevens-2\/\">\n\t\t\t\t\t\t\t<img decoding=\"async\" src=\"https:\/\/viva-ferien.ch\/wp-content\/uploads\/2022\/11\/mf3383908-1024x576.jpg\" alt=\"Aroevens-3\" \/>\n\t\t\t\t\t\t<\/a>\n\t\t\t\t\t<\/li>\n\t\t\t\t\t\t\t\t\t<li>\n\t\t\t\t\t\t<a href=\"https:\/\/viva-ferien.ch\/it\/unterkuenfte\/aroevens-2\/\">\n\t\t\t\t\t\t\t<img decoding=\"async\" src=\"https:\/\/viva-ferien.ch\/wp-content\/uploads\/2022\/11\/mf3383910-1024x576.jpg\" alt=\"Aroevens-4\" \/>\n\t\t\t\t\t\t<\/a>\n\t\t\t\t\t<\/li>\n\t\t\t\t\t\t\t<\/ul>\n\t\t<\/div>\n\t\t<div class=\"info-wrapper\">\n\t\t\t<div>\n\t\t\t\t<a href=\"https:\/\/viva-ferien.ch\/it\/unterkuenfte\/aroevens-2\/\">\n\t\t\t\t\t<div class=\"description-wrapper\">\n\t\t\t\t\t\t<p class=\"image-description uppercase\"><strong>Pontresina<\/strong><\/p>\t\t\t\n\t\t\t\t\t\t<div class=\"wrap-classification\">\t\n\t\t\t\t\t\t\t\t\t\t\t\t\t\t<h3>Aroevens<\/h3>\n\t\t\t\t\t\t\t<div class=\"classification\"><img decoding=\"async\" src=\"\/wp-content\/themes\/vivaferien\/assets\/images\/VIVA_Icon_Klassifizierung_Voll.png\" alt=\"Star\"><img decoding=\"async\" src=\"\/wp-content\/themes\/vivaferien\/assets\/images\/VIVA_Icon_Klassifizierung_Voll.png\" alt=\"Star\"><img decoding=\"async\" src=\"\/wp-content\/themes\/vivaferien\/assets\/images\/VIVA_Icon_Klassifizierung_Voll.png\" alt=\"Star\"><img decoding=\"async\" src=\"\/wp-content\/themes\/vivaferien\/assets\/images\/VIVA_Icon_Klassifizierung_Voll.png\" alt=\"Star\"><\/div>\t\t\t\t\t\t<\/div>\n\t\t\t\t\t<\/div>\n\t\t\t\t\t<hr>\n\t\t\t\t\t<\/hr>\n\t\t\t\t\t<div class=\"properties-wrapper\">\n\t\t\t\t\t\t<div>\n\t\t\t\t\t\t\t<!-- <p class=\"big-p\"><div class=\"image-description\">Ab<\/div><\/p>p_6885 -->\n\t\t\t\t\t\t\t<p class=\"big-p\"><div class=\"image-description\">Da<\/div><span class=\"currency\">CHF<\/span> <span class=\"price\" data-price=\"15100\">151,00<\/span><\/p>\n\t\t\t\t\t\t<\/div>\n\t\t\t\t\t\t<div class=\"add-border show-on-hover\"><\/div>\n\t\t\t\t\t\t<div class=\"show-on-hover\">\n\t\t\t\t\t\t\t<p class=\"big-p\"><div class=\"image-description\">Ospiti<\/div>4<\/p>\n\t\t\t\t\t\t<\/div>\n\t\t\t\t\t\t<div class=\"add-border show-on-hover\"><\/div>\n\t\t\t\t\t\t<div class=\"show-on-hover\">\n\t\t\t\t\t\t\t<p class=\"big-p\"><div class=\"image-description\">Camere da letto<\/div>2<\/p>\n\t\t\t\t\t\t<\/div>\n\t\t\t\t\t<\/div>\n\t\t\t\t<\/a>\n\t\t\t<\/div>\n\t\t<\/div>\n\t<\/div><\/div><div class=\"swiper-slide\"><div class=\"swiperlisting\">\t\t\t\t<div id=\"slider\" class=\"flexslider\">\n\t\t\t<ul class=\"slides\">\n\t\t\t\t\t\t\t\t\t<li>\n\t\t\t\t\t\t<a href=\"https:\/\/viva-ferien.ch\/it\/unterkuenfte\/brunaida-2\/\">\n\t\t\t\t\t\t\t<img decoding=\"async\" src=\"https:\/\/viva-ferien.ch\/wp-content\/uploads\/2023\/03\/mf11108951-1024x576.jpg\" alt=\"Brunaida-0\" \/>\n\t\t\t\t\t\t<\/a>\n\t\t\t\t\t<\/li>\n\t\t\t\t\t\t\t\t\t<li>\n\t\t\t\t\t\t<a href=\"https:\/\/viva-ferien.ch\/it\/unterkuenfte\/brunaida-2\/\">\n\t\t\t\t\t\t\t<img decoding=\"async\" src=\"https:\/\/viva-ferien.ch\/wp-content\/uploads\/2023\/03\/mf11108950-1024x576.jpg\" alt=\"Brunaida-1\" \/>\n\t\t\t\t\t\t<\/a>\n\t\t\t\t\t<\/li>\n\t\t\t\t\t\t\t\t\t<li>\n\t\t\t\t\t\t<a href=\"https:\/\/viva-ferien.ch\/it\/unterkuenfte\/brunaida-2\/\">\n\t\t\t\t\t\t\t<img decoding=\"async\" src=\"https:\/\/viva-ferien.ch\/wp-content\/uploads\/2023\/03\/mf11108949-1024x576.jpg\" alt=\"Brunaida-2\" \/>\n\t\t\t\t\t\t<\/a>\n\t\t\t\t\t<\/li>\n\t\t\t\t\t\t\t\t\t<li>\n\t\t\t\t\t\t<a href=\"https:\/\/viva-ferien.ch\/it\/unterkuenfte\/brunaida-2\/\">\n\t\t\t\t\t\t\t<img decoding=\"async\" src=\"https:\/\/viva-ferien.ch\/wp-content\/uploads\/2023\/03\/mf11108946-1024x576.jpg\" alt=\"Brunaida-3\" \/>\n\t\t\t\t\t\t<\/a>\n\t\t\t\t\t<\/li>\n\t\t\t\t\t\t\t\t\t<li>\n\t\t\t\t\t\t<a href=\"https:\/\/viva-ferien.ch\/it\/unterkuenfte\/brunaida-2\/\">\n\t\t\t\t\t\t\t<img decoding=\"async\" src=\"https:\/\/viva-ferien.ch\/wp-content\/uploads\/2023\/03\/mf11108947-1024x576.jpg\" alt=\"Brunaida-4\" \/>\n\t\t\t\t\t\t<\/a>\n\t\t\t\t\t<\/li>\n\t\t\t\t\t\t\t<\/ul>\n\t\t<\/div>\n\t\t<div class=\"info-wrapper\">\n\t\t\t<div>\n\t\t\t\t<a href=\"https:\/\/viva-ferien.ch\/it\/unterkuenfte\/brunaida-2\/\">\n\t\t\t\t\t<div class=\"description-wrapper\">\n\t\t\t\t\t\t<p class=\"image-description uppercase\"><strong>Pontresina<\/strong><\/p>\t\t\t\n\t\t\t\t\t\t<div class=\"wrap-classification\">\t\n\t\t\t\t\t\t\t\t\t\t\t\t\t\t<h3>Brunaida<\/h3>\n\t\t\t\t\t\t\t<div class=\"classification\"><img decoding=\"async\" src=\"\/wp-content\/themes\/vivaferien\/assets\/images\/VIVA_Icon_Klassifizierung_Voll.png\" alt=\"Star\"><img decoding=\"async\" src=\"\/wp-content\/themes\/vivaferien\/assets\/images\/VIVA_Icon_Klassifizierung_Voll.png\" alt=\"Star\"><img decoding=\"async\" src=\"\/wp-content\/themes\/vivaferien\/assets\/images\/VIVA_Icon_Klassifizierung_Voll.png\" alt=\"Star\"><img decoding=\"async\" src=\"\/wp-content\/themes\/vivaferien\/assets\/images\/VIVA_Icon_Klassifizierung_Halb.png\" alt=\"half-full Star\"><\/div>\t\t\t\t\t\t<\/div>\n\t\t\t\t\t<\/div>\n\t\t\t\t\t<hr>\n\t\t\t\t\t<\/hr>\n\t\t\t\t\t<div class=\"properties-wrapper\">\n\t\t\t\t\t\t<div>\n\t\t\t\t\t\t\t<!-- <p class=\"big-p\"><div class=\"image-description\">Ab<\/div><\/p>p_6885 -->\n\t\t\t\t\t\t\t<p class=\"big-p\"><div class=\"image-description\">Da<\/div><span class=\"currency\">CHF<\/span> <span class=\"price\" data-price=\"9700\">97,00<\/span><\/p>\n\t\t\t\t\t\t<\/div>\n\t\t\t\t\t\t<div class=\"add-border show-on-hover\"><\/div>\n\t\t\t\t\t\t<div class=\"show-on-hover\">\n\t\t\t\t\t\t\t<p class=\"big-p\"><div class=\"image-description\">Ospiti<\/div>3<\/p>\n\t\t\t\t\t\t<\/div>\n\t\t\t\t\t\t<div class=\"add-border show-on-hover\"><\/div>\n\t\t\t\t\t\t<div class=\"show-on-hover\">\n\t\t\t\t\t\t\t<p class=\"big-p\"><div class=\"image-description\">Camere da letto<\/div>1<\/p>\n\t\t\t\t\t\t<\/div>\n\t\t\t\t\t<\/div>\n\t\t\t\t<\/a>\n\t\t\t<\/div>\n\t\t<\/div>\n\t<\/div><\/div><div class=\"swiper-slide\"><div class=\"swiperlisting\">\t\t\t\t<div id=\"slider\" class=\"flexslider\">\n\t\t\t<ul class=\"slides\">\n\t\t\t\t\t\t\t\t\t<li>\n\t\t\t\t\t\t<a href=\"https:\/\/viva-ferien.ch\/it\/unterkuenfte\/chesa-pidermann-5\/\">\n\t\t\t\t\t\t\t<img decoding=\"async\" src=\"https:\/\/viva-ferien.ch\/wp-content\/uploads\/2022\/11\/mf5270818-1024x576.jpg\" alt=\"Chesa Pidermann 5-0\" \/>\n\t\t\t\t\t\t<\/a>\n\t\t\t\t\t<\/li>\n\t\t\t\t\t\t\t\t\t<li>\n\t\t\t\t\t\t<a href=\"https:\/\/viva-ferien.ch\/it\/unterkuenfte\/chesa-pidermann-5\/\">\n\t\t\t\t\t\t\t<img decoding=\"async\" src=\"https:\/\/viva-ferien.ch\/wp-content\/uploads\/2022\/11\/mf5569957-1024x576.jpg\" alt=\"Chesa Pidermann 5-1\" \/>\n\t\t\t\t\t\t<\/a>\n\t\t\t\t\t<\/li>\n\t\t\t\t\t\t\t\t\t<li>\n\t\t\t\t\t\t<a href=\"https:\/\/viva-ferien.ch\/it\/unterkuenfte\/chesa-pidermann-5\/\">\n\t\t\t\t\t\t\t<img decoding=\"async\" src=\"https:\/\/viva-ferien.ch\/wp-content\/uploads\/2022\/11\/mf5569958-1024x576.jpg\" alt=\"Chesa Pidermann 5-2\" \/>\n\t\t\t\t\t\t<\/a>\n\t\t\t\t\t<\/li>\n\t\t\t\t\t\t\t\t\t<li>\n\t\t\t\t\t\t<a href=\"https:\/\/viva-ferien.ch\/it\/unterkuenfte\/chesa-pidermann-5\/\">\n\t\t\t\t\t\t\t<img decoding=\"async\" src=\"https:\/\/viva-ferien.ch\/wp-content\/uploads\/2022\/11\/mf5569959-1024x576.jpg\" alt=\"Chesa Pidermann 5-3\" \/>\n\t\t\t\t\t\t<\/a>\n\t\t\t\t\t<\/li>\n\t\t\t\t\t\t\t\t\t<li>\n\t\t\t\t\t\t<a href=\"https:\/\/viva-ferien.ch\/it\/unterkuenfte\/chesa-pidermann-5\/\">\n\t\t\t\t\t\t\t<img decoding=\"async\" src=\"https:\/\/viva-ferien.ch\/wp-content\/uploads\/2022\/11\/mf5569960-1024x576.jpg\" alt=\"Chesa Pidermann 5-4\" \/>\n\t\t\t\t\t\t<\/a>\n\t\t\t\t\t<\/li>\n\t\t\t\t\t\t\t<\/ul>\n\t\t<\/div>\n\t\t<div class=\"info-wrapper\">\n\t\t\t<div>\n\t\t\t\t<a href=\"https:\/\/viva-ferien.ch\/it\/unterkuenfte\/chesa-pidermann-5\/\">\n\t\t\t\t\t<div class=\"description-wrapper\">\n\t\t\t\t\t\t<p class=\"image-description uppercase\"><strong>Pontresina<\/strong><\/p>\t\t\t\n\t\t\t\t\t\t<div class=\"wrap-classification\">\t\n\t\t\t\t\t\t\t\t\t\t\t\t\t\t<h3>Chesa Pidermann 5<\/h3>\n\t\t\t\t\t\t\t<div class=\"classification\"><img decoding=\"async\" src=\"\/wp-content\/themes\/vivaferien\/assets\/images\/VIVA_Icon_Klassifizierung_Voll.png\" alt=\"Star\"><img decoding=\"async\" src=\"\/wp-content\/themes\/vivaferien\/assets\/images\/VIVA_Icon_Klassifizierung_Voll.png\" alt=\"Star\"><img decoding=\"async\" src=\"\/wp-content\/themes\/vivaferien\/assets\/images\/VIVA_Icon_Klassifizierung_Voll.png\" alt=\"Star\"><img decoding=\"async\" src=\"\/wp-content\/themes\/vivaferien\/assets\/images\/VIVA_Icon_Klassifizierung_Voll.png\" alt=\"Star\"><img decoding=\"async\" src=\"\/wp-content\/themes\/vivaferien\/assets\/images\/VIVA_Icon_Klassifizierung_Halb.png\" alt=\"half-full Star\"><\/div>\t\t\t\t\t\t<\/div>\n\t\t\t\t\t<\/div>\n\t\t\t\t\t<hr>\n\t\t\t\t\t<\/hr>\n\t\t\t\t\t<div class=\"properties-wrapper\">\n\t\t\t\t\t\t<div>\n\t\t\t\t\t\t\t<!-- <p class=\"big-p\"><div class=\"image-description\">Ab<\/div><\/p>p_6885 -->\n\t\t\t\t\t\t\t<p class=\"big-p\"><div class=\"image-description\">Da<\/div><span class=\"currency\">CHF<\/span> <span class=\"price\" data-price=\"15100\">151,00<\/span><\/p>\n\t\t\t\t\t\t<\/div>\n\t\t\t\t\t\t<div class=\"add-border show-on-hover\"><\/div>\n\t\t\t\t\t\t<div class=\"show-on-hover\">\n\t\t\t\t\t\t\t<p class=\"big-p\"><div class=\"image-description\">Ospiti<\/div>4<\/p>\n\t\t\t\t\t\t<\/div>\n\t\t\t\t\t\t<div class=\"add-border show-on-hover\"><\/div>\n\t\t\t\t\t\t<div class=\"show-on-hover\">\n\t\t\t\t\t\t\t<p class=\"big-p\"><div class=\"image-description\">Camere da letto<\/div>2<\/p>\n\t\t\t\t\t\t<\/div>\n\t\t\t\t\t<\/div>\n\t\t\t\t<\/a>\n\t\t\t<\/div>\n\t\t<\/div>\n\t<\/div><\/div><div class=\"swiper-slide\"><div class=\"swiperlisting\">\t\t\t\t<div id=\"slider\" class=\"flexslider\">\n\t\t\t<ul class=\"slides\">\n\t\t\t\t\t\t\t\t\t<li>\n\t\t\t\t\t\t<a href=\"https:\/\/viva-ferien.ch\/it\/unterkuenfte\/muragls-5-2\/\">\n\t\t\t\t\t\t\t<img decoding=\"async\" src=\"https:\/\/viva-ferien.ch\/wp-content\/uploads\/2025\/05\/mf21805420-1024x576.jpg\" alt=\"Muragls 5-0\" \/>\n\t\t\t\t\t\t<\/a>\n\t\t\t\t\t<\/li>\n\t\t\t\t\t\t\t\t\t<li>\n\t\t\t\t\t\t<a href=\"https:\/\/viva-ferien.ch\/it\/unterkuenfte\/muragls-5-2\/\">\n\t\t\t\t\t\t\t<img decoding=\"async\" src=\"https:\/\/viva-ferien.ch\/wp-content\/uploads\/2025\/05\/mf21805433-1024x576.jpg\" alt=\"Muragls 5-1\" \/>\n\t\t\t\t\t\t<\/a>\n\t\t\t\t\t<\/li>\n\t\t\t\t\t\t\t\t\t<li>\n\t\t\t\t\t\t<a href=\"https:\/\/viva-ferien.ch\/it\/unterkuenfte\/muragls-5-2\/\">\n\t\t\t\t\t\t\t<img decoding=\"async\" src=\"https:\/\/viva-ferien.ch\/wp-content\/uploads\/2025\/05\/mf21805425-1024x576.jpg\" alt=\"Muragls 5-2\" \/>\n\t\t\t\t\t\t<\/a>\n\t\t\t\t\t<\/li>\n\t\t\t\t\t\t\t\t\t<li>\n\t\t\t\t\t\t<a href=\"https:\/\/viva-ferien.ch\/it\/unterkuenfte\/muragls-5-2\/\">\n\t\t\t\t\t\t\t<img decoding=\"async\" src=\"https:\/\/viva-ferien.ch\/wp-content\/uploads\/2025\/05\/mf21805434-1024x576.jpg\" alt=\"Muragls 5-3\" \/>\n\t\t\t\t\t\t<\/a>\n\t\t\t\t\t<\/li>\n\t\t\t\t\t\t\t\t\t<li>\n\t\t\t\t\t\t<a href=\"https:\/\/viva-ferien.ch\/it\/unterkuenfte\/muragls-5-2\/\">\n\t\t\t\t\t\t\t<img decoding=\"async\" src=\"https:\/\/viva-ferien.ch\/wp-content\/uploads\/2025\/05\/mf21805426-1024x576.jpg\" alt=\"Muragls 5-4\" \/>\n\t\t\t\t\t\t<\/a>\n\t\t\t\t\t<\/li>\n\t\t\t\t\t\t\t<\/ul>\n\t\t<\/div>\n\t\t<div class=\"info-wrapper\">\n\t\t\t<div>\n\t\t\t\t<a href=\"https:\/\/viva-ferien.ch\/it\/unterkuenfte\/muragls-5-2\/\">\n\t\t\t\t\t<div class=\"description-wrapper\">\n\t\t\t\t\t\t<p class=\"image-description uppercase\"><strong>Pontresina<\/strong><\/p>\t\t\t\n\t\t\t\t\t\t<div class=\"wrap-classification\">\t\n\t\t\t\t\t\t\t\t\t\t\t\t\t\t<h3>Muragls 5<\/h3>\n\t\t\t\t\t\t\t<div class=\"classification\"><img decoding=\"async\" src=\"\/wp-content\/themes\/vivaferien\/assets\/images\/VIVA_Icon_Klassifizierung_Voll.png\" alt=\"Star\"><img decoding=\"async\" src=\"\/wp-content\/themes\/vivaferien\/assets\/images\/VIVA_Icon_Klassifizierung_Voll.png\" alt=\"Star\"><img decoding=\"async\" src=\"\/wp-content\/themes\/vivaferien\/assets\/images\/VIVA_Icon_Klassifizierung_Voll.png\" alt=\"Star\"><\/div>\t\t\t\t\t\t<\/div>\n\t\t\t\t\t<\/div>\n\t\t\t\t\t<hr>\n\t\t\t\t\t<\/hr>\n\t\t\t\t\t<div class=\"properties-wrapper\">\n\t\t\t\t\t\t<div>\n\t\t\t\t\t\t\t<!-- <p class=\"big-p\"><div class=\"image-description\">Ab<\/div><\/p>p_6885 -->\n\t\t\t\t\t\t\t<p class=\"big-p\"><div class=\"image-description\">Da<\/div><span class=\"currency\">CHF<\/span> <span class=\"price\" data-price=\"11800\">118,00<\/span><\/p>\n\t\t\t\t\t\t<\/div>\n\t\t\t\t\t\t<div class=\"add-border show-on-hover\"><\/div>\n\t\t\t\t\t\t<div class=\"show-on-hover\">\n\t\t\t\t\t\t\t<p class=\"big-p\"><div class=\"image-description\">Ospiti<\/div>5<\/p>\n\t\t\t\t\t\t<\/div>\n\t\t\t\t\t\t<div class=\"add-border show-on-hover\"><\/div>\n\t\t\t\t\t\t<div class=\"show-on-hover\">\n\t\t\t\t\t\t\t<p class=\"big-p\"><div class=\"image-description\">Camere da letto<\/div>2<\/p>\n\t\t\t\t\t\t<\/div>\n\t\t\t\t\t<\/div>\n\t\t\t\t<\/a>\n\t\t\t<\/div>\n\t\t<\/div>\n\t<\/div><\/div><\/div><div class=\"swiper-pagination\"><\/div><div class=\"swiper-button-prev\"><\/div><div class=\"swiper-button-next\"><\/div><div class=\"swiper-scrollbar\"><\/div><\/div><\/div>\n\t\t\t\t<\/div>\n\t\t\t\t<\/div>\n\t\t\t\t\t<\/div>\n\t\t<\/div>\n\t\t\t\t\t\t\t<\/div>\n\t\t<\/section>\n\t\t\t\t<section class=\"elementor-section elementor-top-section elementor-element elementor-element-7219ab9b default-container elementor-section-boxed elementor-section-height-default elementor-section-height-default\" data-id=\"7219ab9b\" data-element_type=\"section\">\n\t\t\t\t\t\t<div class=\"elementor-container elementor-column-gap-default\">\n\t\t\t\t\t<div class=\"elementor-column elementor-col-100 elementor-top-column elementor-element elementor-element-eca65be\" data-id=\"eca65be\" data-element_type=\"column\">\n\t\t\t<div class=\"elementor-widget-wrap elementor-element-populated\">\n\t\t\t\t\t\t\t\t<div class=\"elementor-element elementor-element-4419db3d elementor-widget elementor-widget-text-editor\" data-id=\"4419db3d\" data-element_type=\"widget\" data-widget_type=\"text-editor.default\">\n\t\t\t\t<div class=\"elementor-widget-container\">\n\t\t\t\t\t\t\t<p><strong>I nostri appartamenti di vacanze a Pontresina sono versatili e ognuno ha un fascino particolare. <\/strong> <strong>Sia che trascorriate le vacanze in coppia o che viaggiate in un gruppo numeroso, con 60-170m\u00b2 ogni nostro appartamento per vacanze a Pontresina offre spazio sufficiente per tutti.<\/strong> <strong>L&#8217;appartamento vacanza pi\u00f9 piccolo a Pontresina offre spazio per tre persone, mentre quello pi\u00f9 grande pu\u00f2 ospitare fino a sette persone. <\/strong><\/p>\n<p><strong>Molti dei nostri appartamenti per vacanze a Pontresina si trovano in posizioni tranquille, quindi il relax \u00e8 gi\u00e0 programmato. <\/strong> Godetevi la vista idilliaca del maestoso paesaggio montano, preferibilmente direttamente dal vostro balcone. <strong>Con l&#8217;aria fresca di montagna nel naso e i caldi raggi di sole sul viso, potete godervi il panorama montano direttamente dal vostro appartamento vacanze a Pontresina. <\/strong><\/p>\n\t\t\t\t\t\t<\/div>\n\t\t\t\t<\/div>\n\t\t\t\t<div class=\"elementor-element elementor-element-31d0d058 elementor-widget elementor-widget-spacer\" data-id=\"31d0d058\" data-element_type=\"widget\" data-widget_type=\"spacer.default\">\n\t\t\t\t<div class=\"elementor-widget-container\">\n\t\t\t<style>\/*! elementor - v3.15.0 - 20-08-2023 *\/\n.elementor-column .elementor-spacer-inner{height:var(--spacer-size)}.e-con{--container-widget-width:100%}.e-con-inner>.elementor-widget-spacer,.e-con>.elementor-widget-spacer{width:var(--container-widget-width,var(--spacer-size));--align-self:var(--container-widget-align-self,initial);--flex-shrink:0}.e-con-inner>.elementor-widget-spacer>.elementor-widget-container,.e-con-inner>.elementor-widget-spacer>.elementor-widget-container>.elementor-spacer,.e-con>.elementor-widget-spacer>.elementor-widget-container,.e-con>.elementor-widget-spacer>.elementor-widget-container>.elementor-spacer{height:100%}.e-con-inner>.elementor-widget-spacer>.elementor-widget-container>.elementor-spacer>.elementor-spacer-inner,.e-con>.elementor-widget-spacer>.elementor-widget-container>.elementor-spacer>.elementor-spacer-inner{height:var(--container-widget-height,var(--spacer-size))}<\/style>\t\t<div class=\"elementor-spacer\">\n\t\t\t<div class=\"elementor-spacer-inner\"><\/div>\n\t\t<\/div>\n\t\t\t\t<\/div>\n\t\t\t\t<\/div>\n\t\t\t\t<div class=\"elementor-element elementor-element-1e65957c elementor-widget elementor-widget-text-editor\" data-id=\"1e65957c\" data-element_type=\"widget\" data-widget_type=\"text-editor.default\">\n\t\t\t\t<div class=\"elementor-widget-container\">\n\t\t\t\t\t\t\t<p>Ma non \u00e8 solo il balcone a garantire il puro relax. <strong><a href=\"https:\/\/viva-ferien.ch\/it\/localita\/pontresina\/\">Alcuni dei nostri <\/a><a href=\"https:\/\/viva-ferien.ch\/it\/cerca-e-prenota\/\">appartamenti di vacanze<\/a> a Pontresina hanno un camino.&amp;nbsp;&amp;nbsp;<\/strong> Il camino \u00e8 il luogo perfetto per riscaldarsi e rilassarsi dopo una lunga giornata di sci. Anche gli indumenti bagnati e l&#8217;attrezzatura da sci vengono asciugati rapidamente e sono pronti per il giorno successivo sulle piste. Per tutto il resto, molti appartamenti offrono una lavatrice e un&#8217;asciugatrice. <strong>Inoltre, tutti i nostri appartamenti di vacanze a Pontresina dispongono di WLAN e di almeno un televisore. <\/strong><\/p>\n<p><a href=\"https:\/\/viva-ferien.ch\/it\/localita\/pontresina\/\">Ma a Pontresina c&#8217;\u00e8 molto da vedere anche oltre alle piste. <\/a> Il centro della citt\u00e0 attrae i visitatori con i suoi numerosi negozi, ristoranti e caff\u00e8. Potete scegliere se andare in uno dei ristoranti o caff\u00e8 o cucinare da soli. <strong>Naturalmente, il vostro appartamento di vacanze a Pontresina \u00e8 dotato di moderni elettrodomestici da cucina, in modo che possiate cucinare da soli in modo comodo e flessibile. <\/strong><\/p>\n\t\t\t\t\t\t<\/div>\n\t\t\t\t<\/div>\n\t\t\t\t<div class=\"elementor-element elementor-element-202c29d4 elementor-widget elementor-widget-image\" data-id=\"202c29d4\" data-element_type=\"widget\" data-widget_type=\"image.default\">\n\t\t\t\t<div class=\"elementor-widget-container\">\n\t\t\t<style>\/*! elementor - v3.15.0 - 20-08-2023 *\/\n.elementor-widget-image{text-align:center}.elementor-widget-image a{display:inline-block}.elementor-widget-image a img[src$=\".svg\"]{width:48px}.elementor-widget-image img{vertical-align:middle;display:inline-block}<\/style>\t\t\t\t\t\t\t\t\t\t\t\t<img loading=\"lazy\" decoding=\"async\" width=\"768\" height=\"309\" src=\"https:\/\/viva-ferien.ch\/wp-content\/uploads\/2023\/03\/martin-keller-a4EM1EM-7hI-unsplash-768x309.png\" class=\"attachment-medium_large size-medium_large wp-image-8786\" alt=\"Ferienwohnung in Pontresina\" srcset=\"https:\/\/viva-ferien.ch\/wp-content\/uploads\/2023\/03\/martin-keller-a4EM1EM-7hI-unsplash-768x309.png 768w, https:\/\/viva-ferien.ch\/wp-content\/uploads\/2023\/03\/martin-keller-a4EM1EM-7hI-unsplash-300x121.png 300w, https:\/\/viva-ferien.ch\/wp-content\/uploads\/2023\/03\/martin-keller-a4EM1EM-7hI-unsplash-1024x412.png 1024w, https:\/\/viva-ferien.ch\/wp-content\/uploads\/2023\/03\/martin-keller-a4EM1EM-7hI-unsplash-1536x617.png 1536w, https:\/\/viva-ferien.ch\/wp-content\/uploads\/2023\/03\/martin-keller-a4EM1EM-7hI-unsplash-2048x823.png 2048w\" sizes=\"(max-width: 768px) 100vw, 768px\" \/>\t\t\t\t\t\t\t\t\t\t\t\t\t\t\t<\/div>\n\t\t\t\t<\/div>\n\t\t\t\t<div class=\"elementor-element elementor-element-f5bb1e0 elementor-widget elementor-widget-spacer\" data-id=\"f5bb1e0\" data-element_type=\"widget\" data-widget_type=\"spacer.default\">\n\t\t\t\t<div class=\"elementor-widget-container\">\n\t\t\t\t\t<div class=\"elementor-spacer\">\n\t\t\t<div class=\"elementor-spacer-inner\"><\/div>\n\t\t<\/div>\n\t\t\t\t<\/div>\n\t\t\t\t<\/div>\n\t\t\t\t<div class=\"elementor-element elementor-element-5cb61f88 elementor-widget elementor-widget-heading\" data-id=\"5cb61f88\" data-element_type=\"widget\" data-widget_type=\"heading.default\">\n\t\t\t\t<div class=\"elementor-widget-container\">\n\t\t\t<h3 class=\"elementor-heading-title elementor-size-default\">Attivit\u00e0 a Pontresina<\/h3>\t\t<\/div>\n\t\t\t\t<\/div>\n\t\t\t\t<div class=\"elementor-element elementor-element-13ce797a elementor-widget elementor-widget-text-editor\" data-id=\"13ce797a\" data-element_type=\"widget\" data-widget_type=\"text-editor.default\">\n\t\t\t\t<div class=\"elementor-widget-container\">\n\t\t\t\t\t\t\t<p><a href=\"https:\/\/viva-ferien.ch\/it\/localita\/pontresina\/\">\u00c8 ovvio che Pontresina \u00e8 un paradiso per sciatori, snowboarder e fondisti in inverno. <\/a> Il comprensorio sciistico di Diavolezza e Lagalp vanta piste ampie e ben sviluppate e percorsi di diversi gradi di difficolt\u00e0 per principianti e professionisti.<\/p>\n<p><a href=\"https:\/\/viva-ferien.ch\/it\/localita\/pontresina\/\">Quando la neve inizia a sciogliersi e l&#8217;estate arriva a Pontresina, vengono tracciati bellissimi sentieri escursionistici attraverso il paesaggio montano. <\/a> Da quelli pi\u00f9 facili a quelli pi\u00f9 impegnativi, i sentieri escursionistici sono adatti a tutti. Una delle escursioni pi\u00f9 spettacolari \u00e8 quella da Muottas Muragls all&#8217;Alp Languard. Durante il tragitto, potrete ammirare l&#8217;intero distretto lacustre dell&#8217;Alta Engadina e le alte montagne alpine dei famosi ghiacciai del Pal\u00fc e del Bernina. Con circa 4.048 metri, il Piz Bernina di Pontresina \u00e8 la montagna pi\u00f9 alta di Pontresina e anche la pi\u00f9 alta delle Alpi Orientali. \u00c8 circondata da ghiacci e ghiacciai che regalano agli spettatori una vista indimenticabile.<\/p>\n\t\t\t\t\t\t<\/div>\n\t\t\t\t<\/div>\n\t\t\t\t\t<\/div>\n\t\t<\/div>\n\t\t\t\t\t\t\t<\/div>\n\t\t<\/section>\n\t\t\t\t<section class=\"elementor-section elementor-top-section elementor-element elementor-element-779d7cf7 default-container elementor-section-boxed elementor-section-height-default elementor-section-height-default\" data-id=\"779d7cf7\" data-element_type=\"section\">\n\t\t\t\t\t\t<div class=\"elementor-container elementor-column-gap-default\">\n\t\t\t\t\t<div class=\"elementor-column elementor-col-100 elementor-top-column elementor-element elementor-element-6627dae0 no-wrap raven-column-flex-horizontal\" data-id=\"6627dae0\" data-element_type=\"column\">\n\t\t\t<div class=\"elementor-widget-wrap elementor-element-populated\">\n\t\t\t\t\t\t\t\t<div class=\"elementor-element elementor-element-b8dc2db custom-btn elementor-widget elementor-widget-text-editor\" data-id=\"b8dc2db\" data-element_type=\"widget\" data-widget_type=\"text-editor.default\">\n\t\t\t\t<div class=\"elementor-widget-container\">\n\t\t\t\t\t\t\t<p><a href=\"\/?s\">Scoprite 134 appartamenti<\/a><\/p>\n\t\t\t\t\t\t<\/div>\n\t\t\t\t<\/div>\n\t\t\t\t\t<\/div>\n\t\t<\/div>\n\t\t\t\t\t\t\t<\/div>\n\t\t<\/section>\n\t\t\t\t<section class=\"elementor-section elementor-top-section elementor-element elementor-element-243366f8 default-container elementor-section-boxed elementor-section-height-default elementor-section-height-default\" data-id=\"243366f8\" data-element_type=\"section\">\n\t\t\t\t\t\t<div class=\"elementor-container elementor-column-gap-default\">\n\t\t\t\t\t<div class=\"elementor-column elementor-col-100 elementor-top-column elementor-element elementor-element-245b1db9\" data-id=\"245b1db9\" data-element_type=\"column\">\n\t\t\t<div class=\"elementor-widget-wrap elementor-element-populated\">\n\t\t\t\t\t\t\t\t<div class=\"elementor-element elementor-element-41a7787e elementor-widget elementor-widget-text-editor\" data-id=\"41a7787e\" data-element_type=\"widget\" data-widget_type=\"text-editor.default\">\n\t\t\t\t<div class=\"elementor-widget-container\">\n\t\t\t\t\t\t\t<p>Anche la montagna locale di Pontresina, il &#8220;Piz Languard&#8221;, \u00e8 considerata una meta degna di nota tra le montagne da scalare. La nota scuola di alpinismo si trova a Pontresina per una buona ragione. Questo significa che anche nei mesi pi\u00f9 caldi, molti escursionisti, ospiti e vacanzieri sono attratti dalle montagne di Pontresina.<\/p>\n<p>Siete interessati a un <strong>appartamento per le vacanze a Pontresina<\/strong>? <a href=\"https:\/\/viva-ferien.ch\/it\/localita\/pontresina\/\">Pontresina<\/a> \u00e8 una meta di vacanza assolutamente valida sia in estate che in inverno. Ma alla fine dei conti, le vacanze si reggono o si riducono con un <a href=\"https:\/\/viva-ferien.ch\/it\/cerca-e-prenota\/\">alloggio <\/a> adeguato. Abbiamo alcuni <strong>appartamenti di vacanze a Pontresina<\/strong> per voi nella nostra offerta. Scoprite la nostra selezione e trovate <a href=\"https:\/\/viva-ferien.ch\/it\/cerca-e-prenota\/\">l&#8217;alloggio per le vacanze che fa per voi da VIVA-Ferien. <\/a><\/p>\n\t\t\t\t\t\t<\/div>\n\t\t\t\t<\/div>\n\t\t\t\t<div class=\"elementor-element elementor-element-11ca606 elementor-widget elementor-widget-spacer\" data-id=\"11ca606\" data-element_type=\"widget\" data-widget_type=\"spacer.default\">\n\t\t\t\t<div class=\"elementor-widget-container\">\n\t\t\t\t\t<div class=\"elementor-spacer\">\n\t\t\t<div class=\"elementor-spacer-inner\"><\/div>\n\t\t<\/div>\n\t\t\t\t<\/div>\n\t\t\t\t<\/div>\n\t\t\t\t\t<\/div>\n\t\t<\/div>\n\t\t\t\t\t\t\t<\/div>\n\t\t<\/section>\n\t\t\t\t<section class=\"elementor-section elementor-top-section elementor-element elementor-element-512c409 elementor-section-boxed elementor-section-height-default elementor-section-height-default\" data-id=\"512c409\" data-element_type=\"section\" data-settings=\"{&quot;background_background&quot;:&quot;gradient&quot;}\">\n\t\t\t\t\t\t<div class=\"elementor-container elementor-column-gap-default\">\n\t\t\t\t\t<div class=\"elementor-column elementor-col-100 elementor-top-column elementor-element elementor-element-b120644\" data-id=\"b120644\" data-element_type=\"column\">\n\t\t\t<div class=\"elementor-widget-wrap elementor-element-populated\">\n\t\t\t\t\t\t\t\t<div class=\"elementor-element elementor-element-b3c348a elementor-widget elementor-widget-template\" data-id=\"b3c348a\" data-element_type=\"widget\" data-widget_type=\"template.default\">\n\t\t\t\t<div class=\"elementor-widget-container\">\n\t\t\t\t\t<div class=\"elementor-template\">\n\t\t\t\t\t<div data-elementor-type=\"section\" data-elementor-id=\"10128\" class=\"elementor elementor-10128 elementor-10025\" data-elementor-post-type=\"elementor_library\">\n\t\t\t\t\t\t\t\t<section class=\"elementor-section elementor-top-section elementor-element elementor-element-86d3918 elementor-section-full_width elementor-section-height-default elementor-section-height-default\" data-id=\"86d3918\" data-element_type=\"section\" data-settings=\"{&quot;background_background&quot;:&quot;gradient&quot;}\">\n\t\t\t\t\t\t<div class=\"elementor-container elementor-column-gap-default\">\n\t\t\t\t\t<div class=\"elementor-column elementor-col-100 elementor-top-column elementor-element elementor-element-ff48e81\" data-id=\"ff48e81\" data-element_type=\"column\">\n\t\t\t<div class=\"elementor-widget-wrap elementor-element-populated\">\n\t\t\t\t\t\t\t\t<div class=\"elementor-element elementor-element-0923d3e elementor-widget elementor-widget-spacer\" data-id=\"0923d3e\" data-element_type=\"widget\" data-widget_type=\"spacer.default\">\n\t\t\t\t<div class=\"elementor-widget-container\">\n\t\t\t\t\t<div class=\"elementor-spacer\">\n\t\t\t<div class=\"elementor-spacer-inner\"><\/div>\n\t\t<\/div>\n\t\t\t\t<\/div>\n\t\t\t\t<\/div>\n\t\t\t\t<div class=\"elementor-element elementor-element-ff1b3e7 elementor-widget elementor-widget-heading\" data-id=\"ff1b3e7\" data-element_type=\"widget\" data-widget_type=\"heading.default\">\n\t\t\t\t<div class=\"elementor-widget-container\">\n\t\t\t<h2 class=\"elementor-heading-title elementor-size-default\">Destinazioni pi\u00f9 popolari in Engadina<\/h2>\t\t<\/div>\n\t\t\t\t<\/div>\n\t\t\t\t<section class=\"elementor-section elementor-inner-section elementor-element elementor-element-767f52e elementor-section-full_width elementor-section-height-min-height elementor-section-height-default\" data-id=\"767f52e\" data-element_type=\"section\">\n\t\t\t\t\t\t<div class=\"elementor-container elementor-column-gap-default\">\n\t\t\t\t\t<div class=\"raven-column-link elementor-column elementor-col-100 elementor-inner-column elementor-element elementor-element-816fe1c\" data-raven-link=\"https:\/\/viva-ferien.ch\/de\/ortschaften\/st-moritz\/\" data-raven-link-target=\"_self\" data-id=\"816fe1c\" data-element_type=\"column\" data-settings=\"{&quot;background_background&quot;:&quot;classic&quot;}\">\n\t\t\t<div class=\"elementor-widget-wrap elementor-element-populated\">\n\t\t\t\t\t<div class=\"elementor-background-overlay\"><\/div>\n\t\t\t\t\t\t\t\t<div class=\"elementor-element elementor-element-9b9a883 elementor-widget elementor-widget-heading\" data-id=\"9b9a883\" data-element_type=\"widget\" data-widget_type=\"heading.default\">\n\t\t\t\t<div class=\"elementor-widget-container\">\n\t\t\t<h4 class=\"elementor-heading-title elementor-size-default\">St. Moritz<\/h4>\t\t<\/div>\n\t\t\t\t<\/div>\n\t\t\t\t<div class=\"elementor-element elementor-element-e4784ff elementor-widget elementor-widget-spacer\" data-id=\"e4784ff\" data-element_type=\"widget\" data-widget_type=\"spacer.default\">\n\t\t\t\t<div class=\"elementor-widget-container\">\n\t\t\t\t\t<div class=\"elementor-spacer\">\n\t\t\t<div class=\"elementor-spacer-inner\"><\/div>\n\t\t<\/div>\n\t\t\t\t<\/div>\n\t\t\t\t<\/div>\n\t\t\t\t<div class=\"elementor-element elementor-element-91c8dd3 no-margin-bottom elementor-widget elementor-widget-text-editor\" data-id=\"91c8dd3\" data-element_type=\"widget\" data-widget_type=\"text-editor.default\">\n\t\t\t\t<div class=\"elementor-widget-container\">\n\t\t\t\t\t\t\t<p>Elegante, raffinato e lussuoso<\/p>\n\t\t\t\t\t\t<\/div>\n\t\t\t\t<\/div>\n\t\t\t\t\t<\/div>\n\t\t<\/div>\n\t\t\t\t\t\t\t<\/div>\n\t\t<\/section>\n\t\t\t\t\t<\/div>\n\t\t<\/div>\n\t\t\t\t\t\t\t<\/div>\n\t\t<\/section>\n\t\t\t\t<section class=\"elementor-section elementor-top-section elementor-element elementor-element-ef00146 elementor-section-full_width elementor-section-height-default elementor-section-height-default\" data-id=\"ef00146\" data-element_type=\"section\">\n\t\t\t\t\t\t<div class=\"elementor-container elementor-column-gap-default\">\n\t\t\t\t\t<div class=\"elementor-column elementor-col-100 elementor-top-column elementor-element elementor-element-4cee59c\" data-id=\"4cee59c\" data-element_type=\"column\">\n\t\t\t<div class=\"elementor-widget-wrap elementor-element-populated\">\n\t\t\t\t\t\t\t\t<section class=\"elementor-section elementor-inner-section elementor-element elementor-element-16877de elementor-section-full_width elementor-section-height-default elementor-section-height-default\" data-id=\"16877de\" data-element_type=\"section\" data-settings=\"{&quot;background_background&quot;:&quot;gradient&quot;}\">\n\t\t\t\t\t\t<div class=\"elementor-container elementor-column-gap-default\">\n\t\t\t\t\t<div class=\"elementor-column elementor-col-33 elementor-inner-column elementor-element elementor-element-5efe2e4\" data-id=\"5efe2e4\" data-element_type=\"column\">\n\t\t\t<div class=\"elementor-widget-wrap elementor-element-populated\">\n\t\t\t\t\t\t\t\t<section class=\"elementor-section elementor-inner-section elementor-element elementor-element-87b51f6 elementor-section-full_width elementor-section-height-min-height elementor-section-height-default\" data-id=\"87b51f6\" data-element_type=\"section\">\n\t\t\t\t\t\t<div class=\"elementor-container elementor-column-gap-default\">\n\t\t\t\t\t<div class=\"raven-column-link elementor-column elementor-col-100 elementor-inner-column elementor-element elementor-element-c404b33\" data-raven-link=\"https:\/\/viva-ferien.ch\/de\/ortschaften\/celerina\/\" data-raven-link-target=\"_self\" data-id=\"c404b33\" data-element_type=\"column\" data-settings=\"{&quot;background_background&quot;:&quot;classic&quot;}\">\n\t\t\t<div class=\"elementor-widget-wrap elementor-element-populated\">\n\t\t\t\t\t<div class=\"elementor-background-overlay\"><\/div>\n\t\t\t\t\t\t\t\t<div class=\"elementor-element elementor-element-da97e93 elementor-widget elementor-widget-heading\" data-id=\"da97e93\" data-element_type=\"widget\" data-widget_type=\"heading.default\">\n\t\t\t\t<div class=\"elementor-widget-container\">\n\t\t\t<h4 class=\"elementor-heading-title elementor-size-default\">Celerina<\/h4>\t\t<\/div>\n\t\t\t\t<\/div>\n\t\t\t\t<div class=\"elementor-element elementor-element-8fd3e92 elementor-widget elementor-widget-spacer\" data-id=\"8fd3e92\" data-element_type=\"widget\" data-widget_type=\"spacer.default\">\n\t\t\t\t<div class=\"elementor-widget-container\">\n\t\t\t\t\t<div class=\"elementor-spacer\">\n\t\t\t<div class=\"elementor-spacer-inner\"><\/div>\n\t\t<\/div>\n\t\t\t\t<\/div>\n\t\t\t\t<\/div>\n\t\t\t\t<div class=\"elementor-element elementor-element-c200eb2 no-margin-bottom elementor-widget elementor-widget-text-editor\" data-id=\"c200eb2\" data-element_type=\"widget\" data-widget_type=\"text-editor.default\">\n\t\t\t\t<div class=\"elementor-widget-container\">\n\t\t\t\t\t\t\t<p>Punto di partenza ideale per tutti gli escursionisti, i ciclisti, gli appassionati di sci di fondo e gli sciatori<\/p>\n\t\t\t\t\t\t<\/div>\n\t\t\t\t<\/div>\n\t\t\t\t\t<\/div>\n\t\t<\/div>\n\t\t\t\t\t\t\t<\/div>\n\t\t<\/section>\n\t\t\t\t\t<\/div>\n\t\t<\/div>\n\t\t\t\t<div class=\"elementor-column elementor-col-33 elementor-inner-column elementor-element elementor-element-780880f\" data-id=\"780880f\" data-element_type=\"column\">\n\t\t\t<div class=\"elementor-widget-wrap elementor-element-populated\">\n\t\t\t\t\t\t\t\t<section class=\"elementor-section elementor-inner-section elementor-element elementor-element-19b5183 elementor-section-full_width elementor-section-height-min-height elementor-section-height-default\" data-id=\"19b5183\" data-element_type=\"section\">\n\t\t\t\t\t\t<div class=\"elementor-container elementor-column-gap-default\">\n\t\t\t\t\t<div class=\"raven-column-link elementor-column elementor-col-100 elementor-inner-column elementor-element elementor-element-f0f8c45\" data-raven-link=\"https:\/\/viva-ferien.ch\/de\/ortschaften\/pontresina\/\" data-raven-link-target=\"_self\" data-id=\"f0f8c45\" data-element_type=\"column\" data-settings=\"{&quot;background_background&quot;:&quot;classic&quot;}\">\n\t\t\t<div class=\"elementor-widget-wrap elementor-element-populated\">\n\t\t\t\t\t\t\t\t<div class=\"elementor-element elementor-element-7eaa8d2 elementor-widget elementor-widget-heading\" data-id=\"7eaa8d2\" data-element_type=\"widget\" data-widget_type=\"heading.default\">\n\t\t\t\t<div class=\"elementor-widget-container\">\n\t\t\t<h4 class=\"elementor-heading-title elementor-size-default\">Pontresina<\/h4>\t\t<\/div>\n\t\t\t\t<\/div>\n\t\t\t\t<div class=\"elementor-element elementor-element-3f6d696 elementor-widget elementor-widget-spacer\" data-id=\"3f6d696\" data-element_type=\"widget\" data-widget_type=\"spacer.default\">\n\t\t\t\t<div class=\"elementor-widget-container\">\n\t\t\t\t\t<div class=\"elementor-spacer\">\n\t\t\t<div class=\"elementor-spacer-inner\"><\/div>\n\t\t<\/div>\n\t\t\t\t<\/div>\n\t\t\t\t<\/div>\n\t\t\t\t<div class=\"elementor-element elementor-element-ccfe831 no-margin-bottom elementor-widget elementor-widget-text-editor\" data-id=\"ccfe831\" data-element_type=\"widget\" data-widget_type=\"text-editor.default\">\n\t\t\t\t<div class=\"elementor-widget-container\">\n\t\t\t\t\t\t\t<p>Un Eldorado per esploratori e intenditori<\/p>\n\t\t\t\t\t\t<\/div>\n\t\t\t\t<\/div>\n\t\t\t\t\t<\/div>\n\t\t<\/div>\n\t\t\t\t\t\t\t<\/div>\n\t\t<\/section>\n\t\t\t\t\t<\/div>\n\t\t<\/div>\n\t\t\t\t<div class=\"elementor-column elementor-col-33 elementor-inner-column elementor-element elementor-element-ebf49f4\" data-id=\"ebf49f4\" data-element_type=\"column\">\n\t\t\t<div class=\"elementor-widget-wrap elementor-element-populated\">\n\t\t\t\t\t\t\t\t<section class=\"elementor-section elementor-inner-section elementor-element elementor-element-6ef7b84 elementor-section-full_width elementor-section-height-min-height elementor-section-height-default\" data-id=\"6ef7b84\" data-element_type=\"section\">\n\t\t\t\t\t\t<div class=\"elementor-container elementor-column-gap-default\">\n\t\t\t\t\t<div class=\"raven-column-link elementor-column elementor-col-100 elementor-inner-column elementor-element elementor-element-42bbc17\" data-raven-link=\"https:\/\/viva-ferien.ch\/de\/ortschaften\/samedan\/\" data-raven-link-target=\"_self\" data-id=\"42bbc17\" data-element_type=\"column\" data-settings=\"{&quot;background_background&quot;:&quot;classic&quot;}\">\n\t\t\t<div class=\"elementor-widget-wrap elementor-element-populated\">\n\t\t\t\t\t<div class=\"elementor-background-overlay\"><\/div>\n\t\t\t\t\t\t\t\t<div class=\"elementor-element elementor-element-0f97324 elementor-widget elementor-widget-heading\" data-id=\"0f97324\" data-element_type=\"widget\" data-widget_type=\"heading.default\">\n\t\t\t\t<div class=\"elementor-widget-container\">\n\t\t\t<h4 class=\"elementor-heading-title elementor-size-default\">Samedan<\/h4>\t\t<\/div>\n\t\t\t\t<\/div>\n\t\t\t\t<div class=\"elementor-element elementor-element-acca31c elementor-widget elementor-widget-spacer\" data-id=\"acca31c\" data-element_type=\"widget\" data-widget_type=\"spacer.default\">\n\t\t\t\t<div class=\"elementor-widget-container\">\n\t\t\t\t\t<div class=\"elementor-spacer\">\n\t\t\t<div class=\"elementor-spacer-inner\"><\/div>\n\t\t<\/div>\n\t\t\t\t<\/div>\n\t\t\t\t<\/div>\n\t\t\t\t<div class=\"elementor-element elementor-element-1366ad6 no-margin-bottom elementor-widget elementor-widget-text-editor\" data-id=\"1366ad6\" data-element_type=\"widget\" data-widget_type=\"text-editor.default\">\n\t\t\t\t<div class=\"elementor-widget-container\">\n\t\t\t\t\t\t\t<p>Autentico e tradizionale<\/p>\n\t\t\t\t\t\t<\/div>\n\t\t\t\t<\/div>\n\t\t\t\t\t<\/div>\n\t\t<\/div>\n\t\t\t\t\t\t\t<\/div>\n\t\t<\/section>\n\t\t\t\t\t<\/div>\n\t\t<\/div>\n\t\t\t\t\t\t\t<\/div>\n\t\t<\/section>\n\t\t\t\t\t<\/div>\n\t\t<\/div>\n\t\t\t\t\t\t\t<\/div>\n\t\t<\/section>\n\t\t\t\t<section class=\"elementor-section elementor-top-section elementor-element elementor-element-f343ec1 elementor-section-boxed elementor-section-height-default elementor-section-height-default\" data-id=\"f343ec1\" data-element_type=\"section\">\n\t\t\t\t\t\t<div class=\"elementor-container elementor-column-gap-default\">\n\t\t\t\t\t<div class=\"elementor-column elementor-col-100 elementor-top-column elementor-element elementor-element-1d192be\" data-id=\"1d192be\" data-element_type=\"column\">\n\t\t\t<div class=\"elementor-widget-wrap elementor-element-populated\">\n\t\t\t\t\t\t\t\t<div class=\"elementor-element elementor-element-ace7e58 elementor-widget elementor-widget-spacer\" data-id=\"ace7e58\" data-element_type=\"widget\" data-widget_type=\"spacer.default\">\n\t\t\t\t<div class=\"elementor-widget-container\">\n\t\t\t\t\t<div class=\"elementor-spacer\">\n\t\t\t<div class=\"elementor-spacer-inner\"><\/div>\n\t\t<\/div>\n\t\t\t\t<\/div>\n\t\t\t\t<\/div>\n\t\t\t\t\t<\/div>\n\t\t<\/div>\n\t\t\t\t\t\t\t<\/div>\n\t\t<\/section>\n\t\t\t\t\t\t<\/div>\n\t\t\t\t<\/div>\n\t\t\t\t<\/div>\n\t\t\t\t<\/div>\n\t\t\t\t\t<\/div>\n\t\t<\/div>\n\t\t\t\t\t\t\t<\/div>\n\t\t<\/section>\n\t\t\t\t\t\t\t<\/div>\n\t\t","protected":false},"excerpt":{"rendered":"<p>Appartamento vacanze a Pontresina Immergetevi nel mondo della montagna a Pontresina e prenotate giorni di relax in un appartamento vacanze VIVA. Pontresina si trova in posizione pittoresca a 1.800 metri sul livello del mare, sul lato sinistro della Valle del Bernina. Il suo fascino unico \u00e8 caratterizzato dal pittoresco mix di cascine tradizionali engadinesi e [&hellip;]<\/p>\n","protected":false},"author":1,"featured_media":8800,"parent":0,"menu_order":0,"comment_status":"closed","ping_status":"closed","template":"elementor_header_footer","meta":{"_acf_changed":false,"footnotes":""},"landingpage":[],"acf":[],"yoast_head":"<!-- This site is optimized with the Yoast SEO plugin v22.3 - https:\/\/yoast.com\/wordpress\/plugins\/seo\/ -->\n<title>Appartamento vacanze a Pontresina - VIVA-Ferien<\/title>\n<meta name=\"description\" content=\"Un appartamento per le vacanze a Pontresina \u00e8 la scelta giusta se siete alla ricerca di eccellenti aree sciistiche ed escursionistiche.\" \/>\n<meta name=\"robots\" content=\"index, follow, max-snippet:-1, max-image-preview:large, max-video-preview:-1\" \/>\n<link rel=\"canonical\" href=\"https:\/\/viva-ferien.ch\/it\/appartamento-vacanze-a-pontresina\/\" \/>\n<meta property=\"og:locale\" content=\"it_IT\" \/>\n<meta property=\"og:type\" content=\"article\" \/>\n<meta property=\"og:title\" content=\"Appartamento vacanze a Pontresina - VIVA-Ferien\" \/>\n<meta property=\"og:description\" content=\"Un appartamento per le vacanze a Pontresina \u00e8 la scelta giusta se siete alla ricerca di eccellenti aree sciistiche ed escursionistiche.\" \/>\n<meta property=\"og:url\" content=\"https:\/\/viva-ferien.ch\/it\/appartamento-vacanze-a-pontresina\/\" \/>\n<meta property=\"og:site_name\" content=\"VIVA-Ferien\" \/>\n<meta property=\"article:modified_time\" content=\"2024-05-24T08:59:21+00:00\" \/>\n<meta property=\"og:image\" content=\"https:\/\/viva-ferien.ch\/wp-content\/uploads\/2023\/03\/azzedine-rouichi-CxCe_9JUiL8-unsplash-scaled.jpg\" \/>\n\t<meta property=\"og:image:width\" content=\"2560\" \/>\n\t<meta property=\"og:image:height\" content=\"1707\" \/>\n\t<meta property=\"og:image:type\" content=\"image\/jpeg\" \/>\n<meta name=\"twitter:card\" content=\"summary_large_image\" \/>\n<meta name=\"twitter:label1\" content=\"Tempo di lettura stimato\" \/>\n\t<meta name=\"twitter:data1\" content=\"5 minuti\" \/>\n<script type=\"application\/ld+json\" class=\"yoast-schema-graph\">{\"@context\":\"https:\/\/schema.org\",\"@graph\":[{\"@type\":\"WebPage\",\"@id\":\"https:\/\/viva-ferien.ch\/it\/appartamento-vacanze-a-pontresina\/\",\"url\":\"https:\/\/viva-ferien.ch\/it\/appartamento-vacanze-a-pontresina\/\",\"name\":\"Appartamento vacanze a Pontresina - VIVA-Ferien\",\"isPartOf\":{\"@id\":\"https:\/\/viva-ferien.ch\/it\/#website\"},\"primaryImageOfPage\":{\"@id\":\"https:\/\/viva-ferien.ch\/it\/appartamento-vacanze-a-pontresina\/#primaryimage\"},\"image\":{\"@id\":\"https:\/\/viva-ferien.ch\/it\/appartamento-vacanze-a-pontresina\/#primaryimage\"},\"thumbnailUrl\":\"https:\/\/viva-ferien.ch\/wp-content\/uploads\/2023\/03\/azzedine-rouichi-CxCe_9JUiL8-unsplash-scaled.jpg\",\"datePublished\":\"2023-04-04T13:42:04+00:00\",\"dateModified\":\"2024-05-24T08:59:21+00:00\",\"description\":\"Un appartamento per le vacanze a Pontresina \u00e8 la scelta giusta se siete alla ricerca di eccellenti aree sciistiche ed escursionistiche.\",\"breadcrumb\":{\"@id\":\"https:\/\/viva-ferien.ch\/it\/appartamento-vacanze-a-pontresina\/#breadcrumb\"},\"inLanguage\":\"it-IT\",\"potentialAction\":[{\"@type\":\"ReadAction\",\"target\":[\"https:\/\/viva-ferien.ch\/it\/appartamento-vacanze-a-pontresina\/\"]}]},{\"@type\":\"ImageObject\",\"inLanguage\":\"it-IT\",\"@id\":\"https:\/\/viva-ferien.ch\/it\/appartamento-vacanze-a-pontresina\/#primaryimage\",\"url\":\"https:\/\/viva-ferien.ch\/wp-content\/uploads\/2023\/03\/azzedine-rouichi-CxCe_9JUiL8-unsplash-scaled.jpg\",\"contentUrl\":\"https:\/\/viva-ferien.ch\/wp-content\/uploads\/2023\/03\/azzedine-rouichi-CxCe_9JUiL8-unsplash-scaled.jpg\",\"width\":2560,\"height\":1707,\"caption\":\"Pontresina\"},{\"@type\":\"BreadcrumbList\",\"@id\":\"https:\/\/viva-ferien.ch\/it\/appartamento-vacanze-a-pontresina\/#breadcrumb\",\"itemListElement\":[{\"@type\":\"ListItem\",\"position\":1,\"name\":\"VIVA\",\"item\":\"https:\/\/viva-ferien.ch\/it\/\"},{\"@type\":\"ListItem\",\"position\":2,\"name\":\"Appartamento vacanze a Pontresina\"}]},{\"@type\":\"WebSite\",\"@id\":\"https:\/\/viva-ferien.ch\/it\/#website\",\"url\":\"https:\/\/viva-ferien.ch\/it\/\",\"name\":\"VIVA-Ferien\",\"description\":\"Ferienwohnungen, Rental, Immobilien, Real Estate, St. Moritz, Engadin.\",\"potentialAction\":[{\"@type\":\"SearchAction\",\"target\":{\"@type\":\"EntryPoint\",\"urlTemplate\":\"https:\/\/viva-ferien.ch\/it\/?s={search_term_string}\"},\"query-input\":\"required name=search_term_string\"}],\"inLanguage\":\"it-IT\"}]}<\/script>\n<!-- \/ Yoast SEO plugin. -->","yoast_head_json":{"title":"Appartamento vacanze a Pontresina - VIVA-Ferien","description":"Un appartamento per le vacanze a Pontresina \u00e8 la scelta giusta se siete alla ricerca di eccellenti aree sciistiche ed escursionistiche.","robots":{"index":"index","follow":"follow","max-snippet":"max-snippet:-1","max-image-preview":"max-image-preview:large","max-video-preview":"max-video-preview:-1"},"canonical":"https:\/\/viva-ferien.ch\/it\/appartamento-vacanze-a-pontresina\/","og_locale":"it_IT","og_type":"article","og_title":"Appartamento vacanze a Pontresina - VIVA-Ferien","og_description":"Un appartamento per le vacanze a Pontresina \u00e8 la scelta giusta se siete alla ricerca di eccellenti aree sciistiche ed escursionistiche.","og_url":"https:\/\/viva-ferien.ch\/it\/appartamento-vacanze-a-pontresina\/","og_site_name":"VIVA-Ferien","article_modified_time":"2024-05-24T08:59:21+00:00","og_image":[{"width":2560,"height":1707,"url":"https:\/\/viva-ferien.ch\/wp-content\/uploads\/2023\/03\/azzedine-rouichi-CxCe_9JUiL8-unsplash-scaled.jpg","type":"image\/jpeg"}],"twitter_card":"summary_large_image","twitter_misc":{"Tempo di lettura stimato":"5 minuti"},"schema":{"@context":"https:\/\/schema.org","@graph":[{"@type":"WebPage","@id":"https:\/\/viva-ferien.ch\/it\/appartamento-vacanze-a-pontresina\/","url":"https:\/\/viva-ferien.ch\/it\/appartamento-vacanze-a-pontresina\/","name":"Appartamento vacanze a Pontresina - VIVA-Ferien","isPartOf":{"@id":"https:\/\/viva-ferien.ch\/it\/#website"},"primaryImageOfPage":{"@id":"https:\/\/viva-ferien.ch\/it\/appartamento-vacanze-a-pontresina\/#primaryimage"},"image":{"@id":"https:\/\/viva-ferien.ch\/it\/appartamento-vacanze-a-pontresina\/#primaryimage"},"thumbnailUrl":"https:\/\/viva-ferien.ch\/wp-content\/uploads\/2023\/03\/azzedine-rouichi-CxCe_9JUiL8-unsplash-scaled.jpg","datePublished":"2023-04-04T13:42:04+00:00","dateModified":"2024-05-24T08:59:21+00:00","description":"Un appartamento per le vacanze a Pontresina \u00e8 la scelta giusta se siete alla ricerca di eccellenti aree sciistiche ed escursionistiche.","breadcrumb":{"@id":"https:\/\/viva-ferien.ch\/it\/appartamento-vacanze-a-pontresina\/#breadcrumb"},"inLanguage":"it-IT","potentialAction":[{"@type":"ReadAction","target":["https:\/\/viva-ferien.ch\/it\/appartamento-vacanze-a-pontresina\/"]}]},{"@type":"ImageObject","inLanguage":"it-IT","@id":"https:\/\/viva-ferien.ch\/it\/appartamento-vacanze-a-pontresina\/#primaryimage","url":"https:\/\/viva-ferien.ch\/wp-content\/uploads\/2023\/03\/azzedine-rouichi-CxCe_9JUiL8-unsplash-scaled.jpg","contentUrl":"https:\/\/viva-ferien.ch\/wp-content\/uploads\/2023\/03\/azzedine-rouichi-CxCe_9JUiL8-unsplash-scaled.jpg","width":2560,"height":1707,"caption":"Pontresina"},{"@type":"BreadcrumbList","@id":"https:\/\/viva-ferien.ch\/it\/appartamento-vacanze-a-pontresina\/#breadcrumb","itemListElement":[{"@type":"ListItem","position":1,"name":"VIVA","item":"https:\/\/viva-ferien.ch\/it\/"},{"@type":"ListItem","position":2,"name":"Appartamento vacanze a Pontresina"}]},{"@type":"WebSite","@id":"https:\/\/viva-ferien.ch\/it\/#website","url":"https:\/\/viva-ferien.ch\/it\/","name":"VIVA-Ferien","description":"Ferienwohnungen, Rental, Immobilien, Real Estate, St. Moritz, Engadin.","potentialAction":[{"@type":"SearchAction","target":{"@type":"EntryPoint","urlTemplate":"https:\/\/viva-ferien.ch\/it\/?s={search_term_string}"},"query-input":"required name=search_term_string"}],"inLanguage":"it-IT"}]}},"_links":{"self":[{"href":"https:\/\/viva-ferien.ch\/it\/wp-json\/wp\/v2\/pages\/12747"}],"collection":[{"href":"https:\/\/viva-ferien.ch\/it\/wp-json\/wp\/v2\/pages"}],"about":[{"href":"https:\/\/viva-ferien.ch\/it\/wp-json\/wp\/v2\/types\/page"}],"author":[{"embeddable":true,"href":"https:\/\/viva-ferien.ch\/it\/wp-json\/wp\/v2\/users\/1"}],"replies":[{"embeddable":true,"href":"https:\/\/viva-ferien.ch\/it\/wp-json\/wp\/v2\/comments?post=12747"}],"version-history":[{"count":3,"href":"https:\/\/viva-ferien.ch\/it\/wp-json\/wp\/v2\/pages\/12747\/revisions"}],"predecessor-version":[{"id":12750,"href":"https:\/\/viva-ferien.ch\/it\/wp-json\/wp\/v2\/pages\/12747\/revisions\/12750"}],"wp:featuredmedia":[{"embeddable":true,"href":"https:\/\/viva-ferien.ch\/it\/wp-json\/wp\/v2\/media\/8800"}],"wp:attachment":[{"href":"https:\/\/viva-ferien.ch\/it\/wp-json\/wp\/v2\/media?parent=12747"}],"wp:term":[{"taxonomy":"landingpage","embeddable":true,"href":"https:\/\/viva-ferien.ch\/it\/wp-json\/wp\/v2\/landingpage?post=12747"}],"curies":[{"name":"wp","href":"https:\/\/api.w.org\/{rel}","templated":true}]}}