{"id":12735,"date":"2023-07-24T10:57:10","date_gmt":"2023-07-24T08:57:10","guid":{"rendered":"https:\/\/viva-ferien.ch\/proprieta-per-le-vacanze-a-st-moritz-engadina\/"},"modified":"2024-05-17T15:29:50","modified_gmt":"2024-05-17T13:29:50","slug":"proprieta-per-le-vacanze-a-st-moritz-engadina","status":"publish","type":"page","link":"https:\/\/viva-ferien.ch\/it\/proprieta-per-le-vacanze-a-st-moritz-engadina\/","title":{"rendered":"Propriet\u00e0 per le vacanze a St. Moritz &#8211; Engadina"},"content":{"rendered":"\t\t<div data-elementor-type=\"wp-page\" data-elementor-id=\"12735\" class=\"elementor elementor-12735 elementor-9697\" data-elementor-post-type=\"page\">\n\t\t\t\t\t\t\t\t\t<section class=\"elementor-section elementor-top-section elementor-element elementor-element-28d39c8 elementor-section-full_width elementor-section-height-default elementor-section-height-default\" data-id=\"28d39c8\" data-element_type=\"section\">\n\t\t\t\t\t\t<div class=\"elementor-container elementor-column-gap-default\">\n\t\t\t\t\t<div class=\"elementor-column elementor-col-100 elementor-top-column elementor-element elementor-element-4edd874b\" data-id=\"4edd874b\" data-element_type=\"column\">\n\t\t\t<div class=\"elementor-widget-wrap elementor-element-populated\">\n\t\t\t\t\t\t\t\t<div class=\"elementor-element elementor-element-70377c59 elementor-widget elementor-widget-template\" data-id=\"70377c59\" data-element_type=\"widget\" data-widget_type=\"template.default\">\n\t\t\t\t<div class=\"elementor-widget-container\">\n\t\t\t\t\t<div class=\"elementor-template\">\n\t\t\t\t\t<div data-elementor-type=\"section\" data-elementor-id=\"5202\" class=\"elementor elementor-5202\" data-elementor-post-type=\"elementor_library\">\n\t\t\t\t\t\t\t\t<section class=\"elementor-section elementor-top-section elementor-element elementor-element-5c4d34f0 elementor-section-height-min-height elementor-section-items-stretch hero-section elementor-section-boxed elementor-section-height-default\" data-id=\"5c4d34f0\" data-element_type=\"section\" data-settings=\"{&quot;background_background&quot;:&quot;classic&quot;}\">\n\t\t\t\t\t\t\t<div class=\"elementor-background-overlay\"><\/div>\n\t\t\t\t\t\t\t<div class=\"elementor-container elementor-column-gap-default\">\n\t\t\t\t\t<div class=\"elementor-column elementor-col-100 elementor-top-column elementor-element elementor-element-59da9fc4\" data-id=\"59da9fc4\" data-element_type=\"column\">\n\t\t\t<div class=\"elementor-widget-wrap elementor-element-populated\">\n\t\t\t\t\t\t\t\t<div class=\"elementor-element elementor-element-3cf229f8 h2 elementor-widget elementor-widget-heading\" data-id=\"3cf229f8\" data-element_type=\"widget\" data-widget_type=\"heading.default\">\n\t\t\t\t<div class=\"elementor-widget-container\">\n\t\t\t<style>\/*! elementor - v3.15.0 - 20-08-2023 *\/\n.elementor-heading-title{padding:0;margin:0;line-height:1}.elementor-widget-heading .elementor-heading-title[class*=elementor-size-]>a{color:inherit;font-size:inherit;line-height:inherit}.elementor-widget-heading .elementor-heading-title.elementor-size-small{font-size:15px}.elementor-widget-heading .elementor-heading-title.elementor-size-medium{font-size:19px}.elementor-widget-heading .elementor-heading-title.elementor-size-large{font-size:29px}.elementor-widget-heading .elementor-heading-title.elementor-size-xl{font-size:39px}.elementor-widget-heading .elementor-heading-title.elementor-size-xxl{font-size:59px}<\/style><h1 class=\"elementor-heading-title elementor-size-default\">Propriet\u00e0 per le vacanze a St. Moritz &#8211; Engadina<\/h1>\t\t<\/div>\n\t\t\t\t<\/div>\n\t\t\t\t\t<\/div>\n\t\t<\/div>\n\t\t\t\t\t\t\t<\/div>\n\t\t<\/section>\n\t\t\t\t\t\t<\/div>\n\t\t\t\t<\/div>\n\t\t\t\t<\/div>\n\t\t\t\t<\/div>\n\t\t\t\t\t<\/div>\n\t\t<\/div>\n\t\t\t\t\t\t\t<\/div>\n\t\t<\/section>\n\t\t\t\t<section class=\"elementor-section elementor-top-section elementor-element elementor-element-57e1c9cb default-container elementor-section-boxed elementor-section-height-default elementor-section-height-default\" data-id=\"57e1c9cb\" data-element_type=\"section\">\n\t\t\t\t\t\t<div class=\"elementor-container elementor-column-gap-default\">\n\t\t\t\t\t<div class=\"elementor-column elementor-col-100 elementor-top-column elementor-element elementor-element-2cff79c9\" data-id=\"2cff79c9\" data-element_type=\"column\">\n\t\t\t<div class=\"elementor-widget-wrap elementor-element-populated\">\n\t\t\t\t\t\t\t\t<div class=\"elementor-element elementor-element-4c7c6eb5 elementor-widget elementor-widget-breadcrumbs\" data-id=\"4c7c6eb5\" data-element_type=\"widget\" data-widget_type=\"breadcrumbs.default\">\n\t\t\t\t<div class=\"elementor-widget-container\">\n\t\t\t<link rel=\"stylesheet\" href=\"https:\/\/viva-ferien.ch\/wp-content\/plugins\/elementor-pro\/assets\/css\/widget-theme-elements.min.css\"><p id=\"breadcrumbs\"><span><span><a href=\"https:\/\/viva-ferien.ch\/it\/\">VIVA<\/a><\/span><\/span><\/p>\t\t<\/div>\n\t\t\t\t<\/div>\n\t\t\t\t<div class=\"elementor-element elementor-element-229bffaa elementor-widget elementor-widget-heading\" data-id=\"229bffaa\" data-element_type=\"widget\" data-widget_type=\"heading.default\">\n\t\t\t\t<div class=\"elementor-widget-container\">\n\t\t\t<h2 class=\"elementor-heading-title elementor-size-default\">Tra villaggi e montagne<\/h2>\t\t<\/div>\n\t\t\t\t<\/div>\n\t\t\t\t<div class=\"elementor-element elementor-element-8311ef6 elementor-widget elementor-widget-text-editor\" data-id=\"8311ef6\" data-element_type=\"widget\" data-widget_type=\"text-editor.default\">\n\t\t\t\t<div class=\"elementor-widget-container\">\n\t\t\t<style>\/*! elementor - v3.15.0 - 20-08-2023 *\/\n.elementor-widget-text-editor.elementor-drop-cap-view-stacked .elementor-drop-cap{background-color:#69727d;color:#fff}.elementor-widget-text-editor.elementor-drop-cap-view-framed .elementor-drop-cap{color:#69727d;border:3px solid;background-color:transparent}.elementor-widget-text-editor:not(.elementor-drop-cap-view-default) .elementor-drop-cap{margin-top:8px}.elementor-widget-text-editor:not(.elementor-drop-cap-view-default) .elementor-drop-cap-letter{width:1em;height:1em}.elementor-widget-text-editor .elementor-drop-cap{float:left;text-align:center;line-height:1;font-size:50px}.elementor-widget-text-editor .elementor-drop-cap-letter{display:inline-block}<\/style>\t\t\t\t<p><strong>Le nostre propriet\u00e0 per le vacanze a St. Moritz &#8211; Engadina godono di una posizione unica. <\/strong> <a href=\"https:\/\/viva-ferien.ch\/it\/?page_id=9094\">Il carattere fiabesco delle Alpi svizzere non \u00e8 cos\u00ec bello come nell&#8217;alta valle dell&#8217;Engadina. <\/a> <a href=\"https:\/\/viva-ferien.ch\/it\/vacanze-a-st-moritz\/\">Le numerose offerte culturali di St. Moritz sono particolarmente apprezzate, dagli eventi musicali e le mostre d&#8217;arte alle specialit\u00e0 culinarie della regione e di tutto il mondo. <\/a> <strong>Gli eventi invernali come le corse di cavalli sul lago, il bob, lo skeleton, le maratone di sci di fondo e le gare di sci FIS possono essere visitati comodamente dalle nostre case vacanze a St. Moritz. <\/strong> <\/p>\n<p>Se guardate fuori dal villaggio verso il panorama montano mozzafiato, vedrete pendii e cime innevati, oltre a una moltitudine di piste da sci e da fondo che attraversano la zona. <strong>Le propriet\u00e0 per le vacanze a St. Moritz &#8211; Engadina sono particolarmente apprezzate dagli sciatori e dagli appassionati di sport invernali. <\/strong><\/p>\n\t\t\t\t\t\t<\/div>\n\t\t\t\t<\/div>\n\t\t\t\t\t<\/div>\n\t\t<\/div>\n\t\t\t\t\t\t\t<\/div>\n\t\t<\/section>\n\t\t\t\t<section class=\"elementor-section elementor-top-section elementor-element elementor-element-6da07374 slide-section elementor-section-full_width elementor-section-height-default elementor-section-height-default\" data-id=\"6da07374\" data-element_type=\"section\">\n\t\t\t\t\t\t<div class=\"elementor-container elementor-column-gap-default\">\n\t\t\t\t\t<div class=\"elementor-column elementor-col-100 elementor-top-column elementor-element elementor-element-66e374a6 raven-column-flex-horizontal\" data-id=\"66e374a6\" data-element_type=\"column\">\n\t\t\t<div class=\"elementor-widget-wrap elementor-element-populated\">\n\t\t\t\t\t\t\t\t<section class=\"elementor-section elementor-inner-section elementor-element elementor-element-7156669c smallbox elementor-section-boxed elementor-section-height-default elementor-section-height-default\" data-id=\"7156669c\" data-element_type=\"section\">\n\t\t\t\t\t\t<div class=\"elementor-container elementor-column-gap-default\">\n\t\t\t\t\t<div class=\"elementor-column elementor-col-100 elementor-inner-column elementor-element elementor-element-709696f6\" data-id=\"709696f6\" data-element_type=\"column\">\n\t\t\t<div class=\"elementor-widget-wrap elementor-element-populated\">\n\t\t\t\t\t\t\t\t<div class=\"elementor-element elementor-element-6a990448 elementor-widget elementor-widget-heading\" data-id=\"6a990448\" data-element_type=\"widget\" data-widget_type=\"heading.default\">\n\t\t\t\t<div class=\"elementor-widget-container\">\n\t\t\t<h2 class=\"elementor-heading-title elementor-size-default\">Scopri le nostre propriet\u00e0 per le vacanze <br>\na St. Moritz - Engadina<\/h2>\t\t<\/div>\n\t\t\t\t<\/div>\n\t\t\t\t<div class=\"elementor-element elementor-element-111943fb elementor-widget elementor-widget-text-editor\" data-id=\"111943fb\" data-element_type=\"widget\" data-widget_type=\"text-editor.default\">\n\t\t\t\t<div class=\"elementor-widget-container\">\n\t\t\t\t\t\t\t<p><strong>Le nostre propriet\u00e0 per le vacanze a St. Moritz sono caratterizzate da un&#8217;attrezzatura di prim&#8217;ordine e da un arredamento amorevole. <\/strong> Scoprite la nostra esclusiva selezione a St. Moritz.<\/p>\n\t\t\t\t\t\t<\/div>\n\t\t\t\t<\/div>\n\t\t\t\t<div class=\"elementor-element elementor-element-c06cd97 elementor-widget elementor-widget-button\" data-id=\"c06cd97\" data-element_type=\"widget\" data-widget_type=\"button.default\">\n\t\t\t\t<div class=\"elementor-widget-container\">\n\t\t\t\t\t<div class=\"elementor-button-wrapper\">\n\t\t\t<a class=\"elementor-button elementor-button-link elementor-size-sm\" href=\"\/?s\">\n\t\t\t\t\t\t<span class=\"elementor-button-content-wrapper\">\n\t\t\t\t\t\t<span class=\"elementor-button-text\">Tutti gli alloggi<\/span>\n\t\t<\/span>\n\t\t\t\t\t<\/a>\n\t\t<\/div>\n\t\t\t\t<\/div>\n\t\t\t\t<\/div>\n\t\t\t\t\t<\/div>\n\t\t<\/div>\n\t\t\t\t\t\t\t<\/div>\n\t\t<\/section>\n\t\t\t\t<div class=\"elementor-element elementor-element-38989bc2 beontest beon-slide-list beon-unit-slider elementor-widget elementor-widget-shortcode\" data-id=\"38989bc2\" data-element_type=\"widget\" data-widget_type=\"shortcode.default\">\n\t\t\t\t<div class=\"elementor-widget-container\">\n\t\t\t\t\t<div class=\"elementor-shortcode\"><div class=\"swiper\"><div class=\"swiper-wrapper\"><div class=\"swiper-slide\"><div class=\"swiperlisting\">\t\t\t\t<div id=\"slider\" class=\"flexslider\">\n\t\t\t<ul class=\"slides\">\n\t\t\t\t\t\t\t\t\t<li>\n\t\t\t\t\t\t<a href=\"https:\/\/viva-ferien.ch\/it\/unterkuenfte\/paravicini-5-2\/\">\n\t\t\t\t\t\t\t<img decoding=\"async\" src=\"https:\/\/viva-ferien.ch\/wp-content\/uploads\/2022\/11\/mf3896222-1024x576.jpg\" alt=\"Paravicini 5-0\" \/>\n\t\t\t\t\t\t<\/a>\n\t\t\t\t\t<\/li>\n\t\t\t\t\t\t\t\t\t<li>\n\t\t\t\t\t\t<a href=\"https:\/\/viva-ferien.ch\/it\/unterkuenfte\/paravicini-5-2\/\">\n\t\t\t\t\t\t\t<img decoding=\"async\" src=\"https:\/\/viva-ferien.ch\/wp-content\/uploads\/2022\/11\/mf3896235-1024x576.jpg\" alt=\"Paravicini 5-1\" \/>\n\t\t\t\t\t\t<\/a>\n\t\t\t\t\t<\/li>\n\t\t\t\t\t\t\t\t\t<li>\n\t\t\t\t\t\t<a href=\"https:\/\/viva-ferien.ch\/it\/unterkuenfte\/paravicini-5-2\/\">\n\t\t\t\t\t\t\t<img decoding=\"async\" src=\"https:\/\/viva-ferien.ch\/wp-content\/uploads\/2022\/11\/mf3896234-1024x576.jpg\" alt=\"Paravicini 5-2\" \/>\n\t\t\t\t\t\t<\/a>\n\t\t\t\t\t<\/li>\n\t\t\t\t\t\t\t\t\t<li>\n\t\t\t\t\t\t<a href=\"https:\/\/viva-ferien.ch\/it\/unterkuenfte\/paravicini-5-2\/\">\n\t\t\t\t\t\t\t<img decoding=\"async\" src=\"https:\/\/viva-ferien.ch\/wp-content\/uploads\/2022\/11\/mf3896224-1024x576.jpg\" alt=\"Paravicini 5-3\" \/>\n\t\t\t\t\t\t<\/a>\n\t\t\t\t\t<\/li>\n\t\t\t\t\t\t\t\t\t<li>\n\t\t\t\t\t\t<a href=\"https:\/\/viva-ferien.ch\/it\/unterkuenfte\/paravicini-5-2\/\">\n\t\t\t\t\t\t\t<img decoding=\"async\" src=\"https:\/\/viva-ferien.ch\/wp-content\/uploads\/2022\/11\/mf3896218-1024x576.jpg\" alt=\"Paravicini 5-4\" \/>\n\t\t\t\t\t\t<\/a>\n\t\t\t\t\t<\/li>\n\t\t\t\t\t\t\t<\/ul>\n\t\t<\/div>\n\t\t<div class=\"info-wrapper\">\n\t\t\t<div>\n\t\t\t\t<a href=\"https:\/\/viva-ferien.ch\/it\/unterkuenfte\/paravicini-5-2\/\">\n\t\t\t\t\t<div class=\"description-wrapper\">\n\t\t\t\t\t\t<p class=\"image-description uppercase\"><strong>St. Moritz<\/strong><\/p>\t\t\t\n\t\t\t\t\t\t<div class=\"wrap-classification\">\t\n\t\t\t\t\t\t\t\t\t\t\t\t\t\t<h3>Paravicini 5<\/h3>\n\t\t\t\t\t\t\t<div class=\"classification\"><img decoding=\"async\" src=\"\/wp-content\/themes\/vivaferien\/assets\/images\/VIVA_Icon_Klassifizierung_Voll.png\" alt=\"Star\"><img decoding=\"async\" src=\"\/wp-content\/themes\/vivaferien\/assets\/images\/VIVA_Icon_Klassifizierung_Voll.png\" alt=\"Star\"><img decoding=\"async\" src=\"\/wp-content\/themes\/vivaferien\/assets\/images\/VIVA_Icon_Klassifizierung_Voll.png\" alt=\"Star\"><img decoding=\"async\" src=\"\/wp-content\/themes\/vivaferien\/assets\/images\/VIVA_Icon_Klassifizierung_Voll.png\" alt=\"Star\"><img decoding=\"async\" src=\"\/wp-content\/themes\/vivaferien\/assets\/images\/VIVA_Icon_Klassifizierung_Halb.png\" alt=\"half-full Star\"><\/div>\t\t\t\t\t\t<\/div>\n\t\t\t\t\t<\/div>\n\t\t\t\t\t<hr>\n\t\t\t\t\t<\/hr>\n\t\t\t\t\t<div class=\"properties-wrapper\">\n\t\t\t\t\t\t<div>\n\t\t\t\t\t\t\t<!-- <p class=\"big-p\"><div class=\"image-description\">Ab<\/div><\/p>p_6885 -->\n\t\t\t\t\t\t\t<p class=\"big-p\"><div class=\"image-description\">Da<\/div><span class=\"currency\">CHF<\/span> <span class=\"price\" data-price=\"16500\">165,00<\/span><\/p>\n\t\t\t\t\t\t<\/div>\n\t\t\t\t\t\t<div class=\"add-border show-on-hover\"><\/div>\n\t\t\t\t\t\t<div class=\"show-on-hover\">\n\t\t\t\t\t\t\t<p class=\"big-p\"><div class=\"image-description\">Ospiti<\/div>4<\/p>\n\t\t\t\t\t\t<\/div>\n\t\t\t\t\t\t<div class=\"add-border show-on-hover\"><\/div>\n\t\t\t\t\t\t<div class=\"show-on-hover\">\n\t\t\t\t\t\t\t<p class=\"big-p\"><div class=\"image-description\">Camere da letto<\/div>2<\/p>\n\t\t\t\t\t\t<\/div>\n\t\t\t\t\t<\/div>\n\t\t\t\t<\/a>\n\t\t\t<\/div>\n\t\t<\/div>\n\t<\/div><\/div><div class=\"swiper-slide\"><div class=\"swiperlisting\">\t\t\t\t<div id=\"slider\" class=\"flexslider\">\n\t\t\t<ul class=\"slides\">\n\t\t\t\t\t\t\t\t\t<li>\n\t\t\t\t\t\t<a href=\"https:\/\/viva-ferien.ch\/it\/unterkuenfte\/ludains-6-2\/\">\n\t\t\t\t\t\t\t<img decoding=\"async\" src=\"https:\/\/viva-ferien.ch\/wp-content\/uploads\/2022\/11\/mf2120782-1024x640.jpg\" alt=\"Ludains 6-0\" \/>\n\t\t\t\t\t\t<\/a>\n\t\t\t\t\t<\/li>\n\t\t\t\t\t\t\t\t\t<li>\n\t\t\t\t\t\t<a href=\"https:\/\/viva-ferien.ch\/it\/unterkuenfte\/ludains-6-2\/\">\n\t\t\t\t\t\t\t<img decoding=\"async\" src=\"https:\/\/viva-ferien.ch\/wp-content\/uploads\/2022\/11\/mf2120789-1024x640.jpg\" alt=\"Ludains 6-1\" \/>\n\t\t\t\t\t\t<\/a>\n\t\t\t\t\t<\/li>\n\t\t\t\t\t\t\t\t\t<li>\n\t\t\t\t\t\t<a href=\"https:\/\/viva-ferien.ch\/it\/unterkuenfte\/ludains-6-2\/\">\n\t\t\t\t\t\t\t<img decoding=\"async\" src=\"https:\/\/viva-ferien.ch\/wp-content\/uploads\/2022\/11\/mf2120791-1024x640.jpg\" alt=\"Ludains 6-2\" \/>\n\t\t\t\t\t\t<\/a>\n\t\t\t\t\t<\/li>\n\t\t\t\t\t\t\t\t\t<li>\n\t\t\t\t\t\t<a href=\"https:\/\/viva-ferien.ch\/it\/unterkuenfte\/ludains-6-2\/\">\n\t\t\t\t\t\t\t<img decoding=\"async\" src=\"https:\/\/viva-ferien.ch\/wp-content\/uploads\/2022\/11\/mf1447743-1024x640.jpg\" alt=\"Ludains 6-3\" \/>\n\t\t\t\t\t\t<\/a>\n\t\t\t\t\t<\/li>\n\t\t\t\t\t\t\t\t\t<li>\n\t\t\t\t\t\t<a href=\"https:\/\/viva-ferien.ch\/it\/unterkuenfte\/ludains-6-2\/\">\n\t\t\t\t\t\t\t<img decoding=\"async\" src=\"https:\/\/viva-ferien.ch\/wp-content\/uploads\/2022\/11\/mf2120807-1024x640.jpg\" alt=\"Ludains 6-4\" \/>\n\t\t\t\t\t\t<\/a>\n\t\t\t\t\t<\/li>\n\t\t\t\t\t\t\t<\/ul>\n\t\t<\/div>\n\t\t<div class=\"info-wrapper\">\n\t\t\t<div>\n\t\t\t\t<a href=\"https:\/\/viva-ferien.ch\/it\/unterkuenfte\/ludains-6-2\/\">\n\t\t\t\t\t<div class=\"description-wrapper\">\n\t\t\t\t\t\t<p class=\"image-description uppercase\"><strong>St. Moritz<\/strong><\/p>\t\t\t\n\t\t\t\t\t\t<div class=\"wrap-classification\">\t\n\t\t\t\t\t\t\t\t\t\t\t\t\t\t<h3>Ludains 6<\/h3>\n\t\t\t\t\t\t\t<div class=\"classification\"><img decoding=\"async\" src=\"\/wp-content\/themes\/vivaferien\/assets\/images\/VIVA_Icon_Klassifizierung_Voll.png\" alt=\"Star\"><img decoding=\"async\" src=\"\/wp-content\/themes\/vivaferien\/assets\/images\/VIVA_Icon_Klassifizierung_Voll.png\" alt=\"Star\"><img decoding=\"async\" src=\"\/wp-content\/themes\/vivaferien\/assets\/images\/VIVA_Icon_Klassifizierung_Voll.png\" alt=\"Star\"><\/div>\t\t\t\t\t\t<\/div>\n\t\t\t\t\t<\/div>\n\t\t\t\t\t<hr>\n\t\t\t\t\t<\/hr>\n\t\t\t\t\t<div class=\"properties-wrapper\">\n\t\t\t\t\t\t<div>\n\t\t\t\t\t\t\t<!-- <p class=\"big-p\"><div class=\"image-description\">Ab<\/div><\/p>p_6885 -->\n\t\t\t\t\t\t\t<p class=\"big-p\"><div class=\"image-description\">Da<\/div><span class=\"currency\">CHF<\/span> <span class=\"price\" data-price=\"13000\">130,00<\/span><\/p>\n\t\t\t\t\t\t<\/div>\n\t\t\t\t\t\t<div class=\"add-border show-on-hover\"><\/div>\n\t\t\t\t\t\t<div class=\"show-on-hover\">\n\t\t\t\t\t\t\t<p class=\"big-p\"><div class=\"image-description\">Ospiti<\/div>4<\/p>\n\t\t\t\t\t\t<\/div>\n\t\t\t\t\t\t<div class=\"add-border show-on-hover\"><\/div>\n\t\t\t\t\t\t<div class=\"show-on-hover\">\n\t\t\t\t\t\t\t<p class=\"big-p\"><div class=\"image-description\">Camere da letto<\/div>2<\/p>\n\t\t\t\t\t\t<\/div>\n\t\t\t\t\t<\/div>\n\t\t\t\t<\/a>\n\t\t\t<\/div>\n\t\t<\/div>\n\t<\/div><\/div><div class=\"swiper-slide\"><div class=\"swiperlisting\">\t\t\t\t<div id=\"slider\" class=\"flexslider\">\n\t\t\t<ul class=\"slides\">\n\t\t\t\t\t\t\t\t\t<li>\n\t\t\t\t\t\t<a href=\"https:\/\/viva-ferien.ch\/it\/unterkuenfte\/residenz-am-see-b308-2\/\">\n\t\t\t\t\t\t\t<img decoding=\"async\" src=\"https:\/\/viva-ferien.ch\/wp-content\/uploads\/2025\/12\/mf25092310-1024x576.jpg\" alt=\"Residenz am See B308-0\" \/>\n\t\t\t\t\t\t<\/a>\n\t\t\t\t\t<\/li>\n\t\t\t\t\t\t\t\t\t<li>\n\t\t\t\t\t\t<a href=\"https:\/\/viva-ferien.ch\/it\/unterkuenfte\/residenz-am-see-b308-2\/\">\n\t\t\t\t\t\t\t<img decoding=\"async\" src=\"https:\/\/viva-ferien.ch\/wp-content\/uploads\/2025\/12\/mf25092351-1024x576.jpg\" alt=\"Residenz am See B308-1\" \/>\n\t\t\t\t\t\t<\/a>\n\t\t\t\t\t<\/li>\n\t\t\t\t\t\t\t\t\t<li>\n\t\t\t\t\t\t<a href=\"https:\/\/viva-ferien.ch\/it\/unterkuenfte\/residenz-am-see-b308-2\/\">\n\t\t\t\t\t\t\t<img decoding=\"async\" src=\"https:\/\/viva-ferien.ch\/wp-content\/uploads\/2025\/12\/mf25092311-1024x576.jpg\" alt=\"Residenz am See B308-2\" \/>\n\t\t\t\t\t\t<\/a>\n\t\t\t\t\t<\/li>\n\t\t\t\t\t\t\t\t\t<li>\n\t\t\t\t\t\t<a href=\"https:\/\/viva-ferien.ch\/it\/unterkuenfte\/residenz-am-see-b308-2\/\">\n\t\t\t\t\t\t\t<img decoding=\"async\" src=\"https:\/\/viva-ferien.ch\/wp-content\/uploads\/2025\/12\/mf25126142.jpeg-1024x768.jpg\" alt=\"Residenz am See B308-3\" \/>\n\t\t\t\t\t\t<\/a>\n\t\t\t\t\t<\/li>\n\t\t\t\t\t\t\t\t\t<li>\n\t\t\t\t\t\t<a href=\"https:\/\/viva-ferien.ch\/it\/unterkuenfte\/residenz-am-see-b308-2\/\">\n\t\t\t\t\t\t\t<img decoding=\"async\" src=\"https:\/\/viva-ferien.ch\/wp-content\/uploads\/2025\/12\/mf25274872.jpeg-1024x768.jpg\" alt=\"Residenz am See B308-4\" \/>\n\t\t\t\t\t\t<\/a>\n\t\t\t\t\t<\/li>\n\t\t\t\t\t\t\t<\/ul>\n\t\t<\/div>\n\t\t<div class=\"info-wrapper\">\n\t\t\t<div>\n\t\t\t\t<a href=\"https:\/\/viva-ferien.ch\/it\/unterkuenfte\/residenz-am-see-b308-2\/\">\n\t\t\t\t\t<div class=\"description-wrapper\">\n\t\t\t\t\t\t<p class=\"image-description uppercase\"><strong>St. Moritz<\/strong><\/p>\t\t\t\n\t\t\t\t\t\t<div class=\"wrap-classification\">\t\n\t\t\t\t\t\t\t\t\t\t\t\t\t\t<h3>Residenz am See B308<\/h3>\n\t\t\t\t\t\t\t<div class=\"classification\"><img decoding=\"async\" src=\"\/wp-content\/themes\/vivaferien\/assets\/images\/VIVA_Icon_Klassifizierung_Voll.png\" alt=\"Star\"><img decoding=\"async\" src=\"\/wp-content\/themes\/vivaferien\/assets\/images\/VIVA_Icon_Klassifizierung_Voll.png\" alt=\"Star\"><img decoding=\"async\" src=\"\/wp-content\/themes\/vivaferien\/assets\/images\/VIVA_Icon_Klassifizierung_Voll.png\" alt=\"Star\"><img decoding=\"async\" src=\"\/wp-content\/themes\/vivaferien\/assets\/images\/VIVA_Icon_Klassifizierung_Halb.png\" alt=\"half-full Star\"><\/div>\t\t\t\t\t\t<\/div>\n\t\t\t\t\t<\/div>\n\t\t\t\t\t<hr>\n\t\t\t\t\t<\/hr>\n\t\t\t\t\t<div class=\"properties-wrapper\">\n\t\t\t\t\t\t<div>\n\t\t\t\t\t\t\t<!-- <p class=\"big-p\"><div class=\"image-description\">Ab<\/div><\/p>p_6885 -->\n\t\t\t\t\t\t\t<p class=\"big-p\"><div class=\"image-description\">Da<\/div><span class=\"currency\">CHF<\/span> <span class=\"price\" data-price=\"11800\">118,00<\/span><\/p>\n\t\t\t\t\t\t<\/div>\n\t\t\t\t\t\t<div class=\"add-border show-on-hover\"><\/div>\n\t\t\t\t\t\t<div class=\"show-on-hover\">\n\t\t\t\t\t\t\t<p class=\"big-p\"><div class=\"image-description\">Ospiti<\/div>4<\/p>\n\t\t\t\t\t\t<\/div>\n\t\t\t\t\t\t<div class=\"add-border show-on-hover\"><\/div>\n\t\t\t\t\t\t<div class=\"show-on-hover\">\n\t\t\t\t\t\t\t<p class=\"big-p\"><div class=\"image-description\">Camere da letto<\/div>1<\/p>\n\t\t\t\t\t\t<\/div>\n\t\t\t\t\t<\/div>\n\t\t\t\t<\/a>\n\t\t\t<\/div>\n\t\t<\/div>\n\t<\/div><\/div><div class=\"swiper-slide\"><div class=\"swiperlisting\">\t\t\t\t<div id=\"slider\" class=\"flexslider\">\n\t\t\t<ul class=\"slides\">\n\t\t\t\t\t\t\t\t\t<li>\n\t\t\t\t\t\t<a href=\"https:\/\/viva-ferien.ch\/it\/unterkuenfte\/aruons-2\/\">\n\t\t\t\t\t\t\t<img decoding=\"async\" src=\"https:\/\/viva-ferien.ch\/wp-content\/uploads\/2022\/11\/mf3623164-1024x576.jpg\" alt=\"Aruons-0\" \/>\n\t\t\t\t\t\t<\/a>\n\t\t\t\t\t<\/li>\n\t\t\t\t\t\t\t\t\t<li>\n\t\t\t\t\t\t<a href=\"https:\/\/viva-ferien.ch\/it\/unterkuenfte\/aruons-2\/\">\n\t\t\t\t\t\t\t<img decoding=\"async\" src=\"https:\/\/viva-ferien.ch\/wp-content\/uploads\/2022\/11\/mf3623154-1024x576.jpg\" alt=\"Aruons-1\" \/>\n\t\t\t\t\t\t<\/a>\n\t\t\t\t\t<\/li>\n\t\t\t\t\t\t\t\t\t<li>\n\t\t\t\t\t\t<a href=\"https:\/\/viva-ferien.ch\/it\/unterkuenfte\/aruons-2\/\">\n\t\t\t\t\t\t\t<img decoding=\"async\" src=\"https:\/\/viva-ferien.ch\/wp-content\/uploads\/2022\/11\/mf3623155-1024x576.jpg\" alt=\"Aruons-2\" \/>\n\t\t\t\t\t\t<\/a>\n\t\t\t\t\t<\/li>\n\t\t\t\t\t\t\t\t\t<li>\n\t\t\t\t\t\t<a href=\"https:\/\/viva-ferien.ch\/it\/unterkuenfte\/aruons-2\/\">\n\t\t\t\t\t\t\t<img decoding=\"async\" src=\"https:\/\/viva-ferien.ch\/wp-content\/uploads\/2022\/11\/mf3623156-1024x576.jpg\" alt=\"Aruons-3\" \/>\n\t\t\t\t\t\t<\/a>\n\t\t\t\t\t<\/li>\n\t\t\t\t\t\t\t\t\t<li>\n\t\t\t\t\t\t<a href=\"https:\/\/viva-ferien.ch\/it\/unterkuenfte\/aruons-2\/\">\n\t\t\t\t\t\t\t<img decoding=\"async\" src=\"https:\/\/viva-ferien.ch\/wp-content\/uploads\/2022\/11\/mf3623157-1024x576.jpg\" alt=\"Aruons-4\" \/>\n\t\t\t\t\t\t<\/a>\n\t\t\t\t\t<\/li>\n\t\t\t\t\t\t\t<\/ul>\n\t\t<\/div>\n\t\t<div class=\"info-wrapper\">\n\t\t\t<div>\n\t\t\t\t<a href=\"https:\/\/viva-ferien.ch\/it\/unterkuenfte\/aruons-2\/\">\n\t\t\t\t\t<div class=\"description-wrapper\">\n\t\t\t\t\t\t<p class=\"image-description uppercase\"><strong>St. Moritz<\/strong><\/p>\t\t\t\n\t\t\t\t\t\t<div class=\"wrap-classification\">\t\n\t\t\t\t\t\t\t\t\t\t\t\t\t\t<h3>Aruons<\/h3>\n\t\t\t\t\t\t\t<div class=\"classification\"><img decoding=\"async\" src=\"\/wp-content\/themes\/vivaferien\/assets\/images\/VIVA_Icon_Klassifizierung_Voll.png\" alt=\"Star\"><img decoding=\"async\" src=\"\/wp-content\/themes\/vivaferien\/assets\/images\/VIVA_Icon_Klassifizierung_Voll.png\" alt=\"Star\"><img decoding=\"async\" src=\"\/wp-content\/themes\/vivaferien\/assets\/images\/VIVA_Icon_Klassifizierung_Voll.png\" alt=\"Star\"><img decoding=\"async\" src=\"\/wp-content\/themes\/vivaferien\/assets\/images\/VIVA_Icon_Klassifizierung_Voll.png\" alt=\"Star\"><\/div>\t\t\t\t\t\t<\/div>\n\t\t\t\t\t<\/div>\n\t\t\t\t\t<hr>\n\t\t\t\t\t<\/hr>\n\t\t\t\t\t<div class=\"properties-wrapper\">\n\t\t\t\t\t\t<div>\n\t\t\t\t\t\t\t<!-- <p class=\"big-p\"><div class=\"image-description\">Ab<\/div><\/p>p_6885 -->\n\t\t\t\t\t\t\t<p class=\"big-p\"><div class=\"image-description\">Da<\/div><span class=\"currency\">CHF<\/span> <span class=\"price\" data-price=\"20500\">205,00<\/span><\/p>\n\t\t\t\t\t\t<\/div>\n\t\t\t\t\t\t<div class=\"add-border show-on-hover\"><\/div>\n\t\t\t\t\t\t<div class=\"show-on-hover\">\n\t\t\t\t\t\t\t<p class=\"big-p\"><div class=\"image-description\">Ospiti<\/div>6<\/p>\n\t\t\t\t\t\t<\/div>\n\t\t\t\t\t\t<div class=\"add-border show-on-hover\"><\/div>\n\t\t\t\t\t\t<div class=\"show-on-hover\">\n\t\t\t\t\t\t\t<p class=\"big-p\"><div class=\"image-description\">Camere da letto<\/div>3<\/p>\n\t\t\t\t\t\t<\/div>\n\t\t\t\t\t<\/div>\n\t\t\t\t<\/a>\n\t\t\t<\/div>\n\t\t<\/div>\n\t<\/div><\/div><div class=\"swiper-slide\"><div class=\"swiperlisting\">\t\t\t\t<div id=\"slider\" class=\"flexslider\">\n\t\t\t<ul class=\"slides\">\n\t\t\t\t\t\t\t\t\t<li>\n\t\t\t\t\t\t<a href=\"https:\/\/viva-ferien.ch\/it\/unterkuenfte\/chesa-brattas-29-2\/\">\n\t\t\t\t\t\t\t<img decoding=\"async\" src=\"https:\/\/viva-ferien.ch\/wp-content\/uploads\/2022\/11\/mf1596979-1024x640.jpg\" alt=\"Chesa Brattas 29-0\" \/>\n\t\t\t\t\t\t<\/a>\n\t\t\t\t\t<\/li>\n\t\t\t\t\t\t\t\t\t<li>\n\t\t\t\t\t\t<a href=\"https:\/\/viva-ferien.ch\/it\/unterkuenfte\/chesa-brattas-29-2\/\">\n\t\t\t\t\t\t\t<img decoding=\"async\" src=\"https:\/\/viva-ferien.ch\/wp-content\/uploads\/2022\/11\/mf1596978-1024x640.jpg\" alt=\"Chesa Brattas 29-1\" \/>\n\t\t\t\t\t\t<\/a>\n\t\t\t\t\t<\/li>\n\t\t\t\t\t\t\t\t\t<li>\n\t\t\t\t\t\t<a href=\"https:\/\/viva-ferien.ch\/it\/unterkuenfte\/chesa-brattas-29-2\/\">\n\t\t\t\t\t\t\t<img decoding=\"async\" src=\"https:\/\/viva-ferien.ch\/wp-content\/uploads\/2022\/11\/mf1596982-1024x640.jpg\" alt=\"Chesa Brattas 29-2\" \/>\n\t\t\t\t\t\t<\/a>\n\t\t\t\t\t<\/li>\n\t\t\t\t\t\t\t\t\t<li>\n\t\t\t\t\t\t<a href=\"https:\/\/viva-ferien.ch\/it\/unterkuenfte\/chesa-brattas-29-2\/\">\n\t\t\t\t\t\t\t<img decoding=\"async\" src=\"https:\/\/viva-ferien.ch\/wp-content\/uploads\/2022\/11\/mf1596981-1024x640.jpg\" alt=\"Chesa Brattas 29-3\" \/>\n\t\t\t\t\t\t<\/a>\n\t\t\t\t\t<\/li>\n\t\t\t\t\t\t\t\t\t<li>\n\t\t\t\t\t\t<a href=\"https:\/\/viva-ferien.ch\/it\/unterkuenfte\/chesa-brattas-29-2\/\">\n\t\t\t\t\t\t\t<img decoding=\"async\" src=\"https:\/\/viva-ferien.ch\/wp-content\/uploads\/2022\/11\/mf1596983-1024x640.jpg\" alt=\"Chesa Brattas 29-4\" \/>\n\t\t\t\t\t\t<\/a>\n\t\t\t\t\t<\/li>\n\t\t\t\t\t\t\t<\/ul>\n\t\t<\/div>\n\t\t<div class=\"info-wrapper\">\n\t\t\t<div>\n\t\t\t\t<a href=\"https:\/\/viva-ferien.ch\/it\/unterkuenfte\/chesa-brattas-29-2\/\">\n\t\t\t\t\t<div class=\"description-wrapper\">\n\t\t\t\t\t\t<p class=\"image-description uppercase\"><strong>St. Moritz<\/strong><\/p>\t\t\t\n\t\t\t\t\t\t<div class=\"wrap-classification\">\t\n\t\t\t\t\t\t\t\t\t\t\t\t\t\t<img decoding=\"async\" src=\"\/wp-content\/themes\/vivaferien\/assets\/images\/VIVA_Select.svg\" alt=\"Viva-Select-Icon\" class=\"vivaselect-wrapper\">\n\t\t\t\t\t\t\t\t\t\t\t\t\t\t<h3>Chesa Brattas 29<\/h3>\n\t\t\t\t\t\t\t<div class=\"classification\"><img decoding=\"async\" src=\"\/wp-content\/themes\/vivaferien\/assets\/images\/VIVA_Icon_Klassifizierung_Voll.png\" alt=\"Star\"><img decoding=\"async\" src=\"\/wp-content\/themes\/vivaferien\/assets\/images\/VIVA_Icon_Klassifizierung_Voll.png\" alt=\"Star\"><img decoding=\"async\" src=\"\/wp-content\/themes\/vivaferien\/assets\/images\/VIVA_Icon_Klassifizierung_Voll.png\" alt=\"Star\"><img decoding=\"async\" src=\"\/wp-content\/themes\/vivaferien\/assets\/images\/VIVA_Icon_Klassifizierung_Voll.png\" alt=\"Star\"><img decoding=\"async\" src=\"\/wp-content\/themes\/vivaferien\/assets\/images\/VIVA_Icon_Klassifizierung_Voll.png\" alt=\"Star\"><\/div>\t\t\t\t\t\t<\/div>\n\t\t\t\t\t<\/div>\n\t\t\t\t\t<hr>\n\t\t\t\t\t<\/hr>\n\t\t\t\t\t<div class=\"properties-wrapper\">\n\t\t\t\t\t\t<div>\n\t\t\t\t\t\t\t<!-- <p class=\"big-p\"><div class=\"image-description\">Ab<\/div><\/p>p_6885 -->\n\t\t\t\t\t\t\t<p class=\"big-p\"><div class=\"image-description\">Da<\/div><span class=\"currency\">CHF<\/span> <span class=\"price\" data-price=\"47400\">474,00<\/span><\/p>\n\t\t\t\t\t\t<\/div>\n\t\t\t\t\t\t<div class=\"add-border show-on-hover\"><\/div>\n\t\t\t\t\t\t<div class=\"show-on-hover\">\n\t\t\t\t\t\t\t<p class=\"big-p\"><div class=\"image-description\">Ospiti<\/div>6<\/p>\n\t\t\t\t\t\t<\/div>\n\t\t\t\t\t\t<div class=\"add-border show-on-hover\"><\/div>\n\t\t\t\t\t\t<div class=\"show-on-hover\">\n\t\t\t\t\t\t\t<p class=\"big-p\"><div class=\"image-description\">Camere da letto<\/div>3<\/p>\n\t\t\t\t\t\t<\/div>\n\t\t\t\t\t<\/div>\n\t\t\t\t<\/a>\n\t\t\t<\/div>\n\t\t<\/div>\n\t<\/div><\/div><div class=\"swiper-slide\"><div class=\"swiperlisting\">\t\t\t\t<div id=\"slider\" class=\"flexslider\">\n\t\t\t<ul class=\"slides\">\n\t\t\t\t\t\t\t\t\t<li>\n\t\t\t\t\t\t<a href=\"https:\/\/viva-ferien.ch\/it\/unterkuenfte\/surlej-34-2\/\">\n\t\t\t\t\t\t\t<img decoding=\"async\" src=\"https:\/\/viva-ferien.ch\/wp-content\/uploads\/2023\/07\/mf12841214-1024x576.jpg\" alt=\"Surlej 34-0\" \/>\n\t\t\t\t\t\t<\/a>\n\t\t\t\t\t<\/li>\n\t\t\t\t\t\t\t\t\t<li>\n\t\t\t\t\t\t<a href=\"https:\/\/viva-ferien.ch\/it\/unterkuenfte\/surlej-34-2\/\">\n\t\t\t\t\t\t\t<img decoding=\"async\" src=\"https:\/\/viva-ferien.ch\/wp-content\/uploads\/2023\/07\/mf12841217-1024x576.jpg\" alt=\"Surlej 34-1\" \/>\n\t\t\t\t\t\t<\/a>\n\t\t\t\t\t<\/li>\n\t\t\t\t\t\t\t\t\t<li>\n\t\t\t\t\t\t<a href=\"https:\/\/viva-ferien.ch\/it\/unterkuenfte\/surlej-34-2\/\">\n\t\t\t\t\t\t\t<img decoding=\"async\" src=\"https:\/\/viva-ferien.ch\/wp-content\/uploads\/2023\/07\/mf12841206-1024x576.jpg\" alt=\"Surlej 34-2\" \/>\n\t\t\t\t\t\t<\/a>\n\t\t\t\t\t<\/li>\n\t\t\t\t\t\t\t\t\t<li>\n\t\t\t\t\t\t<a href=\"https:\/\/viva-ferien.ch\/it\/unterkuenfte\/surlej-34-2\/\">\n\t\t\t\t\t\t\t<img decoding=\"async\" src=\"https:\/\/viva-ferien.ch\/wp-content\/uploads\/2023\/07\/mf12841207-1024x576.jpg\" alt=\"Surlej 34-3\" \/>\n\t\t\t\t\t\t<\/a>\n\t\t\t\t\t<\/li>\n\t\t\t\t\t\t\t\t\t<li>\n\t\t\t\t\t\t<a href=\"https:\/\/viva-ferien.ch\/it\/unterkuenfte\/surlej-34-2\/\">\n\t\t\t\t\t\t\t<img decoding=\"async\" src=\"https:\/\/viva-ferien.ch\/wp-content\/uploads\/2023\/07\/mf12841205-1024x576.jpg\" alt=\"Surlej 34-4\" \/>\n\t\t\t\t\t\t<\/a>\n\t\t\t\t\t<\/li>\n\t\t\t\t\t\t\t<\/ul>\n\t\t<\/div>\n\t\t<div class=\"info-wrapper\">\n\t\t\t<div>\n\t\t\t\t<a href=\"https:\/\/viva-ferien.ch\/it\/unterkuenfte\/surlej-34-2\/\">\n\t\t\t\t\t<div class=\"description-wrapper\">\n\t\t\t\t\t\t<p class=\"image-description uppercase\"><strong>St. Moritz<\/strong><\/p>\t\t\t\n\t\t\t\t\t\t<div class=\"wrap-classification\">\t\n\t\t\t\t\t\t\t\t\t\t\t\t\t\t<h3>Surlej 34<\/h3>\n\t\t\t\t\t\t\t<div class=\"classification\"><img decoding=\"async\" src=\"\/wp-content\/themes\/vivaferien\/assets\/images\/VIVA_Icon_Klassifizierung_Voll.png\" alt=\"Star\"><img decoding=\"async\" src=\"\/wp-content\/themes\/vivaferien\/assets\/images\/VIVA_Icon_Klassifizierung_Voll.png\" alt=\"Star\"><img decoding=\"async\" src=\"\/wp-content\/themes\/vivaferien\/assets\/images\/VIVA_Icon_Klassifizierung_Voll.png\" alt=\"Star\"><img decoding=\"async\" src=\"\/wp-content\/themes\/vivaferien\/assets\/images\/VIVA_Icon_Klassifizierung_Voll.png\" alt=\"Star\"><\/div>\t\t\t\t\t\t<\/div>\n\t\t\t\t\t<\/div>\n\t\t\t\t\t<hr>\n\t\t\t\t\t<\/hr>\n\t\t\t\t\t<div class=\"properties-wrapper\">\n\t\t\t\t\t\t<div>\n\t\t\t\t\t\t\t<!-- <p class=\"big-p\"><div class=\"image-description\">Ab<\/div><\/p>p_6885 -->\n\t\t\t\t\t\t\t<p class=\"big-p\"><div class=\"image-description\">Da<\/div><span class=\"currency\">CHF<\/span> <span class=\"price\" data-price=\"20500\">205,00<\/span><\/p>\n\t\t\t\t\t\t<\/div>\n\t\t\t\t\t\t<div class=\"add-border show-on-hover\"><\/div>\n\t\t\t\t\t\t<div class=\"show-on-hover\">\n\t\t\t\t\t\t\t<p class=\"big-p\"><div class=\"image-description\">Ospiti<\/div>6<\/p>\n\t\t\t\t\t\t<\/div>\n\t\t\t\t\t\t<div class=\"add-border show-on-hover\"><\/div>\n\t\t\t\t\t\t<div class=\"show-on-hover\">\n\t\t\t\t\t\t\t<p class=\"big-p\"><div class=\"image-description\">Camere da letto<\/div>3<\/p>\n\t\t\t\t\t\t<\/div>\n\t\t\t\t\t<\/div>\n\t\t\t\t<\/a>\n\t\t\t<\/div>\n\t\t<\/div>\n\t<\/div><\/div><div class=\"swiper-slide\"><div class=\"swiperlisting\">\t\t\t\t<div id=\"slider\" class=\"flexslider\">\n\t\t\t<ul class=\"slides\">\n\t\t\t\t\t\t\t\t\t<li>\n\t\t\t\t\t\t<a href=\"https:\/\/viva-ferien.ch\/it\/unterkuenfte\/chalavus-2\/\">\n\t\t\t\t\t\t\t<img decoding=\"async\" src=\"https:\/\/viva-ferien.ch\/wp-content\/uploads\/2022\/11\/mf5293224-1024x576.jpg\" alt=\"Chalavus-0\" \/>\n\t\t\t\t\t\t<\/a>\n\t\t\t\t\t<\/li>\n\t\t\t\t\t\t\t\t\t<li>\n\t\t\t\t\t\t<a href=\"https:\/\/viva-ferien.ch\/it\/unterkuenfte\/chalavus-2\/\">\n\t\t\t\t\t\t\t<img decoding=\"async\" src=\"https:\/\/viva-ferien.ch\/wp-content\/uploads\/2022\/11\/mf5293223-1024x576.jpg\" alt=\"Chalavus-1\" \/>\n\t\t\t\t\t\t<\/a>\n\t\t\t\t\t<\/li>\n\t\t\t\t\t\t\t\t\t<li>\n\t\t\t\t\t\t<a href=\"https:\/\/viva-ferien.ch\/it\/unterkuenfte\/chalavus-2\/\">\n\t\t\t\t\t\t\t<img decoding=\"async\" src=\"https:\/\/viva-ferien.ch\/wp-content\/uploads\/2022\/11\/mf1563310-1024x640.jpg\" alt=\"Chalavus-2\" \/>\n\t\t\t\t\t\t<\/a>\n\t\t\t\t\t<\/li>\n\t\t\t\t\t\t\t\t\t<li>\n\t\t\t\t\t\t<a href=\"https:\/\/viva-ferien.ch\/it\/unterkuenfte\/chalavus-2\/\">\n\t\t\t\t\t\t\t<img decoding=\"async\" src=\"https:\/\/viva-ferien.ch\/wp-content\/uploads\/2022\/11\/mf5293222-1024x576.jpg\" alt=\"Chalavus-3\" \/>\n\t\t\t\t\t\t<\/a>\n\t\t\t\t\t<\/li>\n\t\t\t\t\t\t\t\t\t<li>\n\t\t\t\t\t\t<a href=\"https:\/\/viva-ferien.ch\/it\/unterkuenfte\/chalavus-2\/\">\n\t\t\t\t\t\t\t<img decoding=\"async\" src=\"https:\/\/viva-ferien.ch\/wp-content\/uploads\/2022\/11\/mf1563316-1024x640.jpg\" alt=\"Chalavus-4\" \/>\n\t\t\t\t\t\t<\/a>\n\t\t\t\t\t<\/li>\n\t\t\t\t\t\t\t<\/ul>\n\t\t<\/div>\n\t\t<div class=\"info-wrapper\">\n\t\t\t<div>\n\t\t\t\t<a href=\"https:\/\/viva-ferien.ch\/it\/unterkuenfte\/chalavus-2\/\">\n\t\t\t\t\t<div class=\"description-wrapper\">\n\t\t\t\t\t\t<p class=\"image-description uppercase\"><strong>St. Moritz<\/strong><\/p>\t\t\t\n\t\t\t\t\t\t<div class=\"wrap-classification\">\t\n\t\t\t\t\t\t\t\t\t\t\t\t\t\t<h3>Chalavus<\/h3>\n\t\t\t\t\t\t\t<div class=\"classification\"><img decoding=\"async\" src=\"\/wp-content\/themes\/vivaferien\/assets\/images\/VIVA_Icon_Klassifizierung_Voll.png\" alt=\"Star\"><img decoding=\"async\" src=\"\/wp-content\/themes\/vivaferien\/assets\/images\/VIVA_Icon_Klassifizierung_Voll.png\" alt=\"Star\"><img decoding=\"async\" src=\"\/wp-content\/themes\/vivaferien\/assets\/images\/VIVA_Icon_Klassifizierung_Voll.png\" alt=\"Star\"><img decoding=\"async\" src=\"\/wp-content\/themes\/vivaferien\/assets\/images\/VIVA_Icon_Klassifizierung_Voll.png\" alt=\"Star\"><\/div>\t\t\t\t\t\t<\/div>\n\t\t\t\t\t<\/div>\n\t\t\t\t\t<hr>\n\t\t\t\t\t<\/hr>\n\t\t\t\t\t<div class=\"properties-wrapper\">\n\t\t\t\t\t\t<div>\n\t\t\t\t\t\t\t<!-- <p class=\"big-p\"><div class=\"image-description\">Ab<\/div><\/p>p_6885 -->\n\t\t\t\t\t\t\t<p class=\"big-p\"><div class=\"image-description\">Da<\/div><span class=\"currency\">CHF<\/span> <span class=\"price\" data-price=\"19300\">193,00<\/span><\/p>\n\t\t\t\t\t\t<\/div>\n\t\t\t\t\t\t<div class=\"add-border show-on-hover\"><\/div>\n\t\t\t\t\t\t<div class=\"show-on-hover\">\n\t\t\t\t\t\t\t<p class=\"big-p\"><div class=\"image-description\">Ospiti<\/div>4<\/p>\n\t\t\t\t\t\t<\/div>\n\t\t\t\t\t\t<div class=\"add-border show-on-hover\"><\/div>\n\t\t\t\t\t\t<div class=\"show-on-hover\">\n\t\t\t\t\t\t\t<p class=\"big-p\"><div class=\"image-description\">Camere da letto<\/div>2<\/p>\n\t\t\t\t\t\t<\/div>\n\t\t\t\t\t<\/div>\n\t\t\t\t<\/a>\n\t\t\t<\/div>\n\t\t<\/div>\n\t<\/div><\/div><div class=\"swiper-slide\"><div class=\"swiperlisting\">\t\t\t\t<div id=\"slider\" class=\"flexslider\">\n\t\t\t<ul class=\"slides\">\n\t\t\t\t\t\t\t\t\t<li>\n\t\t\t\t\t\t<a href=\"https:\/\/viva-ferien.ch\/it\/unterkuenfte\/balcun-tort-9-2\/\">\n\t\t\t\t\t\t\t<img decoding=\"async\" src=\"https:\/\/viva-ferien.ch\/wp-content\/uploads\/2022\/11\/mf2446951-1024x640.jpg\" alt=\"Balcun Tort 9-0\" \/>\n\t\t\t\t\t\t<\/a>\n\t\t\t\t\t<\/li>\n\t\t\t\t\t\t\t\t\t<li>\n\t\t\t\t\t\t<a href=\"https:\/\/viva-ferien.ch\/it\/unterkuenfte\/balcun-tort-9-2\/\">\n\t\t\t\t\t\t\t<img decoding=\"async\" src=\"https:\/\/viva-ferien.ch\/wp-content\/uploads\/2022\/11\/mf2446948-1024x640.jpg\" alt=\"Balcun Tort 9-1\" \/>\n\t\t\t\t\t\t<\/a>\n\t\t\t\t\t<\/li>\n\t\t\t\t\t\t\t\t\t<li>\n\t\t\t\t\t\t<a href=\"https:\/\/viva-ferien.ch\/it\/unterkuenfte\/balcun-tort-9-2\/\">\n\t\t\t\t\t\t\t<img decoding=\"async\" src=\"https:\/\/viva-ferien.ch\/wp-content\/uploads\/2022\/11\/mf2446949-1024x640.jpg\" alt=\"Balcun Tort 9-2\" \/>\n\t\t\t\t\t\t<\/a>\n\t\t\t\t\t<\/li>\n\t\t\t\t\t\t\t\t\t<li>\n\t\t\t\t\t\t<a href=\"https:\/\/viva-ferien.ch\/it\/unterkuenfte\/balcun-tort-9-2\/\">\n\t\t\t\t\t\t\t<img decoding=\"async\" src=\"https:\/\/viva-ferien.ch\/wp-content\/uploads\/2022\/11\/mf2446954-1024x640.jpg\" alt=\"Balcun Tort 9-3\" \/>\n\t\t\t\t\t\t<\/a>\n\t\t\t\t\t<\/li>\n\t\t\t\t\t\t\t\t\t<li>\n\t\t\t\t\t\t<a href=\"https:\/\/viva-ferien.ch\/it\/unterkuenfte\/balcun-tort-9-2\/\">\n\t\t\t\t\t\t\t<img decoding=\"async\" src=\"https:\/\/viva-ferien.ch\/wp-content\/uploads\/2022\/11\/mf2446952-1024x640.jpg\" alt=\"Balcun Tort 9-4\" \/>\n\t\t\t\t\t\t<\/a>\n\t\t\t\t\t<\/li>\n\t\t\t\t\t\t\t<\/ul>\n\t\t<\/div>\n\t\t<div class=\"info-wrapper\">\n\t\t\t<div>\n\t\t\t\t<a href=\"https:\/\/viva-ferien.ch\/it\/unterkuenfte\/balcun-tort-9-2\/\">\n\t\t\t\t\t<div class=\"description-wrapper\">\n\t\t\t\t\t\t<p class=\"image-description uppercase\"><strong>St. Moritz<\/strong><\/p>\t\t\t\n\t\t\t\t\t\t<div class=\"wrap-classification\">\t\n\t\t\t\t\t\t\t\t\t\t\t\t\t\t<h3>Balcun Tort 9<\/h3>\n\t\t\t\t\t\t\t<div class=\"classification\"><img decoding=\"async\" src=\"\/wp-content\/themes\/vivaferien\/assets\/images\/VIVA_Icon_Klassifizierung_Voll.png\" alt=\"Star\"><img decoding=\"async\" src=\"\/wp-content\/themes\/vivaferien\/assets\/images\/VIVA_Icon_Klassifizierung_Voll.png\" alt=\"Star\"><img decoding=\"async\" src=\"\/wp-content\/themes\/vivaferien\/assets\/images\/VIVA_Icon_Klassifizierung_Voll.png\" alt=\"Star\"><\/div>\t\t\t\t\t\t<\/div>\n\t\t\t\t\t<\/div>\n\t\t\t\t\t<hr>\n\t\t\t\t\t<\/hr>\n\t\t\t\t\t<div class=\"properties-wrapper\">\n\t\t\t\t\t\t<div>\n\t\t\t\t\t\t\t<!-- <p class=\"big-p\"><div class=\"image-description\">Ab<\/div><\/p>p_6885 -->\n\t\t\t\t\t\t\t<p class=\"big-p\"><div class=\"image-description\">Da<\/div><span class=\"currency\">CHF<\/span> <span class=\"price\" data-price=\"10800\">108,00<\/span><\/p>\n\t\t\t\t\t\t<\/div>\n\t\t\t\t\t\t<div class=\"add-border show-on-hover\"><\/div>\n\t\t\t\t\t\t<div class=\"show-on-hover\">\n\t\t\t\t\t\t\t<p class=\"big-p\"><div class=\"image-description\">Ospiti<\/div>2<\/p>\n\t\t\t\t\t\t<\/div>\n\t\t\t\t\t\t<div class=\"add-border show-on-hover\"><\/div>\n\t\t\t\t\t\t<div class=\"show-on-hover\">\n\t\t\t\t\t\t\t<p class=\"big-p\"><div class=\"image-description\">Camere da letto<\/div>1<\/p>\n\t\t\t\t\t\t<\/div>\n\t\t\t\t\t<\/div>\n\t\t\t\t<\/a>\n\t\t\t<\/div>\n\t\t<\/div>\n\t<\/div><\/div><div class=\"swiper-slide\"><div class=\"swiperlisting\">\t\t\t\t<div id=\"slider\" class=\"flexslider\">\n\t\t\t<ul class=\"slides\">\n\t\t\t\t\t\t\t\t\t<li>\n\t\t\t\t\t\t<a href=\"https:\/\/viva-ferien.ch\/it\/unterkuenfte\/au-reduit-403-2\/\">\n\t\t\t\t\t\t\t<img decoding=\"async\" src=\"https:\/\/viva-ferien.ch\/wp-content\/uploads\/2025\/01\/mf20020820-1024x576.jpg\" alt=\"Au Reduit 403-0\" \/>\n\t\t\t\t\t\t<\/a>\n\t\t\t\t\t<\/li>\n\t\t\t\t\t\t\t\t\t<li>\n\t\t\t\t\t\t<a href=\"https:\/\/viva-ferien.ch\/it\/unterkuenfte\/au-reduit-403-2\/\">\n\t\t\t\t\t\t\t<img decoding=\"async\" src=\"https:\/\/viva-ferien.ch\/wp-content\/uploads\/2025\/01\/mf20020813-1024x576.jpg\" alt=\"Au Reduit 403-1\" \/>\n\t\t\t\t\t\t<\/a>\n\t\t\t\t\t<\/li>\n\t\t\t\t\t\t\t\t\t<li>\n\t\t\t\t\t\t<a href=\"https:\/\/viva-ferien.ch\/it\/unterkuenfte\/au-reduit-403-2\/\">\n\t\t\t\t\t\t\t<img decoding=\"async\" src=\"https:\/\/viva-ferien.ch\/wp-content\/uploads\/2025\/01\/mf20020814-1024x576.jpg\" alt=\"Au Reduit 403-2\" \/>\n\t\t\t\t\t\t<\/a>\n\t\t\t\t\t<\/li>\n\t\t\t\t\t\t\t\t\t<li>\n\t\t\t\t\t\t<a href=\"https:\/\/viva-ferien.ch\/it\/unterkuenfte\/au-reduit-403-2\/\">\n\t\t\t\t\t\t\t<img decoding=\"async\" src=\"https:\/\/viva-ferien.ch\/wp-content\/uploads\/2025\/01\/mf20020818-1024x576.jpg\" alt=\"Au Reduit 403-3\" \/>\n\t\t\t\t\t\t<\/a>\n\t\t\t\t\t<\/li>\n\t\t\t\t\t\t\t\t\t<li>\n\t\t\t\t\t\t<a href=\"https:\/\/viva-ferien.ch\/it\/unterkuenfte\/au-reduit-403-2\/\">\n\t\t\t\t\t\t\t<img decoding=\"async\" src=\"https:\/\/viva-ferien.ch\/wp-content\/uploads\/2025\/01\/mf20020811-1024x576.jpg\" alt=\"Au Reduit 403-4\" \/>\n\t\t\t\t\t\t<\/a>\n\t\t\t\t\t<\/li>\n\t\t\t\t\t\t\t<\/ul>\n\t\t<\/div>\n\t\t<div class=\"info-wrapper\">\n\t\t\t<div>\n\t\t\t\t<a href=\"https:\/\/viva-ferien.ch\/it\/unterkuenfte\/au-reduit-403-2\/\">\n\t\t\t\t\t<div class=\"description-wrapper\">\n\t\t\t\t\t\t<p class=\"image-description uppercase\"><strong>St. Moritz<\/strong><\/p>\t\t\t\n\t\t\t\t\t\t<div class=\"wrap-classification\">\t\n\t\t\t\t\t\t\t\t\t\t\t\t\t\t<h3>Au Reduit 403<\/h3>\n\t\t\t\t\t\t\t<div class=\"classification\"><img decoding=\"async\" src=\"\/wp-content\/themes\/vivaferien\/assets\/images\/VIVA_Icon_Klassifizierung_Voll.png\" alt=\"Star\"><img decoding=\"async\" src=\"\/wp-content\/themes\/vivaferien\/assets\/images\/VIVA_Icon_Klassifizierung_Voll.png\" alt=\"Star\"><img decoding=\"async\" src=\"\/wp-content\/themes\/vivaferien\/assets\/images\/VIVA_Icon_Klassifizierung_Voll.png\" alt=\"Star\"><img decoding=\"async\" src=\"\/wp-content\/themes\/vivaferien\/assets\/images\/VIVA_Icon_Klassifizierung_Voll.png\" alt=\"Star\"><\/div>\t\t\t\t\t\t<\/div>\n\t\t\t\t\t<\/div>\n\t\t\t\t\t<hr>\n\t\t\t\t\t<\/hr>\n\t\t\t\t\t<div class=\"properties-wrapper\">\n\t\t\t\t\t\t<div>\n\t\t\t\t\t\t\t<!-- <p class=\"big-p\"><div class=\"image-description\">Ab<\/div><\/p>p_6885 -->\n\t\t\t\t\t\t\t<p class=\"big-p\"><div class=\"image-description\">Da<\/div><span class=\"currency\">CHF<\/span> <span class=\"price\" data-price=\"9700\">97,00<\/span><\/p>\n\t\t\t\t\t\t<\/div>\n\t\t\t\t\t\t<div class=\"add-border show-on-hover\"><\/div>\n\t\t\t\t\t\t<div class=\"show-on-hover\">\n\t\t\t\t\t\t\t<p class=\"big-p\"><div class=\"image-description\">Ospiti<\/div>3<\/p>\n\t\t\t\t\t\t<\/div>\n\t\t\t\t\t\t<div class=\"add-border show-on-hover\"><\/div>\n\t\t\t\t\t\t<div class=\"show-on-hover\">\n\t\t\t\t\t\t\t<p class=\"big-p\"><div class=\"image-description\">Camere da letto<\/div>0<\/p>\n\t\t\t\t\t\t<\/div>\n\t\t\t\t\t<\/div>\n\t\t\t\t<\/a>\n\t\t\t<\/div>\n\t\t<\/div>\n\t<\/div><\/div><div class=\"swiper-slide\"><div class=\"swiperlisting\">\t\t\t\t<div id=\"slider\" class=\"flexslider\">\n\t\t\t<ul class=\"slides\">\n\t\t\t\t\t\t\t\t\t<li>\n\t\t\t\t\t\t<a href=\"https:\/\/viva-ferien.ch\/it\/unterkuenfte\/chesa-maria-a8-2\/\">\n\t\t\t\t\t\t\t<img decoding=\"async\" src=\"https:\/\/viva-ferien.ch\/wp-content\/uploads\/2023\/11\/mf14155545-1024x576.jpg\" alt=\"Maria A8-0\" \/>\n\t\t\t\t\t\t<\/a>\n\t\t\t\t\t<\/li>\n\t\t\t\t\t\t\t\t\t<li>\n\t\t\t\t\t\t<a href=\"https:\/\/viva-ferien.ch\/it\/unterkuenfte\/chesa-maria-a8-2\/\">\n\t\t\t\t\t\t\t<img decoding=\"async\" src=\"https:\/\/viva-ferien.ch\/wp-content\/uploads\/2023\/11\/mf14155542-1024x576.jpg\" alt=\"Maria A8-1\" \/>\n\t\t\t\t\t\t<\/a>\n\t\t\t\t\t<\/li>\n\t\t\t\t\t\t\t\t\t<li>\n\t\t\t\t\t\t<a href=\"https:\/\/viva-ferien.ch\/it\/unterkuenfte\/chesa-maria-a8-2\/\">\n\t\t\t\t\t\t\t<img decoding=\"async\" src=\"https:\/\/viva-ferien.ch\/wp-content\/uploads\/2023\/11\/mf14155554-1024x576.jpg\" alt=\"Maria A8-2\" \/>\n\t\t\t\t\t\t<\/a>\n\t\t\t\t\t<\/li>\n\t\t\t\t\t\t\t\t\t<li>\n\t\t\t\t\t\t<a href=\"https:\/\/viva-ferien.ch\/it\/unterkuenfte\/chesa-maria-a8-2\/\">\n\t\t\t\t\t\t\t<img decoding=\"async\" src=\"https:\/\/viva-ferien.ch\/wp-content\/uploads\/2023\/11\/mf14155555-1024x576.jpg\" alt=\"Maria A8-3\" \/>\n\t\t\t\t\t\t<\/a>\n\t\t\t\t\t<\/li>\n\t\t\t\t\t\t\t\t\t<li>\n\t\t\t\t\t\t<a href=\"https:\/\/viva-ferien.ch\/it\/unterkuenfte\/chesa-maria-a8-2\/\">\n\t\t\t\t\t\t\t<img decoding=\"async\" src=\"https:\/\/viva-ferien.ch\/wp-content\/uploads\/2023\/11\/mf14155543-1024x576.jpg\" alt=\"Maria A8-4\" \/>\n\t\t\t\t\t\t<\/a>\n\t\t\t\t\t<\/li>\n\t\t\t\t\t\t\t<\/ul>\n\t\t<\/div>\n\t\t<div class=\"info-wrapper\">\n\t\t\t<div>\n\t\t\t\t<a href=\"https:\/\/viva-ferien.ch\/it\/unterkuenfte\/chesa-maria-a8-2\/\">\n\t\t\t\t\t<div class=\"description-wrapper\">\n\t\t\t\t\t\t<p class=\"image-description uppercase\"><strong>St. Moritz<\/strong><\/p>\t\t\t\n\t\t\t\t\t\t<div class=\"wrap-classification\">\t\n\t\t\t\t\t\t\t\t\t\t\t\t\t\t<h3>Maria A8<\/h3>\n\t\t\t\t\t\t\t<div class=\"classification\"><img decoding=\"async\" src=\"\/wp-content\/themes\/vivaferien\/assets\/images\/VIVA_Icon_Klassifizierung_Voll.png\" alt=\"Star\"><img decoding=\"async\" src=\"\/wp-content\/themes\/vivaferien\/assets\/images\/VIVA_Icon_Klassifizierung_Voll.png\" alt=\"Star\"><img decoding=\"async\" src=\"\/wp-content\/themes\/vivaferien\/assets\/images\/VIVA_Icon_Klassifizierung_Voll.png\" alt=\"Star\"><\/div>\t\t\t\t\t\t<\/div>\n\t\t\t\t\t<\/div>\n\t\t\t\t\t<hr>\n\t\t\t\t\t<\/hr>\n\t\t\t\t\t<div class=\"properties-wrapper\">\n\t\t\t\t\t\t<div>\n\t\t\t\t\t\t\t<!-- <p class=\"big-p\"><div class=\"image-description\">Ab<\/div><\/p>p_6885 -->\n\t\t\t\t\t\t\t<p class=\"big-p\"><div class=\"image-description\">Da<\/div><span class=\"currency\">CHF<\/span> <span class=\"price\" data-price=\"10800\">108,00<\/span><\/p>\n\t\t\t\t\t\t<\/div>\n\t\t\t\t\t\t<div class=\"add-border show-on-hover\"><\/div>\n\t\t\t\t\t\t<div class=\"show-on-hover\">\n\t\t\t\t\t\t\t<p class=\"big-p\"><div class=\"image-description\">Ospiti<\/div>4<\/p>\n\t\t\t\t\t\t<\/div>\n\t\t\t\t\t\t<div class=\"add-border show-on-hover\"><\/div>\n\t\t\t\t\t\t<div class=\"show-on-hover\">\n\t\t\t\t\t\t\t<p class=\"big-p\"><div class=\"image-description\">Camere da letto<\/div>1<\/p>\n\t\t\t\t\t\t<\/div>\n\t\t\t\t\t<\/div>\n\t\t\t\t<\/a>\n\t\t\t<\/div>\n\t\t<\/div>\n\t<\/div><\/div><div class=\"swiper-slide\"><div class=\"swiperlisting\">\t\t\t\t<div id=\"slider\" class=\"flexslider\">\n\t\t\t<ul class=\"slides\">\n\t\t\t\t\t\t\t\t\t<li>\n\t\t\t\t\t\t<a href=\"https:\/\/viva-ferien.ch\/it\/unterkuenfte\/suot-brattas-21-2\/\">\n\t\t\t\t\t\t\t<img decoding=\"async\" src=\"https:\/\/viva-ferien.ch\/wp-content\/uploads\/2022\/11\/mf2185073-1024x640.jpg\" alt=\"Suot Brattas 21-0\" \/>\n\t\t\t\t\t\t<\/a>\n\t\t\t\t\t<\/li>\n\t\t\t\t\t\t\t\t\t<li>\n\t\t\t\t\t\t<a href=\"https:\/\/viva-ferien.ch\/it\/unterkuenfte\/suot-brattas-21-2\/\">\n\t\t\t\t\t\t\t<img decoding=\"async\" src=\"https:\/\/viva-ferien.ch\/wp-content\/uploads\/2022\/11\/mf2185067-1024x640.jpg\" alt=\"Suot Brattas 21-1\" \/>\n\t\t\t\t\t\t<\/a>\n\t\t\t\t\t<\/li>\n\t\t\t\t\t\t\t\t\t<li>\n\t\t\t\t\t\t<a href=\"https:\/\/viva-ferien.ch\/it\/unterkuenfte\/suot-brattas-21-2\/\">\n\t\t\t\t\t\t\t<img decoding=\"async\" src=\"https:\/\/viva-ferien.ch\/wp-content\/uploads\/2022\/11\/mf2185075-1024x640.jpg\" alt=\"Suot Brattas 21-2\" \/>\n\t\t\t\t\t\t<\/a>\n\t\t\t\t\t<\/li>\n\t\t\t\t\t\t\t\t\t<li>\n\t\t\t\t\t\t<a href=\"https:\/\/viva-ferien.ch\/it\/unterkuenfte\/suot-brattas-21-2\/\">\n\t\t\t\t\t\t\t<img decoding=\"async\" src=\"https:\/\/viva-ferien.ch\/wp-content\/uploads\/2022\/11\/mf1600131-1024x640.jpg\" alt=\"Suot Brattas 21-3\" \/>\n\t\t\t\t\t\t<\/a>\n\t\t\t\t\t<\/li>\n\t\t\t\t\t\t\t\t\t<li>\n\t\t\t\t\t\t<a href=\"https:\/\/viva-ferien.ch\/it\/unterkuenfte\/suot-brattas-21-2\/\">\n\t\t\t\t\t\t\t<img decoding=\"async\" src=\"https:\/\/viva-ferien.ch\/wp-content\/uploads\/2022\/11\/mf2185074-1024x640.jpg\" alt=\"Suot Brattas 21-4\" \/>\n\t\t\t\t\t\t<\/a>\n\t\t\t\t\t<\/li>\n\t\t\t\t\t\t\t<\/ul>\n\t\t<\/div>\n\t\t<div class=\"info-wrapper\">\n\t\t\t<div>\n\t\t\t\t<a href=\"https:\/\/viva-ferien.ch\/it\/unterkuenfte\/suot-brattas-21-2\/\">\n\t\t\t\t\t<div class=\"description-wrapper\">\n\t\t\t\t\t\t<p class=\"image-description uppercase\"><strong>St. Moritz<\/strong><\/p>\t\t\t\n\t\t\t\t\t\t<div class=\"wrap-classification\">\t\n\t\t\t\t\t\t\t\t\t\t\t\t\t\t<h3>Suot Brattas 21<\/h3>\n\t\t\t\t\t\t\t<div class=\"classification\"><img decoding=\"async\" src=\"\/wp-content\/themes\/vivaferien\/assets\/images\/VIVA_Icon_Klassifizierung_Voll.png\" alt=\"Star\"><img decoding=\"async\" src=\"\/wp-content\/themes\/vivaferien\/assets\/images\/VIVA_Icon_Klassifizierung_Voll.png\" alt=\"Star\"><img decoding=\"async\" src=\"\/wp-content\/themes\/vivaferien\/assets\/images\/VIVA_Icon_Klassifizierung_Voll.png\" alt=\"Star\"><\/div>\t\t\t\t\t\t<\/div>\n\t\t\t\t\t<\/div>\n\t\t\t\t\t<hr>\n\t\t\t\t\t<\/hr>\n\t\t\t\t\t<div class=\"properties-wrapper\">\n\t\t\t\t\t\t<div>\n\t\t\t\t\t\t\t<!-- <p class=\"big-p\"><div class=\"image-description\">Ab<\/div><\/p>p_6885 -->\n\t\t\t\t\t\t\t<p class=\"big-p\"><div class=\"image-description\">Da<\/div><span class=\"currency\">CHF<\/span> <span class=\"price\" data-price=\"8600\">86,00<\/span><\/p>\n\t\t\t\t\t\t<\/div>\n\t\t\t\t\t\t<div class=\"add-border show-on-hover\"><\/div>\n\t\t\t\t\t\t<div class=\"show-on-hover\">\n\t\t\t\t\t\t\t<p class=\"big-p\"><div class=\"image-description\">Ospiti<\/div>2<\/p>\n\t\t\t\t\t\t<\/div>\n\t\t\t\t\t\t<div class=\"add-border show-on-hover\"><\/div>\n\t\t\t\t\t\t<div class=\"show-on-hover\">\n\t\t\t\t\t\t\t<p class=\"big-p\"><div class=\"image-description\">Camere da letto<\/div>1<\/p>\n\t\t\t\t\t\t<\/div>\n\t\t\t\t\t<\/div>\n\t\t\t\t<\/a>\n\t\t\t<\/div>\n\t\t<\/div>\n\t<\/div><\/div><div class=\"swiper-slide\"><div class=\"swiperlisting\">\t\t\t\t<div id=\"slider\" class=\"flexslider\">\n\t\t\t<ul class=\"slides\">\n\t\t\t\t\t\t\t\t\t<li>\n\t\t\t\t\t\t<a href=\"https:\/\/viva-ferien.ch\/it\/unterkuenfte\/paulette-14-2\/\">\n\t\t\t\t\t\t\t<img decoding=\"async\" src=\"https:\/\/viva-ferien.ch\/wp-content\/uploads\/2022\/11\/mf5435814-1024x576.jpg\" alt=\"Paulette 14-0\" \/>\n\t\t\t\t\t\t<\/a>\n\t\t\t\t\t<\/li>\n\t\t\t\t\t\t\t\t\t<li>\n\t\t\t\t\t\t<a href=\"https:\/\/viva-ferien.ch\/it\/unterkuenfte\/paulette-14-2\/\">\n\t\t\t\t\t\t\t<img decoding=\"async\" src=\"https:\/\/viva-ferien.ch\/wp-content\/uploads\/2022\/11\/mf5435813-1024x576.jpg\" alt=\"Paulette 14-1\" \/>\n\t\t\t\t\t\t<\/a>\n\t\t\t\t\t<\/li>\n\t\t\t\t\t\t\t\t\t<li>\n\t\t\t\t\t\t<a href=\"https:\/\/viva-ferien.ch\/it\/unterkuenfte\/paulette-14-2\/\">\n\t\t\t\t\t\t\t<img decoding=\"async\" src=\"https:\/\/viva-ferien.ch\/wp-content\/uploads\/2022\/11\/mf5435816-1024x576.jpg\" alt=\"Paulette 14-2\" \/>\n\t\t\t\t\t\t<\/a>\n\t\t\t\t\t<\/li>\n\t\t\t\t\t\t\t\t\t<li>\n\t\t\t\t\t\t<a href=\"https:\/\/viva-ferien.ch\/it\/unterkuenfte\/paulette-14-2\/\">\n\t\t\t\t\t\t\t<img decoding=\"async\" src=\"https:\/\/viva-ferien.ch\/wp-content\/uploads\/2022\/11\/mf5435815-1024x576.jpg\" alt=\"Paulette 14-3\" \/>\n\t\t\t\t\t\t<\/a>\n\t\t\t\t\t<\/li>\n\t\t\t\t\t\t\t\t\t<li>\n\t\t\t\t\t\t<a href=\"https:\/\/viva-ferien.ch\/it\/unterkuenfte\/paulette-14-2\/\">\n\t\t\t\t\t\t\t<img decoding=\"async\" src=\"https:\/\/viva-ferien.ch\/wp-content\/uploads\/2022\/11\/mf5435819-1024x576.jpg\" alt=\"Paulette 14-4\" \/>\n\t\t\t\t\t\t<\/a>\n\t\t\t\t\t<\/li>\n\t\t\t\t\t\t\t<\/ul>\n\t\t<\/div>\n\t\t<div class=\"info-wrapper\">\n\t\t\t<div>\n\t\t\t\t<a href=\"https:\/\/viva-ferien.ch\/it\/unterkuenfte\/paulette-14-2\/\">\n\t\t\t\t\t<div class=\"description-wrapper\">\n\t\t\t\t\t\t<p class=\"image-description uppercase\"><strong>St. Moritz<\/strong><\/p>\t\t\t\n\t\t\t\t\t\t<div class=\"wrap-classification\">\t\n\t\t\t\t\t\t\t\t\t\t\t\t\t\t<h3>Paulette 14<\/h3>\n\t\t\t\t\t\t\t<div class=\"classification\"><img decoding=\"async\" src=\"\/wp-content\/themes\/vivaferien\/assets\/images\/VIVA_Icon_Klassifizierung_Voll.png\" alt=\"Star\"><img decoding=\"async\" src=\"\/wp-content\/themes\/vivaferien\/assets\/images\/VIVA_Icon_Klassifizierung_Voll.png\" alt=\"Star\"><img decoding=\"async\" src=\"\/wp-content\/themes\/vivaferien\/assets\/images\/VIVA_Icon_Klassifizierung_Voll.png\" alt=\"Star\"><\/div>\t\t\t\t\t\t<\/div>\n\t\t\t\t\t<\/div>\n\t\t\t\t\t<hr>\n\t\t\t\t\t<\/hr>\n\t\t\t\t\t<div class=\"properties-wrapper\">\n\t\t\t\t\t\t<div>\n\t\t\t\t\t\t\t<!-- <p class=\"big-p\"><div class=\"image-description\">Ab<\/div><\/p>p_6885 -->\n\t\t\t\t\t\t\t<p class=\"big-p\"><div class=\"image-description\">Da<\/div><span class=\"currency\">CHF<\/span> <span class=\"price\" data-price=\"18300\">183,00<\/span><\/p>\n\t\t\t\t\t\t<\/div>\n\t\t\t\t\t\t<div class=\"add-border show-on-hover\"><\/div>\n\t\t\t\t\t\t<div class=\"show-on-hover\">\n\t\t\t\t\t\t\t<p class=\"big-p\"><div class=\"image-description\">Ospiti<\/div>6<\/p>\n\t\t\t\t\t\t<\/div>\n\t\t\t\t\t\t<div class=\"add-border show-on-hover\"><\/div>\n\t\t\t\t\t\t<div class=\"show-on-hover\">\n\t\t\t\t\t\t\t<p class=\"big-p\"><div class=\"image-description\">Camere da letto<\/div>3<\/p>\n\t\t\t\t\t\t<\/div>\n\t\t\t\t\t<\/div>\n\t\t\t\t<\/a>\n\t\t\t<\/div>\n\t\t<\/div>\n\t<\/div><\/div><div class=\"swiper-slide\"><div class=\"swiperlisting\">\t\t\t\t<div id=\"slider\" class=\"flexslider\">\n\t\t\t<ul class=\"slides\">\n\t\t\t\t\t\t\t\t\t<li>\n\t\t\t\t\t\t<a href=\"https:\/\/viva-ferien.ch\/it\/unterkuenfte\/allod-bad-102-2\/\">\n\t\t\t\t\t\t\t<img decoding=\"async\" src=\"https:\/\/viva-ferien.ch\/wp-content\/uploads\/2022\/11\/mf1199797-1024x640.jpg\" alt=\"Allod Bad 102-0\" \/>\n\t\t\t\t\t\t<\/a>\n\t\t\t\t\t<\/li>\n\t\t\t\t\t\t\t\t\t<li>\n\t\t\t\t\t\t<a href=\"https:\/\/viva-ferien.ch\/it\/unterkuenfte\/allod-bad-102-2\/\">\n\t\t\t\t\t\t\t<img decoding=\"async\" src=\"https:\/\/viva-ferien.ch\/wp-content\/uploads\/2022\/11\/mf1187332-1024x640.jpg\" alt=\"Allod Bad 102-1\" \/>\n\t\t\t\t\t\t<\/a>\n\t\t\t\t\t<\/li>\n\t\t\t\t\t\t\t\t\t<li>\n\t\t\t\t\t\t<a href=\"https:\/\/viva-ferien.ch\/it\/unterkuenfte\/allod-bad-102-2\/\">\n\t\t\t\t\t\t\t<img decoding=\"async\" src=\"https:\/\/viva-ferien.ch\/wp-content\/uploads\/2022\/11\/mf1187333-1024x640.jpg\" alt=\"Allod Bad 102-2\" \/>\n\t\t\t\t\t\t<\/a>\n\t\t\t\t\t<\/li>\n\t\t\t\t\t\t\t\t\t<li>\n\t\t\t\t\t\t<a href=\"https:\/\/viva-ferien.ch\/it\/unterkuenfte\/allod-bad-102-2\/\">\n\t\t\t\t\t\t\t<img decoding=\"async\" src=\"https:\/\/viva-ferien.ch\/wp-content\/uploads\/2022\/11\/mf1187331-1024x640.jpg\" alt=\"Allod Bad 102-3\" \/>\n\t\t\t\t\t\t<\/a>\n\t\t\t\t\t<\/li>\n\t\t\t\t\t\t\t\t\t<li>\n\t\t\t\t\t\t<a href=\"https:\/\/viva-ferien.ch\/it\/unterkuenfte\/allod-bad-102-2\/\">\n\t\t\t\t\t\t\t<img decoding=\"async\" src=\"https:\/\/viva-ferien.ch\/wp-content\/uploads\/2022\/11\/mf1187330-1024x640.jpg\" alt=\"Allod Bad 102-4\" \/>\n\t\t\t\t\t\t<\/a>\n\t\t\t\t\t<\/li>\n\t\t\t\t\t\t\t<\/ul>\n\t\t<\/div>\n\t\t<div class=\"info-wrapper\">\n\t\t\t<div>\n\t\t\t\t<a href=\"https:\/\/viva-ferien.ch\/it\/unterkuenfte\/allod-bad-102-2\/\">\n\t\t\t\t\t<div class=\"description-wrapper\">\n\t\t\t\t\t\t<p class=\"image-description uppercase\"><strong>St. Moritz<\/strong><\/p>\t\t\t\n\t\t\t\t\t\t<div class=\"wrap-classification\">\t\n\t\t\t\t\t\t\t\t\t\t\t\t\t\t<h3>Allod Bad 102<\/h3>\n\t\t\t\t\t\t\t<div class=\"classification\"><img decoding=\"async\" src=\"\/wp-content\/themes\/vivaferien\/assets\/images\/VIVA_Icon_Klassifizierung_Voll.png\" alt=\"Star\"><img decoding=\"async\" src=\"\/wp-content\/themes\/vivaferien\/assets\/images\/VIVA_Icon_Klassifizierung_Voll.png\" alt=\"Star\"><img decoding=\"async\" src=\"\/wp-content\/themes\/vivaferien\/assets\/images\/VIVA_Icon_Klassifizierung_Halb.png\" alt=\"half-full Star\"><\/div>\t\t\t\t\t\t<\/div>\n\t\t\t\t\t<\/div>\n\t\t\t\t\t<hr>\n\t\t\t\t\t<\/hr>\n\t\t\t\t\t<div class=\"properties-wrapper\">\n\t\t\t\t\t\t<div>\n\t\t\t\t\t\t\t<!-- <p class=\"big-p\"><div class=\"image-description\">Ab<\/div><\/p>p_6885 -->\n\t\t\t\t\t\t\t<p class=\"big-p\"><div class=\"image-description\">Da<\/div><span class=\"currency\">CHF<\/span> <span class=\"price\" data-price=\"7500\">75,00<\/span><\/p>\n\t\t\t\t\t\t<\/div>\n\t\t\t\t\t\t<div class=\"add-border show-on-hover\"><\/div>\n\t\t\t\t\t\t<div class=\"show-on-hover\">\n\t\t\t\t\t\t\t<p class=\"big-p\"><div class=\"image-description\">Ospiti<\/div>2<\/p>\n\t\t\t\t\t\t<\/div>\n\t\t\t\t\t\t<div class=\"add-border show-on-hover\"><\/div>\n\t\t\t\t\t\t<div class=\"show-on-hover\">\n\t\t\t\t\t\t\t<p class=\"big-p\"><div class=\"image-description\">Camere da letto<\/div>1<\/p>\n\t\t\t\t\t\t<\/div>\n\t\t\t\t\t<\/div>\n\t\t\t\t<\/a>\n\t\t\t<\/div>\n\t\t<\/div>\n\t<\/div><\/div><div class=\"swiper-slide\"><div class=\"swiperlisting\">\t\t\t\t<div id=\"slider\" class=\"flexslider\">\n\t\t\t<ul class=\"slides\">\n\t\t\t\t\t\t\t\t\t<li>\n\t\t\t\t\t\t<a href=\"https:\/\/viva-ferien.ch\/it\/unterkuenfte\/residenz-am-see-a202-2\/\">\n\t\t\t\t\t\t\t<img decoding=\"async\" src=\"https:\/\/viva-ferien.ch\/wp-content\/uploads\/2024\/10\/mf18541595-1024x576.jpg\" alt=\"Residenz am See A202-0\" \/>\n\t\t\t\t\t\t<\/a>\n\t\t\t\t\t<\/li>\n\t\t\t\t\t\t\t\t\t<li>\n\t\t\t\t\t\t<a href=\"https:\/\/viva-ferien.ch\/it\/unterkuenfte\/residenz-am-see-a202-2\/\">\n\t\t\t\t\t\t\t<img decoding=\"async\" src=\"https:\/\/viva-ferien.ch\/wp-content\/uploads\/2024\/10\/mf18541597-1024x576.jpg\" alt=\"Residenz am See A202-1\" \/>\n\t\t\t\t\t\t<\/a>\n\t\t\t\t\t<\/li>\n\t\t\t\t\t\t\t\t\t<li>\n\t\t\t\t\t\t<a href=\"https:\/\/viva-ferien.ch\/it\/unterkuenfte\/residenz-am-see-a202-2\/\">\n\t\t\t\t\t\t\t<img decoding=\"async\" src=\"https:\/\/viva-ferien.ch\/wp-content\/uploads\/2024\/10\/mf18541598-1024x576.jpg\" alt=\"Residenz am See A202-2\" \/>\n\t\t\t\t\t\t<\/a>\n\t\t\t\t\t<\/li>\n\t\t\t\t\t\t\t\t\t<li>\n\t\t\t\t\t\t<a href=\"https:\/\/viva-ferien.ch\/it\/unterkuenfte\/residenz-am-see-a202-2\/\">\n\t\t\t\t\t\t\t<img decoding=\"async\" src=\"https:\/\/viva-ferien.ch\/wp-content\/uploads\/2024\/10\/mf18541601-1024x576.jpg\" alt=\"Residenz am See A202-3\" \/>\n\t\t\t\t\t\t<\/a>\n\t\t\t\t\t<\/li>\n\t\t\t\t\t\t\t\t\t<li>\n\t\t\t\t\t\t<a href=\"https:\/\/viva-ferien.ch\/it\/unterkuenfte\/residenz-am-see-a202-2\/\">\n\t\t\t\t\t\t\t<img decoding=\"async\" src=\"https:\/\/viva-ferien.ch\/wp-content\/uploads\/2024\/10\/mf18541602-1024x576.jpg\" alt=\"Residenz am See A202-4\" \/>\n\t\t\t\t\t\t<\/a>\n\t\t\t\t\t<\/li>\n\t\t\t\t\t\t\t<\/ul>\n\t\t<\/div>\n\t\t<div class=\"info-wrapper\">\n\t\t\t<div>\n\t\t\t\t<a href=\"https:\/\/viva-ferien.ch\/it\/unterkuenfte\/residenz-am-see-a202-2\/\">\n\t\t\t\t\t<div class=\"description-wrapper\">\n\t\t\t\t\t\t<p class=\"image-description uppercase\"><strong>St. Moritz<\/strong><\/p>\t\t\t\n\t\t\t\t\t\t<div class=\"wrap-classification\">\t\n\t\t\t\t\t\t\t\t\t\t\t\t\t\t<h3>Residenz am See A202<\/h3>\n\t\t\t\t\t\t\t<div class=\"classification\"><img decoding=\"async\" src=\"\/wp-content\/themes\/vivaferien\/assets\/images\/VIVA_Icon_Klassifizierung_Voll.png\" alt=\"Star\"><img decoding=\"async\" src=\"\/wp-content\/themes\/vivaferien\/assets\/images\/VIVA_Icon_Klassifizierung_Voll.png\" alt=\"Star\"><img decoding=\"async\" src=\"\/wp-content\/themes\/vivaferien\/assets\/images\/VIVA_Icon_Klassifizierung_Halb.png\" alt=\"half-full Star\"><\/div>\t\t\t\t\t\t<\/div>\n\t\t\t\t\t<\/div>\n\t\t\t\t\t<hr>\n\t\t\t\t\t<\/hr>\n\t\t\t\t\t<div class=\"properties-wrapper\">\n\t\t\t\t\t\t<div>\n\t\t\t\t\t\t\t<!-- <p class=\"big-p\"><div class=\"image-description\">Ab<\/div><\/p>p_6885 -->\n\t\t\t\t\t\t\t<p class=\"big-p\"><div class=\"image-description\">Da<\/div><span class=\"currency\">CHF<\/span> <span class=\"price\" data-price=\"9200\">92,00<\/span><\/p>\n\t\t\t\t\t\t<\/div>\n\t\t\t\t\t\t<div class=\"add-border show-on-hover\"><\/div>\n\t\t\t\t\t\t<div class=\"show-on-hover\">\n\t\t\t\t\t\t\t<p class=\"big-p\"><div class=\"image-description\">Ospiti<\/div>2<\/p>\n\t\t\t\t\t\t<\/div>\n\t\t\t\t\t\t<div class=\"add-border show-on-hover\"><\/div>\n\t\t\t\t\t\t<div class=\"show-on-hover\">\n\t\t\t\t\t\t\t<p class=\"big-p\"><div class=\"image-description\">Camere da letto<\/div>1<\/p>\n\t\t\t\t\t\t<\/div>\n\t\t\t\t\t<\/div>\n\t\t\t\t<\/a>\n\t\t\t<\/div>\n\t\t<\/div>\n\t<\/div><\/div><div class=\"swiper-slide\"><div class=\"swiperlisting\">\t\t\t\t<div id=\"slider\" class=\"flexslider\">\n\t\t\t<ul class=\"slides\">\n\t\t\t\t\t\t\t\t\t<li>\n\t\t\t\t\t\t<a href=\"https:\/\/viva-ferien.ch\/it\/unterkuenfte\/maurus-a4-2\/\">\n\t\t\t\t\t\t\t<img decoding=\"async\" src=\"https:\/\/viva-ferien.ch\/wp-content\/uploads\/2022\/11\/mf1960659-1024x640.jpg\" alt=\"Maurus A4-0\" \/>\n\t\t\t\t\t\t<\/a>\n\t\t\t\t\t<\/li>\n\t\t\t\t\t\t\t\t\t<li>\n\t\t\t\t\t\t<a href=\"https:\/\/viva-ferien.ch\/it\/unterkuenfte\/maurus-a4-2\/\">\n\t\t\t\t\t\t\t<img decoding=\"async\" src=\"https:\/\/viva-ferien.ch\/wp-content\/uploads\/2022\/11\/mf1960664-1024x640.jpg\" alt=\"Maurus A4-1\" \/>\n\t\t\t\t\t\t<\/a>\n\t\t\t\t\t<\/li>\n\t\t\t\t\t\t\t\t\t<li>\n\t\t\t\t\t\t<a href=\"https:\/\/viva-ferien.ch\/it\/unterkuenfte\/maurus-a4-2\/\">\n\t\t\t\t\t\t\t<img decoding=\"async\" src=\"https:\/\/viva-ferien.ch\/wp-content\/uploads\/2022\/11\/mf1960663-1024x640.jpg\" alt=\"Maurus A4-2\" \/>\n\t\t\t\t\t\t<\/a>\n\t\t\t\t\t<\/li>\n\t\t\t\t\t\t\t\t\t<li>\n\t\t\t\t\t\t<a href=\"https:\/\/viva-ferien.ch\/it\/unterkuenfte\/maurus-a4-2\/\">\n\t\t\t\t\t\t\t<img decoding=\"async\" src=\"https:\/\/viva-ferien.ch\/wp-content\/uploads\/2022\/11\/mf1960657-1024x640.jpg\" alt=\"Maurus A4-3\" \/>\n\t\t\t\t\t\t<\/a>\n\t\t\t\t\t<\/li>\n\t\t\t\t\t\t\t\t\t<li>\n\t\t\t\t\t\t<a href=\"https:\/\/viva-ferien.ch\/it\/unterkuenfte\/maurus-a4-2\/\">\n\t\t\t\t\t\t\t<img decoding=\"async\" src=\"https:\/\/viva-ferien.ch\/wp-content\/uploads\/2022\/11\/mf1960660-1024x640.jpg\" alt=\"Maurus A4-4\" \/>\n\t\t\t\t\t\t<\/a>\n\t\t\t\t\t<\/li>\n\t\t\t\t\t\t\t<\/ul>\n\t\t<\/div>\n\t\t<div class=\"info-wrapper\">\n\t\t\t<div>\n\t\t\t\t<a href=\"https:\/\/viva-ferien.ch\/it\/unterkuenfte\/maurus-a4-2\/\">\n\t\t\t\t\t<div class=\"description-wrapper\">\n\t\t\t\t\t\t<p class=\"image-description uppercase\"><strong>St. Moritz<\/strong><\/p>\t\t\t\n\t\t\t\t\t\t<div class=\"wrap-classification\">\t\n\t\t\t\t\t\t\t\t\t\t\t\t\t\t<h3>Maurus A4<\/h3>\n\t\t\t\t\t\t\t<div class=\"classification\"><img decoding=\"async\" src=\"\/wp-content\/themes\/vivaferien\/assets\/images\/VIVA_Icon_Klassifizierung_Voll.png\" alt=\"Star\"><img decoding=\"async\" src=\"\/wp-content\/themes\/vivaferien\/assets\/images\/VIVA_Icon_Klassifizierung_Voll.png\" alt=\"Star\"><img decoding=\"async\" src=\"\/wp-content\/themes\/vivaferien\/assets\/images\/VIVA_Icon_Klassifizierung_Voll.png\" alt=\"Star\"><\/div>\t\t\t\t\t\t<\/div>\n\t\t\t\t\t<\/div>\n\t\t\t\t\t<hr>\n\t\t\t\t\t<\/hr>\n\t\t\t\t\t<div class=\"properties-wrapper\">\n\t\t\t\t\t\t<div>\n\t\t\t\t\t\t\t<!-- <p class=\"big-p\"><div class=\"image-description\">Ab<\/div><\/p>p_6885 -->\n\t\t\t\t\t\t\t<p class=\"big-p\"><div class=\"image-description\">Da<\/div><span class=\"currency\">CHF<\/span> <span class=\"price\" data-price=\"9700\">97,00<\/span><\/p>\n\t\t\t\t\t\t<\/div>\n\t\t\t\t\t\t<div class=\"add-border show-on-hover\"><\/div>\n\t\t\t\t\t\t<div class=\"show-on-hover\">\n\t\t\t\t\t\t\t<p class=\"big-p\"><div class=\"image-description\">Ospiti<\/div>3<\/p>\n\t\t\t\t\t\t<\/div>\n\t\t\t\t\t\t<div class=\"add-border show-on-hover\"><\/div>\n\t\t\t\t\t\t<div class=\"show-on-hover\">\n\t\t\t\t\t\t\t<p class=\"big-p\"><div class=\"image-description\">Camere da letto<\/div>1<\/p>\n\t\t\t\t\t\t<\/div>\n\t\t\t\t\t<\/div>\n\t\t\t\t<\/a>\n\t\t\t<\/div>\n\t\t<\/div>\n\t<\/div><\/div><div class=\"swiper-slide\"><div class=\"swiperlisting\">\t\t\t\t<div id=\"slider\" class=\"flexslider\">\n\t\t\t<ul class=\"slides\">\n\t\t\t\t\t\t\t\t\t<li>\n\t\t\t\t\t\t<a href=\"https:\/\/viva-ferien.ch\/it\/unterkuenfte\/ruinatsch-44-2\/\">\n\t\t\t\t\t\t\t<img decoding=\"async\" src=\"https:\/\/viva-ferien.ch\/wp-content\/uploads\/2022\/11\/mf2105533-1024x640.jpg\" alt=\"Ruinatsch 44-0\" \/>\n\t\t\t\t\t\t<\/a>\n\t\t\t\t\t<\/li>\n\t\t\t\t\t\t\t\t\t<li>\n\t\t\t\t\t\t<a href=\"https:\/\/viva-ferien.ch\/it\/unterkuenfte\/ruinatsch-44-2\/\">\n\t\t\t\t\t\t\t<img decoding=\"async\" src=\"https:\/\/viva-ferien.ch\/wp-content\/uploads\/2022\/11\/mf2105532-1024x640.jpg\" alt=\"Ruinatsch 44-1\" \/>\n\t\t\t\t\t\t<\/a>\n\t\t\t\t\t<\/li>\n\t\t\t\t\t\t\t\t\t<li>\n\t\t\t\t\t\t<a href=\"https:\/\/viva-ferien.ch\/it\/unterkuenfte\/ruinatsch-44-2\/\">\n\t\t\t\t\t\t\t<img decoding=\"async\" src=\"https:\/\/viva-ferien.ch\/wp-content\/uploads\/2022\/11\/mf2105530-1024x640.jpg\" alt=\"Ruinatsch 44-2\" \/>\n\t\t\t\t\t\t<\/a>\n\t\t\t\t\t<\/li>\n\t\t\t\t\t\t\t\t\t<li>\n\t\t\t\t\t\t<a href=\"https:\/\/viva-ferien.ch\/it\/unterkuenfte\/ruinatsch-44-2\/\">\n\t\t\t\t\t\t\t<img decoding=\"async\" src=\"https:\/\/viva-ferien.ch\/wp-content\/uploads\/2022\/11\/mf2105531-1024x640.jpg\" alt=\"Ruinatsch 44-3\" \/>\n\t\t\t\t\t\t<\/a>\n\t\t\t\t\t<\/li>\n\t\t\t\t\t\t\t\t\t<li>\n\t\t\t\t\t\t<a href=\"https:\/\/viva-ferien.ch\/it\/unterkuenfte\/ruinatsch-44-2\/\">\n\t\t\t\t\t\t\t<img decoding=\"async\" src=\"https:\/\/viva-ferien.ch\/wp-content\/uploads\/2022\/11\/mf2105529-1024x640.jpg\" alt=\"Ruinatsch 44-4\" \/>\n\t\t\t\t\t\t<\/a>\n\t\t\t\t\t<\/li>\n\t\t\t\t\t\t\t<\/ul>\n\t\t<\/div>\n\t\t<div class=\"info-wrapper\">\n\t\t\t<div>\n\t\t\t\t<a href=\"https:\/\/viva-ferien.ch\/it\/unterkuenfte\/ruinatsch-44-2\/\">\n\t\t\t\t\t<div class=\"description-wrapper\">\n\t\t\t\t\t\t<p class=\"image-description uppercase\"><strong>St. Moritz<\/strong><\/p>\t\t\t\n\t\t\t\t\t\t<div class=\"wrap-classification\">\t\n\t\t\t\t\t\t\t\t\t\t\t\t\t\t<h3>Ruinatsch 44<\/h3>\n\t\t\t\t\t\t\t<div class=\"classification\"><img decoding=\"async\" src=\"\/wp-content\/themes\/vivaferien\/assets\/images\/VIVA_Icon_Klassifizierung_Voll.png\" alt=\"Star\"><img decoding=\"async\" src=\"\/wp-content\/themes\/vivaferien\/assets\/images\/VIVA_Icon_Klassifizierung_Voll.png\" alt=\"Star\"><img decoding=\"async\" src=\"\/wp-content\/themes\/vivaferien\/assets\/images\/VIVA_Icon_Klassifizierung_Voll.png\" alt=\"Star\"><img decoding=\"async\" src=\"\/wp-content\/themes\/vivaferien\/assets\/images\/VIVA_Icon_Klassifizierung_Halb.png\" alt=\"half-full Star\"><\/div>\t\t\t\t\t\t<\/div>\n\t\t\t\t\t<\/div>\n\t\t\t\t\t<hr>\n\t\t\t\t\t<\/hr>\n\t\t\t\t\t<div class=\"properties-wrapper\">\n\t\t\t\t\t\t<div>\n\t\t\t\t\t\t\t<!-- <p class=\"big-p\"><div class=\"image-description\">Ab<\/div><\/p>p_6885 -->\n\t\t\t\t\t\t\t<p class=\"big-p\"><div class=\"image-description\">Da<\/div><span class=\"currency\">CHF<\/span> <span class=\"price\" data-price=\"10800\">108,00<\/span><\/p>\n\t\t\t\t\t\t<\/div>\n\t\t\t\t\t\t<div class=\"add-border show-on-hover\"><\/div>\n\t\t\t\t\t\t<div class=\"show-on-hover\">\n\t\t\t\t\t\t\t<p class=\"big-p\"><div class=\"image-description\">Ospiti<\/div>4<\/p>\n\t\t\t\t\t\t<\/div>\n\t\t\t\t\t\t<div class=\"add-border show-on-hover\"><\/div>\n\t\t\t\t\t\t<div class=\"show-on-hover\">\n\t\t\t\t\t\t\t<p class=\"big-p\"><div class=\"image-description\">Camere da letto<\/div>1<\/p>\n\t\t\t\t\t\t<\/div>\n\t\t\t\t\t<\/div>\n\t\t\t\t<\/a>\n\t\t\t<\/div>\n\t\t<\/div>\n\t<\/div><\/div><div class=\"swiper-slide\"><div class=\"swiperlisting\">\t\t\t\t<div id=\"slider\" class=\"flexslider\">\n\t\t\t<ul class=\"slides\">\n\t\t\t\t\t\t\t\t\t<li>\n\t\t\t\t\t\t<a href=\"https:\/\/viva-ferien.ch\/it\/unterkuenfte\/balcun-tort-11-2\/\">\n\t\t\t\t\t\t\t<img decoding=\"async\" src=\"https:\/\/viva-ferien.ch\/wp-content\/uploads\/2022\/11\/mf2098883-1024x640.jpg\" alt=\"Balcun Tort 11-0\" \/>\n\t\t\t\t\t\t<\/a>\n\t\t\t\t\t<\/li>\n\t\t\t\t\t\t\t\t\t<li>\n\t\t\t\t\t\t<a href=\"https:\/\/viva-ferien.ch\/it\/unterkuenfte\/balcun-tort-11-2\/\">\n\t\t\t\t\t\t\t<img decoding=\"async\" src=\"https:\/\/viva-ferien.ch\/wp-content\/uploads\/2022\/11\/mf2098885-1024x640.jpg\" alt=\"Balcun Tort 11-1\" \/>\n\t\t\t\t\t\t<\/a>\n\t\t\t\t\t<\/li>\n\t\t\t\t\t\t\t\t\t<li>\n\t\t\t\t\t\t<a href=\"https:\/\/viva-ferien.ch\/it\/unterkuenfte\/balcun-tort-11-2\/\">\n\t\t\t\t\t\t\t<img decoding=\"async\" src=\"https:\/\/viva-ferien.ch\/wp-content\/uploads\/2022\/11\/mf2098882-1024x640.jpg\" alt=\"Balcun Tort 11-2\" \/>\n\t\t\t\t\t\t<\/a>\n\t\t\t\t\t<\/li>\n\t\t\t\t\t\t\t\t\t<li>\n\t\t\t\t\t\t<a href=\"https:\/\/viva-ferien.ch\/it\/unterkuenfte\/balcun-tort-11-2\/\">\n\t\t\t\t\t\t\t<img decoding=\"async\" src=\"https:\/\/viva-ferien.ch\/wp-content\/uploads\/2022\/11\/mf2098881-1024x640.jpg\" alt=\"Balcun Tort 11-3\" \/>\n\t\t\t\t\t\t<\/a>\n\t\t\t\t\t<\/li>\n\t\t\t\t\t\t\t\t\t<li>\n\t\t\t\t\t\t<a href=\"https:\/\/viva-ferien.ch\/it\/unterkuenfte\/balcun-tort-11-2\/\">\n\t\t\t\t\t\t\t<img decoding=\"async\" src=\"https:\/\/viva-ferien.ch\/wp-content\/uploads\/2025\/09\/mf24054361-1024x576.jpg\" alt=\"Balcun Tort 11-4\" \/>\n\t\t\t\t\t\t<\/a>\n\t\t\t\t\t<\/li>\n\t\t\t\t\t\t\t<\/ul>\n\t\t<\/div>\n\t\t<div class=\"info-wrapper\">\n\t\t\t<div>\n\t\t\t\t<a href=\"https:\/\/viva-ferien.ch\/it\/unterkuenfte\/balcun-tort-11-2\/\">\n\t\t\t\t\t<div class=\"description-wrapper\">\n\t\t\t\t\t\t<p class=\"image-description uppercase\"><strong>St. Moritz<\/strong><\/p>\t\t\t\n\t\t\t\t\t\t<div class=\"wrap-classification\">\t\n\t\t\t\t\t\t\t\t\t\t\t\t\t\t<h3>Balcun Tort 11<\/h3>\n\t\t\t\t\t\t\t<div class=\"classification\"><img decoding=\"async\" src=\"\/wp-content\/themes\/vivaferien\/assets\/images\/VIVA_Icon_Klassifizierung_Voll.png\" alt=\"Star\"><img decoding=\"async\" src=\"\/wp-content\/themes\/vivaferien\/assets\/images\/VIVA_Icon_Klassifizierung_Voll.png\" alt=\"Star\"><img decoding=\"async\" src=\"\/wp-content\/themes\/vivaferien\/assets\/images\/VIVA_Icon_Klassifizierung_Voll.png\" alt=\"Star\"><\/div>\t\t\t\t\t\t<\/div>\n\t\t\t\t\t<\/div>\n\t\t\t\t\t<hr>\n\t\t\t\t\t<\/hr>\n\t\t\t\t\t<div class=\"properties-wrapper\">\n\t\t\t\t\t\t<div>\n\t\t\t\t\t\t\t<!-- <p class=\"big-p\"><div class=\"image-description\">Ab<\/div><\/p>p_6885 -->\n\t\t\t\t\t\t\t<p class=\"big-p\"><div class=\"image-description\">Da<\/div><span class=\"currency\">CHF<\/span> <span class=\"price\" data-price=\"13600\">136,00<\/span><\/p>\n\t\t\t\t\t\t<\/div>\n\t\t\t\t\t\t<div class=\"add-border show-on-hover\"><\/div>\n\t\t\t\t\t\t<div class=\"show-on-hover\">\n\t\t\t\t\t\t\t<p class=\"big-p\"><div class=\"image-description\">Ospiti<\/div>5<\/p>\n\t\t\t\t\t\t<\/div>\n\t\t\t\t\t\t<div class=\"add-border show-on-hover\"><\/div>\n\t\t\t\t\t\t<div class=\"show-on-hover\">\n\t\t\t\t\t\t\t<p class=\"big-p\"><div class=\"image-description\">Camere da letto<\/div>2<\/p>\n\t\t\t\t\t\t<\/div>\n\t\t\t\t\t<\/div>\n\t\t\t\t<\/a>\n\t\t\t<\/div>\n\t\t<\/div>\n\t<\/div><\/div><div class=\"swiper-slide\"><div class=\"swiperlisting\">\t\t\t\t<div id=\"slider\" class=\"flexslider\">\n\t\t\t<ul class=\"slides\">\n\t\t\t\t\t\t\t\t\t<li>\n\t\t\t\t\t\t<a href=\"https:\/\/viva-ferien.ch\/it\/unterkuenfte\/residenz-am-see-b104-2\/\">\n\t\t\t\t\t\t\t<img decoding=\"async\" src=\"https:\/\/viva-ferien.ch\/wp-content\/uploads\/2024\/09\/mf18261276-1024x576.jpg\" alt=\"Residenz am See B104-0\" \/>\n\t\t\t\t\t\t<\/a>\n\t\t\t\t\t<\/li>\n\t\t\t\t\t\t\t\t\t<li>\n\t\t\t\t\t\t<a href=\"https:\/\/viva-ferien.ch\/it\/unterkuenfte\/residenz-am-see-b104-2\/\">\n\t\t\t\t\t\t\t<img decoding=\"async\" src=\"https:\/\/viva-ferien.ch\/wp-content\/uploads\/2024\/09\/mf18261261-1024x576.jpg\" alt=\"Residenz am See B104-1\" \/>\n\t\t\t\t\t\t<\/a>\n\t\t\t\t\t<\/li>\n\t\t\t\t\t\t\t\t\t<li>\n\t\t\t\t\t\t<a href=\"https:\/\/viva-ferien.ch\/it\/unterkuenfte\/residenz-am-see-b104-2\/\">\n\t\t\t\t\t\t\t<img decoding=\"async\" src=\"https:\/\/viva-ferien.ch\/wp-content\/uploads\/2024\/09\/mf18261262-1024x576.jpg\" alt=\"Residenz am See B104-2\" \/>\n\t\t\t\t\t\t<\/a>\n\t\t\t\t\t<\/li>\n\t\t\t\t\t\t\t\t\t<li>\n\t\t\t\t\t\t<a href=\"https:\/\/viva-ferien.ch\/it\/unterkuenfte\/residenz-am-see-b104-2\/\">\n\t\t\t\t\t\t\t<img decoding=\"async\" src=\"https:\/\/viva-ferien.ch\/wp-content\/uploads\/2024\/09\/mf18261264-1024x576.jpg\" alt=\"Residenz am See B104-3\" \/>\n\t\t\t\t\t\t<\/a>\n\t\t\t\t\t<\/li>\n\t\t\t\t\t\t\t\t\t<li>\n\t\t\t\t\t\t<a href=\"https:\/\/viva-ferien.ch\/it\/unterkuenfte\/residenz-am-see-b104-2\/\">\n\t\t\t\t\t\t\t<img decoding=\"async\" src=\"https:\/\/viva-ferien.ch\/wp-content\/uploads\/2024\/09\/mf18261263-1024x576.jpg\" alt=\"Residenz am See B104-4\" \/>\n\t\t\t\t\t\t<\/a>\n\t\t\t\t\t<\/li>\n\t\t\t\t\t\t\t<\/ul>\n\t\t<\/div>\n\t\t<div class=\"info-wrapper\">\n\t\t\t<div>\n\t\t\t\t<a href=\"https:\/\/viva-ferien.ch\/it\/unterkuenfte\/residenz-am-see-b104-2\/\">\n\t\t\t\t\t<div class=\"description-wrapper\">\n\t\t\t\t\t\t<p class=\"image-description uppercase\"><strong>St. Moritz<\/strong><\/p>\t\t\t\n\t\t\t\t\t\t<div class=\"wrap-classification\">\t\n\t\t\t\t\t\t\t\t\t\t\t\t\t\t<h3>Residenz am See B104<\/h3>\n\t\t\t\t\t\t\t<div class=\"classification\"><img decoding=\"async\" src=\"\/wp-content\/themes\/vivaferien\/assets\/images\/VIVA_Icon_Klassifizierung_Voll.png\" alt=\"Star\"><img decoding=\"async\" src=\"\/wp-content\/themes\/vivaferien\/assets\/images\/VIVA_Icon_Klassifizierung_Voll.png\" alt=\"Star\"><img decoding=\"async\" src=\"\/wp-content\/themes\/vivaferien\/assets\/images\/VIVA_Icon_Klassifizierung_Voll.png\" alt=\"Star\"><\/div>\t\t\t\t\t\t<\/div>\n\t\t\t\t\t<\/div>\n\t\t\t\t\t<hr>\n\t\t\t\t\t<\/hr>\n\t\t\t\t\t<div class=\"properties-wrapper\">\n\t\t\t\t\t\t<div>\n\t\t\t\t\t\t\t<!-- <p class=\"big-p\"><div class=\"image-description\">Ab<\/div><\/p>p_6885 -->\n\t\t\t\t\t\t\t<p class=\"big-p\"><div class=\"image-description\">Da<\/div><span class=\"currency\">CHF<\/span> <span class=\"price\" data-price=\"10600\">106,00<\/span><\/p>\n\t\t\t\t\t\t<\/div>\n\t\t\t\t\t\t<div class=\"add-border show-on-hover\"><\/div>\n\t\t\t\t\t\t<div class=\"show-on-hover\">\n\t\t\t\t\t\t\t<p class=\"big-p\"><div class=\"image-description\">Ospiti<\/div>4<\/p>\n\t\t\t\t\t\t<\/div>\n\t\t\t\t\t\t<div class=\"add-border show-on-hover\"><\/div>\n\t\t\t\t\t\t<div class=\"show-on-hover\">\n\t\t\t\t\t\t\t<p class=\"big-p\"><div class=\"image-description\">Camere da letto<\/div>2<\/p>\n\t\t\t\t\t\t<\/div>\n\t\t\t\t\t<\/div>\n\t\t\t\t<\/a>\n\t\t\t<\/div>\n\t\t<\/div>\n\t<\/div><\/div><div class=\"swiper-slide\"><div class=\"swiperlisting\">\t\t\t\t<div id=\"slider\" class=\"flexslider\">\n\t\t\t<ul class=\"slides\">\n\t\t\t\t\t\t\t\t\t<li>\n\t\t\t\t\t\t<a href=\"https:\/\/viva-ferien.ch\/it\/unterkuenfte\/casa-polo-2\/\">\n\t\t\t\t\t\t\t<img decoding=\"async\" src=\"https:\/\/viva-ferien.ch\/wp-content\/uploads\/2022\/11\/mf2105498-1024x640.jpg\" alt=\"Casa Polo-0\" \/>\n\t\t\t\t\t\t<\/a>\n\t\t\t\t\t<\/li>\n\t\t\t\t\t\t\t\t\t<li>\n\t\t\t\t\t\t<a href=\"https:\/\/viva-ferien.ch\/it\/unterkuenfte\/casa-polo-2\/\">\n\t\t\t\t\t\t\t<img decoding=\"async\" src=\"https:\/\/viva-ferien.ch\/wp-content\/uploads\/2022\/11\/mf2105492-1024x640.jpg\" alt=\"Casa Polo-1\" \/>\n\t\t\t\t\t\t<\/a>\n\t\t\t\t\t<\/li>\n\t\t\t\t\t\t\t\t\t<li>\n\t\t\t\t\t\t<a href=\"https:\/\/viva-ferien.ch\/it\/unterkuenfte\/casa-polo-2\/\">\n\t\t\t\t\t\t\t<img decoding=\"async\" src=\"https:\/\/viva-ferien.ch\/wp-content\/uploads\/2022\/11\/mf2105495-1024x640.jpg\" alt=\"Casa Polo-2\" \/>\n\t\t\t\t\t\t<\/a>\n\t\t\t\t\t<\/li>\n\t\t\t\t\t\t\t\t\t<li>\n\t\t\t\t\t\t<a href=\"https:\/\/viva-ferien.ch\/it\/unterkuenfte\/casa-polo-2\/\">\n\t\t\t\t\t\t\t<img decoding=\"async\" src=\"https:\/\/viva-ferien.ch\/wp-content\/uploads\/2022\/11\/mf2105503-1024x640.jpg\" alt=\"Casa Polo-3\" \/>\n\t\t\t\t\t\t<\/a>\n\t\t\t\t\t<\/li>\n\t\t\t\t\t\t\t\t\t<li>\n\t\t\t\t\t\t<a href=\"https:\/\/viva-ferien.ch\/it\/unterkuenfte\/casa-polo-2\/\">\n\t\t\t\t\t\t\t<img decoding=\"async\" src=\"https:\/\/viva-ferien.ch\/wp-content\/uploads\/2022\/11\/mf2105501-1024x640.jpg\" alt=\"Casa Polo-4\" \/>\n\t\t\t\t\t\t<\/a>\n\t\t\t\t\t<\/li>\n\t\t\t\t\t\t\t<\/ul>\n\t\t<\/div>\n\t\t<div class=\"info-wrapper\">\n\t\t\t<div>\n\t\t\t\t<a href=\"https:\/\/viva-ferien.ch\/it\/unterkuenfte\/casa-polo-2\/\">\n\t\t\t\t\t<div class=\"description-wrapper\">\n\t\t\t\t\t\t<p class=\"image-description uppercase\"><strong>St. Moritz<\/strong><\/p>\t\t\t\n\t\t\t\t\t\t<div class=\"wrap-classification\">\t\n\t\t\t\t\t\t\t\t\t\t\t\t\t\t<h3>Casa Polo<\/h3>\n\t\t\t\t\t\t\t<div class=\"classification\"><img decoding=\"async\" src=\"\/wp-content\/themes\/vivaferien\/assets\/images\/VIVA_Icon_Klassifizierung_Voll.png\" alt=\"Star\"><img decoding=\"async\" src=\"\/wp-content\/themes\/vivaferien\/assets\/images\/VIVA_Icon_Klassifizierung_Voll.png\" alt=\"Star\"><img decoding=\"async\" src=\"\/wp-content\/themes\/vivaferien\/assets\/images\/VIVA_Icon_Klassifizierung_Voll.png\" alt=\"Star\"><img decoding=\"async\" src=\"\/wp-content\/themes\/vivaferien\/assets\/images\/VIVA_Icon_Klassifizierung_Voll.png\" alt=\"Star\"><\/div>\t\t\t\t\t\t<\/div>\n\t\t\t\t\t<\/div>\n\t\t\t\t\t<hr>\n\t\t\t\t\t<\/hr>\n\t\t\t\t\t<div class=\"properties-wrapper\">\n\t\t\t\t\t\t<div>\n\t\t\t\t\t\t\t<!-- <p class=\"big-p\"><div class=\"image-description\">Ab<\/div><\/p>p_6885 -->\n\t\t\t\t\t\t\t<p class=\"big-p\"><div class=\"image-description\">Da<\/div><span class=\"currency\">CHF<\/span> <span class=\"price\" data-price=\"20500\">205,00<\/span><\/p>\n\t\t\t\t\t\t<\/div>\n\t\t\t\t\t\t<div class=\"add-border show-on-hover\"><\/div>\n\t\t\t\t\t\t<div class=\"show-on-hover\">\n\t\t\t\t\t\t\t<p class=\"big-p\"><div class=\"image-description\">Ospiti<\/div>6<\/p>\n\t\t\t\t\t\t<\/div>\n\t\t\t\t\t\t<div class=\"add-border show-on-hover\"><\/div>\n\t\t\t\t\t\t<div class=\"show-on-hover\">\n\t\t\t\t\t\t\t<p class=\"big-p\"><div class=\"image-description\">Camere da letto<\/div>3<\/p>\n\t\t\t\t\t\t<\/div>\n\t\t\t\t\t<\/div>\n\t\t\t\t<\/a>\n\t\t\t<\/div>\n\t\t<\/div>\n\t<\/div><\/div><div class=\"swiper-slide\"><div class=\"swiperlisting\">\t\t\t\t<div id=\"slider\" class=\"flexslider\">\n\t\t\t<ul class=\"slides\">\n\t\t\t\t\t\t\t\t\t<li>\n\t\t\t\t\t\t<a href=\"https:\/\/viva-ferien.ch\/it\/unterkuenfte\/residenz-am-see-b103-2\/\">\n\t\t\t\t\t\t\t<img decoding=\"async\" src=\"https:\/\/viva-ferien.ch\/wp-content\/uploads\/2024\/09\/mf18258484-1024x576.jpg\" alt=\"Residenz am See B103-0\" \/>\n\t\t\t\t\t\t<\/a>\n\t\t\t\t\t<\/li>\n\t\t\t\t\t\t\t\t\t<li>\n\t\t\t\t\t\t<a href=\"https:\/\/viva-ferien.ch\/it\/unterkuenfte\/residenz-am-see-b103-2\/\">\n\t\t\t\t\t\t\t<img decoding=\"async\" src=\"https:\/\/viva-ferien.ch\/wp-content\/uploads\/2024\/09\/mf18258480-1024x576.jpg\" alt=\"Residenz am See B103-1\" \/>\n\t\t\t\t\t\t<\/a>\n\t\t\t\t\t<\/li>\n\t\t\t\t\t\t\t\t\t<li>\n\t\t\t\t\t\t<a href=\"https:\/\/viva-ferien.ch\/it\/unterkuenfte\/residenz-am-see-b103-2\/\">\n\t\t\t\t\t\t\t<img decoding=\"async\" src=\"https:\/\/viva-ferien.ch\/wp-content\/uploads\/2024\/09\/mf18258481-1024x576.jpg\" alt=\"Residenz am See B103-2\" \/>\n\t\t\t\t\t\t<\/a>\n\t\t\t\t\t<\/li>\n\t\t\t\t\t\t\t\t\t<li>\n\t\t\t\t\t\t<a href=\"https:\/\/viva-ferien.ch\/it\/unterkuenfte\/residenz-am-see-b103-2\/\">\n\t\t\t\t\t\t\t<img decoding=\"async\" src=\"https:\/\/viva-ferien.ch\/wp-content\/uploads\/2024\/09\/mf18258486-1024x576.jpg\" alt=\"Residenz am See B103-3\" \/>\n\t\t\t\t\t\t<\/a>\n\t\t\t\t\t<\/li>\n\t\t\t\t\t\t\t\t\t<li>\n\t\t\t\t\t\t<a href=\"https:\/\/viva-ferien.ch\/it\/unterkuenfte\/residenz-am-see-b103-2\/\">\n\t\t\t\t\t\t\t<img decoding=\"async\" src=\"https:\/\/viva-ferien.ch\/wp-content\/uploads\/2024\/09\/mf18258485-1024x576.jpg\" alt=\"Residenz am See B103-4\" \/>\n\t\t\t\t\t\t<\/a>\n\t\t\t\t\t<\/li>\n\t\t\t\t\t\t\t<\/ul>\n\t\t<\/div>\n\t\t<div class=\"info-wrapper\">\n\t\t\t<div>\n\t\t\t\t<a href=\"https:\/\/viva-ferien.ch\/it\/unterkuenfte\/residenz-am-see-b103-2\/\">\n\t\t\t\t\t<div class=\"description-wrapper\">\n\t\t\t\t\t\t<p class=\"image-description uppercase\"><strong>St. Moritz<\/strong><\/p>\t\t\t\n\t\t\t\t\t\t<div class=\"wrap-classification\">\t\n\t\t\t\t\t\t\t\t\t\t\t\t\t\t<h3>Residenz am See B103<\/h3>\n\t\t\t\t\t\t\t<div class=\"classification\"><img decoding=\"async\" src=\"\/wp-content\/themes\/vivaferien\/assets\/images\/VIVA_Icon_Klassifizierung_Voll.png\" alt=\"Star\"><img decoding=\"async\" src=\"\/wp-content\/themes\/vivaferien\/assets\/images\/VIVA_Icon_Klassifizierung_Voll.png\" alt=\"Star\"><img decoding=\"async\" src=\"\/wp-content\/themes\/vivaferien\/assets\/images\/VIVA_Icon_Klassifizierung_Voll.png\" alt=\"Star\"><\/div>\t\t\t\t\t\t<\/div>\n\t\t\t\t\t<\/div>\n\t\t\t\t\t<hr>\n\t\t\t\t\t<\/hr>\n\t\t\t\t\t<div class=\"properties-wrapper\">\n\t\t\t\t\t\t<div>\n\t\t\t\t\t\t\t<!-- <p class=\"big-p\"><div class=\"image-description\">Ab<\/div><\/p>p_6885 -->\n\t\t\t\t\t\t\t<p class=\"big-p\"><div class=\"image-description\">Da<\/div><span class=\"currency\">CHF<\/span> <span class=\"price\" data-price=\"11800\">118,00<\/span><\/p>\n\t\t\t\t\t\t<\/div>\n\t\t\t\t\t\t<div class=\"add-border show-on-hover\"><\/div>\n\t\t\t\t\t\t<div class=\"show-on-hover\">\n\t\t\t\t\t\t\t<p class=\"big-p\"><div class=\"image-description\">Ospiti<\/div>5<\/p>\n\t\t\t\t\t\t<\/div>\n\t\t\t\t\t\t<div class=\"add-border show-on-hover\"><\/div>\n\t\t\t\t\t\t<div class=\"show-on-hover\">\n\t\t\t\t\t\t\t<p class=\"big-p\"><div class=\"image-description\">Camere da letto<\/div>1<\/p>\n\t\t\t\t\t\t<\/div>\n\t\t\t\t\t<\/div>\n\t\t\t\t<\/a>\n\t\t\t<\/div>\n\t\t<\/div>\n\t<\/div><\/div><div class=\"swiper-slide\"><div class=\"swiperlisting\">\t\t\t\t<div id=\"slider\" class=\"flexslider\">\n\t\t\t<ul class=\"slides\">\n\t\t\t\t\t\t\t\t\t<li>\n\t\t\t\t\t\t<a href=\"https:\/\/viva-ferien.ch\/it\/unterkuenfte\/giant-7-2\/\">\n\t\t\t\t\t\t\t<img decoding=\"async\" src=\"https:\/\/viva-ferien.ch\/wp-content\/uploads\/2022\/11\/mf5372208-1024x576.jpg\" alt=\"Giant 7-0\" \/>\n\t\t\t\t\t\t<\/a>\n\t\t\t\t\t<\/li>\n\t\t\t\t\t\t\t\t\t<li>\n\t\t\t\t\t\t<a href=\"https:\/\/viva-ferien.ch\/it\/unterkuenfte\/giant-7-2\/\">\n\t\t\t\t\t\t\t<img decoding=\"async\" src=\"https:\/\/viva-ferien.ch\/wp-content\/uploads\/2022\/11\/mf5380804-1024x576.jpg\" alt=\"Giant 7-1\" \/>\n\t\t\t\t\t\t<\/a>\n\t\t\t\t\t<\/li>\n\t\t\t\t\t\t\t\t\t<li>\n\t\t\t\t\t\t<a href=\"https:\/\/viva-ferien.ch\/it\/unterkuenfte\/giant-7-2\/\">\n\t\t\t\t\t\t\t<img decoding=\"async\" src=\"https:\/\/viva-ferien.ch\/wp-content\/uploads\/2022\/11\/mf5380808-1024x576.jpg\" alt=\"Giant 7-2\" \/>\n\t\t\t\t\t\t<\/a>\n\t\t\t\t\t<\/li>\n\t\t\t\t\t\t\t\t\t<li>\n\t\t\t\t\t\t<a href=\"https:\/\/viva-ferien.ch\/it\/unterkuenfte\/giant-7-2\/\">\n\t\t\t\t\t\t\t<img decoding=\"async\" src=\"https:\/\/viva-ferien.ch\/wp-content\/uploads\/2022\/11\/mf5372206-1024x576.jpg\" alt=\"Giant 7-3\" \/>\n\t\t\t\t\t\t<\/a>\n\t\t\t\t\t<\/li>\n\t\t\t\t\t\t\t\t\t<li>\n\t\t\t\t\t\t<a href=\"https:\/\/viva-ferien.ch\/it\/unterkuenfte\/giant-7-2\/\">\n\t\t\t\t\t\t\t<img decoding=\"async\" src=\"https:\/\/viva-ferien.ch\/wp-content\/uploads\/2022\/11\/mf5380803-1024x576.jpg\" alt=\"Giant 7-4\" \/>\n\t\t\t\t\t\t<\/a>\n\t\t\t\t\t<\/li>\n\t\t\t\t\t\t\t<\/ul>\n\t\t<\/div>\n\t\t<div class=\"info-wrapper\">\n\t\t\t<div>\n\t\t\t\t<a href=\"https:\/\/viva-ferien.ch\/it\/unterkuenfte\/giant-7-2\/\">\n\t\t\t\t\t<div class=\"description-wrapper\">\n\t\t\t\t\t\t<p class=\"image-description uppercase\"><strong>St. Moritz<\/strong><\/p>\t\t\t\n\t\t\t\t\t\t<div class=\"wrap-classification\">\t\n\t\t\t\t\t\t\t\t\t\t\t\t\t\t<img decoding=\"async\" src=\"\/wp-content\/themes\/vivaferien\/assets\/images\/VIVA_Select.svg\" alt=\"Viva-Select-Icon\" class=\"vivaselect-wrapper\">\n\t\t\t\t\t\t\t\t\t\t\t\t\t\t<h3>Giant 7<\/h3>\n\t\t\t\t\t\t\t<div class=\"classification\"><img decoding=\"async\" src=\"\/wp-content\/themes\/vivaferien\/assets\/images\/VIVA_Icon_Klassifizierung_Voll.png\" alt=\"Star\"><img decoding=\"async\" src=\"\/wp-content\/themes\/vivaferien\/assets\/images\/VIVA_Icon_Klassifizierung_Voll.png\" alt=\"Star\"><img decoding=\"async\" src=\"\/wp-content\/themes\/vivaferien\/assets\/images\/VIVA_Icon_Klassifizierung_Voll.png\" alt=\"Star\"><img decoding=\"async\" src=\"\/wp-content\/themes\/vivaferien\/assets\/images\/VIVA_Icon_Klassifizierung_Voll.png\" alt=\"Star\"><img decoding=\"async\" src=\"\/wp-content\/themes\/vivaferien\/assets\/images\/VIVA_Icon_Klassifizierung_Voll.png\" alt=\"Star\"><\/div>\t\t\t\t\t\t<\/div>\n\t\t\t\t\t<\/div>\n\t\t\t\t\t<hr>\n\t\t\t\t\t<\/hr>\n\t\t\t\t\t<div class=\"properties-wrapper\">\n\t\t\t\t\t\t<div>\n\t\t\t\t\t\t\t<!-- <p class=\"big-p\"><div class=\"image-description\">Ab<\/div><\/p>p_6885 -->\n\t\t\t\t\t\t\t<p class=\"big-p\"><div class=\"image-description\">Da<\/div><span class=\"currency\">CHF<\/span> <span class=\"price\" data-price=\"20500\">205,00<\/span><\/p>\n\t\t\t\t\t\t<\/div>\n\t\t\t\t\t\t<div class=\"add-border show-on-hover\"><\/div>\n\t\t\t\t\t\t<div class=\"show-on-hover\">\n\t\t\t\t\t\t\t<p class=\"big-p\"><div class=\"image-description\">Ospiti<\/div>4<\/p>\n\t\t\t\t\t\t<\/div>\n\t\t\t\t\t\t<div class=\"add-border show-on-hover\"><\/div>\n\t\t\t\t\t\t<div class=\"show-on-hover\">\n\t\t\t\t\t\t\t<p class=\"big-p\"><div class=\"image-description\">Camere da letto<\/div>2<\/p>\n\t\t\t\t\t\t<\/div>\n\t\t\t\t\t<\/div>\n\t\t\t\t<\/a>\n\t\t\t<\/div>\n\t\t<\/div>\n\t<\/div><\/div><div class=\"swiper-slide\"><div class=\"swiperlisting\">\t\t\t\t<div id=\"slider\" class=\"flexslider\">\n\t\t\t<ul class=\"slides\">\n\t\t\t\t\t\t\t\t\t<li>\n\t\t\t\t\t\t<a href=\"https:\/\/viva-ferien.ch\/it\/unterkuenfte\/aval-2-2\/\">\n\t\t\t\t\t\t\t<img decoding=\"async\" src=\"https:\/\/viva-ferien.ch\/wp-content\/uploads\/2025\/01\/mf20072176-1024x576.jpg\" alt=\"Aval 2-0\" \/>\n\t\t\t\t\t\t<\/a>\n\t\t\t\t\t<\/li>\n\t\t\t\t\t\t\t\t\t<li>\n\t\t\t\t\t\t<a href=\"https:\/\/viva-ferien.ch\/it\/unterkuenfte\/aval-2-2\/\">\n\t\t\t\t\t\t\t<img decoding=\"async\" src=\"https:\/\/viva-ferien.ch\/wp-content\/uploads\/2025\/01\/mf20072185-1024x576.jpg\" alt=\"Aval 2-1\" \/>\n\t\t\t\t\t\t<\/a>\n\t\t\t\t\t<\/li>\n\t\t\t\t\t\t\t\t\t<li>\n\t\t\t\t\t\t<a href=\"https:\/\/viva-ferien.ch\/it\/unterkuenfte\/aval-2-2\/\">\n\t\t\t\t\t\t\t<img decoding=\"async\" src=\"https:\/\/viva-ferien.ch\/wp-content\/uploads\/2025\/01\/mf20072177-1024x576.jpg\" alt=\"Aval 2-2\" \/>\n\t\t\t\t\t\t<\/a>\n\t\t\t\t\t<\/li>\n\t\t\t\t\t\t\t\t\t<li>\n\t\t\t\t\t\t<a href=\"https:\/\/viva-ferien.ch\/it\/unterkuenfte\/aval-2-2\/\">\n\t\t\t\t\t\t\t<img decoding=\"async\" src=\"https:\/\/viva-ferien.ch\/wp-content\/uploads\/2025\/01\/mf20072183-1024x576.jpg\" alt=\"Aval 2-3\" \/>\n\t\t\t\t\t\t<\/a>\n\t\t\t\t\t<\/li>\n\t\t\t\t\t\t\t\t\t<li>\n\t\t\t\t\t\t<a href=\"https:\/\/viva-ferien.ch\/it\/unterkuenfte\/aval-2-2\/\">\n\t\t\t\t\t\t\t<img decoding=\"async\" src=\"https:\/\/viva-ferien.ch\/wp-content\/uploads\/2025\/01\/mf20072192-1024x576.jpg\" alt=\"Aval 2-4\" \/>\n\t\t\t\t\t\t<\/a>\n\t\t\t\t\t<\/li>\n\t\t\t\t\t\t\t<\/ul>\n\t\t<\/div>\n\t\t<div class=\"info-wrapper\">\n\t\t\t<div>\n\t\t\t\t<a href=\"https:\/\/viva-ferien.ch\/it\/unterkuenfte\/aval-2-2\/\">\n\t\t\t\t\t<div class=\"description-wrapper\">\n\t\t\t\t\t\t<p class=\"image-description uppercase\"><strong>St. Moritz<\/strong><\/p>\t\t\t\n\t\t\t\t\t\t<div class=\"wrap-classification\">\t\n\t\t\t\t\t\t\t\t\t\t\t\t\t\t<h3>Aval 2<\/h3>\n\t\t\t\t\t\t\t<div class=\"classification\"><img decoding=\"async\" src=\"\/wp-content\/themes\/vivaferien\/assets\/images\/VIVA_Icon_Klassifizierung_Voll.png\" alt=\"Star\"><img decoding=\"async\" src=\"\/wp-content\/themes\/vivaferien\/assets\/images\/VIVA_Icon_Klassifizierung_Voll.png\" alt=\"Star\"><img decoding=\"async\" src=\"\/wp-content\/themes\/vivaferien\/assets\/images\/VIVA_Icon_Klassifizierung_Voll.png\" alt=\"Star\"><img decoding=\"async\" src=\"\/wp-content\/themes\/vivaferien\/assets\/images\/VIVA_Icon_Klassifizierung_Voll.png\" alt=\"Star\"><\/div>\t\t\t\t\t\t<\/div>\n\t\t\t\t\t<\/div>\n\t\t\t\t\t<hr>\n\t\t\t\t\t<\/hr>\n\t\t\t\t\t<div class=\"properties-wrapper\">\n\t\t\t\t\t\t<div>\n\t\t\t\t\t\t\t<!-- <p class=\"big-p\"><div class=\"image-description\">Ab<\/div><\/p>p_6885 -->\n\t\t\t\t\t\t\t<p class=\"big-p\"><div class=\"image-description\">Da<\/div><span class=\"currency\">CHF<\/span> <span class=\"price\" data-price=\"13000\">130,00<\/span><\/p>\n\t\t\t\t\t\t<\/div>\n\t\t\t\t\t\t<div class=\"add-border show-on-hover\"><\/div>\n\t\t\t\t\t\t<div class=\"show-on-hover\">\n\t\t\t\t\t\t\t<p class=\"big-p\"><div class=\"image-description\">Ospiti<\/div>2<\/p>\n\t\t\t\t\t\t<\/div>\n\t\t\t\t\t\t<div class=\"add-border show-on-hover\"><\/div>\n\t\t\t\t\t\t<div class=\"show-on-hover\">\n\t\t\t\t\t\t\t<p class=\"big-p\"><div class=\"image-description\">Camere da letto<\/div>1<\/p>\n\t\t\t\t\t\t<\/div>\n\t\t\t\t\t<\/div>\n\t\t\t\t<\/a>\n\t\t\t<\/div>\n\t\t<\/div>\n\t<\/div><\/div><div class=\"swiper-slide\"><div class=\"swiperlisting\">\t\t\t\t<div id=\"slider\" class=\"flexslider\">\n\t\t\t<ul class=\"slides\">\n\t\t\t\t\t\t\t\t\t<li>\n\t\t\t\t\t\t<a href=\"https:\/\/viva-ferien.ch\/it\/unterkuenfte\/residenz-am-see-b303-2\/\">\n\t\t\t\t\t\t\t<img decoding=\"async\" src=\"https:\/\/viva-ferien.ch\/wp-content\/uploads\/2024\/09\/mf18209297-1024x576.jpg\" alt=\"Residenz am See B303-0\" \/>\n\t\t\t\t\t\t<\/a>\n\t\t\t\t\t<\/li>\n\t\t\t\t\t\t\t\t\t<li>\n\t\t\t\t\t\t<a href=\"https:\/\/viva-ferien.ch\/it\/unterkuenfte\/residenz-am-see-b303-2\/\">\n\t\t\t\t\t\t\t<img decoding=\"async\" src=\"https:\/\/viva-ferien.ch\/wp-content\/uploads\/2024\/09\/mf18209300-1024x576.jpg\" alt=\"Residenz am See B303-1\" \/>\n\t\t\t\t\t\t<\/a>\n\t\t\t\t\t<\/li>\n\t\t\t\t\t\t\t\t\t<li>\n\t\t\t\t\t\t<a href=\"https:\/\/viva-ferien.ch\/it\/unterkuenfte\/residenz-am-see-b303-2\/\">\n\t\t\t\t\t\t\t<img decoding=\"async\" src=\"https:\/\/viva-ferien.ch\/wp-content\/uploads\/2024\/09\/mf18209298-1024x576.jpg\" alt=\"Residenz am See B303-2\" \/>\n\t\t\t\t\t\t<\/a>\n\t\t\t\t\t<\/li>\n\t\t\t\t\t\t\t\t\t<li>\n\t\t\t\t\t\t<a href=\"https:\/\/viva-ferien.ch\/it\/unterkuenfte\/residenz-am-see-b303-2\/\">\n\t\t\t\t\t\t\t<img decoding=\"async\" src=\"https:\/\/viva-ferien.ch\/wp-content\/uploads\/2024\/09\/mf18209304-1024x576.jpg\" alt=\"Residenz am See B303-3\" \/>\n\t\t\t\t\t\t<\/a>\n\t\t\t\t\t<\/li>\n\t\t\t\t\t\t\t\t\t<li>\n\t\t\t\t\t\t<a href=\"https:\/\/viva-ferien.ch\/it\/unterkuenfte\/residenz-am-see-b303-2\/\">\n\t\t\t\t\t\t\t<img decoding=\"async\" src=\"https:\/\/viva-ferien.ch\/wp-content\/uploads\/2024\/09\/mf18209306-1024x576.jpg\" alt=\"Residenz am See B303-4\" \/>\n\t\t\t\t\t\t<\/a>\n\t\t\t\t\t<\/li>\n\t\t\t\t\t\t\t<\/ul>\n\t\t<\/div>\n\t\t<div class=\"info-wrapper\">\n\t\t\t<div>\n\t\t\t\t<a href=\"https:\/\/viva-ferien.ch\/it\/unterkuenfte\/residenz-am-see-b303-2\/\">\n\t\t\t\t\t<div class=\"description-wrapper\">\n\t\t\t\t\t\t<p class=\"image-description uppercase\"><strong>St. Moritz<\/strong><\/p>\t\t\t\n\t\t\t\t\t\t<div class=\"wrap-classification\">\t\n\t\t\t\t\t\t\t\t\t\t\t\t\t\t<h3>Residenz am See B303<\/h3>\n\t\t\t\t\t\t\t<div class=\"classification\"><img decoding=\"async\" src=\"\/wp-content\/themes\/vivaferien\/assets\/images\/VIVA_Icon_Klassifizierung_Voll.png\" alt=\"Star\"><img decoding=\"async\" src=\"\/wp-content\/themes\/vivaferien\/assets\/images\/VIVA_Icon_Klassifizierung_Voll.png\" alt=\"Star\"><img decoding=\"async\" src=\"\/wp-content\/themes\/vivaferien\/assets\/images\/VIVA_Icon_Klassifizierung_Voll.png\" alt=\"Star\"><\/div>\t\t\t\t\t\t<\/div>\n\t\t\t\t\t<\/div>\n\t\t\t\t\t<hr>\n\t\t\t\t\t<\/hr>\n\t\t\t\t\t<div class=\"properties-wrapper\">\n\t\t\t\t\t\t<div>\n\t\t\t\t\t\t\t<!-- <p class=\"big-p\"><div class=\"image-description\">Ab<\/div><\/p>p_6885 -->\n\t\t\t\t\t\t\t<p class=\"big-p\"><div class=\"image-description\">Da<\/div><span class=\"currency\">CHF<\/span> <span class=\"price\" data-price=\"11800\">118,00<\/span><\/p>\n\t\t\t\t\t\t<\/div>\n\t\t\t\t\t\t<div class=\"add-border show-on-hover\"><\/div>\n\t\t\t\t\t\t<div class=\"show-on-hover\">\n\t\t\t\t\t\t\t<p class=\"big-p\"><div class=\"image-description\">Ospiti<\/div>4<\/p>\n\t\t\t\t\t\t<\/div>\n\t\t\t\t\t\t<div class=\"add-border show-on-hover\"><\/div>\n\t\t\t\t\t\t<div class=\"show-on-hover\">\n\t\t\t\t\t\t\t<p class=\"big-p\"><div class=\"image-description\">Camere da letto<\/div>1<\/p>\n\t\t\t\t\t\t<\/div>\n\t\t\t\t\t<\/div>\n\t\t\t\t<\/a>\n\t\t\t<\/div>\n\t\t<\/div>\n\t<\/div><\/div><div class=\"swiper-slide\"><div class=\"swiperlisting\">\t\t\t\t<div id=\"slider\" class=\"flexslider\">\n\t\t\t<ul class=\"slides\">\n\t\t\t\t\t\t\t\t\t<li>\n\t\t\t\t\t\t<a href=\"https:\/\/viva-ferien.ch\/it\/unterkuenfte\/residenz-am-see-b207-2\/\">\n\t\t\t\t\t\t\t<img decoding=\"async\" src=\"https:\/\/viva-ferien.ch\/wp-content\/uploads\/2024\/09\/mf18447981-1024x576.jpg\" alt=\"Residenz am See B207-0\" \/>\n\t\t\t\t\t\t<\/a>\n\t\t\t\t\t<\/li>\n\t\t\t\t\t\t\t\t\t<li>\n\t\t\t\t\t\t<a href=\"https:\/\/viva-ferien.ch\/it\/unterkuenfte\/residenz-am-see-b207-2\/\">\n\t\t\t\t\t\t\t<img decoding=\"async\" src=\"https:\/\/viva-ferien.ch\/wp-content\/uploads\/2024\/09\/mf18447982-1024x576.jpg\" alt=\"Residenz am See B207-1\" \/>\n\t\t\t\t\t\t<\/a>\n\t\t\t\t\t<\/li>\n\t\t\t\t\t\t\t\t\t<li>\n\t\t\t\t\t\t<a href=\"https:\/\/viva-ferien.ch\/it\/unterkuenfte\/residenz-am-see-b207-2\/\">\n\t\t\t\t\t\t\t<img decoding=\"async\" src=\"https:\/\/viva-ferien.ch\/wp-content\/uploads\/2024\/09\/mf18447995-1024x576.jpg\" alt=\"Residenz am See B207-2\" \/>\n\t\t\t\t\t\t<\/a>\n\t\t\t\t\t<\/li>\n\t\t\t\t\t\t\t\t\t<li>\n\t\t\t\t\t\t<a href=\"https:\/\/viva-ferien.ch\/it\/unterkuenfte\/residenz-am-see-b207-2\/\">\n\t\t\t\t\t\t\t<img decoding=\"async\" src=\"https:\/\/viva-ferien.ch\/wp-content\/uploads\/2024\/09\/mf18447993-1024x576.jpg\" alt=\"Residenz am See B207-3\" \/>\n\t\t\t\t\t\t<\/a>\n\t\t\t\t\t<\/li>\n\t\t\t\t\t\t\t\t\t<li>\n\t\t\t\t\t\t<a href=\"https:\/\/viva-ferien.ch\/it\/unterkuenfte\/residenz-am-see-b207-2\/\">\n\t\t\t\t\t\t\t<img decoding=\"async\" src=\"https:\/\/viva-ferien.ch\/wp-content\/uploads\/2024\/09\/mf18447985-1024x576.jpg\" alt=\"Residenz am See B207-4\" \/>\n\t\t\t\t\t\t<\/a>\n\t\t\t\t\t<\/li>\n\t\t\t\t\t\t\t<\/ul>\n\t\t<\/div>\n\t\t<div class=\"info-wrapper\">\n\t\t\t<div>\n\t\t\t\t<a href=\"https:\/\/viva-ferien.ch\/it\/unterkuenfte\/residenz-am-see-b207-2\/\">\n\t\t\t\t\t<div class=\"description-wrapper\">\n\t\t\t\t\t\t<p class=\"image-description uppercase\"><strong>St. Moritz<\/strong><\/p>\t\t\t\n\t\t\t\t\t\t<div class=\"wrap-classification\">\t\n\t\t\t\t\t\t\t\t\t\t\t\t\t\t<h3>Residenz am See B207<\/h3>\n\t\t\t\t\t\t\t<div class=\"classification\"><img decoding=\"async\" src=\"\/wp-content\/themes\/vivaferien\/assets\/images\/VIVA_Icon_Klassifizierung_Voll.png\" alt=\"Star\"><img decoding=\"async\" src=\"\/wp-content\/themes\/vivaferien\/assets\/images\/VIVA_Icon_Klassifizierung_Voll.png\" alt=\"Star\"><img decoding=\"async\" src=\"\/wp-content\/themes\/vivaferien\/assets\/images\/VIVA_Icon_Klassifizierung_Voll.png\" alt=\"Star\"><img decoding=\"async\" src=\"\/wp-content\/themes\/vivaferien\/assets\/images\/VIVA_Icon_Klassifizierung_Voll.png\" alt=\"Star\"><\/div>\t\t\t\t\t\t<\/div>\n\t\t\t\t\t<\/div>\n\t\t\t\t\t<hr>\n\t\t\t\t\t<\/hr>\n\t\t\t\t\t<div class=\"properties-wrapper\">\n\t\t\t\t\t\t<div>\n\t\t\t\t\t\t\t<!-- <p class=\"big-p\"><div class=\"image-description\">Ab<\/div><\/p>p_6885 -->\n\t\t\t\t\t\t\t<p class=\"big-p\"><div class=\"image-description\">Da<\/div><span class=\"currency\">CHF<\/span> <span class=\"price\" data-price=\"10600\">106,00<\/span><\/p>\n\t\t\t\t\t\t<\/div>\n\t\t\t\t\t\t<div class=\"add-border show-on-hover\"><\/div>\n\t\t\t\t\t\t<div class=\"show-on-hover\">\n\t\t\t\t\t\t\t<p class=\"big-p\"><div class=\"image-description\">Ospiti<\/div>4<\/p>\n\t\t\t\t\t\t<\/div>\n\t\t\t\t\t\t<div class=\"add-border show-on-hover\"><\/div>\n\t\t\t\t\t\t<div class=\"show-on-hover\">\n\t\t\t\t\t\t\t<p class=\"big-p\"><div class=\"image-description\">Camere da letto<\/div>1<\/p>\n\t\t\t\t\t\t<\/div>\n\t\t\t\t\t<\/div>\n\t\t\t\t<\/a>\n\t\t\t<\/div>\n\t\t<\/div>\n\t<\/div><\/div><div class=\"swiper-slide\"><div class=\"swiperlisting\">\t\t\t\t<div id=\"slider\" class=\"flexslider\">\n\t\t\t<ul class=\"slides\">\n\t\t\t\t\t\t\t\t\t<li>\n\t\t\t\t\t\t<a href=\"https:\/\/viva-ferien.ch\/it\/unterkuenfte\/paravicini-1-2\/\">\n\t\t\t\t\t\t\t<img decoding=\"async\" src=\"https:\/\/viva-ferien.ch\/wp-content\/uploads\/2022\/11\/mf8466957-1024x576.jpg\" alt=\"Paravicini 1-0\" \/>\n\t\t\t\t\t\t<\/a>\n\t\t\t\t\t<\/li>\n\t\t\t\t\t\t\t\t\t<li>\n\t\t\t\t\t\t<a href=\"https:\/\/viva-ferien.ch\/it\/unterkuenfte\/paravicini-1-2\/\">\n\t\t\t\t\t\t\t<img decoding=\"async\" src=\"https:\/\/viva-ferien.ch\/wp-content\/uploads\/2022\/11\/mf8466949-1024x576.jpg\" alt=\"Paravicini 1-1\" \/>\n\t\t\t\t\t\t<\/a>\n\t\t\t\t\t<\/li>\n\t\t\t\t\t\t\t\t\t<li>\n\t\t\t\t\t\t<a href=\"https:\/\/viva-ferien.ch\/it\/unterkuenfte\/paravicini-1-2\/\">\n\t\t\t\t\t\t\t<img decoding=\"async\" src=\"https:\/\/viva-ferien.ch\/wp-content\/uploads\/2022\/11\/mf8466945-1024x576.jpg\" alt=\"Paravicini 1-2\" \/>\n\t\t\t\t\t\t<\/a>\n\t\t\t\t\t<\/li>\n\t\t\t\t\t\t\t\t\t<li>\n\t\t\t\t\t\t<a href=\"https:\/\/viva-ferien.ch\/it\/unterkuenfte\/paravicini-1-2\/\">\n\t\t\t\t\t\t\t<img decoding=\"async\" src=\"https:\/\/viva-ferien.ch\/wp-content\/uploads\/2022\/11\/mf8466956-1024x576.jpg\" alt=\"Paravicini 1-3\" \/>\n\t\t\t\t\t\t<\/a>\n\t\t\t\t\t<\/li>\n\t\t\t\t\t\t\t\t\t<li>\n\t\t\t\t\t\t<a href=\"https:\/\/viva-ferien.ch\/it\/unterkuenfte\/paravicini-1-2\/\">\n\t\t\t\t\t\t\t<img decoding=\"async\" src=\"https:\/\/viva-ferien.ch\/wp-content\/uploads\/2022\/11\/mf8466951-1024x576.jpg\" alt=\"Paravicini 1-4\" \/>\n\t\t\t\t\t\t<\/a>\n\t\t\t\t\t<\/li>\n\t\t\t\t\t\t\t<\/ul>\n\t\t<\/div>\n\t\t<div class=\"info-wrapper\">\n\t\t\t<div>\n\t\t\t\t<a href=\"https:\/\/viva-ferien.ch\/it\/unterkuenfte\/paravicini-1-2\/\">\n\t\t\t\t\t<div class=\"description-wrapper\">\n\t\t\t\t\t\t<p class=\"image-description uppercase\"><strong>St. Moritz<\/strong><\/p>\t\t\t\n\t\t\t\t\t\t<div class=\"wrap-classification\">\t\n\t\t\t\t\t\t\t\t\t\t\t\t\t\t<h3>Paravicini 1<\/h3>\n\t\t\t\t\t\t\t<div class=\"classification\"><img decoding=\"async\" src=\"\/wp-content\/themes\/vivaferien\/assets\/images\/VIVA_Icon_Klassifizierung_Voll.png\" alt=\"Star\"><img decoding=\"async\" src=\"\/wp-content\/themes\/vivaferien\/assets\/images\/VIVA_Icon_Klassifizierung_Voll.png\" alt=\"Star\"><img decoding=\"async\" src=\"\/wp-content\/themes\/vivaferien\/assets\/images\/VIVA_Icon_Klassifizierung_Voll.png\" alt=\"Star\"><img decoding=\"async\" src=\"\/wp-content\/themes\/vivaferien\/assets\/images\/VIVA_Icon_Klassifizierung_Voll.png\" alt=\"Star\"><\/div>\t\t\t\t\t\t<\/div>\n\t\t\t\t\t<\/div>\n\t\t\t\t\t<hr>\n\t\t\t\t\t<\/hr>\n\t\t\t\t\t<div class=\"properties-wrapper\">\n\t\t\t\t\t\t<div>\n\t\t\t\t\t\t\t<!-- <p class=\"big-p\"><div class=\"image-description\">Ab<\/div><\/p>p_6885 -->\n\t\t\t\t\t\t\t<p class=\"big-p\"><div class=\"image-description\">Da<\/div><span class=\"currency\">CHF<\/span> <span class=\"price\" data-price=\"22600\">226,00<\/span><\/p>\n\t\t\t\t\t\t<\/div>\n\t\t\t\t\t\t<div class=\"add-border show-on-hover\"><\/div>\n\t\t\t\t\t\t<div class=\"show-on-hover\">\n\t\t\t\t\t\t\t<p class=\"big-p\"><div class=\"image-description\">Ospiti<\/div>7<\/p>\n\t\t\t\t\t\t<\/div>\n\t\t\t\t\t\t<div class=\"add-border show-on-hover\"><\/div>\n\t\t\t\t\t\t<div class=\"show-on-hover\">\n\t\t\t\t\t\t\t<p class=\"big-p\"><div class=\"image-description\">Camere da letto<\/div>4<\/p>\n\t\t\t\t\t\t<\/div>\n\t\t\t\t\t<\/div>\n\t\t\t\t<\/a>\n\t\t\t<\/div>\n\t\t<\/div>\n\t<\/div><\/div><div class=\"swiper-slide\"><div class=\"swiperlisting\">\t\t\t\t<div id=\"slider\" class=\"flexslider\">\n\t\t\t<ul class=\"slides\">\n\t\t\t\t\t\t\t\t\t<li>\n\t\t\t\t\t\t<a href=\"https:\/\/viva-ferien.ch\/it\/unterkuenfte\/residenz-am-see-b005-2\/\">\n\t\t\t\t\t\t\t<img decoding=\"async\" src=\"https:\/\/viva-ferien.ch\/wp-content\/uploads\/2024\/09\/mf18348616-1024x576.jpg\" alt=\"Residenz am See B005-0\" \/>\n\t\t\t\t\t\t<\/a>\n\t\t\t\t\t<\/li>\n\t\t\t\t\t\t\t\t\t<li>\n\t\t\t\t\t\t<a href=\"https:\/\/viva-ferien.ch\/it\/unterkuenfte\/residenz-am-see-b005-2\/\">\n\t\t\t\t\t\t\t<img decoding=\"async\" src=\"https:\/\/viva-ferien.ch\/wp-content\/uploads\/2024\/09\/mf18348601-1024x576.jpg\" alt=\"Residenz am See B005-1\" \/>\n\t\t\t\t\t\t<\/a>\n\t\t\t\t\t<\/li>\n\t\t\t\t\t\t\t\t\t<li>\n\t\t\t\t\t\t<a href=\"https:\/\/viva-ferien.ch\/it\/unterkuenfte\/residenz-am-see-b005-2\/\">\n\t\t\t\t\t\t\t<img decoding=\"async\" src=\"https:\/\/viva-ferien.ch\/wp-content\/uploads\/2024\/09\/mf18348603-1024x576.jpg\" alt=\"Residenz am See B005-2\" \/>\n\t\t\t\t\t\t<\/a>\n\t\t\t\t\t<\/li>\n\t\t\t\t\t\t\t\t\t<li>\n\t\t\t\t\t\t<a href=\"https:\/\/viva-ferien.ch\/it\/unterkuenfte\/residenz-am-see-b005-2\/\">\n\t\t\t\t\t\t\t<img decoding=\"async\" src=\"https:\/\/viva-ferien.ch\/wp-content\/uploads\/2024\/09\/mf18348604-1024x576.jpg\" alt=\"Residenz am See B005-3\" \/>\n\t\t\t\t\t\t<\/a>\n\t\t\t\t\t<\/li>\n\t\t\t\t\t\t\t\t\t<li>\n\t\t\t\t\t\t<a href=\"https:\/\/viva-ferien.ch\/it\/unterkuenfte\/residenz-am-see-b005-2\/\">\n\t\t\t\t\t\t\t<img decoding=\"async\" src=\"https:\/\/viva-ferien.ch\/wp-content\/uploads\/2024\/09\/mf18348808-1024x576.jpg\" alt=\"Residenz am See B005-4\" \/>\n\t\t\t\t\t\t<\/a>\n\t\t\t\t\t<\/li>\n\t\t\t\t\t\t\t<\/ul>\n\t\t<\/div>\n\t\t<div class=\"info-wrapper\">\n\t\t\t<div>\n\t\t\t\t<a href=\"https:\/\/viva-ferien.ch\/it\/unterkuenfte\/residenz-am-see-b005-2\/\">\n\t\t\t\t\t<div class=\"description-wrapper\">\n\t\t\t\t\t\t<p class=\"image-description uppercase\"><strong>St. Moritz<\/strong><\/p>\t\t\t\n\t\t\t\t\t\t<div class=\"wrap-classification\">\t\n\t\t\t\t\t\t\t\t\t\t\t\t\t\t<h3>Residenz am See B005<\/h3>\n\t\t\t\t\t\t\t<div class=\"classification\"><img decoding=\"async\" src=\"\/wp-content\/themes\/vivaferien\/assets\/images\/VIVA_Icon_Klassifizierung_Voll.png\" alt=\"Star\"><img decoding=\"async\" src=\"\/wp-content\/themes\/vivaferien\/assets\/images\/VIVA_Icon_Klassifizierung_Voll.png\" alt=\"Star\"><img decoding=\"async\" src=\"\/wp-content\/themes\/vivaferien\/assets\/images\/VIVA_Icon_Klassifizierung_Voll.png\" alt=\"Star\"><img decoding=\"async\" src=\"\/wp-content\/themes\/vivaferien\/assets\/images\/VIVA_Icon_Klassifizierung_Voll.png\" alt=\"Star\"><img decoding=\"async\" src=\"\/wp-content\/themes\/vivaferien\/assets\/images\/VIVA_Icon_Klassifizierung_Halb.png\" alt=\"half-full Star\"><\/div>\t\t\t\t\t\t<\/div>\n\t\t\t\t\t<\/div>\n\t\t\t\t\t<hr>\n\t\t\t\t\t<\/hr>\n\t\t\t\t\t<div class=\"properties-wrapper\">\n\t\t\t\t\t\t<div>\n\t\t\t\t\t\t\t<!-- <p class=\"big-p\"><div class=\"image-description\">Ab<\/div><\/p>p_6885 -->\n\t\t\t\t\t\t\t<p class=\"big-p\"><div class=\"image-description\">Da<\/div><span class=\"currency\">CHF<\/span> <span class=\"price\" data-price=\"13000\">130,00<\/span><\/p>\n\t\t\t\t\t\t<\/div>\n\t\t\t\t\t\t<div class=\"add-border show-on-hover\"><\/div>\n\t\t\t\t\t\t<div class=\"show-on-hover\">\n\t\t\t\t\t\t\t<p class=\"big-p\"><div class=\"image-description\">Ospiti<\/div>4<\/p>\n\t\t\t\t\t\t<\/div>\n\t\t\t\t\t\t<div class=\"add-border show-on-hover\"><\/div>\n\t\t\t\t\t\t<div class=\"show-on-hover\">\n\t\t\t\t\t\t\t<p class=\"big-p\"><div class=\"image-description\">Camere da letto<\/div>1<\/p>\n\t\t\t\t\t\t<\/div>\n\t\t\t\t\t<\/div>\n\t\t\t\t<\/a>\n\t\t\t<\/div>\n\t\t<\/div>\n\t<\/div><\/div><div class=\"swiper-slide\"><div class=\"swiperlisting\">\t\t\t\t<div id=\"slider\" class=\"flexslider\">\n\t\t\t<ul class=\"slides\">\n\t\t\t\t\t\t\t\t\t<li>\n\t\t\t\t\t\t<a href=\"https:\/\/viva-ferien.ch\/it\/unterkuenfte\/residenz-am-see-a002-2\/\">\n\t\t\t\t\t\t\t<img decoding=\"async\" src=\"https:\/\/viva-ferien.ch\/wp-content\/uploads\/2024\/09\/mf18261752-1024x576.jpg\" alt=\"Residenz am See A002-0\" \/>\n\t\t\t\t\t\t<\/a>\n\t\t\t\t\t<\/li>\n\t\t\t\t\t\t\t\t\t<li>\n\t\t\t\t\t\t<a href=\"https:\/\/viva-ferien.ch\/it\/unterkuenfte\/residenz-am-see-a002-2\/\">\n\t\t\t\t\t\t\t<img decoding=\"async\" src=\"https:\/\/viva-ferien.ch\/wp-content\/uploads\/2024\/09\/mf18261759-1024x576.jpg\" alt=\"Residenz am See A002-1\" \/>\n\t\t\t\t\t\t<\/a>\n\t\t\t\t\t<\/li>\n\t\t\t\t\t\t\t\t\t<li>\n\t\t\t\t\t\t<a href=\"https:\/\/viva-ferien.ch\/it\/unterkuenfte\/residenz-am-see-a002-2\/\">\n\t\t\t\t\t\t\t<img decoding=\"async\" src=\"https:\/\/viva-ferien.ch\/wp-content\/uploads\/2024\/09\/mf18261754-1024x576.jpg\" alt=\"Residenz am See A002-2\" \/>\n\t\t\t\t\t\t<\/a>\n\t\t\t\t\t<\/li>\n\t\t\t\t\t\t\t\t\t<li>\n\t\t\t\t\t\t<a href=\"https:\/\/viva-ferien.ch\/it\/unterkuenfte\/residenz-am-see-a002-2\/\">\n\t\t\t\t\t\t\t<img decoding=\"async\" src=\"https:\/\/viva-ferien.ch\/wp-content\/uploads\/2024\/09\/mf18261758-1024x576.jpg\" alt=\"Residenz am See A002-3\" \/>\n\t\t\t\t\t\t<\/a>\n\t\t\t\t\t<\/li>\n\t\t\t\t\t\t\t\t\t<li>\n\t\t\t\t\t\t<a href=\"https:\/\/viva-ferien.ch\/it\/unterkuenfte\/residenz-am-see-a002-2\/\">\n\t\t\t\t\t\t\t<img decoding=\"async\" src=\"https:\/\/viva-ferien.ch\/wp-content\/uploads\/2024\/09\/mf18332914-1024x576.jpg\" alt=\"Residenz am See A002-4\" \/>\n\t\t\t\t\t\t<\/a>\n\t\t\t\t\t<\/li>\n\t\t\t\t\t\t\t<\/ul>\n\t\t<\/div>\n\t\t<div class=\"info-wrapper\">\n\t\t\t<div>\n\t\t\t\t<a href=\"https:\/\/viva-ferien.ch\/it\/unterkuenfte\/residenz-am-see-a002-2\/\">\n\t\t\t\t\t<div class=\"description-wrapper\">\n\t\t\t\t\t\t<p class=\"image-description uppercase\"><strong>St. Moritz<\/strong><\/p>\t\t\t\n\t\t\t\t\t\t<div class=\"wrap-classification\">\t\n\t\t\t\t\t\t\t\t\t\t\t\t\t\t<h3>Residenz am See A002<\/h3>\n\t\t\t\t\t\t\t<div class=\"classification\"><img decoding=\"async\" src=\"\/wp-content\/themes\/vivaferien\/assets\/images\/VIVA_Icon_Klassifizierung_Voll.png\" alt=\"Star\"><img decoding=\"async\" src=\"\/wp-content\/themes\/vivaferien\/assets\/images\/VIVA_Icon_Klassifizierung_Voll.png\" alt=\"Star\"><img decoding=\"async\" src=\"\/wp-content\/themes\/vivaferien\/assets\/images\/VIVA_Icon_Klassifizierung_Voll.png\" alt=\"Star\"><img decoding=\"async\" src=\"\/wp-content\/themes\/vivaferien\/assets\/images\/VIVA_Icon_Klassifizierung_Halb.png\" alt=\"half-full Star\"><\/div>\t\t\t\t\t\t<\/div>\n\t\t\t\t\t<\/div>\n\t\t\t\t\t<hr>\n\t\t\t\t\t<\/hr>\n\t\t\t\t\t<div class=\"properties-wrapper\">\n\t\t\t\t\t\t<div>\n\t\t\t\t\t\t\t<!-- <p class=\"big-p\"><div class=\"image-description\">Ab<\/div><\/p>p_6885 -->\n\t\t\t\t\t\t\t<p class=\"big-p\"><div class=\"image-description\">Da<\/div><span class=\"currency\">CHF<\/span> <span class=\"price\" data-price=\"8300\">83,00<\/span><\/p>\n\t\t\t\t\t\t<\/div>\n\t\t\t\t\t\t<div class=\"add-border show-on-hover\"><\/div>\n\t\t\t\t\t\t<div class=\"show-on-hover\">\n\t\t\t\t\t\t\t<p class=\"big-p\"><div class=\"image-description\">Ospiti<\/div>2<\/p>\n\t\t\t\t\t\t<\/div>\n\t\t\t\t\t\t<div class=\"add-border show-on-hover\"><\/div>\n\t\t\t\t\t\t<div class=\"show-on-hover\">\n\t\t\t\t\t\t\t<p class=\"big-p\"><div class=\"image-description\">Camere da letto<\/div>1<\/p>\n\t\t\t\t\t\t<\/div>\n\t\t\t\t\t<\/div>\n\t\t\t\t<\/a>\n\t\t\t<\/div>\n\t\t<\/div>\n\t<\/div><\/div><div class=\"swiper-slide\"><div class=\"swiperlisting\">\t\t\t\t<div id=\"slider\" class=\"flexslider\">\n\t\t\t<ul class=\"slides\">\n\t\t\t\t\t\t\t\t\t<li>\n\t\t\t\t\t\t<a href=\"https:\/\/viva-ferien.ch\/it\/unterkuenfte\/residenz-am-see-a304-2\/\">\n\t\t\t\t\t\t\t<img decoding=\"async\" src=\"https:\/\/viva-ferien.ch\/wp-content\/uploads\/2024\/09\/mf18246520-1024x576.jpg\" alt=\"Residenz am See A304-0\" \/>\n\t\t\t\t\t\t<\/a>\n\t\t\t\t\t<\/li>\n\t\t\t\t\t\t\t\t\t<li>\n\t\t\t\t\t\t<a href=\"https:\/\/viva-ferien.ch\/it\/unterkuenfte\/residenz-am-see-a304-2\/\">\n\t\t\t\t\t\t\t<img decoding=\"async\" src=\"https:\/\/viva-ferien.ch\/wp-content\/uploads\/2024\/09\/mf18246519-1024x576.jpg\" alt=\"Residenz am See A304-1\" \/>\n\t\t\t\t\t\t<\/a>\n\t\t\t\t\t<\/li>\n\t\t\t\t\t\t\t\t\t<li>\n\t\t\t\t\t\t<a href=\"https:\/\/viva-ferien.ch\/it\/unterkuenfte\/residenz-am-see-a304-2\/\">\n\t\t\t\t\t\t\t<img decoding=\"async\" src=\"https:\/\/viva-ferien.ch\/wp-content\/uploads\/2024\/09\/mf18246521-1024x576.jpg\" alt=\"Residenz am See A304-2\" \/>\n\t\t\t\t\t\t<\/a>\n\t\t\t\t\t<\/li>\n\t\t\t\t\t\t\t\t\t<li>\n\t\t\t\t\t\t<a href=\"https:\/\/viva-ferien.ch\/it\/unterkuenfte\/residenz-am-see-a304-2\/\">\n\t\t\t\t\t\t\t<img decoding=\"async\" src=\"https:\/\/viva-ferien.ch\/wp-content\/uploads\/2024\/09\/mf18246522-1024x576.jpg\" alt=\"Residenz am See A304-3\" \/>\n\t\t\t\t\t\t<\/a>\n\t\t\t\t\t<\/li>\n\t\t\t\t\t\t\t\t\t<li>\n\t\t\t\t\t\t<a href=\"https:\/\/viva-ferien.ch\/it\/unterkuenfte\/residenz-am-see-a304-2\/\">\n\t\t\t\t\t\t\t<img decoding=\"async\" src=\"https:\/\/viva-ferien.ch\/wp-content\/uploads\/2024\/09\/mf18332983-1024x576.jpg\" alt=\"Residenz am See A304-4\" \/>\n\t\t\t\t\t\t<\/a>\n\t\t\t\t\t<\/li>\n\t\t\t\t\t\t\t<\/ul>\n\t\t<\/div>\n\t\t<div class=\"info-wrapper\">\n\t\t\t<div>\n\t\t\t\t<a href=\"https:\/\/viva-ferien.ch\/it\/unterkuenfte\/residenz-am-see-a304-2\/\">\n\t\t\t\t\t<div class=\"description-wrapper\">\n\t\t\t\t\t\t<p class=\"image-description uppercase\"><strong>St. Moritz<\/strong><\/p>\t\t\t\n\t\t\t\t\t\t<div class=\"wrap-classification\">\t\n\t\t\t\t\t\t\t\t\t\t\t\t\t\t<h3>Residenz am See A304<\/h3>\n\t\t\t\t\t\t\t<div class=\"classification\"><img decoding=\"async\" src=\"\/wp-content\/themes\/vivaferien\/assets\/images\/VIVA_Icon_Klassifizierung_Voll.png\" alt=\"Star\"><img decoding=\"async\" src=\"\/wp-content\/themes\/vivaferien\/assets\/images\/VIVA_Icon_Klassifizierung_Voll.png\" alt=\"Star\"><img decoding=\"async\" src=\"\/wp-content\/themes\/vivaferien\/assets\/images\/VIVA_Icon_Klassifizierung_Voll.png\" alt=\"Star\"><\/div>\t\t\t\t\t\t<\/div>\n\t\t\t\t\t<\/div>\n\t\t\t\t\t<hr>\n\t\t\t\t\t<\/hr>\n\t\t\t\t\t<div class=\"properties-wrapper\">\n\t\t\t\t\t\t<div>\n\t\t\t\t\t\t\t<!-- <p class=\"big-p\"><div class=\"image-description\">Ab<\/div><\/p>p_6885 -->\n\t\t\t\t\t\t\t<p class=\"big-p\"><div class=\"image-description\">Da<\/div><span class=\"currency\">CHF<\/span> <span class=\"price\" data-price=\"9200\">92,00<\/span><\/p>\n\t\t\t\t\t\t<\/div>\n\t\t\t\t\t\t<div class=\"add-border show-on-hover\"><\/div>\n\t\t\t\t\t\t<div class=\"show-on-hover\">\n\t\t\t\t\t\t\t<p class=\"big-p\"><div class=\"image-description\">Ospiti<\/div>2<\/p>\n\t\t\t\t\t\t<\/div>\n\t\t\t\t\t\t<div class=\"add-border show-on-hover\"><\/div>\n\t\t\t\t\t\t<div class=\"show-on-hover\">\n\t\t\t\t\t\t\t<p class=\"big-p\"><div class=\"image-description\">Camere da letto<\/div>1<\/p>\n\t\t\t\t\t\t<\/div>\n\t\t\t\t\t<\/div>\n\t\t\t\t<\/a>\n\t\t\t<\/div>\n\t\t<\/div>\n\t<\/div><\/div><div class=\"swiper-slide\"><div class=\"swiperlisting\">\t\t\t\t<div id=\"slider\" class=\"flexslider\">\n\t\t\t<ul class=\"slides\">\n\t\t\t\t\t\t\t\t\t<li>\n\t\t\t\t\t\t<a href=\"https:\/\/viva-ferien.ch\/it\/unterkuenfte\/maurus-a3-2\/\">\n\t\t\t\t\t\t\t<img decoding=\"async\" src=\"https:\/\/viva-ferien.ch\/wp-content\/uploads\/2022\/11\/mf1961665-1024x640.jpg\" alt=\"Maurus A3-0\" \/>\n\t\t\t\t\t\t<\/a>\n\t\t\t\t\t<\/li>\n\t\t\t\t\t\t\t\t\t<li>\n\t\t\t\t\t\t<a href=\"https:\/\/viva-ferien.ch\/it\/unterkuenfte\/maurus-a3-2\/\">\n\t\t\t\t\t\t\t<img decoding=\"async\" src=\"https:\/\/viva-ferien.ch\/wp-content\/uploads\/2022\/11\/mf1961657-1024x640.jpg\" alt=\"Maurus A3-1\" \/>\n\t\t\t\t\t\t<\/a>\n\t\t\t\t\t<\/li>\n\t\t\t\t\t\t\t\t\t<li>\n\t\t\t\t\t\t<a href=\"https:\/\/viva-ferien.ch\/it\/unterkuenfte\/maurus-a3-2\/\">\n\t\t\t\t\t\t\t<img decoding=\"async\" src=\"https:\/\/viva-ferien.ch\/wp-content\/uploads\/2022\/11\/mf1961666-1024x640.jpg\" alt=\"Maurus A3-2\" \/>\n\t\t\t\t\t\t<\/a>\n\t\t\t\t\t<\/li>\n\t\t\t\t\t\t\t\t\t<li>\n\t\t\t\t\t\t<a href=\"https:\/\/viva-ferien.ch\/it\/unterkuenfte\/maurus-a3-2\/\">\n\t\t\t\t\t\t\t<img decoding=\"async\" src=\"https:\/\/viva-ferien.ch\/wp-content\/uploads\/2022\/11\/mf1961662-1024x640.jpg\" alt=\"Maurus A3-3\" \/>\n\t\t\t\t\t\t<\/a>\n\t\t\t\t\t<\/li>\n\t\t\t\t\t\t\t\t\t<li>\n\t\t\t\t\t\t<a href=\"https:\/\/viva-ferien.ch\/it\/unterkuenfte\/maurus-a3-2\/\">\n\t\t\t\t\t\t\t<img decoding=\"async\" src=\"https:\/\/viva-ferien.ch\/wp-content\/uploads\/2022\/11\/mf1961655-1024x640.jpg\" alt=\"Maurus A3-4\" \/>\n\t\t\t\t\t\t<\/a>\n\t\t\t\t\t<\/li>\n\t\t\t\t\t\t\t<\/ul>\n\t\t<\/div>\n\t\t<div class=\"info-wrapper\">\n\t\t\t<div>\n\t\t\t\t<a href=\"https:\/\/viva-ferien.ch\/it\/unterkuenfte\/maurus-a3-2\/\">\n\t\t\t\t\t<div class=\"description-wrapper\">\n\t\t\t\t\t\t<p class=\"image-description uppercase\"><strong>St. Moritz<\/strong><\/p>\t\t\t\n\t\t\t\t\t\t<div class=\"wrap-classification\">\t\n\t\t\t\t\t\t\t\t\t\t\t\t\t\t<h3>Maurus A3<\/h3>\n\t\t\t\t\t\t\t<div class=\"classification\"><img decoding=\"async\" src=\"\/wp-content\/themes\/vivaferien\/assets\/images\/VIVA_Icon_Klassifizierung_Voll.png\" alt=\"Star\"><img decoding=\"async\" src=\"\/wp-content\/themes\/vivaferien\/assets\/images\/VIVA_Icon_Klassifizierung_Voll.png\" alt=\"Star\"><img decoding=\"async\" src=\"\/wp-content\/themes\/vivaferien\/assets\/images\/VIVA_Icon_Klassifizierung_Voll.png\" alt=\"Star\"><\/div>\t\t\t\t\t\t<\/div>\n\t\t\t\t\t<\/div>\n\t\t\t\t\t<hr>\n\t\t\t\t\t<\/hr>\n\t\t\t\t\t<div class=\"properties-wrapper\">\n\t\t\t\t\t\t<div>\n\t\t\t\t\t\t\t<!-- <p class=\"big-p\"><div class=\"image-description\">Ab<\/div><\/p>p_6885 -->\n\t\t\t\t\t\t\t<p class=\"big-p\"><div class=\"image-description\">Da<\/div><span class=\"currency\">CHF<\/span> <span class=\"price\" data-price=\"11800\">118,00<\/span><\/p>\n\t\t\t\t\t\t<\/div>\n\t\t\t\t\t\t<div class=\"add-border show-on-hover\"><\/div>\n\t\t\t\t\t\t<div class=\"show-on-hover\">\n\t\t\t\t\t\t\t<p class=\"big-p\"><div class=\"image-description\">Ospiti<\/div>2<\/p>\n\t\t\t\t\t\t<\/div>\n\t\t\t\t\t\t<div class=\"add-border show-on-hover\"><\/div>\n\t\t\t\t\t\t<div class=\"show-on-hover\">\n\t\t\t\t\t\t\t<p class=\"big-p\"><div class=\"image-description\">Camere da letto<\/div>1<\/p>\n\t\t\t\t\t\t<\/div>\n\t\t\t\t\t<\/div>\n\t\t\t\t<\/a>\n\t\t\t<\/div>\n\t\t<\/div>\n\t<\/div><\/div><div class=\"swiper-slide\"><div class=\"swiperlisting\">\t\t\t\t<div id=\"slider\" class=\"flexslider\">\n\t\t\t<ul class=\"slides\">\n\t\t\t\t\t\t\t\t\t<li>\n\t\t\t\t\t\t<a href=\"https:\/\/viva-ferien.ch\/it\/unterkuenfte\/residenz-am-see-b107-2\/\">\n\t\t\t\t\t\t\t<img decoding=\"async\" src=\"https:\/\/viva-ferien.ch\/wp-content\/uploads\/2024\/09\/mf18447635-1024x576.jpg\" alt=\"Residenz am See B107-0\" \/>\n\t\t\t\t\t\t<\/a>\n\t\t\t\t\t<\/li>\n\t\t\t\t\t\t\t\t\t<li>\n\t\t\t\t\t\t<a href=\"https:\/\/viva-ferien.ch\/it\/unterkuenfte\/residenz-am-see-b107-2\/\">\n\t\t\t\t\t\t\t<img decoding=\"async\" src=\"https:\/\/viva-ferien.ch\/wp-content\/uploads\/2024\/09\/mf18447636-1024x576.jpg\" alt=\"Residenz am See B107-1\" \/>\n\t\t\t\t\t\t<\/a>\n\t\t\t\t\t<\/li>\n\t\t\t\t\t\t\t\t\t<li>\n\t\t\t\t\t\t<a href=\"https:\/\/viva-ferien.ch\/it\/unterkuenfte\/residenz-am-see-b107-2\/\">\n\t\t\t\t\t\t\t<img decoding=\"async\" src=\"https:\/\/viva-ferien.ch\/wp-content\/uploads\/2024\/09\/mf18447645-1024x576.jpg\" alt=\"Residenz am See B107-2\" \/>\n\t\t\t\t\t\t<\/a>\n\t\t\t\t\t<\/li>\n\t\t\t\t\t\t\t\t\t<li>\n\t\t\t\t\t\t<a href=\"https:\/\/viva-ferien.ch\/it\/unterkuenfte\/residenz-am-see-b107-2\/\">\n\t\t\t\t\t\t\t<img decoding=\"async\" src=\"https:\/\/viva-ferien.ch\/wp-content\/uploads\/2024\/09\/mf18447648-1024x576.jpg\" alt=\"Residenz am See B107-3\" \/>\n\t\t\t\t\t\t<\/a>\n\t\t\t\t\t<\/li>\n\t\t\t\t\t\t\t\t\t<li>\n\t\t\t\t\t\t<a href=\"https:\/\/viva-ferien.ch\/it\/unterkuenfte\/residenz-am-see-b107-2\/\">\n\t\t\t\t\t\t\t<img decoding=\"async\" src=\"https:\/\/viva-ferien.ch\/wp-content\/uploads\/2024\/09\/mf18447649-1024x576.jpg\" alt=\"Residenz am See B107-4\" \/>\n\t\t\t\t\t\t<\/a>\n\t\t\t\t\t<\/li>\n\t\t\t\t\t\t\t<\/ul>\n\t\t<\/div>\n\t\t<div class=\"info-wrapper\">\n\t\t\t<div>\n\t\t\t\t<a href=\"https:\/\/viva-ferien.ch\/it\/unterkuenfte\/residenz-am-see-b107-2\/\">\n\t\t\t\t\t<div class=\"description-wrapper\">\n\t\t\t\t\t\t<p class=\"image-description uppercase\"><strong>St. Moritz<\/strong><\/p>\t\t\t\n\t\t\t\t\t\t<div class=\"wrap-classification\">\t\n\t\t\t\t\t\t\t\t\t\t\t\t\t\t<h3>Residenz am See B107<\/h3>\n\t\t\t\t\t\t\t<div class=\"classification\"><img decoding=\"async\" src=\"\/wp-content\/themes\/vivaferien\/assets\/images\/VIVA_Icon_Klassifizierung_Voll.png\" alt=\"Star\"><img decoding=\"async\" src=\"\/wp-content\/themes\/vivaferien\/assets\/images\/VIVA_Icon_Klassifizierung_Voll.png\" alt=\"Star\"><img decoding=\"async\" src=\"\/wp-content\/themes\/vivaferien\/assets\/images\/VIVA_Icon_Klassifizierung_Voll.png\" alt=\"Star\"><\/div>\t\t\t\t\t\t<\/div>\n\t\t\t\t\t<\/div>\n\t\t\t\t\t<hr>\n\t\t\t\t\t<\/hr>\n\t\t\t\t\t<div class=\"properties-wrapper\">\n\t\t\t\t\t\t<div>\n\t\t\t\t\t\t\t<!-- <p class=\"big-p\"><div class=\"image-description\">Ab<\/div><\/p>p_6885 -->\n\t\t\t\t\t\t\t<p class=\"big-p\"><div class=\"image-description\">Da<\/div><span class=\"currency\">CHF<\/span> <span class=\"price\" data-price=\"10600\">106,00<\/span><\/p>\n\t\t\t\t\t\t<\/div>\n\t\t\t\t\t\t<div class=\"add-border show-on-hover\"><\/div>\n\t\t\t\t\t\t<div class=\"show-on-hover\">\n\t\t\t\t\t\t\t<p class=\"big-p\"><div class=\"image-description\">Ospiti<\/div>4<\/p>\n\t\t\t\t\t\t<\/div>\n\t\t\t\t\t\t<div class=\"add-border show-on-hover\"><\/div>\n\t\t\t\t\t\t<div class=\"show-on-hover\">\n\t\t\t\t\t\t\t<p class=\"big-p\"><div class=\"image-description\">Camere da letto<\/div>1<\/p>\n\t\t\t\t\t\t<\/div>\n\t\t\t\t\t<\/div>\n\t\t\t\t<\/a>\n\t\t\t<\/div>\n\t\t<\/div>\n\t<\/div><\/div><div class=\"swiper-slide\"><div class=\"swiperlisting\">\t\t\t\t<div id=\"slider\" class=\"flexslider\">\n\t\t\t<ul class=\"slides\">\n\t\t\t\t\t\t\t\t\t<li>\n\t\t\t\t\t\t<a href=\"https:\/\/viva-ferien.ch\/it\/unterkuenfte\/ludains-18-2\/\">\n\t\t\t\t\t\t\t<img decoding=\"async\" src=\"https:\/\/viva-ferien.ch\/wp-content\/uploads\/2024\/04\/mf16119943-1024x576.jpg\" alt=\"Ludains 18-0\" \/>\n\t\t\t\t\t\t<\/a>\n\t\t\t\t\t<\/li>\n\t\t\t\t\t\t\t\t\t<li>\n\t\t\t\t\t\t<a href=\"https:\/\/viva-ferien.ch\/it\/unterkuenfte\/ludains-18-2\/\">\n\t\t\t\t\t\t\t<img decoding=\"async\" src=\"https:\/\/viva-ferien.ch\/wp-content\/uploads\/2024\/04\/mf16119947-1024x576.jpg\" alt=\"Ludains 18-1\" \/>\n\t\t\t\t\t\t<\/a>\n\t\t\t\t\t<\/li>\n\t\t\t\t\t\t\t\t\t<li>\n\t\t\t\t\t\t<a href=\"https:\/\/viva-ferien.ch\/it\/unterkuenfte\/ludains-18-2\/\">\n\t\t\t\t\t\t\t<img decoding=\"async\" src=\"https:\/\/viva-ferien.ch\/wp-content\/uploads\/2024\/04\/mf16119945-1024x576.jpg\" alt=\"Ludains 18-2\" \/>\n\t\t\t\t\t\t<\/a>\n\t\t\t\t\t<\/li>\n\t\t\t\t\t\t\t\t\t<li>\n\t\t\t\t\t\t<a href=\"https:\/\/viva-ferien.ch\/it\/unterkuenfte\/ludains-18-2\/\">\n\t\t\t\t\t\t\t<img decoding=\"async\" src=\"https:\/\/viva-ferien.ch\/wp-content\/uploads\/2024\/04\/mf16119948-1024x576.jpg\" alt=\"Ludains 18-3\" \/>\n\t\t\t\t\t\t<\/a>\n\t\t\t\t\t<\/li>\n\t\t\t\t\t\t\t\t\t<li>\n\t\t\t\t\t\t<a href=\"https:\/\/viva-ferien.ch\/it\/unterkuenfte\/ludains-18-2\/\">\n\t\t\t\t\t\t\t<img decoding=\"async\" src=\"https:\/\/viva-ferien.ch\/wp-content\/uploads\/2024\/04\/mf16119964-1024x576.jpg\" alt=\"Ludains 18-4\" \/>\n\t\t\t\t\t\t<\/a>\n\t\t\t\t\t<\/li>\n\t\t\t\t\t\t\t<\/ul>\n\t\t<\/div>\n\t\t<div class=\"info-wrapper\">\n\t\t\t<div>\n\t\t\t\t<a href=\"https:\/\/viva-ferien.ch\/it\/unterkuenfte\/ludains-18-2\/\">\n\t\t\t\t\t<div class=\"description-wrapper\">\n\t\t\t\t\t\t<p class=\"image-description uppercase\"><strong>St. Moritz<\/strong><\/p>\t\t\t\n\t\t\t\t\t\t<div class=\"wrap-classification\">\t\n\t\t\t\t\t\t\t\t\t\t\t\t\t\t<h3>Ludains 18<\/h3>\n\t\t\t\t\t\t\t<div class=\"classification\"><img decoding=\"async\" src=\"\/wp-content\/themes\/vivaferien\/assets\/images\/VIVA_Icon_Klassifizierung_Voll.png\" alt=\"Star\"><img decoding=\"async\" src=\"\/wp-content\/themes\/vivaferien\/assets\/images\/VIVA_Icon_Klassifizierung_Voll.png\" alt=\"Star\"><img decoding=\"async\" src=\"\/wp-content\/themes\/vivaferien\/assets\/images\/VIVA_Icon_Klassifizierung_Voll.png\" alt=\"Star\"><img decoding=\"async\" src=\"\/wp-content\/themes\/vivaferien\/assets\/images\/VIVA_Icon_Klassifizierung_Voll.png\" alt=\"Star\"><\/div>\t\t\t\t\t\t<\/div>\n\t\t\t\t\t<\/div>\n\t\t\t\t\t<hr>\n\t\t\t\t\t<\/hr>\n\t\t\t\t\t<div class=\"properties-wrapper\">\n\t\t\t\t\t\t<div>\n\t\t\t\t\t\t\t<!-- <p class=\"big-p\"><div class=\"image-description\">Ab<\/div><\/p>p_6885 -->\n\t\t\t\t\t\t\t<p class=\"big-p\"><div class=\"image-description\">Da<\/div><span class=\"currency\">CHF<\/span> <span class=\"price\" data-price=\"18300\">183,00<\/span><\/p>\n\t\t\t\t\t\t<\/div>\n\t\t\t\t\t\t<div class=\"add-border show-on-hover\"><\/div>\n\t\t\t\t\t\t<div class=\"show-on-hover\">\n\t\t\t\t\t\t\t<p class=\"big-p\"><div class=\"image-description\">Ospiti<\/div>4<\/p>\n\t\t\t\t\t\t<\/div>\n\t\t\t\t\t\t<div class=\"add-border show-on-hover\"><\/div>\n\t\t\t\t\t\t<div class=\"show-on-hover\">\n\t\t\t\t\t\t\t<p class=\"big-p\"><div class=\"image-description\">Camere da letto<\/div>2<\/p>\n\t\t\t\t\t\t<\/div>\n\t\t\t\t\t<\/div>\n\t\t\t\t<\/a>\n\t\t\t<\/div>\n\t\t<\/div>\n\t<\/div><\/div><div class=\"swiper-slide\"><div class=\"swiperlisting\">\t\t\t\t<div id=\"slider\" class=\"flexslider\">\n\t\t\t<ul class=\"slides\">\n\t\t\t\t\t\t\t\t\t<li>\n\t\t\t\t\t\t<a href=\"https:\/\/viva-ferien.ch\/it\/unterkuenfte\/brattas-40-2\/\">\n\t\t\t\t\t\t\t<img decoding=\"async\" src=\"https:\/\/viva-ferien.ch\/wp-content\/uploads\/2025\/03\/mf20699339-1024x576.jpg\" alt=\"Brattas 40-0\" \/>\n\t\t\t\t\t\t<\/a>\n\t\t\t\t\t<\/li>\n\t\t\t\t\t\t\t\t\t<li>\n\t\t\t\t\t\t<a href=\"https:\/\/viva-ferien.ch\/it\/unterkuenfte\/brattas-40-2\/\">\n\t\t\t\t\t\t\t<img decoding=\"async\" src=\"https:\/\/viva-ferien.ch\/wp-content\/uploads\/2025\/03\/mf20699368-1024x576.jpg\" alt=\"Brattas 40-1\" \/>\n\t\t\t\t\t\t<\/a>\n\t\t\t\t\t<\/li>\n\t\t\t\t\t\t\t\t\t<li>\n\t\t\t\t\t\t<a href=\"https:\/\/viva-ferien.ch\/it\/unterkuenfte\/brattas-40-2\/\">\n\t\t\t\t\t\t\t<img decoding=\"async\" src=\"https:\/\/viva-ferien.ch\/wp-content\/uploads\/2025\/03\/mf20699343-1024x576.jpg\" alt=\"Brattas 40-2\" \/>\n\t\t\t\t\t\t<\/a>\n\t\t\t\t\t<\/li>\n\t\t\t\t\t\t\t\t\t<li>\n\t\t\t\t\t\t<a href=\"https:\/\/viva-ferien.ch\/it\/unterkuenfte\/brattas-40-2\/\">\n\t\t\t\t\t\t\t<img decoding=\"async\" src=\"https:\/\/viva-ferien.ch\/wp-content\/uploads\/2025\/03\/mf20699336-1024x576.jpg\" alt=\"Brattas 40-3\" \/>\n\t\t\t\t\t\t<\/a>\n\t\t\t\t\t<\/li>\n\t\t\t\t\t\t\t\t\t<li>\n\t\t\t\t\t\t<a href=\"https:\/\/viva-ferien.ch\/it\/unterkuenfte\/brattas-40-2\/\">\n\t\t\t\t\t\t\t<img decoding=\"async\" src=\"https:\/\/viva-ferien.ch\/wp-content\/uploads\/2025\/03\/mf20699340-1024x576.jpg\" alt=\"Brattas 40-4\" \/>\n\t\t\t\t\t\t<\/a>\n\t\t\t\t\t<\/li>\n\t\t\t\t\t\t\t<\/ul>\n\t\t<\/div>\n\t\t<div class=\"info-wrapper\">\n\t\t\t<div>\n\t\t\t\t<a href=\"https:\/\/viva-ferien.ch\/it\/unterkuenfte\/brattas-40-2\/\">\n\t\t\t\t\t<div class=\"description-wrapper\">\n\t\t\t\t\t\t<p class=\"image-description uppercase\"><strong>St. Moritz<\/strong><\/p>\t\t\t\n\t\t\t\t\t\t<div class=\"wrap-classification\">\t\n\t\t\t\t\t\t\t\t\t\t\t\t\t\t<img decoding=\"async\" src=\"\/wp-content\/themes\/vivaferien\/assets\/images\/VIVA_Select.svg\" alt=\"Viva-Select-Icon\" class=\"vivaselect-wrapper\">\n\t\t\t\t\t\t\t\t\t\t\t\t\t\t<h3>Brattas 40<\/h3>\n\t\t\t\t\t\t\t<div class=\"classification\"><img decoding=\"async\" src=\"\/wp-content\/themes\/vivaferien\/assets\/images\/VIVA_Icon_Klassifizierung_Voll.png\" alt=\"Star\"><img decoding=\"async\" src=\"\/wp-content\/themes\/vivaferien\/assets\/images\/VIVA_Icon_Klassifizierung_Voll.png\" alt=\"Star\"><img decoding=\"async\" src=\"\/wp-content\/themes\/vivaferien\/assets\/images\/VIVA_Icon_Klassifizierung_Voll.png\" alt=\"Star\"><img decoding=\"async\" src=\"\/wp-content\/themes\/vivaferien\/assets\/images\/VIVA_Icon_Klassifizierung_Voll.png\" alt=\"Star\"><img decoding=\"async\" src=\"\/wp-content\/themes\/vivaferien\/assets\/images\/VIVA_Icon_Klassifizierung_Halb.png\" alt=\"half-full Star\"><\/div>\t\t\t\t\t\t<\/div>\n\t\t\t\t\t<\/div>\n\t\t\t\t\t<hr>\n\t\t\t\t\t<\/hr>\n\t\t\t\t\t<div class=\"properties-wrapper\">\n\t\t\t\t\t\t<div>\n\t\t\t\t\t\t\t<!-- <p class=\"big-p\"><div class=\"image-description\">Ab<\/div><\/p>p_6885 -->\n\t\t\t\t\t\t\t<p class=\"big-p\"><div class=\"image-description\">Da<\/div><span class=\"currency\">CHF<\/span> <span class=\"price\" data-price=\"20500\">205,00<\/span><\/p>\n\t\t\t\t\t\t<\/div>\n\t\t\t\t\t\t<div class=\"add-border show-on-hover\"><\/div>\n\t\t\t\t\t\t<div class=\"show-on-hover\">\n\t\t\t\t\t\t\t<p class=\"big-p\"><div class=\"image-description\">Ospiti<\/div>6<\/p>\n\t\t\t\t\t\t<\/div>\n\t\t\t\t\t\t<div class=\"add-border show-on-hover\"><\/div>\n\t\t\t\t\t\t<div class=\"show-on-hover\">\n\t\t\t\t\t\t\t<p class=\"big-p\"><div class=\"image-description\">Camere da letto<\/div>3<\/p>\n\t\t\t\t\t\t<\/div>\n\t\t\t\t\t<\/div>\n\t\t\t\t<\/a>\n\t\t\t<\/div>\n\t\t<\/div>\n\t<\/div><\/div><div class=\"swiper-slide\"><div class=\"swiperlisting\">\t\t\t\t<div id=\"slider\" class=\"flexslider\">\n\t\t\t<ul class=\"slides\">\n\t\t\t\t\t\t\t\t\t<li>\n\t\t\t\t\t\t<a href=\"https:\/\/viva-ferien.ch\/it\/unterkuenfte\/residenz-am-see-a206-2\/\">\n\t\t\t\t\t\t\t<img decoding=\"async\" src=\"https:\/\/viva-ferien.ch\/wp-content\/uploads\/2024\/09\/mf18254397-1024x576.jpg\" alt=\"Residenz am See A206-0\" \/>\n\t\t\t\t\t\t<\/a>\n\t\t\t\t\t<\/li>\n\t\t\t\t\t\t\t\t\t<li>\n\t\t\t\t\t\t<a href=\"https:\/\/viva-ferien.ch\/it\/unterkuenfte\/residenz-am-see-a206-2\/\">\n\t\t\t\t\t\t\t<img decoding=\"async\" src=\"https:\/\/viva-ferien.ch\/wp-content\/uploads\/2024\/09\/mf18254398-1024x576.jpg\" alt=\"Residenz am See A206-1\" \/>\n\t\t\t\t\t\t<\/a>\n\t\t\t\t\t<\/li>\n\t\t\t\t\t\t\t\t\t<li>\n\t\t\t\t\t\t<a href=\"https:\/\/viva-ferien.ch\/it\/unterkuenfte\/residenz-am-see-a206-2\/\">\n\t\t\t\t\t\t\t<img decoding=\"async\" src=\"https:\/\/viva-ferien.ch\/wp-content\/uploads\/2024\/09\/mf18254401-1024x576.jpg\" alt=\"Residenz am See A206-2\" \/>\n\t\t\t\t\t\t<\/a>\n\t\t\t\t\t<\/li>\n\t\t\t\t\t\t\t\t\t<li>\n\t\t\t\t\t\t<a href=\"https:\/\/viva-ferien.ch\/it\/unterkuenfte\/residenz-am-see-a206-2\/\">\n\t\t\t\t\t\t\t<img decoding=\"async\" src=\"https:\/\/viva-ferien.ch\/wp-content\/uploads\/2024\/09\/mf18254405-1024x576.jpg\" alt=\"Residenz am See A206-3\" \/>\n\t\t\t\t\t\t<\/a>\n\t\t\t\t\t<\/li>\n\t\t\t\t\t\t\t\t\t<li>\n\t\t\t\t\t\t<a href=\"https:\/\/viva-ferien.ch\/it\/unterkuenfte\/residenz-am-see-a206-2\/\">\n\t\t\t\t\t\t\t<img decoding=\"async\" src=\"https:\/\/viva-ferien.ch\/wp-content\/uploads\/2024\/09\/mf18254396-1024x576.jpg\" alt=\"Residenz am See A206-4\" \/>\n\t\t\t\t\t\t<\/a>\n\t\t\t\t\t<\/li>\n\t\t\t\t\t\t\t<\/ul>\n\t\t<\/div>\n\t\t<div class=\"info-wrapper\">\n\t\t\t<div>\n\t\t\t\t<a href=\"https:\/\/viva-ferien.ch\/it\/unterkuenfte\/residenz-am-see-a206-2\/\">\n\t\t\t\t\t<div class=\"description-wrapper\">\n\t\t\t\t\t\t<p class=\"image-description uppercase\"><strong>St. Moritz<\/strong><\/p>\t\t\t\n\t\t\t\t\t\t<div class=\"wrap-classification\">\t\n\t\t\t\t\t\t\t\t\t\t\t\t\t\t<h3>Residenz am See A206<\/h3>\n\t\t\t\t\t\t\t<div class=\"classification\"><img decoding=\"async\" src=\"\/wp-content\/themes\/vivaferien\/assets\/images\/VIVA_Icon_Klassifizierung_Voll.png\" alt=\"Star\"><img decoding=\"async\" src=\"\/wp-content\/themes\/vivaferien\/assets\/images\/VIVA_Icon_Klassifizierung_Voll.png\" alt=\"Star\"><img decoding=\"async\" src=\"\/wp-content\/themes\/vivaferien\/assets\/images\/VIVA_Icon_Klassifizierung_Halb.png\" alt=\"half-full Star\"><\/div>\t\t\t\t\t\t<\/div>\n\t\t\t\t\t<\/div>\n\t\t\t\t\t<hr>\n\t\t\t\t\t<\/hr>\n\t\t\t\t\t<div class=\"properties-wrapper\">\n\t\t\t\t\t\t<div>\n\t\t\t\t\t\t\t<!-- <p class=\"big-p\"><div class=\"image-description\">Ab<\/div><\/p>p_6885 -->\n\t\t\t\t\t\t\t<p class=\"big-p\"><div class=\"image-description\">Da<\/div><span class=\"currency\">CHF<\/span> <span class=\"price\" data-price=\"9200\">92,00<\/span><\/p>\n\t\t\t\t\t\t<\/div>\n\t\t\t\t\t\t<div class=\"add-border show-on-hover\"><\/div>\n\t\t\t\t\t\t<div class=\"show-on-hover\">\n\t\t\t\t\t\t\t<p class=\"big-p\"><div class=\"image-description\">Ospiti<\/div>2<\/p>\n\t\t\t\t\t\t<\/div>\n\t\t\t\t\t\t<div class=\"add-border show-on-hover\"><\/div>\n\t\t\t\t\t\t<div class=\"show-on-hover\">\n\t\t\t\t\t\t\t<p class=\"big-p\"><div class=\"image-description\">Camere da letto<\/div>1<\/p>\n\t\t\t\t\t\t<\/div>\n\t\t\t\t\t<\/div>\n\t\t\t\t<\/a>\n\t\t\t<\/div>\n\t\t<\/div>\n\t<\/div><\/div><div class=\"swiper-slide\"><div class=\"swiperlisting\">\t\t\t\t<div id=\"slider\" class=\"flexslider\">\n\t\t\t<ul class=\"slides\">\n\t\t\t\t\t\t\t\t\t<li>\n\t\t\t\t\t\t<a href=\"https:\/\/viva-ferien.ch\/it\/unterkuenfte\/au-reduit-u06-2\/\">\n\t\t\t\t\t\t\t<img decoding=\"async\" src=\"https:\/\/viva-ferien.ch\/wp-content\/uploads\/2022\/11\/mf2369275-1024x640.jpg\" alt=\"Au Reduit U06-0\" \/>\n\t\t\t\t\t\t<\/a>\n\t\t\t\t\t<\/li>\n\t\t\t\t\t\t\t\t\t<li>\n\t\t\t\t\t\t<a href=\"https:\/\/viva-ferien.ch\/it\/unterkuenfte\/au-reduit-u06-2\/\">\n\t\t\t\t\t\t\t<img decoding=\"async\" src=\"https:\/\/viva-ferien.ch\/wp-content\/uploads\/2022\/11\/mf2369276-1024x640.jpg\" alt=\"Au Reduit U06-1\" \/>\n\t\t\t\t\t\t<\/a>\n\t\t\t\t\t<\/li>\n\t\t\t\t\t\t\t\t\t<li>\n\t\t\t\t\t\t<a href=\"https:\/\/viva-ferien.ch\/it\/unterkuenfte\/au-reduit-u06-2\/\">\n\t\t\t\t\t\t\t<img decoding=\"async\" src=\"https:\/\/viva-ferien.ch\/wp-content\/uploads\/2022\/11\/mf2369277-1024x640.jpg\" alt=\"Au Reduit U06-2\" \/>\n\t\t\t\t\t\t<\/a>\n\t\t\t\t\t<\/li>\n\t\t\t\t\t\t\t\t\t<li>\n\t\t\t\t\t\t<a href=\"https:\/\/viva-ferien.ch\/it\/unterkuenfte\/au-reduit-u06-2\/\">\n\t\t\t\t\t\t\t<img decoding=\"async\" src=\"https:\/\/viva-ferien.ch\/wp-content\/uploads\/2022\/11\/mf2369281-1024x640.jpg\" alt=\"Au Reduit U06-3\" \/>\n\t\t\t\t\t\t<\/a>\n\t\t\t\t\t<\/li>\n\t\t\t\t\t\t\t\t\t<li>\n\t\t\t\t\t\t<a href=\"https:\/\/viva-ferien.ch\/it\/unterkuenfte\/au-reduit-u06-2\/\">\n\t\t\t\t\t\t\t<img decoding=\"async\" src=\"https:\/\/viva-ferien.ch\/wp-content\/uploads\/2022\/11\/mf2369282-1024x640.jpg\" alt=\"Au Reduit U06-4\" \/>\n\t\t\t\t\t\t<\/a>\n\t\t\t\t\t<\/li>\n\t\t\t\t\t\t\t<\/ul>\n\t\t<\/div>\n\t\t<div class=\"info-wrapper\">\n\t\t\t<div>\n\t\t\t\t<a href=\"https:\/\/viva-ferien.ch\/it\/unterkuenfte\/au-reduit-u06-2\/\">\n\t\t\t\t\t<div class=\"description-wrapper\">\n\t\t\t\t\t\t<p class=\"image-description uppercase\"><strong>St. Moritz<\/strong><\/p>\t\t\t\n\t\t\t\t\t\t<div class=\"wrap-classification\">\t\n\t\t\t\t\t\t\t\t\t\t\t\t\t\t<h3>Au Reduit U06<\/h3>\n\t\t\t\t\t\t\t<div class=\"classification\"><img decoding=\"async\" src=\"\/wp-content\/themes\/vivaferien\/assets\/images\/VIVA_Icon_Klassifizierung_Voll.png\" alt=\"Star\"><img decoding=\"async\" src=\"\/wp-content\/themes\/vivaferien\/assets\/images\/VIVA_Icon_Klassifizierung_Voll.png\" alt=\"Star\"><img decoding=\"async\" src=\"\/wp-content\/themes\/vivaferien\/assets\/images\/VIVA_Icon_Klassifizierung_Voll.png\" alt=\"Star\"><img decoding=\"async\" src=\"\/wp-content\/themes\/vivaferien\/assets\/images\/VIVA_Icon_Klassifizierung_Voll.png\" alt=\"Star\"><\/div>\t\t\t\t\t\t<\/div>\n\t\t\t\t\t<\/div>\n\t\t\t\t\t<hr>\n\t\t\t\t\t<\/hr>\n\t\t\t\t\t<div class=\"properties-wrapper\">\n\t\t\t\t\t\t<div>\n\t\t\t\t\t\t\t<!-- <p class=\"big-p\"><div class=\"image-description\">Ab<\/div><\/p>p_6885 -->\n\t\t\t\t\t\t\t<p class=\"big-p\"><div class=\"image-description\">Da<\/div><span class=\"currency\">CHF<\/span> <span class=\"price\" data-price=\"20500\">205,00<\/span><\/p>\n\t\t\t\t\t\t<\/div>\n\t\t\t\t\t\t<div class=\"add-border show-on-hover\"><\/div>\n\t\t\t\t\t\t<div class=\"show-on-hover\">\n\t\t\t\t\t\t\t<p class=\"big-p\"><div class=\"image-description\">Ospiti<\/div>5<\/p>\n\t\t\t\t\t\t<\/div>\n\t\t\t\t\t\t<div class=\"add-border show-on-hover\"><\/div>\n\t\t\t\t\t\t<div class=\"show-on-hover\">\n\t\t\t\t\t\t\t<p class=\"big-p\"><div class=\"image-description\">Camere da letto<\/div>2<\/p>\n\t\t\t\t\t\t<\/div>\n\t\t\t\t\t<\/div>\n\t\t\t\t<\/a>\n\t\t\t<\/div>\n\t\t<\/div>\n\t<\/div><\/div><div class=\"swiper-slide\"><div class=\"swiperlisting\">\t\t\t\t<div id=\"slider\" class=\"flexslider\">\n\t\t\t<ul class=\"slides\">\n\t\t\t\t\t\t\t\t\t<li>\n\t\t\t\t\t\t<a href=\"https:\/\/viva-ferien.ch\/it\/unterkuenfte\/madulaina-6b-2\/\">\n\t\t\t\t\t\t\t<img decoding=\"async\" src=\"https:\/\/viva-ferien.ch\/wp-content\/uploads\/2022\/11\/mf2476501-1024x640.jpg\" alt=\"Madulaina 6B-0\" \/>\n\t\t\t\t\t\t<\/a>\n\t\t\t\t\t<\/li>\n\t\t\t\t\t\t\t\t\t<li>\n\t\t\t\t\t\t<a href=\"https:\/\/viva-ferien.ch\/it\/unterkuenfte\/madulaina-6b-2\/\">\n\t\t\t\t\t\t\t<img decoding=\"async\" src=\"https:\/\/viva-ferien.ch\/wp-content\/uploads\/2022\/11\/mf2476500-1024x640.jpg\" alt=\"Madulaina 6B-1\" \/>\n\t\t\t\t\t\t<\/a>\n\t\t\t\t\t<\/li>\n\t\t\t\t\t\t\t\t\t<li>\n\t\t\t\t\t\t<a href=\"https:\/\/viva-ferien.ch\/it\/unterkuenfte\/madulaina-6b-2\/\">\n\t\t\t\t\t\t\t<img decoding=\"async\" src=\"https:\/\/viva-ferien.ch\/wp-content\/uploads\/2022\/11\/mf2476503-1024x640.jpg\" alt=\"Madulaina 6B-2\" \/>\n\t\t\t\t\t\t<\/a>\n\t\t\t\t\t<\/li>\n\t\t\t\t\t\t\t\t\t<li>\n\t\t\t\t\t\t<a href=\"https:\/\/viva-ferien.ch\/it\/unterkuenfte\/madulaina-6b-2\/\">\n\t\t\t\t\t\t\t<img decoding=\"async\" src=\"https:\/\/viva-ferien.ch\/wp-content\/uploads\/2022\/11\/mf2476504-1024x640.jpg\" alt=\"Madulaina 6B-3\" \/>\n\t\t\t\t\t\t<\/a>\n\t\t\t\t\t<\/li>\n\t\t\t\t\t\t\t\t\t<li>\n\t\t\t\t\t\t<a href=\"https:\/\/viva-ferien.ch\/it\/unterkuenfte\/madulaina-6b-2\/\">\n\t\t\t\t\t\t\t<img decoding=\"async\" src=\"https:\/\/viva-ferien.ch\/wp-content\/uploads\/2022\/11\/mf2476511-1024x640.jpg\" alt=\"Madulaina 6B-4\" \/>\n\t\t\t\t\t\t<\/a>\n\t\t\t\t\t<\/li>\n\t\t\t\t\t\t\t<\/ul>\n\t\t<\/div>\n\t\t<div class=\"info-wrapper\">\n\t\t\t<div>\n\t\t\t\t<a href=\"https:\/\/viva-ferien.ch\/it\/unterkuenfte\/madulaina-6b-2\/\">\n\t\t\t\t\t<div class=\"description-wrapper\">\n\t\t\t\t\t\t<p class=\"image-description uppercase\"><strong>St. Moritz<\/strong><\/p>\t\t\t\n\t\t\t\t\t\t<div class=\"wrap-classification\">\t\n\t\t\t\t\t\t\t\t\t\t\t\t\t\t<h3>Madulaina 6B<\/h3>\n\t\t\t\t\t\t\t<div class=\"classification\"><img decoding=\"async\" src=\"\/wp-content\/themes\/vivaferien\/assets\/images\/VIVA_Icon_Klassifizierung_Voll.png\" alt=\"Star\"><img decoding=\"async\" src=\"\/wp-content\/themes\/vivaferien\/assets\/images\/VIVA_Icon_Klassifizierung_Voll.png\" alt=\"Star\"><img decoding=\"async\" src=\"\/wp-content\/themes\/vivaferien\/assets\/images\/VIVA_Icon_Klassifizierung_Voll.png\" alt=\"Star\"><img decoding=\"async\" src=\"\/wp-content\/themes\/vivaferien\/assets\/images\/VIVA_Icon_Klassifizierung_Halb.png\" alt=\"half-full Star\"><\/div>\t\t\t\t\t\t<\/div>\n\t\t\t\t\t<\/div>\n\t\t\t\t\t<hr>\n\t\t\t\t\t<\/hr>\n\t\t\t\t\t<div class=\"properties-wrapper\">\n\t\t\t\t\t\t<div>\n\t\t\t\t\t\t\t<!-- <p class=\"big-p\"><div class=\"image-description\">Ab<\/div><\/p>p_6885 -->\n\t\t\t\t\t\t\t<p class=\"big-p\"><div class=\"image-description\">Da<\/div><span class=\"currency\">CHF<\/span> <span class=\"price\" data-price=\"10800\">108,00<\/span><\/p>\n\t\t\t\t\t\t<\/div>\n\t\t\t\t\t\t<div class=\"add-border show-on-hover\"><\/div>\n\t\t\t\t\t\t<div class=\"show-on-hover\">\n\t\t\t\t\t\t\t<p class=\"big-p\"><div class=\"image-description\">Ospiti<\/div>4<\/p>\n\t\t\t\t\t\t<\/div>\n\t\t\t\t\t\t<div class=\"add-border show-on-hover\"><\/div>\n\t\t\t\t\t\t<div class=\"show-on-hover\">\n\t\t\t\t\t\t\t<p class=\"big-p\"><div class=\"image-description\">Camere da letto<\/div>1<\/p>\n\t\t\t\t\t\t<\/div>\n\t\t\t\t\t<\/div>\n\t\t\t\t<\/a>\n\t\t\t<\/div>\n\t\t<\/div>\n\t<\/div><\/div><div class=\"swiper-slide\"><div class=\"swiperlisting\">\t\t\t\t<div id=\"slider\" class=\"flexslider\">\n\t\t\t<ul class=\"slides\">\n\t\t\t\t\t\t\t\t\t<li>\n\t\t\t\t\t\t<a href=\"https:\/\/viva-ferien.ch\/it\/unterkuenfte\/residenz-am-see-b307-2\/\">\n\t\t\t\t\t\t\t<img decoding=\"async\" src=\"https:\/\/viva-ferien.ch\/wp-content\/uploads\/2024\/09\/mf18276121-1024x576.jpg\" alt=\"Residenz am See B307-0\" \/>\n\t\t\t\t\t\t<\/a>\n\t\t\t\t\t<\/li>\n\t\t\t\t\t\t\t\t\t<li>\n\t\t\t\t\t\t<a href=\"https:\/\/viva-ferien.ch\/it\/unterkuenfte\/residenz-am-see-b307-2\/\">\n\t\t\t\t\t\t\t<img decoding=\"async\" src=\"https:\/\/viva-ferien.ch\/wp-content\/uploads\/2024\/09\/mf18276123-1024x576.jpg\" alt=\"Residenz am See B307-1\" \/>\n\t\t\t\t\t\t<\/a>\n\t\t\t\t\t<\/li>\n\t\t\t\t\t\t\t\t\t<li>\n\t\t\t\t\t\t<a href=\"https:\/\/viva-ferien.ch\/it\/unterkuenfte\/residenz-am-see-b307-2\/\">\n\t\t\t\t\t\t\t<img decoding=\"async\" src=\"https:\/\/viva-ferien.ch\/wp-content\/uploads\/2024\/09\/mf18276120-1024x576.jpg\" alt=\"Residenz am See B307-2\" \/>\n\t\t\t\t\t\t<\/a>\n\t\t\t\t\t<\/li>\n\t\t\t\t\t\t\t\t\t<li>\n\t\t\t\t\t\t<a href=\"https:\/\/viva-ferien.ch\/it\/unterkuenfte\/residenz-am-see-b307-2\/\">\n\t\t\t\t\t\t\t<img decoding=\"async\" src=\"https:\/\/viva-ferien.ch\/wp-content\/uploads\/2024\/09\/mf18276122-1024x576.jpg\" alt=\"Residenz am See B307-3\" \/>\n\t\t\t\t\t\t<\/a>\n\t\t\t\t\t<\/li>\n\t\t\t\t\t\t\t\t\t<li>\n\t\t\t\t\t\t<a href=\"https:\/\/viva-ferien.ch\/it\/unterkuenfte\/residenz-am-see-b307-2\/\">\n\t\t\t\t\t\t\t<img decoding=\"async\" src=\"https:\/\/viva-ferien.ch\/wp-content\/uploads\/2024\/09\/mf18276118-1024x576.jpg\" alt=\"Residenz am See B307-4\" \/>\n\t\t\t\t\t\t<\/a>\n\t\t\t\t\t<\/li>\n\t\t\t\t\t\t\t<\/ul>\n\t\t<\/div>\n\t\t<div class=\"info-wrapper\">\n\t\t\t<div>\n\t\t\t\t<a href=\"https:\/\/viva-ferien.ch\/it\/unterkuenfte\/residenz-am-see-b307-2\/\">\n\t\t\t\t\t<div class=\"description-wrapper\">\n\t\t\t\t\t\t<p class=\"image-description uppercase\"><strong>St. Moritz<\/strong><\/p>\t\t\t\n\t\t\t\t\t\t<div class=\"wrap-classification\">\t\n\t\t\t\t\t\t\t\t\t\t\t\t\t\t<h3>Residenz am See B307<\/h3>\n\t\t\t\t\t\t\t<div class=\"classification\"><img decoding=\"async\" src=\"\/wp-content\/themes\/vivaferien\/assets\/images\/VIVA_Icon_Klassifizierung_Voll.png\" alt=\"Star\"><img decoding=\"async\" src=\"\/wp-content\/themes\/vivaferien\/assets\/images\/VIVA_Icon_Klassifizierung_Voll.png\" alt=\"Star\"><img decoding=\"async\" src=\"\/wp-content\/themes\/vivaferien\/assets\/images\/VIVA_Icon_Klassifizierung_Voll.png\" alt=\"Star\"><\/div>\t\t\t\t\t\t<\/div>\n\t\t\t\t\t<\/div>\n\t\t\t\t\t<hr>\n\t\t\t\t\t<\/hr>\n\t\t\t\t\t<div class=\"properties-wrapper\">\n\t\t\t\t\t\t<div>\n\t\t\t\t\t\t\t<!-- <p class=\"big-p\"><div class=\"image-description\">Ab<\/div><\/p>p_6885 -->\n\t\t\t\t\t\t\t<p class=\"big-p\"><div class=\"image-description\">Da<\/div><span class=\"currency\">CHF<\/span> <span class=\"price\" data-price=\"10600\">106,00<\/span><\/p>\n\t\t\t\t\t\t<\/div>\n\t\t\t\t\t\t<div class=\"add-border show-on-hover\"><\/div>\n\t\t\t\t\t\t<div class=\"show-on-hover\">\n\t\t\t\t\t\t\t<p class=\"big-p\"><div class=\"image-description\">Ospiti<\/div>4<\/p>\n\t\t\t\t\t\t<\/div>\n\t\t\t\t\t\t<div class=\"add-border show-on-hover\"><\/div>\n\t\t\t\t\t\t<div class=\"show-on-hover\">\n\t\t\t\t\t\t\t<p class=\"big-p\"><div class=\"image-description\">Camere da letto<\/div>1<\/p>\n\t\t\t\t\t\t<\/div>\n\t\t\t\t\t<\/div>\n\t\t\t\t<\/a>\n\t\t\t<\/div>\n\t\t<\/div>\n\t<\/div><\/div><div class=\"swiper-slide\"><div class=\"swiperlisting\">\t\t\t\t<div id=\"slider\" class=\"flexslider\">\n\t\t\t<ul class=\"slides\">\n\t\t\t\t\t\t\t\t\t<li>\n\t\t\t\t\t\t<a href=\"https:\/\/viva-ferien.ch\/it\/unterkuenfte\/residenz-am-see-b108-2\/\">\n\t\t\t\t\t\t\t<img decoding=\"async\" src=\"https:\/\/viva-ferien.ch\/wp-content\/uploads\/2024\/09\/mf18436085-1024x576.jpg\" alt=\"Residenz am See B108-0\" \/>\n\t\t\t\t\t\t<\/a>\n\t\t\t\t\t<\/li>\n\t\t\t\t\t\t\t\t\t<li>\n\t\t\t\t\t\t<a href=\"https:\/\/viva-ferien.ch\/it\/unterkuenfte\/residenz-am-see-b108-2\/\">\n\t\t\t\t\t\t\t<img decoding=\"async\" src=\"https:\/\/viva-ferien.ch\/wp-content\/uploads\/2024\/09\/mf18436084-1024x576.jpg\" alt=\"Residenz am See B108-1\" \/>\n\t\t\t\t\t\t<\/a>\n\t\t\t\t\t<\/li>\n\t\t\t\t\t\t\t\t\t<li>\n\t\t\t\t\t\t<a href=\"https:\/\/viva-ferien.ch\/it\/unterkuenfte\/residenz-am-see-b108-2\/\">\n\t\t\t\t\t\t\t<img decoding=\"async\" src=\"https:\/\/viva-ferien.ch\/wp-content\/uploads\/2024\/09\/mf18436086-1024x576.jpg\" alt=\"Residenz am See B108-2\" \/>\n\t\t\t\t\t\t<\/a>\n\t\t\t\t\t<\/li>\n\t\t\t\t\t\t\t\t\t<li>\n\t\t\t\t\t\t<a href=\"https:\/\/viva-ferien.ch\/it\/unterkuenfte\/residenz-am-see-b108-2\/\">\n\t\t\t\t\t\t\t<img decoding=\"async\" src=\"https:\/\/viva-ferien.ch\/wp-content\/uploads\/2024\/09\/mf18436095-1024x576.jpg\" alt=\"Residenz am See B108-3\" \/>\n\t\t\t\t\t\t<\/a>\n\t\t\t\t\t<\/li>\n\t\t\t\t\t\t\t\t\t<li>\n\t\t\t\t\t\t<a href=\"https:\/\/viva-ferien.ch\/it\/unterkuenfte\/residenz-am-see-b108-2\/\">\n\t\t\t\t\t\t\t<img decoding=\"async\" src=\"https:\/\/viva-ferien.ch\/wp-content\/uploads\/2024\/09\/mf18462807-1024x576.jpg\" alt=\"Residenz am See B108-4\" \/>\n\t\t\t\t\t\t<\/a>\n\t\t\t\t\t<\/li>\n\t\t\t\t\t\t\t<\/ul>\n\t\t<\/div>\n\t\t<div class=\"info-wrapper\">\n\t\t\t<div>\n\t\t\t\t<a href=\"https:\/\/viva-ferien.ch\/it\/unterkuenfte\/residenz-am-see-b108-2\/\">\n\t\t\t\t\t<div class=\"description-wrapper\">\n\t\t\t\t\t\t<p class=\"image-description uppercase\"><strong>St. Moritz<\/strong><\/p>\t\t\t\n\t\t\t\t\t\t<div class=\"wrap-classification\">\t\n\t\t\t\t\t\t\t\t\t\t\t\t\t\t<h3>Residenz am See B108<\/h3>\n\t\t\t\t\t\t\t<div class=\"classification\"><img decoding=\"async\" src=\"\/wp-content\/themes\/vivaferien\/assets\/images\/VIVA_Icon_Klassifizierung_Voll.png\" alt=\"Star\"><img decoding=\"async\" src=\"\/wp-content\/themes\/vivaferien\/assets\/images\/VIVA_Icon_Klassifizierung_Voll.png\" alt=\"Star\"><img decoding=\"async\" src=\"\/wp-content\/themes\/vivaferien\/assets\/images\/VIVA_Icon_Klassifizierung_Voll.png\" alt=\"Star\"><img decoding=\"async\" src=\"\/wp-content\/themes\/vivaferien\/assets\/images\/VIVA_Icon_Klassifizierung_Halb.png\" alt=\"half-full Star\"><\/div>\t\t\t\t\t\t<\/div>\n\t\t\t\t\t<\/div>\n\t\t\t\t\t<hr>\n\t\t\t\t\t<\/hr>\n\t\t\t\t\t<div class=\"properties-wrapper\">\n\t\t\t\t\t\t<div>\n\t\t\t\t\t\t\t<!-- <p class=\"big-p\"><div class=\"image-description\">Ab<\/div><\/p>p_6885 -->\n\t\t\t\t\t\t\t<p class=\"big-p\"><div class=\"image-description\">Da<\/div><span class=\"currency\">CHF<\/span> <span class=\"price\" data-price=\"11800\">118,00<\/span><\/p>\n\t\t\t\t\t\t<\/div>\n\t\t\t\t\t\t<div class=\"add-border show-on-hover\"><\/div>\n\t\t\t\t\t\t<div class=\"show-on-hover\">\n\t\t\t\t\t\t\t<p class=\"big-p\"><div class=\"image-description\">Ospiti<\/div>4<\/p>\n\t\t\t\t\t\t<\/div>\n\t\t\t\t\t\t<div class=\"add-border show-on-hover\"><\/div>\n\t\t\t\t\t\t<div class=\"show-on-hover\">\n\t\t\t\t\t\t\t<p class=\"big-p\"><div class=\"image-description\">Camere da letto<\/div>1<\/p>\n\t\t\t\t\t\t<\/div>\n\t\t\t\t\t<\/div>\n\t\t\t\t<\/a>\n\t\t\t<\/div>\n\t\t<\/div>\n\t<\/div><\/div><div class=\"swiper-slide\"><div class=\"swiperlisting\">\t\t\t\t<div id=\"slider\" class=\"flexslider\">\n\t\t\t<ul class=\"slides\">\n\t\t\t\t\t\t\t\t\t<li>\n\t\t\t\t\t\t<a href=\"https:\/\/viva-ferien.ch\/it\/unterkuenfte\/residenz-am-see-b007\/\">\n\t\t\t\t\t\t\t<img decoding=\"async\" src=\"https:\/\/viva-ferien.ch\/wp-content\/uploads\/2024\/09\/mf18149651-1024x576.jpg\" alt=\"Residenz am See B007-0\" \/>\n\t\t\t\t\t\t<\/a>\n\t\t\t\t\t<\/li>\n\t\t\t\t\t\t\t\t\t<li>\n\t\t\t\t\t\t<a href=\"https:\/\/viva-ferien.ch\/it\/unterkuenfte\/residenz-am-see-b007\/\">\n\t\t\t\t\t\t\t<img decoding=\"async\" src=\"https:\/\/viva-ferien.ch\/wp-content\/uploads\/2024\/09\/mf18149635-1024x576.jpg\" alt=\"Residenz am See B007-1\" \/>\n\t\t\t\t\t\t<\/a>\n\t\t\t\t\t<\/li>\n\t\t\t\t\t\t\t\t\t<li>\n\t\t\t\t\t\t<a href=\"https:\/\/viva-ferien.ch\/it\/unterkuenfte\/residenz-am-see-b007\/\">\n\t\t\t\t\t\t\t<img decoding=\"async\" src=\"https:\/\/viva-ferien.ch\/wp-content\/uploads\/2024\/09\/mf18149650-1024x576.jpg\" alt=\"Residenz am See B007-2\" \/>\n\t\t\t\t\t\t<\/a>\n\t\t\t\t\t<\/li>\n\t\t\t\t\t\t\t\t\t<li>\n\t\t\t\t\t\t<a href=\"https:\/\/viva-ferien.ch\/it\/unterkuenfte\/residenz-am-see-b007\/\">\n\t\t\t\t\t\t\t<img decoding=\"async\" src=\"https:\/\/viva-ferien.ch\/wp-content\/uploads\/2024\/09\/mf18149633-1024x576.jpg\" alt=\"Residenz am See B007-3\" \/>\n\t\t\t\t\t\t<\/a>\n\t\t\t\t\t<\/li>\n\t\t\t\t\t\t\t\t\t<li>\n\t\t\t\t\t\t<a href=\"https:\/\/viva-ferien.ch\/it\/unterkuenfte\/residenz-am-see-b007\/\">\n\t\t\t\t\t\t\t<img decoding=\"async\" src=\"https:\/\/viva-ferien.ch\/wp-content\/uploads\/2024\/09\/mf18149636-1024x576.jpg\" alt=\"Residenz am See B007-4\" \/>\n\t\t\t\t\t\t<\/a>\n\t\t\t\t\t<\/li>\n\t\t\t\t\t\t\t<\/ul>\n\t\t<\/div>\n\t\t<div class=\"info-wrapper\">\n\t\t\t<div>\n\t\t\t\t<a href=\"https:\/\/viva-ferien.ch\/it\/unterkuenfte\/residenz-am-see-b007\/\">\n\t\t\t\t\t<div class=\"description-wrapper\">\n\t\t\t\t\t\t<p class=\"image-description uppercase\"><strong>St. Moritz<\/strong><\/p>\t\t\t\n\t\t\t\t\t\t<div class=\"wrap-classification\">\t\n\t\t\t\t\t\t\t\t\t\t\t\t\t\t<h3>Residenz am See B007<\/h3>\n\t\t\t\t\t\t\t<div class=\"classification\"><img decoding=\"async\" src=\"\/wp-content\/themes\/vivaferien\/assets\/images\/VIVA_Icon_Klassifizierung_Voll.png\" alt=\"Star\"><img decoding=\"async\" src=\"\/wp-content\/themes\/vivaferien\/assets\/images\/VIVA_Icon_Klassifizierung_Voll.png\" alt=\"Star\"><img decoding=\"async\" src=\"\/wp-content\/themes\/vivaferien\/assets\/images\/VIVA_Icon_Klassifizierung_Voll.png\" alt=\"Star\"><img decoding=\"async\" src=\"\/wp-content\/themes\/vivaferien\/assets\/images\/VIVA_Icon_Klassifizierung_Voll.png\" alt=\"Star\"><\/div>\t\t\t\t\t\t<\/div>\n\t\t\t\t\t<\/div>\n\t\t\t\t\t<hr>\n\t\t\t\t\t<\/hr>\n\t\t\t\t\t<div class=\"properties-wrapper\">\n\t\t\t\t\t\t<div>\n\t\t\t\t\t\t\t<!-- <p class=\"big-p\"><div class=\"image-description\">Ab<\/div><\/p>p_6885 -->\n\t\t\t\t\t\t\t<p class=\"big-p\"><div class=\"image-description\">Da<\/div><span class=\"currency\">CHF<\/span> <span class=\"price\" data-price=\"11800\">118,00<\/span><\/p>\n\t\t\t\t\t\t<\/div>\n\t\t\t\t\t\t<div class=\"add-border show-on-hover\"><\/div>\n\t\t\t\t\t\t<div class=\"show-on-hover\">\n\t\t\t\t\t\t\t<p class=\"big-p\"><div class=\"image-description\">Ospiti<\/div>2<\/p>\n\t\t\t\t\t\t<\/div>\n\t\t\t\t\t\t<div class=\"add-border show-on-hover\"><\/div>\n\t\t\t\t\t\t<div class=\"show-on-hover\">\n\t\t\t\t\t\t\t<p class=\"big-p\"><div class=\"image-description\">Camere da letto<\/div>1<\/p>\n\t\t\t\t\t\t<\/div>\n\t\t\t\t\t<\/div>\n\t\t\t\t<\/a>\n\t\t\t<\/div>\n\t\t<\/div>\n\t<\/div><\/div><div class=\"swiper-slide\"><div class=\"swiperlisting\">\t\t\t\t<div id=\"slider\" class=\"flexslider\">\n\t\t\t<ul class=\"slides\">\n\t\t\t\t\t\t\t\t\t<li>\n\t\t\t\t\t\t<a href=\"https:\/\/viva-ferien.ch\/it\/unterkuenfte\/splendida-2\/\">\n\t\t\t\t\t\t\t<img decoding=\"async\" src=\"https:\/\/viva-ferien.ch\/wp-content\/uploads\/2022\/11\/mf2013692-1024x640.jpg\" alt=\"Splendida-0\" \/>\n\t\t\t\t\t\t<\/a>\n\t\t\t\t\t<\/li>\n\t\t\t\t\t\t\t\t\t<li>\n\t\t\t\t\t\t<a href=\"https:\/\/viva-ferien.ch\/it\/unterkuenfte\/splendida-2\/\">\n\t\t\t\t\t\t\t<img decoding=\"async\" src=\"https:\/\/viva-ferien.ch\/wp-content\/uploads\/2022\/11\/mf2013696-1024x640.jpg\" alt=\"Splendida-1\" \/>\n\t\t\t\t\t\t<\/a>\n\t\t\t\t\t<\/li>\n\t\t\t\t\t\t\t\t\t<li>\n\t\t\t\t\t\t<a href=\"https:\/\/viva-ferien.ch\/it\/unterkuenfte\/splendida-2\/\">\n\t\t\t\t\t\t\t<img decoding=\"async\" src=\"https:\/\/viva-ferien.ch\/wp-content\/uploads\/2022\/11\/mf2013700-1024x640.jpg\" alt=\"Splendida-2\" \/>\n\t\t\t\t\t\t<\/a>\n\t\t\t\t\t<\/li>\n\t\t\t\t\t\t\t\t\t<li>\n\t\t\t\t\t\t<a href=\"https:\/\/viva-ferien.ch\/it\/unterkuenfte\/splendida-2\/\">\n\t\t\t\t\t\t\t<img decoding=\"async\" src=\"https:\/\/viva-ferien.ch\/wp-content\/uploads\/2022\/11\/mf2013691-1024x640.jpg\" alt=\"Splendida-3\" \/>\n\t\t\t\t\t\t<\/a>\n\t\t\t\t\t<\/li>\n\t\t\t\t\t\t\t\t\t<li>\n\t\t\t\t\t\t<a href=\"https:\/\/viva-ferien.ch\/it\/unterkuenfte\/splendida-2\/\">\n\t\t\t\t\t\t\t<img decoding=\"async\" src=\"https:\/\/viva-ferien.ch\/wp-content\/uploads\/2022\/11\/mf1367450-1024x642.jpg\" alt=\"Splendida-4\" \/>\n\t\t\t\t\t\t<\/a>\n\t\t\t\t\t<\/li>\n\t\t\t\t\t\t\t<\/ul>\n\t\t<\/div>\n\t\t<div class=\"info-wrapper\">\n\t\t\t<div>\n\t\t\t\t<a href=\"https:\/\/viva-ferien.ch\/it\/unterkuenfte\/splendida-2\/\">\n\t\t\t\t\t<div class=\"description-wrapper\">\n\t\t\t\t\t\t<p class=\"image-description uppercase\"><strong>St. Moritz<\/strong><\/p>\t\t\t\n\t\t\t\t\t\t<div class=\"wrap-classification\">\t\n\t\t\t\t\t\t\t\t\t\t\t\t\t\t<h3>Splendida<\/h3>\n\t\t\t\t\t\t\t<div class=\"classification\"><img decoding=\"async\" src=\"\/wp-content\/themes\/vivaferien\/assets\/images\/VIVA_Icon_Klassifizierung_Voll.png\" alt=\"Star\"><img decoding=\"async\" src=\"\/wp-content\/themes\/vivaferien\/assets\/images\/VIVA_Icon_Klassifizierung_Voll.png\" alt=\"Star\"><img decoding=\"async\" src=\"\/wp-content\/themes\/vivaferien\/assets\/images\/VIVA_Icon_Klassifizierung_Voll.png\" alt=\"Star\"><\/div>\t\t\t\t\t\t<\/div>\n\t\t\t\t\t<\/div>\n\t\t\t\t\t<hr>\n\t\t\t\t\t<\/hr>\n\t\t\t\t\t<div class=\"properties-wrapper\">\n\t\t\t\t\t\t<div>\n\t\t\t\t\t\t\t<!-- <p class=\"big-p\"><div class=\"image-description\">Ab<\/div><\/p>p_6885 -->\n\t\t\t\t\t\t\t<p class=\"big-p\"><div class=\"image-description\">Da<\/div><span class=\"currency\">CHF<\/span> <span class=\"price\" data-price=\"11300\">113,00<\/span><\/p>\n\t\t\t\t\t\t<\/div>\n\t\t\t\t\t\t<div class=\"add-border show-on-hover\"><\/div>\n\t\t\t\t\t\t<div class=\"show-on-hover\">\n\t\t\t\t\t\t\t<p class=\"big-p\"><div class=\"image-description\">Ospiti<\/div>4<\/p>\n\t\t\t\t\t\t<\/div>\n\t\t\t\t\t\t<div class=\"add-border show-on-hover\"><\/div>\n\t\t\t\t\t\t<div class=\"show-on-hover\">\n\t\t\t\t\t\t\t<p class=\"big-p\"><div class=\"image-description\">Camere da letto<\/div>2<\/p>\n\t\t\t\t\t\t<\/div>\n\t\t\t\t\t<\/div>\n\t\t\t\t<\/a>\n\t\t\t<\/div>\n\t\t<\/div>\n\t<\/div><\/div><div class=\"swiper-slide\"><div class=\"swiperlisting\">\t\t\t\t<div id=\"slider\" class=\"flexslider\">\n\t\t\t<ul class=\"slides\">\n\t\t\t\t\t\t\t\t\t<li>\n\t\t\t\t\t\t<a href=\"https:\/\/viva-ferien.ch\/it\/unterkuenfte\/ova-cotschna-705-2\/\">\n\t\t\t\t\t\t\t<img decoding=\"async\" src=\"https:\/\/viva-ferien.ch\/wp-content\/uploads\/2022\/11\/mf2117427-1024x640.jpg\" alt=\"Ova Cotschna 705-0\" \/>\n\t\t\t\t\t\t<\/a>\n\t\t\t\t\t<\/li>\n\t\t\t\t\t\t\t\t\t<li>\n\t\t\t\t\t\t<a href=\"https:\/\/viva-ferien.ch\/it\/unterkuenfte\/ova-cotschna-705-2\/\">\n\t\t\t\t\t\t\t<img decoding=\"async\" src=\"https:\/\/viva-ferien.ch\/wp-content\/uploads\/2022\/11\/mf2117426-1024x640.jpg\" alt=\"Ova Cotschna 705-1\" \/>\n\t\t\t\t\t\t<\/a>\n\t\t\t\t\t<\/li>\n\t\t\t\t\t\t\t\t\t<li>\n\t\t\t\t\t\t<a href=\"https:\/\/viva-ferien.ch\/it\/unterkuenfte\/ova-cotschna-705-2\/\">\n\t\t\t\t\t\t\t<img decoding=\"async\" src=\"https:\/\/viva-ferien.ch\/wp-content\/uploads\/2022\/11\/mf2117433-1024x640.jpg\" alt=\"Ova Cotschna 705-2\" \/>\n\t\t\t\t\t\t<\/a>\n\t\t\t\t\t<\/li>\n\t\t\t\t\t\t\t\t\t<li>\n\t\t\t\t\t\t<a href=\"https:\/\/viva-ferien.ch\/it\/unterkuenfte\/ova-cotschna-705-2\/\">\n\t\t\t\t\t\t\t<img decoding=\"async\" src=\"https:\/\/viva-ferien.ch\/wp-content\/uploads\/2022\/11\/mf2006282-1024x640.jpg\" alt=\"Ova Cotschna 705-3\" \/>\n\t\t\t\t\t\t<\/a>\n\t\t\t\t\t<\/li>\n\t\t\t\t\t\t\t\t\t<li>\n\t\t\t\t\t\t<a href=\"https:\/\/viva-ferien.ch\/it\/unterkuenfte\/ova-cotschna-705-2\/\">\n\t\t\t\t\t\t\t<img decoding=\"async\" src=\"https:\/\/viva-ferien.ch\/wp-content\/uploads\/2022\/11\/mf2006289-1024x640.jpg\" alt=\"Ova Cotschna 705-4\" \/>\n\t\t\t\t\t\t<\/a>\n\t\t\t\t\t<\/li>\n\t\t\t\t\t\t\t<\/ul>\n\t\t<\/div>\n\t\t<div class=\"info-wrapper\">\n\t\t\t<div>\n\t\t\t\t<a href=\"https:\/\/viva-ferien.ch\/it\/unterkuenfte\/ova-cotschna-705-2\/\">\n\t\t\t\t\t<div class=\"description-wrapper\">\n\t\t\t\t\t\t<p class=\"image-description uppercase\"><strong>St. Moritz<\/strong><\/p>\t\t\t\n\t\t\t\t\t\t<div class=\"wrap-classification\">\t\n\t\t\t\t\t\t\t\t\t\t\t\t\t\t<h3>Ova Cotschna 705<\/h3>\n\t\t\t\t\t\t\t<div class=\"classification\"><img decoding=\"async\" src=\"\/wp-content\/themes\/vivaferien\/assets\/images\/VIVA_Icon_Klassifizierung_Voll.png\" alt=\"Star\"><img decoding=\"async\" src=\"\/wp-content\/themes\/vivaferien\/assets\/images\/VIVA_Icon_Klassifizierung_Voll.png\" alt=\"Star\"><img decoding=\"async\" src=\"\/wp-content\/themes\/vivaferien\/assets\/images\/VIVA_Icon_Klassifizierung_Voll.png\" alt=\"Star\"><\/div>\t\t\t\t\t\t<\/div>\n\t\t\t\t\t<\/div>\n\t\t\t\t\t<hr>\n\t\t\t\t\t<\/hr>\n\t\t\t\t\t<div class=\"properties-wrapper\">\n\t\t\t\t\t\t<div>\n\t\t\t\t\t\t\t<!-- <p class=\"big-p\"><div class=\"image-description\">Ab<\/div><\/p>p_6885 -->\n\t\t\t\t\t\t\t<p class=\"big-p\"><div class=\"image-description\">Da<\/div><span class=\"currency\">CHF<\/span> <span class=\"price\" data-price=\"10800\">108,00<\/span><\/p>\n\t\t\t\t\t\t<\/div>\n\t\t\t\t\t\t<div class=\"add-border show-on-hover\"><\/div>\n\t\t\t\t\t\t<div class=\"show-on-hover\">\n\t\t\t\t\t\t\t<p class=\"big-p\"><div class=\"image-description\">Ospiti<\/div>4<\/p>\n\t\t\t\t\t\t<\/div>\n\t\t\t\t\t\t<div class=\"add-border show-on-hover\"><\/div>\n\t\t\t\t\t\t<div class=\"show-on-hover\">\n\t\t\t\t\t\t\t<p class=\"big-p\"><div class=\"image-description\">Camere da letto<\/div>1<\/p>\n\t\t\t\t\t\t<\/div>\n\t\t\t\t\t<\/div>\n\t\t\t\t<\/a>\n\t\t\t<\/div>\n\t\t<\/div>\n\t<\/div><\/div><div class=\"swiper-slide\"><div class=\"swiperlisting\">\t\t\t\t<div id=\"slider\" class=\"flexslider\">\n\t\t\t<ul class=\"slides\">\n\t\t\t\t\t\t\t\t\t<li>\n\t\t\t\t\t\t<a href=\"https:\/\/viva-ferien.ch\/it\/unterkuenfte\/fullun-5-2\/\">\n\t\t\t\t\t\t\t<img decoding=\"async\" src=\"https:\/\/viva-ferien.ch\/wp-content\/uploads\/2025\/10\/mf24197183-1024x732.jpg\" alt=\"Fullun 5-0\" \/>\n\t\t\t\t\t\t<\/a>\n\t\t\t\t\t<\/li>\n\t\t\t\t\t\t\t\t\t<li>\n\t\t\t\t\t\t<a href=\"https:\/\/viva-ferien.ch\/it\/unterkuenfte\/fullun-5-2\/\">\n\t\t\t\t\t\t\t<img decoding=\"async\" src=\"https:\/\/viva-ferien.ch\/wp-content\/uploads\/2025\/10\/mf24197111-1024x731.jpg\" alt=\"Fullun 5-1\" \/>\n\t\t\t\t\t\t<\/a>\n\t\t\t\t\t<\/li>\n\t\t\t\t\t\t\t\t\t<li>\n\t\t\t\t\t\t<a href=\"https:\/\/viva-ferien.ch\/it\/unterkuenfte\/fullun-5-2\/\">\n\t\t\t\t\t\t\t<img decoding=\"async\" src=\"https:\/\/viva-ferien.ch\/wp-content\/uploads\/2025\/10\/mf24197184-1024x731.jpg\" alt=\"Fullun 5-2\" \/>\n\t\t\t\t\t\t<\/a>\n\t\t\t\t\t<\/li>\n\t\t\t\t\t\t\t\t\t<li>\n\t\t\t\t\t\t<a href=\"https:\/\/viva-ferien.ch\/it\/unterkuenfte\/fullun-5-2\/\">\n\t\t\t\t\t\t\t<img decoding=\"async\" src=\"https:\/\/viva-ferien.ch\/wp-content\/uploads\/2025\/10\/mf24197186-1024x731.jpg\" alt=\"Fullun 5-3\" \/>\n\t\t\t\t\t\t<\/a>\n\t\t\t\t\t<\/li>\n\t\t\t\t\t\t\t\t\t<li>\n\t\t\t\t\t\t<a href=\"https:\/\/viva-ferien.ch\/it\/unterkuenfte\/fullun-5-2\/\">\n\t\t\t\t\t\t\t<img decoding=\"async\" src=\"https:\/\/viva-ferien.ch\/wp-content\/uploads\/2025\/10\/mf24197205-1024x576.jpg\" alt=\"Fullun 5-4\" \/>\n\t\t\t\t\t\t<\/a>\n\t\t\t\t\t<\/li>\n\t\t\t\t\t\t\t<\/ul>\n\t\t<\/div>\n\t\t<div class=\"info-wrapper\">\n\t\t\t<div>\n\t\t\t\t<a href=\"https:\/\/viva-ferien.ch\/it\/unterkuenfte\/fullun-5-2\/\">\n\t\t\t\t\t<div class=\"description-wrapper\">\n\t\t\t\t\t\t<p class=\"image-description uppercase\"><strong>St. Moritz<\/strong><\/p>\t\t\t\n\t\t\t\t\t\t<div class=\"wrap-classification\">\t\n\t\t\t\t\t\t\t\t\t\t\t\t\t\t<img decoding=\"async\" src=\"\/wp-content\/themes\/vivaferien\/assets\/images\/VIVA_Select.svg\" alt=\"Viva-Select-Icon\" class=\"vivaselect-wrapper\">\n\t\t\t\t\t\t\t\t\t\t\t\t\t\t<h3>Fullun 5<\/h3>\n\t\t\t\t\t\t\t<div class=\"classification\"><img decoding=\"async\" src=\"\/wp-content\/themes\/vivaferien\/assets\/images\/VIVA_Icon_Klassifizierung_Voll.png\" alt=\"Star\"><img decoding=\"async\" src=\"\/wp-content\/themes\/vivaferien\/assets\/images\/VIVA_Icon_Klassifizierung_Voll.png\" alt=\"Star\"><img decoding=\"async\" src=\"\/wp-content\/themes\/vivaferien\/assets\/images\/VIVA_Icon_Klassifizierung_Voll.png\" alt=\"Star\"><img decoding=\"async\" src=\"\/wp-content\/themes\/vivaferien\/assets\/images\/VIVA_Icon_Klassifizierung_Voll.png\" alt=\"Star\"><img decoding=\"async\" src=\"\/wp-content\/themes\/vivaferien\/assets\/images\/VIVA_Icon_Klassifizierung_Voll.png\" alt=\"Star\"><\/div>\t\t\t\t\t\t<\/div>\n\t\t\t\t\t<\/div>\n\t\t\t\t\t<hr>\n\t\t\t\t\t<\/hr>\n\t\t\t\t\t<div class=\"properties-wrapper\">\n\t\t\t\t\t\t<div>\n\t\t\t\t\t\t\t<!-- <p class=\"big-p\"><div class=\"image-description\">Ab<\/div><\/p>p_6885 -->\n\t\t\t\t\t\t\t<p class=\"big-p\"><div class=\"image-description\">Da<\/div><span class=\"currency\">CHF<\/span> <span class=\"price\" data-price=\"42600\">426,00<\/span><\/p>\n\t\t\t\t\t\t<\/div>\n\t\t\t\t\t\t<div class=\"add-border show-on-hover\"><\/div>\n\t\t\t\t\t\t<div class=\"show-on-hover\">\n\t\t\t\t\t\t\t<p class=\"big-p\"><div class=\"image-description\">Ospiti<\/div>6<\/p>\n\t\t\t\t\t\t<\/div>\n\t\t\t\t\t\t<div class=\"add-border show-on-hover\"><\/div>\n\t\t\t\t\t\t<div class=\"show-on-hover\">\n\t\t\t\t\t\t\t<p class=\"big-p\"><div class=\"image-description\">Camere da letto<\/div>3<\/p>\n\t\t\t\t\t\t<\/div>\n\t\t\t\t\t<\/div>\n\t\t\t\t<\/a>\n\t\t\t<\/div>\n\t\t<\/div>\n\t<\/div><\/div><div class=\"swiper-slide\"><div class=\"swiperlisting\">\t\t\t\t<div id=\"slider\" class=\"flexslider\">\n\t\t\t<ul class=\"slides\">\n\t\t\t\t\t\t\t\t\t<li>\n\t\t\t\t\t\t<a href=\"https:\/\/viva-ferien.ch\/it\/unterkuenfte\/residenz-am-see-b105\/\">\n\t\t\t\t\t\t\t<img decoding=\"async\" src=\"https:\/\/viva-ferien.ch\/wp-content\/uploads\/2024\/09\/mf18446534-1024x576.jpg\" alt=\"Residenz am See B105-0\" \/>\n\t\t\t\t\t\t<\/a>\n\t\t\t\t\t<\/li>\n\t\t\t\t\t\t\t\t\t<li>\n\t\t\t\t\t\t<a href=\"https:\/\/viva-ferien.ch\/it\/unterkuenfte\/residenz-am-see-b105\/\">\n\t\t\t\t\t\t\t<img decoding=\"async\" src=\"https:\/\/viva-ferien.ch\/wp-content\/uploads\/2024\/09\/mf18446536-1024x576.jpg\" alt=\"Residenz am See B105-1\" \/>\n\t\t\t\t\t\t<\/a>\n\t\t\t\t\t<\/li>\n\t\t\t\t\t\t\t\t\t<li>\n\t\t\t\t\t\t<a href=\"https:\/\/viva-ferien.ch\/it\/unterkuenfte\/residenz-am-see-b105\/\">\n\t\t\t\t\t\t\t<img decoding=\"async\" src=\"https:\/\/viva-ferien.ch\/wp-content\/uploads\/2024\/09\/mf18446547-1024x576.jpg\" alt=\"Residenz am See B105-2\" \/>\n\t\t\t\t\t\t<\/a>\n\t\t\t\t\t<\/li>\n\t\t\t\t\t\t\t\t\t<li>\n\t\t\t\t\t\t<a href=\"https:\/\/viva-ferien.ch\/it\/unterkuenfte\/residenz-am-see-b105\/\">\n\t\t\t\t\t\t\t<img decoding=\"async\" src=\"https:\/\/viva-ferien.ch\/wp-content\/uploads\/2024\/09\/mf18446544-1024x576.jpg\" alt=\"Residenz am See B105-3\" \/>\n\t\t\t\t\t\t<\/a>\n\t\t\t\t\t<\/li>\n\t\t\t\t\t\t\t\t\t<li>\n\t\t\t\t\t\t<a href=\"https:\/\/viva-ferien.ch\/it\/unterkuenfte\/residenz-am-see-b105\/\">\n\t\t\t\t\t\t\t<img decoding=\"async\" src=\"https:\/\/viva-ferien.ch\/wp-content\/uploads\/2024\/09\/mf18446541-1024x576.jpg\" alt=\"Residenz am See B105-4\" \/>\n\t\t\t\t\t\t<\/a>\n\t\t\t\t\t<\/li>\n\t\t\t\t\t\t\t<\/ul>\n\t\t<\/div>\n\t\t<div class=\"info-wrapper\">\n\t\t\t<div>\n\t\t\t\t<a href=\"https:\/\/viva-ferien.ch\/it\/unterkuenfte\/residenz-am-see-b105\/\">\n\t\t\t\t\t<div class=\"description-wrapper\">\n\t\t\t\t\t\t<p class=\"image-description uppercase\"><strong>St. Moritz<\/strong><\/p>\t\t\t\n\t\t\t\t\t\t<div class=\"wrap-classification\">\t\n\t\t\t\t\t\t\t\t\t\t\t\t\t\t<h3>Residenz am See B105<\/h3>\n\t\t\t\t\t\t\t<div class=\"classification\"><img decoding=\"async\" src=\"\/wp-content\/themes\/vivaferien\/assets\/images\/VIVA_Icon_Klassifizierung_Voll.png\" alt=\"Star\"><img decoding=\"async\" src=\"\/wp-content\/themes\/vivaferien\/assets\/images\/VIVA_Icon_Klassifizierung_Voll.png\" alt=\"Star\"><img decoding=\"async\" src=\"\/wp-content\/themes\/vivaferien\/assets\/images\/VIVA_Icon_Klassifizierung_Voll.png\" alt=\"Star\"><\/div>\t\t\t\t\t\t<\/div>\n\t\t\t\t\t<\/div>\n\t\t\t\t\t<hr>\n\t\t\t\t\t<\/hr>\n\t\t\t\t\t<div class=\"properties-wrapper\">\n\t\t\t\t\t\t<div>\n\t\t\t\t\t\t\t<!-- <p class=\"big-p\"><div class=\"image-description\">Ab<\/div><\/p>p_6885 -->\n\t\t\t\t\t\t\t<p class=\"big-p\"><div class=\"image-description\">Da<\/div><span class=\"currency\">CHF<\/span> <span class=\"price\" data-price=\"11800\">118,00<\/span><\/p>\n\t\t\t\t\t\t<\/div>\n\t\t\t\t\t\t<div class=\"add-border show-on-hover\"><\/div>\n\t\t\t\t\t\t<div class=\"show-on-hover\">\n\t\t\t\t\t\t\t<p class=\"big-p\"><div class=\"image-description\">Ospiti<\/div>4<\/p>\n\t\t\t\t\t\t<\/div>\n\t\t\t\t\t\t<div class=\"add-border show-on-hover\"><\/div>\n\t\t\t\t\t\t<div class=\"show-on-hover\">\n\t\t\t\t\t\t\t<p class=\"big-p\"><div class=\"image-description\">Camere da letto<\/div>1<\/p>\n\t\t\t\t\t\t<\/div>\n\t\t\t\t\t<\/div>\n\t\t\t\t<\/a>\n\t\t\t<\/div>\n\t\t<\/div>\n\t<\/div><\/div><div class=\"swiper-slide\"><div class=\"swiperlisting\">\t\t\t\t<div id=\"slider\" class=\"flexslider\">\n\t\t\t<ul class=\"slides\">\n\t\t\t\t\t\t\t\t\t<li>\n\t\t\t\t\t\t<a href=\"https:\/\/viva-ferien.ch\/it\/unterkuenfte\/munt-verd-2\/\">\n\t\t\t\t\t\t\t<img decoding=\"async\" src=\"https:\/\/viva-ferien.ch\/wp-content\/uploads\/2022\/11\/mf3245179-1024x576.jpg\" alt=\"Munt Verd-0\" \/>\n\t\t\t\t\t\t<\/a>\n\t\t\t\t\t<\/li>\n\t\t\t\t\t\t\t\t\t<li>\n\t\t\t\t\t\t<a href=\"https:\/\/viva-ferien.ch\/it\/unterkuenfte\/munt-verd-2\/\">\n\t\t\t\t\t\t\t<img decoding=\"async\" src=\"https:\/\/viva-ferien.ch\/wp-content\/uploads\/2022\/11\/mf3245186-1024x576.jpg\" alt=\"Munt Verd-1\" \/>\n\t\t\t\t\t\t<\/a>\n\t\t\t\t\t<\/li>\n\t\t\t\t\t\t\t\t\t<li>\n\t\t\t\t\t\t<a href=\"https:\/\/viva-ferien.ch\/it\/unterkuenfte\/munt-verd-2\/\">\n\t\t\t\t\t\t\t<img decoding=\"async\" src=\"https:\/\/viva-ferien.ch\/wp-content\/uploads\/2022\/11\/mf3245180-1024x576.jpg\" alt=\"Munt Verd-2\" \/>\n\t\t\t\t\t\t<\/a>\n\t\t\t\t\t<\/li>\n\t\t\t\t\t\t\t\t\t<li>\n\t\t\t\t\t\t<a href=\"https:\/\/viva-ferien.ch\/it\/unterkuenfte\/munt-verd-2\/\">\n\t\t\t\t\t\t\t<img decoding=\"async\" src=\"https:\/\/viva-ferien.ch\/wp-content\/uploads\/2022\/11\/mf3245188-1024x576.jpg\" alt=\"Munt Verd-3\" \/>\n\t\t\t\t\t\t<\/a>\n\t\t\t\t\t<\/li>\n\t\t\t\t\t\t\t\t\t<li>\n\t\t\t\t\t\t<a href=\"https:\/\/viva-ferien.ch\/it\/unterkuenfte\/munt-verd-2\/\">\n\t\t\t\t\t\t\t<img decoding=\"async\" src=\"https:\/\/viva-ferien.ch\/wp-content\/uploads\/2022\/11\/mf3245190-1024x576.jpg\" alt=\"Munt Verd-4\" \/>\n\t\t\t\t\t\t<\/a>\n\t\t\t\t\t<\/li>\n\t\t\t\t\t\t\t<\/ul>\n\t\t<\/div>\n\t\t<div class=\"info-wrapper\">\n\t\t\t<div>\n\t\t\t\t<a href=\"https:\/\/viva-ferien.ch\/it\/unterkuenfte\/munt-verd-2\/\">\n\t\t\t\t\t<div class=\"description-wrapper\">\n\t\t\t\t\t\t<p class=\"image-description uppercase\"><strong>St. Moritz<\/strong><\/p>\t\t\t\n\t\t\t\t\t\t<div class=\"wrap-classification\">\t\n\t\t\t\t\t\t\t\t\t\t\t\t\t\t<h3>Munt Verd<\/h3>\n\t\t\t\t\t\t\t<div class=\"classification\"><img decoding=\"async\" src=\"\/wp-content\/themes\/vivaferien\/assets\/images\/VIVA_Icon_Klassifizierung_Voll.png\" alt=\"Star\"><img decoding=\"async\" src=\"\/wp-content\/themes\/vivaferien\/assets\/images\/VIVA_Icon_Klassifizierung_Voll.png\" alt=\"Star\"><img decoding=\"async\" src=\"\/wp-content\/themes\/vivaferien\/assets\/images\/VIVA_Icon_Klassifizierung_Voll.png\" alt=\"Star\"><img decoding=\"async\" src=\"\/wp-content\/themes\/vivaferien\/assets\/images\/VIVA_Icon_Klassifizierung_Halb.png\" alt=\"half-full Star\"><\/div>\t\t\t\t\t\t<\/div>\n\t\t\t\t\t<\/div>\n\t\t\t\t\t<hr>\n\t\t\t\t\t<\/hr>\n\t\t\t\t\t<div class=\"properties-wrapper\">\n\t\t\t\t\t\t<div>\n\t\t\t\t\t\t\t<!-- <p class=\"big-p\"><div class=\"image-description\">Ab<\/div><\/p>p_6885 -->\n\t\t\t\t\t\t\t<p class=\"big-p\"><div class=\"image-description\">Da<\/div><span class=\"currency\">CHF<\/span> <span class=\"price\" data-price=\"18300\">183,00<\/span><\/p>\n\t\t\t\t\t\t<\/div>\n\t\t\t\t\t\t<div class=\"add-border show-on-hover\"><\/div>\n\t\t\t\t\t\t<div class=\"show-on-hover\">\n\t\t\t\t\t\t\t<p class=\"big-p\"><div class=\"image-description\">Ospiti<\/div>4<\/p>\n\t\t\t\t\t\t<\/div>\n\t\t\t\t\t\t<div class=\"add-border show-on-hover\"><\/div>\n\t\t\t\t\t\t<div class=\"show-on-hover\">\n\t\t\t\t\t\t\t<p class=\"big-p\"><div class=\"image-description\">Camere da letto<\/div>2<\/p>\n\t\t\t\t\t\t<\/div>\n\t\t\t\t\t<\/div>\n\t\t\t\t<\/a>\n\t\t\t<\/div>\n\t\t<\/div>\n\t<\/div><\/div><div class=\"swiper-slide\"><div class=\"swiperlisting\">\t\t\t\t<div id=\"slider\" class=\"flexslider\">\n\t\t\t<ul class=\"slides\">\n\t\t\t\t\t\t\t\t\t<li>\n\t\t\t\t\t\t<a href=\"https:\/\/viva-ferien.ch\/it\/unterkuenfte\/studio-fullun-2\/\">\n\t\t\t\t\t\t\t<img decoding=\"async\" src=\"https:\/\/viva-ferien.ch\/wp-content\/uploads\/2025\/10\/mf24338642-1024x732.jpg\" alt=\"Studio Fullun-0\" \/>\n\t\t\t\t\t\t<\/a>\n\t\t\t\t\t<\/li>\n\t\t\t\t\t\t\t\t\t<li>\n\t\t\t\t\t\t<a href=\"https:\/\/viva-ferien.ch\/it\/unterkuenfte\/studio-fullun-2\/\">\n\t\t\t\t\t\t\t<img decoding=\"async\" src=\"https:\/\/viva-ferien.ch\/wp-content\/uploads\/2025\/10\/mf24338650-1024x576.jpg\" alt=\"Studio Fullun-1\" \/>\n\t\t\t\t\t\t<\/a>\n\t\t\t\t\t<\/li>\n\t\t\t\t\t\t\t\t\t<li>\n\t\t\t\t\t\t<a href=\"https:\/\/viva-ferien.ch\/it\/unterkuenfte\/studio-fullun-2\/\">\n\t\t\t\t\t\t\t<img decoding=\"async\" src=\"https:\/\/viva-ferien.ch\/wp-content\/uploads\/2025\/10\/mf24338649-1024x576.jpg\" alt=\"Studio Fullun-2\" \/>\n\t\t\t\t\t\t<\/a>\n\t\t\t\t\t<\/li>\n\t\t\t\t\t\t\t\t\t<li>\n\t\t\t\t\t\t<a href=\"https:\/\/viva-ferien.ch\/it\/unterkuenfte\/studio-fullun-2\/\">\n\t\t\t\t\t\t\t<img decoding=\"async\" src=\"https:\/\/viva-ferien.ch\/wp-content\/uploads\/2025\/10\/mf24338648-1024x576.jpg\" alt=\"Studio Fullun-3\" \/>\n\t\t\t\t\t\t<\/a>\n\t\t\t\t\t<\/li>\n\t\t\t\t\t\t\t\t\t<li>\n\t\t\t\t\t\t<a href=\"https:\/\/viva-ferien.ch\/it\/unterkuenfte\/studio-fullun-2\/\">\n\t\t\t\t\t\t\t<img decoding=\"async\" src=\"https:\/\/viva-ferien.ch\/wp-content\/uploads\/2025\/10\/mf24338889-1024x576.jpg\" alt=\"Studio Fullun-4\" \/>\n\t\t\t\t\t\t<\/a>\n\t\t\t\t\t<\/li>\n\t\t\t\t\t\t\t<\/ul>\n\t\t<\/div>\n\t\t<div class=\"info-wrapper\">\n\t\t\t<div>\n\t\t\t\t<a href=\"https:\/\/viva-ferien.ch\/it\/unterkuenfte\/studio-fullun-2\/\">\n\t\t\t\t\t<div class=\"description-wrapper\">\n\t\t\t\t\t\t<p class=\"image-description uppercase\"><strong>St. Moritz<\/strong><\/p>\t\t\t\n\t\t\t\t\t\t<div class=\"wrap-classification\">\t\n\t\t\t\t\t\t\t\t\t\t\t\t\t\t<h3>Studio Fullun<\/h3>\n\t\t\t\t\t\t\t<div class=\"classification\"><img decoding=\"async\" src=\"\/wp-content\/themes\/vivaferien\/assets\/images\/VIVA_Icon_Klassifizierung_Voll.png\" alt=\"Star\"><img decoding=\"async\" src=\"\/wp-content\/themes\/vivaferien\/assets\/images\/VIVA_Icon_Klassifizierung_Voll.png\" alt=\"Star\"><img decoding=\"async\" src=\"\/wp-content\/themes\/vivaferien\/assets\/images\/VIVA_Icon_Klassifizierung_Voll.png\" alt=\"Star\"><img decoding=\"async\" src=\"\/wp-content\/themes\/vivaferien\/assets\/images\/VIVA_Icon_Klassifizierung_Voll.png\" alt=\"Star\"><\/div>\t\t\t\t\t\t<\/div>\n\t\t\t\t\t<\/div>\n\t\t\t\t\t<hr>\n\t\t\t\t\t<\/hr>\n\t\t\t\t\t<div class=\"properties-wrapper\">\n\t\t\t\t\t\t<div>\n\t\t\t\t\t\t\t<!-- <p class=\"big-p\"><div class=\"image-description\">Ab<\/div><\/p>p_6885 -->\n\t\t\t\t\t\t\t<p class=\"big-p\"><div class=\"image-description\">Da<\/div><span class=\"currency\">CHF<\/span> <span class=\"price\" data-price=\"11300\">113,00<\/span><\/p>\n\t\t\t\t\t\t<\/div>\n\t\t\t\t\t\t<div class=\"add-border show-on-hover\"><\/div>\n\t\t\t\t\t\t<div class=\"show-on-hover\">\n\t\t\t\t\t\t\t<p class=\"big-p\"><div class=\"image-description\">Ospiti<\/div>2<\/p>\n\t\t\t\t\t\t<\/div>\n\t\t\t\t\t\t<div class=\"add-border show-on-hover\"><\/div>\n\t\t\t\t\t\t<div class=\"show-on-hover\">\n\t\t\t\t\t\t\t<p class=\"big-p\"><div class=\"image-description\">Camere da letto<\/div>1<\/p>\n\t\t\t\t\t\t<\/div>\n\t\t\t\t\t<\/div>\n\t\t\t\t<\/a>\n\t\t\t<\/div>\n\t\t<\/div>\n\t<\/div><\/div><div class=\"swiper-slide\"><div class=\"swiperlisting\">\t\t\t\t<div id=\"slider\" class=\"flexslider\">\n\t\t\t<ul class=\"slides\">\n\t\t\t\t\t\t\t\t\t<li>\n\t\t\t\t\t\t<a href=\"https:\/\/viva-ferien.ch\/it\/unterkuenfte\/sonnalpine-a20-2\/\">\n\t\t\t\t\t\t\t<img decoding=\"async\" src=\"https:\/\/viva-ferien.ch\/wp-content\/uploads\/2022\/11\/mf2358832-1024x640.jpg\" alt=\"Sonnalpine A20-0\" \/>\n\t\t\t\t\t\t<\/a>\n\t\t\t\t\t<\/li>\n\t\t\t\t\t\t\t\t\t<li>\n\t\t\t\t\t\t<a href=\"https:\/\/viva-ferien.ch\/it\/unterkuenfte\/sonnalpine-a20-2\/\">\n\t\t\t\t\t\t\t<img decoding=\"async\" src=\"https:\/\/viva-ferien.ch\/wp-content\/uploads\/2022\/11\/mf2358829-1024x640.jpg\" alt=\"Sonnalpine A20-1\" \/>\n\t\t\t\t\t\t<\/a>\n\t\t\t\t\t<\/li>\n\t\t\t\t\t\t\t\t\t<li>\n\t\t\t\t\t\t<a href=\"https:\/\/viva-ferien.ch\/it\/unterkuenfte\/sonnalpine-a20-2\/\">\n\t\t\t\t\t\t\t<img decoding=\"async\" src=\"https:\/\/viva-ferien.ch\/wp-content\/uploads\/2022\/11\/mf2358827-1024x640.jpg\" alt=\"Sonnalpine A20-2\" \/>\n\t\t\t\t\t\t<\/a>\n\t\t\t\t\t<\/li>\n\t\t\t\t\t\t\t\t\t<li>\n\t\t\t\t\t\t<a href=\"https:\/\/viva-ferien.ch\/it\/unterkuenfte\/sonnalpine-a20-2\/\">\n\t\t\t\t\t\t\t<img decoding=\"async\" src=\"https:\/\/viva-ferien.ch\/wp-content\/uploads\/2022\/11\/mf2358831-1024x640.jpg\" alt=\"Sonnalpine A20-3\" \/>\n\t\t\t\t\t\t<\/a>\n\t\t\t\t\t<\/li>\n\t\t\t\t\t\t\t\t\t<li>\n\t\t\t\t\t\t<a href=\"https:\/\/viva-ferien.ch\/it\/unterkuenfte\/sonnalpine-a20-2\/\">\n\t\t\t\t\t\t\t<img decoding=\"async\" src=\"https:\/\/viva-ferien.ch\/wp-content\/uploads\/2022\/11\/mf2358830-1024x640.jpg\" alt=\"Sonnalpine A20-4\" \/>\n\t\t\t\t\t\t<\/a>\n\t\t\t\t\t<\/li>\n\t\t\t\t\t\t\t<\/ul>\n\t\t<\/div>\n\t\t<div class=\"info-wrapper\">\n\t\t\t<div>\n\t\t\t\t<a href=\"https:\/\/viva-ferien.ch\/it\/unterkuenfte\/sonnalpine-a20-2\/\">\n\t\t\t\t\t<div class=\"description-wrapper\">\n\t\t\t\t\t\t<p class=\"image-description uppercase\"><strong>St. Moritz<\/strong><\/p>\t\t\t\n\t\t\t\t\t\t<div class=\"wrap-classification\">\t\n\t\t\t\t\t\t\t\t\t\t\t\t\t\t<h3>Sonnalpine A20<\/h3>\n\t\t\t\t\t\t\t<div class=\"classification\"><img decoding=\"async\" src=\"\/wp-content\/themes\/vivaferien\/assets\/images\/VIVA_Icon_Klassifizierung_Voll.png\" alt=\"Star\"><img decoding=\"async\" src=\"\/wp-content\/themes\/vivaferien\/assets\/images\/VIVA_Icon_Klassifizierung_Voll.png\" alt=\"Star\"><img decoding=\"async\" src=\"\/wp-content\/themes\/vivaferien\/assets\/images\/VIVA_Icon_Klassifizierung_Voll.png\" alt=\"Star\"><img decoding=\"async\" src=\"\/wp-content\/themes\/vivaferien\/assets\/images\/VIVA_Icon_Klassifizierung_Halb.png\" alt=\"half-full Star\"><\/div>\t\t\t\t\t\t<\/div>\n\t\t\t\t\t<\/div>\n\t\t\t\t\t<hr>\n\t\t\t\t\t<\/hr>\n\t\t\t\t\t<div class=\"properties-wrapper\">\n\t\t\t\t\t\t<div>\n\t\t\t\t\t\t\t<!-- <p class=\"big-p\"><div class=\"image-description\">Ab<\/div><\/p>p_6885 -->\n\t\t\t\t\t\t\t<p class=\"big-p\"><div class=\"image-description\">Da<\/div><span class=\"currency\">CHF<\/span> <span class=\"price\" data-price=\"9700\">97,00<\/span><\/p>\n\t\t\t\t\t\t<\/div>\n\t\t\t\t\t\t<div class=\"add-border show-on-hover\"><\/div>\n\t\t\t\t\t\t<div class=\"show-on-hover\">\n\t\t\t\t\t\t\t<p class=\"big-p\"><div class=\"image-description\">Ospiti<\/div>2<\/p>\n\t\t\t\t\t\t<\/div>\n\t\t\t\t\t\t<div class=\"add-border show-on-hover\"><\/div>\n\t\t\t\t\t\t<div class=\"show-on-hover\">\n\t\t\t\t\t\t\t<p class=\"big-p\"><div class=\"image-description\">Camere da letto<\/div>1<\/p>\n\t\t\t\t\t\t<\/div>\n\t\t\t\t\t<\/div>\n\t\t\t\t<\/a>\n\t\t\t<\/div>\n\t\t<\/div>\n\t<\/div><\/div><div class=\"swiper-slide\"><div class=\"swiperlisting\">\t\t\t\t<div id=\"slider\" class=\"flexslider\">\n\t\t\t<ul class=\"slides\">\n\t\t\t\t\t\t\t\t\t<li>\n\t\t\t\t\t\t<a href=\"https:\/\/viva-ferien.ch\/it\/unterkuenfte\/caspar-badrutt-2\/\">\n\t\t\t\t\t\t\t<img decoding=\"async\" src=\"https:\/\/viva-ferien.ch\/wp-content\/uploads\/2026\/01\/mf25737710.jpeg.jpg\" alt=\"Caspar Badrutt-0\" \/>\n\t\t\t\t\t\t<\/a>\n\t\t\t\t\t<\/li>\n\t\t\t\t\t\t\t\t\t<li>\n\t\t\t\t\t\t<a href=\"https:\/\/viva-ferien.ch\/it\/unterkuenfte\/caspar-badrutt-2\/\">\n\t\t\t\t\t\t\t<img decoding=\"async\" src=\"https:\/\/viva-ferien.ch\/wp-content\/uploads\/2026\/01\/mf25737709.jpeg.jpg\" alt=\"Caspar Badrutt-1\" \/>\n\t\t\t\t\t\t<\/a>\n\t\t\t\t\t<\/li>\n\t\t\t\t\t\t\t\t\t<li>\n\t\t\t\t\t\t<a href=\"https:\/\/viva-ferien.ch\/it\/unterkuenfte\/caspar-badrutt-2\/\">\n\t\t\t\t\t\t\t<img decoding=\"async\" src=\"https:\/\/viva-ferien.ch\/wp-content\/uploads\/2026\/01\/mf25737713.jpeg.jpg\" alt=\"Caspar Badrutt-2\" \/>\n\t\t\t\t\t\t<\/a>\n\t\t\t\t\t<\/li>\n\t\t\t\t\t\t\t\t\t<li>\n\t\t\t\t\t\t<a href=\"https:\/\/viva-ferien.ch\/it\/unterkuenfte\/caspar-badrutt-2\/\">\n\t\t\t\t\t\t\t<img decoding=\"async\" src=\"https:\/\/viva-ferien.ch\/wp-content\/uploads\/2026\/01\/mf25737705.jpeg.jpg\" alt=\"Caspar Badrutt-3\" \/>\n\t\t\t\t\t\t<\/a>\n\t\t\t\t\t<\/li>\n\t\t\t\t\t\t\t\t\t<li>\n\t\t\t\t\t\t<a href=\"https:\/\/viva-ferien.ch\/it\/unterkuenfte\/caspar-badrutt-2\/\">\n\t\t\t\t\t\t\t<img decoding=\"async\" src=\"https:\/\/viva-ferien.ch\/wp-content\/uploads\/2026\/01\/mf25737707.jpeg.jpg\" alt=\"Caspar Badrutt-4\" \/>\n\t\t\t\t\t\t<\/a>\n\t\t\t\t\t<\/li>\n\t\t\t\t\t\t\t<\/ul>\n\t\t<\/div>\n\t\t<div class=\"info-wrapper\">\n\t\t\t<div>\n\t\t\t\t<a href=\"https:\/\/viva-ferien.ch\/it\/unterkuenfte\/caspar-badrutt-2\/\">\n\t\t\t\t\t<div class=\"description-wrapper\">\n\t\t\t\t\t\t<p class=\"image-description uppercase\"><strong>St. Moritz<\/strong><\/p>\t\t\t\n\t\t\t\t\t\t<div class=\"wrap-classification\">\t\n\t\t\t\t\t\t\t\t\t\t\t\t\t\t<img decoding=\"async\" src=\"\/wp-content\/themes\/vivaferien\/assets\/images\/VIVA_Select.svg\" alt=\"Viva-Select-Icon\" class=\"vivaselect-wrapper\">\n\t\t\t\t\t\t\t\t\t\t\t\t\t\t<h3>Caspar Badrutt<\/h3>\n\t\t\t\t\t\t\t<div class=\"classification\"><img decoding=\"async\" src=\"\/wp-content\/themes\/vivaferien\/assets\/images\/VIVA_Icon_Klassifizierung_Voll.png\" alt=\"Star\"><img decoding=\"async\" src=\"\/wp-content\/themes\/vivaferien\/assets\/images\/VIVA_Icon_Klassifizierung_Voll.png\" alt=\"Star\"><img decoding=\"async\" src=\"\/wp-content\/themes\/vivaferien\/assets\/images\/VIVA_Icon_Klassifizierung_Voll.png\" alt=\"Star\"><img decoding=\"async\" src=\"\/wp-content\/themes\/vivaferien\/assets\/images\/VIVA_Icon_Klassifizierung_Voll.png\" alt=\"Star\"><img decoding=\"async\" src=\"\/wp-content\/themes\/vivaferien\/assets\/images\/VIVA_Icon_Klassifizierung_Voll.png\" alt=\"Star\"><\/div>\t\t\t\t\t\t<\/div>\n\t\t\t\t\t<\/div>\n\t\t\t\t\t<hr>\n\t\t\t\t\t<\/hr>\n\t\t\t\t\t<div class=\"properties-wrapper\">\n\t\t\t\t\t\t<div>\n\t\t\t\t\t\t\t<!-- <p class=\"big-p\"><div class=\"image-description\">Ab<\/div><\/p>p_6885 -->\n\t\t\t\t\t\t\t<p class=\"big-p\"><div class=\"image-description\">Da<\/div><span class=\"currency\">CHF<\/span> <span class=\"price\" data-price=\"52400\">524,00<\/span><\/p>\n\t\t\t\t\t\t<\/div>\n\t\t\t\t\t\t<div class=\"add-border show-on-hover\"><\/div>\n\t\t\t\t\t\t<div class=\"show-on-hover\">\n\t\t\t\t\t\t\t<p class=\"big-p\"><div class=\"image-description\">Ospiti<\/div>5<\/p>\n\t\t\t\t\t\t<\/div>\n\t\t\t\t\t\t<div class=\"add-border show-on-hover\"><\/div>\n\t\t\t\t\t\t<div class=\"show-on-hover\">\n\t\t\t\t\t\t\t<p class=\"big-p\"><div class=\"image-description\">Camere da letto<\/div>3<\/p>\n\t\t\t\t\t\t<\/div>\n\t\t\t\t\t<\/div>\n\t\t\t\t<\/a>\n\t\t\t<\/div>\n\t\t<\/div>\n\t<\/div><\/div><div class=\"swiper-slide\"><div class=\"swiperlisting\">\t\t\t\t<div id=\"slider\" class=\"flexslider\">\n\t\t\t<ul class=\"slides\">\n\t\t\t\t\t\t\t\t\t<li>\n\t\t\t\t\t\t<a href=\"https:\/\/viva-ferien.ch\/it\/unterkuenfte\/du-lac-16-2\/\">\n\t\t\t\t\t\t\t<img decoding=\"async\" src=\"https:\/\/viva-ferien.ch\/wp-content\/uploads\/2022\/11\/mf2351848-1024x640.jpg\" alt=\"Du Lac 16-0\" \/>\n\t\t\t\t\t\t<\/a>\n\t\t\t\t\t<\/li>\n\t\t\t\t\t\t\t\t\t<li>\n\t\t\t\t\t\t<a href=\"https:\/\/viva-ferien.ch\/it\/unterkuenfte\/du-lac-16-2\/\">\n\t\t\t\t\t\t\t<img decoding=\"async\" src=\"https:\/\/viva-ferien.ch\/wp-content\/uploads\/2022\/11\/mf2351857-1024x640.jpg\" alt=\"Du Lac 16-1\" \/>\n\t\t\t\t\t\t<\/a>\n\t\t\t\t\t<\/li>\n\t\t\t\t\t\t\t\t\t<li>\n\t\t\t\t\t\t<a href=\"https:\/\/viva-ferien.ch\/it\/unterkuenfte\/du-lac-16-2\/\">\n\t\t\t\t\t\t\t<img decoding=\"async\" src=\"https:\/\/viva-ferien.ch\/wp-content\/uploads\/2022\/11\/mf2351858-1024x640.jpg\" alt=\"Du Lac 16-2\" \/>\n\t\t\t\t\t\t<\/a>\n\t\t\t\t\t<\/li>\n\t\t\t\t\t\t\t\t\t<li>\n\t\t\t\t\t\t<a href=\"https:\/\/viva-ferien.ch\/it\/unterkuenfte\/du-lac-16-2\/\">\n\t\t\t\t\t\t\t<img decoding=\"async\" src=\"https:\/\/viva-ferien.ch\/wp-content\/uploads\/2022\/11\/mf2351859-1024x640.jpg\" alt=\"Du Lac 16-3\" \/>\n\t\t\t\t\t\t<\/a>\n\t\t\t\t\t<\/li>\n\t\t\t\t\t\t\t\t\t<li>\n\t\t\t\t\t\t<a href=\"https:\/\/viva-ferien.ch\/it\/unterkuenfte\/du-lac-16-2\/\">\n\t\t\t\t\t\t\t<img decoding=\"async\" src=\"https:\/\/viva-ferien.ch\/wp-content\/uploads\/2022\/11\/mf2351860-1024x640.jpg\" alt=\"Du Lac 16-4\" \/>\n\t\t\t\t\t\t<\/a>\n\t\t\t\t\t<\/li>\n\t\t\t\t\t\t\t<\/ul>\n\t\t<\/div>\n\t\t<div class=\"info-wrapper\">\n\t\t\t<div>\n\t\t\t\t<a href=\"https:\/\/viva-ferien.ch\/it\/unterkuenfte\/du-lac-16-2\/\">\n\t\t\t\t\t<div class=\"description-wrapper\">\n\t\t\t\t\t\t<p class=\"image-description uppercase\"><strong>St. Moritz<\/strong><\/p>\t\t\t\n\t\t\t\t\t\t<div class=\"wrap-classification\">\t\n\t\t\t\t\t\t\t\t\t\t\t\t\t\t<h3>Du Lac 16<\/h3>\n\t\t\t\t\t\t\t<div class=\"classification\"><img decoding=\"async\" src=\"\/wp-content\/themes\/vivaferien\/assets\/images\/VIVA_Icon_Klassifizierung_Voll.png\" alt=\"Star\"><img decoding=\"async\" src=\"\/wp-content\/themes\/vivaferien\/assets\/images\/VIVA_Icon_Klassifizierung_Voll.png\" alt=\"Star\"><img decoding=\"async\" src=\"\/wp-content\/themes\/vivaferien\/assets\/images\/VIVA_Icon_Klassifizierung_Voll.png\" alt=\"Star\"><\/div>\t\t\t\t\t\t<\/div>\n\t\t\t\t\t<\/div>\n\t\t\t\t\t<hr>\n\t\t\t\t\t<\/hr>\n\t\t\t\t\t<div class=\"properties-wrapper\">\n\t\t\t\t\t\t<div>\n\t\t\t\t\t\t\t<!-- <p class=\"big-p\"><div class=\"image-description\">Ab<\/div><\/p>p_6885 -->\n\t\t\t\t\t\t\t<p class=\"big-p\"><div class=\"image-description\">Da<\/div><span class=\"currency\">CHF<\/span> <span class=\"price\" data-price=\"6800\">68,00<\/span><\/p>\n\t\t\t\t\t\t<\/div>\n\t\t\t\t\t\t<div class=\"add-border show-on-hover\"><\/div>\n\t\t\t\t\t\t<div class=\"show-on-hover\">\n\t\t\t\t\t\t\t<p class=\"big-p\"><div class=\"image-description\">Ospiti<\/div>2<\/p>\n\t\t\t\t\t\t<\/div>\n\t\t\t\t\t\t<div class=\"add-border show-on-hover\"><\/div>\n\t\t\t\t\t\t<div class=\"show-on-hover\">\n\t\t\t\t\t\t\t<p class=\"big-p\"><div class=\"image-description\">Camere da letto<\/div>1<\/p>\n\t\t\t\t\t\t<\/div>\n\t\t\t\t\t<\/div>\n\t\t\t\t<\/a>\n\t\t\t<\/div>\n\t\t<\/div>\n\t<\/div><\/div><div class=\"swiper-slide\"><div class=\"swiperlisting\">\t\t\t\t<div id=\"slider\" class=\"flexslider\">\n\t\t\t<ul class=\"slides\">\n\t\t\t\t\t\t\t\t\t<li>\n\t\t\t\t\t\t<a href=\"https:\/\/viva-ferien.ch\/it\/unterkuenfte\/residenz-am-see-c301-2\/\">\n\t\t\t\t\t\t\t<img decoding=\"async\" src=\"https:\/\/viva-ferien.ch\/wp-content\/uploads\/2024\/09\/mf18246732-1024x576.jpg\" alt=\"Residenz am See C301-0\" \/>\n\t\t\t\t\t\t<\/a>\n\t\t\t\t\t<\/li>\n\t\t\t\t\t\t\t\t\t<li>\n\t\t\t\t\t\t<a href=\"https:\/\/viva-ferien.ch\/it\/unterkuenfte\/residenz-am-see-c301-2\/\">\n\t\t\t\t\t\t\t<img decoding=\"async\" src=\"https:\/\/viva-ferien.ch\/wp-content\/uploads\/2024\/09\/mf18246733-1024x576.jpg\" alt=\"Residenz am See C301-1\" \/>\n\t\t\t\t\t\t<\/a>\n\t\t\t\t\t<\/li>\n\t\t\t\t\t\t\t\t\t<li>\n\t\t\t\t\t\t<a href=\"https:\/\/viva-ferien.ch\/it\/unterkuenfte\/residenz-am-see-c301-2\/\">\n\t\t\t\t\t\t\t<img decoding=\"async\" src=\"https:\/\/viva-ferien.ch\/wp-content\/uploads\/2024\/09\/mf18246735-1024x576.jpg\" alt=\"Residenz am See C301-2\" \/>\n\t\t\t\t\t\t<\/a>\n\t\t\t\t\t<\/li>\n\t\t\t\t\t\t\t\t\t<li>\n\t\t\t\t\t\t<a href=\"https:\/\/viva-ferien.ch\/it\/unterkuenfte\/residenz-am-see-c301-2\/\">\n\t\t\t\t\t\t\t<img decoding=\"async\" src=\"https:\/\/viva-ferien.ch\/wp-content\/uploads\/2024\/09\/mf18246736-1024x576.jpg\" alt=\"Residenz am See C301-3\" \/>\n\t\t\t\t\t\t<\/a>\n\t\t\t\t\t<\/li>\n\t\t\t\t\t\t\t\t\t<li>\n\t\t\t\t\t\t<a href=\"https:\/\/viva-ferien.ch\/it\/unterkuenfte\/residenz-am-see-c301-2\/\">\n\t\t\t\t\t\t\t<img decoding=\"async\" src=\"https:\/\/viva-ferien.ch\/wp-content\/uploads\/2024\/09\/mf18246737-1024x576.jpg\" alt=\"Residenz am See C301-4\" \/>\n\t\t\t\t\t\t<\/a>\n\t\t\t\t\t<\/li>\n\t\t\t\t\t\t\t<\/ul>\n\t\t<\/div>\n\t\t<div class=\"info-wrapper\">\n\t\t\t<div>\n\t\t\t\t<a href=\"https:\/\/viva-ferien.ch\/it\/unterkuenfte\/residenz-am-see-c301-2\/\">\n\t\t\t\t\t<div class=\"description-wrapper\">\n\t\t\t\t\t\t<p class=\"image-description uppercase\"><strong>St. Moritz<\/strong><\/p>\t\t\t\n\t\t\t\t\t\t<div class=\"wrap-classification\">\t\n\t\t\t\t\t\t\t\t\t\t\t\t\t\t<h3>Residenz am See C301<\/h3>\n\t\t\t\t\t\t\t<div class=\"classification\"><img decoding=\"async\" src=\"\/wp-content\/themes\/vivaferien\/assets\/images\/VIVA_Icon_Klassifizierung_Voll.png\" alt=\"Star\"><img decoding=\"async\" src=\"\/wp-content\/themes\/vivaferien\/assets\/images\/VIVA_Icon_Klassifizierung_Voll.png\" alt=\"Star\"><img decoding=\"async\" src=\"\/wp-content\/themes\/vivaferien\/assets\/images\/VIVA_Icon_Klassifizierung_Halb.png\" alt=\"half-full Star\"><\/div>\t\t\t\t\t\t<\/div>\n\t\t\t\t\t<\/div>\n\t\t\t\t\t<hr>\n\t\t\t\t\t<\/hr>\n\t\t\t\t\t<div class=\"properties-wrapper\">\n\t\t\t\t\t\t<div>\n\t\t\t\t\t\t\t<!-- <p class=\"big-p\"><div class=\"image-description\">Ab<\/div><\/p>p_6885 -->\n\t\t\t\t\t\t\t<p class=\"big-p\"><div class=\"image-description\">Da<\/div><span class=\"currency\">CHF<\/span> <span class=\"price\" data-price=\"13000\">130,00<\/span><\/p>\n\t\t\t\t\t\t<\/div>\n\t\t\t\t\t\t<div class=\"add-border show-on-hover\"><\/div>\n\t\t\t\t\t\t<div class=\"show-on-hover\">\n\t\t\t\t\t\t\t<p class=\"big-p\"><div class=\"image-description\">Ospiti<\/div>5<\/p>\n\t\t\t\t\t\t<\/div>\n\t\t\t\t\t\t<div class=\"add-border show-on-hover\"><\/div>\n\t\t\t\t\t\t<div class=\"show-on-hover\">\n\t\t\t\t\t\t\t<p class=\"big-p\"><div class=\"image-description\">Camere da letto<\/div>3<\/p>\n\t\t\t\t\t\t<\/div>\n\t\t\t\t\t<\/div>\n\t\t\t\t<\/a>\n\t\t\t<\/div>\n\t\t<\/div>\n\t<\/div><\/div><div class=\"swiper-slide\"><div class=\"swiperlisting\">\t\t\t\t<div id=\"slider\" class=\"flexslider\">\n\t\t\t<ul class=\"slides\">\n\t\t\t\t\t\t\t\t\t<li>\n\t\t\t\t\t\t<a href=\"https:\/\/viva-ferien.ch\/it\/unterkuenfte\/giant-2-2\/\">\n\t\t\t\t\t\t\t<img decoding=\"async\" src=\"https:\/\/viva-ferien.ch\/wp-content\/uploads\/2022\/11\/mf2092104-1024x640.jpg\" alt=\"Giant 2-0\" \/>\n\t\t\t\t\t\t<\/a>\n\t\t\t\t\t<\/li>\n\t\t\t\t\t\t\t\t\t<li>\n\t\t\t\t\t\t<a href=\"https:\/\/viva-ferien.ch\/it\/unterkuenfte\/giant-2-2\/\">\n\t\t\t\t\t\t\t<img decoding=\"async\" src=\"https:\/\/viva-ferien.ch\/wp-content\/uploads\/2022\/11\/mf2092102-1024x640.jpg\" alt=\"Giant 2-1\" \/>\n\t\t\t\t\t\t<\/a>\n\t\t\t\t\t<\/li>\n\t\t\t\t\t\t\t\t\t<li>\n\t\t\t\t\t\t<a href=\"https:\/\/viva-ferien.ch\/it\/unterkuenfte\/giant-2-2\/\">\n\t\t\t\t\t\t\t<img decoding=\"async\" src=\"https:\/\/viva-ferien.ch\/wp-content\/uploads\/2022\/11\/mf2092103-1024x640.jpg\" alt=\"Giant 2-2\" \/>\n\t\t\t\t\t\t<\/a>\n\t\t\t\t\t<\/li>\n\t\t\t\t\t\t\t\t\t<li>\n\t\t\t\t\t\t<a href=\"https:\/\/viva-ferien.ch\/it\/unterkuenfte\/giant-2-2\/\">\n\t\t\t\t\t\t\t<img decoding=\"async\" src=\"https:\/\/viva-ferien.ch\/wp-content\/uploads\/2022\/11\/mf2092105-1024x640.jpg\" alt=\"Giant 2-3\" \/>\n\t\t\t\t\t\t<\/a>\n\t\t\t\t\t<\/li>\n\t\t\t\t\t\t\t\t\t<li>\n\t\t\t\t\t\t<a href=\"https:\/\/viva-ferien.ch\/it\/unterkuenfte\/giant-2-2\/\">\n\t\t\t\t\t\t\t<img decoding=\"async\" src=\"https:\/\/viva-ferien.ch\/wp-content\/uploads\/2022\/11\/mf2092099-1024x640.jpg\" alt=\"Giant 2-4\" \/>\n\t\t\t\t\t\t<\/a>\n\t\t\t\t\t<\/li>\n\t\t\t\t\t\t\t<\/ul>\n\t\t<\/div>\n\t\t<div class=\"info-wrapper\">\n\t\t\t<div>\n\t\t\t\t<a href=\"https:\/\/viva-ferien.ch\/it\/unterkuenfte\/giant-2-2\/\">\n\t\t\t\t\t<div class=\"description-wrapper\">\n\t\t\t\t\t\t<p class=\"image-description uppercase\"><strong>St. Moritz<\/strong><\/p>\t\t\t\n\t\t\t\t\t\t<div class=\"wrap-classification\">\t\n\t\t\t\t\t\t\t\t\t\t\t\t\t\t<h3>Giant 2<\/h3>\n\t\t\t\t\t\t\t<div class=\"classification\"><img decoding=\"async\" src=\"\/wp-content\/themes\/vivaferien\/assets\/images\/VIVA_Icon_Klassifizierung_Voll.png\" alt=\"Star\"><img decoding=\"async\" src=\"\/wp-content\/themes\/vivaferien\/assets\/images\/VIVA_Icon_Klassifizierung_Voll.png\" alt=\"Star\"><img decoding=\"async\" src=\"\/wp-content\/themes\/vivaferien\/assets\/images\/VIVA_Icon_Klassifizierung_Voll.png\" alt=\"Star\"><\/div>\t\t\t\t\t\t<\/div>\n\t\t\t\t\t<\/div>\n\t\t\t\t\t<hr>\n\t\t\t\t\t<\/hr>\n\t\t\t\t\t<div class=\"properties-wrapper\">\n\t\t\t\t\t\t<div>\n\t\t\t\t\t\t\t<!-- <p class=\"big-p\"><div class=\"image-description\">Ab<\/div><\/p>p_6885 -->\n\t\t\t\t\t\t\t<p class=\"big-p\"><div class=\"image-description\">Da<\/div><span class=\"currency\">CHF<\/span> <span class=\"price\" data-price=\"10800\">108,00<\/span><\/p>\n\t\t\t\t\t\t<\/div>\n\t\t\t\t\t\t<div class=\"add-border show-on-hover\"><\/div>\n\t\t\t\t\t\t<div class=\"show-on-hover\">\n\t\t\t\t\t\t\t<p class=\"big-p\"><div class=\"image-description\">Ospiti<\/div>4<\/p>\n\t\t\t\t\t\t<\/div>\n\t\t\t\t\t\t<div class=\"add-border show-on-hover\"><\/div>\n\t\t\t\t\t\t<div class=\"show-on-hover\">\n\t\t\t\t\t\t\t<p class=\"big-p\"><div class=\"image-description\">Camere da letto<\/div>1<\/p>\n\t\t\t\t\t\t<\/div>\n\t\t\t\t\t<\/div>\n\t\t\t\t<\/a>\n\t\t\t<\/div>\n\t\t<\/div>\n\t<\/div><\/div><div class=\"swiper-slide\"><div class=\"swiperlisting\">\t\t\t\t<div id=\"slider\" class=\"flexslider\">\n\t\t\t<ul class=\"slides\">\n\t\t\t\t\t\t\t\t\t<li>\n\t\t\t\t\t\t<a href=\"https:\/\/viva-ferien.ch\/it\/unterkuenfte\/residenz-am-see-zimmer-109-2\/\">\n\t\t\t\t\t\t\t<img decoding=\"async\" src=\"https:\/\/viva-ferien.ch\/wp-content\/uploads\/2024\/09\/mf18316815-1024x576.jpg\" alt=\"Residenz am See Zimmer 109-0\" \/>\n\t\t\t\t\t\t<\/a>\n\t\t\t\t\t<\/li>\n\t\t\t\t\t\t\t\t\t<li>\n\t\t\t\t\t\t<a href=\"https:\/\/viva-ferien.ch\/it\/unterkuenfte\/residenz-am-see-zimmer-109-2\/\">\n\t\t\t\t\t\t\t<img decoding=\"async\" src=\"https:\/\/viva-ferien.ch\/wp-content\/uploads\/2024\/09\/mf18316816-1024x576.jpg\" alt=\"Residenz am See Zimmer 109-1\" \/>\n\t\t\t\t\t\t<\/a>\n\t\t\t\t\t<\/li>\n\t\t\t\t\t\t\t\t\t<li>\n\t\t\t\t\t\t<a href=\"https:\/\/viva-ferien.ch\/it\/unterkuenfte\/residenz-am-see-zimmer-109-2\/\">\n\t\t\t\t\t\t\t<img decoding=\"async\" src=\"https:\/\/viva-ferien.ch\/wp-content\/uploads\/2024\/09\/mf18316817-1024x576.jpg\" alt=\"Residenz am See Zimmer 109-2\" \/>\n\t\t\t\t\t\t<\/a>\n\t\t\t\t\t<\/li>\n\t\t\t\t\t\t\t\t\t<li>\n\t\t\t\t\t\t<a href=\"https:\/\/viva-ferien.ch\/it\/unterkuenfte\/residenz-am-see-zimmer-109-2\/\">\n\t\t\t\t\t\t\t<img decoding=\"async\" src=\"https:\/\/viva-ferien.ch\/wp-content\/uploads\/2024\/09\/mf18316818-1024x576.jpg\" alt=\"Residenz am See Zimmer 109-3\" \/>\n\t\t\t\t\t\t<\/a>\n\t\t\t\t\t<\/li>\n\t\t\t\t\t\t\t\t\t<li>\n\t\t\t\t\t\t<a href=\"https:\/\/viva-ferien.ch\/it\/unterkuenfte\/residenz-am-see-zimmer-109-2\/\">\n\t\t\t\t\t\t\t<img decoding=\"async\" src=\"https:\/\/viva-ferien.ch\/wp-content\/uploads\/2024\/09\/mf18332216-1024x576.jpg\" alt=\"Residenz am See Zimmer 109-4\" \/>\n\t\t\t\t\t\t<\/a>\n\t\t\t\t\t<\/li>\n\t\t\t\t\t\t\t<\/ul>\n\t\t<\/div>\n\t\t<div class=\"info-wrapper\">\n\t\t\t<div>\n\t\t\t\t<a href=\"https:\/\/viva-ferien.ch\/it\/unterkuenfte\/residenz-am-see-zimmer-109-2\/\">\n\t\t\t\t\t<div class=\"description-wrapper\">\n\t\t\t\t\t\t<p class=\"image-description uppercase\"><strong>St. Moritz<\/strong><\/p>\t\t\t\n\t\t\t\t\t\t<div class=\"wrap-classification\">\t\n\t\t\t\t\t\t\t\t\t\t\t\t\t\t<h3>Residenz am See Zimmer 109<\/h3>\n\t\t\t\t\t\t\t<div class=\"classification\"><img decoding=\"async\" src=\"\/wp-content\/themes\/vivaferien\/assets\/images\/VIVA_Icon_Klassifizierung_Voll.png\" alt=\"Star\"><img decoding=\"async\" src=\"\/wp-content\/themes\/vivaferien\/assets\/images\/VIVA_Icon_Klassifizierung_Voll.png\" alt=\"Star\"><img decoding=\"async\" src=\"\/wp-content\/themes\/vivaferien\/assets\/images\/VIVA_Icon_Klassifizierung_Voll.png\" alt=\"Star\"><\/div>\t\t\t\t\t\t<\/div>\n\t\t\t\t\t<\/div>\n\t\t\t\t\t<hr>\n\t\t\t\t\t<\/hr>\n\t\t\t\t\t<div class=\"properties-wrapper\">\n\t\t\t\t\t\t<div>\n\t\t\t\t\t\t\t<!-- <p class=\"big-p\"><div class=\"image-description\">Ab<\/div><\/p>p_6885 -->\n\t\t\t\t\t\t\t<p class=\"big-p\"><div class=\"image-description\">Da<\/div><span class=\"currency\">CHF<\/span> <span class=\"price\" data-price=\"7000\">70,00<\/span><\/p>\n\t\t\t\t\t\t<\/div>\n\t\t\t\t\t\t<div class=\"add-border show-on-hover\"><\/div>\n\t\t\t\t\t\t<div class=\"show-on-hover\">\n\t\t\t\t\t\t\t<p class=\"big-p\"><div class=\"image-description\">Ospiti<\/div>2<\/p>\n\t\t\t\t\t\t<\/div>\n\t\t\t\t\t\t<div class=\"add-border show-on-hover\"><\/div>\n\t\t\t\t\t\t<div class=\"show-on-hover\">\n\t\t\t\t\t\t\t<p class=\"big-p\"><div class=\"image-description\">Camere da letto<\/div>0<\/p>\n\t\t\t\t\t\t<\/div>\n\t\t\t\t\t<\/div>\n\t\t\t\t<\/a>\n\t\t\t<\/div>\n\t\t<\/div>\n\t<\/div><\/div><div class=\"swiper-slide\"><div class=\"swiperlisting\">\t\t\t\t<div id=\"slider\" class=\"flexslider\">\n\t\t\t<ul class=\"slides\">\n\t\t\t\t\t\t\t\t\t<li>\n\t\t\t\t\t\t<a href=\"https:\/\/viva-ferien.ch\/it\/unterkuenfte\/ruinatsch-67-2\/\">\n\t\t\t\t\t\t\t<img decoding=\"async\" src=\"https:\/\/viva-ferien.ch\/wp-content\/uploads\/2022\/11\/mf2164044-1024x640.jpg\" alt=\"Ruinatsch 67-0\" \/>\n\t\t\t\t\t\t<\/a>\n\t\t\t\t\t<\/li>\n\t\t\t\t\t\t\t\t\t<li>\n\t\t\t\t\t\t<a href=\"https:\/\/viva-ferien.ch\/it\/unterkuenfte\/ruinatsch-67-2\/\">\n\t\t\t\t\t\t\t<img decoding=\"async\" src=\"https:\/\/viva-ferien.ch\/wp-content\/uploads\/2022\/11\/mf2164054-1024x640.jpg\" alt=\"Ruinatsch 67-1\" \/>\n\t\t\t\t\t\t<\/a>\n\t\t\t\t\t<\/li>\n\t\t\t\t\t\t\t\t\t<li>\n\t\t\t\t\t\t<a href=\"https:\/\/viva-ferien.ch\/it\/unterkuenfte\/ruinatsch-67-2\/\">\n\t\t\t\t\t\t\t<img decoding=\"async\" src=\"https:\/\/viva-ferien.ch\/wp-content\/uploads\/2022\/11\/mf2164041-1024x640.jpg\" alt=\"Ruinatsch 67-2\" \/>\n\t\t\t\t\t\t<\/a>\n\t\t\t\t\t<\/li>\n\t\t\t\t\t\t\t\t\t<li>\n\t\t\t\t\t\t<a href=\"https:\/\/viva-ferien.ch\/it\/unterkuenfte\/ruinatsch-67-2\/\">\n\t\t\t\t\t\t\t<img decoding=\"async\" src=\"https:\/\/viva-ferien.ch\/wp-content\/uploads\/2022\/11\/mf2164043-1024x640.jpg\" alt=\"Ruinatsch 67-3\" \/>\n\t\t\t\t\t\t<\/a>\n\t\t\t\t\t<\/li>\n\t\t\t\t\t\t\t\t\t<li>\n\t\t\t\t\t\t<a href=\"https:\/\/viva-ferien.ch\/it\/unterkuenfte\/ruinatsch-67-2\/\">\n\t\t\t\t\t\t\t<img decoding=\"async\" src=\"https:\/\/viva-ferien.ch\/wp-content\/uploads\/2022\/11\/mf2164053-1024x640.jpg\" alt=\"Ruinatsch 67-4\" \/>\n\t\t\t\t\t\t<\/a>\n\t\t\t\t\t<\/li>\n\t\t\t\t\t\t\t<\/ul>\n\t\t<\/div>\n\t\t<div class=\"info-wrapper\">\n\t\t\t<div>\n\t\t\t\t<a href=\"https:\/\/viva-ferien.ch\/it\/unterkuenfte\/ruinatsch-67-2\/\">\n\t\t\t\t\t<div class=\"description-wrapper\">\n\t\t\t\t\t\t<p class=\"image-description uppercase\"><strong>St. Moritz<\/strong><\/p>\t\t\t\n\t\t\t\t\t\t<div class=\"wrap-classification\">\t\n\t\t\t\t\t\t\t\t\t\t\t\t\t\t<img decoding=\"async\" src=\"\/wp-content\/themes\/vivaferien\/assets\/images\/VIVA_Select.svg\" alt=\"Viva-Select-Icon\" class=\"vivaselect-wrapper\">\n\t\t\t\t\t\t\t\t\t\t\t\t\t\t<h3>Ruinatsch 67<\/h3>\n\t\t\t\t\t\t\t<div class=\"classification\"><img decoding=\"async\" src=\"\/wp-content\/themes\/vivaferien\/assets\/images\/VIVA_Icon_Klassifizierung_Voll.png\" alt=\"Star\"><img decoding=\"async\" src=\"\/wp-content\/themes\/vivaferien\/assets\/images\/VIVA_Icon_Klassifizierung_Voll.png\" alt=\"Star\"><img decoding=\"async\" src=\"\/wp-content\/themes\/vivaferien\/assets\/images\/VIVA_Icon_Klassifizierung_Voll.png\" alt=\"Star\"><img decoding=\"async\" src=\"\/wp-content\/themes\/vivaferien\/assets\/images\/VIVA_Icon_Klassifizierung_Voll.png\" alt=\"Star\"><img decoding=\"async\" src=\"\/wp-content\/themes\/vivaferien\/assets\/images\/VIVA_Icon_Klassifizierung_Voll.png\" alt=\"Star\"><\/div>\t\t\t\t\t\t<\/div>\n\t\t\t\t\t<\/div>\n\t\t\t\t\t<hr>\n\t\t\t\t\t<\/hr>\n\t\t\t\t\t<div class=\"properties-wrapper\">\n\t\t\t\t\t\t<div>\n\t\t\t\t\t\t\t<!-- <p class=\"big-p\"><div class=\"image-description\">Ab<\/div><\/p>p_6885 -->\n\t\t\t\t\t\t\t<p class=\"big-p\"><div class=\"image-description\">Da<\/div><span class=\"currency\">CHF<\/span> <span class=\"price\" data-price=\"47400\">474,00<\/span><\/p>\n\t\t\t\t\t\t<\/div>\n\t\t\t\t\t\t<div class=\"add-border show-on-hover\"><\/div>\n\t\t\t\t\t\t<div class=\"show-on-hover\">\n\t\t\t\t\t\t\t<p class=\"big-p\"><div class=\"image-description\">Ospiti<\/div>7<\/p>\n\t\t\t\t\t\t<\/div>\n\t\t\t\t\t\t<div class=\"add-border show-on-hover\"><\/div>\n\t\t\t\t\t\t<div class=\"show-on-hover\">\n\t\t\t\t\t\t\t<p class=\"big-p\"><div class=\"image-description\">Camere da letto<\/div>4<\/p>\n\t\t\t\t\t\t<\/div>\n\t\t\t\t\t<\/div>\n\t\t\t\t<\/a>\n\t\t\t<\/div>\n\t\t<\/div>\n\t<\/div><\/div><div class=\"swiper-slide\"><div class=\"swiperlisting\">\t\t\t\t<div id=\"slider\" class=\"flexslider\">\n\t\t\t<ul class=\"slides\">\n\t\t\t\t\t\t\t\t\t<li>\n\t\t\t\t\t\t<a href=\"https:\/\/viva-ferien.ch\/it\/unterkuenfte\/residenz-am-see-b503\/\">\n\t\t\t\t\t\t\t<img decoding=\"async\" src=\"https:\/\/viva-ferien.ch\/wp-content\/uploads\/2024\/10\/mf18674213-1024x576.jpg\" alt=\"Residenz am See B503-0\" \/>\n\t\t\t\t\t\t<\/a>\n\t\t\t\t\t<\/li>\n\t\t\t\t\t\t\t\t\t<li>\n\t\t\t\t\t\t<a href=\"https:\/\/viva-ferien.ch\/it\/unterkuenfte\/residenz-am-see-b503\/\">\n\t\t\t\t\t\t\t<img decoding=\"async\" src=\"https:\/\/viva-ferien.ch\/wp-content\/uploads\/2024\/10\/mf18623486-1024x576.jpg\" alt=\"Residenz am See B503-1\" \/>\n\t\t\t\t\t\t<\/a>\n\t\t\t\t\t<\/li>\n\t\t\t\t\t\t\t\t\t<li>\n\t\t\t\t\t\t<a href=\"https:\/\/viva-ferien.ch\/it\/unterkuenfte\/residenz-am-see-b503\/\">\n\t\t\t\t\t\t\t<img decoding=\"async\" src=\"https:\/\/viva-ferien.ch\/wp-content\/uploads\/2024\/10\/mf18623509-1024x576.jpg\" alt=\"Residenz am See B503-2\" \/>\n\t\t\t\t\t\t<\/a>\n\t\t\t\t\t<\/li>\n\t\t\t\t\t\t\t\t\t<li>\n\t\t\t\t\t\t<a href=\"https:\/\/viva-ferien.ch\/it\/unterkuenfte\/residenz-am-see-b503\/\">\n\t\t\t\t\t\t\t<img decoding=\"async\" src=\"https:\/\/viva-ferien.ch\/wp-content\/uploads\/2024\/10\/mf18651129-1024x576.jpg\" alt=\"Residenz am See B503-3\" \/>\n\t\t\t\t\t\t<\/a>\n\t\t\t\t\t<\/li>\n\t\t\t\t\t\t\t\t\t<li>\n\t\t\t\t\t\t<a href=\"https:\/\/viva-ferien.ch\/it\/unterkuenfte\/residenz-am-see-b503\/\">\n\t\t\t\t\t\t\t<img decoding=\"async\" src=\"https:\/\/viva-ferien.ch\/wp-content\/uploads\/2024\/10\/mf18623491-1024x576.jpg\" alt=\"Residenz am See B503-4\" \/>\n\t\t\t\t\t\t<\/a>\n\t\t\t\t\t<\/li>\n\t\t\t\t\t\t\t<\/ul>\n\t\t<\/div>\n\t\t<div class=\"info-wrapper\">\n\t\t\t<div>\n\t\t\t\t<a href=\"https:\/\/viva-ferien.ch\/it\/unterkuenfte\/residenz-am-see-b503\/\">\n\t\t\t\t\t<div class=\"description-wrapper\">\n\t\t\t\t\t\t<p class=\"image-description uppercase\"><strong>St. Moritz<\/strong><\/p>\t\t\t\n\t\t\t\t\t\t<div class=\"wrap-classification\">\t\n\t\t\t\t\t\t\t\t\t\t\t\t\t\t<h3>Residenz am See B503<\/h3>\n\t\t\t\t\t\t\t<div class=\"classification\"><img decoding=\"async\" src=\"\/wp-content\/themes\/vivaferien\/assets\/images\/VIVA_Icon_Klassifizierung_Voll.png\" alt=\"Star\"><img decoding=\"async\" src=\"\/wp-content\/themes\/vivaferien\/assets\/images\/VIVA_Icon_Klassifizierung_Voll.png\" alt=\"Star\"><img decoding=\"async\" src=\"\/wp-content\/themes\/vivaferien\/assets\/images\/VIVA_Icon_Klassifizierung_Voll.png\" alt=\"Star\"><\/div>\t\t\t\t\t\t<\/div>\n\t\t\t\t\t<\/div>\n\t\t\t\t\t<hr>\n\t\t\t\t\t<\/hr>\n\t\t\t\t\t<div class=\"properties-wrapper\">\n\t\t\t\t\t\t<div>\n\t\t\t\t\t\t\t<!-- <p class=\"big-p\"><div class=\"image-description\">Ab<\/div><\/p>p_6885 -->\n\t\t\t\t\t\t\t<p class=\"big-p\"><div class=\"image-description\">Da<\/div><span class=\"currency\">CHF<\/span> <span class=\"price\" data-price=\"11800\">118,00<\/span><\/p>\n\t\t\t\t\t\t<\/div>\n\t\t\t\t\t\t<div class=\"add-border show-on-hover\"><\/div>\n\t\t\t\t\t\t<div class=\"show-on-hover\">\n\t\t\t\t\t\t\t<p class=\"big-p\"><div class=\"image-description\">Ospiti<\/div>4<\/p>\n\t\t\t\t\t\t<\/div>\n\t\t\t\t\t\t<div class=\"add-border show-on-hover\"><\/div>\n\t\t\t\t\t\t<div class=\"show-on-hover\">\n\t\t\t\t\t\t\t<p class=\"big-p\"><div class=\"image-description\">Camere da letto<\/div>2<\/p>\n\t\t\t\t\t\t<\/div>\n\t\t\t\t\t<\/div>\n\t\t\t\t<\/a>\n\t\t\t<\/div>\n\t\t<\/div>\n\t<\/div><\/div><div class=\"swiper-slide\"><div class=\"swiperlisting\">\t\t\t\t<div id=\"slider\" class=\"flexslider\">\n\t\t\t<ul class=\"slides\">\n\t\t\t\t\t\t\t\t\t<li>\n\t\t\t\t\t\t<a href=\"https:\/\/viva-ferien.ch\/it\/unterkuenfte\/chesa-selma-2\/\">\n\t\t\t\t\t\t\t<img decoding=\"async\" src=\"https:\/\/viva-ferien.ch\/wp-content\/uploads\/2022\/11\/mf2307755-1024x640.jpg\" alt=\"Chesa Selma-0\" \/>\n\t\t\t\t\t\t<\/a>\n\t\t\t\t\t<\/li>\n\t\t\t\t\t\t\t\t\t<li>\n\t\t\t\t\t\t<a href=\"https:\/\/viva-ferien.ch\/it\/unterkuenfte\/chesa-selma-2\/\">\n\t\t\t\t\t\t\t<img decoding=\"async\" src=\"https:\/\/viva-ferien.ch\/wp-content\/uploads\/2022\/11\/mf2307752-1024x640.jpg\" alt=\"Chesa Selma-1\" \/>\n\t\t\t\t\t\t<\/a>\n\t\t\t\t\t<\/li>\n\t\t\t\t\t\t\t\t\t<li>\n\t\t\t\t\t\t<a href=\"https:\/\/viva-ferien.ch\/it\/unterkuenfte\/chesa-selma-2\/\">\n\t\t\t\t\t\t\t<img decoding=\"async\" src=\"https:\/\/viva-ferien.ch\/wp-content\/uploads\/2022\/11\/mf2307738-1024x640.jpg\" alt=\"Chesa Selma-2\" \/>\n\t\t\t\t\t\t<\/a>\n\t\t\t\t\t<\/li>\n\t\t\t\t\t\t\t\t\t<li>\n\t\t\t\t\t\t<a href=\"https:\/\/viva-ferien.ch\/it\/unterkuenfte\/chesa-selma-2\/\">\n\t\t\t\t\t\t\t<img decoding=\"async\" src=\"https:\/\/viva-ferien.ch\/wp-content\/uploads\/2022\/11\/mf2307751-1024x640.jpg\" alt=\"Chesa Selma-3\" \/>\n\t\t\t\t\t\t<\/a>\n\t\t\t\t\t<\/li>\n\t\t\t\t\t\t\t\t\t<li>\n\t\t\t\t\t\t<a href=\"https:\/\/viva-ferien.ch\/it\/unterkuenfte\/chesa-selma-2\/\">\n\t\t\t\t\t\t\t<img decoding=\"async\" src=\"https:\/\/viva-ferien.ch\/wp-content\/uploads\/2022\/11\/mf2307747-1024x640.jpg\" alt=\"Chesa Selma-4\" \/>\n\t\t\t\t\t\t<\/a>\n\t\t\t\t\t<\/li>\n\t\t\t\t\t\t\t<\/ul>\n\t\t<\/div>\n\t\t<div class=\"info-wrapper\">\n\t\t\t<div>\n\t\t\t\t<a href=\"https:\/\/viva-ferien.ch\/it\/unterkuenfte\/chesa-selma-2\/\">\n\t\t\t\t\t<div class=\"description-wrapper\">\n\t\t\t\t\t\t<p class=\"image-description uppercase\"><strong>St. Moritz<\/strong><\/p>\t\t\t\n\t\t\t\t\t\t<div class=\"wrap-classification\">\t\n\t\t\t\t\t\t\t\t\t\t\t\t\t\t<img decoding=\"async\" src=\"\/wp-content\/themes\/vivaferien\/assets\/images\/VIVA_Select.svg\" alt=\"Viva-Select-Icon\" class=\"vivaselect-wrapper\">\n\t\t\t\t\t\t\t\t\t\t\t\t\t\t<h3>Chesa Selma<\/h3>\n\t\t\t\t\t\t\t<div class=\"classification\"><img decoding=\"async\" src=\"\/wp-content\/themes\/vivaferien\/assets\/images\/VIVA_Icon_Klassifizierung_Voll.png\" alt=\"Star\"><img decoding=\"async\" src=\"\/wp-content\/themes\/vivaferien\/assets\/images\/VIVA_Icon_Klassifizierung_Voll.png\" alt=\"Star\"><img decoding=\"async\" src=\"\/wp-content\/themes\/vivaferien\/assets\/images\/VIVA_Icon_Klassifizierung_Voll.png\" alt=\"Star\"><img decoding=\"async\" src=\"\/wp-content\/themes\/vivaferien\/assets\/images\/VIVA_Icon_Klassifizierung_Voll.png\" alt=\"Star\"><img decoding=\"async\" src=\"\/wp-content\/themes\/vivaferien\/assets\/images\/VIVA_Icon_Klassifizierung_Voll.png\" alt=\"Star\"><\/div>\t\t\t\t\t\t<\/div>\n\t\t\t\t\t<\/div>\n\t\t\t\t\t<hr>\n\t\t\t\t\t<\/hr>\n\t\t\t\t\t<div class=\"properties-wrapper\">\n\t\t\t\t\t\t<div>\n\t\t\t\t\t\t\t<!-- <p class=\"big-p\"><div class=\"image-description\">Ab<\/div><\/p>p_6885 -->\n\t\t\t\t\t\t\t<p class=\"big-p\"><div class=\"image-description\">Da<\/div><span class=\"currency\">CHF<\/span> <span class=\"price\" data-price=\"146400\">1.464,00<\/span><\/p>\n\t\t\t\t\t\t<\/div>\n\t\t\t\t\t\t<div class=\"add-border show-on-hover\"><\/div>\n\t\t\t\t\t\t<div class=\"show-on-hover\">\n\t\t\t\t\t\t\t<p class=\"big-p\"><div class=\"image-description\">Ospiti<\/div>8<\/p>\n\t\t\t\t\t\t<\/div>\n\t\t\t\t\t\t<div class=\"add-border show-on-hover\"><\/div>\n\t\t\t\t\t\t<div class=\"show-on-hover\">\n\t\t\t\t\t\t\t<p class=\"big-p\"><div class=\"image-description\">Camere da letto<\/div>4<\/p>\n\t\t\t\t\t\t<\/div>\n\t\t\t\t\t<\/div>\n\t\t\t\t<\/a>\n\t\t\t<\/div>\n\t\t<\/div>\n\t<\/div><\/div><div class=\"swiper-slide\"><div class=\"swiperlisting\">\t\t\t\t<div id=\"slider\" class=\"flexslider\">\n\t\t\t<ul class=\"slides\">\n\t\t\t\t\t\t\t\t\t<li>\n\t\t\t\t\t\t<a href=\"https:\/\/viva-ferien.ch\/it\/unterkuenfte\/tashi-deleg-2\/\">\n\t\t\t\t\t\t\t<img decoding=\"async\" src=\"https:\/\/viva-ferien.ch\/wp-content\/uploads\/2025\/10\/mf24175236-1024x731.jpg\" alt=\"Tashi Deleg-0\" \/>\n\t\t\t\t\t\t<\/a>\n\t\t\t\t\t<\/li>\n\t\t\t\t\t\t\t\t\t<li>\n\t\t\t\t\t\t<a href=\"https:\/\/viva-ferien.ch\/it\/unterkuenfte\/tashi-deleg-2\/\">\n\t\t\t\t\t\t\t<img decoding=\"async\" src=\"https:\/\/viva-ferien.ch\/wp-content\/uploads\/2025\/10\/mf24175235-1024x732.jpg\" alt=\"Tashi Deleg-1\" \/>\n\t\t\t\t\t\t<\/a>\n\t\t\t\t\t<\/li>\n\t\t\t\t\t\t\t\t\t<li>\n\t\t\t\t\t\t<a href=\"https:\/\/viva-ferien.ch\/it\/unterkuenfte\/tashi-deleg-2\/\">\n\t\t\t\t\t\t\t<img decoding=\"async\" src=\"https:\/\/viva-ferien.ch\/wp-content\/uploads\/2025\/10\/mf24175238-1024x731.jpg\" alt=\"Tashi Deleg-2\" \/>\n\t\t\t\t\t\t<\/a>\n\t\t\t\t\t<\/li>\n\t\t\t\t\t\t\t\t\t<li>\n\t\t\t\t\t\t<a href=\"https:\/\/viva-ferien.ch\/it\/unterkuenfte\/tashi-deleg-2\/\">\n\t\t\t\t\t\t\t<img decoding=\"async\" src=\"https:\/\/viva-ferien.ch\/wp-content\/uploads\/2025\/10\/mf24184703-1024x576.jpg\" alt=\"Tashi Deleg-3\" \/>\n\t\t\t\t\t\t<\/a>\n\t\t\t\t\t<\/li>\n\t\t\t\t\t\t\t\t\t<li>\n\t\t\t\t\t\t<a href=\"https:\/\/viva-ferien.ch\/it\/unterkuenfte\/tashi-deleg-2\/\">\n\t\t\t\t\t\t\t<img decoding=\"async\" src=\"https:\/\/viva-ferien.ch\/wp-content\/uploads\/2025\/10\/mf24184704-1024x576.jpg\" alt=\"Tashi Deleg-4\" \/>\n\t\t\t\t\t\t<\/a>\n\t\t\t\t\t<\/li>\n\t\t\t\t\t\t\t<\/ul>\n\t\t<\/div>\n\t\t<div class=\"info-wrapper\">\n\t\t\t<div>\n\t\t\t\t<a href=\"https:\/\/viva-ferien.ch\/it\/unterkuenfte\/tashi-deleg-2\/\">\n\t\t\t\t\t<div class=\"description-wrapper\">\n\t\t\t\t\t\t<p class=\"image-description uppercase\"><strong>St. Moritz<\/strong><\/p>\t\t\t\n\t\t\t\t\t\t<div class=\"wrap-classification\">\t\n\t\t\t\t\t\t\t\t\t\t\t\t\t\t<img decoding=\"async\" src=\"\/wp-content\/themes\/vivaferien\/assets\/images\/VIVA_Select.svg\" alt=\"Viva-Select-Icon\" class=\"vivaselect-wrapper\">\n\t\t\t\t\t\t\t\t\t\t\t\t\t\t<h3>Tashi Deleg<\/h3>\n\t\t\t\t\t\t\t<div class=\"classification\"><img decoding=\"async\" src=\"\/wp-content\/themes\/vivaferien\/assets\/images\/VIVA_Icon_Klassifizierung_Voll.png\" alt=\"Star\"><img decoding=\"async\" src=\"\/wp-content\/themes\/vivaferien\/assets\/images\/VIVA_Icon_Klassifizierung_Voll.png\" alt=\"Star\"><img decoding=\"async\" src=\"\/wp-content\/themes\/vivaferien\/assets\/images\/VIVA_Icon_Klassifizierung_Voll.png\" alt=\"Star\"><img decoding=\"async\" src=\"\/wp-content\/themes\/vivaferien\/assets\/images\/VIVA_Icon_Klassifizierung_Voll.png\" alt=\"Star\"><img decoding=\"async\" src=\"\/wp-content\/themes\/vivaferien\/assets\/images\/VIVA_Icon_Klassifizierung_Voll.png\" alt=\"Star\"><\/div>\t\t\t\t\t\t<\/div>\n\t\t\t\t\t<\/div>\n\t\t\t\t\t<hr>\n\t\t\t\t\t<\/hr>\n\t\t\t\t\t<div class=\"properties-wrapper\">\n\t\t\t\t\t\t<div>\n\t\t\t\t\t\t\t<!-- <p class=\"big-p\"><div class=\"image-description\">Ab<\/div><\/p>p_6885 -->\n\t\t\t\t\t\t\t<p class=\"big-p\"><div class=\"image-description\">Da<\/div><span class=\"currency\">CHF<\/span> <span class=\"price\" data-price=\"52400\">524,00<\/span><\/p>\n\t\t\t\t\t\t<\/div>\n\t\t\t\t\t\t<div class=\"add-border show-on-hover\"><\/div>\n\t\t\t\t\t\t<div class=\"show-on-hover\">\n\t\t\t\t\t\t\t<p class=\"big-p\"><div class=\"image-description\">Ospiti<\/div>8<\/p>\n\t\t\t\t\t\t<\/div>\n\t\t\t\t\t\t<div class=\"add-border show-on-hover\"><\/div>\n\t\t\t\t\t\t<div class=\"show-on-hover\">\n\t\t\t\t\t\t\t<p class=\"big-p\"><div class=\"image-description\">Camere da letto<\/div>4<\/p>\n\t\t\t\t\t\t<\/div>\n\t\t\t\t\t<\/div>\n\t\t\t\t<\/a>\n\t\t\t<\/div>\n\t\t<\/div>\n\t<\/div><\/div><div class=\"swiper-slide\"><div class=\"swiperlisting\">\t\t\t\t<div id=\"slider\" class=\"flexslider\">\n\t\t\t<ul class=\"slides\">\n\t\t\t\t\t\t\t\t\t<li>\n\t\t\t\t\t\t<a href=\"https:\/\/viva-ferien.ch\/it\/unterkuenfte\/sonnalpine-b39-2\/\">\n\t\t\t\t\t\t\t<img decoding=\"async\" src=\"https:\/\/viva-ferien.ch\/wp-content\/uploads\/2025\/11\/mf24865371-1024x576.jpg\" alt=\"Sonnalpine B39-0\" \/>\n\t\t\t\t\t\t<\/a>\n\t\t\t\t\t<\/li>\n\t\t\t\t\t\t\t\t\t<li>\n\t\t\t\t\t\t<a href=\"https:\/\/viva-ferien.ch\/it\/unterkuenfte\/sonnalpine-b39-2\/\">\n\t\t\t\t\t\t\t<img decoding=\"async\" src=\"https:\/\/viva-ferien.ch\/wp-content\/uploads\/2025\/11\/mf24865275-1024x576.jpg\" alt=\"Sonnalpine B39-1\" \/>\n\t\t\t\t\t\t<\/a>\n\t\t\t\t\t<\/li>\n\t\t\t\t\t\t\t\t\t<li>\n\t\t\t\t\t\t<a href=\"https:\/\/viva-ferien.ch\/it\/unterkuenfte\/sonnalpine-b39-2\/\">\n\t\t\t\t\t\t\t<img decoding=\"async\" src=\"https:\/\/viva-ferien.ch\/wp-content\/uploads\/2025\/11\/mf24865271-1024x576.jpg\" alt=\"Sonnalpine B39-2\" \/>\n\t\t\t\t\t\t<\/a>\n\t\t\t\t\t<\/li>\n\t\t\t\t\t\t\t\t\t<li>\n\t\t\t\t\t\t<a href=\"https:\/\/viva-ferien.ch\/it\/unterkuenfte\/sonnalpine-b39-2\/\">\n\t\t\t\t\t\t\t<img decoding=\"async\" src=\"https:\/\/viva-ferien.ch\/wp-content\/uploads\/2025\/11\/mf24865274-1024x576.jpg\" alt=\"Sonnalpine B39-3\" \/>\n\t\t\t\t\t\t<\/a>\n\t\t\t\t\t<\/li>\n\t\t\t\t\t\t\t\t\t<li>\n\t\t\t\t\t\t<a href=\"https:\/\/viva-ferien.ch\/it\/unterkuenfte\/sonnalpine-b39-2\/\">\n\t\t\t\t\t\t\t<img decoding=\"async\" src=\"https:\/\/viva-ferien.ch\/wp-content\/uploads\/2025\/11\/mf24865276-1024x576.jpg\" alt=\"Sonnalpine B39-4\" \/>\n\t\t\t\t\t\t<\/a>\n\t\t\t\t\t<\/li>\n\t\t\t\t\t\t\t<\/ul>\n\t\t<\/div>\n\t\t<div class=\"info-wrapper\">\n\t\t\t<div>\n\t\t\t\t<a href=\"https:\/\/viva-ferien.ch\/it\/unterkuenfte\/sonnalpine-b39-2\/\">\n\t\t\t\t\t<div class=\"description-wrapper\">\n\t\t\t\t\t\t<p class=\"image-description uppercase\"><strong>St. Moritz<\/strong><\/p>\t\t\t\n\t\t\t\t\t\t<div class=\"wrap-classification\">\t\n\t\t\t\t\t\t\t\t\t\t\t\t\t\t<h3>Sonnalpine B39<\/h3>\n\t\t\t\t\t\t\t<div class=\"classification\"><img decoding=\"async\" src=\"\/wp-content\/themes\/vivaferien\/assets\/images\/VIVA_Icon_Klassifizierung_Voll.png\" alt=\"Star\"><img decoding=\"async\" src=\"\/wp-content\/themes\/vivaferien\/assets\/images\/VIVA_Icon_Klassifizierung_Voll.png\" alt=\"Star\"><img decoding=\"async\" src=\"\/wp-content\/themes\/vivaferien\/assets\/images\/VIVA_Icon_Klassifizierung_Voll.png\" alt=\"Star\"><\/div>\t\t\t\t\t\t<\/div>\n\t\t\t\t\t<\/div>\n\t\t\t\t\t<hr>\n\t\t\t\t\t<\/hr>\n\t\t\t\t\t<div class=\"properties-wrapper\">\n\t\t\t\t\t\t<div>\n\t\t\t\t\t\t\t<!-- <p class=\"big-p\"><div class=\"image-description\">Ab<\/div><\/p>p_6885 -->\n\t\t\t\t\t\t\t<p class=\"big-p\"><div class=\"image-description\">Da<\/div><span class=\"currency\">CHF<\/span> <span class=\"price\" data-price=\"9700\">97,00<\/span><\/p>\n\t\t\t\t\t\t<\/div>\n\t\t\t\t\t\t<div class=\"add-border show-on-hover\"><\/div>\n\t\t\t\t\t\t<div class=\"show-on-hover\">\n\t\t\t\t\t\t\t<p class=\"big-p\"><div class=\"image-description\">Ospiti<\/div>2<\/p>\n\t\t\t\t\t\t<\/div>\n\t\t\t\t\t\t<div class=\"add-border show-on-hover\"><\/div>\n\t\t\t\t\t\t<div class=\"show-on-hover\">\n\t\t\t\t\t\t\t<p class=\"big-p\"><div class=\"image-description\">Camere da letto<\/div>1<\/p>\n\t\t\t\t\t\t<\/div>\n\t\t\t\t\t<\/div>\n\t\t\t\t<\/a>\n\t\t\t<\/div>\n\t\t<\/div>\n\t<\/div><\/div><div class=\"swiper-slide\"><div class=\"swiperlisting\">\t\t\t\t<div id=\"slider\" class=\"flexslider\">\n\t\t\t<ul class=\"slides\">\n\t\t\t\t\t\t\t\t\t<li>\n\t\t\t\t\t\t<a href=\"https:\/\/viva-ferien.ch\/it\/unterkuenfte\/residenz-am-see-a204-2\/\">\n\t\t\t\t\t\t\t<img decoding=\"async\" src=\"https:\/\/viva-ferien.ch\/wp-content\/uploads\/2024\/09\/mf18245322-1024x576.jpg\" alt=\"Residenz am See A204-0\" \/>\n\t\t\t\t\t\t<\/a>\n\t\t\t\t\t<\/li>\n\t\t\t\t\t\t\t\t\t<li>\n\t\t\t\t\t\t<a href=\"https:\/\/viva-ferien.ch\/it\/unterkuenfte\/residenz-am-see-a204-2\/\">\n\t\t\t\t\t\t\t<img decoding=\"async\" src=\"https:\/\/viva-ferien.ch\/wp-content\/uploads\/2024\/09\/mf18245326-1024x576.jpg\" alt=\"Residenz am See A204-1\" \/>\n\t\t\t\t\t\t<\/a>\n\t\t\t\t\t<\/li>\n\t\t\t\t\t\t\t\t\t<li>\n\t\t\t\t\t\t<a href=\"https:\/\/viva-ferien.ch\/it\/unterkuenfte\/residenz-am-see-a204-2\/\">\n\t\t\t\t\t\t\t<img decoding=\"async\" src=\"https:\/\/viva-ferien.ch\/wp-content\/uploads\/2024\/09\/mf18245321-1024x576.jpg\" alt=\"Residenz am See A204-2\" \/>\n\t\t\t\t\t\t<\/a>\n\t\t\t\t\t<\/li>\n\t\t\t\t\t\t\t\t\t<li>\n\t\t\t\t\t\t<a href=\"https:\/\/viva-ferien.ch\/it\/unterkuenfte\/residenz-am-see-a204-2\/\">\n\t\t\t\t\t\t\t<img decoding=\"async\" src=\"https:\/\/viva-ferien.ch\/wp-content\/uploads\/2024\/09\/mf18245325-1024x576.jpg\" alt=\"Residenz am See A204-3\" \/>\n\t\t\t\t\t\t<\/a>\n\t\t\t\t\t<\/li>\n\t\t\t\t\t\t\t\t\t<li>\n\t\t\t\t\t\t<a href=\"https:\/\/viva-ferien.ch\/it\/unterkuenfte\/residenz-am-see-a204-2\/\">\n\t\t\t\t\t\t\t<img decoding=\"async\" src=\"https:\/\/viva-ferien.ch\/wp-content\/uploads\/2024\/09\/mf18245317-1024x576.jpg\" alt=\"Residenz am See A204-4\" \/>\n\t\t\t\t\t\t<\/a>\n\t\t\t\t\t<\/li>\n\t\t\t\t\t\t\t<\/ul>\n\t\t<\/div>\n\t\t<div class=\"info-wrapper\">\n\t\t\t<div>\n\t\t\t\t<a href=\"https:\/\/viva-ferien.ch\/it\/unterkuenfte\/residenz-am-see-a204-2\/\">\n\t\t\t\t\t<div class=\"description-wrapper\">\n\t\t\t\t\t\t<p class=\"image-description uppercase\"><strong>St. Moritz<\/strong><\/p>\t\t\t\n\t\t\t\t\t\t<div class=\"wrap-classification\">\t\n\t\t\t\t\t\t\t\t\t\t\t\t\t\t<h3>Residenz am See A204<\/h3>\n\t\t\t\t\t\t\t<div class=\"classification\"><img decoding=\"async\" src=\"\/wp-content\/themes\/vivaferien\/assets\/images\/VIVA_Icon_Klassifizierung_Voll.png\" alt=\"Star\"><img decoding=\"async\" src=\"\/wp-content\/themes\/vivaferien\/assets\/images\/VIVA_Icon_Klassifizierung_Voll.png\" alt=\"Star\"><img decoding=\"async\" src=\"\/wp-content\/themes\/vivaferien\/assets\/images\/VIVA_Icon_Klassifizierung_Halb.png\" alt=\"half-full Star\"><\/div>\t\t\t\t\t\t<\/div>\n\t\t\t\t\t<\/div>\n\t\t\t\t\t<hr>\n\t\t\t\t\t<\/hr>\n\t\t\t\t\t<div class=\"properties-wrapper\">\n\t\t\t\t\t\t<div>\n\t\t\t\t\t\t\t<!-- <p class=\"big-p\"><div class=\"image-description\">Ab<\/div><\/p>p_6885 -->\n\t\t\t\t\t\t\t<p class=\"big-p\"><div class=\"image-description\">Da<\/div><span class=\"currency\">CHF<\/span> <span class=\"price\" data-price=\"8300\">83,00<\/span><\/p>\n\t\t\t\t\t\t<\/div>\n\t\t\t\t\t\t<div class=\"add-border show-on-hover\"><\/div>\n\t\t\t\t\t\t<div class=\"show-on-hover\">\n\t\t\t\t\t\t\t<p class=\"big-p\"><div class=\"image-description\">Ospiti<\/div>2<\/p>\n\t\t\t\t\t\t<\/div>\n\t\t\t\t\t\t<div class=\"add-border show-on-hover\"><\/div>\n\t\t\t\t\t\t<div class=\"show-on-hover\">\n\t\t\t\t\t\t\t<p class=\"big-p\"><div class=\"image-description\">Camere da letto<\/div>1<\/p>\n\t\t\t\t\t\t<\/div>\n\t\t\t\t\t<\/div>\n\t\t\t\t<\/a>\n\t\t\t<\/div>\n\t\t<\/div>\n\t<\/div><\/div><div class=\"swiper-slide\"><div class=\"swiperlisting\">\t\t\t\t<div id=\"slider\" class=\"flexslider\">\n\t\t\t<ul class=\"slides\">\n\t\t\t\t\t\t\t\t\t<li>\n\t\t\t\t\t\t<a href=\"https:\/\/viva-ferien.ch\/it\/unterkuenfte\/allegria-16-2\/\">\n\t\t\t\t\t\t\t<img decoding=\"async\" src=\"https:\/\/viva-ferien.ch\/wp-content\/uploads\/2022\/11\/mf2267060-1024x640.jpg\" alt=\"Allegria 16-0\" \/>\n\t\t\t\t\t\t<\/a>\n\t\t\t\t\t<\/li>\n\t\t\t\t\t\t\t\t\t<li>\n\t\t\t\t\t\t<a href=\"https:\/\/viva-ferien.ch\/it\/unterkuenfte\/allegria-16-2\/\">\n\t\t\t\t\t\t\t<img decoding=\"async\" src=\"https:\/\/viva-ferien.ch\/wp-content\/uploads\/2022\/11\/mf1437110-1024x641.jpg\" alt=\"Allegria 16-1\" \/>\n\t\t\t\t\t\t<\/a>\n\t\t\t\t\t<\/li>\n\t\t\t\t\t\t\t\t\t<li>\n\t\t\t\t\t\t<a href=\"https:\/\/viva-ferien.ch\/it\/unterkuenfte\/allegria-16-2\/\">\n\t\t\t\t\t\t\t<img decoding=\"async\" src=\"https:\/\/viva-ferien.ch\/wp-content\/uploads\/2022\/11\/mf2267052-1024x640.jpg\" alt=\"Allegria 16-2\" \/>\n\t\t\t\t\t\t<\/a>\n\t\t\t\t\t<\/li>\n\t\t\t\t\t\t\t\t\t<li>\n\t\t\t\t\t\t<a href=\"https:\/\/viva-ferien.ch\/it\/unterkuenfte\/allegria-16-2\/\">\n\t\t\t\t\t\t\t<img decoding=\"async\" src=\"https:\/\/viva-ferien.ch\/wp-content\/uploads\/2022\/11\/mf2267059-1024x640.jpg\" alt=\"Allegria 16-3\" \/>\n\t\t\t\t\t\t<\/a>\n\t\t\t\t\t<\/li>\n\t\t\t\t\t\t\t\t\t<li>\n\t\t\t\t\t\t<a href=\"https:\/\/viva-ferien.ch\/it\/unterkuenfte\/allegria-16-2\/\">\n\t\t\t\t\t\t\t<img decoding=\"async\" src=\"https:\/\/viva-ferien.ch\/wp-content\/uploads\/2022\/11\/mf2267058-1024x640.jpg\" alt=\"Allegria 16-4\" \/>\n\t\t\t\t\t\t<\/a>\n\t\t\t\t\t<\/li>\n\t\t\t\t\t\t\t<\/ul>\n\t\t<\/div>\n\t\t<div class=\"info-wrapper\">\n\t\t\t<div>\n\t\t\t\t<a href=\"https:\/\/viva-ferien.ch\/it\/unterkuenfte\/allegria-16-2\/\">\n\t\t\t\t\t<div class=\"description-wrapper\">\n\t\t\t\t\t\t<p class=\"image-description uppercase\"><strong>St. Moritz<\/strong><\/p>\t\t\t\n\t\t\t\t\t\t<div class=\"wrap-classification\">\t\n\t\t\t\t\t\t\t\t\t\t\t\t\t\t<h3>Allegria 16<\/h3>\n\t\t\t\t\t\t\t<div class=\"classification\"><img decoding=\"async\" src=\"\/wp-content\/themes\/vivaferien\/assets\/images\/VIVA_Icon_Klassifizierung_Voll.png\" alt=\"Star\"><img decoding=\"async\" src=\"\/wp-content\/themes\/vivaferien\/assets\/images\/VIVA_Icon_Klassifizierung_Voll.png\" alt=\"Star\"><img decoding=\"async\" src=\"\/wp-content\/themes\/vivaferien\/assets\/images\/VIVA_Icon_Klassifizierung_Voll.png\" alt=\"Star\"><\/div>\t\t\t\t\t\t<\/div>\n\t\t\t\t\t<\/div>\n\t\t\t\t\t<hr>\n\t\t\t\t\t<\/hr>\n\t\t\t\t\t<div class=\"properties-wrapper\">\n\t\t\t\t\t\t<div>\n\t\t\t\t\t\t\t<!-- <p class=\"big-p\"><div class=\"image-description\">Ab<\/div><\/p>p_6885 -->\n\t\t\t\t\t\t\t<p class=\"big-p\"><div class=\"image-description\">Da<\/div><span class=\"currency\">CHF<\/span> <span class=\"price\" data-price=\"9200\">92,00<\/span><\/p>\n\t\t\t\t\t\t<\/div>\n\t\t\t\t\t\t<div class=\"add-border show-on-hover\"><\/div>\n\t\t\t\t\t\t<div class=\"show-on-hover\">\n\t\t\t\t\t\t\t<p class=\"big-p\"><div class=\"image-description\">Ospiti<\/div>2<\/p>\n\t\t\t\t\t\t<\/div>\n\t\t\t\t\t\t<div class=\"add-border show-on-hover\"><\/div>\n\t\t\t\t\t\t<div class=\"show-on-hover\">\n\t\t\t\t\t\t\t<p class=\"big-p\"><div class=\"image-description\">Camere da letto<\/div>1<\/p>\n\t\t\t\t\t\t<\/div>\n\t\t\t\t\t<\/div>\n\t\t\t\t<\/a>\n\t\t\t<\/div>\n\t\t<\/div>\n\t<\/div><\/div><div class=\"swiper-slide\"><div class=\"swiperlisting\">\t\t\t\t<div id=\"slider\" class=\"flexslider\">\n\t\t\t<ul class=\"slides\">\n\t\t\t\t\t\t\t\t\t<li>\n\t\t\t\t\t\t<a href=\"https:\/\/viva-ferien.ch\/it\/unterkuenfte\/allod-bad-109-2\/\">\n\t\t\t\t\t\t\t<img decoding=\"async\" src=\"https:\/\/viva-ferien.ch\/wp-content\/uploads\/2023\/05\/mf11926880-1024x683.jpg\" alt=\"Allod Bad 109-0\" \/>\n\t\t\t\t\t\t<\/a>\n\t\t\t\t\t<\/li>\n\t\t\t\t\t\t\t\t\t<li>\n\t\t\t\t\t\t<a href=\"https:\/\/viva-ferien.ch\/it\/unterkuenfte\/allod-bad-109-2\/\">\n\t\t\t\t\t\t\t<img decoding=\"async\" src=\"https:\/\/viva-ferien.ch\/wp-content\/uploads\/2023\/05\/mf11926918-1024x683.jpg\" alt=\"Allod Bad 109-1\" \/>\n\t\t\t\t\t\t<\/a>\n\t\t\t\t\t<\/li>\n\t\t\t\t\t\t\t\t\t<li>\n\t\t\t\t\t\t<a href=\"https:\/\/viva-ferien.ch\/it\/unterkuenfte\/allod-bad-109-2\/\">\n\t\t\t\t\t\t\t<img decoding=\"async\" src=\"https:\/\/viva-ferien.ch\/wp-content\/uploads\/2023\/05\/mf11926919-1024x683.jpg\" alt=\"Allod Bad 109-2\" \/>\n\t\t\t\t\t\t<\/a>\n\t\t\t\t\t<\/li>\n\t\t\t\t\t\t\t\t\t<li>\n\t\t\t\t\t\t<a href=\"https:\/\/viva-ferien.ch\/it\/unterkuenfte\/allod-bad-109-2\/\">\n\t\t\t\t\t\t\t<img decoding=\"async\" src=\"https:\/\/viva-ferien.ch\/wp-content\/uploads\/2023\/05\/mf11926927-1024x683.jpg\" alt=\"Allod Bad 109-3\" \/>\n\t\t\t\t\t\t<\/a>\n\t\t\t\t\t<\/li>\n\t\t\t\t\t\t\t\t\t<li>\n\t\t\t\t\t\t<a href=\"https:\/\/viva-ferien.ch\/it\/unterkuenfte\/allod-bad-109-2\/\">\n\t\t\t\t\t\t\t<img decoding=\"async\" src=\"https:\/\/viva-ferien.ch\/wp-content\/uploads\/2023\/05\/mf11926928-1024x683.jpg\" alt=\"Allod Bad 109-4\" \/>\n\t\t\t\t\t\t<\/a>\n\t\t\t\t\t<\/li>\n\t\t\t\t\t\t\t<\/ul>\n\t\t<\/div>\n\t\t<div class=\"info-wrapper\">\n\t\t\t<div>\n\t\t\t\t<a href=\"https:\/\/viva-ferien.ch\/it\/unterkuenfte\/allod-bad-109-2\/\">\n\t\t\t\t\t<div class=\"description-wrapper\">\n\t\t\t\t\t\t<p class=\"image-description uppercase\"><strong>St. Moritz<\/strong><\/p>\t\t\t\n\t\t\t\t\t\t<div class=\"wrap-classification\">\t\n\t\t\t\t\t\t\t\t\t\t\t\t\t\t<h3>Allod Bad 109<\/h3>\n\t\t\t\t\t\t\t<div class=\"classification\"><img decoding=\"async\" src=\"\/wp-content\/themes\/vivaferien\/assets\/images\/VIVA_Icon_Klassifizierung_Voll.png\" alt=\"Star\"><img decoding=\"async\" src=\"\/wp-content\/themes\/vivaferien\/assets\/images\/VIVA_Icon_Klassifizierung_Voll.png\" alt=\"Star\"><img decoding=\"async\" src=\"\/wp-content\/themes\/vivaferien\/assets\/images\/VIVA_Icon_Klassifizierung_Voll.png\" alt=\"Star\"><\/div>\t\t\t\t\t\t<\/div>\n\t\t\t\t\t<\/div>\n\t\t\t\t\t<hr>\n\t\t\t\t\t<\/hr>\n\t\t\t\t\t<div class=\"properties-wrapper\">\n\t\t\t\t\t\t<div>\n\t\t\t\t\t\t\t<!-- <p class=\"big-p\"><div class=\"image-description\">Ab<\/div><\/p>p_6885 -->\n\t\t\t\t\t\t\t<p class=\"big-p\"><div class=\"image-description\">Da<\/div><span class=\"currency\">CHF<\/span> <span class=\"price\" data-price=\"9700\">97,00<\/span><\/p>\n\t\t\t\t\t\t<\/div>\n\t\t\t\t\t\t<div class=\"add-border show-on-hover\"><\/div>\n\t\t\t\t\t\t<div class=\"show-on-hover\">\n\t\t\t\t\t\t\t<p class=\"big-p\"><div class=\"image-description\">Ospiti<\/div>5<\/p>\n\t\t\t\t\t\t<\/div>\n\t\t\t\t\t\t<div class=\"add-border show-on-hover\"><\/div>\n\t\t\t\t\t\t<div class=\"show-on-hover\">\n\t\t\t\t\t\t\t<p class=\"big-p\"><div class=\"image-description\">Camere da letto<\/div>1<\/p>\n\t\t\t\t\t\t<\/div>\n\t\t\t\t\t<\/div>\n\t\t\t\t<\/a>\n\t\t\t<\/div>\n\t\t<\/div>\n\t<\/div><\/div><div class=\"swiper-slide\"><div class=\"swiperlisting\">\t\t\t\t<div id=\"slider\" class=\"flexslider\">\n\t\t\t<ul class=\"slides\">\n\t\t\t\t\t\t\t\t\t<li>\n\t\t\t\t\t\t<a href=\"https:\/\/viva-ferien.ch\/it\/unterkuenfte\/st-moritzerhof-42-2\/\">\n\t\t\t\t\t\t\t<img decoding=\"async\" src=\"https:\/\/viva-ferien.ch\/wp-content\/uploads\/2022\/11\/mf2017655-1024x640.jpg\" alt=\"St. Moritzerhof 42-0\" \/>\n\t\t\t\t\t\t<\/a>\n\t\t\t\t\t<\/li>\n\t\t\t\t\t\t\t\t\t<li>\n\t\t\t\t\t\t<a href=\"https:\/\/viva-ferien.ch\/it\/unterkuenfte\/st-moritzerhof-42-2\/\">\n\t\t\t\t\t\t\t<img decoding=\"async\" src=\"https:\/\/viva-ferien.ch\/wp-content\/uploads\/2022\/11\/mf2017642-1024x640.jpg\" alt=\"St. Moritzerhof 42-1\" \/>\n\t\t\t\t\t\t<\/a>\n\t\t\t\t\t<\/li>\n\t\t\t\t\t\t\t\t\t<li>\n\t\t\t\t\t\t<a href=\"https:\/\/viva-ferien.ch\/it\/unterkuenfte\/st-moritzerhof-42-2\/\">\n\t\t\t\t\t\t\t<img decoding=\"async\" src=\"https:\/\/viva-ferien.ch\/wp-content\/uploads\/2022\/11\/mf2017641-1024x640.jpg\" alt=\"St. Moritzerhof 42-2\" \/>\n\t\t\t\t\t\t<\/a>\n\t\t\t\t\t<\/li>\n\t\t\t\t\t\t\t\t\t<li>\n\t\t\t\t\t\t<a href=\"https:\/\/viva-ferien.ch\/it\/unterkuenfte\/st-moritzerhof-42-2\/\">\n\t\t\t\t\t\t\t<img decoding=\"async\" src=\"https:\/\/viva-ferien.ch\/wp-content\/uploads\/2022\/11\/mf2017640-1024x640.jpg\" alt=\"St. Moritzerhof 42-3\" \/>\n\t\t\t\t\t\t<\/a>\n\t\t\t\t\t<\/li>\n\t\t\t\t\t\t\t\t\t<li>\n\t\t\t\t\t\t<a href=\"https:\/\/viva-ferien.ch\/it\/unterkuenfte\/st-moritzerhof-42-2\/\">\n\t\t\t\t\t\t\t<img decoding=\"async\" src=\"https:\/\/viva-ferien.ch\/wp-content\/uploads\/2022\/11\/mf2017645-1024x640.jpg\" alt=\"St. Moritzerhof 42-4\" \/>\n\t\t\t\t\t\t<\/a>\n\t\t\t\t\t<\/li>\n\t\t\t\t\t\t\t<\/ul>\n\t\t<\/div>\n\t\t<div class=\"info-wrapper\">\n\t\t\t<div>\n\t\t\t\t<a href=\"https:\/\/viva-ferien.ch\/it\/unterkuenfte\/st-moritzerhof-42-2\/\">\n\t\t\t\t\t<div class=\"description-wrapper\">\n\t\t\t\t\t\t<p class=\"image-description uppercase\"><strong>St. Moritz<\/strong><\/p>\t\t\t\n\t\t\t\t\t\t<div class=\"wrap-classification\">\t\n\t\t\t\t\t\t\t\t\t\t\t\t\t\t<h3>St. Moritzerhof 42<\/h3>\n\t\t\t\t\t\t\t<div class=\"classification\"><img decoding=\"async\" src=\"\/wp-content\/themes\/vivaferien\/assets\/images\/VIVA_Icon_Klassifizierung_Voll.png\" alt=\"Star\"><img decoding=\"async\" src=\"\/wp-content\/themes\/vivaferien\/assets\/images\/VIVA_Icon_Klassifizierung_Voll.png\" alt=\"Star\"><img decoding=\"async\" src=\"\/wp-content\/themes\/vivaferien\/assets\/images\/VIVA_Icon_Klassifizierung_Voll.png\" alt=\"Star\"><img decoding=\"async\" src=\"\/wp-content\/themes\/vivaferien\/assets\/images\/VIVA_Icon_Klassifizierung_Voll.png\" alt=\"Star\"><\/div>\t\t\t\t\t\t<\/div>\n\t\t\t\t\t<\/div>\n\t\t\t\t\t<hr>\n\t\t\t\t\t<\/hr>\n\t\t\t\t\t<div class=\"properties-wrapper\">\n\t\t\t\t\t\t<div>\n\t\t\t\t\t\t\t<!-- <p class=\"big-p\"><div class=\"image-description\">Ab<\/div><\/p>p_6885 -->\n\t\t\t\t\t\t\t<p class=\"big-p\"><div class=\"image-description\">Da<\/div><span class=\"currency\">CHF<\/span> <span class=\"price\" data-price=\"18800\">188,00<\/span><\/p>\n\t\t\t\t\t\t<\/div>\n\t\t\t\t\t\t<div class=\"add-border show-on-hover\"><\/div>\n\t\t\t\t\t\t<div class=\"show-on-hover\">\n\t\t\t\t\t\t\t<p class=\"big-p\"><div class=\"image-description\">Ospiti<\/div>5<\/p>\n\t\t\t\t\t\t<\/div>\n\t\t\t\t\t\t<div class=\"add-border show-on-hover\"><\/div>\n\t\t\t\t\t\t<div class=\"show-on-hover\">\n\t\t\t\t\t\t\t<p class=\"big-p\"><div class=\"image-description\">Camere da letto<\/div>2<\/p>\n\t\t\t\t\t\t<\/div>\n\t\t\t\t\t<\/div>\n\t\t\t\t<\/a>\n\t\t\t<\/div>\n\t\t<\/div>\n\t<\/div><\/div><div class=\"swiper-slide\"><div class=\"swiperlisting\">\t\t\t\t<div id=\"slider\" class=\"flexslider\">\n\t\t\t<ul class=\"slides\">\n\t\t\t\t\t\t\t\t\t<li>\n\t\t\t\t\t\t<a href=\"https:\/\/viva-ferien.ch\/it\/unterkuenfte\/chesa-brattas-8-2\/\">\n\t\t\t\t\t\t\t<img decoding=\"async\" src=\"https:\/\/viva-ferien.ch\/wp-content\/uploads\/2025\/01\/mf20202166-1024x576.jpg\" alt=\"Brattas 8-0\" \/>\n\t\t\t\t\t\t<\/a>\n\t\t\t\t\t<\/li>\n\t\t\t\t\t\t\t\t\t<li>\n\t\t\t\t\t\t<a href=\"https:\/\/viva-ferien.ch\/it\/unterkuenfte\/chesa-brattas-8-2\/\">\n\t\t\t\t\t\t\t<img decoding=\"async\" src=\"https:\/\/viva-ferien.ch\/wp-content\/uploads\/2025\/01\/mf20202163-1024x576.jpg\" alt=\"Brattas 8-1\" \/>\n\t\t\t\t\t\t<\/a>\n\t\t\t\t\t<\/li>\n\t\t\t\t\t\t\t\t\t<li>\n\t\t\t\t\t\t<a href=\"https:\/\/viva-ferien.ch\/it\/unterkuenfte\/chesa-brattas-8-2\/\">\n\t\t\t\t\t\t\t<img decoding=\"async\" src=\"https:\/\/viva-ferien.ch\/wp-content\/uploads\/2025\/01\/mf20202164-1024x576.jpg\" alt=\"Brattas 8-2\" \/>\n\t\t\t\t\t\t<\/a>\n\t\t\t\t\t<\/li>\n\t\t\t\t\t\t\t\t\t<li>\n\t\t\t\t\t\t<a href=\"https:\/\/viva-ferien.ch\/it\/unterkuenfte\/chesa-brattas-8-2\/\">\n\t\t\t\t\t\t\t<img decoding=\"async\" src=\"https:\/\/viva-ferien.ch\/wp-content\/uploads\/2025\/01\/mf20202177-1024x576.jpg\" alt=\"Brattas 8-3\" \/>\n\t\t\t\t\t\t<\/a>\n\t\t\t\t\t<\/li>\n\t\t\t\t\t\t\t\t\t<li>\n\t\t\t\t\t\t<a href=\"https:\/\/viva-ferien.ch\/it\/unterkuenfte\/chesa-brattas-8-2\/\">\n\t\t\t\t\t\t\t<img decoding=\"async\" src=\"https:\/\/viva-ferien.ch\/wp-content\/uploads\/2025\/01\/mf20202287-1024x576.jpg\" alt=\"Brattas 8-4\" \/>\n\t\t\t\t\t\t<\/a>\n\t\t\t\t\t<\/li>\n\t\t\t\t\t\t\t<\/ul>\n\t\t<\/div>\n\t\t<div class=\"info-wrapper\">\n\t\t\t<div>\n\t\t\t\t<a href=\"https:\/\/viva-ferien.ch\/it\/unterkuenfte\/chesa-brattas-8-2\/\">\n\t\t\t\t\t<div class=\"description-wrapper\">\n\t\t\t\t\t\t<p class=\"image-description uppercase\"><strong>St. Moritz<\/strong><\/p>\t\t\t\n\t\t\t\t\t\t<div class=\"wrap-classification\">\t\n\t\t\t\t\t\t\t\t\t\t\t\t\t\t<h3>Brattas 8<\/h3>\n\t\t\t\t\t\t\t<div class=\"classification\"><img decoding=\"async\" src=\"\/wp-content\/themes\/vivaferien\/assets\/images\/VIVA_Icon_Klassifizierung_Voll.png\" alt=\"Star\"><img decoding=\"async\" src=\"\/wp-content\/themes\/vivaferien\/assets\/images\/VIVA_Icon_Klassifizierung_Voll.png\" alt=\"Star\"><img decoding=\"async\" src=\"\/wp-content\/themes\/vivaferien\/assets\/images\/VIVA_Icon_Klassifizierung_Voll.png\" alt=\"Star\"><img decoding=\"async\" src=\"\/wp-content\/themes\/vivaferien\/assets\/images\/VIVA_Icon_Klassifizierung_Voll.png\" alt=\"Star\"><\/div>\t\t\t\t\t\t<\/div>\n\t\t\t\t\t<\/div>\n\t\t\t\t\t<hr>\n\t\t\t\t\t<\/hr>\n\t\t\t\t\t<div class=\"properties-wrapper\">\n\t\t\t\t\t\t<div>\n\t\t\t\t\t\t\t<!-- <p class=\"big-p\"><div class=\"image-description\">Ab<\/div><\/p>p_6885 -->\n\t\t\t\t\t\t\t<p class=\"big-p\"><div class=\"image-description\">Da<\/div><span class=\"currency\">CHF<\/span> <span class=\"price\" data-price=\"20500\">205,00<\/span><\/p>\n\t\t\t\t\t\t<\/div>\n\t\t\t\t\t\t<div class=\"add-border show-on-hover\"><\/div>\n\t\t\t\t\t\t<div class=\"show-on-hover\">\n\t\t\t\t\t\t\t<p class=\"big-p\"><div class=\"image-description\">Ospiti<\/div>5<\/p>\n\t\t\t\t\t\t<\/div>\n\t\t\t\t\t\t<div class=\"add-border show-on-hover\"><\/div>\n\t\t\t\t\t\t<div class=\"show-on-hover\">\n\t\t\t\t\t\t\t<p class=\"big-p\"><div class=\"image-description\">Camere da letto<\/div>3<\/p>\n\t\t\t\t\t\t<\/div>\n\t\t\t\t\t<\/div>\n\t\t\t\t<\/a>\n\t\t\t<\/div>\n\t\t<\/div>\n\t<\/div><\/div><div class=\"swiper-slide\"><div class=\"swiperlisting\">\t\t\t\t<div id=\"slider\" class=\"flexslider\">\n\t\t\t<ul class=\"slides\">\n\t\t\t\t\t\t\t\t\t<li>\n\t\t\t\t\t\t<a href=\"https:\/\/viva-ferien.ch\/it\/unterkuenfte\/allod-bad-602-2\/\">\n\t\t\t\t\t\t\t<img decoding=\"async\" src=\"https:\/\/viva-ferien.ch\/wp-content\/uploads\/2023\/09\/mf13621621-1024x768.jpg\" alt=\"Allod Bad 602-0\" \/>\n\t\t\t\t\t\t<\/a>\n\t\t\t\t\t<\/li>\n\t\t\t\t\t\t\t\t\t<li>\n\t\t\t\t\t\t<a href=\"https:\/\/viva-ferien.ch\/it\/unterkuenfte\/allod-bad-602-2\/\">\n\t\t\t\t\t\t\t<img decoding=\"async\" src=\"https:\/\/viva-ferien.ch\/wp-content\/uploads\/2023\/09\/mf13621620-1024x768.jpg\" alt=\"Allod Bad 602-1\" \/>\n\t\t\t\t\t\t<\/a>\n\t\t\t\t\t<\/li>\n\t\t\t\t\t\t\t\t\t<li>\n\t\t\t\t\t\t<a href=\"https:\/\/viva-ferien.ch\/it\/unterkuenfte\/allod-bad-602-2\/\">\n\t\t\t\t\t\t\t<img decoding=\"async\" src=\"https:\/\/viva-ferien.ch\/wp-content\/uploads\/2023\/09\/mf13621619-1024x768.jpg\" alt=\"Allod Bad 602-2\" \/>\n\t\t\t\t\t\t<\/a>\n\t\t\t\t\t<\/li>\n\t\t\t\t\t\t\t\t\t<li>\n\t\t\t\t\t\t<a href=\"https:\/\/viva-ferien.ch\/it\/unterkuenfte\/allod-bad-602-2\/\">\n\t\t\t\t\t\t\t<img decoding=\"async\" src=\"https:\/\/viva-ferien.ch\/wp-content\/uploads\/2023\/09\/mf13621633-1024x768.jpg\" alt=\"Allod Bad 602-3\" \/>\n\t\t\t\t\t\t<\/a>\n\t\t\t\t\t<\/li>\n\t\t\t\t\t\t\t\t\t<li>\n\t\t\t\t\t\t<a href=\"https:\/\/viva-ferien.ch\/it\/unterkuenfte\/allod-bad-602-2\/\">\n\t\t\t\t\t\t\t<img decoding=\"async\" src=\"https:\/\/viva-ferien.ch\/wp-content\/uploads\/2023\/09\/mf13621637-1024x768.jpg\" alt=\"Allod Bad 602-4\" \/>\n\t\t\t\t\t\t<\/a>\n\t\t\t\t\t<\/li>\n\t\t\t\t\t\t\t<\/ul>\n\t\t<\/div>\n\t\t<div class=\"info-wrapper\">\n\t\t\t<div>\n\t\t\t\t<a href=\"https:\/\/viva-ferien.ch\/it\/unterkuenfte\/allod-bad-602-2\/\">\n\t\t\t\t\t<div class=\"description-wrapper\">\n\t\t\t\t\t\t<p class=\"image-description uppercase\"><strong>St. Moritz<\/strong><\/p>\t\t\t\n\t\t\t\t\t\t<div class=\"wrap-classification\">\t\n\t\t\t\t\t\t\t\t\t\t\t\t\t\t<h3>Allod Bad 602<\/h3>\n\t\t\t\t\t\t\t<div class=\"classification\"><img decoding=\"async\" src=\"\/wp-content\/themes\/vivaferien\/assets\/images\/VIVA_Icon_Klassifizierung_Voll.png\" alt=\"Star\"><img decoding=\"async\" src=\"\/wp-content\/themes\/vivaferien\/assets\/images\/VIVA_Icon_Klassifizierung_Voll.png\" alt=\"Star\"><img decoding=\"async\" src=\"\/wp-content\/themes\/vivaferien\/assets\/images\/VIVA_Icon_Klassifizierung_Halb.png\" alt=\"half-full Star\"><\/div>\t\t\t\t\t\t<\/div>\n\t\t\t\t\t<\/div>\n\t\t\t\t\t<hr>\n\t\t\t\t\t<\/hr>\n\t\t\t\t\t<div class=\"properties-wrapper\">\n\t\t\t\t\t\t<div>\n\t\t\t\t\t\t\t<!-- <p class=\"big-p\"><div class=\"image-description\">Ab<\/div><\/p>p_6885 -->\n\t\t\t\t\t\t\t<p class=\"big-p\"><div class=\"image-description\">Da<\/div><span class=\"currency\">CHF<\/span> <span class=\"price\" data-price=\"7500\">75,00<\/span><\/p>\n\t\t\t\t\t\t<\/div>\n\t\t\t\t\t\t<div class=\"add-border show-on-hover\"><\/div>\n\t\t\t\t\t\t<div class=\"show-on-hover\">\n\t\t\t\t\t\t\t<p class=\"big-p\"><div class=\"image-description\">Ospiti<\/div>2<\/p>\n\t\t\t\t\t\t<\/div>\n\t\t\t\t\t\t<div class=\"add-border show-on-hover\"><\/div>\n\t\t\t\t\t\t<div class=\"show-on-hover\">\n\t\t\t\t\t\t\t<p class=\"big-p\"><div class=\"image-description\">Camere da letto<\/div>1<\/p>\n\t\t\t\t\t\t<\/div>\n\t\t\t\t\t<\/div>\n\t\t\t\t<\/a>\n\t\t\t<\/div>\n\t\t<\/div>\n\t<\/div><\/div><div class=\"swiper-slide\"><div class=\"swiperlisting\">\t\t\t\t<div id=\"slider\" class=\"flexslider\">\n\t\t\t<ul class=\"slides\">\n\t\t\t\t\t\t\t\t\t<li>\n\t\t\t\t\t\t<a href=\"https:\/\/viva-ferien.ch\/it\/unterkuenfte\/allod-bad-203-2\/\">\n\t\t\t\t\t\t\t<img decoding=\"async\" src=\"https:\/\/viva-ferien.ch\/wp-content\/uploads\/2024\/12\/mf19461452-1024x576.jpg\" alt=\"Allod Bad 203-0\" \/>\n\t\t\t\t\t\t<\/a>\n\t\t\t\t\t<\/li>\n\t\t\t\t\t\t\t\t\t<li>\n\t\t\t\t\t\t<a href=\"https:\/\/viva-ferien.ch\/it\/unterkuenfte\/allod-bad-203-2\/\">\n\t\t\t\t\t\t\t<img decoding=\"async\" src=\"https:\/\/viva-ferien.ch\/wp-content\/uploads\/2024\/12\/mf19461457-1024x576.jpg\" alt=\"Allod Bad 203-1\" \/>\n\t\t\t\t\t\t<\/a>\n\t\t\t\t\t<\/li>\n\t\t\t\t\t\t\t\t\t<li>\n\t\t\t\t\t\t<a href=\"https:\/\/viva-ferien.ch\/it\/unterkuenfte\/allod-bad-203-2\/\">\n\t\t\t\t\t\t\t<img decoding=\"async\" src=\"https:\/\/viva-ferien.ch\/wp-content\/uploads\/2024\/12\/mf19461451-1024x576.jpg\" alt=\"Allod Bad 203-2\" \/>\n\t\t\t\t\t\t<\/a>\n\t\t\t\t\t<\/li>\n\t\t\t\t\t\t\t\t\t<li>\n\t\t\t\t\t\t<a href=\"https:\/\/viva-ferien.ch\/it\/unterkuenfte\/allod-bad-203-2\/\">\n\t\t\t\t\t\t\t<img decoding=\"async\" src=\"https:\/\/viva-ferien.ch\/wp-content\/uploads\/2024\/12\/mf19461449-1024x576.jpg\" alt=\"Allod Bad 203-3\" \/>\n\t\t\t\t\t\t<\/a>\n\t\t\t\t\t<\/li>\n\t\t\t\t\t\t\t\t\t<li>\n\t\t\t\t\t\t<a href=\"https:\/\/viva-ferien.ch\/it\/unterkuenfte\/allod-bad-203-2\/\">\n\t\t\t\t\t\t\t<img decoding=\"async\" src=\"https:\/\/viva-ferien.ch\/wp-content\/uploads\/2024\/12\/mf19461450-1024x576.jpg\" alt=\"Allod Bad 203-4\" \/>\n\t\t\t\t\t\t<\/a>\n\t\t\t\t\t<\/li>\n\t\t\t\t\t\t\t<\/ul>\n\t\t<\/div>\n\t\t<div class=\"info-wrapper\">\n\t\t\t<div>\n\t\t\t\t<a href=\"https:\/\/viva-ferien.ch\/it\/unterkuenfte\/allod-bad-203-2\/\">\n\t\t\t\t\t<div class=\"description-wrapper\">\n\t\t\t\t\t\t<p class=\"image-description uppercase\"><strong>St. Moritz<\/strong><\/p>\t\t\t\n\t\t\t\t\t\t<div class=\"wrap-classification\">\t\n\t\t\t\t\t\t\t\t\t\t\t\t\t\t<h3>Allod Bad 203<\/h3>\n\t\t\t\t\t\t\t<div class=\"classification\"><img decoding=\"async\" src=\"\/wp-content\/themes\/vivaferien\/assets\/images\/VIVA_Icon_Klassifizierung_Voll.png\" alt=\"Star\"><img decoding=\"async\" src=\"\/wp-content\/themes\/vivaferien\/assets\/images\/VIVA_Icon_Klassifizierung_Voll.png\" alt=\"Star\"><img decoding=\"async\" src=\"\/wp-content\/themes\/vivaferien\/assets\/images\/VIVA_Icon_Klassifizierung_Voll.png\" alt=\"Star\"><\/div>\t\t\t\t\t\t<\/div>\n\t\t\t\t\t<\/div>\n\t\t\t\t\t<hr>\n\t\t\t\t\t<\/hr>\n\t\t\t\t\t<div class=\"properties-wrapper\">\n\t\t\t\t\t\t<div>\n\t\t\t\t\t\t\t<!-- <p class=\"big-p\"><div class=\"image-description\">Ab<\/div><\/p>p_6885 -->\n\t\t\t\t\t\t\t<p class=\"big-p\"><div class=\"image-description\">Da<\/div><span class=\"currency\">CHF<\/span> <span class=\"price\" data-price=\"9200\">92,00<\/span><\/p>\n\t\t\t\t\t\t<\/div>\n\t\t\t\t\t\t<div class=\"add-border show-on-hover\"><\/div>\n\t\t\t\t\t\t<div class=\"show-on-hover\">\n\t\t\t\t\t\t\t<p class=\"big-p\"><div class=\"image-description\">Ospiti<\/div>4<\/p>\n\t\t\t\t\t\t<\/div>\n\t\t\t\t\t\t<div class=\"add-border show-on-hover\"><\/div>\n\t\t\t\t\t\t<div class=\"show-on-hover\">\n\t\t\t\t\t\t\t<p class=\"big-p\"><div class=\"image-description\">Camere da letto<\/div>1<\/p>\n\t\t\t\t\t\t<\/div>\n\t\t\t\t\t<\/div>\n\t\t\t\t<\/a>\n\t\t\t<\/div>\n\t\t<\/div>\n\t<\/div><\/div><div class=\"swiper-slide\"><div class=\"swiperlisting\">\t\t\t\t<div id=\"slider\" class=\"flexslider\">\n\t\t\t<ul class=\"slides\">\n\t\t\t\t\t\t\t\t\t<li>\n\t\t\t\t\t\t<a href=\"https:\/\/viva-ferien.ch\/it\/unterkuenfte\/residenz-am-see-b008-2\/\">\n\t\t\t\t\t\t\t<img decoding=\"async\" src=\"https:\/\/viva-ferien.ch\/wp-content\/uploads\/2024\/09\/mf18261884-1024x576.jpg\" alt=\"Residenz am See B008-0\" \/>\n\t\t\t\t\t\t<\/a>\n\t\t\t\t\t<\/li>\n\t\t\t\t\t\t\t\t\t<li>\n\t\t\t\t\t\t<a href=\"https:\/\/viva-ferien.ch\/it\/unterkuenfte\/residenz-am-see-b008-2\/\">\n\t\t\t\t\t\t\t<img decoding=\"async\" src=\"https:\/\/viva-ferien.ch\/wp-content\/uploads\/2024\/09\/mf18261899-1024x576.jpg\" alt=\"Residenz am See B008-1\" \/>\n\t\t\t\t\t\t<\/a>\n\t\t\t\t\t<\/li>\n\t\t\t\t\t\t\t\t\t<li>\n\t\t\t\t\t\t<a href=\"https:\/\/viva-ferien.ch\/it\/unterkuenfte\/residenz-am-see-b008-2\/\">\n\t\t\t\t\t\t\t<img decoding=\"async\" src=\"https:\/\/viva-ferien.ch\/wp-content\/uploads\/2024\/09\/mf18261883-1024x576.jpg\" alt=\"Residenz am See B008-2\" \/>\n\t\t\t\t\t\t<\/a>\n\t\t\t\t\t<\/li>\n\t\t\t\t\t\t\t\t\t<li>\n\t\t\t\t\t\t<a href=\"https:\/\/viva-ferien.ch\/it\/unterkuenfte\/residenz-am-see-b008-2\/\">\n\t\t\t\t\t\t\t<img decoding=\"async\" src=\"https:\/\/viva-ferien.ch\/wp-content\/uploads\/2024\/09\/mf18261888-1024x576.jpg\" alt=\"Residenz am See B008-3\" \/>\n\t\t\t\t\t\t<\/a>\n\t\t\t\t\t<\/li>\n\t\t\t\t\t\t\t\t\t<li>\n\t\t\t\t\t\t<a href=\"https:\/\/viva-ferien.ch\/it\/unterkuenfte\/residenz-am-see-b008-2\/\">\n\t\t\t\t\t\t\t<img decoding=\"async\" src=\"https:\/\/viva-ferien.ch\/wp-content\/uploads\/2024\/09\/mf18261889-1024x576.jpg\" alt=\"Residenz am See B008-4\" \/>\n\t\t\t\t\t\t<\/a>\n\t\t\t\t\t<\/li>\n\t\t\t\t\t\t\t<\/ul>\n\t\t<\/div>\n\t\t<div class=\"info-wrapper\">\n\t\t\t<div>\n\t\t\t\t<a href=\"https:\/\/viva-ferien.ch\/it\/unterkuenfte\/residenz-am-see-b008-2\/\">\n\t\t\t\t\t<div class=\"description-wrapper\">\n\t\t\t\t\t\t<p class=\"image-description uppercase\"><strong>St. Moritz<\/strong><\/p>\t\t\t\n\t\t\t\t\t\t<div class=\"wrap-classification\">\t\n\t\t\t\t\t\t\t\t\t\t\t\t\t\t<h3>Residenz am See B008<\/h3>\n\t\t\t\t\t\t\t<div class=\"classification\"><img decoding=\"async\" src=\"\/wp-content\/themes\/vivaferien\/assets\/images\/VIVA_Icon_Klassifizierung_Voll.png\" alt=\"Star\"><img decoding=\"async\" src=\"\/wp-content\/themes\/vivaferien\/assets\/images\/VIVA_Icon_Klassifizierung_Voll.png\" alt=\"Star\"><img decoding=\"async\" src=\"\/wp-content\/themes\/vivaferien\/assets\/images\/VIVA_Icon_Klassifizierung_Voll.png\" alt=\"Star\"><img decoding=\"async\" src=\"\/wp-content\/themes\/vivaferien\/assets\/images\/VIVA_Icon_Klassifizierung_Voll.png\" alt=\"Star\"><\/div>\t\t\t\t\t\t<\/div>\n\t\t\t\t\t<\/div>\n\t\t\t\t\t<hr>\n\t\t\t\t\t<\/hr>\n\t\t\t\t\t<div class=\"properties-wrapper\">\n\t\t\t\t\t\t<div>\n\t\t\t\t\t\t\t<!-- <p class=\"big-p\"><div class=\"image-description\">Ab<\/div><\/p>p_6885 -->\n\t\t\t\t\t\t\t<p class=\"big-p\"><div class=\"image-description\">Da<\/div><span class=\"currency\">CHF<\/span> <span class=\"price\" data-price=\"11800\">118,00<\/span><\/p>\n\t\t\t\t\t\t<\/div>\n\t\t\t\t\t\t<div class=\"add-border show-on-hover\"><\/div>\n\t\t\t\t\t\t<div class=\"show-on-hover\">\n\t\t\t\t\t\t\t<p class=\"big-p\"><div class=\"image-description\">Ospiti<\/div>2<\/p>\n\t\t\t\t\t\t<\/div>\n\t\t\t\t\t\t<div class=\"add-border show-on-hover\"><\/div>\n\t\t\t\t\t\t<div class=\"show-on-hover\">\n\t\t\t\t\t\t\t<p class=\"big-p\"><div class=\"image-description\">Camere da letto<\/div>1<\/p>\n\t\t\t\t\t\t<\/div>\n\t\t\t\t\t<\/div>\n\t\t\t\t<\/a>\n\t\t\t<\/div>\n\t\t<\/div>\n\t<\/div><\/div><div class=\"swiper-slide\"><div class=\"swiperlisting\">\t\t\t\t<div id=\"slider\" class=\"flexslider\">\n\t\t\t<ul class=\"slides\">\n\t\t\t\t\t\t\t\t\t<li>\n\t\t\t\t\t\t<a href=\"https:\/\/viva-ferien.ch\/it\/unterkuenfte\/residenz-am-see-c101-2\/\">\n\t\t\t\t\t\t\t<img decoding=\"async\" src=\"https:\/\/viva-ferien.ch\/wp-content\/uploads\/2024\/09\/mf18256214-1024x576.jpg\" alt=\"Residenz am See C101-0\" \/>\n\t\t\t\t\t\t<\/a>\n\t\t\t\t\t<\/li>\n\t\t\t\t\t\t\t\t\t<li>\n\t\t\t\t\t\t<a href=\"https:\/\/viva-ferien.ch\/it\/unterkuenfte\/residenz-am-see-c101-2\/\">\n\t\t\t\t\t\t\t<img decoding=\"async\" src=\"https:\/\/viva-ferien.ch\/wp-content\/uploads\/2024\/09\/mf18256215-1024x576.jpg\" alt=\"Residenz am See C101-1\" \/>\n\t\t\t\t\t\t<\/a>\n\t\t\t\t\t<\/li>\n\t\t\t\t\t\t\t\t\t<li>\n\t\t\t\t\t\t<a href=\"https:\/\/viva-ferien.ch\/it\/unterkuenfte\/residenz-am-see-c101-2\/\">\n\t\t\t\t\t\t\t<img decoding=\"async\" src=\"https:\/\/viva-ferien.ch\/wp-content\/uploads\/2024\/09\/mf18256217-1024x576.jpg\" alt=\"Residenz am See C101-2\" \/>\n\t\t\t\t\t\t<\/a>\n\t\t\t\t\t<\/li>\n\t\t\t\t\t\t\t\t\t<li>\n\t\t\t\t\t\t<a href=\"https:\/\/viva-ferien.ch\/it\/unterkuenfte\/residenz-am-see-c101-2\/\">\n\t\t\t\t\t\t\t<img decoding=\"async\" src=\"https:\/\/viva-ferien.ch\/wp-content\/uploads\/2024\/09\/mf18256220-1024x576.jpg\" alt=\"Residenz am See C101-3\" \/>\n\t\t\t\t\t\t<\/a>\n\t\t\t\t\t<\/li>\n\t\t\t\t\t\t\t\t\t<li>\n\t\t\t\t\t\t<a href=\"https:\/\/viva-ferien.ch\/it\/unterkuenfte\/residenz-am-see-c101-2\/\">\n\t\t\t\t\t\t\t<img decoding=\"async\" src=\"https:\/\/viva-ferien.ch\/wp-content\/uploads\/2024\/09\/mf18256221-1024x576.jpg\" alt=\"Residenz am See C101-4\" \/>\n\t\t\t\t\t\t<\/a>\n\t\t\t\t\t<\/li>\n\t\t\t\t\t\t\t<\/ul>\n\t\t<\/div>\n\t\t<div class=\"info-wrapper\">\n\t\t\t<div>\n\t\t\t\t<a href=\"https:\/\/viva-ferien.ch\/it\/unterkuenfte\/residenz-am-see-c101-2\/\">\n\t\t\t\t\t<div class=\"description-wrapper\">\n\t\t\t\t\t\t<p class=\"image-description uppercase\"><strong>St. Moritz<\/strong><\/p>\t\t\t\n\t\t\t\t\t\t<div class=\"wrap-classification\">\t\n\t\t\t\t\t\t\t\t\t\t\t\t\t\t<h3>Residenz am See C101<\/h3>\n\t\t\t\t\t\t\t<div class=\"classification\"><img decoding=\"async\" src=\"\/wp-content\/themes\/vivaferien\/assets\/images\/VIVA_Icon_Klassifizierung_Voll.png\" alt=\"Star\"><img decoding=\"async\" src=\"\/wp-content\/themes\/vivaferien\/assets\/images\/VIVA_Icon_Klassifizierung_Voll.png\" alt=\"Star\"><img decoding=\"async\" src=\"\/wp-content\/themes\/vivaferien\/assets\/images\/VIVA_Icon_Klassifizierung_Voll.png\" alt=\"Star\"><img decoding=\"async\" src=\"\/wp-content\/themes\/vivaferien\/assets\/images\/VIVA_Icon_Klassifizierung_Voll.png\" alt=\"Star\"><\/div>\t\t\t\t\t\t<\/div>\n\t\t\t\t\t<\/div>\n\t\t\t\t\t<hr>\n\t\t\t\t\t<\/hr>\n\t\t\t\t\t<div class=\"properties-wrapper\">\n\t\t\t\t\t\t<div>\n\t\t\t\t\t\t\t<!-- <p class=\"big-p\"><div class=\"image-description\">Ab<\/div><\/p>p_6885 -->\n\t\t\t\t\t\t\t<p class=\"big-p\"><div class=\"image-description\">Da<\/div><span class=\"currency\">CHF<\/span> <span class=\"price\" data-price=\"13000\">130,00<\/span><\/p>\n\t\t\t\t\t\t<\/div>\n\t\t\t\t\t\t<div class=\"add-border show-on-hover\"><\/div>\n\t\t\t\t\t\t<div class=\"show-on-hover\">\n\t\t\t\t\t\t\t<p class=\"big-p\"><div class=\"image-description\">Ospiti<\/div>6<\/p>\n\t\t\t\t\t\t<\/div>\n\t\t\t\t\t\t<div class=\"add-border show-on-hover\"><\/div>\n\t\t\t\t\t\t<div class=\"show-on-hover\">\n\t\t\t\t\t\t\t<p class=\"big-p\"><div class=\"image-description\">Camere da letto<\/div>3<\/p>\n\t\t\t\t\t\t<\/div>\n\t\t\t\t\t<\/div>\n\t\t\t\t<\/a>\n\t\t\t<\/div>\n\t\t<\/div>\n\t<\/div><\/div><div class=\"swiper-slide\"><div class=\"swiperlisting\">\t\t\t\t<div id=\"slider\" class=\"flexslider\">\n\t\t\t<ul class=\"slides\">\n\t\t\t\t\t\t\t\t\t<li>\n\t\t\t\t\t\t<a href=\"https:\/\/viva-ferien.ch\/it\/unterkuenfte\/residenz-am-see-b305-2\/\">\n\t\t\t\t\t\t\t<img decoding=\"async\" src=\"https:\/\/viva-ferien.ch\/wp-content\/uploads\/2024\/09\/mf18247095-1024x576.jpg\" alt=\"Residenz am See B305-0\" \/>\n\t\t\t\t\t\t<\/a>\n\t\t\t\t\t<\/li>\n\t\t\t\t\t\t\t\t\t<li>\n\t\t\t\t\t\t<a href=\"https:\/\/viva-ferien.ch\/it\/unterkuenfte\/residenz-am-see-b305-2\/\">\n\t\t\t\t\t\t\t<img decoding=\"async\" src=\"https:\/\/viva-ferien.ch\/wp-content\/uploads\/2024\/09\/mf18247109-1024x576.jpg\" alt=\"Residenz am See B305-1\" \/>\n\t\t\t\t\t\t<\/a>\n\t\t\t\t\t<\/li>\n\t\t\t\t\t\t\t\t\t<li>\n\t\t\t\t\t\t<a href=\"https:\/\/viva-ferien.ch\/it\/unterkuenfte\/residenz-am-see-b305-2\/\">\n\t\t\t\t\t\t\t<img decoding=\"async\" src=\"https:\/\/viva-ferien.ch\/wp-content\/uploads\/2024\/09\/mf18247096-1024x576.jpg\" alt=\"Residenz am See B305-2\" \/>\n\t\t\t\t\t\t<\/a>\n\t\t\t\t\t<\/li>\n\t\t\t\t\t\t\t\t\t<li>\n\t\t\t\t\t\t<a href=\"https:\/\/viva-ferien.ch\/it\/unterkuenfte\/residenz-am-see-b305-2\/\">\n\t\t\t\t\t\t\t<img decoding=\"async\" src=\"https:\/\/viva-ferien.ch\/wp-content\/uploads\/2024\/09\/mf18247160-1024x576.jpg\" alt=\"Residenz am See B305-3\" \/>\n\t\t\t\t\t\t<\/a>\n\t\t\t\t\t<\/li>\n\t\t\t\t\t\t\t\t\t<li>\n\t\t\t\t\t\t<a href=\"https:\/\/viva-ferien.ch\/it\/unterkuenfte\/residenz-am-see-b305-2\/\">\n\t\t\t\t\t\t\t<img decoding=\"async\" src=\"https:\/\/viva-ferien.ch\/wp-content\/uploads\/2024\/09\/mf18247108-1024x576.jpg\" alt=\"Residenz am See B305-4\" \/>\n\t\t\t\t\t\t<\/a>\n\t\t\t\t\t<\/li>\n\t\t\t\t\t\t\t<\/ul>\n\t\t<\/div>\n\t\t<div class=\"info-wrapper\">\n\t\t\t<div>\n\t\t\t\t<a href=\"https:\/\/viva-ferien.ch\/it\/unterkuenfte\/residenz-am-see-b305-2\/\">\n\t\t\t\t\t<div class=\"description-wrapper\">\n\t\t\t\t\t\t<p class=\"image-description uppercase\"><strong>St. Moritz<\/strong><\/p>\t\t\t\n\t\t\t\t\t\t<div class=\"wrap-classification\">\t\n\t\t\t\t\t\t\t\t\t\t\t\t\t\t<h3>Residenz am See B305<\/h3>\n\t\t\t\t\t\t\t<div class=\"classification\"><img decoding=\"async\" src=\"\/wp-content\/themes\/vivaferien\/assets\/images\/VIVA_Icon_Klassifizierung_Voll.png\" alt=\"Star\"><img decoding=\"async\" src=\"\/wp-content\/themes\/vivaferien\/assets\/images\/VIVA_Icon_Klassifizierung_Voll.png\" alt=\"Star\"><img decoding=\"async\" src=\"\/wp-content\/themes\/vivaferien\/assets\/images\/VIVA_Icon_Klassifizierung_Voll.png\" alt=\"Star\"><\/div>\t\t\t\t\t\t<\/div>\n\t\t\t\t\t<\/div>\n\t\t\t\t\t<hr>\n\t\t\t\t\t<\/hr>\n\t\t\t\t\t<div class=\"properties-wrapper\">\n\t\t\t\t\t\t<div>\n\t\t\t\t\t\t\t<!-- <p class=\"big-p\"><div class=\"image-description\">Ab<\/div><\/p>p_6885 -->\n\t\t\t\t\t\t\t<p class=\"big-p\"><div class=\"image-description\">Da<\/div><span class=\"currency\">CHF<\/span> <span class=\"price\" data-price=\"11800\">118,00<\/span><\/p>\n\t\t\t\t\t\t<\/div>\n\t\t\t\t\t\t<div class=\"add-border show-on-hover\"><\/div>\n\t\t\t\t\t\t<div class=\"show-on-hover\">\n\t\t\t\t\t\t\t<p class=\"big-p\"><div class=\"image-description\">Ospiti<\/div>4<\/p>\n\t\t\t\t\t\t<\/div>\n\t\t\t\t\t\t<div class=\"add-border show-on-hover\"><\/div>\n\t\t\t\t\t\t<div class=\"show-on-hover\">\n\t\t\t\t\t\t\t<p class=\"big-p\"><div class=\"image-description\">Camere da letto<\/div>1<\/p>\n\t\t\t\t\t\t<\/div>\n\t\t\t\t\t<\/div>\n\t\t\t\t<\/a>\n\t\t\t<\/div>\n\t\t<\/div>\n\t<\/div><\/div><div class=\"swiper-slide\"><div class=\"swiperlisting\">\t\t\t\t<div id=\"slider\" class=\"flexslider\">\n\t\t\t<ul class=\"slides\">\n\t\t\t\t\t\t\t\t\t<li>\n\t\t\t\t\t\t<a href=\"https:\/\/viva-ferien.ch\/it\/unterkuenfte\/residenz-am-see-a404-2\/\">\n\t\t\t\t\t\t\t<img decoding=\"async\" src=\"https:\/\/viva-ferien.ch\/wp-content\/uploads\/2026\/01\/mf25690406-1024x576.jpg\" alt=\"Residenz am See A404-0\" \/>\n\t\t\t\t\t\t<\/a>\n\t\t\t\t\t<\/li>\n\t\t\t\t\t\t\t\t\t<li>\n\t\t\t\t\t\t<a href=\"https:\/\/viva-ferien.ch\/it\/unterkuenfte\/residenz-am-see-a404-2\/\">\n\t\t\t\t\t\t\t<img decoding=\"async\" src=\"https:\/\/viva-ferien.ch\/wp-content\/uploads\/2026\/01\/mf25690405-1024x576.jpg\" alt=\"Residenz am See A404-1\" \/>\n\t\t\t\t\t\t<\/a>\n\t\t\t\t\t<\/li>\n\t\t\t\t\t\t\t\t\t<li>\n\t\t\t\t\t\t<a href=\"https:\/\/viva-ferien.ch\/it\/unterkuenfte\/residenz-am-see-a404-2\/\">\n\t\t\t\t\t\t\t<img decoding=\"async\" src=\"https:\/\/viva-ferien.ch\/wp-content\/uploads\/2026\/01\/mf25690407-1024x576.jpg\" alt=\"Residenz am See A404-2\" \/>\n\t\t\t\t\t\t<\/a>\n\t\t\t\t\t<\/li>\n\t\t\t\t\t\t\t\t\t<li>\n\t\t\t\t\t\t<a href=\"https:\/\/viva-ferien.ch\/it\/unterkuenfte\/residenz-am-see-a404-2\/\">\n\t\t\t\t\t\t\t<img decoding=\"async\" src=\"https:\/\/viva-ferien.ch\/wp-content\/uploads\/2026\/01\/mf25690408-1024x576.jpg\" alt=\"Residenz am See A404-3\" \/>\n\t\t\t\t\t\t<\/a>\n\t\t\t\t\t<\/li>\n\t\t\t\t\t\t\t\t\t<li>\n\t\t\t\t\t\t<a href=\"https:\/\/viva-ferien.ch\/it\/unterkuenfte\/residenz-am-see-a404-2\/\">\n\t\t\t\t\t\t\t<img decoding=\"async\" src=\"https:\/\/viva-ferien.ch\/wp-content\/uploads\/2026\/01\/mf25690415-1024x576.jpg\" alt=\"Residenz am See A404-4\" \/>\n\t\t\t\t\t\t<\/a>\n\t\t\t\t\t<\/li>\n\t\t\t\t\t\t\t<\/ul>\n\t\t<\/div>\n\t\t<div class=\"info-wrapper\">\n\t\t\t<div>\n\t\t\t\t<a href=\"https:\/\/viva-ferien.ch\/it\/unterkuenfte\/residenz-am-see-a404-2\/\">\n\t\t\t\t\t<div class=\"description-wrapper\">\n\t\t\t\t\t\t<p class=\"image-description uppercase\"><strong>St. Moritz<\/strong><\/p>\t\t\t\n\t\t\t\t\t\t<div class=\"wrap-classification\">\t\n\t\t\t\t\t\t\t\t\t\t\t\t\t\t<h3>Residenz am See A404<\/h3>\n\t\t\t\t\t\t\t<div class=\"classification\"><img decoding=\"async\" src=\"\/wp-content\/themes\/vivaferien\/assets\/images\/VIVA_Icon_Klassifizierung_Voll.png\" alt=\"Star\"><img decoding=\"async\" src=\"\/wp-content\/themes\/vivaferien\/assets\/images\/VIVA_Icon_Klassifizierung_Voll.png\" alt=\"Star\"><img decoding=\"async\" src=\"\/wp-content\/themes\/vivaferien\/assets\/images\/VIVA_Icon_Klassifizierung_Voll.png\" alt=\"Star\"><img decoding=\"async\" src=\"\/wp-content\/themes\/vivaferien\/assets\/images\/VIVA_Icon_Klassifizierung_Voll.png\" alt=\"Star\"><\/div>\t\t\t\t\t\t<\/div>\n\t\t\t\t\t<\/div>\n\t\t\t\t\t<hr>\n\t\t\t\t\t<\/hr>\n\t\t\t\t\t<div class=\"properties-wrapper\">\n\t\t\t\t\t\t<div>\n\t\t\t\t\t\t\t<!-- <p class=\"big-p\"><div class=\"image-description\">Ab<\/div><\/p>p_6885 -->\n\t\t\t\t\t\t\t<p class=\"big-p\"><div class=\"image-description\">Da<\/div><span class=\"currency\">CHF<\/span> <span class=\"price\" data-price=\"10800\">108,00<\/span><\/p>\n\t\t\t\t\t\t<\/div>\n\t\t\t\t\t\t<div class=\"add-border show-on-hover\"><\/div>\n\t\t\t\t\t\t<div class=\"show-on-hover\">\n\t\t\t\t\t\t\t<p class=\"big-p\"><div class=\"image-description\">Ospiti<\/div>2<\/p>\n\t\t\t\t\t\t<\/div>\n\t\t\t\t\t\t<div class=\"add-border show-on-hover\"><\/div>\n\t\t\t\t\t\t<div class=\"show-on-hover\">\n\t\t\t\t\t\t\t<p class=\"big-p\"><div class=\"image-description\">Camere da letto<\/div>1<\/p>\n\t\t\t\t\t\t<\/div>\n\t\t\t\t\t<\/div>\n\t\t\t\t<\/a>\n\t\t\t<\/div>\n\t\t<\/div>\n\t<\/div><\/div><div class=\"swiper-slide\"><div class=\"swiperlisting\">\t\t\t\t<div id=\"slider\" class=\"flexslider\">\n\t\t\t<ul class=\"slides\">\n\t\t\t\t\t\t\t\t\t<li>\n\t\t\t\t\t\t<a href=\"https:\/\/viva-ferien.ch\/it\/unterkuenfte\/ludains-4-2\/\">\n\t\t\t\t\t\t\t<img decoding=\"async\" src=\"https:\/\/viva-ferien.ch\/wp-content\/uploads\/2025\/09\/mf24057109-1024x576.jpg\" alt=\"Ludains 4-0\" \/>\n\t\t\t\t\t\t<\/a>\n\t\t\t\t\t<\/li>\n\t\t\t\t\t\t\t\t\t<li>\n\t\t\t\t\t\t<a href=\"https:\/\/viva-ferien.ch\/it\/unterkuenfte\/ludains-4-2\/\">\n\t\t\t\t\t\t\t<img decoding=\"async\" src=\"https:\/\/viva-ferien.ch\/wp-content\/uploads\/2025\/09\/mf24057106-1024x576.jpg\" alt=\"Ludains 4-1\" \/>\n\t\t\t\t\t\t<\/a>\n\t\t\t\t\t<\/li>\n\t\t\t\t\t\t\t\t\t<li>\n\t\t\t\t\t\t<a href=\"https:\/\/viva-ferien.ch\/it\/unterkuenfte\/ludains-4-2\/\">\n\t\t\t\t\t\t\t<img decoding=\"async\" src=\"https:\/\/viva-ferien.ch\/wp-content\/uploads\/2025\/09\/mf24057108-1024x576.jpg\" alt=\"Ludains 4-2\" \/>\n\t\t\t\t\t\t<\/a>\n\t\t\t\t\t<\/li>\n\t\t\t\t\t\t\t\t\t<li>\n\t\t\t\t\t\t<a href=\"https:\/\/viva-ferien.ch\/it\/unterkuenfte\/ludains-4-2\/\">\n\t\t\t\t\t\t\t<img decoding=\"async\" src=\"https:\/\/viva-ferien.ch\/wp-content\/uploads\/2025\/09\/mf24057111-1024x576.jpg\" alt=\"Ludains 4-3\" \/>\n\t\t\t\t\t\t<\/a>\n\t\t\t\t\t<\/li>\n\t\t\t\t\t\t\t\t\t<li>\n\t\t\t\t\t\t<a href=\"https:\/\/viva-ferien.ch\/it\/unterkuenfte\/ludains-4-2\/\">\n\t\t\t\t\t\t\t<img decoding=\"async\" src=\"https:\/\/viva-ferien.ch\/wp-content\/uploads\/2025\/09\/mf24057128-1024x576.jpg\" alt=\"Ludains 4-4\" \/>\n\t\t\t\t\t\t<\/a>\n\t\t\t\t\t<\/li>\n\t\t\t\t\t\t\t<\/ul>\n\t\t<\/div>\n\t\t<div class=\"info-wrapper\">\n\t\t\t<div>\n\t\t\t\t<a href=\"https:\/\/viva-ferien.ch\/it\/unterkuenfte\/ludains-4-2\/\">\n\t\t\t\t\t<div class=\"description-wrapper\">\n\t\t\t\t\t\t<p class=\"image-description uppercase\"><strong>St. Moritz<\/strong><\/p>\t\t\t\n\t\t\t\t\t\t<div class=\"wrap-classification\">\t\n\t\t\t\t\t\t\t\t\t\t\t\t\t\t<h3>Ludains 4<\/h3>\n\t\t\t\t\t\t\t<div class=\"classification\"><img decoding=\"async\" src=\"\/wp-content\/themes\/vivaferien\/assets\/images\/VIVA_Icon_Klassifizierung_Voll.png\" alt=\"Star\"><img decoding=\"async\" src=\"\/wp-content\/themes\/vivaferien\/assets\/images\/VIVA_Icon_Klassifizierung_Voll.png\" alt=\"Star\"><img decoding=\"async\" src=\"\/wp-content\/themes\/vivaferien\/assets\/images\/VIVA_Icon_Klassifizierung_Voll.png\" alt=\"Star\"><img decoding=\"async\" src=\"\/wp-content\/themes\/vivaferien\/assets\/images\/VIVA_Icon_Klassifizierung_Voll.png\" alt=\"Star\"><\/div>\t\t\t\t\t\t<\/div>\n\t\t\t\t\t<\/div>\n\t\t\t\t\t<hr>\n\t\t\t\t\t<\/hr>\n\t\t\t\t\t<div class=\"properties-wrapper\">\n\t\t\t\t\t\t<div>\n\t\t\t\t\t\t\t<!-- <p class=\"big-p\"><div class=\"image-description\">Ab<\/div><\/p>p_6885 -->\n\t\t\t\t\t\t\t<p class=\"big-p\"><div class=\"image-description\">Da<\/div><span class=\"currency\">CHF<\/span> <span class=\"price\" data-price=\"18300\">183,00<\/span><\/p>\n\t\t\t\t\t\t<\/div>\n\t\t\t\t\t\t<div class=\"add-border show-on-hover\"><\/div>\n\t\t\t\t\t\t<div class=\"show-on-hover\">\n\t\t\t\t\t\t\t<p class=\"big-p\"><div class=\"image-description\">Ospiti<\/div>4<\/p>\n\t\t\t\t\t\t<\/div>\n\t\t\t\t\t\t<div class=\"add-border show-on-hover\"><\/div>\n\t\t\t\t\t\t<div class=\"show-on-hover\">\n\t\t\t\t\t\t\t<p class=\"big-p\"><div class=\"image-description\">Camere da letto<\/div>2<\/p>\n\t\t\t\t\t\t<\/div>\n\t\t\t\t\t<\/div>\n\t\t\t\t<\/a>\n\t\t\t<\/div>\n\t\t<\/div>\n\t<\/div><\/div><div class=\"swiper-slide\"><div class=\"swiperlisting\">\t\t\t\t<div id=\"slider\" class=\"flexslider\">\n\t\t\t<ul class=\"slides\">\n\t\t\t\t\t\t\t\t\t<li>\n\t\t\t\t\t\t<a href=\"https:\/\/viva-ferien.ch\/it\/unterkuenfte\/tinus-58-2\/\">\n\t\t\t\t\t\t\t<img decoding=\"async\" src=\"https:\/\/viva-ferien.ch\/wp-content\/uploads\/2024\/07\/mf17201671-1024x576.jpg\" alt=\"Aval 58-0\" \/>\n\t\t\t\t\t\t<\/a>\n\t\t\t\t\t<\/li>\n\t\t\t\t\t\t\t\t\t<li>\n\t\t\t\t\t\t<a href=\"https:\/\/viva-ferien.ch\/it\/unterkuenfte\/tinus-58-2\/\">\n\t\t\t\t\t\t\t<img decoding=\"async\" src=\"https:\/\/viva-ferien.ch\/wp-content\/uploads\/2024\/07\/mf17201686-1024x576.jpg\" alt=\"Aval 58-1\" \/>\n\t\t\t\t\t\t<\/a>\n\t\t\t\t\t<\/li>\n\t\t\t\t\t\t\t\t\t<li>\n\t\t\t\t\t\t<a href=\"https:\/\/viva-ferien.ch\/it\/unterkuenfte\/tinus-58-2\/\">\n\t\t\t\t\t\t\t<img decoding=\"async\" src=\"https:\/\/viva-ferien.ch\/wp-content\/uploads\/2024\/07\/mf17201676-1024x576.jpg\" alt=\"Aval 58-2\" \/>\n\t\t\t\t\t\t<\/a>\n\t\t\t\t\t<\/li>\n\t\t\t\t\t\t\t\t\t<li>\n\t\t\t\t\t\t<a href=\"https:\/\/viva-ferien.ch\/it\/unterkuenfte\/tinus-58-2\/\">\n\t\t\t\t\t\t\t<img decoding=\"async\" src=\"https:\/\/viva-ferien.ch\/wp-content\/uploads\/2024\/07\/mf17201675-1024x576.jpg\" alt=\"Aval 58-3\" \/>\n\t\t\t\t\t\t<\/a>\n\t\t\t\t\t<\/li>\n\t\t\t\t\t\t\t\t\t<li>\n\t\t\t\t\t\t<a href=\"https:\/\/viva-ferien.ch\/it\/unterkuenfte\/tinus-58-2\/\">\n\t\t\t\t\t\t\t<img decoding=\"async\" src=\"https:\/\/viva-ferien.ch\/wp-content\/uploads\/2024\/07\/mf17201677-1024x576.jpg\" alt=\"Aval 58-4\" \/>\n\t\t\t\t\t\t<\/a>\n\t\t\t\t\t<\/li>\n\t\t\t\t\t\t\t<\/ul>\n\t\t<\/div>\n\t\t<div class=\"info-wrapper\">\n\t\t\t<div>\n\t\t\t\t<a href=\"https:\/\/viva-ferien.ch\/it\/unterkuenfte\/tinus-58-2\/\">\n\t\t\t\t\t<div class=\"description-wrapper\">\n\t\t\t\t\t\t<p class=\"image-description uppercase\"><strong>St. Moritz<\/strong><\/p>\t\t\t\n\t\t\t\t\t\t<div class=\"wrap-classification\">\t\n\t\t\t\t\t\t\t\t\t\t\t\t\t\t<h3>Aval 58<\/h3>\n\t\t\t\t\t\t\t<div class=\"classification\"><img decoding=\"async\" src=\"\/wp-content\/themes\/vivaferien\/assets\/images\/VIVA_Icon_Klassifizierung_Voll.png\" alt=\"Star\"><img decoding=\"async\" src=\"\/wp-content\/themes\/vivaferien\/assets\/images\/VIVA_Icon_Klassifizierung_Voll.png\" alt=\"Star\"><img decoding=\"async\" src=\"\/wp-content\/themes\/vivaferien\/assets\/images\/VIVA_Icon_Klassifizierung_Voll.png\" alt=\"Star\"><img decoding=\"async\" src=\"\/wp-content\/themes\/vivaferien\/assets\/images\/VIVA_Icon_Klassifizierung_Voll.png\" alt=\"Star\"><img decoding=\"async\" src=\"\/wp-content\/themes\/vivaferien\/assets\/images\/VIVA_Icon_Klassifizierung_Halb.png\" alt=\"half-full Star\"><\/div>\t\t\t\t\t\t<\/div>\n\t\t\t\t\t<\/div>\n\t\t\t\t\t<hr>\n\t\t\t\t\t<\/hr>\n\t\t\t\t\t<div class=\"properties-wrapper\">\n\t\t\t\t\t\t<div>\n\t\t\t\t\t\t\t<!-- <p class=\"big-p\"><div class=\"image-description\">Ab<\/div><\/p>p_6885 -->\n\t\t\t\t\t\t\t<p class=\"big-p\"><div class=\"image-description\">Da<\/div><span class=\"currency\">CHF<\/span> <span class=\"price\" data-price=\"20500\">205,00<\/span><\/p>\n\t\t\t\t\t\t<\/div>\n\t\t\t\t\t\t<div class=\"add-border show-on-hover\"><\/div>\n\t\t\t\t\t\t<div class=\"show-on-hover\">\n\t\t\t\t\t\t\t<p class=\"big-p\"><div class=\"image-description\">Ospiti<\/div>5<\/p>\n\t\t\t\t\t\t<\/div>\n\t\t\t\t\t\t<div class=\"add-border show-on-hover\"><\/div>\n\t\t\t\t\t\t<div class=\"show-on-hover\">\n\t\t\t\t\t\t\t<p class=\"big-p\"><div class=\"image-description\">Camere da letto<\/div>3<\/p>\n\t\t\t\t\t\t<\/div>\n\t\t\t\t\t<\/div>\n\t\t\t\t<\/a>\n\t\t\t<\/div>\n\t\t<\/div>\n\t<\/div><\/div><div class=\"swiper-slide\"><div class=\"swiperlisting\">\t\t\t\t<div id=\"slider\" class=\"flexslider\">\n\t\t\t<ul class=\"slides\">\n\t\t\t\t\t\t\t\t\t<li>\n\t\t\t\t\t\t<a href=\"https:\/\/viva-ferien.ch\/it\/unterkuenfte\/allod-bad-601-2\/\">\n\t\t\t\t\t\t\t<img decoding=\"async\" src=\"https:\/\/viva-ferien.ch\/wp-content\/uploads\/2022\/11\/mf4408252-1024x576.jpg\" alt=\"Allod Bad 601-0\" \/>\n\t\t\t\t\t\t<\/a>\n\t\t\t\t\t<\/li>\n\t\t\t\t\t\t\t\t\t<li>\n\t\t\t\t\t\t<a href=\"https:\/\/viva-ferien.ch\/it\/unterkuenfte\/allod-bad-601-2\/\">\n\t\t\t\t\t\t\t<img decoding=\"async\" src=\"https:\/\/viva-ferien.ch\/wp-content\/uploads\/2022\/11\/mf3948177-1024x576.jpg\" alt=\"Allod Bad 601-1\" \/>\n\t\t\t\t\t\t<\/a>\n\t\t\t\t\t<\/li>\n\t\t\t\t\t\t\t\t\t<li>\n\t\t\t\t\t\t<a href=\"https:\/\/viva-ferien.ch\/it\/unterkuenfte\/allod-bad-601-2\/\">\n\t\t\t\t\t\t\t<img decoding=\"async\" src=\"https:\/\/viva-ferien.ch\/wp-content\/uploads\/2022\/11\/mf3948176-1024x576.jpg\" alt=\"Allod Bad 601-2\" \/>\n\t\t\t\t\t\t<\/a>\n\t\t\t\t\t<\/li>\n\t\t\t\t\t\t\t\t\t<li>\n\t\t\t\t\t\t<a href=\"https:\/\/viva-ferien.ch\/it\/unterkuenfte\/allod-bad-601-2\/\">\n\t\t\t\t\t\t\t<img decoding=\"async\" src=\"https:\/\/viva-ferien.ch\/wp-content\/uploads\/2022\/11\/mf4408250-1024x576.jpg\" alt=\"Allod Bad 601-3\" \/>\n\t\t\t\t\t\t<\/a>\n\t\t\t\t\t<\/li>\n\t\t\t\t\t\t\t\t\t<li>\n\t\t\t\t\t\t<a href=\"https:\/\/viva-ferien.ch\/it\/unterkuenfte\/allod-bad-601-2\/\">\n\t\t\t\t\t\t\t<img decoding=\"async\" src=\"https:\/\/viva-ferien.ch\/wp-content\/uploads\/2022\/11\/mf4408251-1024x576.jpg\" alt=\"Allod Bad 601-4\" \/>\n\t\t\t\t\t\t<\/a>\n\t\t\t\t\t<\/li>\n\t\t\t\t\t\t\t<\/ul>\n\t\t<\/div>\n\t\t<div class=\"info-wrapper\">\n\t\t\t<div>\n\t\t\t\t<a href=\"https:\/\/viva-ferien.ch\/it\/unterkuenfte\/allod-bad-601-2\/\">\n\t\t\t\t\t<div class=\"description-wrapper\">\n\t\t\t\t\t\t<p class=\"image-description uppercase\"><strong>St. Moritz<\/strong><\/p>\t\t\t\n\t\t\t\t\t\t<div class=\"wrap-classification\">\t\n\t\t\t\t\t\t\t\t\t\t\t\t\t\t<h3>Allod Bad 601<\/h3>\n\t\t\t\t\t\t\t<div class=\"classification\"><img decoding=\"async\" src=\"\/wp-content\/themes\/vivaferien\/assets\/images\/VIVA_Icon_Klassifizierung_Voll.png\" alt=\"Star\"><img decoding=\"async\" src=\"\/wp-content\/themes\/vivaferien\/assets\/images\/VIVA_Icon_Klassifizierung_Voll.png\" alt=\"Star\"><img decoding=\"async\" src=\"\/wp-content\/themes\/vivaferien\/assets\/images\/VIVA_Icon_Klassifizierung_Voll.png\" alt=\"Star\"><img decoding=\"async\" src=\"\/wp-content\/themes\/vivaferien\/assets\/images\/VIVA_Icon_Klassifizierung_Halb.png\" alt=\"half-full Star\"><\/div>\t\t\t\t\t\t<\/div>\n\t\t\t\t\t<\/div>\n\t\t\t\t\t<hr>\n\t\t\t\t\t<\/hr>\n\t\t\t\t\t<div class=\"properties-wrapper\">\n\t\t\t\t\t\t<div>\n\t\t\t\t\t\t\t<!-- <p class=\"big-p\"><div class=\"image-description\">Ab<\/div><\/p>p_6885 -->\n\t\t\t\t\t\t\t<p class=\"big-p\"><div class=\"image-description\">Da<\/div><span class=\"currency\">CHF<\/span> <span class=\"price\" data-price=\"17400\">174,00<\/span><\/p>\n\t\t\t\t\t\t<\/div>\n\t\t\t\t\t\t<div class=\"add-border show-on-hover\"><\/div>\n\t\t\t\t\t\t<div class=\"show-on-hover\">\n\t\t\t\t\t\t\t<p class=\"big-p\"><div class=\"image-description\">Ospiti<\/div>6<\/p>\n\t\t\t\t\t\t<\/div>\n\t\t\t\t\t\t<div class=\"add-border show-on-hover\"><\/div>\n\t\t\t\t\t\t<div class=\"show-on-hover\">\n\t\t\t\t\t\t\t<p class=\"big-p\"><div class=\"image-description\">Camere da letto<\/div>3<\/p>\n\t\t\t\t\t\t<\/div>\n\t\t\t\t\t<\/div>\n\t\t\t\t<\/a>\n\t\t\t<\/div>\n\t\t<\/div>\n\t<\/div><\/div><div class=\"swiper-slide\"><div class=\"swiperlisting\">\t\t\t\t<div id=\"slider\" class=\"flexslider\">\n\t\t\t<ul class=\"slides\">\n\t\t\t\t\t\t\t\t\t<li>\n\t\t\t\t\t\t<a href=\"https:\/\/viva-ferien.ch\/it\/unterkuenfte\/stredas-3-2\/\">\n\t\t\t\t\t\t\t<img decoding=\"async\" src=\"https:\/\/viva-ferien.ch\/wp-content\/uploads\/2025\/05\/mf21714885-1024x576.jpg\" alt=\"Stredas 3-0\" \/>\n\t\t\t\t\t\t<\/a>\n\t\t\t\t\t<\/li>\n\t\t\t\t\t\t\t\t\t<li>\n\t\t\t\t\t\t<a href=\"https:\/\/viva-ferien.ch\/it\/unterkuenfte\/stredas-3-2\/\">\n\t\t\t\t\t\t\t<img decoding=\"async\" src=\"https:\/\/viva-ferien.ch\/wp-content\/uploads\/2025\/05\/mf21714887-1024x576.jpg\" alt=\"Stredas 3-1\" \/>\n\t\t\t\t\t\t<\/a>\n\t\t\t\t\t<\/li>\n\t\t\t\t\t\t\t\t\t<li>\n\t\t\t\t\t\t<a href=\"https:\/\/viva-ferien.ch\/it\/unterkuenfte\/stredas-3-2\/\">\n\t\t\t\t\t\t\t<img decoding=\"async\" src=\"https:\/\/viva-ferien.ch\/wp-content\/uploads\/2025\/05\/mf21714889-1024x576.jpg\" alt=\"Stredas 3-2\" \/>\n\t\t\t\t\t\t<\/a>\n\t\t\t\t\t<\/li>\n\t\t\t\t\t\t\t\t\t<li>\n\t\t\t\t\t\t<a href=\"https:\/\/viva-ferien.ch\/it\/unterkuenfte\/stredas-3-2\/\">\n\t\t\t\t\t\t\t<img decoding=\"async\" src=\"https:\/\/viva-ferien.ch\/wp-content\/uploads\/2025\/05\/mf21714884-1024x576.jpg\" alt=\"Stredas 3-3\" \/>\n\t\t\t\t\t\t<\/a>\n\t\t\t\t\t<\/li>\n\t\t\t\t\t\t\t\t\t<li>\n\t\t\t\t\t\t<a href=\"https:\/\/viva-ferien.ch\/it\/unterkuenfte\/stredas-3-2\/\">\n\t\t\t\t\t\t\t<img decoding=\"async\" src=\"https:\/\/viva-ferien.ch\/wp-content\/uploads\/2025\/05\/mf21714900-1024x576.jpg\" alt=\"Stredas 3-4\" \/>\n\t\t\t\t\t\t<\/a>\n\t\t\t\t\t<\/li>\n\t\t\t\t\t\t\t<\/ul>\n\t\t<\/div>\n\t\t<div class=\"info-wrapper\">\n\t\t\t<div>\n\t\t\t\t<a href=\"https:\/\/viva-ferien.ch\/it\/unterkuenfte\/stredas-3-2\/\">\n\t\t\t\t\t<div class=\"description-wrapper\">\n\t\t\t\t\t\t<p class=\"image-description uppercase\"><strong>St. Moritz<\/strong><\/p>\t\t\t\n\t\t\t\t\t\t<div class=\"wrap-classification\">\t\n\t\t\t\t\t\t\t\t\t\t\t\t\t\t<h3>Stredas 3<\/h3>\n\t\t\t\t\t\t\t<div class=\"classification\"><img decoding=\"async\" src=\"\/wp-content\/themes\/vivaferien\/assets\/images\/VIVA_Icon_Klassifizierung_Voll.png\" alt=\"Star\"><img decoding=\"async\" src=\"\/wp-content\/themes\/vivaferien\/assets\/images\/VIVA_Icon_Klassifizierung_Voll.png\" alt=\"Star\"><img decoding=\"async\" src=\"\/wp-content\/themes\/vivaferien\/assets\/images\/VIVA_Icon_Klassifizierung_Voll.png\" alt=\"Star\"><\/div>\t\t\t\t\t\t<\/div>\n\t\t\t\t\t<\/div>\n\t\t\t\t\t<hr>\n\t\t\t\t\t<\/hr>\n\t\t\t\t\t<div class=\"properties-wrapper\">\n\t\t\t\t\t\t<div>\n\t\t\t\t\t\t\t<!-- <p class=\"big-p\"><div class=\"image-description\">Ab<\/div><\/p>p_6885 -->\n\t\t\t\t\t\t\t<p class=\"big-p\"><div class=\"image-description\">Da<\/div><span class=\"currency\">CHF<\/span> <span class=\"price\" data-price=\"11300\">113,00<\/span><\/p>\n\t\t\t\t\t\t<\/div>\n\t\t\t\t\t\t<div class=\"add-border show-on-hover\"><\/div>\n\t\t\t\t\t\t<div class=\"show-on-hover\">\n\t\t\t\t\t\t\t<p class=\"big-p\"><div class=\"image-description\">Ospiti<\/div>4<\/p>\n\t\t\t\t\t\t<\/div>\n\t\t\t\t\t\t<div class=\"add-border show-on-hover\"><\/div>\n\t\t\t\t\t\t<div class=\"show-on-hover\">\n\t\t\t\t\t\t\t<p class=\"big-p\"><div class=\"image-description\">Camere da letto<\/div>2<\/p>\n\t\t\t\t\t\t<\/div>\n\t\t\t\t\t<\/div>\n\t\t\t\t<\/a>\n\t\t\t<\/div>\n\t\t<\/div>\n\t<\/div><\/div><div class=\"swiper-slide\"><div class=\"swiperlisting\">\t\t\t\t<div id=\"slider\" class=\"flexslider\">\n\t\t\t<ul class=\"slides\">\n\t\t\t\t\t\t\t\t\t<li>\n\t\t\t\t\t\t<a href=\"https:\/\/viva-ferien.ch\/it\/unterkuenfte\/cresta-ellie-2\/\">\n\t\t\t\t\t\t\t<img decoding=\"async\" src=\"https:\/\/viva-ferien.ch\/wp-content\/uploads\/2023\/07\/mf12829906-1024x576.jpg\" alt=\"Cresta Ellie-0\" \/>\n\t\t\t\t\t\t<\/a>\n\t\t\t\t\t<\/li>\n\t\t\t\t\t\t\t\t\t<li>\n\t\t\t\t\t\t<a href=\"https:\/\/viva-ferien.ch\/it\/unterkuenfte\/cresta-ellie-2\/\">\n\t\t\t\t\t\t\t<img decoding=\"async\" src=\"https:\/\/viva-ferien.ch\/wp-content\/uploads\/2023\/07\/mf12829901-1024x576.jpg\" alt=\"Cresta Ellie-1\" \/>\n\t\t\t\t\t\t<\/a>\n\t\t\t\t\t<\/li>\n\t\t\t\t\t\t\t\t\t<li>\n\t\t\t\t\t\t<a href=\"https:\/\/viva-ferien.ch\/it\/unterkuenfte\/cresta-ellie-2\/\">\n\t\t\t\t\t\t\t<img decoding=\"async\" src=\"https:\/\/viva-ferien.ch\/wp-content\/uploads\/2023\/07\/mf12829903-1024x576.jpg\" alt=\"Cresta Ellie-2\" \/>\n\t\t\t\t\t\t<\/a>\n\t\t\t\t\t<\/li>\n\t\t\t\t\t\t\t\t\t<li>\n\t\t\t\t\t\t<a href=\"https:\/\/viva-ferien.ch\/it\/unterkuenfte\/cresta-ellie-2\/\">\n\t\t\t\t\t\t\t<img decoding=\"async\" src=\"https:\/\/viva-ferien.ch\/wp-content\/uploads\/2023\/07\/mf12829905-1024x576.jpg\" alt=\"Cresta Ellie-3\" \/>\n\t\t\t\t\t\t<\/a>\n\t\t\t\t\t<\/li>\n\t\t\t\t\t\t\t\t\t<li>\n\t\t\t\t\t\t<a href=\"https:\/\/viva-ferien.ch\/it\/unterkuenfte\/cresta-ellie-2\/\">\n\t\t\t\t\t\t\t<img decoding=\"async\" src=\"https:\/\/viva-ferien.ch\/wp-content\/uploads\/2023\/07\/mf12829924-1024x576.jpg\" alt=\"Cresta Ellie-4\" \/>\n\t\t\t\t\t\t<\/a>\n\t\t\t\t\t<\/li>\n\t\t\t\t\t\t\t<\/ul>\n\t\t<\/div>\n\t\t<div class=\"info-wrapper\">\n\t\t\t<div>\n\t\t\t\t<a href=\"https:\/\/viva-ferien.ch\/it\/unterkuenfte\/cresta-ellie-2\/\">\n\t\t\t\t\t<div class=\"description-wrapper\">\n\t\t\t\t\t\t<p class=\"image-description uppercase\"><strong>St. Moritz<\/strong><\/p>\t\t\t\n\t\t\t\t\t\t<div class=\"wrap-classification\">\t\n\t\t\t\t\t\t\t\t\t\t\t\t\t\t<img decoding=\"async\" src=\"\/wp-content\/themes\/vivaferien\/assets\/images\/VIVA_Select.svg\" alt=\"Viva-Select-Icon\" class=\"vivaselect-wrapper\">\n\t\t\t\t\t\t\t\t\t\t\t\t\t\t<h3>Cresta Ellie<\/h3>\n\t\t\t\t\t\t\t<div class=\"classification\"><img decoding=\"async\" src=\"\/wp-content\/themes\/vivaferien\/assets\/images\/VIVA_Icon_Klassifizierung_Voll.png\" alt=\"Star\"><img decoding=\"async\" src=\"\/wp-content\/themes\/vivaferien\/assets\/images\/VIVA_Icon_Klassifizierung_Voll.png\" alt=\"Star\"><img decoding=\"async\" src=\"\/wp-content\/themes\/vivaferien\/assets\/images\/VIVA_Icon_Klassifizierung_Voll.png\" alt=\"Star\"><img decoding=\"async\" src=\"\/wp-content\/themes\/vivaferien\/assets\/images\/VIVA_Icon_Klassifizierung_Voll.png\" alt=\"Star\"><img decoding=\"async\" src=\"\/wp-content\/themes\/vivaferien\/assets\/images\/VIVA_Icon_Klassifizierung_Voll.png\" alt=\"Star\"><\/div>\t\t\t\t\t\t<\/div>\n\t\t\t\t\t<\/div>\n\t\t\t\t\t<hr>\n\t\t\t\t\t<\/hr>\n\t\t\t\t\t<div class=\"properties-wrapper\">\n\t\t\t\t\t\t<div>\n\t\t\t\t\t\t\t<!-- <p class=\"big-p\"><div class=\"image-description\">Ab<\/div><\/p>p_6885 -->\n\t\t\t\t\t\t\t<p class=\"big-p\"><div class=\"image-description\">Da<\/div><span class=\"currency\">CHF<\/span> <span class=\"price\" data-price=\"18500\">185,00<\/span><\/p>\n\t\t\t\t\t\t<\/div>\n\t\t\t\t\t\t<div class=\"add-border show-on-hover\"><\/div>\n\t\t\t\t\t\t<div class=\"show-on-hover\">\n\t\t\t\t\t\t\t<p class=\"big-p\"><div class=\"image-description\">Ospiti<\/div>6<\/p>\n\t\t\t\t\t\t<\/div>\n\t\t\t\t\t\t<div class=\"add-border show-on-hover\"><\/div>\n\t\t\t\t\t\t<div class=\"show-on-hover\">\n\t\t\t\t\t\t\t<p class=\"big-p\"><div class=\"image-description\">Camere da letto<\/div>3<\/p>\n\t\t\t\t\t\t<\/div>\n\t\t\t\t\t<\/div>\n\t\t\t\t<\/a>\n\t\t\t<\/div>\n\t\t<\/div>\n\t<\/div><\/div><div class=\"swiper-slide\"><div class=\"swiperlisting\">\t\t\t\t<div id=\"slider\" class=\"flexslider\">\n\t\t\t<ul class=\"slides\">\n\t\t\t\t\t\t\t\t\t<li>\n\t\t\t\t\t\t<a href=\"https:\/\/viva-ferien.ch\/it\/unterkuenfte\/chesa-alice-2\/\">\n\t\t\t\t\t\t\t<img decoding=\"async\" src=\"https:\/\/viva-ferien.ch\/wp-content\/uploads\/2022\/11\/mf1776233-1024x640.jpg\" alt=\"Chesa Alice-0\" \/>\n\t\t\t\t\t\t<\/a>\n\t\t\t\t\t<\/li>\n\t\t\t\t\t\t\t\t\t<li>\n\t\t\t\t\t\t<a href=\"https:\/\/viva-ferien.ch\/it\/unterkuenfte\/chesa-alice-2\/\">\n\t\t\t\t\t\t\t<img decoding=\"async\" src=\"https:\/\/viva-ferien.ch\/wp-content\/uploads\/2022\/11\/mf1571635-1024x640.jpg\" alt=\"Chesa Alice-1\" \/>\n\t\t\t\t\t\t<\/a>\n\t\t\t\t\t<\/li>\n\t\t\t\t\t\t\t\t\t<li>\n\t\t\t\t\t\t<a href=\"https:\/\/viva-ferien.ch\/it\/unterkuenfte\/chesa-alice-2\/\">\n\t\t\t\t\t\t\t<img decoding=\"async\" src=\"https:\/\/viva-ferien.ch\/wp-content\/uploads\/2022\/11\/mf1776234-1024x640.jpg\" alt=\"Chesa Alice-2\" \/>\n\t\t\t\t\t\t<\/a>\n\t\t\t\t\t<\/li>\n\t\t\t\t\t\t\t\t\t<li>\n\t\t\t\t\t\t<a href=\"https:\/\/viva-ferien.ch\/it\/unterkuenfte\/chesa-alice-2\/\">\n\t\t\t\t\t\t\t<img decoding=\"async\" src=\"https:\/\/viva-ferien.ch\/wp-content\/uploads\/2022\/11\/mf1571644-1024x640.jpg\" alt=\"Chesa Alice-3\" \/>\n\t\t\t\t\t\t<\/a>\n\t\t\t\t\t<\/li>\n\t\t\t\t\t\t\t\t\t<li>\n\t\t\t\t\t\t<a href=\"https:\/\/viva-ferien.ch\/it\/unterkuenfte\/chesa-alice-2\/\">\n\t\t\t\t\t\t\t<img decoding=\"async\" src=\"https:\/\/viva-ferien.ch\/wp-content\/uploads\/2022\/11\/mf1571643-1024x640.jpg\" alt=\"Chesa Alice-4\" \/>\n\t\t\t\t\t\t<\/a>\n\t\t\t\t\t<\/li>\n\t\t\t\t\t\t\t<\/ul>\n\t\t<\/div>\n\t\t<div class=\"info-wrapper\">\n\t\t\t<div>\n\t\t\t\t<a href=\"https:\/\/viva-ferien.ch\/it\/unterkuenfte\/chesa-alice-2\/\">\n\t\t\t\t\t<div class=\"description-wrapper\">\n\t\t\t\t\t\t<p class=\"image-description uppercase\"><strong>St. Moritz<\/strong><\/p>\t\t\t\n\t\t\t\t\t\t<div class=\"wrap-classification\">\t\n\t\t\t\t\t\t\t\t\t\t\t\t\t\t<h3>Chesa Alice<\/h3>\n\t\t\t\t\t\t\t<div class=\"classification\"><img decoding=\"async\" src=\"\/wp-content\/themes\/vivaferien\/assets\/images\/VIVA_Icon_Klassifizierung_Voll.png\" alt=\"Star\"><img decoding=\"async\" src=\"\/wp-content\/themes\/vivaferien\/assets\/images\/VIVA_Icon_Klassifizierung_Voll.png\" alt=\"Star\"><img decoding=\"async\" src=\"\/wp-content\/themes\/vivaferien\/assets\/images\/VIVA_Icon_Klassifizierung_Voll.png\" alt=\"Star\"><img decoding=\"async\" src=\"\/wp-content\/themes\/vivaferien\/assets\/images\/VIVA_Icon_Klassifizierung_Voll.png\" alt=\"Star\"><\/div>\t\t\t\t\t\t<\/div>\n\t\t\t\t\t<\/div>\n\t\t\t\t\t<hr>\n\t\t\t\t\t<\/hr>\n\t\t\t\t\t<div class=\"properties-wrapper\">\n\t\t\t\t\t\t<div>\n\t\t\t\t\t\t\t<!-- <p class=\"big-p\"><div class=\"image-description\">Ab<\/div><\/p>p_6885 -->\n\t\t\t\t\t\t\t<p class=\"big-p\"><div class=\"image-description\">Da<\/div><span class=\"currency\">CHF<\/span> <span class=\"price\" data-price=\"22600\">226,00<\/span><\/p>\n\t\t\t\t\t\t<\/div>\n\t\t\t\t\t\t<div class=\"add-border show-on-hover\"><\/div>\n\t\t\t\t\t\t<div class=\"show-on-hover\">\n\t\t\t\t\t\t\t<p class=\"big-p\"><div class=\"image-description\">Ospiti<\/div>8<\/p>\n\t\t\t\t\t\t<\/div>\n\t\t\t\t\t\t<div class=\"add-border show-on-hover\"><\/div>\n\t\t\t\t\t\t<div class=\"show-on-hover\">\n\t\t\t\t\t\t\t<p class=\"big-p\"><div class=\"image-description\">Camere da letto<\/div>4<\/p>\n\t\t\t\t\t\t<\/div>\n\t\t\t\t\t<\/div>\n\t\t\t\t<\/a>\n\t\t\t<\/div>\n\t\t<\/div>\n\t<\/div><\/div><div class=\"swiper-slide\"><div class=\"swiperlisting\">\t\t\t\t<div id=\"slider\" class=\"flexslider\">\n\t\t\t<ul class=\"slides\">\n\t\t\t\t\t\t\t\t\t<li>\n\t\t\t\t\t\t<a href=\"https:\/\/viva-ferien.ch\/it\/unterkuenfte\/suot-brattas-2-2\/\">\n\t\t\t\t\t\t\t<img decoding=\"async\" src=\"https:\/\/viva-ferien.ch\/wp-content\/uploads\/2022\/11\/mf2185116-1024x640.jpg\" alt=\"Suot Brattas 2-0\" \/>\n\t\t\t\t\t\t<\/a>\n\t\t\t\t\t<\/li>\n\t\t\t\t\t\t\t\t\t<li>\n\t\t\t\t\t\t<a href=\"https:\/\/viva-ferien.ch\/it\/unterkuenfte\/suot-brattas-2-2\/\">\n\t\t\t\t\t\t\t<img decoding=\"async\" src=\"https:\/\/viva-ferien.ch\/wp-content\/uploads\/2022\/11\/mf5808690-1024x576.jpg\" alt=\"Suot Brattas 2-1\" \/>\n\t\t\t\t\t\t<\/a>\n\t\t\t\t\t<\/li>\n\t\t\t\t\t\t\t\t\t<li>\n\t\t\t\t\t\t<a href=\"https:\/\/viva-ferien.ch\/it\/unterkuenfte\/suot-brattas-2-2\/\">\n\t\t\t\t\t\t\t<img decoding=\"async\" src=\"https:\/\/viva-ferien.ch\/wp-content\/uploads\/2022\/11\/mf2185120-1024x640.jpg\" alt=\"Suot Brattas 2-2\" \/>\n\t\t\t\t\t\t<\/a>\n\t\t\t\t\t<\/li>\n\t\t\t\t\t\t\t\t\t<li>\n\t\t\t\t\t\t<a href=\"https:\/\/viva-ferien.ch\/it\/unterkuenfte\/suot-brattas-2-2\/\">\n\t\t\t\t\t\t\t<img decoding=\"async\" src=\"https:\/\/viva-ferien.ch\/wp-content\/uploads\/2022\/11\/mf5808687-1024x576.jpg\" alt=\"Suot Brattas 2-3\" \/>\n\t\t\t\t\t\t<\/a>\n\t\t\t\t\t<\/li>\n\t\t\t\t\t\t\t\t\t<li>\n\t\t\t\t\t\t<a href=\"https:\/\/viva-ferien.ch\/it\/unterkuenfte\/suot-brattas-2-2\/\">\n\t\t\t\t\t\t\t<img decoding=\"async\" src=\"https:\/\/viva-ferien.ch\/wp-content\/uploads\/2022\/11\/mf2185115-1024x640.jpg\" alt=\"Suot Brattas 2-4\" \/>\n\t\t\t\t\t\t<\/a>\n\t\t\t\t\t<\/li>\n\t\t\t\t\t\t\t<\/ul>\n\t\t<\/div>\n\t\t<div class=\"info-wrapper\">\n\t\t\t<div>\n\t\t\t\t<a href=\"https:\/\/viva-ferien.ch\/it\/unterkuenfte\/suot-brattas-2-2\/\">\n\t\t\t\t\t<div class=\"description-wrapper\">\n\t\t\t\t\t\t<p class=\"image-description uppercase\"><strong>St. Moritz<\/strong><\/p>\t\t\t\n\t\t\t\t\t\t<div class=\"wrap-classification\">\t\n\t\t\t\t\t\t\t\t\t\t\t\t\t\t<h3>Suot Brattas 2<\/h3>\n\t\t\t\t\t\t\t<div class=\"classification\"><img decoding=\"async\" src=\"\/wp-content\/themes\/vivaferien\/assets\/images\/VIVA_Icon_Klassifizierung_Voll.png\" alt=\"Star\"><img decoding=\"async\" src=\"\/wp-content\/themes\/vivaferien\/assets\/images\/VIVA_Icon_Klassifizierung_Voll.png\" alt=\"Star\"><img decoding=\"async\" src=\"\/wp-content\/themes\/vivaferien\/assets\/images\/VIVA_Icon_Klassifizierung_Voll.png\" alt=\"Star\"><\/div>\t\t\t\t\t\t<\/div>\n\t\t\t\t\t<\/div>\n\t\t\t\t\t<hr>\n\t\t\t\t\t<\/hr>\n\t\t\t\t\t<div class=\"properties-wrapper\">\n\t\t\t\t\t\t<div>\n\t\t\t\t\t\t\t<!-- <p class=\"big-p\"><div class=\"image-description\">Ab<\/div><\/p>p_6885 -->\n\t\t\t\t\t\t\t<p class=\"big-p\"><div class=\"image-description\">Da<\/div><span class=\"currency\">CHF<\/span> <span class=\"price\" data-price=\"8600\">86,00<\/span><\/p>\n\t\t\t\t\t\t<\/div>\n\t\t\t\t\t\t<div class=\"add-border show-on-hover\"><\/div>\n\t\t\t\t\t\t<div class=\"show-on-hover\">\n\t\t\t\t\t\t\t<p class=\"big-p\"><div class=\"image-description\">Ospiti<\/div>3<\/p>\n\t\t\t\t\t\t<\/div>\n\t\t\t\t\t\t<div class=\"add-border show-on-hover\"><\/div>\n\t\t\t\t\t\t<div class=\"show-on-hover\">\n\t\t\t\t\t\t\t<p class=\"big-p\"><div class=\"image-description\">Camere da letto<\/div>1<\/p>\n\t\t\t\t\t\t<\/div>\n\t\t\t\t\t<\/div>\n\t\t\t\t<\/a>\n\t\t\t<\/div>\n\t\t<\/div>\n\t<\/div><\/div><div class=\"swiper-slide\"><div class=\"swiperlisting\">\t\t\t\t<div id=\"slider\" class=\"flexslider\">\n\t\t\t<ul class=\"slides\">\n\t\t\t\t\t\t\t\t\t<li>\n\t\t\t\t\t\t<a href=\"https:\/\/viva-ferien.ch\/it\/unterkuenfte\/adrisa-11-2\/\">\n\t\t\t\t\t\t\t<img decoding=\"async\" src=\"https:\/\/viva-ferien.ch\/wp-content\/uploads\/2022\/11\/mf2463213-1024x640.jpg\" alt=\"Adrisa 11-0\" \/>\n\t\t\t\t\t\t<\/a>\n\t\t\t\t\t<\/li>\n\t\t\t\t\t\t\t\t\t<li>\n\t\t\t\t\t\t<a href=\"https:\/\/viva-ferien.ch\/it\/unterkuenfte\/adrisa-11-2\/\">\n\t\t\t\t\t\t\t<img decoding=\"async\" src=\"https:\/\/viva-ferien.ch\/wp-content\/uploads\/2022\/11\/mf2463215-1024x640.jpg\" alt=\"Adrisa 11-1\" \/>\n\t\t\t\t\t\t<\/a>\n\t\t\t\t\t<\/li>\n\t\t\t\t\t\t\t\t\t<li>\n\t\t\t\t\t\t<a href=\"https:\/\/viva-ferien.ch\/it\/unterkuenfte\/adrisa-11-2\/\">\n\t\t\t\t\t\t\t<img decoding=\"async\" src=\"https:\/\/viva-ferien.ch\/wp-content\/uploads\/2022\/11\/mf2463214-1024x640.jpg\" alt=\"Adrisa 11-2\" \/>\n\t\t\t\t\t\t<\/a>\n\t\t\t\t\t<\/li>\n\t\t\t\t\t\t\t\t\t<li>\n\t\t\t\t\t\t<a href=\"https:\/\/viva-ferien.ch\/it\/unterkuenfte\/adrisa-11-2\/\">\n\t\t\t\t\t\t\t<img decoding=\"async\" src=\"https:\/\/viva-ferien.ch\/wp-content\/uploads\/2022\/11\/mf2463202-1024x640.jpg\" alt=\"Adrisa 11-3\" \/>\n\t\t\t\t\t\t<\/a>\n\t\t\t\t\t<\/li>\n\t\t\t\t\t\t\t\t\t<li>\n\t\t\t\t\t\t<a href=\"https:\/\/viva-ferien.ch\/it\/unterkuenfte\/adrisa-11-2\/\">\n\t\t\t\t\t\t\t<img decoding=\"async\" src=\"https:\/\/viva-ferien.ch\/wp-content\/uploads\/2022\/11\/mf2463201-1024x640.jpg\" alt=\"Adrisa 11-4\" \/>\n\t\t\t\t\t\t<\/a>\n\t\t\t\t\t<\/li>\n\t\t\t\t\t\t\t<\/ul>\n\t\t<\/div>\n\t\t<div class=\"info-wrapper\">\n\t\t\t<div>\n\t\t\t\t<a href=\"https:\/\/viva-ferien.ch\/it\/unterkuenfte\/adrisa-11-2\/\">\n\t\t\t\t\t<div class=\"description-wrapper\">\n\t\t\t\t\t\t<p class=\"image-description uppercase\"><strong>St. Moritz<\/strong><\/p>\t\t\t\n\t\t\t\t\t\t<div class=\"wrap-classification\">\t\n\t\t\t\t\t\t\t\t\t\t\t\t\t\t<h3>Adrisa 11<\/h3>\n\t\t\t\t\t\t\t<div class=\"classification\"><img decoding=\"async\" src=\"\/wp-content\/themes\/vivaferien\/assets\/images\/VIVA_Icon_Klassifizierung_Voll.png\" alt=\"Star\"><img decoding=\"async\" src=\"\/wp-content\/themes\/vivaferien\/assets\/images\/VIVA_Icon_Klassifizierung_Voll.png\" alt=\"Star\"><img decoding=\"async\" src=\"\/wp-content\/themes\/vivaferien\/assets\/images\/VIVA_Icon_Klassifizierung_Voll.png\" alt=\"Star\"><img decoding=\"async\" src=\"\/wp-content\/themes\/vivaferien\/assets\/images\/VIVA_Icon_Klassifizierung_Voll.png\" alt=\"Star\"><\/div>\t\t\t\t\t\t<\/div>\n\t\t\t\t\t<\/div>\n\t\t\t\t\t<hr>\n\t\t\t\t\t<\/hr>\n\t\t\t\t\t<div class=\"properties-wrapper\">\n\t\t\t\t\t\t<div>\n\t\t\t\t\t\t\t<!-- <p class=\"big-p\"><div class=\"image-description\">Ab<\/div><\/p>p_6885 -->\n\t\t\t\t\t\t\t<p class=\"big-p\"><div class=\"image-description\">Da<\/div><span class=\"currency\">CHF<\/span> <span class=\"price\" data-price=\"19300\">193,00<\/span><\/p>\n\t\t\t\t\t\t<\/div>\n\t\t\t\t\t\t<div class=\"add-border show-on-hover\"><\/div>\n\t\t\t\t\t\t<div class=\"show-on-hover\">\n\t\t\t\t\t\t\t<p class=\"big-p\"><div class=\"image-description\">Ospiti<\/div>6<\/p>\n\t\t\t\t\t\t<\/div>\n\t\t\t\t\t\t<div class=\"add-border show-on-hover\"><\/div>\n\t\t\t\t\t\t<div class=\"show-on-hover\">\n\t\t\t\t\t\t\t<p class=\"big-p\"><div class=\"image-description\">Camere da letto<\/div>3<\/p>\n\t\t\t\t\t\t<\/div>\n\t\t\t\t\t<\/div>\n\t\t\t\t<\/a>\n\t\t\t<\/div>\n\t\t<\/div>\n\t<\/div><\/div><div class=\"swiper-slide\"><div class=\"swiperlisting\">\t\t\t\t<div id=\"slider\" class=\"flexslider\">\n\t\t\t<ul class=\"slides\">\n\t\t\t\t\t\t\t\t\t<li>\n\t\t\t\t\t\t<a href=\"https:\/\/viva-ferien.ch\/it\/unterkuenfte\/du-lac-3-2\/\">\n\t\t\t\t\t\t\t<img decoding=\"async\" src=\"https:\/\/viva-ferien.ch\/wp-content\/uploads\/2022\/11\/mf10088501-1024x576.jpg\" alt=\"Du Lac 3-0\" \/>\n\t\t\t\t\t\t<\/a>\n\t\t\t\t\t<\/li>\n\t\t\t\t\t\t\t\t\t<li>\n\t\t\t\t\t\t<a href=\"https:\/\/viva-ferien.ch\/it\/unterkuenfte\/du-lac-3-2\/\">\n\t\t\t\t\t\t\t<img decoding=\"async\" src=\"https:\/\/viva-ferien.ch\/wp-content\/uploads\/2022\/11\/mf10088502-1024x576.jpg\" alt=\"Du Lac 3-1\" \/>\n\t\t\t\t\t\t<\/a>\n\t\t\t\t\t<\/li>\n\t\t\t\t\t\t\t\t\t<li>\n\t\t\t\t\t\t<a href=\"https:\/\/viva-ferien.ch\/it\/unterkuenfte\/du-lac-3-2\/\">\n\t\t\t\t\t\t\t<img decoding=\"async\" src=\"https:\/\/viva-ferien.ch\/wp-content\/uploads\/2022\/11\/mf10088503-1024x576.jpg\" alt=\"Du Lac 3-2\" \/>\n\t\t\t\t\t\t<\/a>\n\t\t\t\t\t<\/li>\n\t\t\t\t\t\t\t\t\t<li>\n\t\t\t\t\t\t<a href=\"https:\/\/viva-ferien.ch\/it\/unterkuenfte\/du-lac-3-2\/\">\n\t\t\t\t\t\t\t<img decoding=\"async\" src=\"https:\/\/viva-ferien.ch\/wp-content\/uploads\/2022\/11\/mf10088518-1024x576.jpg\" alt=\"Du Lac 3-3\" \/>\n\t\t\t\t\t\t<\/a>\n\t\t\t\t\t<\/li>\n\t\t\t\t\t\t\t\t\t<li>\n\t\t\t\t\t\t<a href=\"https:\/\/viva-ferien.ch\/it\/unterkuenfte\/du-lac-3-2\/\">\n\t\t\t\t\t\t\t<img decoding=\"async\" src=\"https:\/\/viva-ferien.ch\/wp-content\/uploads\/2022\/11\/mf10088732-1024x576.jpg\" alt=\"Du Lac 3-4\" \/>\n\t\t\t\t\t\t<\/a>\n\t\t\t\t\t<\/li>\n\t\t\t\t\t\t\t<\/ul>\n\t\t<\/div>\n\t\t<div class=\"info-wrapper\">\n\t\t\t<div>\n\t\t\t\t<a href=\"https:\/\/viva-ferien.ch\/it\/unterkuenfte\/du-lac-3-2\/\">\n\t\t\t\t\t<div class=\"description-wrapper\">\n\t\t\t\t\t\t<p class=\"image-description uppercase\"><strong>St. Moritz<\/strong><\/p>\t\t\t\n\t\t\t\t\t\t<div class=\"wrap-classification\">\t\n\t\t\t\t\t\t\t\t\t\t\t\t\t\t<h3>Du Lac 3<\/h3>\n\t\t\t\t\t\t\t<div class=\"classification\"><img decoding=\"async\" src=\"\/wp-content\/themes\/vivaferien\/assets\/images\/VIVA_Icon_Klassifizierung_Voll.png\" alt=\"Star\"><img decoding=\"async\" src=\"\/wp-content\/themes\/vivaferien\/assets\/images\/VIVA_Icon_Klassifizierung_Voll.png\" alt=\"Star\"><img decoding=\"async\" src=\"\/wp-content\/themes\/vivaferien\/assets\/images\/VIVA_Icon_Klassifizierung_Voll.png\" alt=\"Star\"><img decoding=\"async\" src=\"\/wp-content\/themes\/vivaferien\/assets\/images\/VIVA_Icon_Klassifizierung_Voll.png\" alt=\"Star\"><\/div>\t\t\t\t\t\t<\/div>\n\t\t\t\t\t<\/div>\n\t\t\t\t\t<hr>\n\t\t\t\t\t<\/hr>\n\t\t\t\t\t<div class=\"properties-wrapper\">\n\t\t\t\t\t\t<div>\n\t\t\t\t\t\t\t<!-- <p class=\"big-p\"><div class=\"image-description\">Ab<\/div><\/p>p_6885 -->\n\t\t\t\t\t\t\t<p class=\"big-p\"><div class=\"image-description\">Da<\/div><span class=\"currency\">CHF<\/span> <span class=\"price\" data-price=\"18300\">183,00<\/span><\/p>\n\t\t\t\t\t\t<\/div>\n\t\t\t\t\t\t<div class=\"add-border show-on-hover\"><\/div>\n\t\t\t\t\t\t<div class=\"show-on-hover\">\n\t\t\t\t\t\t\t<p class=\"big-p\"><div class=\"image-description\">Ospiti<\/div>4<\/p>\n\t\t\t\t\t\t<\/div>\n\t\t\t\t\t\t<div class=\"add-border show-on-hover\"><\/div>\n\t\t\t\t\t\t<div class=\"show-on-hover\">\n\t\t\t\t\t\t\t<p class=\"big-p\"><div class=\"image-description\">Camere da letto<\/div>2<\/p>\n\t\t\t\t\t\t<\/div>\n\t\t\t\t\t<\/div>\n\t\t\t\t<\/a>\n\t\t\t<\/div>\n\t\t<\/div>\n\t<\/div><\/div><div class=\"swiper-slide\"><div class=\"swiperlisting\">\t\t\t\t<div id=\"slider\" class=\"flexslider\">\n\t\t\t<ul class=\"slides\">\n\t\t\t\t\t\t\t\t\t<li>\n\t\t\t\t\t\t<a href=\"https:\/\/viva-ferien.ch\/it\/unterkuenfte\/allod-bad-508-2\/\">\n\t\t\t\t\t\t\t<img decoding=\"async\" src=\"https:\/\/viva-ferien.ch\/wp-content\/uploads\/2022\/11\/mf1448695-1024x641.jpg\" alt=\"Allod Bad 508-0\" \/>\n\t\t\t\t\t\t<\/a>\n\t\t\t\t\t<\/li>\n\t\t\t\t\t\t\t\t\t<li>\n\t\t\t\t\t\t<a href=\"https:\/\/viva-ferien.ch\/it\/unterkuenfte\/allod-bad-508-2\/\">\n\t\t\t\t\t\t\t<img decoding=\"async\" src=\"https:\/\/viva-ferien.ch\/wp-content\/uploads\/2022\/11\/mf1448697-1024x640.jpg\" alt=\"Allod Bad 508-1\" \/>\n\t\t\t\t\t\t<\/a>\n\t\t\t\t\t<\/li>\n\t\t\t\t\t\t\t\t\t<li>\n\t\t\t\t\t\t<a href=\"https:\/\/viva-ferien.ch\/it\/unterkuenfte\/allod-bad-508-2\/\">\n\t\t\t\t\t\t\t<img decoding=\"async\" src=\"https:\/\/viva-ferien.ch\/wp-content\/uploads\/2022\/11\/mf1448694-1024x640.jpg\" alt=\"Allod Bad 508-2\" \/>\n\t\t\t\t\t\t<\/a>\n\t\t\t\t\t<\/li>\n\t\t\t\t\t\t\t\t\t<li>\n\t\t\t\t\t\t<a href=\"https:\/\/viva-ferien.ch\/it\/unterkuenfte\/allod-bad-508-2\/\">\n\t\t\t\t\t\t\t<img decoding=\"async\" src=\"https:\/\/viva-ferien.ch\/wp-content\/uploads\/2023\/09\/mf13378473-1024x768.jpg\" alt=\"Allod Bad 508-3\" \/>\n\t\t\t\t\t\t<\/a>\n\t\t\t\t\t<\/li>\n\t\t\t\t\t\t\t\t\t<li>\n\t\t\t\t\t\t<a href=\"https:\/\/viva-ferien.ch\/it\/unterkuenfte\/allod-bad-508-2\/\">\n\t\t\t\t\t\t\t<img decoding=\"async\" src=\"https:\/\/viva-ferien.ch\/wp-content\/uploads\/2022\/11\/mf1448690-1024x640.jpg\" alt=\"Allod Bad 508-4\" \/>\n\t\t\t\t\t\t<\/a>\n\t\t\t\t\t<\/li>\n\t\t\t\t\t\t\t<\/ul>\n\t\t<\/div>\n\t\t<div class=\"info-wrapper\">\n\t\t\t<div>\n\t\t\t\t<a href=\"https:\/\/viva-ferien.ch\/it\/unterkuenfte\/allod-bad-508-2\/\">\n\t\t\t\t\t<div class=\"description-wrapper\">\n\t\t\t\t\t\t<p class=\"image-description uppercase\"><strong>St. Moritz<\/strong><\/p>\t\t\t\n\t\t\t\t\t\t<div class=\"wrap-classification\">\t\n\t\t\t\t\t\t\t\t\t\t\t\t\t\t<h3>Allod Bad 508<\/h3>\n\t\t\t\t\t\t\t<div class=\"classification\"><img decoding=\"async\" src=\"\/wp-content\/themes\/vivaferien\/assets\/images\/VIVA_Icon_Klassifizierung_Voll.png\" alt=\"Star\"><img decoding=\"async\" src=\"\/wp-content\/themes\/vivaferien\/assets\/images\/VIVA_Icon_Klassifizierung_Voll.png\" alt=\"Star\"><img decoding=\"async\" src=\"\/wp-content\/themes\/vivaferien\/assets\/images\/VIVA_Icon_Klassifizierung_Halb.png\" alt=\"half-full Star\"><\/div>\t\t\t\t\t\t<\/div>\n\t\t\t\t\t<\/div>\n\t\t\t\t\t<hr>\n\t\t\t\t\t<\/hr>\n\t\t\t\t\t<div class=\"properties-wrapper\">\n\t\t\t\t\t\t<div>\n\t\t\t\t\t\t\t<!-- <p class=\"big-p\"><div class=\"image-description\">Ab<\/div><\/p>p_6885 -->\n\t\t\t\t\t\t\t<p class=\"big-p\"><div class=\"image-description\">Da<\/div><span class=\"currency\">CHF<\/span> <span class=\"price\" data-price=\"7500\">75,00<\/span><\/p>\n\t\t\t\t\t\t<\/div>\n\t\t\t\t\t\t<div class=\"add-border show-on-hover\"><\/div>\n\t\t\t\t\t\t<div class=\"show-on-hover\">\n\t\t\t\t\t\t\t<p class=\"big-p\"><div class=\"image-description\">Ospiti<\/div>2<\/p>\n\t\t\t\t\t\t<\/div>\n\t\t\t\t\t\t<div class=\"add-border show-on-hover\"><\/div>\n\t\t\t\t\t\t<div class=\"show-on-hover\">\n\t\t\t\t\t\t\t<p class=\"big-p\"><div class=\"image-description\">Camere da letto<\/div>1<\/p>\n\t\t\t\t\t\t<\/div>\n\t\t\t\t\t<\/div>\n\t\t\t\t<\/a>\n\t\t\t<\/div>\n\t\t<\/div>\n\t<\/div><\/div><div class=\"swiper-slide\"><div class=\"swiperlisting\">\t\t\t\t<div id=\"slider\" class=\"flexslider\">\n\t\t\t<ul class=\"slides\">\n\t\t\t\t\t\t\t\t\t<li>\n\t\t\t\t\t\t<a href=\"https:\/\/viva-ferien.ch\/it\/unterkuenfte\/residenz-am-see-zimmer-009-2\/\">\n\t\t\t\t\t\t\t<img decoding=\"async\" src=\"https:\/\/viva-ferien.ch\/wp-content\/uploads\/2025\/12\/mf25174985-1024x576.jpg\" alt=\"Residenz am See Zimmer 009-0\" \/>\n\t\t\t\t\t\t<\/a>\n\t\t\t\t\t<\/li>\n\t\t\t\t\t\t\t\t\t<li>\n\t\t\t\t\t\t<a href=\"https:\/\/viva-ferien.ch\/it\/unterkuenfte\/residenz-am-see-zimmer-009-2\/\">\n\t\t\t\t\t\t\t<img decoding=\"async\" src=\"https:\/\/viva-ferien.ch\/wp-content\/uploads\/2025\/12\/mf25174984-1024x576.jpg\" alt=\"Residenz am See Zimmer 009-1\" \/>\n\t\t\t\t\t\t<\/a>\n\t\t\t\t\t<\/li>\n\t\t\t\t\t\t\t\t\t<li>\n\t\t\t\t\t\t<a href=\"https:\/\/viva-ferien.ch\/it\/unterkuenfte\/residenz-am-see-zimmer-009-2\/\">\n\t\t\t\t\t\t\t<img decoding=\"async\" src=\"https:\/\/viva-ferien.ch\/wp-content\/uploads\/2025\/12\/mf25174988-1024x576.jpg\" alt=\"Residenz am See Zimmer 009-2\" \/>\n\t\t\t\t\t\t<\/a>\n\t\t\t\t\t<\/li>\n\t\t\t\t\t\t\t\t\t<li>\n\t\t\t\t\t\t<a href=\"https:\/\/viva-ferien.ch\/it\/unterkuenfte\/residenz-am-see-zimmer-009-2\/\">\n\t\t\t\t\t\t\t<img decoding=\"async\" src=\"https:\/\/viva-ferien.ch\/wp-content\/uploads\/2025\/12\/mf25174989-1024x576.jpg\" alt=\"Residenz am See Zimmer 009-3\" \/>\n\t\t\t\t\t\t<\/a>\n\t\t\t\t\t<\/li>\n\t\t\t\t\t\t\t\t\t<li>\n\t\t\t\t\t\t<a href=\"https:\/\/viva-ferien.ch\/it\/unterkuenfte\/residenz-am-see-zimmer-009-2\/\">\n\t\t\t\t\t\t\t<img decoding=\"async\" src=\"\" alt=\"Residenz am See Zimmer 009-4\" \/>\n\t\t\t\t\t\t<\/a>\n\t\t\t\t\t<\/li>\n\t\t\t\t\t\t\t<\/ul>\n\t\t<\/div>\n\t\t<div class=\"info-wrapper\">\n\t\t\t<div>\n\t\t\t\t<a href=\"https:\/\/viva-ferien.ch\/it\/unterkuenfte\/residenz-am-see-zimmer-009-2\/\">\n\t\t\t\t\t<div class=\"description-wrapper\">\n\t\t\t\t\t\t<p class=\"image-description uppercase\"><strong>St. Moritz<\/strong><\/p>\t\t\t\n\t\t\t\t\t\t<div class=\"wrap-classification\">\t\n\t\t\t\t\t\t\t\t\t\t\t\t\t\t<h3>Residenz am See Zimmer 009<\/h3>\n\t\t\t\t\t\t\t<div class=\"classification\"><img decoding=\"async\" src=\"\/wp-content\/themes\/vivaferien\/assets\/images\/VIVA_Icon_Klassifizierung_Voll.png\" alt=\"Star\"><img decoding=\"async\" src=\"\/wp-content\/themes\/vivaferien\/assets\/images\/VIVA_Icon_Klassifizierung_Voll.png\" alt=\"Star\"><img decoding=\"async\" src=\"\/wp-content\/themes\/vivaferien\/assets\/images\/VIVA_Icon_Klassifizierung_Voll.png\" alt=\"Star\"><\/div>\t\t\t\t\t\t<\/div>\n\t\t\t\t\t<\/div>\n\t\t\t\t\t<hr>\n\t\t\t\t\t<\/hr>\n\t\t\t\t\t<div class=\"properties-wrapper\">\n\t\t\t\t\t\t<div>\n\t\t\t\t\t\t\t<!-- <p class=\"big-p\"><div class=\"image-description\">Ab<\/div><\/p>p_6885 -->\n\t\t\t\t\t\t\t<p class=\"big-p\"><div class=\"image-description\">Da<\/div><span class=\"currency\">CHF<\/span> <span class=\"price\" data-price=\"7000\">70,00<\/span><\/p>\n\t\t\t\t\t\t<\/div>\n\t\t\t\t\t\t<div class=\"add-border show-on-hover\"><\/div>\n\t\t\t\t\t\t<div class=\"show-on-hover\">\n\t\t\t\t\t\t\t<p class=\"big-p\"><div class=\"image-description\">Ospiti<\/div>2<\/p>\n\t\t\t\t\t\t<\/div>\n\t\t\t\t\t\t<div class=\"add-border show-on-hover\"><\/div>\n\t\t\t\t\t\t<div class=\"show-on-hover\">\n\t\t\t\t\t\t\t<p class=\"big-p\"><div class=\"image-description\">Camere da letto<\/div>0<\/p>\n\t\t\t\t\t\t<\/div>\n\t\t\t\t\t<\/div>\n\t\t\t\t<\/a>\n\t\t\t<\/div>\n\t\t<\/div>\n\t<\/div><\/div><div class=\"swiper-slide\"><div class=\"swiperlisting\">\t\t\t\t<div id=\"slider\" class=\"flexslider\">\n\t\t\t<ul class=\"slides\">\n\t\t\t\t\t\t\t\t\t<li>\n\t\t\t\t\t\t<a href=\"https:\/\/viva-ferien.ch\/it\/unterkuenfte\/traunter-via-2\/\">\n\t\t\t\t\t\t\t<img decoding=\"async\" src=\"https:\/\/viva-ferien.ch\/wp-content\/uploads\/2022\/11\/mf2105471-1024x640.jpg\" alt=\"Traunter Via-0\" \/>\n\t\t\t\t\t\t<\/a>\n\t\t\t\t\t<\/li>\n\t\t\t\t\t\t\t\t\t<li>\n\t\t\t\t\t\t<a href=\"https:\/\/viva-ferien.ch\/it\/unterkuenfte\/traunter-via-2\/\">\n\t\t\t\t\t\t\t<img decoding=\"async\" src=\"https:\/\/viva-ferien.ch\/wp-content\/uploads\/2022\/11\/mf2105474-1024x640.jpg\" alt=\"Traunter Via-1\" \/>\n\t\t\t\t\t\t<\/a>\n\t\t\t\t\t<\/li>\n\t\t\t\t\t\t\t\t\t<li>\n\t\t\t\t\t\t<a href=\"https:\/\/viva-ferien.ch\/it\/unterkuenfte\/traunter-via-2\/\">\n\t\t\t\t\t\t\t<img decoding=\"async\" src=\"https:\/\/viva-ferien.ch\/wp-content\/uploads\/2022\/11\/mf2105469-1024x640.jpg\" alt=\"Traunter Via-2\" \/>\n\t\t\t\t\t\t<\/a>\n\t\t\t\t\t<\/li>\n\t\t\t\t\t\t\t\t\t<li>\n\t\t\t\t\t\t<a href=\"https:\/\/viva-ferien.ch\/it\/unterkuenfte\/traunter-via-2\/\">\n\t\t\t\t\t\t\t<img decoding=\"async\" src=\"https:\/\/viva-ferien.ch\/wp-content\/uploads\/2022\/11\/mf2105470-1024x640.jpg\" alt=\"Traunter Via-3\" \/>\n\t\t\t\t\t\t<\/a>\n\t\t\t\t\t<\/li>\n\t\t\t\t\t\t\t\t\t<li>\n\t\t\t\t\t\t<a href=\"https:\/\/viva-ferien.ch\/it\/unterkuenfte\/traunter-via-2\/\">\n\t\t\t\t\t\t\t<img decoding=\"async\" src=\"https:\/\/viva-ferien.ch\/wp-content\/uploads\/2022\/11\/mf2105475-1024x640.jpg\" alt=\"Traunter Via-4\" \/>\n\t\t\t\t\t\t<\/a>\n\t\t\t\t\t<\/li>\n\t\t\t\t\t\t\t<\/ul>\n\t\t<\/div>\n\t\t<div class=\"info-wrapper\">\n\t\t\t<div>\n\t\t\t\t<a href=\"https:\/\/viva-ferien.ch\/it\/unterkuenfte\/traunter-via-2\/\">\n\t\t\t\t\t<div class=\"description-wrapper\">\n\t\t\t\t\t\t<p class=\"image-description uppercase\"><strong>St. Moritz<\/strong><\/p>\t\t\t\n\t\t\t\t\t\t<div class=\"wrap-classification\">\t\n\t\t\t\t\t\t\t\t\t\t\t\t\t\t<h3>Traunter Via<\/h3>\n\t\t\t\t\t\t\t<div class=\"classification\"><img decoding=\"async\" src=\"\/wp-content\/themes\/vivaferien\/assets\/images\/VIVA_Icon_Klassifizierung_Voll.png\" alt=\"Star\"><img decoding=\"async\" src=\"\/wp-content\/themes\/vivaferien\/assets\/images\/VIVA_Icon_Klassifizierung_Voll.png\" alt=\"Star\"><img decoding=\"async\" src=\"\/wp-content\/themes\/vivaferien\/assets\/images\/VIVA_Icon_Klassifizierung_Voll.png\" alt=\"Star\"><img decoding=\"async\" src=\"\/wp-content\/themes\/vivaferien\/assets\/images\/VIVA_Icon_Klassifizierung_Voll.png\" alt=\"Star\"><\/div>\t\t\t\t\t\t<\/div>\n\t\t\t\t\t<\/div>\n\t\t\t\t\t<hr>\n\t\t\t\t\t<\/hr>\n\t\t\t\t\t<div class=\"properties-wrapper\">\n\t\t\t\t\t\t<div>\n\t\t\t\t\t\t\t<!-- <p class=\"big-p\"><div class=\"image-description\">Ab<\/div><\/p>p_6885 -->\n\t\t\t\t\t\t\t<p class=\"big-p\"><div class=\"image-description\">Da<\/div><span class=\"currency\">CHF<\/span> <span class=\"price\" data-price=\"11700\">117,00<\/span><\/p>\n\t\t\t\t\t\t<\/div>\n\t\t\t\t\t\t<div class=\"add-border show-on-hover\"><\/div>\n\t\t\t\t\t\t<div class=\"show-on-hover\">\n\t\t\t\t\t\t\t<p class=\"big-p\"><div class=\"image-description\">Ospiti<\/div>2<\/p>\n\t\t\t\t\t\t<\/div>\n\t\t\t\t\t\t<div class=\"add-border show-on-hover\"><\/div>\n\t\t\t\t\t\t<div class=\"show-on-hover\">\n\t\t\t\t\t\t\t<p class=\"big-p\"><div class=\"image-description\">Camere da letto<\/div>1<\/p>\n\t\t\t\t\t\t<\/div>\n\t\t\t\t\t<\/div>\n\t\t\t\t<\/a>\n\t\t\t<\/div>\n\t\t<\/div>\n\t<\/div><\/div><div class=\"swiper-slide\"><div class=\"swiperlisting\">\t\t\t\t<div id=\"slider\" class=\"flexslider\">\n\t\t\t<ul class=\"slides\">\n\t\t\t\t\t\t\t\t\t<li>\n\t\t\t\t\t\t<a href=\"https:\/\/viva-ferien.ch\/it\/unterkuenfte\/allod-bad-504-2\/\">\n\t\t\t\t\t\t\t<img decoding=\"async\" src=\"https:\/\/viva-ferien.ch\/wp-content\/uploads\/2023\/09\/mf13378391-1024x768.jpg\" alt=\"Allod Bad 504-0\" \/>\n\t\t\t\t\t\t<\/a>\n\t\t\t\t\t<\/li>\n\t\t\t\t\t\t\t\t\t<li>\n\t\t\t\t\t\t<a href=\"https:\/\/viva-ferien.ch\/it\/unterkuenfte\/allod-bad-504-2\/\">\n\t\t\t\t\t\t\t<img decoding=\"async\" src=\"https:\/\/viva-ferien.ch\/wp-content\/uploads\/2023\/09\/mf13378393-1024x768.jpg\" alt=\"Allod Bad 504-1\" \/>\n\t\t\t\t\t\t<\/a>\n\t\t\t\t\t<\/li>\n\t\t\t\t\t\t\t\t\t<li>\n\t\t\t\t\t\t<a href=\"https:\/\/viva-ferien.ch\/it\/unterkuenfte\/allod-bad-504-2\/\">\n\t\t\t\t\t\t\t<img decoding=\"async\" src=\"https:\/\/viva-ferien.ch\/wp-content\/uploads\/2022\/11\/mf1190202-1024x640.jpg\" alt=\"Allod Bad 504-2\" \/>\n\t\t\t\t\t\t<\/a>\n\t\t\t\t\t<\/li>\n\t\t\t\t\t\t\t\t\t<li>\n\t\t\t\t\t\t<a href=\"https:\/\/viva-ferien.ch\/it\/unterkuenfte\/allod-bad-504-2\/\">\n\t\t\t\t\t\t\t<img decoding=\"async\" src=\"https:\/\/viva-ferien.ch\/wp-content\/uploads\/2023\/09\/mf13378392-1024x768.jpg\" alt=\"Allod Bad 504-3\" \/>\n\t\t\t\t\t\t<\/a>\n\t\t\t\t\t<\/li>\n\t\t\t\t\t\t\t\t\t<li>\n\t\t\t\t\t\t<a href=\"https:\/\/viva-ferien.ch\/it\/unterkuenfte\/allod-bad-504-2\/\">\n\t\t\t\t\t\t\t<img decoding=\"async\" src=\"https:\/\/viva-ferien.ch\/wp-content\/uploads\/2023\/09\/mf13378396-1024x768.jpg\" alt=\"Allod Bad 504-4\" \/>\n\t\t\t\t\t\t<\/a>\n\t\t\t\t\t<\/li>\n\t\t\t\t\t\t\t<\/ul>\n\t\t<\/div>\n\t\t<div class=\"info-wrapper\">\n\t\t\t<div>\n\t\t\t\t<a href=\"https:\/\/viva-ferien.ch\/it\/unterkuenfte\/allod-bad-504-2\/\">\n\t\t\t\t\t<div class=\"description-wrapper\">\n\t\t\t\t\t\t<p class=\"image-description uppercase\"><strong>St. Moritz<\/strong><\/p>\t\t\t\n\t\t\t\t\t\t<div class=\"wrap-classification\">\t\n\t\t\t\t\t\t\t\t\t\t\t\t\t\t<h3>Allod Bad 504<\/h3>\n\t\t\t\t\t\t\t<div class=\"classification\"><img decoding=\"async\" src=\"\/wp-content\/themes\/vivaferien\/assets\/images\/VIVA_Icon_Klassifizierung_Voll.png\" alt=\"Star\"><img decoding=\"async\" src=\"\/wp-content\/themes\/vivaferien\/assets\/images\/VIVA_Icon_Klassifizierung_Voll.png\" alt=\"Star\"><img decoding=\"async\" src=\"\/wp-content\/themes\/vivaferien\/assets\/images\/VIVA_Icon_Klassifizierung_Voll.png\" alt=\"Star\"><\/div>\t\t\t\t\t\t<\/div>\n\t\t\t\t\t<\/div>\n\t\t\t\t\t<hr>\n\t\t\t\t\t<\/hr>\n\t\t\t\t\t<div class=\"properties-wrapper\">\n\t\t\t\t\t\t<div>\n\t\t\t\t\t\t\t<!-- <p class=\"big-p\"><div class=\"image-description\">Ab<\/div><\/p>p_6885 -->\n\t\t\t\t\t\t\t<p class=\"big-p\"><div class=\"image-description\">Da<\/div><span class=\"currency\">CHF<\/span> <span class=\"price\" data-price=\"8600\">86,00<\/span><\/p>\n\t\t\t\t\t\t<\/div>\n\t\t\t\t\t\t<div class=\"add-border show-on-hover\"><\/div>\n\t\t\t\t\t\t<div class=\"show-on-hover\">\n\t\t\t\t\t\t\t<p class=\"big-p\"><div class=\"image-description\">Ospiti<\/div>2<\/p>\n\t\t\t\t\t\t<\/div>\n\t\t\t\t\t\t<div class=\"add-border show-on-hover\"><\/div>\n\t\t\t\t\t\t<div class=\"show-on-hover\">\n\t\t\t\t\t\t\t<p class=\"big-p\"><div class=\"image-description\">Camere da letto<\/div>1<\/p>\n\t\t\t\t\t\t<\/div>\n\t\t\t\t\t<\/div>\n\t\t\t\t<\/a>\n\t\t\t<\/div>\n\t\t<\/div>\n\t<\/div><\/div><div class=\"swiper-slide\"><div class=\"swiperlisting\">\t\t\t\t<div id=\"slider\" class=\"flexslider\">\n\t\t\t<ul class=\"slides\">\n\t\t\t\t\t\t\t\t\t<li>\n\t\t\t\t\t\t<a href=\"https:\/\/viva-ferien.ch\/it\/unterkuenfte\/surpunt-44-2\/\">\n\t\t\t\t\t\t\t<img decoding=\"async\" src=\"https:\/\/viva-ferien.ch\/wp-content\/uploads\/2022\/11\/mf2101730-1024x640.jpg\" alt=\"Surpunt 44-0\" \/>\n\t\t\t\t\t\t<\/a>\n\t\t\t\t\t<\/li>\n\t\t\t\t\t\t\t\t\t<li>\n\t\t\t\t\t\t<a href=\"https:\/\/viva-ferien.ch\/it\/unterkuenfte\/surpunt-44-2\/\">\n\t\t\t\t\t\t\t<img decoding=\"async\" src=\"https:\/\/viva-ferien.ch\/wp-content\/uploads\/2022\/11\/mf2101727-1024x640.jpg\" alt=\"Surpunt 44-1\" \/>\n\t\t\t\t\t\t<\/a>\n\t\t\t\t\t<\/li>\n\t\t\t\t\t\t\t\t\t<li>\n\t\t\t\t\t\t<a href=\"https:\/\/viva-ferien.ch\/it\/unterkuenfte\/surpunt-44-2\/\">\n\t\t\t\t\t\t\t<img decoding=\"async\" src=\"https:\/\/viva-ferien.ch\/wp-content\/uploads\/2022\/11\/mf2101728-1024x640.jpg\" alt=\"Surpunt 44-2\" \/>\n\t\t\t\t\t\t<\/a>\n\t\t\t\t\t<\/li>\n\t\t\t\t\t\t\t\t\t<li>\n\t\t\t\t\t\t<a href=\"https:\/\/viva-ferien.ch\/it\/unterkuenfte\/surpunt-44-2\/\">\n\t\t\t\t\t\t\t<img decoding=\"async\" src=\"https:\/\/viva-ferien.ch\/wp-content\/uploads\/2022\/11\/mf2101729-1024x640.jpg\" alt=\"Surpunt 44-3\" \/>\n\t\t\t\t\t\t<\/a>\n\t\t\t\t\t<\/li>\n\t\t\t\t\t\t\t\t\t<li>\n\t\t\t\t\t\t<a href=\"https:\/\/viva-ferien.ch\/it\/unterkuenfte\/surpunt-44-2\/\">\n\t\t\t\t\t\t\t<img decoding=\"async\" src=\"https:\/\/viva-ferien.ch\/wp-content\/uploads\/2022\/11\/mf2101723-1024x640.jpg\" alt=\"Surpunt 44-4\" \/>\n\t\t\t\t\t\t<\/a>\n\t\t\t\t\t<\/li>\n\t\t\t\t\t\t\t<\/ul>\n\t\t<\/div>\n\t\t<div class=\"info-wrapper\">\n\t\t\t<div>\n\t\t\t\t<a href=\"https:\/\/viva-ferien.ch\/it\/unterkuenfte\/surpunt-44-2\/\">\n\t\t\t\t\t<div class=\"description-wrapper\">\n\t\t\t\t\t\t<p class=\"image-description uppercase\"><strong>St. Moritz<\/strong><\/p>\t\t\t\n\t\t\t\t\t\t<div class=\"wrap-classification\">\t\n\t\t\t\t\t\t\t\t\t\t\t\t\t\t<h3>Surpunt 44<\/h3>\n\t\t\t\t\t\t\t<div class=\"classification\"><img decoding=\"async\" src=\"\/wp-content\/themes\/vivaferien\/assets\/images\/VIVA_Icon_Klassifizierung_Voll.png\" alt=\"Star\"><img decoding=\"async\" src=\"\/wp-content\/themes\/vivaferien\/assets\/images\/VIVA_Icon_Klassifizierung_Voll.png\" alt=\"Star\"><img decoding=\"async\" src=\"\/wp-content\/themes\/vivaferien\/assets\/images\/VIVA_Icon_Klassifizierung_Voll.png\" alt=\"Star\"><img decoding=\"async\" src=\"\/wp-content\/themes\/vivaferien\/assets\/images\/VIVA_Icon_Klassifizierung_Halb.png\" alt=\"half-full Star\"><\/div>\t\t\t\t\t\t<\/div>\n\t\t\t\t\t<\/div>\n\t\t\t\t\t<hr>\n\t\t\t\t\t<\/hr>\n\t\t\t\t\t<div class=\"properties-wrapper\">\n\t\t\t\t\t\t<div>\n\t\t\t\t\t\t\t<!-- <p class=\"big-p\"><div class=\"image-description\">Ab<\/div><\/p>p_6885 -->\n\t\t\t\t\t\t\t<p class=\"big-p\"><div class=\"image-description\">Da<\/div><span class=\"currency\">CHF<\/span> <span class=\"price\" data-price=\"18300\">183,00<\/span><\/p>\n\t\t\t\t\t\t<\/div>\n\t\t\t\t\t\t<div class=\"add-border show-on-hover\"><\/div>\n\t\t\t\t\t\t<div class=\"show-on-hover\">\n\t\t\t\t\t\t\t<p class=\"big-p\"><div class=\"image-description\">Ospiti<\/div>6<\/p>\n\t\t\t\t\t\t<\/div>\n\t\t\t\t\t\t<div class=\"add-border show-on-hover\"><\/div>\n\t\t\t\t\t\t<div class=\"show-on-hover\">\n\t\t\t\t\t\t\t<p class=\"big-p\"><div class=\"image-description\">Camere da letto<\/div>3<\/p>\n\t\t\t\t\t\t<\/div>\n\t\t\t\t\t<\/div>\n\t\t\t\t<\/a>\n\t\t\t<\/div>\n\t\t<\/div>\n\t<\/div><\/div><div class=\"swiper-slide\"><div class=\"swiperlisting\">\t\t\t\t<div id=\"slider\" class=\"flexslider\">\n\t\t\t<ul class=\"slides\">\n\t\t\t\t\t\t\t\t\t<li>\n\t\t\t\t\t\t<a href=\"https:\/\/viva-ferien.ch\/it\/unterkuenfte\/st-moritzerhof-62-2\/\">\n\t\t\t\t\t\t\t<img decoding=\"async\" src=\"https:\/\/viva-ferien.ch\/wp-content\/uploads\/2022\/11\/mf6831337-1024x576.jpg\" alt=\"Stredas 14-0\" \/>\n\t\t\t\t\t\t<\/a>\n\t\t\t\t\t<\/li>\n\t\t\t\t\t\t\t\t\t<li>\n\t\t\t\t\t\t<a href=\"https:\/\/viva-ferien.ch\/it\/unterkuenfte\/st-moritzerhof-62-2\/\">\n\t\t\t\t\t\t\t<img decoding=\"async\" src=\"https:\/\/viva-ferien.ch\/wp-content\/uploads\/2022\/11\/mf6831335-1024x576.jpg\" alt=\"Stredas 14-1\" \/>\n\t\t\t\t\t\t<\/a>\n\t\t\t\t\t<\/li>\n\t\t\t\t\t\t\t\t\t<li>\n\t\t\t\t\t\t<a href=\"https:\/\/viva-ferien.ch\/it\/unterkuenfte\/st-moritzerhof-62-2\/\">\n\t\t\t\t\t\t\t<img decoding=\"async\" src=\"https:\/\/viva-ferien.ch\/wp-content\/uploads\/2022\/11\/mf6831331-1024x576.jpg\" alt=\"Stredas 14-2\" \/>\n\t\t\t\t\t\t<\/a>\n\t\t\t\t\t<\/li>\n\t\t\t\t\t\t\t\t\t<li>\n\t\t\t\t\t\t<a href=\"https:\/\/viva-ferien.ch\/it\/unterkuenfte\/st-moritzerhof-62-2\/\">\n\t\t\t\t\t\t\t<img decoding=\"async\" src=\"https:\/\/viva-ferien.ch\/wp-content\/uploads\/2022\/11\/mf6831652-1024x576.jpg\" alt=\"Stredas 14-3\" \/>\n\t\t\t\t\t\t<\/a>\n\t\t\t\t\t<\/li>\n\t\t\t\t\t\t\t\t\t<li>\n\t\t\t\t\t\t<a href=\"https:\/\/viva-ferien.ch\/it\/unterkuenfte\/st-moritzerhof-62-2\/\">\n\t\t\t\t\t\t\t<img decoding=\"async\" src=\"https:\/\/viva-ferien.ch\/wp-content\/uploads\/2022\/11\/mf6831327-1024x576.jpg\" alt=\"Stredas 14-4\" \/>\n\t\t\t\t\t\t<\/a>\n\t\t\t\t\t<\/li>\n\t\t\t\t\t\t\t<\/ul>\n\t\t<\/div>\n\t\t<div class=\"info-wrapper\">\n\t\t\t<div>\n\t\t\t\t<a href=\"https:\/\/viva-ferien.ch\/it\/unterkuenfte\/st-moritzerhof-62-2\/\">\n\t\t\t\t\t<div class=\"description-wrapper\">\n\t\t\t\t\t\t<p class=\"image-description uppercase\"><strong>St. Moritz<\/strong><\/p>\t\t\t\n\t\t\t\t\t\t<div class=\"wrap-classification\">\t\n\t\t\t\t\t\t\t\t\t\t\t\t\t\t<h3>Stredas 14<\/h3>\n\t\t\t\t\t\t\t<div class=\"classification\"><img decoding=\"async\" src=\"\/wp-content\/themes\/vivaferien\/assets\/images\/VIVA_Icon_Klassifizierung_Voll.png\" alt=\"Star\"><img decoding=\"async\" src=\"\/wp-content\/themes\/vivaferien\/assets\/images\/VIVA_Icon_Klassifizierung_Voll.png\" alt=\"Star\"><img decoding=\"async\" src=\"\/wp-content\/themes\/vivaferien\/assets\/images\/VIVA_Icon_Klassifizierung_Voll.png\" alt=\"Star\"><\/div>\t\t\t\t\t\t<\/div>\n\t\t\t\t\t<\/div>\n\t\t\t\t\t<hr>\n\t\t\t\t\t<\/hr>\n\t\t\t\t\t<div class=\"properties-wrapper\">\n\t\t\t\t\t\t<div>\n\t\t\t\t\t\t\t<!-- <p class=\"big-p\"><div class=\"image-description\">Ab<\/div><\/p>p_6885 -->\n\t\t\t\t\t\t\t<p class=\"big-p\"><div class=\"image-description\">Da<\/div><span class=\"currency\">CHF<\/span> <span class=\"price\" data-price=\"18300\">183,00<\/span><\/p>\n\t\t\t\t\t\t<\/div>\n\t\t\t\t\t\t<div class=\"add-border show-on-hover\"><\/div>\n\t\t\t\t\t\t<div class=\"show-on-hover\">\n\t\t\t\t\t\t\t<p class=\"big-p\"><div class=\"image-description\">Ospiti<\/div>4<\/p>\n\t\t\t\t\t\t<\/div>\n\t\t\t\t\t\t<div class=\"add-border show-on-hover\"><\/div>\n\t\t\t\t\t\t<div class=\"show-on-hover\">\n\t\t\t\t\t\t\t<p class=\"big-p\"><div class=\"image-description\">Camere da letto<\/div>2<\/p>\n\t\t\t\t\t\t<\/div>\n\t\t\t\t\t<\/div>\n\t\t\t\t<\/a>\n\t\t\t<\/div>\n\t\t<\/div>\n\t<\/div><\/div><div class=\"swiper-slide\"><div class=\"swiperlisting\">\t\t\t\t<div id=\"slider\" class=\"flexslider\">\n\t\t\t<ul class=\"slides\">\n\t\t\t\t\t\t\t\t\t<li>\n\t\t\t\t\t\t<a href=\"https:\/\/viva-ferien.ch\/it\/unterkuenfte\/residenz-am-see-a306-2\/\">\n\t\t\t\t\t\t\t<img decoding=\"async\" src=\"https:\/\/viva-ferien.ch\/wp-content\/uploads\/2024\/09\/mf18201079-1024x576.jpg\" alt=\"Residenz am See A306-0\" \/>\n\t\t\t\t\t\t<\/a>\n\t\t\t\t\t<\/li>\n\t\t\t\t\t\t\t\t\t<li>\n\t\t\t\t\t\t<a href=\"https:\/\/viva-ferien.ch\/it\/unterkuenfte\/residenz-am-see-a306-2\/\">\n\t\t\t\t\t\t\t<img decoding=\"async\" src=\"https:\/\/viva-ferien.ch\/wp-content\/uploads\/2024\/09\/mf18200826-1024x576.jpg\" alt=\"Residenz am See A306-1\" \/>\n\t\t\t\t\t\t<\/a>\n\t\t\t\t\t<\/li>\n\t\t\t\t\t\t\t\t\t<li>\n\t\t\t\t\t\t<a href=\"https:\/\/viva-ferien.ch\/it\/unterkuenfte\/residenz-am-see-a306-2\/\">\n\t\t\t\t\t\t\t<img decoding=\"async\" src=\"https:\/\/viva-ferien.ch\/wp-content\/uploads\/2024\/09\/mf18200827-1024x576.jpg\" alt=\"Residenz am See A306-2\" \/>\n\t\t\t\t\t\t<\/a>\n\t\t\t\t\t<\/li>\n\t\t\t\t\t\t\t\t\t<li>\n\t\t\t\t\t\t<a href=\"https:\/\/viva-ferien.ch\/it\/unterkuenfte\/residenz-am-see-a306-2\/\">\n\t\t\t\t\t\t\t<img decoding=\"async\" src=\"https:\/\/viva-ferien.ch\/wp-content\/uploads\/2024\/09\/mf18200828-1024x576.jpg\" alt=\"Residenz am See A306-3\" \/>\n\t\t\t\t\t\t<\/a>\n\t\t\t\t\t<\/li>\n\t\t\t\t\t\t\t\t\t<li>\n\t\t\t\t\t\t<a href=\"https:\/\/viva-ferien.ch\/it\/unterkuenfte\/residenz-am-see-a306-2\/\">\n\t\t\t\t\t\t\t<img decoding=\"async\" src=\"https:\/\/viva-ferien.ch\/wp-content\/uploads\/2024\/09\/mf18332997-1024x576.jpg\" alt=\"Residenz am See A306-4\" \/>\n\t\t\t\t\t\t<\/a>\n\t\t\t\t\t<\/li>\n\t\t\t\t\t\t\t<\/ul>\n\t\t<\/div>\n\t\t<div class=\"info-wrapper\">\n\t\t\t<div>\n\t\t\t\t<a href=\"https:\/\/viva-ferien.ch\/it\/unterkuenfte\/residenz-am-see-a306-2\/\">\n\t\t\t\t\t<div class=\"description-wrapper\">\n\t\t\t\t\t\t<p class=\"image-description uppercase\"><strong>St. Moritz<\/strong><\/p>\t\t\t\n\t\t\t\t\t\t<div class=\"wrap-classification\">\t\n\t\t\t\t\t\t\t\t\t\t\t\t\t\t<h3>Residenz am See A306<\/h3>\n\t\t\t\t\t\t\t<div class=\"classification\"><img decoding=\"async\" src=\"\/wp-content\/themes\/vivaferien\/assets\/images\/VIVA_Icon_Klassifizierung_Voll.png\" alt=\"Star\"><img decoding=\"async\" src=\"\/wp-content\/themes\/vivaferien\/assets\/images\/VIVA_Icon_Klassifizierung_Voll.png\" alt=\"Star\"><img decoding=\"async\" src=\"\/wp-content\/themes\/vivaferien\/assets\/images\/VIVA_Icon_Klassifizierung_Voll.png\" alt=\"Star\"><\/div>\t\t\t\t\t\t<\/div>\n\t\t\t\t\t<\/div>\n\t\t\t\t\t<hr>\n\t\t\t\t\t<\/hr>\n\t\t\t\t\t<div class=\"properties-wrapper\">\n\t\t\t\t\t\t<div>\n\t\t\t\t\t\t\t<!-- <p class=\"big-p\"><div class=\"image-description\">Ab<\/div><\/p>p_6885 -->\n\t\t\t\t\t\t\t<p class=\"big-p\"><div class=\"image-description\">Da<\/div><span class=\"currency\">CHF<\/span> <span class=\"price\" data-price=\"9200\">92,00<\/span><\/p>\n\t\t\t\t\t\t<\/div>\n\t\t\t\t\t\t<div class=\"add-border show-on-hover\"><\/div>\n\t\t\t\t\t\t<div class=\"show-on-hover\">\n\t\t\t\t\t\t\t<p class=\"big-p\"><div class=\"image-description\">Ospiti<\/div>2<\/p>\n\t\t\t\t\t\t<\/div>\n\t\t\t\t\t\t<div class=\"add-border show-on-hover\"><\/div>\n\t\t\t\t\t\t<div class=\"show-on-hover\">\n\t\t\t\t\t\t\t<p class=\"big-p\"><div class=\"image-description\">Camere da letto<\/div>1<\/p>\n\t\t\t\t\t\t<\/div>\n\t\t\t\t\t<\/div>\n\t\t\t\t<\/a>\n\t\t\t<\/div>\n\t\t<\/div>\n\t<\/div><\/div><div class=\"swiper-slide\"><div class=\"swiperlisting\">\t\t\t\t<div id=\"slider\" class=\"flexslider\">\n\t\t\t<ul class=\"slides\">\n\t\t\t\t\t\t\t\t\t<li>\n\t\t\t\t\t\t<a href=\"https:\/\/viva-ferien.ch\/it\/unterkuenfte\/residenz-am-see-zimmer-309-2\/\">\n\t\t\t\t\t\t\t<img decoding=\"async\" src=\"https:\/\/viva-ferien.ch\/wp-content\/uploads\/2024\/09\/mf18316357-1024x576.jpg\" alt=\"Residenz am See Zimmer 309-0\" \/>\n\t\t\t\t\t\t<\/a>\n\t\t\t\t\t<\/li>\n\t\t\t\t\t\t\t\t\t<li>\n\t\t\t\t\t\t<a href=\"https:\/\/viva-ferien.ch\/it\/unterkuenfte\/residenz-am-see-zimmer-309-2\/\">\n\t\t\t\t\t\t\t<img decoding=\"async\" src=\"https:\/\/viva-ferien.ch\/wp-content\/uploads\/2024\/09\/mf18316352-1024x576.jpg\" alt=\"Residenz am See Zimmer 309-1\" \/>\n\t\t\t\t\t\t<\/a>\n\t\t\t\t\t<\/li>\n\t\t\t\t\t\t\t\t\t<li>\n\t\t\t\t\t\t<a href=\"https:\/\/viva-ferien.ch\/it\/unterkuenfte\/residenz-am-see-zimmer-309-2\/\">\n\t\t\t\t\t\t\t<img decoding=\"async\" src=\"https:\/\/viva-ferien.ch\/wp-content\/uploads\/2024\/09\/mf18316354-1024x576.jpg\" alt=\"Residenz am See Zimmer 309-2\" \/>\n\t\t\t\t\t\t<\/a>\n\t\t\t\t\t<\/li>\n\t\t\t\t\t\t\t\t\t<li>\n\t\t\t\t\t\t<a href=\"https:\/\/viva-ferien.ch\/it\/unterkuenfte\/residenz-am-see-zimmer-309-2\/\">\n\t\t\t\t\t\t\t<img decoding=\"async\" src=\"https:\/\/viva-ferien.ch\/wp-content\/uploads\/2024\/09\/mf18316356-1024x576.jpg\" alt=\"Residenz am See Zimmer 309-3\" \/>\n\t\t\t\t\t\t<\/a>\n\t\t\t\t\t<\/li>\n\t\t\t\t\t\t\t\t\t<li>\n\t\t\t\t\t\t<a href=\"https:\/\/viva-ferien.ch\/it\/unterkuenfte\/residenz-am-see-zimmer-309-2\/\">\n\t\t\t\t\t\t\t<img decoding=\"async\" src=\"https:\/\/viva-ferien.ch\/wp-content\/uploads\/2024\/09\/mf18332222-1024x576.jpg\" alt=\"Residenz am See Zimmer 309-4\" \/>\n\t\t\t\t\t\t<\/a>\n\t\t\t\t\t<\/li>\n\t\t\t\t\t\t\t<\/ul>\n\t\t<\/div>\n\t\t<div class=\"info-wrapper\">\n\t\t\t<div>\n\t\t\t\t<a href=\"https:\/\/viva-ferien.ch\/it\/unterkuenfte\/residenz-am-see-zimmer-309-2\/\">\n\t\t\t\t\t<div class=\"description-wrapper\">\n\t\t\t\t\t\t<p class=\"image-description uppercase\"><strong>St. Moritz<\/strong><\/p>\t\t\t\n\t\t\t\t\t\t<div class=\"wrap-classification\">\t\n\t\t\t\t\t\t\t\t\t\t\t\t\t\t<h3>Residenz am See Zimmer 309<\/h3>\n\t\t\t\t\t\t\t<div class=\"classification\"><img decoding=\"async\" src=\"\/wp-content\/themes\/vivaferien\/assets\/images\/VIVA_Icon_Klassifizierung_Voll.png\" alt=\"Star\"><img decoding=\"async\" src=\"\/wp-content\/themes\/vivaferien\/assets\/images\/VIVA_Icon_Klassifizierung_Voll.png\" alt=\"Star\"><img decoding=\"async\" src=\"\/wp-content\/themes\/vivaferien\/assets\/images\/VIVA_Icon_Klassifizierung_Voll.png\" alt=\"Star\"><\/div>\t\t\t\t\t\t<\/div>\n\t\t\t\t\t<\/div>\n\t\t\t\t\t<hr>\n\t\t\t\t\t<\/hr>\n\t\t\t\t\t<div class=\"properties-wrapper\">\n\t\t\t\t\t\t<div>\n\t\t\t\t\t\t\t<!-- <p class=\"big-p\"><div class=\"image-description\">Ab<\/div><\/p>p_6885 -->\n\t\t\t\t\t\t\t<p class=\"big-p\"><div class=\"image-description\">Da<\/div><span class=\"currency\">CHF<\/span> <span class=\"price\" data-price=\"7000\">70,00<\/span><\/p>\n\t\t\t\t\t\t<\/div>\n\t\t\t\t\t\t<div class=\"add-border show-on-hover\"><\/div>\n\t\t\t\t\t\t<div class=\"show-on-hover\">\n\t\t\t\t\t\t\t<p class=\"big-p\"><div class=\"image-description\">Ospiti<\/div>2<\/p>\n\t\t\t\t\t\t<\/div>\n\t\t\t\t\t\t<div class=\"add-border show-on-hover\"><\/div>\n\t\t\t\t\t\t<div class=\"show-on-hover\">\n\t\t\t\t\t\t\t<p class=\"big-p\"><div class=\"image-description\">Camere da letto<\/div>0<\/p>\n\t\t\t\t\t\t<\/div>\n\t\t\t\t\t<\/div>\n\t\t\t\t<\/a>\n\t\t\t<\/div>\n\t\t<\/div>\n\t<\/div><\/div><div class=\"swiper-slide\"><div class=\"swiperlisting\">\t\t\t\t<div id=\"slider\" class=\"flexslider\">\n\t\t\t<ul class=\"slides\">\n\t\t\t\t\t\t\t\t\t<li>\n\t\t\t\t\t\t<a href=\"https:\/\/viva-ferien.ch\/it\/unterkuenfte\/au-reduit-412-2\/\">\n\t\t\t\t\t\t\t<img decoding=\"async\" src=\"https:\/\/viva-ferien.ch\/wp-content\/uploads\/2022\/11\/mf1475971-1024x642.jpg\" alt=\"Au Reduit 412-0\" \/>\n\t\t\t\t\t\t<\/a>\n\t\t\t\t\t<\/li>\n\t\t\t\t\t\t\t\t\t<li>\n\t\t\t\t\t\t<a href=\"https:\/\/viva-ferien.ch\/it\/unterkuenfte\/au-reduit-412-2\/\">\n\t\t\t\t\t\t\t<img decoding=\"async\" src=\"https:\/\/viva-ferien.ch\/wp-content\/uploads\/2022\/11\/mf1470682-1024x640.jpg\" alt=\"Au Reduit 412-1\" \/>\n\t\t\t\t\t\t<\/a>\n\t\t\t\t\t<\/li>\n\t\t\t\t\t\t\t\t\t<li>\n\t\t\t\t\t\t<a href=\"https:\/\/viva-ferien.ch\/it\/unterkuenfte\/au-reduit-412-2\/\">\n\t\t\t\t\t\t\t<img decoding=\"async\" src=\"https:\/\/viva-ferien.ch\/wp-content\/uploads\/2022\/11\/mf1475965-1024x641.jpg\" alt=\"Au Reduit 412-2\" \/>\n\t\t\t\t\t\t<\/a>\n\t\t\t\t\t<\/li>\n\t\t\t\t\t\t\t\t\t<li>\n\t\t\t\t\t\t<a href=\"https:\/\/viva-ferien.ch\/it\/unterkuenfte\/au-reduit-412-2\/\">\n\t\t\t\t\t\t\t<img decoding=\"async\" src=\"https:\/\/viva-ferien.ch\/wp-content\/uploads\/2022\/11\/mf1476059-1024x640.jpg\" alt=\"Au Reduit 412-3\" \/>\n\t\t\t\t\t\t<\/a>\n\t\t\t\t\t<\/li>\n\t\t\t\t\t\t\t\t\t<li>\n\t\t\t\t\t\t<a href=\"https:\/\/viva-ferien.ch\/it\/unterkuenfte\/au-reduit-412-2\/\">\n\t\t\t\t\t\t\t<img decoding=\"async\" src=\"https:\/\/viva-ferien.ch\/wp-content\/uploads\/2022\/11\/mf1475959-1024x639.jpg\" alt=\"Au Reduit 412-4\" \/>\n\t\t\t\t\t\t<\/a>\n\t\t\t\t\t<\/li>\n\t\t\t\t\t\t\t<\/ul>\n\t\t<\/div>\n\t\t<div class=\"info-wrapper\">\n\t\t\t<div>\n\t\t\t\t<a href=\"https:\/\/viva-ferien.ch\/it\/unterkuenfte\/au-reduit-412-2\/\">\n\t\t\t\t\t<div class=\"description-wrapper\">\n\t\t\t\t\t\t<p class=\"image-description uppercase\"><strong>St. Moritz<\/strong><\/p>\t\t\t\n\t\t\t\t\t\t<div class=\"wrap-classification\">\t\n\t\t\t\t\t\t\t\t\t\t\t\t\t\t<h3>Au Reduit 412<\/h3>\n\t\t\t\t\t\t\t<div class=\"classification\"><img decoding=\"async\" src=\"\/wp-content\/themes\/vivaferien\/assets\/images\/VIVA_Icon_Klassifizierung_Voll.png\" alt=\"Star\"><img decoding=\"async\" src=\"\/wp-content\/themes\/vivaferien\/assets\/images\/VIVA_Icon_Klassifizierung_Voll.png\" alt=\"Star\"><img decoding=\"async\" src=\"\/wp-content\/themes\/vivaferien\/assets\/images\/VIVA_Icon_Klassifizierung_Voll.png\" alt=\"Star\"><img decoding=\"async\" src=\"\/wp-content\/themes\/vivaferien\/assets\/images\/VIVA_Icon_Klassifizierung_Voll.png\" alt=\"Star\"><\/div>\t\t\t\t\t\t<\/div>\n\t\t\t\t\t<\/div>\n\t\t\t\t\t<hr>\n\t\t\t\t\t<\/hr>\n\t\t\t\t\t<div class=\"properties-wrapper\">\n\t\t\t\t\t\t<div>\n\t\t\t\t\t\t\t<!-- <p class=\"big-p\"><div class=\"image-description\">Ab<\/div><\/p>p_6885 -->\n\t\t\t\t\t\t\t<p class=\"big-p\"><div class=\"image-description\">Da<\/div><span class=\"currency\">CHF<\/span> <span class=\"price\" data-price=\"20500\">205,00<\/span><\/p>\n\t\t\t\t\t\t<\/div>\n\t\t\t\t\t\t<div class=\"add-border show-on-hover\"><\/div>\n\t\t\t\t\t\t<div class=\"show-on-hover\">\n\t\t\t\t\t\t\t<p class=\"big-p\"><div class=\"image-description\">Ospiti<\/div>5<\/p>\n\t\t\t\t\t\t<\/div>\n\t\t\t\t\t\t<div class=\"add-border show-on-hover\"><\/div>\n\t\t\t\t\t\t<div class=\"show-on-hover\">\n\t\t\t\t\t\t\t<p class=\"big-p\"><div class=\"image-description\">Camere da letto<\/div>3<\/p>\n\t\t\t\t\t\t<\/div>\n\t\t\t\t\t<\/div>\n\t\t\t\t<\/a>\n\t\t\t<\/div>\n\t\t<\/div>\n\t<\/div><\/div><div class=\"swiper-slide\"><div class=\"swiperlisting\">\t\t\t\t<div id=\"slider\" class=\"flexslider\">\n\t\t\t<ul class=\"slides\">\n\t\t\t\t\t\t\t\t\t<li>\n\t\t\t\t\t\t<a href=\"https:\/\/viva-ferien.ch\/it\/unterkuenfte\/au-reduit-201-2\/\">\n\t\t\t\t\t\t\t<img decoding=\"async\" src=\"https:\/\/viva-ferien.ch\/wp-content\/uploads\/2022\/12\/mf10376586-1024x576.jpg\" alt=\"Au Reduit 201-0\" \/>\n\t\t\t\t\t\t<\/a>\n\t\t\t\t\t<\/li>\n\t\t\t\t\t\t\t\t\t<li>\n\t\t\t\t\t\t<a href=\"https:\/\/viva-ferien.ch\/it\/unterkuenfte\/au-reduit-201-2\/\">\n\t\t\t\t\t\t\t<img decoding=\"async\" src=\"https:\/\/viva-ferien.ch\/wp-content\/uploads\/2022\/12\/mf10376591-1024x576.jpg\" alt=\"Au Reduit 201-1\" \/>\n\t\t\t\t\t\t<\/a>\n\t\t\t\t\t<\/li>\n\t\t\t\t\t\t\t\t\t<li>\n\t\t\t\t\t\t<a href=\"https:\/\/viva-ferien.ch\/it\/unterkuenfte\/au-reduit-201-2\/\">\n\t\t\t\t\t\t\t<img decoding=\"async\" src=\"https:\/\/viva-ferien.ch\/wp-content\/uploads\/2022\/11\/mf1727607-1024x640.jpg\" alt=\"Au Reduit 201-2\" \/>\n\t\t\t\t\t\t<\/a>\n\t\t\t\t\t<\/li>\n\t\t\t\t\t\t\t\t\t<li>\n\t\t\t\t\t\t<a href=\"https:\/\/viva-ferien.ch\/it\/unterkuenfte\/au-reduit-201-2\/\">\n\t\t\t\t\t\t\t<img decoding=\"async\" src=\"https:\/\/viva-ferien.ch\/wp-content\/uploads\/2022\/11\/mf1727604-1024x640.jpg\" alt=\"Au Reduit 201-3\" \/>\n\t\t\t\t\t\t<\/a>\n\t\t\t\t\t<\/li>\n\t\t\t\t\t\t\t\t\t<li>\n\t\t\t\t\t\t<a href=\"https:\/\/viva-ferien.ch\/it\/unterkuenfte\/au-reduit-201-2\/\">\n\t\t\t\t\t\t\t<img decoding=\"async\" src=\"https:\/\/viva-ferien.ch\/wp-content\/uploads\/2022\/11\/mf1727605-1024x640.jpg\" alt=\"Au Reduit 201-4\" \/>\n\t\t\t\t\t\t<\/a>\n\t\t\t\t\t<\/li>\n\t\t\t\t\t\t\t<\/ul>\n\t\t<\/div>\n\t\t<div class=\"info-wrapper\">\n\t\t\t<div>\n\t\t\t\t<a href=\"https:\/\/viva-ferien.ch\/it\/unterkuenfte\/au-reduit-201-2\/\">\n\t\t\t\t\t<div class=\"description-wrapper\">\n\t\t\t\t\t\t<p class=\"image-description uppercase\"><strong>St. Moritz<\/strong><\/p>\t\t\t\n\t\t\t\t\t\t<div class=\"wrap-classification\">\t\n\t\t\t\t\t\t\t\t\t\t\t\t\t\t<h3>Au Reduit 201<\/h3>\n\t\t\t\t\t\t\t<div class=\"classification\"><img decoding=\"async\" src=\"\/wp-content\/themes\/vivaferien\/assets\/images\/VIVA_Icon_Klassifizierung_Voll.png\" alt=\"Star\"><img decoding=\"async\" src=\"\/wp-content\/themes\/vivaferien\/assets\/images\/VIVA_Icon_Klassifizierung_Voll.png\" alt=\"Star\"><img decoding=\"async\" src=\"\/wp-content\/themes\/vivaferien\/assets\/images\/VIVA_Icon_Klassifizierung_Voll.png\" alt=\"Star\"><\/div>\t\t\t\t\t\t<\/div>\n\t\t\t\t\t<\/div>\n\t\t\t\t\t<hr>\n\t\t\t\t\t<\/hr>\n\t\t\t\t\t<div class=\"properties-wrapper\">\n\t\t\t\t\t\t<div>\n\t\t\t\t\t\t\t<!-- <p class=\"big-p\"><div class=\"image-description\">Ab<\/div><\/p>p_6885 -->\n\t\t\t\t\t\t\t<p class=\"big-p\"><div class=\"image-description\">Da<\/div><span class=\"currency\">CHF<\/span> <span class=\"price\" data-price=\"10800\">108,00<\/span><\/p>\n\t\t\t\t\t\t<\/div>\n\t\t\t\t\t\t<div class=\"add-border show-on-hover\"><\/div>\n\t\t\t\t\t\t<div class=\"show-on-hover\">\n\t\t\t\t\t\t\t<p class=\"big-p\"><div class=\"image-description\">Ospiti<\/div>2<\/p>\n\t\t\t\t\t\t<\/div>\n\t\t\t\t\t\t<div class=\"add-border show-on-hover\"><\/div>\n\t\t\t\t\t\t<div class=\"show-on-hover\">\n\t\t\t\t\t\t\t<p class=\"big-p\"><div class=\"image-description\">Camere da letto<\/div>1<\/p>\n\t\t\t\t\t\t<\/div>\n\t\t\t\t\t<\/div>\n\t\t\t\t<\/a>\n\t\t\t<\/div>\n\t\t<\/div>\n\t<\/div><\/div><div class=\"swiper-slide\"><div class=\"swiperlisting\">\t\t\t\t<div id=\"slider\" class=\"flexslider\">\n\t\t\t<ul class=\"slides\">\n\t\t\t\t\t\t\t\t\t<li>\n\t\t\t\t\t\t<a href=\"https:\/\/viva-ferien.ch\/it\/unterkuenfte\/allod-bad-111-2\/\">\n\t\t\t\t\t\t\t<img decoding=\"async\" src=\"https:\/\/viva-ferien.ch\/wp-content\/uploads\/2022\/11\/mf1634363-1024x640.jpg\" alt=\"Allod Bad 111-0\" \/>\n\t\t\t\t\t\t<\/a>\n\t\t\t\t\t<\/li>\n\t\t\t\t\t\t\t\t\t<li>\n\t\t\t\t\t\t<a href=\"https:\/\/viva-ferien.ch\/it\/unterkuenfte\/allod-bad-111-2\/\">\n\t\t\t\t\t\t\t<img decoding=\"async\" src=\"https:\/\/viva-ferien.ch\/wp-content\/uploads\/2023\/09\/mf13378180-1024x768.jpg\" alt=\"Allod Bad 111-1\" \/>\n\t\t\t\t\t\t<\/a>\n\t\t\t\t\t<\/li>\n\t\t\t\t\t\t\t\t\t<li>\n\t\t\t\t\t\t<a href=\"https:\/\/viva-ferien.ch\/it\/unterkuenfte\/allod-bad-111-2\/\">\n\t\t\t\t\t\t\t<img decoding=\"async\" src=\"https:\/\/viva-ferien.ch\/wp-content\/uploads\/2022\/11\/mf1634364-1024x640.jpg\" alt=\"Allod Bad 111-2\" \/>\n\t\t\t\t\t\t<\/a>\n\t\t\t\t\t<\/li>\n\t\t\t\t\t\t\t\t\t<li>\n\t\t\t\t\t\t<a href=\"https:\/\/viva-ferien.ch\/it\/unterkuenfte\/allod-bad-111-2\/\">\n\t\t\t\t\t\t\t<img decoding=\"async\" src=\"https:\/\/viva-ferien.ch\/wp-content\/uploads\/2022\/11\/mf1634366-1024x640.jpg\" alt=\"Allod Bad 111-3\" \/>\n\t\t\t\t\t\t<\/a>\n\t\t\t\t\t<\/li>\n\t\t\t\t\t\t\t\t\t<li>\n\t\t\t\t\t\t<a href=\"https:\/\/viva-ferien.ch\/it\/unterkuenfte\/allod-bad-111-2\/\">\n\t\t\t\t\t\t\t<img decoding=\"async\" src=\"https:\/\/viva-ferien.ch\/wp-content\/uploads\/2022\/11\/mf1634361-1024x640.jpg\" alt=\"Allod Bad 111-4\" \/>\n\t\t\t\t\t\t<\/a>\n\t\t\t\t\t<\/li>\n\t\t\t\t\t\t\t<\/ul>\n\t\t<\/div>\n\t\t<div class=\"info-wrapper\">\n\t\t\t<div>\n\t\t\t\t<a href=\"https:\/\/viva-ferien.ch\/it\/unterkuenfte\/allod-bad-111-2\/\">\n\t\t\t\t\t<div class=\"description-wrapper\">\n\t\t\t\t\t\t<p class=\"image-description uppercase\"><strong>St. Moritz<\/strong><\/p>\t\t\t\n\t\t\t\t\t\t<div class=\"wrap-classification\">\t\n\t\t\t\t\t\t\t\t\t\t\t\t\t\t<h3>Allod Bad 111<\/h3>\n\t\t\t\t\t\t\t<div class=\"classification\"><img decoding=\"async\" src=\"\/wp-content\/themes\/vivaferien\/assets\/images\/VIVA_Icon_Klassifizierung_Voll.png\" alt=\"Star\"><img decoding=\"async\" src=\"\/wp-content\/themes\/vivaferien\/assets\/images\/VIVA_Icon_Klassifizierung_Voll.png\" alt=\"Star\"><img decoding=\"async\" src=\"\/wp-content\/themes\/vivaferien\/assets\/images\/VIVA_Icon_Klassifizierung_Halb.png\" alt=\"half-full Star\"><\/div>\t\t\t\t\t\t<\/div>\n\t\t\t\t\t<\/div>\n\t\t\t\t\t<hr>\n\t\t\t\t\t<\/hr>\n\t\t\t\t\t<div class=\"properties-wrapper\">\n\t\t\t\t\t\t<div>\n\t\t\t\t\t\t\t<!-- <p class=\"big-p\"><div class=\"image-description\">Ab<\/div><\/p>p_6885 -->\n\t\t\t\t\t\t\t<p class=\"big-p\"><div class=\"image-description\">Da<\/div><span class=\"currency\">CHF<\/span> <span class=\"price\" data-price=\"7500\">75,00<\/span><\/p>\n\t\t\t\t\t\t<\/div>\n\t\t\t\t\t\t<div class=\"add-border show-on-hover\"><\/div>\n\t\t\t\t\t\t<div class=\"show-on-hover\">\n\t\t\t\t\t\t\t<p class=\"big-p\"><div class=\"image-description\">Ospiti<\/div>2<\/p>\n\t\t\t\t\t\t<\/div>\n\t\t\t\t\t\t<div class=\"add-border show-on-hover\"><\/div>\n\t\t\t\t\t\t<div class=\"show-on-hover\">\n\t\t\t\t\t\t\t<p class=\"big-p\"><div class=\"image-description\">Camere da letto<\/div>1<\/p>\n\t\t\t\t\t\t<\/div>\n\t\t\t\t\t<\/div>\n\t\t\t\t<\/a>\n\t\t\t<\/div>\n\t\t<\/div>\n\t<\/div><\/div><div class=\"swiper-slide\"><div class=\"swiperlisting\">\t\t\t\t<div id=\"slider\" class=\"flexslider\">\n\t\t\t<ul class=\"slides\">\n\t\t\t\t\t\t\t\t\t<li>\n\t\t\t\t\t\t<a href=\"https:\/\/viva-ferien.ch\/it\/unterkuenfte\/residenz-am-see-b205-2\/\">\n\t\t\t\t\t\t\t<img decoding=\"async\" src=\"https:\/\/viva-ferien.ch\/wp-content\/uploads\/2024\/09\/mf18241432-1024x576.jpg\" alt=\"Residenz am See B205-0\" \/>\n\t\t\t\t\t\t<\/a>\n\t\t\t\t\t<\/li>\n\t\t\t\t\t\t\t\t\t<li>\n\t\t\t\t\t\t<a href=\"https:\/\/viva-ferien.ch\/it\/unterkuenfte\/residenz-am-see-b205-2\/\">\n\t\t\t\t\t\t\t<img decoding=\"async\" src=\"https:\/\/viva-ferien.ch\/wp-content\/uploads\/2024\/09\/mf18241418-1024x576.jpg\" alt=\"Residenz am See B205-1\" \/>\n\t\t\t\t\t\t<\/a>\n\t\t\t\t\t<\/li>\n\t\t\t\t\t\t\t\t\t<li>\n\t\t\t\t\t\t<a href=\"https:\/\/viva-ferien.ch\/it\/unterkuenfte\/residenz-am-see-b205-2\/\">\n\t\t\t\t\t\t\t<img decoding=\"async\" src=\"https:\/\/viva-ferien.ch\/wp-content\/uploads\/2024\/09\/mf18241441-1024x576.jpg\" alt=\"Residenz am See B205-2\" \/>\n\t\t\t\t\t\t<\/a>\n\t\t\t\t\t<\/li>\n\t\t\t\t\t\t\t\t\t<li>\n\t\t\t\t\t\t<a href=\"https:\/\/viva-ferien.ch\/it\/unterkuenfte\/residenz-am-see-b205-2\/\">\n\t\t\t\t\t\t\t<img decoding=\"async\" src=\"https:\/\/viva-ferien.ch\/wp-content\/uploads\/2024\/09\/mf18241417-1024x576.jpg\" alt=\"Residenz am See B205-3\" \/>\n\t\t\t\t\t\t<\/a>\n\t\t\t\t\t<\/li>\n\t\t\t\t\t\t\t\t\t<li>\n\t\t\t\t\t\t<a href=\"https:\/\/viva-ferien.ch\/it\/unterkuenfte\/residenz-am-see-b205-2\/\">\n\t\t\t\t\t\t\t<img decoding=\"async\" src=\"https:\/\/viva-ferien.ch\/wp-content\/uploads\/2024\/09\/mf18241431-1024x576.jpg\" alt=\"Residenz am See B205-4\" \/>\n\t\t\t\t\t\t<\/a>\n\t\t\t\t\t<\/li>\n\t\t\t\t\t\t\t<\/ul>\n\t\t<\/div>\n\t\t<div class=\"info-wrapper\">\n\t\t\t<div>\n\t\t\t\t<a href=\"https:\/\/viva-ferien.ch\/it\/unterkuenfte\/residenz-am-see-b205-2\/\">\n\t\t\t\t\t<div class=\"description-wrapper\">\n\t\t\t\t\t\t<p class=\"image-description uppercase\"><strong>St. Moritz<\/strong><\/p>\t\t\t\n\t\t\t\t\t\t<div class=\"wrap-classification\">\t\n\t\t\t\t\t\t\t\t\t\t\t\t\t\t<h3>Residenz am See B205<\/h3>\n\t\t\t\t\t\t\t<div class=\"classification\"><img decoding=\"async\" src=\"\/wp-content\/themes\/vivaferien\/assets\/images\/VIVA_Icon_Klassifizierung_Voll.png\" alt=\"Star\"><img decoding=\"async\" src=\"\/wp-content\/themes\/vivaferien\/assets\/images\/VIVA_Icon_Klassifizierung_Voll.png\" alt=\"Star\"><img decoding=\"async\" src=\"\/wp-content\/themes\/vivaferien\/assets\/images\/VIVA_Icon_Klassifizierung_Voll.png\" alt=\"Star\"><img decoding=\"async\" src=\"\/wp-content\/themes\/vivaferien\/assets\/images\/VIVA_Icon_Klassifizierung_Halb.png\" alt=\"half-full Star\"><\/div>\t\t\t\t\t\t<\/div>\n\t\t\t\t\t<\/div>\n\t\t\t\t\t<hr>\n\t\t\t\t\t<\/hr>\n\t\t\t\t\t<div class=\"properties-wrapper\">\n\t\t\t\t\t\t<div>\n\t\t\t\t\t\t\t<!-- <p class=\"big-p\"><div class=\"image-description\">Ab<\/div><\/p>p_6885 -->\n\t\t\t\t\t\t\t<p class=\"big-p\"><div class=\"image-description\">Da<\/div><span class=\"currency\">CHF<\/span> <span class=\"price\" data-price=\"10600\">106,00<\/span><\/p>\n\t\t\t\t\t\t<\/div>\n\t\t\t\t\t\t<div class=\"add-border show-on-hover\"><\/div>\n\t\t\t\t\t\t<div class=\"show-on-hover\">\n\t\t\t\t\t\t\t<p class=\"big-p\"><div class=\"image-description\">Ospiti<\/div>4<\/p>\n\t\t\t\t\t\t<\/div>\n\t\t\t\t\t\t<div class=\"add-border show-on-hover\"><\/div>\n\t\t\t\t\t\t<div class=\"show-on-hover\">\n\t\t\t\t\t\t\t<p class=\"big-p\"><div class=\"image-description\">Camere da letto<\/div>1<\/p>\n\t\t\t\t\t\t<\/div>\n\t\t\t\t\t<\/div>\n\t\t\t\t<\/a>\n\t\t\t<\/div>\n\t\t<\/div>\n\t<\/div><\/div><div class=\"swiper-slide\"><div class=\"swiperlisting\">\t\t\t\t<div id=\"slider\" class=\"flexslider\">\n\t\t\t<ul class=\"slides\">\n\t\t\t\t\t\t\t\t\t<li>\n\t\t\t\t\t\t<a href=\"https:\/\/viva-ferien.ch\/it\/unterkuenfte\/serlas-12-2\/\">\n\t\t\t\t\t\t\t<img decoding=\"async\" src=\"https:\/\/viva-ferien.ch\/wp-content\/uploads\/2023\/07\/mf12552587-1024x576.jpg\" alt=\"Serlas 12-0\" \/>\n\t\t\t\t\t\t<\/a>\n\t\t\t\t\t<\/li>\n\t\t\t\t\t\t\t\t\t<li>\n\t\t\t\t\t\t<a href=\"https:\/\/viva-ferien.ch\/it\/unterkuenfte\/serlas-12-2\/\">\n\t\t\t\t\t\t\t<img decoding=\"async\" src=\"https:\/\/viva-ferien.ch\/wp-content\/uploads\/2023\/07\/mf12552586-1024x576.jpg\" alt=\"Serlas 12-1\" \/>\n\t\t\t\t\t\t<\/a>\n\t\t\t\t\t<\/li>\n\t\t\t\t\t\t\t\t\t<li>\n\t\t\t\t\t\t<a href=\"https:\/\/viva-ferien.ch\/it\/unterkuenfte\/serlas-12-2\/\">\n\t\t\t\t\t\t\t<img decoding=\"async\" src=\"https:\/\/viva-ferien.ch\/wp-content\/uploads\/2023\/07\/mf12552599-1024x576.jpg\" alt=\"Serlas 12-2\" \/>\n\t\t\t\t\t\t<\/a>\n\t\t\t\t\t<\/li>\n\t\t\t\t\t\t\t\t\t<li>\n\t\t\t\t\t\t<a href=\"https:\/\/viva-ferien.ch\/it\/unterkuenfte\/serlas-12-2\/\">\n\t\t\t\t\t\t\t<img decoding=\"async\" src=\"https:\/\/viva-ferien.ch\/wp-content\/uploads\/2023\/07\/mf12552601-1024x576.jpg\" alt=\"Serlas 12-3\" \/>\n\t\t\t\t\t\t<\/a>\n\t\t\t\t\t<\/li>\n\t\t\t\t\t\t\t\t\t<li>\n\t\t\t\t\t\t<a href=\"https:\/\/viva-ferien.ch\/it\/unterkuenfte\/serlas-12-2\/\">\n\t\t\t\t\t\t\t<img decoding=\"async\" src=\"https:\/\/viva-ferien.ch\/wp-content\/uploads\/2023\/07\/mf12552602-1024x576.jpg\" alt=\"Serlas 12-4\" \/>\n\t\t\t\t\t\t<\/a>\n\t\t\t\t\t<\/li>\n\t\t\t\t\t\t\t<\/ul>\n\t\t<\/div>\n\t\t<div class=\"info-wrapper\">\n\t\t\t<div>\n\t\t\t\t<a href=\"https:\/\/viva-ferien.ch\/it\/unterkuenfte\/serlas-12-2\/\">\n\t\t\t\t\t<div class=\"description-wrapper\">\n\t\t\t\t\t\t<p class=\"image-description uppercase\"><strong>St. Moritz<\/strong><\/p>\t\t\t\n\t\t\t\t\t\t<div class=\"wrap-classification\">\t\n\t\t\t\t\t\t\t\t\t\t\t\t\t\t<img decoding=\"async\" src=\"\/wp-content\/themes\/vivaferien\/assets\/images\/VIVA_Select.svg\" alt=\"Viva-Select-Icon\" class=\"vivaselect-wrapper\">\n\t\t\t\t\t\t\t\t\t\t\t\t\t\t<h3>Serlas 12<\/h3>\n\t\t\t\t\t\t\t<div class=\"classification\"><img decoding=\"async\" src=\"\/wp-content\/themes\/vivaferien\/assets\/images\/VIVA_Icon_Klassifizierung_Voll.png\" alt=\"Star\"><img decoding=\"async\" src=\"\/wp-content\/themes\/vivaferien\/assets\/images\/VIVA_Icon_Klassifizierung_Voll.png\" alt=\"Star\"><img decoding=\"async\" src=\"\/wp-content\/themes\/vivaferien\/assets\/images\/VIVA_Icon_Klassifizierung_Voll.png\" alt=\"Star\"><img decoding=\"async\" src=\"\/wp-content\/themes\/vivaferien\/assets\/images\/VIVA_Icon_Klassifizierung_Voll.png\" alt=\"Star\"><img decoding=\"async\" src=\"\/wp-content\/themes\/vivaferien\/assets\/images\/VIVA_Icon_Klassifizierung_Voll.png\" alt=\"Star\"><\/div>\t\t\t\t\t\t<\/div>\n\t\t\t\t\t<\/div>\n\t\t\t\t\t<hr>\n\t\t\t\t\t<\/hr>\n\t\t\t\t\t<div class=\"properties-wrapper\">\n\t\t\t\t\t\t<div>\n\t\t\t\t\t\t\t<!-- <p class=\"big-p\"><div class=\"image-description\">Ab<\/div><\/p>p_6885 -->\n\t\t\t\t\t\t\t<p class=\"big-p\"><div class=\"image-description\">Da<\/div><span class=\"currency\">CHF<\/span> <span class=\"price\" data-price=\"22600\">226,00<\/span><\/p>\n\t\t\t\t\t\t<\/div>\n\t\t\t\t\t\t<div class=\"add-border show-on-hover\"><\/div>\n\t\t\t\t\t\t<div class=\"show-on-hover\">\n\t\t\t\t\t\t\t<p class=\"big-p\"><div class=\"image-description\">Ospiti<\/div>6<\/p>\n\t\t\t\t\t\t<\/div>\n\t\t\t\t\t\t<div class=\"add-border show-on-hover\"><\/div>\n\t\t\t\t\t\t<div class=\"show-on-hover\">\n\t\t\t\t\t\t\t<p class=\"big-p\"><div class=\"image-description\">Camere da letto<\/div>3<\/p>\n\t\t\t\t\t\t<\/div>\n\t\t\t\t\t<\/div>\n\t\t\t\t<\/a>\n\t\t\t<\/div>\n\t\t<\/div>\n\t<\/div><\/div><div class=\"swiper-slide\"><div class=\"swiperlisting\">\t\t\t\t<div id=\"slider\" class=\"flexslider\">\n\t\t\t<ul class=\"slides\">\n\t\t\t\t\t\t\t\t\t<li>\n\t\t\t\t\t\t<a href=\"https:\/\/viva-ferien.ch\/it\/unterkuenfte\/residenz-am-see-a006-2\/\">\n\t\t\t\t\t\t\t<img decoding=\"async\" src=\"https:\/\/viva-ferien.ch\/wp-content\/uploads\/2024\/09\/mf18430280-1024x576.jpg\" alt=\"Residenz am See A006-0\" \/>\n\t\t\t\t\t\t<\/a>\n\t\t\t\t\t<\/li>\n\t\t\t\t\t\t\t\t\t<li>\n\t\t\t\t\t\t<a href=\"https:\/\/viva-ferien.ch\/it\/unterkuenfte\/residenz-am-see-a006-2\/\">\n\t\t\t\t\t\t\t<img decoding=\"async\" src=\"https:\/\/viva-ferien.ch\/wp-content\/uploads\/2024\/09\/mf18430279-1024x576.jpg\" alt=\"Residenz am See A006-1\" \/>\n\t\t\t\t\t\t<\/a>\n\t\t\t\t\t<\/li>\n\t\t\t\t\t\t\t\t\t<li>\n\t\t\t\t\t\t<a href=\"https:\/\/viva-ferien.ch\/it\/unterkuenfte\/residenz-am-see-a006-2\/\">\n\t\t\t\t\t\t\t<img decoding=\"async\" src=\"https:\/\/viva-ferien.ch\/wp-content\/uploads\/2024\/09\/mf18430273-1024x576.jpg\" alt=\"Residenz am See A006-2\" \/>\n\t\t\t\t\t\t<\/a>\n\t\t\t\t\t<\/li>\n\t\t\t\t\t\t\t\t\t<li>\n\t\t\t\t\t\t<a href=\"https:\/\/viva-ferien.ch\/it\/unterkuenfte\/residenz-am-see-a006-2\/\">\n\t\t\t\t\t\t\t<img decoding=\"async\" src=\"https:\/\/viva-ferien.ch\/wp-content\/uploads\/2024\/09\/mf18430278-1024x576.jpg\" alt=\"Residenz am See A006-3\" \/>\n\t\t\t\t\t\t<\/a>\n\t\t\t\t\t<\/li>\n\t\t\t\t\t\t\t\t\t<li>\n\t\t\t\t\t\t<a href=\"https:\/\/viva-ferien.ch\/it\/unterkuenfte\/residenz-am-see-a006-2\/\">\n\t\t\t\t\t\t\t<img decoding=\"async\" src=\"https:\/\/viva-ferien.ch\/wp-content\/uploads\/2024\/09\/mf18430281-1024x576.jpg\" alt=\"Residenz am See A006-4\" \/>\n\t\t\t\t\t\t<\/a>\n\t\t\t\t\t<\/li>\n\t\t\t\t\t\t\t<\/ul>\n\t\t<\/div>\n\t\t<div class=\"info-wrapper\">\n\t\t\t<div>\n\t\t\t\t<a href=\"https:\/\/viva-ferien.ch\/it\/unterkuenfte\/residenz-am-see-a006-2\/\">\n\t\t\t\t\t<div class=\"description-wrapper\">\n\t\t\t\t\t\t<p class=\"image-description uppercase\"><strong>St. Moritz<\/strong><\/p>\t\t\t\n\t\t\t\t\t\t<div class=\"wrap-classification\">\t\n\t\t\t\t\t\t\t\t\t\t\t\t\t\t<h3>Residenz am See A006<\/h3>\n\t\t\t\t\t\t\t<div class=\"classification\"><img decoding=\"async\" src=\"\/wp-content\/themes\/vivaferien\/assets\/images\/VIVA_Icon_Klassifizierung_Voll.png\" alt=\"Star\"><img decoding=\"async\" src=\"\/wp-content\/themes\/vivaferien\/assets\/images\/VIVA_Icon_Klassifizierung_Voll.png\" alt=\"Star\"><img decoding=\"async\" src=\"\/wp-content\/themes\/vivaferien\/assets\/images\/VIVA_Icon_Klassifizierung_Voll.png\" alt=\"Star\"><\/div>\t\t\t\t\t\t<\/div>\n\t\t\t\t\t<\/div>\n\t\t\t\t\t<hr>\n\t\t\t\t\t<\/hr>\n\t\t\t\t\t<div class=\"properties-wrapper\">\n\t\t\t\t\t\t<div>\n\t\t\t\t\t\t\t<!-- <p class=\"big-p\"><div class=\"image-description\">Ab<\/div><\/p>p_6885 -->\n\t\t\t\t\t\t\t<p class=\"big-p\"><div class=\"image-description\">Da<\/div><span class=\"currency\">CHF<\/span> <span class=\"price\" data-price=\"8300\">83,00<\/span><\/p>\n\t\t\t\t\t\t<\/div>\n\t\t\t\t\t\t<div class=\"add-border show-on-hover\"><\/div>\n\t\t\t\t\t\t<div class=\"show-on-hover\">\n\t\t\t\t\t\t\t<p class=\"big-p\"><div class=\"image-description\">Ospiti<\/div>2<\/p>\n\t\t\t\t\t\t<\/div>\n\t\t\t\t\t\t<div class=\"add-border show-on-hover\"><\/div>\n\t\t\t\t\t\t<div class=\"show-on-hover\">\n\t\t\t\t\t\t\t<p class=\"big-p\"><div class=\"image-description\">Camere da letto<\/div>1<\/p>\n\t\t\t\t\t\t<\/div>\n\t\t\t\t\t<\/div>\n\t\t\t\t<\/a>\n\t\t\t<\/div>\n\t\t<\/div>\n\t<\/div><\/div><div class=\"swiper-slide\"><div class=\"swiperlisting\">\t\t\t\t<div id=\"slider\" class=\"flexslider\">\n\t\t\t<ul class=\"slides\">\n\t\t\t\t\t\t\t\t\t<li>\n\t\t\t\t\t\t<a href=\"https:\/\/viva-ferien.ch\/it\/unterkuenfte\/allod-bad-307-2\/\">\n\t\t\t\t\t\t\t<img decoding=\"async\" src=\"https:\/\/viva-ferien.ch\/wp-content\/uploads\/2025\/11\/mf24861689-1024x576.jpg\" alt=\"Allod Bad 307-0\" \/>\n\t\t\t\t\t\t<\/a>\n\t\t\t\t\t<\/li>\n\t\t\t\t\t\t\t\t\t<li>\n\t\t\t\t\t\t<a href=\"https:\/\/viva-ferien.ch\/it\/unterkuenfte\/allod-bad-307-2\/\">\n\t\t\t\t\t\t\t<img decoding=\"async\" src=\"https:\/\/viva-ferien.ch\/wp-content\/uploads\/2025\/11\/mf24861682-1024x576.jpg\" alt=\"Allod Bad 307-1\" \/>\n\t\t\t\t\t\t<\/a>\n\t\t\t\t\t<\/li>\n\t\t\t\t\t\t\t\t\t<li>\n\t\t\t\t\t\t<a href=\"https:\/\/viva-ferien.ch\/it\/unterkuenfte\/allod-bad-307-2\/\">\n\t\t\t\t\t\t\t<img decoding=\"async\" src=\"https:\/\/viva-ferien.ch\/wp-content\/uploads\/2025\/11\/mf24861681-1024x576.jpg\" alt=\"Allod Bad 307-2\" \/>\n\t\t\t\t\t\t<\/a>\n\t\t\t\t\t<\/li>\n\t\t\t\t\t\t\t\t\t<li>\n\t\t\t\t\t\t<a href=\"https:\/\/viva-ferien.ch\/it\/unterkuenfte\/allod-bad-307-2\/\">\n\t\t\t\t\t\t\t<img decoding=\"async\" src=\"https:\/\/viva-ferien.ch\/wp-content\/uploads\/2025\/11\/mf24861680-1024x576.jpg\" alt=\"Allod Bad 307-3\" \/>\n\t\t\t\t\t\t<\/a>\n\t\t\t\t\t<\/li>\n\t\t\t\t\t\t\t\t\t<li>\n\t\t\t\t\t\t<a href=\"https:\/\/viva-ferien.ch\/it\/unterkuenfte\/allod-bad-307-2\/\">\n\t\t\t\t\t\t\t<img decoding=\"async\" src=\"https:\/\/viva-ferien.ch\/wp-content\/uploads\/2025\/11\/mf24861683-1024x576.jpg\" alt=\"Allod Bad 307-4\" \/>\n\t\t\t\t\t\t<\/a>\n\t\t\t\t\t<\/li>\n\t\t\t\t\t\t\t<\/ul>\n\t\t<\/div>\n\t\t<div class=\"info-wrapper\">\n\t\t\t<div>\n\t\t\t\t<a href=\"https:\/\/viva-ferien.ch\/it\/unterkuenfte\/allod-bad-307-2\/\">\n\t\t\t\t\t<div class=\"description-wrapper\">\n\t\t\t\t\t\t<p class=\"image-description uppercase\"><strong>St. Moritz<\/strong><\/p>\t\t\t\n\t\t\t\t\t\t<div class=\"wrap-classification\">\t\n\t\t\t\t\t\t\t\t\t\t\t\t\t\t<h3>Allod Bad 307<\/h3>\n\t\t\t\t\t\t\t<div class=\"classification\"><img decoding=\"async\" src=\"\/wp-content\/themes\/vivaferien\/assets\/images\/VIVA_Icon_Klassifizierung_Voll.png\" alt=\"Star\"><img decoding=\"async\" src=\"\/wp-content\/themes\/vivaferien\/assets\/images\/VIVA_Icon_Klassifizierung_Voll.png\" alt=\"Star\"><img decoding=\"async\" src=\"\/wp-content\/themes\/vivaferien\/assets\/images\/VIVA_Icon_Klassifizierung_Voll.png\" alt=\"Star\"><img decoding=\"async\" src=\"\/wp-content\/themes\/vivaferien\/assets\/images\/VIVA_Icon_Klassifizierung_Halb.png\" alt=\"half-full Star\"><\/div>\t\t\t\t\t\t<\/div>\n\t\t\t\t\t<\/div>\n\t\t\t\t\t<hr>\n\t\t\t\t\t<\/hr>\n\t\t\t\t\t<div class=\"properties-wrapper\">\n\t\t\t\t\t\t<div>\n\t\t\t\t\t\t\t<!-- <p class=\"big-p\"><div class=\"image-description\">Ab<\/div><\/p>p_6885 -->\n\t\t\t\t\t\t\t<p class=\"big-p\"><div class=\"image-description\">Da<\/div><span class=\"currency\">CHF<\/span> <span class=\"price\" data-price=\"11300\">113,00<\/span><\/p>\n\t\t\t\t\t\t<\/div>\n\t\t\t\t\t\t<div class=\"add-border show-on-hover\"><\/div>\n\t\t\t\t\t\t<div class=\"show-on-hover\">\n\t\t\t\t\t\t\t<p class=\"big-p\"><div class=\"image-description\">Ospiti<\/div>3<\/p>\n\t\t\t\t\t\t<\/div>\n\t\t\t\t\t\t<div class=\"add-border show-on-hover\"><\/div>\n\t\t\t\t\t\t<div class=\"show-on-hover\">\n\t\t\t\t\t\t\t<p class=\"big-p\"><div class=\"image-description\">Camere da letto<\/div>1<\/p>\n\t\t\t\t\t\t<\/div>\n\t\t\t\t\t<\/div>\n\t\t\t\t<\/a>\n\t\t\t<\/div>\n\t\t<\/div>\n\t<\/div><\/div><div class=\"swiper-slide\"><div class=\"swiperlisting\">\t\t\t\t<div id=\"slider\" class=\"flexslider\">\n\t\t\t<ul class=\"slides\">\n\t\t\t\t\t\t\t\t\t<li>\n\t\t\t\t\t\t<a href=\"https:\/\/viva-ferien.ch\/it\/unterkuenfte\/rosatsch-2\/\">\n\t\t\t\t\t\t\t<img decoding=\"async\" src=\"https:\/\/viva-ferien.ch\/wp-content\/uploads\/2022\/11\/mf650232.jpg\" alt=\"Rosatsch-0\" \/>\n\t\t\t\t\t\t<\/a>\n\t\t\t\t\t<\/li>\n\t\t\t\t\t\t\t\t\t<li>\n\t\t\t\t\t\t<a href=\"https:\/\/viva-ferien.ch\/it\/unterkuenfte\/rosatsch-2\/\">\n\t\t\t\t\t\t\t<img decoding=\"async\" src=\"https:\/\/viva-ferien.ch\/wp-content\/uploads\/2022\/11\/mf650242.jpg\" alt=\"Rosatsch-1\" \/>\n\t\t\t\t\t\t<\/a>\n\t\t\t\t\t<\/li>\n\t\t\t\t\t\t\t\t\t<li>\n\t\t\t\t\t\t<a href=\"https:\/\/viva-ferien.ch\/it\/unterkuenfte\/rosatsch-2\/\">\n\t\t\t\t\t\t\t<img decoding=\"async\" src=\"https:\/\/viva-ferien.ch\/wp-content\/uploads\/2022\/11\/mf650231.jpg\" alt=\"Rosatsch-2\" \/>\n\t\t\t\t\t\t<\/a>\n\t\t\t\t\t<\/li>\n\t\t\t\t\t\t\t\t\t<li>\n\t\t\t\t\t\t<a href=\"https:\/\/viva-ferien.ch\/it\/unterkuenfte\/rosatsch-2\/\">\n\t\t\t\t\t\t\t<img decoding=\"async\" src=\"https:\/\/viva-ferien.ch\/wp-content\/uploads\/2022\/11\/mf650233.jpg\" alt=\"Rosatsch-3\" \/>\n\t\t\t\t\t\t<\/a>\n\t\t\t\t\t<\/li>\n\t\t\t\t\t\t\t\t\t<li>\n\t\t\t\t\t\t<a href=\"https:\/\/viva-ferien.ch\/it\/unterkuenfte\/rosatsch-2\/\">\n\t\t\t\t\t\t\t<img decoding=\"async\" src=\"https:\/\/viva-ferien.ch\/wp-content\/uploads\/2022\/11\/mf650234.jpg\" alt=\"Rosatsch-4\" \/>\n\t\t\t\t\t\t<\/a>\n\t\t\t\t\t<\/li>\n\t\t\t\t\t\t\t<\/ul>\n\t\t<\/div>\n\t\t<div class=\"info-wrapper\">\n\t\t\t<div>\n\t\t\t\t<a href=\"https:\/\/viva-ferien.ch\/it\/unterkuenfte\/rosatsch-2\/\">\n\t\t\t\t\t<div class=\"description-wrapper\">\n\t\t\t\t\t\t<p class=\"image-description uppercase\"><strong>St. Moritz<\/strong><\/p>\t\t\t\n\t\t\t\t\t\t<div class=\"wrap-classification\">\t\n\t\t\t\t\t\t\t\t\t\t\t\t\t\t<img decoding=\"async\" src=\"\/wp-content\/themes\/vivaferien\/assets\/images\/VIVA_Select.svg\" alt=\"Viva-Select-Icon\" class=\"vivaselect-wrapper\">\n\t\t\t\t\t\t\t\t\t\t\t\t\t\t<h3>Rosatsch<\/h3>\n\t\t\t\t\t\t\t<div class=\"classification\"><img decoding=\"async\" src=\"\/wp-content\/themes\/vivaferien\/assets\/images\/VIVA_Icon_Klassifizierung_Voll.png\" alt=\"Star\"><img decoding=\"async\" src=\"\/wp-content\/themes\/vivaferien\/assets\/images\/VIVA_Icon_Klassifizierung_Voll.png\" alt=\"Star\"><img decoding=\"async\" src=\"\/wp-content\/themes\/vivaferien\/assets\/images\/VIVA_Icon_Klassifizierung_Voll.png\" alt=\"Star\"><img decoding=\"async\" src=\"\/wp-content\/themes\/vivaferien\/assets\/images\/VIVA_Icon_Klassifizierung_Voll.png\" alt=\"Star\"><img decoding=\"async\" src=\"\/wp-content\/themes\/vivaferien\/assets\/images\/VIVA_Icon_Klassifizierung_Voll.png\" alt=\"Star\"><\/div>\t\t\t\t\t\t<\/div>\n\t\t\t\t\t<\/div>\n\t\t\t\t\t<hr>\n\t\t\t\t\t<\/hr>\n\t\t\t\t\t<div class=\"properties-wrapper\">\n\t\t\t\t\t\t<div>\n\t\t\t\t\t\t\t<!-- <p class=\"big-p\"><div class=\"image-description\">Ab<\/div><\/p>p_6885 -->\n\t\t\t\t\t\t\t<p class=\"big-p\"><div class=\"image-description\">Da<\/div><span class=\"currency\">CHF<\/span> <span class=\"price\" data-price=\"0\">0,00<\/span><\/p>\n\t\t\t\t\t\t<\/div>\n\t\t\t\t\t\t<div class=\"add-border show-on-hover\"><\/div>\n\t\t\t\t\t\t<div class=\"show-on-hover\">\n\t\t\t\t\t\t\t<p class=\"big-p\"><div class=\"image-description\">Ospiti<\/div>7<\/p>\n\t\t\t\t\t\t<\/div>\n\t\t\t\t\t\t<div class=\"add-border show-on-hover\"><\/div>\n\t\t\t\t\t\t<div class=\"show-on-hover\">\n\t\t\t\t\t\t\t<p class=\"big-p\"><div class=\"image-description\">Camere da letto<\/div>4<\/p>\n\t\t\t\t\t\t<\/div>\n\t\t\t\t\t<\/div>\n\t\t\t\t<\/a>\n\t\t\t<\/div>\n\t\t<\/div>\n\t<\/div><\/div><div class=\"swiper-slide\"><div class=\"swiperlisting\">\t\t\t\t<div id=\"slider\" class=\"flexslider\">\n\t\t\t<ul class=\"slides\">\n\t\t\t\t\t\t\t\t\t<li>\n\t\t\t\t\t\t<a href=\"https:\/\/viva-ferien.ch\/it\/unterkuenfte\/residenz-am-see-c201-2\/\">\n\t\t\t\t\t\t\t<img decoding=\"async\" src=\"https:\/\/viva-ferien.ch\/wp-content\/uploads\/2024\/09\/mf18242737-1024x576.jpg\" alt=\"Residenz am See C201-0\" \/>\n\t\t\t\t\t\t<\/a>\n\t\t\t\t\t<\/li>\n\t\t\t\t\t\t\t\t\t<li>\n\t\t\t\t\t\t<a href=\"https:\/\/viva-ferien.ch\/it\/unterkuenfte\/residenz-am-see-c201-2\/\">\n\t\t\t\t\t\t\t<img decoding=\"async\" src=\"https:\/\/viva-ferien.ch\/wp-content\/uploads\/2024\/09\/mf18242735-1024x576.jpg\" alt=\"Residenz am See C201-1\" \/>\n\t\t\t\t\t\t<\/a>\n\t\t\t\t\t<\/li>\n\t\t\t\t\t\t\t\t\t<li>\n\t\t\t\t\t\t<a href=\"https:\/\/viva-ferien.ch\/it\/unterkuenfte\/residenz-am-see-c201-2\/\">\n\t\t\t\t\t\t\t<img decoding=\"async\" src=\"https:\/\/viva-ferien.ch\/wp-content\/uploads\/2024\/09\/mf18242736-1024x576.jpg\" alt=\"Residenz am See C201-2\" \/>\n\t\t\t\t\t\t<\/a>\n\t\t\t\t\t<\/li>\n\t\t\t\t\t\t\t\t\t<li>\n\t\t\t\t\t\t<a href=\"https:\/\/viva-ferien.ch\/it\/unterkuenfte\/residenz-am-see-c201-2\/\">\n\t\t\t\t\t\t\t<img decoding=\"async\" src=\"https:\/\/viva-ferien.ch\/wp-content\/uploads\/2024\/09\/mf18242738-1024x576.jpg\" alt=\"Residenz am See C201-3\" \/>\n\t\t\t\t\t\t<\/a>\n\t\t\t\t\t<\/li>\n\t\t\t\t\t\t\t\t\t<li>\n\t\t\t\t\t\t<a href=\"https:\/\/viva-ferien.ch\/it\/unterkuenfte\/residenz-am-see-c201-2\/\">\n\t\t\t\t\t\t\t<img decoding=\"async\" src=\"https:\/\/viva-ferien.ch\/wp-content\/uploads\/2024\/09\/mf18242733-1024x576.jpg\" alt=\"Residenz am See C201-4\" \/>\n\t\t\t\t\t\t<\/a>\n\t\t\t\t\t<\/li>\n\t\t\t\t\t\t\t<\/ul>\n\t\t<\/div>\n\t\t<div class=\"info-wrapper\">\n\t\t\t<div>\n\t\t\t\t<a href=\"https:\/\/viva-ferien.ch\/it\/unterkuenfte\/residenz-am-see-c201-2\/\">\n\t\t\t\t\t<div class=\"description-wrapper\">\n\t\t\t\t\t\t<p class=\"image-description uppercase\"><strong>St. Moritz<\/strong><\/p>\t\t\t\n\t\t\t\t\t\t<div class=\"wrap-classification\">\t\n\t\t\t\t\t\t\t\t\t\t\t\t\t\t<h3>Residenz am See C201<\/h3>\n\t\t\t\t\t\t\t<div class=\"classification\"><img decoding=\"async\" src=\"\/wp-content\/themes\/vivaferien\/assets\/images\/VIVA_Icon_Klassifizierung_Voll.png\" alt=\"Star\"><img decoding=\"async\" src=\"\/wp-content\/themes\/vivaferien\/assets\/images\/VIVA_Icon_Klassifizierung_Voll.png\" alt=\"Star\"><img decoding=\"async\" src=\"\/wp-content\/themes\/vivaferien\/assets\/images\/VIVA_Icon_Klassifizierung_Voll.png\" alt=\"Star\"><\/div>\t\t\t\t\t\t<\/div>\n\t\t\t\t\t<\/div>\n\t\t\t\t\t<hr>\n\t\t\t\t\t<\/hr>\n\t\t\t\t\t<div class=\"properties-wrapper\">\n\t\t\t\t\t\t<div>\n\t\t\t\t\t\t\t<!-- <p class=\"big-p\"><div class=\"image-description\">Ab<\/div><\/p>p_6885 -->\n\t\t\t\t\t\t\t<p class=\"big-p\"><div class=\"image-description\">Da<\/div><span class=\"currency\">CHF<\/span> <span class=\"price\" data-price=\"11700\">117,00<\/span><\/p>\n\t\t\t\t\t\t<\/div>\n\t\t\t\t\t\t<div class=\"add-border show-on-hover\"><\/div>\n\t\t\t\t\t\t<div class=\"show-on-hover\">\n\t\t\t\t\t\t\t<p class=\"big-p\"><div class=\"image-description\">Ospiti<\/div>5<\/p>\n\t\t\t\t\t\t<\/div>\n\t\t\t\t\t\t<div class=\"add-border show-on-hover\"><\/div>\n\t\t\t\t\t\t<div class=\"show-on-hover\">\n\t\t\t\t\t\t\t<p class=\"big-p\"><div class=\"image-description\">Camere da letto<\/div>3<\/p>\n\t\t\t\t\t\t<\/div>\n\t\t\t\t\t<\/div>\n\t\t\t\t<\/a>\n\t\t\t<\/div>\n\t\t<\/div>\n\t<\/div><\/div><\/div><div class=\"swiper-pagination\"><\/div><div class=\"swiper-button-prev\"><\/div><div class=\"swiper-button-next\"><\/div><div class=\"swiper-scrollbar\"><\/div><\/div><\/div>\n\t\t\t\t<\/div>\n\t\t\t\t<\/div>\n\t\t\t\t\t<\/div>\n\t\t<\/div>\n\t\t\t\t\t\t\t<\/div>\n\t\t<\/section>\n\t\t\t\t<section class=\"elementor-section elementor-top-section elementor-element elementor-element-7d587ad6 default-container elementor-section-boxed elementor-section-height-default elementor-section-height-default\" data-id=\"7d587ad6\" data-element_type=\"section\">\n\t\t\t\t\t\t<div class=\"elementor-container elementor-column-gap-default\">\n\t\t\t\t\t<div class=\"elementor-column elementor-col-100 elementor-top-column elementor-element elementor-element-780aba2\" data-id=\"780aba2\" data-element_type=\"column\">\n\t\t\t<div class=\"elementor-widget-wrap elementor-element-populated\">\n\t\t\t\t\t\t\t\t<div class=\"elementor-element elementor-element-25aeb77a elementor-widget elementor-widget-text-editor\" data-id=\"25aeb77a\" data-element_type=\"widget\" data-widget_type=\"text-editor.default\">\n\t\t\t\t<div class=\"elementor-widget-container\">\n\t\t\t\t\t\t\t<p><strong><a href=\"https:\/\/viva-ferien.ch\/de\/luxurioese-ferienwohnung-in-st-moritz-engadin\/\">L&#8217;arredamento delle nostre propriet\u00e0 per le vacanze a St. Moritz &#8211; Engadina colpisce per il suo fascino rustico e per i servizi moderni che non lasciano nulla a desiderare. Alcune particolarit\u00e0 dell&#8217;alloggio renderanno la vostra vacanza in Engadina un&#8217;esperienza che ricorderete a lungo. <\/a><\/strong> In linea di massima, tutti i nostri alloggi includono una fonduta o una raclette. In questo modo vivete un po di cultura svizzera gi\u00e0 direttamente nella vostra casa vacanze.<\/p>\n<p><a href=\"https:\/\/viva-ferien.ch\/it\/vacanze-in-famiglia-a-st-moritz-engadina\/\"><strong>Le propriet\u00e0 per le vacanze a St. Moritz &#8211; Engadina sono perfette per trascorrere una serata accogliente con gli amici o la famiglia davanti al camino e ascoltando il fuoco scoppiettante. <\/strong><\/a> A seconda della sistemazione, possono essere ospitate fino a 8 persone. La maggior parte delle propriet\u00e0 dispone anche di un balcone o di una terrazza coperta. Qui la colazione \u00e8 doppiamente buona e la vista sul paesaggio montano circostante stuzzica l&#8217;appetito per una giornata di vacanza avventurosa. Oppure siete pi\u00f9 tipi da benessere e relax? Allora una casa vacanze con una lussuosa vasca da bagno \u00e8 quello che fa per voi. Qui potrete rilassarvi nell&#8217;acqua calda del bagno la sera e lasciare fuori l&#8217;aria fredda dell&#8217;inverno.<\/p>\n\t\t\t\t\t\t<\/div>\n\t\t\t\t<\/div>\n\t\t\t\t<div class=\"elementor-element elementor-element-83b4881 elementor-widget elementor-widget-spacer\" data-id=\"83b4881\" data-element_type=\"widget\" data-widget_type=\"spacer.default\">\n\t\t\t\t<div class=\"elementor-widget-container\">\n\t\t\t<style>\/*! elementor - v3.15.0 - 20-08-2023 *\/\n.elementor-column .elementor-spacer-inner{height:var(--spacer-size)}.e-con{--container-widget-width:100%}.e-con-inner>.elementor-widget-spacer,.e-con>.elementor-widget-spacer{width:var(--container-widget-width,var(--spacer-size));--align-self:var(--container-widget-align-self,initial);--flex-shrink:0}.e-con-inner>.elementor-widget-spacer>.elementor-widget-container,.e-con-inner>.elementor-widget-spacer>.elementor-widget-container>.elementor-spacer,.e-con>.elementor-widget-spacer>.elementor-widget-container,.e-con>.elementor-widget-spacer>.elementor-widget-container>.elementor-spacer{height:100%}.e-con-inner>.elementor-widget-spacer>.elementor-widget-container>.elementor-spacer>.elementor-spacer-inner,.e-con>.elementor-widget-spacer>.elementor-widget-container>.elementor-spacer>.elementor-spacer-inner{height:var(--container-widget-height,var(--spacer-size))}<\/style>\t\t<div class=\"elementor-spacer\">\n\t\t\t<div class=\"elementor-spacer-inner\"><\/div>\n\t\t<\/div>\n\t\t\t\t<\/div>\n\t\t\t\t<\/div>\n\t\t\t\t<div class=\"elementor-element elementor-element-3066851 elementor-widget elementor-widget-heading\" data-id=\"3066851\" data-element_type=\"widget\" data-widget_type=\"heading.default\">\n\t\t\t\t<div class=\"elementor-widget-container\">\n\t\t\t<h2 class=\"elementor-heading-title elementor-size-default\">La vostra propriet\u00e0 per le vacanze a St. Moritz - Engadina<\/h2>\t\t<\/div>\n\t\t\t\t<\/div>\n\t\t\t\t<div class=\"elementor-element elementor-element-533926c3 elementor-widget elementor-widget-text-editor\" data-id=\"533926c3\" data-element_type=\"widget\" data-widget_type=\"text-editor.default\">\n\t\t\t\t<div class=\"elementor-widget-container\">\n\t\t\t\t\t\t\t<p><a href=\"https:\/\/viva-ferien.ch\/it\/localita\/st-moritz\/\">St. Moritz &#8211; Engadina \u00e8 la cornice perfetta per le vostre vacanze. <\/a> <strong>Le propriet\u00e0 per le vacanze a St. Moritz-Engadin vi offrono un arredamento moderno e accogliente, nonch\u00e9 buoni collegamenti con le strutture commerciali e i trasporti pubblici. <\/strong> Non c&#8217;\u00e8 stress da spesa in vacanza qui, il supermercato pi\u00f9 vicino \u00e8 a pochi minuti di auto. Qui troverete tutto il necessario per una serata rilassante in famiglia o con gli amici: bevande, snack o ingredienti per cucinare insieme. <a href=\"https:\/\/viva-ferien.ch\/it\/localita\/st-moritz\/\">A St. Moritz &#8211; Engadina ci sono anche molte opportunit\u00e0 di shopping. <\/a> Sono presenti tutti i principali centri commerciali come Migros, COOP, Aldi e Lidl.<\/p>\n\t\t\t\t\t\t<\/div>\n\t\t\t\t<\/div>\n\t\t\t\t<div class=\"elementor-element elementor-element-6f533b1 elementor-widget elementor-widget-image\" data-id=\"6f533b1\" data-element_type=\"widget\" data-widget_type=\"image.default\">\n\t\t\t\t<div class=\"elementor-widget-container\">\n\t\t\t<style>\/*! elementor - v3.15.0 - 20-08-2023 *\/\n.elementor-widget-image{text-align:center}.elementor-widget-image a{display:inline-block}.elementor-widget-image a img[src$=\".svg\"]{width:48px}.elementor-widget-image img{vertical-align:middle;display:inline-block}<\/style>\t\t\t\t\t\t\t\t\t\t\t\t<img loading=\"lazy\" decoding=\"async\" width=\"1024\" height=\"440\" src=\"https:\/\/viva-ferien.ch\/wp-content\/uploads\/2023\/07\/mf1597480-1024x640-1.png\" class=\"attachment-large size-large wp-image-9702\" alt=\"ferienobjekte in st moritz - engadin\" srcset=\"https:\/\/viva-ferien.ch\/wp-content\/uploads\/2023\/07\/mf1597480-1024x640-1.png 1024w, https:\/\/viva-ferien.ch\/wp-content\/uploads\/2023\/07\/mf1597480-1024x640-1-300x129.png 300w, https:\/\/viva-ferien.ch\/wp-content\/uploads\/2023\/07\/mf1597480-1024x640-1-768x330.png 768w\" sizes=\"(max-width: 1024px) 100vw, 1024px\" \/>\t\t\t\t\t\t\t\t\t\t\t\t\t\t\t<\/div>\n\t\t\t\t<\/div>\n\t\t\t\t<div class=\"elementor-element elementor-element-68357542 elementor-widget elementor-widget-spacer\" data-id=\"68357542\" data-element_type=\"widget\" data-widget_type=\"spacer.default\">\n\t\t\t\t<div class=\"elementor-widget-container\">\n\t\t\t\t\t<div class=\"elementor-spacer\">\n\t\t\t<div class=\"elementor-spacer-inner\"><\/div>\n\t\t<\/div>\n\t\t\t\t<\/div>\n\t\t\t\t<\/div>\n\t\t\t\t<div class=\"elementor-element elementor-element-5fda4a40 elementor-widget elementor-widget-text-editor\" data-id=\"5fda4a40\" data-element_type=\"widget\" data-widget_type=\"text-editor.default\">\n\t\t\t\t<div class=\"elementor-widget-container\">\n\t\t\t\t\t\t\t<p><a href=\"https:\/\/viva-ferien.ch\/it\/?page_id=9094\"><\/a><a href=\"https:\/\/viva-ferien.ch\/it\/appartamento-di-vacanze-a-samedan\/\"><\/a><a href=\"https:\/\/viva-ferien.ch\/de\/ferienwohnung-in-pontresina\/\">Grazie ai numerosi collegamenti di trasporto, \u00e8 possibile fare escursioni giornaliere nei villaggi circostanti come Silvaplana, Sils, Maloja, Pontresina o Samedan e scoprire l&#8217;Engadina da ogni punto di vista. <\/a> <strong>Anche i numerosi comprensori sciistici sono facilmente raggiungibili dalle case vacanza di St. Moritz &#8211; Engadina e offrono molto spazio per vacanze avventurose. <\/strong> Scoprite le montagne dell&#8217;Engadina con gli sci o lo snowboard. Sia che si scelga la discesa veloce, sia che si preferisca un rilassante giro di sci di fondo per godersi la natura, le possibilit\u00e0 sono infinite.<\/p>\n\t\t\t\t\t\t<\/div>\n\t\t\t\t<\/div>\n\t\t\t\t\t<\/div>\n\t\t<\/div>\n\t\t\t\t\t\t\t<\/div>\n\t\t<\/section>\n\t\t\t\t<section class=\"elementor-section elementor-top-section elementor-element elementor-element-3f628eb6 default-container elementor-section-boxed elementor-section-height-default elementor-section-height-default\" data-id=\"3f628eb6\" data-element_type=\"section\">\n\t\t\t\t\t\t<div class=\"elementor-container elementor-column-gap-default\">\n\t\t\t\t\t<div class=\"elementor-column elementor-col-100 elementor-top-column elementor-element elementor-element-62ccddd0 no-wrap raven-column-flex-horizontal\" data-id=\"62ccddd0\" data-element_type=\"column\">\n\t\t\t<div class=\"elementor-widget-wrap elementor-element-populated\">\n\t\t\t\t\t\t\t\t<div class=\"elementor-element elementor-element-2efd6754 custom-btn elementor-widget elementor-widget-text-editor\" data-id=\"2efd6754\" data-element_type=\"widget\" data-widget_type=\"text-editor.default\">\n\t\t\t\t<div class=\"elementor-widget-container\">\n\t\t\t\t\t\t\t<p><a href=\"\/?s\">Scoprite 134 appartamenti<\/a><\/p>\n\t\t\t\t\t\t<\/div>\n\t\t\t\t<\/div>\n\t\t\t\t\t<\/div>\n\t\t<\/div>\n\t\t\t\t\t\t\t<\/div>\n\t\t<\/section>\n\t\t\t\t<section class=\"elementor-section elementor-top-section elementor-element elementor-element-1b4d7b50 default-container elementor-section-boxed elementor-section-height-default elementor-section-height-default\" data-id=\"1b4d7b50\" data-element_type=\"section\">\n\t\t\t\t\t\t<div class=\"elementor-container elementor-column-gap-default\">\n\t\t\t\t\t<div class=\"elementor-column elementor-col-100 elementor-top-column elementor-element elementor-element-656b9268\" data-id=\"656b9268\" data-element_type=\"column\">\n\t\t\t<div class=\"elementor-widget-wrap elementor-element-populated\">\n\t\t\t\t\t\t\t\t<div class=\"elementor-element elementor-element-4d7a16b4 elementor-widget elementor-widget-heading\" data-id=\"4d7a16b4\" data-element_type=\"widget\" data-widget_type=\"heading.default\">\n\t\t\t\t<div class=\"elementor-widget-container\">\n\t\t\t<h2 class=\"elementor-heading-title elementor-size-default\">Vacanze emozionanti a St. Moritz - Engadina<\/h2>\t\t<\/div>\n\t\t\t\t<\/div>\n\t\t\t\t<div class=\"elementor-element elementor-element-7301d874 elementor-widget elementor-widget-text-editor\" data-id=\"7301d874\" data-element_type=\"widget\" data-widget_type=\"text-editor.default\">\n\t\t\t\t<div class=\"elementor-widget-container\">\n\t\t\t\t\t\t\t<p><strong>Oltre allo sci e allo sci di fondo, dalla vostra casa vacanze a St. Moritz &#8211; Engadina potrete intraprendere molte altre avventure e attivit\u00e0. <\/strong> Scoprire le montagne a piedi \u00e8 un punto di forza assoluto, sia per le passeggiate che per le escursioni. Le escursioni guidate sono particolarmente consigliate per acquisire conoscenze approfondite e fatti interessanti sull&#8217;Engadina. <a href=\"https:\/\/viva-ferien.ch\/it\/localita\/st-moritz\/\">Se volete salire in alto, ci sono numerose possibilit\u00e0 di fare arrampicate in alta montagna o percorsi selvaggi in mountain bike attraverso il magnifico paesaggio. St. Moritz &#8211; Engadina \u00e8 anche una Mecca dei percorsi per mountain bike. <\/a> Oltre ai piacevoli percorsi naturalistici, ci sono anche impegnativi itinerari per mountain bike che faranno battere il cuore di ogni ciclista.<\/p>\n<p>Chi preferisce l&#8217;acqua alle passeggiate pu\u00f2 immergersi nelle fresche acque dei piccoli laghi di montagna nei mesi estivi. Nei mesi invernali, questi laghi sono ghiacciati e si possono fare piacevoli passeggiate sopra. In alternativa, ci sono moderne piscine coperte con scivoli dove anche i pi\u00f9 piccoli possono fare un tuffo.<\/p>\t\t\t\t\t\t<\/div>\n\t\t\t\t<\/div>\n\t\t\t\t<div class=\"elementor-element elementor-element-833b4a8 elementor-widget elementor-widget-spacer\" data-id=\"833b4a8\" data-element_type=\"widget\" data-widget_type=\"spacer.default\">\n\t\t\t\t<div class=\"elementor-widget-container\">\n\t\t\t\t\t<div class=\"elementor-spacer\">\n\t\t\t<div class=\"elementor-spacer-inner\"><\/div>\n\t\t<\/div>\n\t\t\t\t<\/div>\n\t\t\t\t<\/div>\n\t\t\t\t\t<\/div>\n\t\t<\/div>\n\t\t\t\t\t\t\t<\/div>\n\t\t<\/section>\n\t\t\t\t<section class=\"elementor-section elementor-top-section elementor-element elementor-element-2c1a118 elementor-section-boxed elementor-section-height-default elementor-section-height-default\" data-id=\"2c1a118\" data-element_type=\"section\" data-settings=\"{&quot;background_background&quot;:&quot;gradient&quot;}\">\n\t\t\t\t\t\t<div class=\"elementor-container elementor-column-gap-default\">\n\t\t\t\t\t<div class=\"elementor-column elementor-col-100 elementor-top-column elementor-element elementor-element-22e5691\" data-id=\"22e5691\" data-element_type=\"column\">\n\t\t\t<div class=\"elementor-widget-wrap elementor-element-populated\">\n\t\t\t\t\t\t\t\t<div class=\"elementor-element elementor-element-ee1115a elementor-widget elementor-widget-template\" data-id=\"ee1115a\" data-element_type=\"widget\" data-widget_type=\"template.default\">\n\t\t\t\t<div class=\"elementor-widget-container\">\n\t\t\t\t\t<div class=\"elementor-template\">\n\t\t\t\t\t<div data-elementor-type=\"section\" data-elementor-id=\"10128\" class=\"elementor elementor-10128 elementor-10025\" data-elementor-post-type=\"elementor_library\">\n\t\t\t\t\t\t\t\t<section class=\"elementor-section elementor-top-section elementor-element elementor-element-86d3918 elementor-section-full_width elementor-section-height-default elementor-section-height-default\" data-id=\"86d3918\" data-element_type=\"section\" data-settings=\"{&quot;background_background&quot;:&quot;gradient&quot;}\">\n\t\t\t\t\t\t<div class=\"elementor-container elementor-column-gap-default\">\n\t\t\t\t\t<div class=\"elementor-column elementor-col-100 elementor-top-column elementor-element elementor-element-ff48e81\" data-id=\"ff48e81\" data-element_type=\"column\">\n\t\t\t<div class=\"elementor-widget-wrap elementor-element-populated\">\n\t\t\t\t\t\t\t\t<div class=\"elementor-element elementor-element-0923d3e elementor-widget elementor-widget-spacer\" data-id=\"0923d3e\" data-element_type=\"widget\" data-widget_type=\"spacer.default\">\n\t\t\t\t<div class=\"elementor-widget-container\">\n\t\t\t\t\t<div class=\"elementor-spacer\">\n\t\t\t<div class=\"elementor-spacer-inner\"><\/div>\n\t\t<\/div>\n\t\t\t\t<\/div>\n\t\t\t\t<\/div>\n\t\t\t\t<div class=\"elementor-element elementor-element-ff1b3e7 elementor-widget elementor-widget-heading\" data-id=\"ff1b3e7\" data-element_type=\"widget\" data-widget_type=\"heading.default\">\n\t\t\t\t<div class=\"elementor-widget-container\">\n\t\t\t<h2 class=\"elementor-heading-title elementor-size-default\">Destinazioni pi\u00f9 popolari in Engadina<\/h2>\t\t<\/div>\n\t\t\t\t<\/div>\n\t\t\t\t<section class=\"elementor-section elementor-inner-section elementor-element elementor-element-767f52e elementor-section-full_width elementor-section-height-min-height elementor-section-height-default\" data-id=\"767f52e\" data-element_type=\"section\">\n\t\t\t\t\t\t<div class=\"elementor-container elementor-column-gap-default\">\n\t\t\t\t\t<div class=\"raven-column-link elementor-column elementor-col-100 elementor-inner-column elementor-element elementor-element-816fe1c\" data-raven-link=\"https:\/\/viva-ferien.ch\/de\/ortschaften\/st-moritz\/\" data-raven-link-target=\"_self\" data-id=\"816fe1c\" data-element_type=\"column\" data-settings=\"{&quot;background_background&quot;:&quot;classic&quot;}\">\n\t\t\t<div class=\"elementor-widget-wrap elementor-element-populated\">\n\t\t\t\t\t<div class=\"elementor-background-overlay\"><\/div>\n\t\t\t\t\t\t\t\t<div class=\"elementor-element elementor-element-9b9a883 elementor-widget elementor-widget-heading\" data-id=\"9b9a883\" data-element_type=\"widget\" data-widget_type=\"heading.default\">\n\t\t\t\t<div class=\"elementor-widget-container\">\n\t\t\t<h4 class=\"elementor-heading-title elementor-size-default\">St. Moritz<\/h4>\t\t<\/div>\n\t\t\t\t<\/div>\n\t\t\t\t<div class=\"elementor-element elementor-element-e4784ff elementor-widget elementor-widget-spacer\" data-id=\"e4784ff\" data-element_type=\"widget\" data-widget_type=\"spacer.default\">\n\t\t\t\t<div class=\"elementor-widget-container\">\n\t\t\t\t\t<div class=\"elementor-spacer\">\n\t\t\t<div class=\"elementor-spacer-inner\"><\/div>\n\t\t<\/div>\n\t\t\t\t<\/div>\n\t\t\t\t<\/div>\n\t\t\t\t<div class=\"elementor-element elementor-element-91c8dd3 no-margin-bottom elementor-widget elementor-widget-text-editor\" data-id=\"91c8dd3\" data-element_type=\"widget\" data-widget_type=\"text-editor.default\">\n\t\t\t\t<div class=\"elementor-widget-container\">\n\t\t\t\t\t\t\t<p>Elegante, raffinato e lussuoso<\/p>\n\t\t\t\t\t\t<\/div>\n\t\t\t\t<\/div>\n\t\t\t\t\t<\/div>\n\t\t<\/div>\n\t\t\t\t\t\t\t<\/div>\n\t\t<\/section>\n\t\t\t\t\t<\/div>\n\t\t<\/div>\n\t\t\t\t\t\t\t<\/div>\n\t\t<\/section>\n\t\t\t\t<section class=\"elementor-section elementor-top-section elementor-element elementor-element-ef00146 elementor-section-full_width elementor-section-height-default elementor-section-height-default\" data-id=\"ef00146\" data-element_type=\"section\">\n\t\t\t\t\t\t<div class=\"elementor-container elementor-column-gap-default\">\n\t\t\t\t\t<div class=\"elementor-column elementor-col-100 elementor-top-column elementor-element elementor-element-4cee59c\" data-id=\"4cee59c\" data-element_type=\"column\">\n\t\t\t<div class=\"elementor-widget-wrap elementor-element-populated\">\n\t\t\t\t\t\t\t\t<section class=\"elementor-section elementor-inner-section elementor-element elementor-element-16877de elementor-section-full_width elementor-section-height-default elementor-section-height-default\" data-id=\"16877de\" data-element_type=\"section\" data-settings=\"{&quot;background_background&quot;:&quot;gradient&quot;}\">\n\t\t\t\t\t\t<div class=\"elementor-container elementor-column-gap-default\">\n\t\t\t\t\t<div class=\"elementor-column elementor-col-33 elementor-inner-column elementor-element elementor-element-5efe2e4\" data-id=\"5efe2e4\" data-element_type=\"column\">\n\t\t\t<div class=\"elementor-widget-wrap elementor-element-populated\">\n\t\t\t\t\t\t\t\t<section class=\"elementor-section elementor-inner-section elementor-element elementor-element-87b51f6 elementor-section-full_width elementor-section-height-min-height elementor-section-height-default\" data-id=\"87b51f6\" data-element_type=\"section\">\n\t\t\t\t\t\t<div class=\"elementor-container elementor-column-gap-default\">\n\t\t\t\t\t<div class=\"raven-column-link elementor-column elementor-col-100 elementor-inner-column elementor-element elementor-element-c404b33\" data-raven-link=\"https:\/\/viva-ferien.ch\/de\/ortschaften\/celerina\/\" data-raven-link-target=\"_self\" data-id=\"c404b33\" data-element_type=\"column\" data-settings=\"{&quot;background_background&quot;:&quot;classic&quot;}\">\n\t\t\t<div class=\"elementor-widget-wrap elementor-element-populated\">\n\t\t\t\t\t<div class=\"elementor-background-overlay\"><\/div>\n\t\t\t\t\t\t\t\t<div class=\"elementor-element elementor-element-da97e93 elementor-widget elementor-widget-heading\" data-id=\"da97e93\" data-element_type=\"widget\" data-widget_type=\"heading.default\">\n\t\t\t\t<div class=\"elementor-widget-container\">\n\t\t\t<h4 class=\"elementor-heading-title elementor-size-default\">Celerina<\/h4>\t\t<\/div>\n\t\t\t\t<\/div>\n\t\t\t\t<div class=\"elementor-element elementor-element-8fd3e92 elementor-widget elementor-widget-spacer\" data-id=\"8fd3e92\" data-element_type=\"widget\" data-widget_type=\"spacer.default\">\n\t\t\t\t<div class=\"elementor-widget-container\">\n\t\t\t\t\t<div class=\"elementor-spacer\">\n\t\t\t<div class=\"elementor-spacer-inner\"><\/div>\n\t\t<\/div>\n\t\t\t\t<\/div>\n\t\t\t\t<\/div>\n\t\t\t\t<div class=\"elementor-element elementor-element-c200eb2 no-margin-bottom elementor-widget elementor-widget-text-editor\" data-id=\"c200eb2\" data-element_type=\"widget\" data-widget_type=\"text-editor.default\">\n\t\t\t\t<div class=\"elementor-widget-container\">\n\t\t\t\t\t\t\t<p>Punto di partenza ideale per tutti gli escursionisti, i ciclisti, gli appassionati di sci di fondo e gli sciatori<\/p>\n\t\t\t\t\t\t<\/div>\n\t\t\t\t<\/div>\n\t\t\t\t\t<\/div>\n\t\t<\/div>\n\t\t\t\t\t\t\t<\/div>\n\t\t<\/section>\n\t\t\t\t\t<\/div>\n\t\t<\/div>\n\t\t\t\t<div class=\"elementor-column elementor-col-33 elementor-inner-column elementor-element elementor-element-780880f\" data-id=\"780880f\" data-element_type=\"column\">\n\t\t\t<div class=\"elementor-widget-wrap elementor-element-populated\">\n\t\t\t\t\t\t\t\t<section class=\"elementor-section elementor-inner-section elementor-element elementor-element-19b5183 elementor-section-full_width elementor-section-height-min-height elementor-section-height-default\" data-id=\"19b5183\" data-element_type=\"section\">\n\t\t\t\t\t\t<div class=\"elementor-container elementor-column-gap-default\">\n\t\t\t\t\t<div class=\"raven-column-link elementor-column elementor-col-100 elementor-inner-column elementor-element elementor-element-f0f8c45\" data-raven-link=\"https:\/\/viva-ferien.ch\/de\/ortschaften\/pontresina\/\" data-raven-link-target=\"_self\" data-id=\"f0f8c45\" data-element_type=\"column\" data-settings=\"{&quot;background_background&quot;:&quot;classic&quot;}\">\n\t\t\t<div class=\"elementor-widget-wrap elementor-element-populated\">\n\t\t\t\t\t\t\t\t<div class=\"elementor-element elementor-element-7eaa8d2 elementor-widget elementor-widget-heading\" data-id=\"7eaa8d2\" data-element_type=\"widget\" data-widget_type=\"heading.default\">\n\t\t\t\t<div class=\"elementor-widget-container\">\n\t\t\t<h4 class=\"elementor-heading-title elementor-size-default\">Pontresina<\/h4>\t\t<\/div>\n\t\t\t\t<\/div>\n\t\t\t\t<div class=\"elementor-element elementor-element-3f6d696 elementor-widget elementor-widget-spacer\" data-id=\"3f6d696\" data-element_type=\"widget\" data-widget_type=\"spacer.default\">\n\t\t\t\t<div class=\"elementor-widget-container\">\n\t\t\t\t\t<div class=\"elementor-spacer\">\n\t\t\t<div class=\"elementor-spacer-inner\"><\/div>\n\t\t<\/div>\n\t\t\t\t<\/div>\n\t\t\t\t<\/div>\n\t\t\t\t<div class=\"elementor-element elementor-element-ccfe831 no-margin-bottom elementor-widget elementor-widget-text-editor\" data-id=\"ccfe831\" data-element_type=\"widget\" data-widget_type=\"text-editor.default\">\n\t\t\t\t<div class=\"elementor-widget-container\">\n\t\t\t\t\t\t\t<p>Un Eldorado per esploratori e intenditori<\/p>\n\t\t\t\t\t\t<\/div>\n\t\t\t\t<\/div>\n\t\t\t\t\t<\/div>\n\t\t<\/div>\n\t\t\t\t\t\t\t<\/div>\n\t\t<\/section>\n\t\t\t\t\t<\/div>\n\t\t<\/div>\n\t\t\t\t<div class=\"elementor-column elementor-col-33 elementor-inner-column elementor-element elementor-element-ebf49f4\" data-id=\"ebf49f4\" data-element_type=\"column\">\n\t\t\t<div class=\"elementor-widget-wrap elementor-element-populated\">\n\t\t\t\t\t\t\t\t<section class=\"elementor-section elementor-inner-section elementor-element elementor-element-6ef7b84 elementor-section-full_width elementor-section-height-min-height elementor-section-height-default\" data-id=\"6ef7b84\" data-element_type=\"section\">\n\t\t\t\t\t\t<div class=\"elementor-container elementor-column-gap-default\">\n\t\t\t\t\t<div class=\"raven-column-link elementor-column elementor-col-100 elementor-inner-column elementor-element elementor-element-42bbc17\" data-raven-link=\"https:\/\/viva-ferien.ch\/de\/ortschaften\/samedan\/\" data-raven-link-target=\"_self\" data-id=\"42bbc17\" data-element_type=\"column\" data-settings=\"{&quot;background_background&quot;:&quot;classic&quot;}\">\n\t\t\t<div class=\"elementor-widget-wrap elementor-element-populated\">\n\t\t\t\t\t<div class=\"elementor-background-overlay\"><\/div>\n\t\t\t\t\t\t\t\t<div class=\"elementor-element elementor-element-0f97324 elementor-widget elementor-widget-heading\" data-id=\"0f97324\" data-element_type=\"widget\" data-widget_type=\"heading.default\">\n\t\t\t\t<div class=\"elementor-widget-container\">\n\t\t\t<h4 class=\"elementor-heading-title elementor-size-default\">Samedan<\/h4>\t\t<\/div>\n\t\t\t\t<\/div>\n\t\t\t\t<div class=\"elementor-element elementor-element-acca31c elementor-widget elementor-widget-spacer\" data-id=\"acca31c\" data-element_type=\"widget\" data-widget_type=\"spacer.default\">\n\t\t\t\t<div class=\"elementor-widget-container\">\n\t\t\t\t\t<div class=\"elementor-spacer\">\n\t\t\t<div class=\"elementor-spacer-inner\"><\/div>\n\t\t<\/div>\n\t\t\t\t<\/div>\n\t\t\t\t<\/div>\n\t\t\t\t<div class=\"elementor-element elementor-element-1366ad6 no-margin-bottom elementor-widget elementor-widget-text-editor\" data-id=\"1366ad6\" data-element_type=\"widget\" data-widget_type=\"text-editor.default\">\n\t\t\t\t<div class=\"elementor-widget-container\">\n\t\t\t\t\t\t\t<p>Autentico e tradizionale<\/p>\n\t\t\t\t\t\t<\/div>\n\t\t\t\t<\/div>\n\t\t\t\t\t<\/div>\n\t\t<\/div>\n\t\t\t\t\t\t\t<\/div>\n\t\t<\/section>\n\t\t\t\t\t<\/div>\n\t\t<\/div>\n\t\t\t\t\t\t\t<\/div>\n\t\t<\/section>\n\t\t\t\t\t<\/div>\n\t\t<\/div>\n\t\t\t\t\t\t\t<\/div>\n\t\t<\/section>\n\t\t\t\t<section class=\"elementor-section elementor-top-section elementor-element elementor-element-f343ec1 elementor-section-boxed elementor-section-height-default elementor-section-height-default\" data-id=\"f343ec1\" data-element_type=\"section\">\n\t\t\t\t\t\t<div class=\"elementor-container elementor-column-gap-default\">\n\t\t\t\t\t<div class=\"elementor-column elementor-col-100 elementor-top-column elementor-element elementor-element-1d192be\" data-id=\"1d192be\" data-element_type=\"column\">\n\t\t\t<div class=\"elementor-widget-wrap elementor-element-populated\">\n\t\t\t\t\t\t\t\t<div class=\"elementor-element elementor-element-ace7e58 elementor-widget elementor-widget-spacer\" data-id=\"ace7e58\" data-element_type=\"widget\" data-widget_type=\"spacer.default\">\n\t\t\t\t<div class=\"elementor-widget-container\">\n\t\t\t\t\t<div class=\"elementor-spacer\">\n\t\t\t<div class=\"elementor-spacer-inner\"><\/div>\n\t\t<\/div>\n\t\t\t\t<\/div>\n\t\t\t\t<\/div>\n\t\t\t\t\t<\/div>\n\t\t<\/div>\n\t\t\t\t\t\t\t<\/div>\n\t\t<\/section>\n\t\t\t\t\t\t<\/div>\n\t\t\t\t<\/div>\n\t\t\t\t<\/div>\n\t\t\t\t<\/div>\n\t\t\t\t\t<\/div>\n\t\t<\/div>\n\t\t\t\t\t\t\t<\/div>\n\t\t<\/section>\n\t\t\t\t\t\t\t<\/div>\n\t\t","protected":false},"excerpt":{"rendered":"<p>Tra villaggi e montagne Le nostre propriet\u00e0 per le vacanze a St. Moritz &#8211; Engadina godono di una posizione unica. Il carattere fiabesco delle Alpi svizzere non \u00e8 cos\u00ec bello come nell&#8217;alta valle dell&#8217;Engadina. Le numerose offerte culturali di St. Moritz sono particolarmente apprezzate, dagli eventi musicali e le mostre d&#8217;arte alle specialit\u00e0 culinarie della [&hellip;]<\/p>\n","protected":false},"author":1,"featured_media":9714,"parent":0,"menu_order":0,"comment_status":"closed","ping_status":"closed","template":"elementor_header_footer","meta":{"_acf_changed":false,"footnotes":""},"landingpage":[44],"acf":[],"yoast_head":"<!-- This site is optimized with the Yoast SEO plugin v22.3 - https:\/\/yoast.com\/wordpress\/plugins\/seo\/ -->\n<title>Propriet\u00e0 per le vacanze a St. Moritz - Engadina - VIVA-Ferien<\/title>\n<meta name=\"description\" content=\"Le nostre propriet\u00e0 per le vacanze a St. Moritz - Engadina godono di una posizione unica. Il carattere fiabesco dell&#039;Engadina.\" \/>\n<meta name=\"robots\" content=\"index, follow, max-snippet:-1, max-image-preview:large, max-video-preview:-1\" \/>\n<link rel=\"canonical\" href=\"https:\/\/viva-ferien.ch\/it\/proprieta-per-le-vacanze-a-st-moritz-engadina\/\" \/>\n<meta property=\"og:locale\" content=\"it_IT\" \/>\n<meta property=\"og:type\" content=\"article\" \/>\n<meta property=\"og:title\" content=\"Propriet\u00e0 per le vacanze a St. Moritz - Engadina - VIVA-Ferien\" \/>\n<meta property=\"og:description\" content=\"Le nostre propriet\u00e0 per le vacanze a St. Moritz - Engadina godono di una posizione unica. Il carattere fiabesco dell&#039;Engadina.\" \/>\n<meta property=\"og:url\" content=\"https:\/\/viva-ferien.ch\/it\/proprieta-per-le-vacanze-a-st-moritz-engadina\/\" \/>\n<meta property=\"og:site_name\" content=\"VIVA-Ferien\" \/>\n<meta property=\"article:modified_time\" content=\"2024-05-17T13:29:50+00:00\" \/>\n<meta property=\"og:image\" content=\"https:\/\/viva-ferien.ch\/wp-content\/uploads\/2023\/07\/switzerland-g4beb7f707_1280.png\" \/>\n\t<meta property=\"og:image:width\" content=\"1280\" \/>\n\t<meta property=\"og:image:height\" content=\"543\" \/>\n\t<meta property=\"og:image:type\" content=\"image\/png\" \/>\n<meta name=\"twitter:card\" content=\"summary_large_image\" \/>\n<meta name=\"twitter:label1\" content=\"Tempo di lettura stimato\" \/>\n\t<meta name=\"twitter:data1\" content=\"4 minuti\" \/>\n<script type=\"application\/ld+json\" class=\"yoast-schema-graph\">{\"@context\":\"https:\/\/schema.org\",\"@graph\":[{\"@type\":\"WebPage\",\"@id\":\"https:\/\/viva-ferien.ch\/it\/proprieta-per-le-vacanze-a-st-moritz-engadina\/\",\"url\":\"https:\/\/viva-ferien.ch\/it\/proprieta-per-le-vacanze-a-st-moritz-engadina\/\",\"name\":\"Propriet\u00e0 per le vacanze a St. Moritz - Engadina - VIVA-Ferien\",\"isPartOf\":{\"@id\":\"https:\/\/viva-ferien.ch\/it\/#website\"},\"primaryImageOfPage\":{\"@id\":\"https:\/\/viva-ferien.ch\/it\/proprieta-per-le-vacanze-a-st-moritz-engadina\/#primaryimage\"},\"image\":{\"@id\":\"https:\/\/viva-ferien.ch\/it\/proprieta-per-le-vacanze-a-st-moritz-engadina\/#primaryimage\"},\"thumbnailUrl\":\"https:\/\/viva-ferien.ch\/wp-content\/uploads\/2023\/07\/switzerland-g4beb7f707_1280.png\",\"datePublished\":\"2023-07-24T08:57:10+00:00\",\"dateModified\":\"2024-05-17T13:29:50+00:00\",\"description\":\"Le nostre propriet\u00e0 per le vacanze a St. Moritz - Engadina godono di una posizione unica. Il carattere fiabesco dell'Engadina.\",\"breadcrumb\":{\"@id\":\"https:\/\/viva-ferien.ch\/it\/proprieta-per-le-vacanze-a-st-moritz-engadina\/#breadcrumb\"},\"inLanguage\":\"it-IT\",\"potentialAction\":[{\"@type\":\"ReadAction\",\"target\":[\"https:\/\/viva-ferien.ch\/it\/proprieta-per-le-vacanze-a-st-moritz-engadina\/\"]}]},{\"@type\":\"ImageObject\",\"inLanguage\":\"it-IT\",\"@id\":\"https:\/\/viva-ferien.ch\/it\/proprieta-per-le-vacanze-a-st-moritz-engadina\/#primaryimage\",\"url\":\"https:\/\/viva-ferien.ch\/wp-content\/uploads\/2023\/07\/switzerland-g4beb7f707_1280.png\",\"contentUrl\":\"https:\/\/viva-ferien.ch\/wp-content\/uploads\/2023\/07\/switzerland-g4beb7f707_1280.png\",\"width\":1280,\"height\":543,\"caption\":\"ferienobjekte in st moritz engadin\"},{\"@type\":\"BreadcrumbList\",\"@id\":\"https:\/\/viva-ferien.ch\/it\/proprieta-per-le-vacanze-a-st-moritz-engadina\/#breadcrumb\",\"itemListElement\":[{\"@type\":\"ListItem\",\"position\":1,\"name\":\"VIVA\",\"item\":\"https:\/\/viva-ferien.ch\/it\/\"},{\"@type\":\"ListItem\",\"position\":2,\"name\":\"Propriet\u00e0 per le vacanze a St. Moritz &#8211; Engadina\"}]},{\"@type\":\"WebSite\",\"@id\":\"https:\/\/viva-ferien.ch\/it\/#website\",\"url\":\"https:\/\/viva-ferien.ch\/it\/\",\"name\":\"VIVA-Ferien\",\"description\":\"Ferienwohnungen, Rental, Immobilien, Real Estate, St. Moritz, Engadin.\",\"potentialAction\":[{\"@type\":\"SearchAction\",\"target\":{\"@type\":\"EntryPoint\",\"urlTemplate\":\"https:\/\/viva-ferien.ch\/it\/?s={search_term_string}\"},\"query-input\":\"required name=search_term_string\"}],\"inLanguage\":\"it-IT\"}]}<\/script>\n<!-- \/ Yoast SEO plugin. -->","yoast_head_json":{"title":"Propriet\u00e0 per le vacanze a St. Moritz - Engadina - VIVA-Ferien","description":"Le nostre propriet\u00e0 per le vacanze a St. Moritz - Engadina godono di una posizione unica. Il carattere fiabesco dell'Engadina.","robots":{"index":"index","follow":"follow","max-snippet":"max-snippet:-1","max-image-preview":"max-image-preview:large","max-video-preview":"max-video-preview:-1"},"canonical":"https:\/\/viva-ferien.ch\/it\/proprieta-per-le-vacanze-a-st-moritz-engadina\/","og_locale":"it_IT","og_type":"article","og_title":"Propriet\u00e0 per le vacanze a St. Moritz - Engadina - VIVA-Ferien","og_description":"Le nostre propriet\u00e0 per le vacanze a St. Moritz - Engadina godono di una posizione unica. Il carattere fiabesco dell'Engadina.","og_url":"https:\/\/viva-ferien.ch\/it\/proprieta-per-le-vacanze-a-st-moritz-engadina\/","og_site_name":"VIVA-Ferien","article_modified_time":"2024-05-17T13:29:50+00:00","og_image":[{"width":1280,"height":543,"url":"https:\/\/viva-ferien.ch\/wp-content\/uploads\/2023\/07\/switzerland-g4beb7f707_1280.png","type":"image\/png"}],"twitter_card":"summary_large_image","twitter_misc":{"Tempo di lettura stimato":"4 minuti"},"schema":{"@context":"https:\/\/schema.org","@graph":[{"@type":"WebPage","@id":"https:\/\/viva-ferien.ch\/it\/proprieta-per-le-vacanze-a-st-moritz-engadina\/","url":"https:\/\/viva-ferien.ch\/it\/proprieta-per-le-vacanze-a-st-moritz-engadina\/","name":"Propriet\u00e0 per le vacanze a St. Moritz - Engadina - VIVA-Ferien","isPartOf":{"@id":"https:\/\/viva-ferien.ch\/it\/#website"},"primaryImageOfPage":{"@id":"https:\/\/viva-ferien.ch\/it\/proprieta-per-le-vacanze-a-st-moritz-engadina\/#primaryimage"},"image":{"@id":"https:\/\/viva-ferien.ch\/it\/proprieta-per-le-vacanze-a-st-moritz-engadina\/#primaryimage"},"thumbnailUrl":"https:\/\/viva-ferien.ch\/wp-content\/uploads\/2023\/07\/switzerland-g4beb7f707_1280.png","datePublished":"2023-07-24T08:57:10+00:00","dateModified":"2024-05-17T13:29:50+00:00","description":"Le nostre propriet\u00e0 per le vacanze a St. Moritz - Engadina godono di una posizione unica. Il carattere fiabesco dell'Engadina.","breadcrumb":{"@id":"https:\/\/viva-ferien.ch\/it\/proprieta-per-le-vacanze-a-st-moritz-engadina\/#breadcrumb"},"inLanguage":"it-IT","potentialAction":[{"@type":"ReadAction","target":["https:\/\/viva-ferien.ch\/it\/proprieta-per-le-vacanze-a-st-moritz-engadina\/"]}]},{"@type":"ImageObject","inLanguage":"it-IT","@id":"https:\/\/viva-ferien.ch\/it\/proprieta-per-le-vacanze-a-st-moritz-engadina\/#primaryimage","url":"https:\/\/viva-ferien.ch\/wp-content\/uploads\/2023\/07\/switzerland-g4beb7f707_1280.png","contentUrl":"https:\/\/viva-ferien.ch\/wp-content\/uploads\/2023\/07\/switzerland-g4beb7f707_1280.png","width":1280,"height":543,"caption":"ferienobjekte in st moritz engadin"},{"@type":"BreadcrumbList","@id":"https:\/\/viva-ferien.ch\/it\/proprieta-per-le-vacanze-a-st-moritz-engadina\/#breadcrumb","itemListElement":[{"@type":"ListItem","position":1,"name":"VIVA","item":"https:\/\/viva-ferien.ch\/it\/"},{"@type":"ListItem","position":2,"name":"Propriet\u00e0 per le vacanze a St. Moritz &#8211; Engadina"}]},{"@type":"WebSite","@id":"https:\/\/viva-ferien.ch\/it\/#website","url":"https:\/\/viva-ferien.ch\/it\/","name":"VIVA-Ferien","description":"Ferienwohnungen, Rental, Immobilien, Real Estate, St. Moritz, Engadin.","potentialAction":[{"@type":"SearchAction","target":{"@type":"EntryPoint","urlTemplate":"https:\/\/viva-ferien.ch\/it\/?s={search_term_string}"},"query-input":"required name=search_term_string"}],"inLanguage":"it-IT"}]}},"_links":{"self":[{"href":"https:\/\/viva-ferien.ch\/it\/wp-json\/wp\/v2\/pages\/12735"}],"collection":[{"href":"https:\/\/viva-ferien.ch\/it\/wp-json\/wp\/v2\/pages"}],"about":[{"href":"https:\/\/viva-ferien.ch\/it\/wp-json\/wp\/v2\/types\/page"}],"author":[{"embeddable":true,"href":"https:\/\/viva-ferien.ch\/it\/wp-json\/wp\/v2\/users\/1"}],"replies":[{"embeddable":true,"href":"https:\/\/viva-ferien.ch\/it\/wp-json\/wp\/v2\/comments?post=12735"}],"version-history":[{"count":3,"href":"https:\/\/viva-ferien.ch\/it\/wp-json\/wp\/v2\/pages\/12735\/revisions"}],"predecessor-version":[{"id":12738,"href":"https:\/\/viva-ferien.ch\/it\/wp-json\/wp\/v2\/pages\/12735\/revisions\/12738"}],"wp:featuredmedia":[{"embeddable":true,"href":"https:\/\/viva-ferien.ch\/it\/wp-json\/wp\/v2\/media\/9714"}],"wp:attachment":[{"href":"https:\/\/viva-ferien.ch\/it\/wp-json\/wp\/v2\/media?parent=12735"}],"wp:term":[{"taxonomy":"landingpage","embeddable":true,"href":"https:\/\/viva-ferien.ch\/it\/wp-json\/wp\/v2\/landingpage?post=12735"}],"curies":[{"name":"wp","href":"https:\/\/api.w.org\/{rel}","templated":true}]}}