{"id":9425,"date":"2023-06-29T17:22:04","date_gmt":"2023-06-29T15:22:04","guid":{"rendered":"https:\/\/viva-ferien.ch\/?page_id=9425"},"modified":"2024-01-02T12:12:46","modified_gmt":"2024-01-02T11:12:46","slug":"ferienhaeuser-in-st-moritz-engadin","status":"publish","type":"page","link":"https:\/\/viva-ferien.ch\/de\/ferienhaeuser-in-st-moritz-engadin\/","title":{"rendered":"Ferienh\u00e4user in St. Moritz &#8211; Engadin"},"content":{"rendered":"\t\t<div data-elementor-type=\"wp-page\" data-elementor-id=\"9425\" class=\"elementor elementor-9425\" data-elementor-post-type=\"page\">\n\t\t\t\t\t\t\t\t\t<section class=\"elementor-section elementor-top-section elementor-element elementor-element-7b417256 elementor-section-full_width elementor-section-height-default elementor-section-height-default\" data-id=\"7b417256\" data-element_type=\"section\">\n\t\t\t\t\t\t<div class=\"elementor-container elementor-column-gap-default\">\n\t\t\t\t\t<div class=\"elementor-column elementor-col-100 elementor-top-column elementor-element elementor-element-2c4d6c82\" data-id=\"2c4d6c82\" data-element_type=\"column\">\n\t\t\t<div class=\"elementor-widget-wrap elementor-element-populated\">\n\t\t\t\t\t\t\t\t<div class=\"elementor-element elementor-element-5816a17d elementor-widget elementor-widget-template\" data-id=\"5816a17d\" data-element_type=\"widget\" data-widget_type=\"template.default\">\n\t\t\t\t<div class=\"elementor-widget-container\">\n\t\t\t\t\t<div class=\"elementor-template\">\n\t\t\t\t\t<div data-elementor-type=\"section\" data-elementor-id=\"5202\" class=\"elementor elementor-5202\" data-elementor-post-type=\"elementor_library\">\n\t\t\t\t\t\t\t\t<section class=\"elementor-section elementor-top-section elementor-element elementor-element-5c4d34f0 elementor-section-height-min-height elementor-section-items-stretch hero-section elementor-section-boxed elementor-section-height-default\" data-id=\"5c4d34f0\" data-element_type=\"section\" data-settings=\"{&quot;background_background&quot;:&quot;classic&quot;}\">\n\t\t\t\t\t\t\t<div class=\"elementor-background-overlay\"><\/div>\n\t\t\t\t\t\t\t<div class=\"elementor-container elementor-column-gap-default\">\n\t\t\t\t\t<div class=\"elementor-column elementor-col-100 elementor-top-column elementor-element elementor-element-59da9fc4\" data-id=\"59da9fc4\" data-element_type=\"column\">\n\t\t\t<div class=\"elementor-widget-wrap elementor-element-populated\">\n\t\t\t\t\t\t\t\t<div class=\"elementor-element elementor-element-3cf229f8 h2 elementor-widget elementor-widget-heading\" data-id=\"3cf229f8\" data-element_type=\"widget\" data-widget_type=\"heading.default\">\n\t\t\t\t<div class=\"elementor-widget-container\">\n\t\t\t<style>\/*! elementor - v3.15.0 - 20-08-2023 *\/\n.elementor-heading-title{padding:0;margin:0;line-height:1}.elementor-widget-heading .elementor-heading-title[class*=elementor-size-]>a{color:inherit;font-size:inherit;line-height:inherit}.elementor-widget-heading .elementor-heading-title.elementor-size-small{font-size:15px}.elementor-widget-heading .elementor-heading-title.elementor-size-medium{font-size:19px}.elementor-widget-heading .elementor-heading-title.elementor-size-large{font-size:29px}.elementor-widget-heading .elementor-heading-title.elementor-size-xl{font-size:39px}.elementor-widget-heading .elementor-heading-title.elementor-size-xxl{font-size:59px}<\/style><h1 class=\"elementor-heading-title elementor-size-default\">Ferienh\u00e4user in St. Moritz &#8211; Engadin<\/h1>\t\t<\/div>\n\t\t\t\t<\/div>\n\t\t\t\t\t<\/div>\n\t\t<\/div>\n\t\t\t\t\t\t\t<\/div>\n\t\t<\/section>\n\t\t\t\t\t\t<\/div>\n\t\t\t\t<\/div>\n\t\t\t\t<\/div>\n\t\t\t\t<\/div>\n\t\t\t\t\t<\/div>\n\t\t<\/div>\n\t\t\t\t\t\t\t<\/div>\n\t\t<\/section>\n\t\t\t\t<section class=\"elementor-section elementor-top-section elementor-element elementor-element-23719707 default-container elementor-section-boxed elementor-section-height-default elementor-section-height-default\" data-id=\"23719707\" data-element_type=\"section\">\n\t\t\t\t\t\t<div class=\"elementor-container elementor-column-gap-default\">\n\t\t\t\t\t<div class=\"elementor-column elementor-col-100 elementor-top-column elementor-element elementor-element-2dd06e28\" data-id=\"2dd06e28\" data-element_type=\"column\">\n\t\t\t<div class=\"elementor-widget-wrap elementor-element-populated\">\n\t\t\t\t\t\t\t\t<div class=\"elementor-element elementor-element-21cf253f elementor-widget elementor-widget-breadcrumbs\" data-id=\"21cf253f\" data-element_type=\"widget\" data-widget_type=\"breadcrumbs.default\">\n\t\t\t\t<div class=\"elementor-widget-container\">\n\t\t\t<link rel=\"stylesheet\" href=\"https:\/\/viva-ferien.ch\/wp-content\/plugins\/elementor-pro\/assets\/css\/widget-theme-elements.min.css\"><p id=\"breadcrumbs\"><span><span><a href=\"https:\/\/viva-ferien.ch\/de\/\">VIVA<\/a><\/span><\/span><\/p>\t\t<\/div>\n\t\t\t\t<\/div>\n\t\t\t\t<div class=\"elementor-element elementor-element-769c38f9 elementor-widget elementor-widget-heading\" data-id=\"769c38f9\" data-element_type=\"widget\" data-widget_type=\"heading.default\">\n\t\t\t\t<div class=\"elementor-widget-container\">\n\t\t\t<h2 class=\"elementor-heading-title elementor-size-default\">Ferienh\u00e4user und Villen in St. Moritz - Engadin <\/h2>\t\t<\/div>\n\t\t\t\t<\/div>\n\t\t\t\t<div class=\"elementor-element elementor-element-58f43336 elementor-widget elementor-widget-text-editor\" data-id=\"58f43336\" data-element_type=\"widget\" data-widget_type=\"text-editor.default\">\n\t\t\t\t<div class=\"elementor-widget-container\">\n\t\t\t<style>\/*! elementor - v3.15.0 - 20-08-2023 *\/\n.elementor-widget-text-editor.elementor-drop-cap-view-stacked .elementor-drop-cap{background-color:#69727d;color:#fff}.elementor-widget-text-editor.elementor-drop-cap-view-framed .elementor-drop-cap{color:#69727d;border:3px solid;background-color:transparent}.elementor-widget-text-editor:not(.elementor-drop-cap-view-default) .elementor-drop-cap{margin-top:8px}.elementor-widget-text-editor:not(.elementor-drop-cap-view-default) .elementor-drop-cap-letter{width:1em;height:1em}.elementor-widget-text-editor .elementor-drop-cap{float:left;text-align:center;line-height:1;font-size:50px}.elementor-widget-text-editor .elementor-drop-cap-letter{display:inline-block}<\/style>\t\t\t\t<p>Unsere<strong> Ferienh\u00e4user und Villen in St. Moritz &#8211; Engadin<\/strong> in den weltbekannten Schweizer Alpen begeistern auch anspruchsvolle, internationale Kundschaft und G\u00e4ste. Von grossz\u00fcgigen Panoramafenstern und ger\u00e4umigen Terrassen k\u00f6nnen Sie die majest\u00e4tischen Gipfel und teilweise atemberaubenden Hochplateau Seen bewundern. Das Gl\u00fccksgef\u00fchl scheint komplett!<\/p><p>Die Ferienh\u00e4user und Villen von VIVA-Ferien verf\u00fcgen ausserdem \u00fcber eine exklusive Ausstattung mit hochwertigen Annehmlichkeiten, um den G\u00e4sten ein H\u00f6chstmass an <a href=\"https:\/\/viva-ferien.ch\/de\/luxurioese-ferienwohnung-in-st-moritz-engadin\/\">Komfort und Luxus<\/a> zu bieten. Dazu geh\u00f6ren grossz\u00fcgige, elegante Wohnbereiche die geschmackvoll dekoriert sind. Hochwertige M\u00f6bel, stilvolle Dekorationen und erstklassige Materialien die eine luxuri\u00f6se Atmosph\u00e4re schaffen. Diese \u00abHideaways\u00bb sind ideale Zufluchtsorte f\u00fcr G\u00e4ste, die eine ruhige und abgeschiedene Umgebung suchen, um sich zu entspannen und dem Alltagsstress zu entfliehen.<\/p>\t\t\t\t\t\t<\/div>\n\t\t\t\t<\/div>\n\t\t\t\t\t<\/div>\n\t\t<\/div>\n\t\t\t\t\t\t\t<\/div>\n\t\t<\/section>\n\t\t\t\t<section class=\"elementor-section elementor-top-section elementor-element elementor-element-67701044 slide-section elementor-section-full_width elementor-section-height-default elementor-section-height-default\" data-id=\"67701044\" data-element_type=\"section\">\n\t\t\t\t\t\t<div class=\"elementor-container elementor-column-gap-default\">\n\t\t\t\t\t<div class=\"elementor-column elementor-col-100 elementor-top-column elementor-element elementor-element-21fd6c10 raven-column-flex-horizontal\" data-id=\"21fd6c10\" data-element_type=\"column\">\n\t\t\t<div class=\"elementor-widget-wrap elementor-element-populated\">\n\t\t\t\t\t\t\t\t<section class=\"elementor-section elementor-inner-section elementor-element elementor-element-1d8d3ea5 smallbox elementor-section-boxed elementor-section-height-default elementor-section-height-default\" data-id=\"1d8d3ea5\" data-element_type=\"section\">\n\t\t\t\t\t\t<div class=\"elementor-container elementor-column-gap-default\">\n\t\t\t\t\t<div class=\"elementor-column elementor-col-100 elementor-inner-column elementor-element elementor-element-688a8957\" data-id=\"688a8957\" data-element_type=\"column\">\n\t\t\t<div class=\"elementor-widget-wrap elementor-element-populated\">\n\t\t\t\t\t\t\t\t<div class=\"elementor-element elementor-element-3c6b449b elementor-widget elementor-widget-heading\" data-id=\"3c6b449b\" data-element_type=\"widget\" data-widget_type=\"heading.default\">\n\t\t\t\t<div class=\"elementor-widget-container\">\n\t\t\t<h2 class=\"elementor-heading-title elementor-size-default\">Ski fahren und Langlauf<br>\nin St. Moritz - Engadin<\/h2>\t\t<\/div>\n\t\t\t\t<\/div>\n\t\t\t\t<div class=\"elementor-element elementor-element-6cec9d78 elementor-widget elementor-widget-text-editor\" data-id=\"6cec9d78\" data-element_type=\"widget\" data-widget_type=\"text-editor.default\">\n\t\t\t\t<div class=\"elementor-widget-container\">\n\t\t\t\t\t\t\t<p>Einige unserer <strong>Ferienh\u00e4user und Villen in St. Moritz &#8211; Engadin<\/strong> liegen in direkter Anbindung der n\u00e4chstgelegenen Skipisten.<\/p>\t\t\t\t\t\t<\/div>\n\t\t\t\t<\/div>\n\t\t\t\t<div class=\"elementor-element elementor-element-1f753a99 elementor-widget elementor-widget-button\" data-id=\"1f753a99\" data-element_type=\"widget\" data-widget_type=\"button.default\">\n\t\t\t\t<div class=\"elementor-widget-container\">\n\t\t\t\t\t<div class=\"elementor-button-wrapper\">\n\t\t\t<a class=\"elementor-button elementor-button-link elementor-size-sm\" href=\"\/?s\">\n\t\t\t\t\t\t<span class=\"elementor-button-content-wrapper\">\n\t\t\t\t\t\t<span class=\"elementor-button-text\">Alle Unterk\u00fcnfte<\/span>\n\t\t<\/span>\n\t\t\t\t\t<\/a>\n\t\t<\/div>\n\t\t\t\t<\/div>\n\t\t\t\t<\/div>\n\t\t\t\t\t<\/div>\n\t\t<\/div>\n\t\t\t\t\t\t\t<\/div>\n\t\t<\/section>\n\t\t\t\t<div class=\"elementor-element elementor-element-72c14aec beontest beon-slide-list beon-unit-slider elementor-widget elementor-widget-shortcode\" data-id=\"72c14aec\" data-element_type=\"widget\" data-widget_type=\"shortcode.default\">\n\t\t\t\t<div class=\"elementor-widget-container\">\n\t\t\t\t\t<div class=\"elementor-shortcode\"><div class=\"swiper\"><div class=\"swiper-wrapper\"><div class=\"swiper-slide\"><div class=\"swiperlisting\">\t\t\t\t<div id=\"slider\" class=\"flexslider\">\n\t\t\t<ul class=\"slides\">\n\t\t\t\t\t\t\t\t\t<li>\n\t\t\t\t\t\t<a href=\"https:\/\/viva-ferien.ch\/de\/unterkuenfte\/residenz-am-see-zimmer-309\/\">\n\t\t\t\t\t\t\t<img decoding=\"async\" src=\"https:\/\/viva-ferien.ch\/wp-content\/uploads\/2024\/09\/mf18316357-1024x576.jpg\" alt=\"Residenz am See Zimmer 309-0\" \/>\n\t\t\t\t\t\t<\/a>\n\t\t\t\t\t<\/li>\n\t\t\t\t\t\t\t\t\t<li>\n\t\t\t\t\t\t<a href=\"https:\/\/viva-ferien.ch\/de\/unterkuenfte\/residenz-am-see-zimmer-309\/\">\n\t\t\t\t\t\t\t<img decoding=\"async\" src=\"https:\/\/viva-ferien.ch\/wp-content\/uploads\/2024\/09\/mf18316352-1024x576.jpg\" alt=\"Residenz am See Zimmer 309-1\" \/>\n\t\t\t\t\t\t<\/a>\n\t\t\t\t\t<\/li>\n\t\t\t\t\t\t\t\t\t<li>\n\t\t\t\t\t\t<a href=\"https:\/\/viva-ferien.ch\/de\/unterkuenfte\/residenz-am-see-zimmer-309\/\">\n\t\t\t\t\t\t\t<img decoding=\"async\" src=\"https:\/\/viva-ferien.ch\/wp-content\/uploads\/2024\/09\/mf18316354-1024x576.jpg\" alt=\"Residenz am See Zimmer 309-2\" \/>\n\t\t\t\t\t\t<\/a>\n\t\t\t\t\t<\/li>\n\t\t\t\t\t\t\t\t\t<li>\n\t\t\t\t\t\t<a href=\"https:\/\/viva-ferien.ch\/de\/unterkuenfte\/residenz-am-see-zimmer-309\/\">\n\t\t\t\t\t\t\t<img decoding=\"async\" src=\"https:\/\/viva-ferien.ch\/wp-content\/uploads\/2024\/09\/mf18316356-1024x576.jpg\" alt=\"Residenz am See Zimmer 309-3\" \/>\n\t\t\t\t\t\t<\/a>\n\t\t\t\t\t<\/li>\n\t\t\t\t\t\t\t\t\t<li>\n\t\t\t\t\t\t<a href=\"https:\/\/viva-ferien.ch\/de\/unterkuenfte\/residenz-am-see-zimmer-309\/\">\n\t\t\t\t\t\t\t<img decoding=\"async\" src=\"https:\/\/viva-ferien.ch\/wp-content\/uploads\/2024\/09\/mf18332222-1024x576.jpg\" alt=\"Residenz am See Zimmer 309-4\" \/>\n\t\t\t\t\t\t<\/a>\n\t\t\t\t\t<\/li>\n\t\t\t\t\t\t\t<\/ul>\n\t\t<\/div>\n\t\t<div class=\"info-wrapper\">\n\t\t\t<div>\n\t\t\t\t<a href=\"https:\/\/viva-ferien.ch\/de\/unterkuenfte\/residenz-am-see-zimmer-309\/\">\n\t\t\t\t\t<div class=\"description-wrapper\">\n\t\t\t\t\t\t<p class=\"image-description uppercase\"><strong>St. Moritz<\/strong><\/p>\t\t\t\n\t\t\t\t\t\t<div class=\"wrap-classification\">\t\n\t\t\t\t\t\t\t\t\t\t\t\t\t\t<h3>Residenz am See Zimmer 309<\/h3>\n\t\t\t\t\t\t\t<div class=\"classification\"><img decoding=\"async\" src=\"\/wp-content\/themes\/vivaferien\/assets\/images\/VIVA_Icon_Klassifizierung_Voll.png\" alt=\"Star\"><img decoding=\"async\" src=\"\/wp-content\/themes\/vivaferien\/assets\/images\/VIVA_Icon_Klassifizierung_Voll.png\" alt=\"Star\"><img decoding=\"async\" src=\"\/wp-content\/themes\/vivaferien\/assets\/images\/VIVA_Icon_Klassifizierung_Voll.png\" alt=\"Star\"><\/div>\t\t\t\t\t\t<\/div>\n\t\t\t\t\t<\/div>\n\t\t\t\t\t<hr>\n\t\t\t\t\t<\/hr>\n\t\t\t\t\t<div class=\"properties-wrapper\">\n\t\t\t\t\t\t<div>\n\t\t\t\t\t\t\t<!-- <p class=\"big-p\"><div class=\"image-description\">Ab<\/div><\/p>p_6885 -->\n\t\t\t\t\t\t\t<p class=\"big-p\"><div class=\"image-description\">Ab<\/div><span class=\"currency\">CHF<\/span> <span class=\"price\" data-price=\"7000\">70,00<\/span><\/p>\n\t\t\t\t\t\t<\/div>\n\t\t\t\t\t\t<div class=\"add-border show-on-hover\"><\/div>\n\t\t\t\t\t\t<div class=\"show-on-hover\">\n\t\t\t\t\t\t\t<p class=\"big-p\"><div class=\"image-description\">G\u00e4ste<\/div>2<\/p>\n\t\t\t\t\t\t<\/div>\n\t\t\t\t\t\t<div class=\"add-border show-on-hover\"><\/div>\n\t\t\t\t\t\t<div class=\"show-on-hover\">\n\t\t\t\t\t\t\t<p class=\"big-p\"><div class=\"image-description\">Schlafzimmer<\/div>0<\/p>\n\t\t\t\t\t\t<\/div>\n\t\t\t\t\t<\/div>\n\t\t\t\t<\/a>\n\t\t\t<\/div>\n\t\t<\/div>\n\t<\/div><\/div><div class=\"swiper-slide\"><div class=\"swiperlisting\">\t\t\t\t<div id=\"slider\" class=\"flexslider\">\n\t\t\t<ul class=\"slides\">\n\t\t\t\t\t\t\t\t\t<li>\n\t\t\t\t\t\t<a href=\"https:\/\/viva-ferien.ch\/de\/unterkuenfte\/cresta-ellie\/\">\n\t\t\t\t\t\t\t<img decoding=\"async\" src=\"https:\/\/viva-ferien.ch\/wp-content\/uploads\/2023\/07\/mf12829906-1024x576.jpg\" alt=\"Cresta Ellie-0\" \/>\n\t\t\t\t\t\t<\/a>\n\t\t\t\t\t<\/li>\n\t\t\t\t\t\t\t\t\t<li>\n\t\t\t\t\t\t<a href=\"https:\/\/viva-ferien.ch\/de\/unterkuenfte\/cresta-ellie\/\">\n\t\t\t\t\t\t\t<img decoding=\"async\" src=\"https:\/\/viva-ferien.ch\/wp-content\/uploads\/2023\/07\/mf12829901-1024x576.jpg\" alt=\"Cresta Ellie-1\" \/>\n\t\t\t\t\t\t<\/a>\n\t\t\t\t\t<\/li>\n\t\t\t\t\t\t\t\t\t<li>\n\t\t\t\t\t\t<a href=\"https:\/\/viva-ferien.ch\/de\/unterkuenfte\/cresta-ellie\/\">\n\t\t\t\t\t\t\t<img decoding=\"async\" src=\"https:\/\/viva-ferien.ch\/wp-content\/uploads\/2023\/07\/mf12829903-1024x576.jpg\" alt=\"Cresta Ellie-2\" \/>\n\t\t\t\t\t\t<\/a>\n\t\t\t\t\t<\/li>\n\t\t\t\t\t\t\t\t\t<li>\n\t\t\t\t\t\t<a href=\"https:\/\/viva-ferien.ch\/de\/unterkuenfte\/cresta-ellie\/\">\n\t\t\t\t\t\t\t<img decoding=\"async\" src=\"https:\/\/viva-ferien.ch\/wp-content\/uploads\/2023\/07\/mf12829905-1024x576.jpg\" alt=\"Cresta Ellie-3\" \/>\n\t\t\t\t\t\t<\/a>\n\t\t\t\t\t<\/li>\n\t\t\t\t\t\t\t\t\t<li>\n\t\t\t\t\t\t<a href=\"https:\/\/viva-ferien.ch\/de\/unterkuenfte\/cresta-ellie\/\">\n\t\t\t\t\t\t\t<img decoding=\"async\" src=\"https:\/\/viva-ferien.ch\/wp-content\/uploads\/2023\/07\/mf12829924-1024x576.jpg\" alt=\"Cresta Ellie-4\" \/>\n\t\t\t\t\t\t<\/a>\n\t\t\t\t\t<\/li>\n\t\t\t\t\t\t\t<\/ul>\n\t\t<\/div>\n\t\t<div class=\"info-wrapper\">\n\t\t\t<div>\n\t\t\t\t<a href=\"https:\/\/viva-ferien.ch\/de\/unterkuenfte\/cresta-ellie\/\">\n\t\t\t\t\t<div class=\"description-wrapper\">\n\t\t\t\t\t\t<p class=\"image-description uppercase\"><strong>St. Moritz<\/strong><\/p>\t\t\t\n\t\t\t\t\t\t<div class=\"wrap-classification\">\t\n\t\t\t\t\t\t\t\t\t\t\t\t\t\t<img decoding=\"async\" src=\"\/wp-content\/themes\/vivaferien\/assets\/images\/VIVA_Select.svg\" alt=\"Viva-Select-Icon\" class=\"vivaselect-wrapper\">\n\t\t\t\t\t\t\t\t\t\t\t\t\t\t<h3>Cresta Ellie<\/h3>\n\t\t\t\t\t\t\t<div class=\"classification\"><img decoding=\"async\" src=\"\/wp-content\/themes\/vivaferien\/assets\/images\/VIVA_Icon_Klassifizierung_Voll.png\" alt=\"Star\"><img decoding=\"async\" src=\"\/wp-content\/themes\/vivaferien\/assets\/images\/VIVA_Icon_Klassifizierung_Voll.png\" alt=\"Star\"><img decoding=\"async\" src=\"\/wp-content\/themes\/vivaferien\/assets\/images\/VIVA_Icon_Klassifizierung_Voll.png\" alt=\"Star\"><img decoding=\"async\" src=\"\/wp-content\/themes\/vivaferien\/assets\/images\/VIVA_Icon_Klassifizierung_Voll.png\" alt=\"Star\"><img decoding=\"async\" src=\"\/wp-content\/themes\/vivaferien\/assets\/images\/VIVA_Icon_Klassifizierung_Voll.png\" alt=\"Star\"><\/div>\t\t\t\t\t\t<\/div>\n\t\t\t\t\t<\/div>\n\t\t\t\t\t<hr>\n\t\t\t\t\t<\/hr>\n\t\t\t\t\t<div class=\"properties-wrapper\">\n\t\t\t\t\t\t<div>\n\t\t\t\t\t\t\t<!-- <p class=\"big-p\"><div class=\"image-description\">Ab<\/div><\/p>p_6885 -->\n\t\t\t\t\t\t\t<p class=\"big-p\"><div class=\"image-description\">Ab<\/div><span class=\"currency\">CHF<\/span> <span class=\"price\" data-price=\"18500\">185,00<\/span><\/p>\n\t\t\t\t\t\t<\/div>\n\t\t\t\t\t\t<div class=\"add-border show-on-hover\"><\/div>\n\t\t\t\t\t\t<div class=\"show-on-hover\">\n\t\t\t\t\t\t\t<p class=\"big-p\"><div class=\"image-description\">G\u00e4ste<\/div>6<\/p>\n\t\t\t\t\t\t<\/div>\n\t\t\t\t\t\t<div class=\"add-border show-on-hover\"><\/div>\n\t\t\t\t\t\t<div class=\"show-on-hover\">\n\t\t\t\t\t\t\t<p class=\"big-p\"><div class=\"image-description\">Schlafzimmer<\/div>3<\/p>\n\t\t\t\t\t\t<\/div>\n\t\t\t\t\t<\/div>\n\t\t\t\t<\/a>\n\t\t\t<\/div>\n\t\t<\/div>\n\t<\/div><\/div><div class=\"swiper-slide\"><div class=\"swiperlisting\">\t\t\t\t<div id=\"slider\" class=\"flexslider\">\n\t\t\t<ul class=\"slides\">\n\t\t\t\t\t\t\t\t\t<li>\n\t\t\t\t\t\t<a href=\"https:\/\/viva-ferien.ch\/de\/unterkuenfte\/serlas-12\/\">\n\t\t\t\t\t\t\t<img decoding=\"async\" src=\"https:\/\/viva-ferien.ch\/wp-content\/uploads\/2023\/07\/mf12552587-1024x576.jpg\" alt=\"Serlas 12-0\" \/>\n\t\t\t\t\t\t<\/a>\n\t\t\t\t\t<\/li>\n\t\t\t\t\t\t\t\t\t<li>\n\t\t\t\t\t\t<a href=\"https:\/\/viva-ferien.ch\/de\/unterkuenfte\/serlas-12\/\">\n\t\t\t\t\t\t\t<img decoding=\"async\" src=\"https:\/\/viva-ferien.ch\/wp-content\/uploads\/2023\/07\/mf12552586-1024x576.jpg\" alt=\"Serlas 12-1\" \/>\n\t\t\t\t\t\t<\/a>\n\t\t\t\t\t<\/li>\n\t\t\t\t\t\t\t\t\t<li>\n\t\t\t\t\t\t<a href=\"https:\/\/viva-ferien.ch\/de\/unterkuenfte\/serlas-12\/\">\n\t\t\t\t\t\t\t<img decoding=\"async\" src=\"https:\/\/viva-ferien.ch\/wp-content\/uploads\/2023\/07\/mf12552599-1024x576.jpg\" alt=\"Serlas 12-2\" \/>\n\t\t\t\t\t\t<\/a>\n\t\t\t\t\t<\/li>\n\t\t\t\t\t\t\t\t\t<li>\n\t\t\t\t\t\t<a href=\"https:\/\/viva-ferien.ch\/de\/unterkuenfte\/serlas-12\/\">\n\t\t\t\t\t\t\t<img decoding=\"async\" src=\"https:\/\/viva-ferien.ch\/wp-content\/uploads\/2023\/07\/mf12552601-1024x576.jpg\" alt=\"Serlas 12-3\" \/>\n\t\t\t\t\t\t<\/a>\n\t\t\t\t\t<\/li>\n\t\t\t\t\t\t\t\t\t<li>\n\t\t\t\t\t\t<a href=\"https:\/\/viva-ferien.ch\/de\/unterkuenfte\/serlas-12\/\">\n\t\t\t\t\t\t\t<img decoding=\"async\" src=\"https:\/\/viva-ferien.ch\/wp-content\/uploads\/2023\/07\/mf12552602-1024x576.jpg\" alt=\"Serlas 12-4\" \/>\n\t\t\t\t\t\t<\/a>\n\t\t\t\t\t<\/li>\n\t\t\t\t\t\t\t<\/ul>\n\t\t<\/div>\n\t\t<div class=\"info-wrapper\">\n\t\t\t<div>\n\t\t\t\t<a href=\"https:\/\/viva-ferien.ch\/de\/unterkuenfte\/serlas-12\/\">\n\t\t\t\t\t<div class=\"description-wrapper\">\n\t\t\t\t\t\t<p class=\"image-description uppercase\"><strong>St. Moritz<\/strong><\/p>\t\t\t\n\t\t\t\t\t\t<div class=\"wrap-classification\">\t\n\t\t\t\t\t\t\t\t\t\t\t\t\t\t<img decoding=\"async\" src=\"\/wp-content\/themes\/vivaferien\/assets\/images\/VIVA_Select.svg\" alt=\"Viva-Select-Icon\" class=\"vivaselect-wrapper\">\n\t\t\t\t\t\t\t\t\t\t\t\t\t\t<h3>Serlas 12<\/h3>\n\t\t\t\t\t\t\t<div class=\"classification\"><img decoding=\"async\" src=\"\/wp-content\/themes\/vivaferien\/assets\/images\/VIVA_Icon_Klassifizierung_Voll.png\" alt=\"Star\"><img decoding=\"async\" src=\"\/wp-content\/themes\/vivaferien\/assets\/images\/VIVA_Icon_Klassifizierung_Voll.png\" alt=\"Star\"><img decoding=\"async\" src=\"\/wp-content\/themes\/vivaferien\/assets\/images\/VIVA_Icon_Klassifizierung_Voll.png\" alt=\"Star\"><img decoding=\"async\" src=\"\/wp-content\/themes\/vivaferien\/assets\/images\/VIVA_Icon_Klassifizierung_Voll.png\" alt=\"Star\"><img decoding=\"async\" src=\"\/wp-content\/themes\/vivaferien\/assets\/images\/VIVA_Icon_Klassifizierung_Voll.png\" alt=\"Star\"><\/div>\t\t\t\t\t\t<\/div>\n\t\t\t\t\t<\/div>\n\t\t\t\t\t<hr>\n\t\t\t\t\t<\/hr>\n\t\t\t\t\t<div class=\"properties-wrapper\">\n\t\t\t\t\t\t<div>\n\t\t\t\t\t\t\t<!-- <p class=\"big-p\"><div class=\"image-description\">Ab<\/div><\/p>p_6885 -->\n\t\t\t\t\t\t\t<p class=\"big-p\"><div class=\"image-description\">Ab<\/div><span class=\"currency\">CHF<\/span> <span class=\"price\" data-price=\"22600\">226,00<\/span><\/p>\n\t\t\t\t\t\t<\/div>\n\t\t\t\t\t\t<div class=\"add-border show-on-hover\"><\/div>\n\t\t\t\t\t\t<div class=\"show-on-hover\">\n\t\t\t\t\t\t\t<p class=\"big-p\"><div class=\"image-description\">G\u00e4ste<\/div>6<\/p>\n\t\t\t\t\t\t<\/div>\n\t\t\t\t\t\t<div class=\"add-border show-on-hover\"><\/div>\n\t\t\t\t\t\t<div class=\"show-on-hover\">\n\t\t\t\t\t\t\t<p class=\"big-p\"><div class=\"image-description\">Schlafzimmer<\/div>3<\/p>\n\t\t\t\t\t\t<\/div>\n\t\t\t\t\t<\/div>\n\t\t\t\t<\/a>\n\t\t\t<\/div>\n\t\t<\/div>\n\t<\/div><\/div><div class=\"swiper-slide\"><div class=\"swiperlisting\">\t\t\t\t<div id=\"slider\" class=\"flexslider\">\n\t\t\t<ul class=\"slides\">\n\t\t\t\t\t\t\t\t\t<li>\n\t\t\t\t\t\t<a href=\"https:\/\/viva-ferien.ch\/de\/unterkuenfte\/maurus-a3\/\">\n\t\t\t\t\t\t\t<img decoding=\"async\" src=\"https:\/\/viva-ferien.ch\/wp-content\/uploads\/2022\/11\/mf1961665-1024x640.jpg\" alt=\"Maurus A3-0\" \/>\n\t\t\t\t\t\t<\/a>\n\t\t\t\t\t<\/li>\n\t\t\t\t\t\t\t\t\t<li>\n\t\t\t\t\t\t<a href=\"https:\/\/viva-ferien.ch\/de\/unterkuenfte\/maurus-a3\/\">\n\t\t\t\t\t\t\t<img decoding=\"async\" src=\"https:\/\/viva-ferien.ch\/wp-content\/uploads\/2022\/11\/mf1961657-1024x640.jpg\" alt=\"Maurus A3-1\" \/>\n\t\t\t\t\t\t<\/a>\n\t\t\t\t\t<\/li>\n\t\t\t\t\t\t\t\t\t<li>\n\t\t\t\t\t\t<a href=\"https:\/\/viva-ferien.ch\/de\/unterkuenfte\/maurus-a3\/\">\n\t\t\t\t\t\t\t<img decoding=\"async\" src=\"https:\/\/viva-ferien.ch\/wp-content\/uploads\/2022\/11\/mf1961666-1024x640.jpg\" alt=\"Maurus A3-2\" \/>\n\t\t\t\t\t\t<\/a>\n\t\t\t\t\t<\/li>\n\t\t\t\t\t\t\t\t\t<li>\n\t\t\t\t\t\t<a href=\"https:\/\/viva-ferien.ch\/de\/unterkuenfte\/maurus-a3\/\">\n\t\t\t\t\t\t\t<img decoding=\"async\" src=\"https:\/\/viva-ferien.ch\/wp-content\/uploads\/2022\/11\/mf1961662-1024x640.jpg\" alt=\"Maurus A3-3\" \/>\n\t\t\t\t\t\t<\/a>\n\t\t\t\t\t<\/li>\n\t\t\t\t\t\t\t\t\t<li>\n\t\t\t\t\t\t<a href=\"https:\/\/viva-ferien.ch\/de\/unterkuenfte\/maurus-a3\/\">\n\t\t\t\t\t\t\t<img decoding=\"async\" src=\"https:\/\/viva-ferien.ch\/wp-content\/uploads\/2022\/11\/mf1961655-1024x640.jpg\" alt=\"Maurus A3-4\" \/>\n\t\t\t\t\t\t<\/a>\n\t\t\t\t\t<\/li>\n\t\t\t\t\t\t\t<\/ul>\n\t\t<\/div>\n\t\t<div class=\"info-wrapper\">\n\t\t\t<div>\n\t\t\t\t<a href=\"https:\/\/viva-ferien.ch\/de\/unterkuenfte\/maurus-a3\/\">\n\t\t\t\t\t<div class=\"description-wrapper\">\n\t\t\t\t\t\t<p class=\"image-description uppercase\"><strong>St. Moritz<\/strong><\/p>\t\t\t\n\t\t\t\t\t\t<div class=\"wrap-classification\">\t\n\t\t\t\t\t\t\t\t\t\t\t\t\t\t<h3>Maurus A3<\/h3>\n\t\t\t\t\t\t\t<div class=\"classification\"><img decoding=\"async\" src=\"\/wp-content\/themes\/vivaferien\/assets\/images\/VIVA_Icon_Klassifizierung_Voll.png\" alt=\"Star\"><img decoding=\"async\" src=\"\/wp-content\/themes\/vivaferien\/assets\/images\/VIVA_Icon_Klassifizierung_Voll.png\" alt=\"Star\"><img decoding=\"async\" src=\"\/wp-content\/themes\/vivaferien\/assets\/images\/VIVA_Icon_Klassifizierung_Voll.png\" alt=\"Star\"><\/div>\t\t\t\t\t\t<\/div>\n\t\t\t\t\t<\/div>\n\t\t\t\t\t<hr>\n\t\t\t\t\t<\/hr>\n\t\t\t\t\t<div class=\"properties-wrapper\">\n\t\t\t\t\t\t<div>\n\t\t\t\t\t\t\t<!-- <p class=\"big-p\"><div class=\"image-description\">Ab<\/div><\/p>p_6885 -->\n\t\t\t\t\t\t\t<p class=\"big-p\"><div class=\"image-description\">Ab<\/div><span class=\"currency\">CHF<\/span> <span class=\"price\" data-price=\"11800\">118,00<\/span><\/p>\n\t\t\t\t\t\t<\/div>\n\t\t\t\t\t\t<div class=\"add-border show-on-hover\"><\/div>\n\t\t\t\t\t\t<div class=\"show-on-hover\">\n\t\t\t\t\t\t\t<p class=\"big-p\"><div class=\"image-description\">G\u00e4ste<\/div>2<\/p>\n\t\t\t\t\t\t<\/div>\n\t\t\t\t\t\t<div class=\"add-border show-on-hover\"><\/div>\n\t\t\t\t\t\t<div class=\"show-on-hover\">\n\t\t\t\t\t\t\t<p class=\"big-p\"><div class=\"image-description\">Schlafzimmer<\/div>1<\/p>\n\t\t\t\t\t\t<\/div>\n\t\t\t\t\t<\/div>\n\t\t\t\t<\/a>\n\t\t\t<\/div>\n\t\t<\/div>\n\t<\/div><\/div><div class=\"swiper-slide\"><div class=\"swiperlisting\">\t\t\t\t<div id=\"slider\" class=\"flexslider\">\n\t\t\t<ul class=\"slides\">\n\t\t\t\t\t\t\t\t\t<li>\n\t\t\t\t\t\t<a href=\"https:\/\/viva-ferien.ch\/de\/unterkuenfte\/paulette-14\/\">\n\t\t\t\t\t\t\t<img decoding=\"async\" src=\"https:\/\/viva-ferien.ch\/wp-content\/uploads\/2022\/11\/mf5435814-1024x576.jpg\" alt=\"Paulette 14-0\" \/>\n\t\t\t\t\t\t<\/a>\n\t\t\t\t\t<\/li>\n\t\t\t\t\t\t\t\t\t<li>\n\t\t\t\t\t\t<a href=\"https:\/\/viva-ferien.ch\/de\/unterkuenfte\/paulette-14\/\">\n\t\t\t\t\t\t\t<img decoding=\"async\" src=\"https:\/\/viva-ferien.ch\/wp-content\/uploads\/2022\/11\/mf5435813-1024x576.jpg\" alt=\"Paulette 14-1\" \/>\n\t\t\t\t\t\t<\/a>\n\t\t\t\t\t<\/li>\n\t\t\t\t\t\t\t\t\t<li>\n\t\t\t\t\t\t<a href=\"https:\/\/viva-ferien.ch\/de\/unterkuenfte\/paulette-14\/\">\n\t\t\t\t\t\t\t<img decoding=\"async\" src=\"https:\/\/viva-ferien.ch\/wp-content\/uploads\/2022\/11\/mf5435816-1024x576.jpg\" alt=\"Paulette 14-2\" \/>\n\t\t\t\t\t\t<\/a>\n\t\t\t\t\t<\/li>\n\t\t\t\t\t\t\t\t\t<li>\n\t\t\t\t\t\t<a href=\"https:\/\/viva-ferien.ch\/de\/unterkuenfte\/paulette-14\/\">\n\t\t\t\t\t\t\t<img decoding=\"async\" src=\"https:\/\/viva-ferien.ch\/wp-content\/uploads\/2022\/11\/mf5435815-1024x576.jpg\" alt=\"Paulette 14-3\" \/>\n\t\t\t\t\t\t<\/a>\n\t\t\t\t\t<\/li>\n\t\t\t\t\t\t\t\t\t<li>\n\t\t\t\t\t\t<a href=\"https:\/\/viva-ferien.ch\/de\/unterkuenfte\/paulette-14\/\">\n\t\t\t\t\t\t\t<img decoding=\"async\" src=\"https:\/\/viva-ferien.ch\/wp-content\/uploads\/2022\/11\/mf5435819-1024x576.jpg\" alt=\"Paulette 14-4\" \/>\n\t\t\t\t\t\t<\/a>\n\t\t\t\t\t<\/li>\n\t\t\t\t\t\t\t<\/ul>\n\t\t<\/div>\n\t\t<div class=\"info-wrapper\">\n\t\t\t<div>\n\t\t\t\t<a href=\"https:\/\/viva-ferien.ch\/de\/unterkuenfte\/paulette-14\/\">\n\t\t\t\t\t<div class=\"description-wrapper\">\n\t\t\t\t\t\t<p class=\"image-description uppercase\"><strong>St. Moritz<\/strong><\/p>\t\t\t\n\t\t\t\t\t\t<div class=\"wrap-classification\">\t\n\t\t\t\t\t\t\t\t\t\t\t\t\t\t<h3>Paulette 14<\/h3>\n\t\t\t\t\t\t\t<div class=\"classification\"><img decoding=\"async\" src=\"\/wp-content\/themes\/vivaferien\/assets\/images\/VIVA_Icon_Klassifizierung_Voll.png\" alt=\"Star\"><img decoding=\"async\" src=\"\/wp-content\/themes\/vivaferien\/assets\/images\/VIVA_Icon_Klassifizierung_Voll.png\" alt=\"Star\"><img decoding=\"async\" src=\"\/wp-content\/themes\/vivaferien\/assets\/images\/VIVA_Icon_Klassifizierung_Voll.png\" alt=\"Star\"><\/div>\t\t\t\t\t\t<\/div>\n\t\t\t\t\t<\/div>\n\t\t\t\t\t<hr>\n\t\t\t\t\t<\/hr>\n\t\t\t\t\t<div class=\"properties-wrapper\">\n\t\t\t\t\t\t<div>\n\t\t\t\t\t\t\t<!-- <p class=\"big-p\"><div class=\"image-description\">Ab<\/div><\/p>p_6885 -->\n\t\t\t\t\t\t\t<p class=\"big-p\"><div class=\"image-description\">Ab<\/div><span class=\"currency\">CHF<\/span> <span class=\"price\" data-price=\"18300\">183,00<\/span><\/p>\n\t\t\t\t\t\t<\/div>\n\t\t\t\t\t\t<div class=\"add-border show-on-hover\"><\/div>\n\t\t\t\t\t\t<div class=\"show-on-hover\">\n\t\t\t\t\t\t\t<p class=\"big-p\"><div class=\"image-description\">G\u00e4ste<\/div>6<\/p>\n\t\t\t\t\t\t<\/div>\n\t\t\t\t\t\t<div class=\"add-border show-on-hover\"><\/div>\n\t\t\t\t\t\t<div class=\"show-on-hover\">\n\t\t\t\t\t\t\t<p class=\"big-p\"><div class=\"image-description\">Schlafzimmer<\/div>3<\/p>\n\t\t\t\t\t\t<\/div>\n\t\t\t\t\t<\/div>\n\t\t\t\t<\/a>\n\t\t\t<\/div>\n\t\t<\/div>\n\t<\/div><\/div><div class=\"swiper-slide\"><div class=\"swiperlisting\">\t\t\t\t<div id=\"slider\" class=\"flexslider\">\n\t\t\t<ul class=\"slides\">\n\t\t\t\t\t\t\t\t\t<li>\n\t\t\t\t\t\t<a href=\"https:\/\/viva-ferien.ch\/de\/unterkuenfte\/au-reduit-403\/\">\n\t\t\t\t\t\t\t<img decoding=\"async\" src=\"https:\/\/viva-ferien.ch\/wp-content\/uploads\/2025\/01\/mf20020820-1024x576.jpg\" alt=\"Au Reduit 403-0\" \/>\n\t\t\t\t\t\t<\/a>\n\t\t\t\t\t<\/li>\n\t\t\t\t\t\t\t\t\t<li>\n\t\t\t\t\t\t<a href=\"https:\/\/viva-ferien.ch\/de\/unterkuenfte\/au-reduit-403\/\">\n\t\t\t\t\t\t\t<img decoding=\"async\" src=\"https:\/\/viva-ferien.ch\/wp-content\/uploads\/2025\/01\/mf20020813-1024x576.jpg\" alt=\"Au Reduit 403-1\" \/>\n\t\t\t\t\t\t<\/a>\n\t\t\t\t\t<\/li>\n\t\t\t\t\t\t\t\t\t<li>\n\t\t\t\t\t\t<a href=\"https:\/\/viva-ferien.ch\/de\/unterkuenfte\/au-reduit-403\/\">\n\t\t\t\t\t\t\t<img decoding=\"async\" src=\"https:\/\/viva-ferien.ch\/wp-content\/uploads\/2025\/01\/mf20020814-1024x576.jpg\" alt=\"Au Reduit 403-2\" \/>\n\t\t\t\t\t\t<\/a>\n\t\t\t\t\t<\/li>\n\t\t\t\t\t\t\t\t\t<li>\n\t\t\t\t\t\t<a href=\"https:\/\/viva-ferien.ch\/de\/unterkuenfte\/au-reduit-403\/\">\n\t\t\t\t\t\t\t<img decoding=\"async\" src=\"https:\/\/viva-ferien.ch\/wp-content\/uploads\/2025\/01\/mf20020818-1024x576.jpg\" alt=\"Au Reduit 403-3\" \/>\n\t\t\t\t\t\t<\/a>\n\t\t\t\t\t<\/li>\n\t\t\t\t\t\t\t\t\t<li>\n\t\t\t\t\t\t<a href=\"https:\/\/viva-ferien.ch\/de\/unterkuenfte\/au-reduit-403\/\">\n\t\t\t\t\t\t\t<img decoding=\"async\" src=\"https:\/\/viva-ferien.ch\/wp-content\/uploads\/2025\/01\/mf20020811-1024x576.jpg\" alt=\"Au Reduit 403-4\" \/>\n\t\t\t\t\t\t<\/a>\n\t\t\t\t\t<\/li>\n\t\t\t\t\t\t\t<\/ul>\n\t\t<\/div>\n\t\t<div class=\"info-wrapper\">\n\t\t\t<div>\n\t\t\t\t<a href=\"https:\/\/viva-ferien.ch\/de\/unterkuenfte\/au-reduit-403\/\">\n\t\t\t\t\t<div class=\"description-wrapper\">\n\t\t\t\t\t\t<p class=\"image-description uppercase\"><strong>St. Moritz<\/strong><\/p>\t\t\t\n\t\t\t\t\t\t<div class=\"wrap-classification\">\t\n\t\t\t\t\t\t\t\t\t\t\t\t\t\t<h3>Au Reduit 403<\/h3>\n\t\t\t\t\t\t\t<div class=\"classification\"><img decoding=\"async\" src=\"\/wp-content\/themes\/vivaferien\/assets\/images\/VIVA_Icon_Klassifizierung_Voll.png\" alt=\"Star\"><img decoding=\"async\" src=\"\/wp-content\/themes\/vivaferien\/assets\/images\/VIVA_Icon_Klassifizierung_Voll.png\" alt=\"Star\"><img decoding=\"async\" src=\"\/wp-content\/themes\/vivaferien\/assets\/images\/VIVA_Icon_Klassifizierung_Voll.png\" alt=\"Star\"><img decoding=\"async\" src=\"\/wp-content\/themes\/vivaferien\/assets\/images\/VIVA_Icon_Klassifizierung_Voll.png\" alt=\"Star\"><\/div>\t\t\t\t\t\t<\/div>\n\t\t\t\t\t<\/div>\n\t\t\t\t\t<hr>\n\t\t\t\t\t<\/hr>\n\t\t\t\t\t<div class=\"properties-wrapper\">\n\t\t\t\t\t\t<div>\n\t\t\t\t\t\t\t<!-- <p class=\"big-p\"><div class=\"image-description\">Ab<\/div><\/p>p_6885 -->\n\t\t\t\t\t\t\t<p class=\"big-p\"><div class=\"image-description\">Ab<\/div><span class=\"currency\">CHF<\/span> <span class=\"price\" data-price=\"9700\">97,00<\/span><\/p>\n\t\t\t\t\t\t<\/div>\n\t\t\t\t\t\t<div class=\"add-border show-on-hover\"><\/div>\n\t\t\t\t\t\t<div class=\"show-on-hover\">\n\t\t\t\t\t\t\t<p class=\"big-p\"><div class=\"image-description\">G\u00e4ste<\/div>3<\/p>\n\t\t\t\t\t\t<\/div>\n\t\t\t\t\t\t<div class=\"add-border show-on-hover\"><\/div>\n\t\t\t\t\t\t<div class=\"show-on-hover\">\n\t\t\t\t\t\t\t<p class=\"big-p\"><div class=\"image-description\">Schlafzimmer<\/div>0<\/p>\n\t\t\t\t\t\t<\/div>\n\t\t\t\t\t<\/div>\n\t\t\t\t<\/a>\n\t\t\t<\/div>\n\t\t<\/div>\n\t<\/div><\/div><div class=\"swiper-slide\"><div class=\"swiperlisting\">\t\t\t\t<div id=\"slider\" class=\"flexslider\">\n\t\t\t<ul class=\"slides\">\n\t\t\t\t\t\t\t\t\t<li>\n\t\t\t\t\t\t<a href=\"https:\/\/viva-ferien.ch\/de\/unterkuenfte\/au-reduit-u06\/\">\n\t\t\t\t\t\t\t<img decoding=\"async\" src=\"https:\/\/viva-ferien.ch\/wp-content\/uploads\/2022\/11\/mf2369275-1024x640.jpg\" alt=\"Au Reduit U06-0\" \/>\n\t\t\t\t\t\t<\/a>\n\t\t\t\t\t<\/li>\n\t\t\t\t\t\t\t\t\t<li>\n\t\t\t\t\t\t<a href=\"https:\/\/viva-ferien.ch\/de\/unterkuenfte\/au-reduit-u06\/\">\n\t\t\t\t\t\t\t<img decoding=\"async\" src=\"https:\/\/viva-ferien.ch\/wp-content\/uploads\/2022\/11\/mf2369276-1024x640.jpg\" alt=\"Au Reduit U06-1\" \/>\n\t\t\t\t\t\t<\/a>\n\t\t\t\t\t<\/li>\n\t\t\t\t\t\t\t\t\t<li>\n\t\t\t\t\t\t<a href=\"https:\/\/viva-ferien.ch\/de\/unterkuenfte\/au-reduit-u06\/\">\n\t\t\t\t\t\t\t<img decoding=\"async\" src=\"https:\/\/viva-ferien.ch\/wp-content\/uploads\/2022\/11\/mf2369277-1024x640.jpg\" alt=\"Au Reduit U06-2\" \/>\n\t\t\t\t\t\t<\/a>\n\t\t\t\t\t<\/li>\n\t\t\t\t\t\t\t\t\t<li>\n\t\t\t\t\t\t<a href=\"https:\/\/viva-ferien.ch\/de\/unterkuenfte\/au-reduit-u06\/\">\n\t\t\t\t\t\t\t<img decoding=\"async\" src=\"https:\/\/viva-ferien.ch\/wp-content\/uploads\/2022\/11\/mf2369281-1024x640.jpg\" alt=\"Au Reduit U06-3\" \/>\n\t\t\t\t\t\t<\/a>\n\t\t\t\t\t<\/li>\n\t\t\t\t\t\t\t\t\t<li>\n\t\t\t\t\t\t<a href=\"https:\/\/viva-ferien.ch\/de\/unterkuenfte\/au-reduit-u06\/\">\n\t\t\t\t\t\t\t<img decoding=\"async\" src=\"https:\/\/viva-ferien.ch\/wp-content\/uploads\/2022\/11\/mf2369282-1024x640.jpg\" alt=\"Au Reduit U06-4\" \/>\n\t\t\t\t\t\t<\/a>\n\t\t\t\t\t<\/li>\n\t\t\t\t\t\t\t<\/ul>\n\t\t<\/div>\n\t\t<div class=\"info-wrapper\">\n\t\t\t<div>\n\t\t\t\t<a href=\"https:\/\/viva-ferien.ch\/de\/unterkuenfte\/au-reduit-u06\/\">\n\t\t\t\t\t<div class=\"description-wrapper\">\n\t\t\t\t\t\t<p class=\"image-description uppercase\"><strong>St. Moritz<\/strong><\/p>\t\t\t\n\t\t\t\t\t\t<div class=\"wrap-classification\">\t\n\t\t\t\t\t\t\t\t\t\t\t\t\t\t<h3>Au Reduit U06<\/h3>\n\t\t\t\t\t\t\t<div class=\"classification\"><img decoding=\"async\" src=\"\/wp-content\/themes\/vivaferien\/assets\/images\/VIVA_Icon_Klassifizierung_Voll.png\" alt=\"Star\"><img decoding=\"async\" src=\"\/wp-content\/themes\/vivaferien\/assets\/images\/VIVA_Icon_Klassifizierung_Voll.png\" alt=\"Star\"><img decoding=\"async\" src=\"\/wp-content\/themes\/vivaferien\/assets\/images\/VIVA_Icon_Klassifizierung_Voll.png\" alt=\"Star\"><img decoding=\"async\" src=\"\/wp-content\/themes\/vivaferien\/assets\/images\/VIVA_Icon_Klassifizierung_Voll.png\" alt=\"Star\"><\/div>\t\t\t\t\t\t<\/div>\n\t\t\t\t\t<\/div>\n\t\t\t\t\t<hr>\n\t\t\t\t\t<\/hr>\n\t\t\t\t\t<div class=\"properties-wrapper\">\n\t\t\t\t\t\t<div>\n\t\t\t\t\t\t\t<!-- <p class=\"big-p\"><div class=\"image-description\">Ab<\/div><\/p>p_6885 -->\n\t\t\t\t\t\t\t<p class=\"big-p\"><div class=\"image-description\">Ab<\/div><span class=\"currency\">CHF<\/span> <span class=\"price\" data-price=\"20500\">205,00<\/span><\/p>\n\t\t\t\t\t\t<\/div>\n\t\t\t\t\t\t<div class=\"add-border show-on-hover\"><\/div>\n\t\t\t\t\t\t<div class=\"show-on-hover\">\n\t\t\t\t\t\t\t<p class=\"big-p\"><div class=\"image-description\">G\u00e4ste<\/div>5<\/p>\n\t\t\t\t\t\t<\/div>\n\t\t\t\t\t\t<div class=\"add-border show-on-hover\"><\/div>\n\t\t\t\t\t\t<div class=\"show-on-hover\">\n\t\t\t\t\t\t\t<p class=\"big-p\"><div class=\"image-description\">Schlafzimmer<\/div>2<\/p>\n\t\t\t\t\t\t<\/div>\n\t\t\t\t\t<\/div>\n\t\t\t\t<\/a>\n\t\t\t<\/div>\n\t\t<\/div>\n\t<\/div><\/div><div class=\"swiper-slide\"><div class=\"swiperlisting\">\t\t\t\t<div id=\"slider\" class=\"flexslider\">\n\t\t\t<ul class=\"slides\">\n\t\t\t\t\t\t\t\t\t<li>\n\t\t\t\t\t\t<a href=\"https:\/\/viva-ferien.ch\/de\/unterkuenfte\/studio-fullun\/\">\n\t\t\t\t\t\t\t<img decoding=\"async\" src=\"https:\/\/viva-ferien.ch\/wp-content\/uploads\/2025\/10\/mf24338642-1024x732.jpg\" alt=\"Studio Fullun-0\" \/>\n\t\t\t\t\t\t<\/a>\n\t\t\t\t\t<\/li>\n\t\t\t\t\t\t\t\t\t<li>\n\t\t\t\t\t\t<a href=\"https:\/\/viva-ferien.ch\/de\/unterkuenfte\/studio-fullun\/\">\n\t\t\t\t\t\t\t<img decoding=\"async\" src=\"https:\/\/viva-ferien.ch\/wp-content\/uploads\/2025\/10\/mf24338650-1024x576.jpg\" alt=\"Studio Fullun-1\" \/>\n\t\t\t\t\t\t<\/a>\n\t\t\t\t\t<\/li>\n\t\t\t\t\t\t\t\t\t<li>\n\t\t\t\t\t\t<a href=\"https:\/\/viva-ferien.ch\/de\/unterkuenfte\/studio-fullun\/\">\n\t\t\t\t\t\t\t<img decoding=\"async\" src=\"https:\/\/viva-ferien.ch\/wp-content\/uploads\/2025\/10\/mf24338649-1024x576.jpg\" alt=\"Studio Fullun-2\" \/>\n\t\t\t\t\t\t<\/a>\n\t\t\t\t\t<\/li>\n\t\t\t\t\t\t\t\t\t<li>\n\t\t\t\t\t\t<a href=\"https:\/\/viva-ferien.ch\/de\/unterkuenfte\/studio-fullun\/\">\n\t\t\t\t\t\t\t<img decoding=\"async\" src=\"https:\/\/viva-ferien.ch\/wp-content\/uploads\/2025\/10\/mf24338648-1024x576.jpg\" alt=\"Studio Fullun-3\" \/>\n\t\t\t\t\t\t<\/a>\n\t\t\t\t\t<\/li>\n\t\t\t\t\t\t\t\t\t<li>\n\t\t\t\t\t\t<a href=\"https:\/\/viva-ferien.ch\/de\/unterkuenfte\/studio-fullun\/\">\n\t\t\t\t\t\t\t<img decoding=\"async\" src=\"https:\/\/viva-ferien.ch\/wp-content\/uploads\/2025\/10\/mf24338889-1024x576.jpg\" alt=\"Studio Fullun-4\" \/>\n\t\t\t\t\t\t<\/a>\n\t\t\t\t\t<\/li>\n\t\t\t\t\t\t\t<\/ul>\n\t\t<\/div>\n\t\t<div class=\"info-wrapper\">\n\t\t\t<div>\n\t\t\t\t<a href=\"https:\/\/viva-ferien.ch\/de\/unterkuenfte\/studio-fullun\/\">\n\t\t\t\t\t<div class=\"description-wrapper\">\n\t\t\t\t\t\t<p class=\"image-description uppercase\"><strong>St. Moritz<\/strong><\/p>\t\t\t\n\t\t\t\t\t\t<div class=\"wrap-classification\">\t\n\t\t\t\t\t\t\t\t\t\t\t\t\t\t<h3>Studio Fullun<\/h3>\n\t\t\t\t\t\t\t<div class=\"classification\"><img decoding=\"async\" src=\"\/wp-content\/themes\/vivaferien\/assets\/images\/VIVA_Icon_Klassifizierung_Voll.png\" alt=\"Star\"><img decoding=\"async\" src=\"\/wp-content\/themes\/vivaferien\/assets\/images\/VIVA_Icon_Klassifizierung_Voll.png\" alt=\"Star\"><img decoding=\"async\" src=\"\/wp-content\/themes\/vivaferien\/assets\/images\/VIVA_Icon_Klassifizierung_Voll.png\" alt=\"Star\"><img decoding=\"async\" src=\"\/wp-content\/themes\/vivaferien\/assets\/images\/VIVA_Icon_Klassifizierung_Voll.png\" alt=\"Star\"><\/div>\t\t\t\t\t\t<\/div>\n\t\t\t\t\t<\/div>\n\t\t\t\t\t<hr>\n\t\t\t\t\t<\/hr>\n\t\t\t\t\t<div class=\"properties-wrapper\">\n\t\t\t\t\t\t<div>\n\t\t\t\t\t\t\t<!-- <p class=\"big-p\"><div class=\"image-description\">Ab<\/div><\/p>p_6885 -->\n\t\t\t\t\t\t\t<p class=\"big-p\"><div class=\"image-description\">Ab<\/div><span class=\"currency\">CHF<\/span> <span class=\"price\" data-price=\"11300\">113,00<\/span><\/p>\n\t\t\t\t\t\t<\/div>\n\t\t\t\t\t\t<div class=\"add-border show-on-hover\"><\/div>\n\t\t\t\t\t\t<div class=\"show-on-hover\">\n\t\t\t\t\t\t\t<p class=\"big-p\"><div class=\"image-description\">G\u00e4ste<\/div>2<\/p>\n\t\t\t\t\t\t<\/div>\n\t\t\t\t\t\t<div class=\"add-border show-on-hover\"><\/div>\n\t\t\t\t\t\t<div class=\"show-on-hover\">\n\t\t\t\t\t\t\t<p class=\"big-p\"><div class=\"image-description\">Schlafzimmer<\/div>1<\/p>\n\t\t\t\t\t\t<\/div>\n\t\t\t\t\t<\/div>\n\t\t\t\t<\/a>\n\t\t\t<\/div>\n\t\t<\/div>\n\t<\/div><\/div><div class=\"swiper-slide\"><div class=\"swiperlisting\">\t\t\t\t<div id=\"slider\" class=\"flexslider\">\n\t\t\t<ul class=\"slides\">\n\t\t\t\t\t\t\t\t\t<li>\n\t\t\t\t\t\t<a href=\"https:\/\/viva-ferien.ch\/de\/unterkuenfte\/duos-sours\/\">\n\t\t\t\t\t\t\t<img decoding=\"async\" src=\"https:\/\/viva-ferien.ch\/wp-content\/uploads\/2022\/11\/mf2145816-1024x640.jpg\" alt=\"Duos Sours-0\" \/>\n\t\t\t\t\t\t<\/a>\n\t\t\t\t\t<\/li>\n\t\t\t\t\t\t\t\t\t<li>\n\t\t\t\t\t\t<a href=\"https:\/\/viva-ferien.ch\/de\/unterkuenfte\/duos-sours\/\">\n\t\t\t\t\t\t\t<img decoding=\"async\" src=\"https:\/\/viva-ferien.ch\/wp-content\/uploads\/2022\/11\/mf2145813-1024x640.jpg\" alt=\"Duos Sours-1\" \/>\n\t\t\t\t\t\t<\/a>\n\t\t\t\t\t<\/li>\n\t\t\t\t\t\t\t\t\t<li>\n\t\t\t\t\t\t<a href=\"https:\/\/viva-ferien.ch\/de\/unterkuenfte\/duos-sours\/\">\n\t\t\t\t\t\t\t<img decoding=\"async\" src=\"https:\/\/viva-ferien.ch\/wp-content\/uploads\/2022\/11\/mf2145817-1024x640.jpg\" alt=\"Duos Sours-2\" \/>\n\t\t\t\t\t\t<\/a>\n\t\t\t\t\t<\/li>\n\t\t\t\t\t\t\t\t\t<li>\n\t\t\t\t\t\t<a href=\"https:\/\/viva-ferien.ch\/de\/unterkuenfte\/duos-sours\/\">\n\t\t\t\t\t\t\t<img decoding=\"async\" src=\"https:\/\/viva-ferien.ch\/wp-content\/uploads\/2022\/11\/mf2145815-1024x640.jpg\" alt=\"Duos Sours-3\" \/>\n\t\t\t\t\t\t<\/a>\n\t\t\t\t\t<\/li>\n\t\t\t\t\t\t\t\t\t<li>\n\t\t\t\t\t\t<a href=\"https:\/\/viva-ferien.ch\/de\/unterkuenfte\/duos-sours\/\">\n\t\t\t\t\t\t\t<img decoding=\"async\" src=\"https:\/\/viva-ferien.ch\/wp-content\/uploads\/2022\/11\/mf2145818-1024x640.jpg\" alt=\"Duos Sours-4\" \/>\n\t\t\t\t\t\t<\/a>\n\t\t\t\t\t<\/li>\n\t\t\t\t\t\t\t<\/ul>\n\t\t<\/div>\n\t\t<div class=\"info-wrapper\">\n\t\t\t<div>\n\t\t\t\t<a href=\"https:\/\/viva-ferien.ch\/de\/unterkuenfte\/duos-sours\/\">\n\t\t\t\t\t<div class=\"description-wrapper\">\n\t\t\t\t\t\t<p class=\"image-description uppercase\"><strong>Celerina<\/strong><\/p>\t\t\t\n\t\t\t\t\t\t<div class=\"wrap-classification\">\t\n\t\t\t\t\t\t\t\t\t\t\t\t\t\t<h3>Duos Sours<\/h3>\n\t\t\t\t\t\t\t<div class=\"classification\"><img decoding=\"async\" src=\"\/wp-content\/themes\/vivaferien\/assets\/images\/VIVA_Icon_Klassifizierung_Voll.png\" alt=\"Star\"><img decoding=\"async\" src=\"\/wp-content\/themes\/vivaferien\/assets\/images\/VIVA_Icon_Klassifizierung_Voll.png\" alt=\"Star\"><img decoding=\"async\" src=\"\/wp-content\/themes\/vivaferien\/assets\/images\/VIVA_Icon_Klassifizierung_Voll.png\" alt=\"Star\"><img decoding=\"async\" src=\"\/wp-content\/themes\/vivaferien\/assets\/images\/VIVA_Icon_Klassifizierung_Voll.png\" alt=\"Star\"><\/div>\t\t\t\t\t\t<\/div>\n\t\t\t\t\t<\/div>\n\t\t\t\t\t<hr>\n\t\t\t\t\t<\/hr>\n\t\t\t\t\t<div class=\"properties-wrapper\">\n\t\t\t\t\t\t<div>\n\t\t\t\t\t\t\t<!-- <p class=\"big-p\"><div class=\"image-description\">Ab<\/div><\/p>p_6885 -->\n\t\t\t\t\t\t\t<p class=\"big-p\"><div class=\"image-description\">Ab<\/div><span class=\"currency\">CHF<\/span> <span class=\"price\" data-price=\"20500\">205,00<\/span><\/p>\n\t\t\t\t\t\t<\/div>\n\t\t\t\t\t\t<div class=\"add-border show-on-hover\"><\/div>\n\t\t\t\t\t\t<div class=\"show-on-hover\">\n\t\t\t\t\t\t\t<p class=\"big-p\"><div class=\"image-description\">G\u00e4ste<\/div>6<\/p>\n\t\t\t\t\t\t<\/div>\n\t\t\t\t\t\t<div class=\"add-border show-on-hover\"><\/div>\n\t\t\t\t\t\t<div class=\"show-on-hover\">\n\t\t\t\t\t\t\t<p class=\"big-p\"><div class=\"image-description\">Schlafzimmer<\/div>3<\/p>\n\t\t\t\t\t\t<\/div>\n\t\t\t\t\t<\/div>\n\t\t\t\t<\/a>\n\t\t\t<\/div>\n\t\t<\/div>\n\t<\/div><\/div><div class=\"swiper-slide\"><div class=\"swiperlisting\">\t\t\t\t<div id=\"slider\" class=\"flexslider\">\n\t\t\t<ul class=\"slides\">\n\t\t\t\t\t\t\t\t\t<li>\n\t\t\t\t\t\t<a href=\"https:\/\/viva-ferien.ch\/de\/unterkuenfte\/piz-chalchagn\/\">\n\t\t\t\t\t\t\t<img decoding=\"async\" src=\"https:\/\/viva-ferien.ch\/wp-content\/uploads\/2024\/10\/mf18534735-1024x576.jpg\" alt=\"Piz Chalchagn-0\" \/>\n\t\t\t\t\t\t<\/a>\n\t\t\t\t\t<\/li>\n\t\t\t\t\t\t\t\t\t<li>\n\t\t\t\t\t\t<a href=\"https:\/\/viva-ferien.ch\/de\/unterkuenfte\/piz-chalchagn\/\">\n\t\t\t\t\t\t\t<img decoding=\"async\" src=\"https:\/\/viva-ferien.ch\/wp-content\/uploads\/2024\/10\/mf18534747-1024x576.jpg\" alt=\"Piz Chalchagn-1\" \/>\n\t\t\t\t\t\t<\/a>\n\t\t\t\t\t<\/li>\n\t\t\t\t\t\t\t\t\t<li>\n\t\t\t\t\t\t<a href=\"https:\/\/viva-ferien.ch\/de\/unterkuenfte\/piz-chalchagn\/\">\n\t\t\t\t\t\t\t<img decoding=\"async\" src=\"https:\/\/viva-ferien.ch\/wp-content\/uploads\/2024\/10\/mf18534746-1024x576.jpg\" alt=\"Piz Chalchagn-2\" \/>\n\t\t\t\t\t\t<\/a>\n\t\t\t\t\t<\/li>\n\t\t\t\t\t\t\t\t\t<li>\n\t\t\t\t\t\t<a href=\"https:\/\/viva-ferien.ch\/de\/unterkuenfte\/piz-chalchagn\/\">\n\t\t\t\t\t\t\t<img decoding=\"async\" src=\"https:\/\/viva-ferien.ch\/wp-content\/uploads\/2024\/10\/mf18534744-1024x576.jpg\" alt=\"Piz Chalchagn-3\" \/>\n\t\t\t\t\t\t<\/a>\n\t\t\t\t\t<\/li>\n\t\t\t\t\t\t\t\t\t<li>\n\t\t\t\t\t\t<a href=\"https:\/\/viva-ferien.ch\/de\/unterkuenfte\/piz-chalchagn\/\">\n\t\t\t\t\t\t\t<img decoding=\"async\" src=\"https:\/\/viva-ferien.ch\/wp-content\/uploads\/2024\/10\/mf18534748-1024x576.jpg\" alt=\"Piz Chalchagn-4\" \/>\n\t\t\t\t\t\t<\/a>\n\t\t\t\t\t<\/li>\n\t\t\t\t\t\t\t<\/ul>\n\t\t<\/div>\n\t\t<div class=\"info-wrapper\">\n\t\t\t<div>\n\t\t\t\t<a href=\"https:\/\/viva-ferien.ch\/de\/unterkuenfte\/piz-chalchagn\/\">\n\t\t\t\t\t<div class=\"description-wrapper\">\n\t\t\t\t\t\t<p class=\"image-description uppercase\"><strong>Pontresina<\/strong><\/p>\t\t\t\n\t\t\t\t\t\t<div class=\"wrap-classification\">\t\n\t\t\t\t\t\t\t\t\t\t\t\t\t\t<h3>Piz Chalchagn<\/h3>\n\t\t\t\t\t\t\t<div class=\"classification\"><img decoding=\"async\" src=\"\/wp-content\/themes\/vivaferien\/assets\/images\/VIVA_Icon_Klassifizierung_Voll.png\" alt=\"Star\"><img decoding=\"async\" src=\"\/wp-content\/themes\/vivaferien\/assets\/images\/VIVA_Icon_Klassifizierung_Voll.png\" alt=\"Star\"><img decoding=\"async\" src=\"\/wp-content\/themes\/vivaferien\/assets\/images\/VIVA_Icon_Klassifizierung_Voll.png\" alt=\"Star\"><img decoding=\"async\" src=\"\/wp-content\/themes\/vivaferien\/assets\/images\/VIVA_Icon_Klassifizierung_Voll.png\" alt=\"Star\"><\/div>\t\t\t\t\t\t<\/div>\n\t\t\t\t\t<\/div>\n\t\t\t\t\t<hr>\n\t\t\t\t\t<\/hr>\n\t\t\t\t\t<div class=\"properties-wrapper\">\n\t\t\t\t\t\t<div>\n\t\t\t\t\t\t\t<!-- <p class=\"big-p\"><div class=\"image-description\">Ab<\/div><\/p>p_6885 -->\n\t\t\t\t\t\t\t<p class=\"big-p\"><div class=\"image-description\">Ab<\/div><span class=\"currency\">CHF<\/span> <span class=\"price\" data-price=\"18300\">183,00<\/span><\/p>\n\t\t\t\t\t\t<\/div>\n\t\t\t\t\t\t<div class=\"add-border show-on-hover\"><\/div>\n\t\t\t\t\t\t<div class=\"show-on-hover\">\n\t\t\t\t\t\t\t<p class=\"big-p\"><div class=\"image-description\">G\u00e4ste<\/div>5<\/p>\n\t\t\t\t\t\t<\/div>\n\t\t\t\t\t\t<div class=\"add-border show-on-hover\"><\/div>\n\t\t\t\t\t\t<div class=\"show-on-hover\">\n\t\t\t\t\t\t\t<p class=\"big-p\"><div class=\"image-description\">Schlafzimmer<\/div>3<\/p>\n\t\t\t\t\t\t<\/div>\n\t\t\t\t\t<\/div>\n\t\t\t\t<\/a>\n\t\t\t<\/div>\n\t\t<\/div>\n\t<\/div><\/div><\/div><div class=\"swiper-pagination\"><\/div><div class=\"swiper-button-prev\"><\/div><div class=\"swiper-button-next\"><\/div><div class=\"swiper-scrollbar\"><\/div><\/div><\/div>\n\t\t\t\t<\/div>\n\t\t\t\t<\/div>\n\t\t\t\t\t<\/div>\n\t\t<\/div>\n\t\t\t\t\t\t\t<\/div>\n\t\t<\/section>\n\t\t\t\t<section class=\"elementor-section elementor-top-section elementor-element elementor-element-4585961d default-container elementor-section-boxed elementor-section-height-default elementor-section-height-default\" data-id=\"4585961d\" data-element_type=\"section\">\n\t\t\t\t\t\t<div class=\"elementor-container elementor-column-gap-default\">\n\t\t\t\t\t<div class=\"elementor-column elementor-col-100 elementor-top-column elementor-element elementor-element-c9c48c0\" data-id=\"c9c48c0\" data-element_type=\"column\">\n\t\t\t<div class=\"elementor-widget-wrap elementor-element-populated\">\n\t\t\t\t\t\t\t\t<div class=\"elementor-element elementor-element-411c3775 elementor-widget elementor-widget-text-editor\" data-id=\"411c3775\" data-element_type=\"widget\" data-widget_type=\"text-editor.default\">\n\t\t\t\t<div class=\"elementor-widget-container\">\n\t\t\t\t\t\t\t<p>Genie\u00dfen Sie schon von Ihrem Ferienhaus den Blick auf die glitzernden, verschneiten H\u00e4nge der umliegenden Berggipfel und sp\u00fcren Sie die Vorfreude, die dabei aufkommt, um die Piste hinunterzufahren. Skiausr\u00fcstung eingepackt und nichts wie los ins n\u00e4chste Skigebiet. Insgesamt 350 km Piste stehen zur Verf\u00fcgung. Wer die Wahl hat, hat die Qual. Geniessen Sie die riesige Auswahl an verschiedenen Pisten und Langlauf Loipen. Insgesamt k\u00f6nnen Sie 88 unterschiedliche Pisten abfahren. Hier sind alle Schwierigkeitsgrade vertreten. Von leichten Pisten, besonders f\u00fcr Anf\u00e4nger oder Kinder super geeignet, \u00fcber die sogenannten roten bis hin zu den schwarz markierten Pisten, wo erfahrene sichere Skifahrer unterwegs sind. Aber auch f\u00fcr Langl\u00e4ufer ist St. Moritz &#8211; Engadin ein Paradies. Unglaubliche 240 Kilometer herrliche und top pr\u00e4parierte Loipenqualit\u00e4t finden G\u00e4ste, zum Teil auf den bekannten Seen des wohl sch\u00f6nsten Hochtals Europas. Hier wird auch der weltbelkannte Engadiner Ski Marathon ausgetragen. Ohne Zweifel sind Sie in <a href=\"https:\/\/viva-ferien.ch\/de\/ortschaften\/st-moritz\/\">St. Moritz-Engadin<\/a> auf der richtigen Loipenspur.<\/p><p>Zur\u00fcck in Ihrem\u00a0<strong>Ferienhaus und Villa in St. Moritz &#8211; Engadin<\/strong> erholen Sie sich abends bequem vor einem gem\u00fctlichen Kaminfeuer oder einem typischen Essen, leicht zubereitet, n\u00e4mlich bei einem Schweizer Fondue oder einem Raclette. In unseren Ferienh\u00e4usern oder Villen k\u00f6nnen Sie sich auch von einem Chef bekochen und verw\u00f6hnen lassen.\u00a0<\/p>\t\t\t\t\t\t<\/div>\n\t\t\t\t<\/div>\n\t\t\t\t<div class=\"elementor-element elementor-element-4e766586 elementor-widget elementor-widget-spacer\" data-id=\"4e766586\" data-element_type=\"widget\" data-widget_type=\"spacer.default\">\n\t\t\t\t<div class=\"elementor-widget-container\">\n\t\t\t<style>\/*! elementor - v3.15.0 - 20-08-2023 *\/\n.elementor-column .elementor-spacer-inner{height:var(--spacer-size)}.e-con{--container-widget-width:100%}.e-con-inner>.elementor-widget-spacer,.e-con>.elementor-widget-spacer{width:var(--container-widget-width,var(--spacer-size));--align-self:var(--container-widget-align-self,initial);--flex-shrink:0}.e-con-inner>.elementor-widget-spacer>.elementor-widget-container,.e-con-inner>.elementor-widget-spacer>.elementor-widget-container>.elementor-spacer,.e-con>.elementor-widget-spacer>.elementor-widget-container,.e-con>.elementor-widget-spacer>.elementor-widget-container>.elementor-spacer{height:100%}.e-con-inner>.elementor-widget-spacer>.elementor-widget-container>.elementor-spacer>.elementor-spacer-inner,.e-con>.elementor-widget-spacer>.elementor-widget-container>.elementor-spacer>.elementor-spacer-inner{height:var(--container-widget-height,var(--spacer-size))}<\/style>\t\t<div class=\"elementor-spacer\">\n\t\t\t<div class=\"elementor-spacer-inner\"><\/div>\n\t\t<\/div>\n\t\t\t\t<\/div>\n\t\t\t\t<\/div>\n\t\t\t\t<div class=\"elementor-element elementor-element-42f5f0ec elementor-widget elementor-widget-heading\" data-id=\"42f5f0ec\" data-element_type=\"widget\" data-widget_type=\"heading.default\">\n\t\t\t\t<div class=\"elementor-widget-container\">\n\t\t\t<h2 class=\"elementor-heading-title elementor-size-default\">Skiferien in St. Moritz \u2013 Engadin f\u00fcr die kleinen G\u00e4ste<\/h2>\t\t<\/div>\n\t\t\t\t<\/div>\n\t\t\t\t<div class=\"elementor-element elementor-element-712d857e elementor-widget elementor-widget-text-editor\" data-id=\"712d857e\" data-element_type=\"widget\" data-widget_type=\"text-editor.default\">\n\t\t\t\t<div class=\"elementor-widget-container\">\n\t\t\t\t\t\t\t<p>Unsere exklusiven <strong>Ferienh\u00e4user und Villen in St. Moritz-Engadin<\/strong> bieten auch f\u00fcr kleine G\u00e4ste viel Raum und Entspannung. Kinder sind herzlich willkommen! Die private, exklusive Atmosph\u00e4re k\u00f6nnte f\u00fcr <a href=\"https:\/\/viva-ferien.ch\/de\/familienferien-in-st-moritz-engadin\/\">Familienferien<\/a> nicht geeigneter sein. Geniessen Sie einen Filmabend auf Netflix zuhause oder im neuen Kino in St. Moritz. Die Kinder haben auch die M\u00f6glichkeit in der Ganztagesschule der Skischule Suvretta oder der St. Moritzer Skischule von professionellen Skilehrern betreut zu werden. Hier lernen Sie nicht nur das Skilaufen, sondern auch die Sozialkompetenz mit vielen internationalen Kindern.\u00a0\u00a0 \u00a0\u00a0<\/p>\t\t\t\t\t\t<\/div>\n\t\t\t\t<\/div>\n\t\t\t\t<div class=\"elementor-element elementor-element-402a644b elementor-widget elementor-widget-image\" data-id=\"402a644b\" data-element_type=\"widget\" data-widget_type=\"image.default\">\n\t\t\t\t<div class=\"elementor-widget-container\">\n\t\t\t<style>\/*! elementor - v3.15.0 - 20-08-2023 *\/\n.elementor-widget-image{text-align:center}.elementor-widget-image a{display:inline-block}.elementor-widget-image a img[src$=\".svg\"]{width:48px}.elementor-widget-image img{vertical-align:middle;display:inline-block}<\/style>\t\t\t\t\t\t\t\t\t\t\t\t<img loading=\"lazy\" decoding=\"async\" width=\"1024\" height=\"682\" src=\"https:\/\/viva-ferien.ch\/wp-content\/uploads\/2023\/06\/boy-g7719bc2db_1280-1024x682.jpg\" class=\"attachment-large size-large wp-image-9428\" alt=\"Ein Kind f\u00e4hrt mit seinen Skis bei Sonnenschein eine Piste herunter.\" srcset=\"https:\/\/viva-ferien.ch\/wp-content\/uploads\/2023\/06\/boy-g7719bc2db_1280-1024x682.jpg 1024w, https:\/\/viva-ferien.ch\/wp-content\/uploads\/2023\/06\/boy-g7719bc2db_1280-300x200.jpg 300w, https:\/\/viva-ferien.ch\/wp-content\/uploads\/2023\/06\/boy-g7719bc2db_1280-768x512.jpg 768w, https:\/\/viva-ferien.ch\/wp-content\/uploads\/2023\/06\/boy-g7719bc2db_1280.jpg 1280w\" sizes=\"(max-width: 1024px) 100vw, 1024px\" \/>\t\t\t\t\t\t\t\t\t\t\t\t\t\t\t<\/div>\n\t\t\t\t<\/div>\n\t\t\t\t<div class=\"elementor-element elementor-element-4eff1723 elementor-widget elementor-widget-spacer\" data-id=\"4eff1723\" data-element_type=\"widget\" data-widget_type=\"spacer.default\">\n\t\t\t\t<div class=\"elementor-widget-container\">\n\t\t\t\t\t<div class=\"elementor-spacer\">\n\t\t\t<div class=\"elementor-spacer-inner\"><\/div>\n\t\t<\/div>\n\t\t\t\t<\/div>\n\t\t\t\t<\/div>\n\t\t\t\t<div class=\"elementor-element elementor-element-41cb103d elementor-widget elementor-widget-heading\" data-id=\"41cb103d\" data-element_type=\"widget\" data-widget_type=\"heading.default\">\n\t\t\t\t<div class=\"elementor-widget-container\">\n\t\t\t<h3 class=\"elementor-heading-title elementor-size-default\">Die Natur zu Fu\u00df entdecken<\/h3>\t\t<\/div>\n\t\t\t\t<\/div>\n\t\t\t\t<div class=\"elementor-element elementor-element-246a288 elementor-widget elementor-widget-text-editor\" data-id=\"246a288\" data-element_type=\"widget\" data-widget_type=\"text-editor.default\">\n\t\t\t\t<div class=\"elementor-widget-container\">\n\t\t\t\t\t\t\t<p>Falls Sie sich auf den Skiern oder Loipen nicht \u201ezu Hause\u201c f\u00fchlen, k\u00f6nnen Sie dieses abwechslungsreiche und spannende Hochtal <strong>St. Moritz \u2013 Engadin<\/strong> auch zu Fuss entdecken. Im Winter durchlaufen Sie wundersch\u00f6ne W\u00e4lder oder zugefrorene Seen. Hier spielt die Symphonie der Natur. V\u00f6gel und Eichh\u00f6rnchen essen oder picken Futter von Ihren H\u00e4nden. Nat\u00fcrlich ein unerreichtes \u201eWow\u201c Erlebnis f\u00fcr die Kleinen. Auch viele Seitent\u00e4ler von St. Moritz \u2013 Engadin begeistern Winter Wanderer immer wieder aufs Neue.<\/p><p>Der Sommer in St. Moritz \u2013 Engadin ist f\u00fcr Fussg\u00e4nger ein Paradies. Herrliche gut gepflegte Pfade f\u00fchren den Seen entlang zu den verschiedenen kleinen D\u00f6rfern. Aber auch Seitent\u00e4ler mit weniger oder mehr Anstieg stehen zur Verf\u00fcgung. Etwas anspruchsvoller wird es dann beim Hochgebirge das in St. Moritz \u2013 Engadin eine riesige Tradition hat. Hier f\u00fchren Pfade hinauf zu den Gletschern oder sogar \u00fcber Hochgebirgsrouten auf den Piz Pal\u00fc. Die Vielfalt ist unendlich. Geniessen Sie die Ferienh\u00e4user und Villen von VIVA-Ferien. Wir geben Ihnen die besten Tipps.<\/p>\t\t\t\t\t\t<\/div>\n\t\t\t\t<\/div>\n\t\t\t\t\t<\/div>\n\t\t<\/div>\n\t\t\t\t\t\t\t<\/div>\n\t\t<\/section>\n\t\t\t\t<section class=\"elementor-section elementor-top-section elementor-element elementor-element-3c68d178 default-container elementor-section-boxed elementor-section-height-default elementor-section-height-default\" data-id=\"3c68d178\" data-element_type=\"section\">\n\t\t\t\t\t\t<div class=\"elementor-container elementor-column-gap-default\">\n\t\t\t\t\t<div class=\"elementor-column elementor-col-100 elementor-top-column elementor-element elementor-element-4e2a868b no-wrap raven-column-flex-horizontal\" data-id=\"4e2a868b\" data-element_type=\"column\">\n\t\t\t<div class=\"elementor-widget-wrap elementor-element-populated\">\n\t\t\t\t\t\t\t\t<div class=\"elementor-element elementor-element-4e61a23e custom-btn elementor-widget elementor-widget-text-editor\" data-id=\"4e61a23e\" data-element_type=\"widget\" data-widget_type=\"text-editor.default\">\n\t\t\t\t<div class=\"elementor-widget-container\">\n\t\t\t\t\t\t\t<p><a href=\"\/?s\">131 Unterk\u00fcnfte entdecken<\/a><\/p>\t\t\t\t\t\t<\/div>\n\t\t\t\t<\/div>\n\t\t\t\t<div class=\"elementor-element elementor-element-b751ee1 elementor-widget elementor-widget-spacer\" data-id=\"b751ee1\" data-element_type=\"widget\" data-widget_type=\"spacer.default\">\n\t\t\t\t<div class=\"elementor-widget-container\">\n\t\t\t\t\t<div class=\"elementor-spacer\">\n\t\t\t<div class=\"elementor-spacer-inner\"><\/div>\n\t\t<\/div>\n\t\t\t\t<\/div>\n\t\t\t\t<\/div>\n\t\t\t\t\t<\/div>\n\t\t<\/div>\n\t\t\t\t\t\t\t<\/div>\n\t\t<\/section>\n\t\t\t\t<section class=\"elementor-section elementor-top-section elementor-element elementor-element-8b451d5 elementor-section-boxed elementor-section-height-default elementor-section-height-default\" data-id=\"8b451d5\" data-element_type=\"section\">\n\t\t\t\t\t\t<div class=\"elementor-container elementor-column-gap-default\">\n\t\t\t\t\t<div class=\"elementor-column elementor-col-100 elementor-top-column elementor-element elementor-element-3d5bd80\" data-id=\"3d5bd80\" data-element_type=\"column\">\n\t\t\t<div class=\"elementor-widget-wrap elementor-element-populated\">\n\t\t\t\t\t\t\t\t<div class=\"elementor-element elementor-element-e031cab elementor-widget elementor-widget-spacer\" data-id=\"e031cab\" data-element_type=\"widget\" data-widget_type=\"spacer.default\">\n\t\t\t\t<div class=\"elementor-widget-container\">\n\t\t\t\t\t<div class=\"elementor-spacer\">\n\t\t\t<div class=\"elementor-spacer-inner\"><\/div>\n\t\t<\/div>\n\t\t\t\t<\/div>\n\t\t\t\t<\/div>\n\t\t\t\t\t<\/div>\n\t\t<\/div>\n\t\t\t\t\t\t\t<\/div>\n\t\t<\/section>\n\t\t\t\t<section class=\"elementor-section elementor-top-section elementor-element elementor-element-aaf7955 elementor-section-boxed elementor-section-height-default elementor-section-height-default\" data-id=\"aaf7955\" data-element_type=\"section\" data-settings=\"{&quot;background_background&quot;:&quot;gradient&quot;}\">\n\t\t\t\t\t\t<div class=\"elementor-container elementor-column-gap-default\">\n\t\t\t\t\t<div class=\"elementor-column elementor-col-100 elementor-top-column elementor-element elementor-element-494268a\" data-id=\"494268a\" data-element_type=\"column\">\n\t\t\t<div class=\"elementor-widget-wrap elementor-element-populated\">\n\t\t\t\t\t\t\t\t<div class=\"elementor-element elementor-element-77bbeb2 elementor-widget elementor-widget-template\" data-id=\"77bbeb2\" data-element_type=\"widget\" data-widget_type=\"template.default\">\n\t\t\t\t<div class=\"elementor-widget-container\">\n\t\t\t\t\t<div class=\"elementor-template\">\n\t\t\t\t\t<div data-elementor-type=\"section\" data-elementor-id=\"10025\" class=\"elementor elementor-10025\" data-elementor-post-type=\"elementor_library\">\n\t\t\t\t\t\t\t\t<section class=\"elementor-section elementor-top-section elementor-element elementor-element-86d3918 elementor-section-full_width elementor-section-height-default elementor-section-height-default\" data-id=\"86d3918\" data-element_type=\"section\" data-settings=\"{&quot;background_background&quot;:&quot;gradient&quot;}\">\n\t\t\t\t\t\t<div class=\"elementor-container elementor-column-gap-default\">\n\t\t\t\t\t<div class=\"elementor-column elementor-col-100 elementor-top-column elementor-element elementor-element-ff48e81\" data-id=\"ff48e81\" data-element_type=\"column\">\n\t\t\t<div class=\"elementor-widget-wrap elementor-element-populated\">\n\t\t\t\t\t\t\t\t<div class=\"elementor-element elementor-element-0923d3e elementor-widget elementor-widget-spacer\" data-id=\"0923d3e\" data-element_type=\"widget\" data-widget_type=\"spacer.default\">\n\t\t\t\t<div class=\"elementor-widget-container\">\n\t\t\t\t\t<div class=\"elementor-spacer\">\n\t\t\t<div class=\"elementor-spacer-inner\"><\/div>\n\t\t<\/div>\n\t\t\t\t<\/div>\n\t\t\t\t<\/div>\n\t\t\t\t<div class=\"elementor-element elementor-element-ff1b3e7 elementor-widget elementor-widget-heading\" data-id=\"ff1b3e7\" data-element_type=\"widget\" data-widget_type=\"heading.default\">\n\t\t\t\t<div class=\"elementor-widget-container\">\n\t\t\t<h2 class=\"elementor-heading-title elementor-size-default\">Beliebteste Reiseziele im Engadin<\/h2>\t\t<\/div>\n\t\t\t\t<\/div>\n\t\t\t\t<section class=\"elementor-section elementor-inner-section elementor-element elementor-element-767f52e elementor-section-full_width elementor-section-height-min-height elementor-section-height-default\" data-id=\"767f52e\" data-element_type=\"section\">\n\t\t\t\t\t\t<div class=\"elementor-container elementor-column-gap-default\">\n\t\t\t\t\t<div class=\"raven-column-link elementor-column elementor-col-100 elementor-inner-column elementor-element elementor-element-816fe1c\" data-raven-link=\"https:\/\/viva-ferien.ch\/de\/ortschaften\/st-moritz\/\" data-raven-link-target=\"_self\" data-id=\"816fe1c\" data-element_type=\"column\" data-settings=\"{&quot;background_background&quot;:&quot;classic&quot;}\">\n\t\t\t<div class=\"elementor-widget-wrap elementor-element-populated\">\n\t\t\t\t\t<div class=\"elementor-background-overlay\"><\/div>\n\t\t\t\t\t\t\t\t<div class=\"elementor-element elementor-element-9b9a883 elementor-widget elementor-widget-heading\" data-id=\"9b9a883\" data-element_type=\"widget\" data-widget_type=\"heading.default\">\n\t\t\t\t<div class=\"elementor-widget-container\">\n\t\t\t<h4 class=\"elementor-heading-title elementor-size-default\">St. Moritz<\/h4>\t\t<\/div>\n\t\t\t\t<\/div>\n\t\t\t\t<div class=\"elementor-element elementor-element-e4784ff elementor-widget elementor-widget-spacer\" data-id=\"e4784ff\" data-element_type=\"widget\" data-widget_type=\"spacer.default\">\n\t\t\t\t<div class=\"elementor-widget-container\">\n\t\t\t\t\t<div class=\"elementor-spacer\">\n\t\t\t<div class=\"elementor-spacer-inner\"><\/div>\n\t\t<\/div>\n\t\t\t\t<\/div>\n\t\t\t\t<\/div>\n\t\t\t\t<div class=\"elementor-element elementor-element-91c8dd3 no-margin-bottom elementor-widget elementor-widget-text-editor\" data-id=\"91c8dd3\" data-element_type=\"widget\" data-widget_type=\"text-editor.default\">\n\t\t\t\t<div class=\"elementor-widget-container\">\n\t\t\t\t\t\t\t<p>Stilvoll, elegant und luxuri\u00f6s<\/p>\t\t\t\t\t\t<\/div>\n\t\t\t\t<\/div>\n\t\t\t\t\t<\/div>\n\t\t<\/div>\n\t\t\t\t\t\t\t<\/div>\n\t\t<\/section>\n\t\t\t\t\t<\/div>\n\t\t<\/div>\n\t\t\t\t\t\t\t<\/div>\n\t\t<\/section>\n\t\t\t\t<section class=\"elementor-section elementor-top-section elementor-element elementor-element-ef00146 elementor-section-full_width elementor-section-height-default elementor-section-height-default\" data-id=\"ef00146\" data-element_type=\"section\">\n\t\t\t\t\t\t<div class=\"elementor-container elementor-column-gap-default\">\n\t\t\t\t\t<div class=\"elementor-column elementor-col-100 elementor-top-column elementor-element elementor-element-4cee59c\" data-id=\"4cee59c\" data-element_type=\"column\">\n\t\t\t<div class=\"elementor-widget-wrap elementor-element-populated\">\n\t\t\t\t\t\t\t\t<section class=\"elementor-section elementor-inner-section elementor-element elementor-element-16877de elementor-section-full_width elementor-section-height-default elementor-section-height-default\" data-id=\"16877de\" data-element_type=\"section\" data-settings=\"{&quot;background_background&quot;:&quot;gradient&quot;}\">\n\t\t\t\t\t\t<div class=\"elementor-container elementor-column-gap-default\">\n\t\t\t\t\t<div class=\"elementor-column elementor-col-33 elementor-inner-column elementor-element elementor-element-5efe2e4\" data-id=\"5efe2e4\" data-element_type=\"column\">\n\t\t\t<div class=\"elementor-widget-wrap elementor-element-populated\">\n\t\t\t\t\t\t\t\t<section class=\"elementor-section elementor-inner-section elementor-element elementor-element-87b51f6 elementor-section-full_width elementor-section-height-min-height elementor-section-height-default\" data-id=\"87b51f6\" data-element_type=\"section\">\n\t\t\t\t\t\t<div class=\"elementor-container elementor-column-gap-default\">\n\t\t\t\t\t<div class=\"raven-column-link elementor-column elementor-col-100 elementor-inner-column elementor-element elementor-element-c404b33\" data-raven-link=\"https:\/\/viva-ferien.ch\/de\/ortschaften\/celerina\/\" data-raven-link-target=\"_self\" data-id=\"c404b33\" data-element_type=\"column\" data-settings=\"{&quot;background_background&quot;:&quot;classic&quot;}\">\n\t\t\t<div class=\"elementor-widget-wrap elementor-element-populated\">\n\t\t\t\t\t<div class=\"elementor-background-overlay\"><\/div>\n\t\t\t\t\t\t\t\t<div class=\"elementor-element elementor-element-da97e93 elementor-widget elementor-widget-heading\" data-id=\"da97e93\" data-element_type=\"widget\" data-widget_type=\"heading.default\">\n\t\t\t\t<div class=\"elementor-widget-container\">\n\t\t\t<h4 class=\"elementor-heading-title elementor-size-default\">Celerina<\/h4>\t\t<\/div>\n\t\t\t\t<\/div>\n\t\t\t\t<div class=\"elementor-element elementor-element-8fd3e92 elementor-widget elementor-widget-spacer\" data-id=\"8fd3e92\" data-element_type=\"widget\" data-widget_type=\"spacer.default\">\n\t\t\t\t<div class=\"elementor-widget-container\">\n\t\t\t\t\t<div class=\"elementor-spacer\">\n\t\t\t<div class=\"elementor-spacer-inner\"><\/div>\n\t\t<\/div>\n\t\t\t\t<\/div>\n\t\t\t\t<\/div>\n\t\t\t\t<div class=\"elementor-element elementor-element-c200eb2 no-margin-bottom elementor-widget elementor-widget-text-editor\" data-id=\"c200eb2\" data-element_type=\"widget\" data-widget_type=\"text-editor.default\">\n\t\t\t\t<div class=\"elementor-widget-container\">\n\t\t\t\t\t\t\t<p>Idealer Ausgangspunkt f\u00fcr alle Wanderer, Biker, Langl\u00e4ufer und Skifahrer<\/p>\t\t\t\t\t\t<\/div>\n\t\t\t\t<\/div>\n\t\t\t\t\t<\/div>\n\t\t<\/div>\n\t\t\t\t\t\t\t<\/div>\n\t\t<\/section>\n\t\t\t\t\t<\/div>\n\t\t<\/div>\n\t\t\t\t<div class=\"elementor-column elementor-col-33 elementor-inner-column elementor-element elementor-element-780880f\" data-id=\"780880f\" data-element_type=\"column\">\n\t\t\t<div class=\"elementor-widget-wrap elementor-element-populated\">\n\t\t\t\t\t\t\t\t<section class=\"elementor-section elementor-inner-section elementor-element elementor-element-19b5183 elementor-section-full_width elementor-section-height-min-height elementor-section-height-default\" data-id=\"19b5183\" data-element_type=\"section\">\n\t\t\t\t\t\t<div class=\"elementor-container elementor-column-gap-default\">\n\t\t\t\t\t<div class=\"raven-column-link elementor-column elementor-col-100 elementor-inner-column elementor-element elementor-element-f0f8c45\" data-raven-link=\"https:\/\/viva-ferien.ch\/de\/ortschaften\/pontresina\/\" data-raven-link-target=\"_self\" data-id=\"f0f8c45\" data-element_type=\"column\" data-settings=\"{&quot;background_background&quot;:&quot;classic&quot;}\">\n\t\t\t<div class=\"elementor-widget-wrap elementor-element-populated\">\n\t\t\t\t\t\t\t\t<div class=\"elementor-element elementor-element-7eaa8d2 elementor-widget elementor-widget-heading\" data-id=\"7eaa8d2\" data-element_type=\"widget\" data-widget_type=\"heading.default\">\n\t\t\t\t<div class=\"elementor-widget-container\">\n\t\t\t<h4 class=\"elementor-heading-title elementor-size-default\">Pontresina<\/h4>\t\t<\/div>\n\t\t\t\t<\/div>\n\t\t\t\t<div class=\"elementor-element elementor-element-3f6d696 elementor-widget elementor-widget-spacer\" data-id=\"3f6d696\" data-element_type=\"widget\" data-widget_type=\"spacer.default\">\n\t\t\t\t<div class=\"elementor-widget-container\">\n\t\t\t\t\t<div class=\"elementor-spacer\">\n\t\t\t<div class=\"elementor-spacer-inner\"><\/div>\n\t\t<\/div>\n\t\t\t\t<\/div>\n\t\t\t\t<\/div>\n\t\t\t\t<div class=\"elementor-element elementor-element-ccfe831 no-margin-bottom elementor-widget elementor-widget-text-editor\" data-id=\"ccfe831\" data-element_type=\"widget\" data-widget_type=\"text-editor.default\">\n\t\t\t\t<div class=\"elementor-widget-container\">\n\t\t\t\t\t\t\t<p>Ein Eldorado f\u00fcr Entdecker und Geniesser<\/p>\t\t\t\t\t\t<\/div>\n\t\t\t\t<\/div>\n\t\t\t\t\t<\/div>\n\t\t<\/div>\n\t\t\t\t\t\t\t<\/div>\n\t\t<\/section>\n\t\t\t\t\t<\/div>\n\t\t<\/div>\n\t\t\t\t<div class=\"elementor-column elementor-col-33 elementor-inner-column elementor-element elementor-element-ebf49f4\" data-id=\"ebf49f4\" data-element_type=\"column\">\n\t\t\t<div class=\"elementor-widget-wrap elementor-element-populated\">\n\t\t\t\t\t\t\t\t<section class=\"elementor-section elementor-inner-section elementor-element elementor-element-6ef7b84 elementor-section-full_width elementor-section-height-min-height elementor-section-height-default\" data-id=\"6ef7b84\" data-element_type=\"section\">\n\t\t\t\t\t\t<div class=\"elementor-container elementor-column-gap-default\">\n\t\t\t\t\t<div class=\"raven-column-link elementor-column elementor-col-100 elementor-inner-column elementor-element elementor-element-42bbc17\" data-raven-link=\"https:\/\/viva-ferien.ch\/de\/ortschaften\/samedan\/\" data-raven-link-target=\"_self\" data-id=\"42bbc17\" data-element_type=\"column\" data-settings=\"{&quot;background_background&quot;:&quot;classic&quot;}\">\n\t\t\t<div class=\"elementor-widget-wrap elementor-element-populated\">\n\t\t\t\t\t<div class=\"elementor-background-overlay\"><\/div>\n\t\t\t\t\t\t\t\t<div class=\"elementor-element elementor-element-0f97324 elementor-widget elementor-widget-heading\" data-id=\"0f97324\" data-element_type=\"widget\" data-widget_type=\"heading.default\">\n\t\t\t\t<div class=\"elementor-widget-container\">\n\t\t\t<h4 class=\"elementor-heading-title elementor-size-default\">Samedan<\/h4>\t\t<\/div>\n\t\t\t\t<\/div>\n\t\t\t\t<div class=\"elementor-element elementor-element-acca31c elementor-widget elementor-widget-spacer\" data-id=\"acca31c\" data-element_type=\"widget\" data-widget_type=\"spacer.default\">\n\t\t\t\t<div class=\"elementor-widget-container\">\n\t\t\t\t\t<div class=\"elementor-spacer\">\n\t\t\t<div class=\"elementor-spacer-inner\"><\/div>\n\t\t<\/div>\n\t\t\t\t<\/div>\n\t\t\t\t<\/div>\n\t\t\t\t<div class=\"elementor-element elementor-element-1366ad6 no-margin-bottom elementor-widget elementor-widget-text-editor\" data-id=\"1366ad6\" data-element_type=\"widget\" data-widget_type=\"text-editor.default\">\n\t\t\t\t<div class=\"elementor-widget-container\">\n\t\t\t\t\t\t\t<p>Authentisch und traditionell<\/p>\t\t\t\t\t\t<\/div>\n\t\t\t\t<\/div>\n\t\t\t\t\t<\/div>\n\t\t<\/div>\n\t\t\t\t\t\t\t<\/div>\n\t\t<\/section>\n\t\t\t\t\t<\/div>\n\t\t<\/div>\n\t\t\t\t\t\t\t<\/div>\n\t\t<\/section>\n\t\t\t\t\t<\/div>\n\t\t<\/div>\n\t\t\t\t\t\t\t<\/div>\n\t\t<\/section>\n\t\t\t\t<section class=\"elementor-section elementor-top-section elementor-element elementor-element-f343ec1 elementor-section-boxed elementor-section-height-default elementor-section-height-default\" data-id=\"f343ec1\" data-element_type=\"section\">\n\t\t\t\t\t\t<div class=\"elementor-container elementor-column-gap-default\">\n\t\t\t\t\t<div class=\"elementor-column elementor-col-100 elementor-top-column elementor-element elementor-element-1d192be\" data-id=\"1d192be\" data-element_type=\"column\">\n\t\t\t<div class=\"elementor-widget-wrap elementor-element-populated\">\n\t\t\t\t\t\t\t\t<div class=\"elementor-element elementor-element-ace7e58 elementor-widget elementor-widget-spacer\" data-id=\"ace7e58\" data-element_type=\"widget\" data-widget_type=\"spacer.default\">\n\t\t\t\t<div class=\"elementor-widget-container\">\n\t\t\t\t\t<div class=\"elementor-spacer\">\n\t\t\t<div class=\"elementor-spacer-inner\"><\/div>\n\t\t<\/div>\n\t\t\t\t<\/div>\n\t\t\t\t<\/div>\n\t\t\t\t\t<\/div>\n\t\t<\/div>\n\t\t\t\t\t\t\t<\/div>\n\t\t<\/section>\n\t\t\t\t\t\t<\/div>\n\t\t\t\t<\/div>\n\t\t\t\t<\/div>\n\t\t\t\t<\/div>\n\t\t\t\t\t<\/div>\n\t\t<\/div>\n\t\t\t\t\t\t\t<\/div>\n\t\t<\/section>\n\t\t\t\t\t\t\t<\/div>\n\t\t","protected":false},"excerpt":{"rendered":"<p>Ferienh\u00e4user und Villen in St. Moritz &#8211; Engadin Unsere Ferienh\u00e4user und Villen in St. Moritz &#8211; Engadin in den weltbekannten Schweizer Alpen begeistern auch anspruchsvolle, internationale Kundschaft und G\u00e4ste. Von grossz\u00fcgigen Panoramafenstern und ger\u00e4umigen Terrassen k\u00f6nnen Sie die majest\u00e4tischen Gipfel und teilweise atemberaubenden Hochplateau Seen bewundern. Das Gl\u00fccksgef\u00fchl scheint komplett! Die Ferienh\u00e4user und Villen von [&hellip;]<\/p>\n","protected":false},"author":1,"featured_media":9431,"parent":0,"menu_order":0,"comment_status":"closed","ping_status":"closed","template":"elementor_header_footer","meta":{"_acf_changed":false,"footnotes":""},"landingpage":[],"acf":[],"yoast_head":"<!-- This site is optimized with the Yoast SEO plugin v22.3 - https:\/\/yoast.com\/wordpress\/plugins\/seo\/ -->\n<title>Ferienh\u00e4user in St. Moritz - Engadin - VIVA-Ferien<\/title>\n<meta name=\"description\" content=\"Die Ferienh\u00e4user in St. Moritz - Engadin von VIVA-Ferien bieten au\u00dferdem eine exklusive Ausstattung mit hochwertigen Annehmlichkeiten.\" \/>\n<meta name=\"robots\" content=\"index, follow, max-snippet:-1, max-image-preview:large, max-video-preview:-1\" \/>\n<link rel=\"canonical\" href=\"https:\/\/viva-ferien.ch\/de\/ferienhaeuser-in-st-moritz-engadin\/\" \/>\n<meta property=\"og:locale\" content=\"de_DE\" \/>\n<meta property=\"og:type\" content=\"article\" \/>\n<meta property=\"og:title\" content=\"Ferienh\u00e4user in St. Moritz - Engadin - VIVA-Ferien\" \/>\n<meta property=\"og:description\" content=\"Die Ferienh\u00e4user in St. Moritz - Engadin von VIVA-Ferien bieten au\u00dferdem eine exklusive Ausstattung mit hochwertigen Annehmlichkeiten.\" \/>\n<meta property=\"og:url\" content=\"https:\/\/viva-ferien.ch\/de\/ferienhaeuser-in-st-moritz-engadin\/\" \/>\n<meta property=\"og:site_name\" content=\"VIVA-Ferien\" \/>\n<meta property=\"article:modified_time\" content=\"2024-01-02T11:12:46+00:00\" \/>\n<meta property=\"og:image\" content=\"https:\/\/viva-ferien.ch\/wp-content\/uploads\/2023\/06\/alps-g33927aa60_1280.jpg\" \/>\n\t<meta property=\"og:image:width\" content=\"1280\" \/>\n\t<meta property=\"og:image:height\" content=\"853\" \/>\n\t<meta property=\"og:image:type\" content=\"image\/jpeg\" \/>\n<meta name=\"twitter:card\" content=\"summary_large_image\" \/>\n<meta name=\"twitter:label1\" content=\"Gesch\u00e4tzte Lesezeit\" \/>\n\t<meta name=\"twitter:data1\" content=\"23\u00a0Minuten\" \/>\n<script type=\"application\/ld+json\" class=\"yoast-schema-graph\">{\"@context\":\"https:\/\/schema.org\",\"@graph\":[{\"@type\":\"WebPage\",\"@id\":\"https:\/\/viva-ferien.ch\/de\/ferienhaeuser-in-st-moritz-engadin\/\",\"url\":\"https:\/\/viva-ferien.ch\/de\/ferienhaeuser-in-st-moritz-engadin\/\",\"name\":\"Ferienh\u00e4user in St. Moritz - Engadin - VIVA-Ferien\",\"isPartOf\":{\"@id\":\"https:\/\/viva-ferien.ch\/de\/#website\"},\"primaryImageOfPage\":{\"@id\":\"https:\/\/viva-ferien.ch\/de\/ferienhaeuser-in-st-moritz-engadin\/#primaryimage\"},\"image\":{\"@id\":\"https:\/\/viva-ferien.ch\/de\/ferienhaeuser-in-st-moritz-engadin\/#primaryimage\"},\"thumbnailUrl\":\"https:\/\/viva-ferien.ch\/wp-content\/uploads\/2023\/06\/alps-g33927aa60_1280.jpg\",\"datePublished\":\"2023-06-29T15:22:04+00:00\",\"dateModified\":\"2024-01-02T11:12:46+00:00\",\"description\":\"Die Ferienh\u00e4user in St. Moritz - Engadin von VIVA-Ferien bieten au\u00dferdem eine exklusive Ausstattung mit hochwertigen Annehmlichkeiten.\",\"breadcrumb\":{\"@id\":\"https:\/\/viva-ferien.ch\/de\/ferienhaeuser-in-st-moritz-engadin\/#breadcrumb\"},\"inLanguage\":\"de\",\"potentialAction\":[{\"@type\":\"ReadAction\",\"target\":[\"https:\/\/viva-ferien.ch\/de\/ferienhaeuser-in-st-moritz-engadin\/\"]}]},{\"@type\":\"ImageObject\",\"inLanguage\":\"de\",\"@id\":\"https:\/\/viva-ferien.ch\/de\/ferienhaeuser-in-st-moritz-engadin\/#primaryimage\",\"url\":\"https:\/\/viva-ferien.ch\/wp-content\/uploads\/2023\/06\/alps-g33927aa60_1280.jpg\",\"contentUrl\":\"https:\/\/viva-ferien.ch\/wp-content\/uploads\/2023\/06\/alps-g33927aa60_1280.jpg\",\"width\":1280,\"height\":853,\"caption\":\"Ferienh\u00e4user in St. Moritz Engadin, mit dem weiten Blick ins Tal, auf den See und die dahinter liegende Bergkette. Sommerliche Temperaturen und ein blauer Himmel sind zu erahnen.\"},{\"@type\":\"BreadcrumbList\",\"@id\":\"https:\/\/viva-ferien.ch\/de\/ferienhaeuser-in-st-moritz-engadin\/#breadcrumb\",\"itemListElement\":[{\"@type\":\"ListItem\",\"position\":1,\"name\":\"VIVA\",\"item\":\"https:\/\/viva-ferien.ch\/de\/\"},{\"@type\":\"ListItem\",\"position\":2,\"name\":\"Ferienh\u00e4user in St. Moritz &#8211; Engadin\"}]},{\"@type\":\"WebSite\",\"@id\":\"https:\/\/viva-ferien.ch\/de\/#website\",\"url\":\"https:\/\/viva-ferien.ch\/de\/\",\"name\":\"VIVA-Ferien\",\"description\":\"Ferienwohnungen, Rental, Immobilien, Real Estate, St. Moritz, Engadin.\",\"potentialAction\":[{\"@type\":\"SearchAction\",\"target\":{\"@type\":\"EntryPoint\",\"urlTemplate\":\"https:\/\/viva-ferien.ch\/de\/?s={search_term_string}\"},\"query-input\":\"required name=search_term_string\"}],\"inLanguage\":\"de\"}]}<\/script>\n<!-- \/ Yoast SEO plugin. -->","yoast_head_json":{"title":"Ferienh\u00e4user in St. Moritz - Engadin - VIVA-Ferien","description":"Die Ferienh\u00e4user in St. Moritz - Engadin von VIVA-Ferien bieten au\u00dferdem eine exklusive Ausstattung mit hochwertigen Annehmlichkeiten.","robots":{"index":"index","follow":"follow","max-snippet":"max-snippet:-1","max-image-preview":"max-image-preview:large","max-video-preview":"max-video-preview:-1"},"canonical":"https:\/\/viva-ferien.ch\/de\/ferienhaeuser-in-st-moritz-engadin\/","og_locale":"de_DE","og_type":"article","og_title":"Ferienh\u00e4user in St. Moritz - Engadin - VIVA-Ferien","og_description":"Die Ferienh\u00e4user in St. Moritz - Engadin von VIVA-Ferien bieten au\u00dferdem eine exklusive Ausstattung mit hochwertigen Annehmlichkeiten.","og_url":"https:\/\/viva-ferien.ch\/de\/ferienhaeuser-in-st-moritz-engadin\/","og_site_name":"VIVA-Ferien","article_modified_time":"2024-01-02T11:12:46+00:00","og_image":[{"width":1280,"height":853,"url":"https:\/\/viva-ferien.ch\/wp-content\/uploads\/2023\/06\/alps-g33927aa60_1280.jpg","type":"image\/jpeg"}],"twitter_card":"summary_large_image","twitter_misc":{"Gesch\u00e4tzte Lesezeit":"23\u00a0Minuten"},"schema":{"@context":"https:\/\/schema.org","@graph":[{"@type":"WebPage","@id":"https:\/\/viva-ferien.ch\/de\/ferienhaeuser-in-st-moritz-engadin\/","url":"https:\/\/viva-ferien.ch\/de\/ferienhaeuser-in-st-moritz-engadin\/","name":"Ferienh\u00e4user in St. Moritz - Engadin - VIVA-Ferien","isPartOf":{"@id":"https:\/\/viva-ferien.ch\/de\/#website"},"primaryImageOfPage":{"@id":"https:\/\/viva-ferien.ch\/de\/ferienhaeuser-in-st-moritz-engadin\/#primaryimage"},"image":{"@id":"https:\/\/viva-ferien.ch\/de\/ferienhaeuser-in-st-moritz-engadin\/#primaryimage"},"thumbnailUrl":"https:\/\/viva-ferien.ch\/wp-content\/uploads\/2023\/06\/alps-g33927aa60_1280.jpg","datePublished":"2023-06-29T15:22:04+00:00","dateModified":"2024-01-02T11:12:46+00:00","description":"Die Ferienh\u00e4user in St. Moritz - Engadin von VIVA-Ferien bieten au\u00dferdem eine exklusive Ausstattung mit hochwertigen Annehmlichkeiten.","breadcrumb":{"@id":"https:\/\/viva-ferien.ch\/de\/ferienhaeuser-in-st-moritz-engadin\/#breadcrumb"},"inLanguage":"de","potentialAction":[{"@type":"ReadAction","target":["https:\/\/viva-ferien.ch\/de\/ferienhaeuser-in-st-moritz-engadin\/"]}]},{"@type":"ImageObject","inLanguage":"de","@id":"https:\/\/viva-ferien.ch\/de\/ferienhaeuser-in-st-moritz-engadin\/#primaryimage","url":"https:\/\/viva-ferien.ch\/wp-content\/uploads\/2023\/06\/alps-g33927aa60_1280.jpg","contentUrl":"https:\/\/viva-ferien.ch\/wp-content\/uploads\/2023\/06\/alps-g33927aa60_1280.jpg","width":1280,"height":853,"caption":"Ferienh\u00e4user in St. Moritz Engadin, mit dem weiten Blick ins Tal, auf den See und die dahinter liegende Bergkette. Sommerliche Temperaturen und ein blauer Himmel sind zu erahnen."},{"@type":"BreadcrumbList","@id":"https:\/\/viva-ferien.ch\/de\/ferienhaeuser-in-st-moritz-engadin\/#breadcrumb","itemListElement":[{"@type":"ListItem","position":1,"name":"VIVA","item":"https:\/\/viva-ferien.ch\/de\/"},{"@type":"ListItem","position":2,"name":"Ferienh\u00e4user in St. Moritz &#8211; Engadin"}]},{"@type":"WebSite","@id":"https:\/\/viva-ferien.ch\/de\/#website","url":"https:\/\/viva-ferien.ch\/de\/","name":"VIVA-Ferien","description":"Ferienwohnungen, Rental, Immobilien, Real Estate, St. Moritz, Engadin.","potentialAction":[{"@type":"SearchAction","target":{"@type":"EntryPoint","urlTemplate":"https:\/\/viva-ferien.ch\/de\/?s={search_term_string}"},"query-input":"required name=search_term_string"}],"inLanguage":"de"}]}},"_links":{"self":[{"href":"https:\/\/viva-ferien.ch\/de\/wp-json\/wp\/v2\/pages\/9425"}],"collection":[{"href":"https:\/\/viva-ferien.ch\/de\/wp-json\/wp\/v2\/pages"}],"about":[{"href":"https:\/\/viva-ferien.ch\/de\/wp-json\/wp\/v2\/types\/page"}],"author":[{"embeddable":true,"href":"https:\/\/viva-ferien.ch\/de\/wp-json\/wp\/v2\/users\/1"}],"replies":[{"embeddable":true,"href":"https:\/\/viva-ferien.ch\/de\/wp-json\/wp\/v2\/comments?post=9425"}],"version-history":[{"count":20,"href":"https:\/\/viva-ferien.ch\/de\/wp-json\/wp\/v2\/pages\/9425\/revisions"}],"predecessor-version":[{"id":11632,"href":"https:\/\/viva-ferien.ch\/de\/wp-json\/wp\/v2\/pages\/9425\/revisions\/11632"}],"wp:featuredmedia":[{"embeddable":true,"href":"https:\/\/viva-ferien.ch\/de\/wp-json\/wp\/v2\/media\/9431"}],"wp:attachment":[{"href":"https:\/\/viva-ferien.ch\/de\/wp-json\/wp\/v2\/media?parent=9425"}],"wp:term":[{"taxonomy":"landingpage","embeddable":true,"href":"https:\/\/viva-ferien.ch\/de\/wp-json\/wp\/v2\/landingpage?post=9425"}],"curies":[{"name":"wp","href":"https:\/\/api.w.org\/{rel}","templated":true}]}}