{"id":8769,"date":"2023-04-04T15:42:04","date_gmt":"2023-04-04T13:42:04","guid":{"rendered":"https:\/\/viva-ferien.ch\/?page_id=8769"},"modified":"2024-03-26T15:03:11","modified_gmt":"2024-03-26T14:03:11","slug":"ferienwohnung-in-pontresina","status":"publish","type":"page","link":"https:\/\/viva-ferien.ch\/de\/ferienwohnung-in-pontresina\/","title":{"rendered":"Ferienwohnung in Pontresina"},"content":{"rendered":"\t\t<div data-elementor-type=\"wp-page\" data-elementor-id=\"8769\" class=\"elementor elementor-8769\" data-elementor-post-type=\"page\">\n\t\t\t\t\t\t\t\t\t<section class=\"elementor-section elementor-top-section elementor-element elementor-element-760ab9af elementor-section-full_width elementor-section-height-default elementor-section-height-default\" data-id=\"760ab9af\" data-element_type=\"section\">\n\t\t\t\t\t\t<div class=\"elementor-container elementor-column-gap-default\">\n\t\t\t\t\t<div class=\"elementor-column elementor-col-100 elementor-top-column elementor-element elementor-element-587466ee\" data-id=\"587466ee\" data-element_type=\"column\">\n\t\t\t<div class=\"elementor-widget-wrap elementor-element-populated\">\n\t\t\t\t\t\t\t\t<div class=\"elementor-element elementor-element-27c5c0f6 elementor-widget elementor-widget-template\" data-id=\"27c5c0f6\" data-element_type=\"widget\" data-widget_type=\"template.default\">\n\t\t\t\t<div class=\"elementor-widget-container\">\n\t\t\t\t\t<div class=\"elementor-template\">\n\t\t\t\t\t<div data-elementor-type=\"section\" data-elementor-id=\"5202\" class=\"elementor elementor-5202\" data-elementor-post-type=\"elementor_library\">\n\t\t\t\t\t\t\t\t<section class=\"elementor-section elementor-top-section elementor-element elementor-element-5c4d34f0 elementor-section-height-min-height elementor-section-items-stretch hero-section elementor-section-boxed elementor-section-height-default\" data-id=\"5c4d34f0\" data-element_type=\"section\" data-settings=\"{&quot;background_background&quot;:&quot;classic&quot;}\">\n\t\t\t\t\t\t\t<div class=\"elementor-background-overlay\"><\/div>\n\t\t\t\t\t\t\t<div class=\"elementor-container elementor-column-gap-default\">\n\t\t\t\t\t<div class=\"elementor-column elementor-col-100 elementor-top-column elementor-element elementor-element-59da9fc4\" data-id=\"59da9fc4\" data-element_type=\"column\">\n\t\t\t<div class=\"elementor-widget-wrap elementor-element-populated\">\n\t\t\t\t\t\t\t\t<div class=\"elementor-element elementor-element-3cf229f8 h2 elementor-widget elementor-widget-heading\" data-id=\"3cf229f8\" data-element_type=\"widget\" data-widget_type=\"heading.default\">\n\t\t\t\t<div class=\"elementor-widget-container\">\n\t\t\t<style>\/*! elementor - v3.15.0 - 20-08-2023 *\/\n.elementor-heading-title{padding:0;margin:0;line-height:1}.elementor-widget-heading .elementor-heading-title[class*=elementor-size-]>a{color:inherit;font-size:inherit;line-height:inherit}.elementor-widget-heading .elementor-heading-title.elementor-size-small{font-size:15px}.elementor-widget-heading .elementor-heading-title.elementor-size-medium{font-size:19px}.elementor-widget-heading .elementor-heading-title.elementor-size-large{font-size:29px}.elementor-widget-heading .elementor-heading-title.elementor-size-xl{font-size:39px}.elementor-widget-heading .elementor-heading-title.elementor-size-xxl{font-size:59px}<\/style><h1 class=\"elementor-heading-title elementor-size-default\">Ferienwohnung in Pontresina<\/h1>\t\t<\/div>\n\t\t\t\t<\/div>\n\t\t\t\t\t<\/div>\n\t\t<\/div>\n\t\t\t\t\t\t\t<\/div>\n\t\t<\/section>\n\t\t\t\t\t\t<\/div>\n\t\t\t\t<\/div>\n\t\t\t\t<\/div>\n\t\t\t\t<\/div>\n\t\t\t\t\t<\/div>\n\t\t<\/div>\n\t\t\t\t\t\t\t<\/div>\n\t\t<\/section>\n\t\t\t\t<section class=\"elementor-section elementor-top-section elementor-element elementor-element-3988a00 default-container elementor-section-boxed elementor-section-height-default elementor-section-height-default\" data-id=\"3988a00\" data-element_type=\"section\">\n\t\t\t\t\t\t<div class=\"elementor-container elementor-column-gap-default\">\n\t\t\t\t\t<div class=\"elementor-column elementor-col-100 elementor-top-column elementor-element elementor-element-829c5ba\" data-id=\"829c5ba\" data-element_type=\"column\">\n\t\t\t<div class=\"elementor-widget-wrap elementor-element-populated\">\n\t\t\t\t\t\t\t\t<div class=\"elementor-element elementor-element-42586d05 elementor-widget elementor-widget-breadcrumbs\" data-id=\"42586d05\" data-element_type=\"widget\" data-widget_type=\"breadcrumbs.default\">\n\t\t\t\t<div class=\"elementor-widget-container\">\n\t\t\t<link rel=\"stylesheet\" href=\"https:\/\/viva-ferien.ch\/wp-content\/plugins\/elementor-pro\/assets\/css\/widget-theme-elements.min.css\"><p id=\"breadcrumbs\"><span><span><a href=\"https:\/\/viva-ferien.ch\/de\/\">VIVA<\/a><\/span><\/span><\/p>\t\t<\/div>\n\t\t\t\t<\/div>\n\t\t\t\t<div class=\"elementor-element elementor-element-116462a8 elementor-widget elementor-widget-heading\" data-id=\"116462a8\" data-element_type=\"widget\" data-widget_type=\"heading.default\">\n\t\t\t\t<div class=\"elementor-widget-container\">\n\t\t\t<h2 class=\"elementor-heading-title elementor-size-default\">Ferienwohnung in Pontresina<\/h2>\t\t<\/div>\n\t\t\t\t<\/div>\n\t\t\t\t<div class=\"elementor-element elementor-element-39871615 elementor-widget-laptop__width-initial elementor-widget elementor-widget-text-editor\" data-id=\"39871615\" data-element_type=\"widget\" data-widget_type=\"text-editor.default\">\n\t\t\t\t<div class=\"elementor-widget-container\">\n\t\t\t<style>\/*! elementor - v3.15.0 - 20-08-2023 *\/\n.elementor-widget-text-editor.elementor-drop-cap-view-stacked .elementor-drop-cap{background-color:#69727d;color:#fff}.elementor-widget-text-editor.elementor-drop-cap-view-framed .elementor-drop-cap{color:#69727d;border:3px solid;background-color:transparent}.elementor-widget-text-editor:not(.elementor-drop-cap-view-default) .elementor-drop-cap{margin-top:8px}.elementor-widget-text-editor:not(.elementor-drop-cap-view-default) .elementor-drop-cap-letter{width:1em;height:1em}.elementor-widget-text-editor .elementor-drop-cap{float:left;text-align:center;line-height:1;font-size:50px}.elementor-widget-text-editor .elementor-drop-cap-letter{display:inline-block}<\/style>\t\t\t\t<p>\u00a0<\/p><p><b>Tauchen Sie in Pontresina in die Bergwelt ein und buchen Sie erholsame Tage in einer VIVA-Ferienwohnung.\u00a0<\/b><\/p><p>Pontresina thront malerisch auf 1.800 Metern \u00fcber dem Meeresspiegel am linken Seitenhang des Berninatals. Sein einzigartiger Charme wird durch die malerische Mischung aus traditionellen Engadiner Bauern- und Patrizierh\u00e4usern mit reichen Sgraffito-Verzierungen sowie eleganten Hotelbauten aus der Belle Epoque gepr\u00e4gt.\u00a0<\/p><p><b style=\"background-color: rgba(255, 255, 255, 0); color: var( --e-global-color-primary );\">Unabh\u00e4ngig, ger\u00e4umig und g\u00fcnstig eine Ferienwohnung oder Ferienhaus in Pontresina zu mieten ist zu jeder Jahreszeit eine ausgezeichnete Wahl.<\/b><\/p><p><span style=\"background-color: rgba(255, 255, 255, 0); color: var( --e-global-color-primary );\">Mit einem breiten Angebot an Sport- und Kulturaktivit\u00e4ten ist Pontresina das ganze Jahr \u00fcber ein attraktives Reiseziel. Wenn Sie hier eine Ferienwohnung oder ein Ferienhaus buchen, erwartet Sie eine abwechslungsreiche Zeit zwischen gut duftenden Arvenw\u00e4ldern und den majest\u00e4tischen Gletschern des Bernina-Massivs. Im Winter lockt Pontresina mit dem familienfreundlichen Skigebiet San Spiert und der N\u00e4he zu den Pisten von Diavolezza\/Lagalb. Dort erwartet Sie nicht nur die l\u00e4ngste Gletscherabfahrt der Schweiz, sondern auch der steilste Skihang im Kanton Graub\u00fcnden mit einem Gef\u00e4lle von 86 Prozent. Langl\u00e4uferinnen und Langl\u00e4ufer k\u00f6nnen eine entspannte Tour auf den Loipen unternehmen oder eine romantische Pferdeschlittenfahrt durch das autofreie Val Roseg genie\u00dfen. Wer das lebhafte Treiben von St. Moritz erleben m\u00f6chte, erreicht den Nachbarort nach nur sechs Kilometern Fahrt.<\/span><\/p><p>W\u00e4hrend der Sommermonate erkunden Aktivurlauber gerne das 580 Kilometer lange Wanderwegenetz rund um das Berninatal. Ambitionierte Wanderer k\u00f6nnen den Piz Pal\u00fc oder den Piz Bernina erklimmen, zwei der h\u00f6chsten Gipfel der Ostalpen. Mit der Standseilbahn gelangen Sie bequem auf den Aussichtsberg Muottas Muragl, von wo aus Sie herrliche Wanderungen unternehmen k\u00f6nnen oder einfach den Blick auf die Seenlandschaft des Oberengadins genie\u00dfen k\u00f6nnen. Eine Fahrt mit der Bernina-Bahn ist ein unvergessliches Erlebnis. Die Panoramastrecke f\u00fchrt \u00fcber den Bernina-Pass ins S\u00fcdtal Puschlav und \u00fcber die italienische Grenze ins Veltlin.\u00a0 In der Alp-Schauk\u00e4serei Morteratsch k\u00f6nnen Sie in die Tradition der Senner eintauchen und regionale Spezialit\u00e4ten probieren. <span style=\"background-color: rgba(255, 255, 255, 0); color: var( --e-global-color-primary );\">Kein Wunder, dass eine <\/span>Ferienwohnung in Pontresina<span style=\"background-color: rgba(255, 255, 255, 0); color: var( --e-global-color-primary );\"> ein immer beliebteres Urlaubsziel wird. Um Ihren Ferienaufenthalt perfekt zu machen, bieten wir Ihnen eine gro\u00dfe Auswahl an modernen und gem\u00fctlichen <\/span>Ferienwohnungen in Pontresina.<\/p>\t\t\t\t\t\t<\/div>\n\t\t\t\t<\/div>\n\t\t\t\t\t<\/div>\n\t\t<\/div>\n\t\t\t\t\t\t\t<\/div>\n\t\t<\/section>\n\t\t\t\t<section class=\"elementor-section elementor-top-section elementor-element elementor-element-6ffba318 slide-section elementor-section-full_width elementor-section-height-default elementor-section-height-default\" data-id=\"6ffba318\" data-element_type=\"section\">\n\t\t\t\t\t\t<div class=\"elementor-container elementor-column-gap-default\">\n\t\t\t\t\t<div class=\"elementor-column elementor-col-100 elementor-top-column elementor-element elementor-element-75f0e288 raven-column-flex-horizontal\" data-id=\"75f0e288\" data-element_type=\"column\">\n\t\t\t<div class=\"elementor-widget-wrap elementor-element-populated\">\n\t\t\t\t\t\t\t\t<section class=\"elementor-section elementor-inner-section elementor-element elementor-element-53de7bb smallbox elementor-section-boxed elementor-section-height-default elementor-section-height-default\" data-id=\"53de7bb\" data-element_type=\"section\">\n\t\t\t\t\t\t<div class=\"elementor-container elementor-column-gap-default\">\n\t\t\t\t\t<div class=\"elementor-column elementor-col-100 elementor-inner-column elementor-element elementor-element-700b45a0\" data-id=\"700b45a0\" data-element_type=\"column\">\n\t\t\t<div class=\"elementor-widget-wrap elementor-element-populated\">\n\t\t\t\t\t\t\t\t<div class=\"elementor-element elementor-element-63ba5a9f elementor-widget elementor-widget-heading\" data-id=\"63ba5a9f\" data-element_type=\"widget\" data-widget_type=\"heading.default\">\n\t\t\t\t<div class=\"elementor-widget-container\">\n\t\t\t<h2 class=\"elementor-heading-title elementor-size-default\">Ferienwohnungen <br><h2 data-elementor-setting-key=\"title\" data-pen-placeholder=\"Eingabe hier...\" style=\"color: rgb(23, 55, 94);\"><span style=\"background-color: rgba(255, 255, 255, 0);\">von VIVA-Ferien<\/span><br><\/h2>in Pontresina <\/h2>\t\t<\/div>\n\t\t\t\t<\/div>\n\t\t\t\t<div class=\"elementor-element elementor-element-2434c609 elementor-widget elementor-widget-text-editor\" data-id=\"2434c609\" data-element_type=\"widget\" data-widget_type=\"text-editor.default\">\n\t\t\t\t<div class=\"elementor-widget-container\">\n\t\t\t\t\t\t\t<p>Mit einem Ferienappartement in<strong>\u00a0Pontresina<\/strong> sichern Sie sich Unabh\u00e4ngigkeit, Raum und Privatsph\u00e4re. Buchen Sie das Ferienobjekt direkt und sicher bei Ihrem lokalen Anbieter VIVA-Ferien.\u00a0<\/p><p>\u00a0<\/p>\t\t\t\t\t\t<\/div>\n\t\t\t\t<\/div>\n\t\t\t\t<div class=\"elementor-element elementor-element-14620490 elementor-widget elementor-widget-button\" data-id=\"14620490\" data-element_type=\"widget\" data-widget_type=\"button.default\">\n\t\t\t\t<div class=\"elementor-widget-container\">\n\t\t\t\t\t<div class=\"elementor-button-wrapper\">\n\t\t\t<a class=\"elementor-button elementor-button-link elementor-size-sm\" href=\"\/?s\">\n\t\t\t\t\t\t<span class=\"elementor-button-content-wrapper\">\n\t\t\t\t\t\t<span class=\"elementor-button-text\">Alle Unterk\u00fcnfte<\/span>\n\t\t<\/span>\n\t\t\t\t\t<\/a>\n\t\t<\/div>\n\t\t\t\t<\/div>\n\t\t\t\t<\/div>\n\t\t\t\t\t<\/div>\n\t\t<\/div>\n\t\t\t\t\t\t\t<\/div>\n\t\t<\/section>\n\t\t\t\t<div class=\"elementor-element elementor-element-4c835863 beontest beon-slide-list beon-unit-slider elementor-widget elementor-widget-shortcode\" data-id=\"4c835863\" data-element_type=\"widget\" data-widget_type=\"shortcode.default\">\n\t\t\t\t<div class=\"elementor-widget-container\">\n\t\t\t\t\t<div class=\"elementor-shortcode\"><div class=\"swiper\"><div class=\"swiper-wrapper\"><div class=\"swiper-slide\"><div class=\"swiperlisting\">\t\t\t\t<div id=\"slider\" class=\"flexslider\">\n\t\t\t<ul class=\"slides\">\n\t\t\t\t\t\t\t\t\t<li>\n\t\t\t\t\t\t<a href=\"https:\/\/viva-ferien.ch\/de\/unterkuenfte\/muragls-3\/\">\n\t\t\t\t\t\t\t<img decoding=\"async\" src=\"https:\/\/viva-ferien.ch\/wp-content\/uploads\/2023\/09\/mf13600987-1024x576.jpg\" alt=\"Muragls 3-0\" \/>\n\t\t\t\t\t\t<\/a>\n\t\t\t\t\t<\/li>\n\t\t\t\t\t\t\t\t\t<li>\n\t\t\t\t\t\t<a href=\"https:\/\/viva-ferien.ch\/de\/unterkuenfte\/muragls-3\/\">\n\t\t\t\t\t\t\t<img decoding=\"async\" src=\"https:\/\/viva-ferien.ch\/wp-content\/uploads\/2023\/09\/mf13601008-1024x576.jpg\" alt=\"Muragls 3-1\" \/>\n\t\t\t\t\t\t<\/a>\n\t\t\t\t\t<\/li>\n\t\t\t\t\t\t\t\t\t<li>\n\t\t\t\t\t\t<a href=\"https:\/\/viva-ferien.ch\/de\/unterkuenfte\/muragls-3\/\">\n\t\t\t\t\t\t\t<img decoding=\"async\" src=\"https:\/\/viva-ferien.ch\/wp-content\/uploads\/2023\/09\/mf13600984-1024x576.jpg\" alt=\"Muragls 3-2\" \/>\n\t\t\t\t\t\t<\/a>\n\t\t\t\t\t<\/li>\n\t\t\t\t\t\t\t\t\t<li>\n\t\t\t\t\t\t<a href=\"https:\/\/viva-ferien.ch\/de\/unterkuenfte\/muragls-3\/\">\n\t\t\t\t\t\t\t<img decoding=\"async\" src=\"https:\/\/viva-ferien.ch\/wp-content\/uploads\/2023\/09\/mf13601007-1024x576.jpg\" alt=\"Muragls 3-3\" \/>\n\t\t\t\t\t\t<\/a>\n\t\t\t\t\t<\/li>\n\t\t\t\t\t\t\t\t\t<li>\n\t\t\t\t\t\t<a href=\"https:\/\/viva-ferien.ch\/de\/unterkuenfte\/muragls-3\/\">\n\t\t\t\t\t\t\t<img decoding=\"async\" src=\"https:\/\/viva-ferien.ch\/wp-content\/uploads\/2023\/09\/mf13600985-1024x576.jpg\" alt=\"Muragls 3-4\" \/>\n\t\t\t\t\t\t<\/a>\n\t\t\t\t\t<\/li>\n\t\t\t\t\t\t\t<\/ul>\n\t\t<\/div>\n\t\t<div class=\"info-wrapper\">\n\t\t\t<div>\n\t\t\t\t<a href=\"https:\/\/viva-ferien.ch\/de\/unterkuenfte\/muragls-3\/\">\n\t\t\t\t\t<div class=\"description-wrapper\">\n\t\t\t\t\t\t<p class=\"image-description uppercase\"><strong>Pontresina<\/strong><\/p>\t\t\t\n\t\t\t\t\t\t<div class=\"wrap-classification\">\t\n\t\t\t\t\t\t\t\t\t\t\t\t\t\t<h3>Muragls 3<\/h3>\n\t\t\t\t\t\t\t<div class=\"classification\"><img decoding=\"async\" src=\"\/wp-content\/themes\/vivaferien\/assets\/images\/VIVA_Icon_Klassifizierung_Voll.png\" alt=\"Star\"><img decoding=\"async\" src=\"\/wp-content\/themes\/vivaferien\/assets\/images\/VIVA_Icon_Klassifizierung_Voll.png\" alt=\"Star\"><img decoding=\"async\" src=\"\/wp-content\/themes\/vivaferien\/assets\/images\/VIVA_Icon_Klassifizierung_Voll.png\" alt=\"Star\"><img decoding=\"async\" src=\"\/wp-content\/themes\/vivaferien\/assets\/images\/VIVA_Icon_Klassifizierung_Halb.png\" alt=\"half-full Star\"><\/div>\t\t\t\t\t\t<\/div>\n\t\t\t\t\t<\/div>\n\t\t\t\t\t<hr>\n\t\t\t\t\t<\/hr>\n\t\t\t\t\t<div class=\"properties-wrapper\">\n\t\t\t\t\t\t<div>\n\t\t\t\t\t\t\t<!-- <p class=\"big-p\"><div class=\"image-description\">Ab<\/div><\/p>p_6885 -->\n\t\t\t\t\t\t\t<p class=\"big-p\"><div class=\"image-description\">Ab<\/div><span class=\"currency\">CHF<\/span> <span class=\"price\" data-price=\"13000\">130,00<\/span><\/p>\n\t\t\t\t\t\t<\/div>\n\t\t\t\t\t\t<div class=\"add-border show-on-hover\"><\/div>\n\t\t\t\t\t\t<div class=\"show-on-hover\">\n\t\t\t\t\t\t\t<p class=\"big-p\"><div class=\"image-description\">G\u00e4ste<\/div>4<\/p>\n\t\t\t\t\t\t<\/div>\n\t\t\t\t\t\t<div class=\"add-border show-on-hover\"><\/div>\n\t\t\t\t\t\t<div class=\"show-on-hover\">\n\t\t\t\t\t\t\t<p class=\"big-p\"><div class=\"image-description\">Schlafzimmer<\/div>2<\/p>\n\t\t\t\t\t\t<\/div>\n\t\t\t\t\t<\/div>\n\t\t\t\t<\/a>\n\t\t\t<\/div>\n\t\t<\/div>\n\t<\/div><\/div><div class=\"swiper-slide\"><div class=\"swiperlisting\">\t\t\t\t<div id=\"slider\" class=\"flexslider\">\n\t\t\t<ul class=\"slides\">\n\t\t\t\t\t\t\t\t\t<li>\n\t\t\t\t\t\t<a href=\"https:\/\/viva-ferien.ch\/de\/unterkuenfte\/villa-klainguti\/\">\n\t\t\t\t\t\t\t<img decoding=\"async\" src=\"https:\/\/viva-ferien.ch\/wp-content\/uploads\/2024\/04\/mf16019726-1024x681.jpg\" alt=\"Villa Klainguti-0\" \/>\n\t\t\t\t\t\t<\/a>\n\t\t\t\t\t<\/li>\n\t\t\t\t\t\t\t\t\t<li>\n\t\t\t\t\t\t<a href=\"https:\/\/viva-ferien.ch\/de\/unterkuenfte\/villa-klainguti\/\">\n\t\t\t\t\t\t\t<img decoding=\"async\" src=\"https:\/\/viva-ferien.ch\/wp-content\/uploads\/2024\/04\/mf16019725-1024x681.jpg\" alt=\"Villa Klainguti-1\" \/>\n\t\t\t\t\t\t<\/a>\n\t\t\t\t\t<\/li>\n\t\t\t\t\t\t\t\t\t<li>\n\t\t\t\t\t\t<a href=\"https:\/\/viva-ferien.ch\/de\/unterkuenfte\/villa-klainguti\/\">\n\t\t\t\t\t\t\t<img decoding=\"async\" src=\"https:\/\/viva-ferien.ch\/wp-content\/uploads\/2024\/04\/mf16019728-1024x681.jpg\" alt=\"Villa Klainguti-2\" \/>\n\t\t\t\t\t\t<\/a>\n\t\t\t\t\t<\/li>\n\t\t\t\t\t\t\t\t\t<li>\n\t\t\t\t\t\t<a href=\"https:\/\/viva-ferien.ch\/de\/unterkuenfte\/villa-klainguti\/\">\n\t\t\t\t\t\t\t<img decoding=\"async\" src=\"https:\/\/viva-ferien.ch\/wp-content\/uploads\/2024\/04\/mf16019724-1024x683.jpg\" alt=\"Villa Klainguti-3\" \/>\n\t\t\t\t\t\t<\/a>\n\t\t\t\t\t<\/li>\n\t\t\t\t\t\t\t\t\t<li>\n\t\t\t\t\t\t<a href=\"https:\/\/viva-ferien.ch\/de\/unterkuenfte\/villa-klainguti\/\">\n\t\t\t\t\t\t\t<img decoding=\"async\" src=\"https:\/\/viva-ferien.ch\/wp-content\/uploads\/2024\/04\/mf16019683-1024x681.jpg\" alt=\"Villa Klainguti-4\" \/>\n\t\t\t\t\t\t<\/a>\n\t\t\t\t\t<\/li>\n\t\t\t\t\t\t\t<\/ul>\n\t\t<\/div>\n\t\t<div class=\"info-wrapper\">\n\t\t\t<div>\n\t\t\t\t<a href=\"https:\/\/viva-ferien.ch\/de\/unterkuenfte\/villa-klainguti\/\">\n\t\t\t\t\t<div class=\"description-wrapper\">\n\t\t\t\t\t\t<p class=\"image-description uppercase\"><strong>Pontresina<\/strong><\/p>\t\t\t\n\t\t\t\t\t\t<div class=\"wrap-classification\">\t\n\t\t\t\t\t\t\t\t\t\t\t\t\t\t<img decoding=\"async\" src=\"\/wp-content\/themes\/vivaferien\/assets\/images\/VIVA_Select.svg\" alt=\"Viva-Select-Icon\" class=\"vivaselect-wrapper\">\n\t\t\t\t\t\t\t\t\t\t\t\t\t\t<h3>Villa Klainguti<\/h3>\n\t\t\t\t\t\t\t<div class=\"classification\"><img decoding=\"async\" src=\"\/wp-content\/themes\/vivaferien\/assets\/images\/VIVA_Icon_Klassifizierung_Voll.png\" alt=\"Star\"><img decoding=\"async\" src=\"\/wp-content\/themes\/vivaferien\/assets\/images\/VIVA_Icon_Klassifizierung_Voll.png\" alt=\"Star\"><img decoding=\"async\" src=\"\/wp-content\/themes\/vivaferien\/assets\/images\/VIVA_Icon_Klassifizierung_Voll.png\" alt=\"Star\"><img decoding=\"async\" src=\"\/wp-content\/themes\/vivaferien\/assets\/images\/VIVA_Icon_Klassifizierung_Voll.png\" alt=\"Star\"><img decoding=\"async\" src=\"\/wp-content\/themes\/vivaferien\/assets\/images\/VIVA_Icon_Klassifizierung_Voll.png\" alt=\"Star\"><\/div>\t\t\t\t\t\t<\/div>\n\t\t\t\t\t<\/div>\n\t\t\t\t\t<hr>\n\t\t\t\t\t<\/hr>\n\t\t\t\t\t<div class=\"properties-wrapper\">\n\t\t\t\t\t\t<div>\n\t\t\t\t\t\t\t<!-- <p class=\"big-p\"><div class=\"image-description\">Ab<\/div><\/p>p_6885 -->\n\t\t\t\t\t\t\t<p class=\"big-p\"><div class=\"image-description\">Ab<\/div><span class=\"currency\">CHF<\/span> <span class=\"price\" data-price=\"385000\">3.850,00<\/span><\/p>\n\t\t\t\t\t\t<\/div>\n\t\t\t\t\t\t<div class=\"add-border show-on-hover\"><\/div>\n\t\t\t\t\t\t<div class=\"show-on-hover\">\n\t\t\t\t\t\t\t<p class=\"big-p\"><div class=\"image-description\">G\u00e4ste<\/div>11<\/p>\n\t\t\t\t\t\t<\/div>\n\t\t\t\t\t\t<div class=\"add-border show-on-hover\"><\/div>\n\t\t\t\t\t\t<div class=\"show-on-hover\">\n\t\t\t\t\t\t\t<p class=\"big-p\"><div class=\"image-description\">Schlafzimmer<\/div>5<\/p>\n\t\t\t\t\t\t<\/div>\n\t\t\t\t\t<\/div>\n\t\t\t\t<\/a>\n\t\t\t<\/div>\n\t\t<\/div>\n\t<\/div><\/div><div class=\"swiper-slide\"><div class=\"swiperlisting\">\t\t\t\t<div id=\"slider\" class=\"flexslider\">\n\t\t\t<ul class=\"slides\">\n\t\t\t\t\t\t\t\t\t<li>\n\t\t\t\t\t\t<a href=\"https:\/\/viva-ferien.ch\/de\/unterkuenfte\/aroevens\/\">\n\t\t\t\t\t\t\t<img decoding=\"async\" src=\"https:\/\/viva-ferien.ch\/wp-content\/uploads\/2022\/11\/mf3383911-1024x689.jpg\" alt=\"Aroevens-0\" \/>\n\t\t\t\t\t\t<\/a>\n\t\t\t\t\t<\/li>\n\t\t\t\t\t\t\t\t\t<li>\n\t\t\t\t\t\t<a href=\"https:\/\/viva-ferien.ch\/de\/unterkuenfte\/aroevens\/\">\n\t\t\t\t\t\t\t<img decoding=\"async\" src=\"https:\/\/viva-ferien.ch\/wp-content\/uploads\/2022\/11\/mf3383920-1024x576.jpg\" alt=\"Aroevens-1\" \/>\n\t\t\t\t\t\t<\/a>\n\t\t\t\t\t<\/li>\n\t\t\t\t\t\t\t\t\t<li>\n\t\t\t\t\t\t<a href=\"https:\/\/viva-ferien.ch\/de\/unterkuenfte\/aroevens\/\">\n\t\t\t\t\t\t\t<img decoding=\"async\" src=\"https:\/\/viva-ferien.ch\/wp-content\/uploads\/2022\/11\/mf3383909-1024x576.jpg\" alt=\"Aroevens-2\" \/>\n\t\t\t\t\t\t<\/a>\n\t\t\t\t\t<\/li>\n\t\t\t\t\t\t\t\t\t<li>\n\t\t\t\t\t\t<a href=\"https:\/\/viva-ferien.ch\/de\/unterkuenfte\/aroevens\/\">\n\t\t\t\t\t\t\t<img decoding=\"async\" src=\"https:\/\/viva-ferien.ch\/wp-content\/uploads\/2022\/11\/mf3383908-1024x576.jpg\" alt=\"Aroevens-3\" \/>\n\t\t\t\t\t\t<\/a>\n\t\t\t\t\t<\/li>\n\t\t\t\t\t\t\t\t\t<li>\n\t\t\t\t\t\t<a href=\"https:\/\/viva-ferien.ch\/de\/unterkuenfte\/aroevens\/\">\n\t\t\t\t\t\t\t<img decoding=\"async\" src=\"https:\/\/viva-ferien.ch\/wp-content\/uploads\/2022\/11\/mf3383910-1024x576.jpg\" alt=\"Aroevens-4\" \/>\n\t\t\t\t\t\t<\/a>\n\t\t\t\t\t<\/li>\n\t\t\t\t\t\t\t<\/ul>\n\t\t<\/div>\n\t\t<div class=\"info-wrapper\">\n\t\t\t<div>\n\t\t\t\t<a href=\"https:\/\/viva-ferien.ch\/de\/unterkuenfte\/aroevens\/\">\n\t\t\t\t\t<div class=\"description-wrapper\">\n\t\t\t\t\t\t<p class=\"image-description uppercase\"><strong>Pontresina<\/strong><\/p>\t\t\t\n\t\t\t\t\t\t<div class=\"wrap-classification\">\t\n\t\t\t\t\t\t\t\t\t\t\t\t\t\t<h3>Aroevens<\/h3>\n\t\t\t\t\t\t\t<div class=\"classification\"><img decoding=\"async\" src=\"\/wp-content\/themes\/vivaferien\/assets\/images\/VIVA_Icon_Klassifizierung_Voll.png\" alt=\"Star\"><img decoding=\"async\" src=\"\/wp-content\/themes\/vivaferien\/assets\/images\/VIVA_Icon_Klassifizierung_Voll.png\" alt=\"Star\"><img decoding=\"async\" src=\"\/wp-content\/themes\/vivaferien\/assets\/images\/VIVA_Icon_Klassifizierung_Voll.png\" alt=\"Star\"><img decoding=\"async\" src=\"\/wp-content\/themes\/vivaferien\/assets\/images\/VIVA_Icon_Klassifizierung_Voll.png\" alt=\"Star\"><\/div>\t\t\t\t\t\t<\/div>\n\t\t\t\t\t<\/div>\n\t\t\t\t\t<hr>\n\t\t\t\t\t<\/hr>\n\t\t\t\t\t<div class=\"properties-wrapper\">\n\t\t\t\t\t\t<div>\n\t\t\t\t\t\t\t<!-- <p class=\"big-p\"><div class=\"image-description\">Ab<\/div><\/p>p_6885 -->\n\t\t\t\t\t\t\t<p class=\"big-p\"><div class=\"image-description\">Ab<\/div><span class=\"currency\">CHF<\/span> <span class=\"price\" data-price=\"15100\">151,00<\/span><\/p>\n\t\t\t\t\t\t<\/div>\n\t\t\t\t\t\t<div class=\"add-border show-on-hover\"><\/div>\n\t\t\t\t\t\t<div class=\"show-on-hover\">\n\t\t\t\t\t\t\t<p class=\"big-p\"><div class=\"image-description\">G\u00e4ste<\/div>4<\/p>\n\t\t\t\t\t\t<\/div>\n\t\t\t\t\t\t<div class=\"add-border show-on-hover\"><\/div>\n\t\t\t\t\t\t<div class=\"show-on-hover\">\n\t\t\t\t\t\t\t<p class=\"big-p\"><div class=\"image-description\">Schlafzimmer<\/div>2<\/p>\n\t\t\t\t\t\t<\/div>\n\t\t\t\t\t<\/div>\n\t\t\t\t<\/a>\n\t\t\t<\/div>\n\t\t<\/div>\n\t<\/div><\/div><div class=\"swiper-slide\"><div class=\"swiperlisting\">\t\t\t\t<div id=\"slider\" class=\"flexslider\">\n\t\t\t<ul class=\"slides\">\n\t\t\t\t\t\t\t\t\t<li>\n\t\t\t\t\t\t<a href=\"https:\/\/viva-ferien.ch\/de\/unterkuenfte\/brunaida\/\">\n\t\t\t\t\t\t\t<img decoding=\"async\" src=\"https:\/\/viva-ferien.ch\/wp-content\/uploads\/2023\/03\/mf11108951-1024x576.jpg\" alt=\"Brunaida-0\" \/>\n\t\t\t\t\t\t<\/a>\n\t\t\t\t\t<\/li>\n\t\t\t\t\t\t\t\t\t<li>\n\t\t\t\t\t\t<a href=\"https:\/\/viva-ferien.ch\/de\/unterkuenfte\/brunaida\/\">\n\t\t\t\t\t\t\t<img decoding=\"async\" src=\"https:\/\/viva-ferien.ch\/wp-content\/uploads\/2023\/03\/mf11108950-1024x576.jpg\" alt=\"Brunaida-1\" \/>\n\t\t\t\t\t\t<\/a>\n\t\t\t\t\t<\/li>\n\t\t\t\t\t\t\t\t\t<li>\n\t\t\t\t\t\t<a href=\"https:\/\/viva-ferien.ch\/de\/unterkuenfte\/brunaida\/\">\n\t\t\t\t\t\t\t<img decoding=\"async\" src=\"https:\/\/viva-ferien.ch\/wp-content\/uploads\/2023\/03\/mf11108949-1024x576.jpg\" alt=\"Brunaida-2\" \/>\n\t\t\t\t\t\t<\/a>\n\t\t\t\t\t<\/li>\n\t\t\t\t\t\t\t\t\t<li>\n\t\t\t\t\t\t<a href=\"https:\/\/viva-ferien.ch\/de\/unterkuenfte\/brunaida\/\">\n\t\t\t\t\t\t\t<img decoding=\"async\" src=\"https:\/\/viva-ferien.ch\/wp-content\/uploads\/2023\/03\/mf11108946-1024x576.jpg\" alt=\"Brunaida-3\" \/>\n\t\t\t\t\t\t<\/a>\n\t\t\t\t\t<\/li>\n\t\t\t\t\t\t\t\t\t<li>\n\t\t\t\t\t\t<a href=\"https:\/\/viva-ferien.ch\/de\/unterkuenfte\/brunaida\/\">\n\t\t\t\t\t\t\t<img decoding=\"async\" src=\"https:\/\/viva-ferien.ch\/wp-content\/uploads\/2023\/03\/mf11108947-1024x576.jpg\" alt=\"Brunaida-4\" \/>\n\t\t\t\t\t\t<\/a>\n\t\t\t\t\t<\/li>\n\t\t\t\t\t\t\t<\/ul>\n\t\t<\/div>\n\t\t<div class=\"info-wrapper\">\n\t\t\t<div>\n\t\t\t\t<a href=\"https:\/\/viva-ferien.ch\/de\/unterkuenfte\/brunaida\/\">\n\t\t\t\t\t<div class=\"description-wrapper\">\n\t\t\t\t\t\t<p class=\"image-description uppercase\"><strong>Pontresina<\/strong><\/p>\t\t\t\n\t\t\t\t\t\t<div class=\"wrap-classification\">\t\n\t\t\t\t\t\t\t\t\t\t\t\t\t\t<h3>Brunaida<\/h3>\n\t\t\t\t\t\t\t<div class=\"classification\"><img decoding=\"async\" src=\"\/wp-content\/themes\/vivaferien\/assets\/images\/VIVA_Icon_Klassifizierung_Voll.png\" alt=\"Star\"><img decoding=\"async\" src=\"\/wp-content\/themes\/vivaferien\/assets\/images\/VIVA_Icon_Klassifizierung_Voll.png\" alt=\"Star\"><img decoding=\"async\" src=\"\/wp-content\/themes\/vivaferien\/assets\/images\/VIVA_Icon_Klassifizierung_Voll.png\" alt=\"Star\"><img decoding=\"async\" src=\"\/wp-content\/themes\/vivaferien\/assets\/images\/VIVA_Icon_Klassifizierung_Halb.png\" alt=\"half-full Star\"><\/div>\t\t\t\t\t\t<\/div>\n\t\t\t\t\t<\/div>\n\t\t\t\t\t<hr>\n\t\t\t\t\t<\/hr>\n\t\t\t\t\t<div class=\"properties-wrapper\">\n\t\t\t\t\t\t<div>\n\t\t\t\t\t\t\t<!-- <p class=\"big-p\"><div class=\"image-description\">Ab<\/div><\/p>p_6885 -->\n\t\t\t\t\t\t\t<p class=\"big-p\"><div class=\"image-description\">Ab<\/div><span class=\"currency\">CHF<\/span> <span class=\"price\" data-price=\"9700\">97,00<\/span><\/p>\n\t\t\t\t\t\t<\/div>\n\t\t\t\t\t\t<div class=\"add-border show-on-hover\"><\/div>\n\t\t\t\t\t\t<div class=\"show-on-hover\">\n\t\t\t\t\t\t\t<p class=\"big-p\"><div class=\"image-description\">G\u00e4ste<\/div>3<\/p>\n\t\t\t\t\t\t<\/div>\n\t\t\t\t\t\t<div class=\"add-border show-on-hover\"><\/div>\n\t\t\t\t\t\t<div class=\"show-on-hover\">\n\t\t\t\t\t\t\t<p class=\"big-p\"><div class=\"image-description\">Schlafzimmer<\/div>1<\/p>\n\t\t\t\t\t\t<\/div>\n\t\t\t\t\t<\/div>\n\t\t\t\t<\/a>\n\t\t\t<\/div>\n\t\t<\/div>\n\t<\/div><\/div><div class=\"swiper-slide\"><div class=\"swiperlisting\">\t\t\t\t<div id=\"slider\" class=\"flexslider\">\n\t\t\t<ul class=\"slides\">\n\t\t\t\t\t\t\t\t\t<li>\n\t\t\t\t\t\t<a href=\"https:\/\/viva-ferien.ch\/de\/unterkuenfte\/muragls-4\/\">\n\t\t\t\t\t\t\t<img decoding=\"async\" src=\"https:\/\/viva-ferien.ch\/wp-content\/uploads\/2025\/05\/mf21681497-1024x576.jpg\" alt=\"Muragls 4-0\" \/>\n\t\t\t\t\t\t<\/a>\n\t\t\t\t\t<\/li>\n\t\t\t\t\t\t\t\t\t<li>\n\t\t\t\t\t\t<a href=\"https:\/\/viva-ferien.ch\/de\/unterkuenfte\/muragls-4\/\">\n\t\t\t\t\t\t\t<img decoding=\"async\" src=\"https:\/\/viva-ferien.ch\/wp-content\/uploads\/2025\/05\/mf21681499-1024x576.jpg\" alt=\"Muragls 4-1\" \/>\n\t\t\t\t\t\t<\/a>\n\t\t\t\t\t<\/li>\n\t\t\t\t\t\t\t\t\t<li>\n\t\t\t\t\t\t<a href=\"https:\/\/viva-ferien.ch\/de\/unterkuenfte\/muragls-4\/\">\n\t\t\t\t\t\t\t<img decoding=\"async\" src=\"https:\/\/viva-ferien.ch\/wp-content\/uploads\/2025\/05\/mf21681513-1024x576.jpg\" alt=\"Muragls 4-2\" \/>\n\t\t\t\t\t\t<\/a>\n\t\t\t\t\t<\/li>\n\t\t\t\t\t\t\t\t\t<li>\n\t\t\t\t\t\t<a href=\"https:\/\/viva-ferien.ch\/de\/unterkuenfte\/muragls-4\/\">\n\t\t\t\t\t\t\t<img decoding=\"async\" src=\"https:\/\/viva-ferien.ch\/wp-content\/uploads\/2025\/05\/mf21681511-1024x576.jpg\" alt=\"Muragls 4-3\" \/>\n\t\t\t\t\t\t<\/a>\n\t\t\t\t\t<\/li>\n\t\t\t\t\t\t\t\t\t<li>\n\t\t\t\t\t\t<a href=\"https:\/\/viva-ferien.ch\/de\/unterkuenfte\/muragls-4\/\">\n\t\t\t\t\t\t\t<img decoding=\"async\" src=\"https:\/\/viva-ferien.ch\/wp-content\/uploads\/2025\/05\/mf21681506-1024x576.jpg\" alt=\"Muragls 4-4\" \/>\n\t\t\t\t\t\t<\/a>\n\t\t\t\t\t<\/li>\n\t\t\t\t\t\t\t<\/ul>\n\t\t<\/div>\n\t\t<div class=\"info-wrapper\">\n\t\t\t<div>\n\t\t\t\t<a href=\"https:\/\/viva-ferien.ch\/de\/unterkuenfte\/muragls-4\/\">\n\t\t\t\t\t<div class=\"description-wrapper\">\n\t\t\t\t\t\t<p class=\"image-description uppercase\"><strong>Pontresina<\/strong><\/p>\t\t\t\n\t\t\t\t\t\t<div class=\"wrap-classification\">\t\n\t\t\t\t\t\t\t\t\t\t\t\t\t\t<h3>Muragls 4<\/h3>\n\t\t\t\t\t\t\t<div class=\"classification\"><img decoding=\"async\" src=\"\/wp-content\/themes\/vivaferien\/assets\/images\/VIVA_Icon_Klassifizierung_Voll.png\" alt=\"Star\"><img decoding=\"async\" src=\"\/wp-content\/themes\/vivaferien\/assets\/images\/VIVA_Icon_Klassifizierung_Voll.png\" alt=\"Star\"><img decoding=\"async\" src=\"\/wp-content\/themes\/vivaferien\/assets\/images\/VIVA_Icon_Klassifizierung_Voll.png\" alt=\"Star\"><img decoding=\"async\" src=\"\/wp-content\/themes\/vivaferien\/assets\/images\/VIVA_Icon_Klassifizierung_Halb.png\" alt=\"half-full Star\"><\/div>\t\t\t\t\t\t<\/div>\n\t\t\t\t\t<\/div>\n\t\t\t\t\t<hr>\n\t\t\t\t\t<\/hr>\n\t\t\t\t\t<div class=\"properties-wrapper\">\n\t\t\t\t\t\t<div>\n\t\t\t\t\t\t\t<!-- <p class=\"big-p\"><div class=\"image-description\">Ab<\/div><\/p>p_6885 -->\n\t\t\t\t\t\t\t<p class=\"big-p\"><div class=\"image-description\">Ab<\/div><span class=\"currency\">CHF<\/span> <span class=\"price\" data-price=\"11800\">118,00<\/span><\/p>\n\t\t\t\t\t\t<\/div>\n\t\t\t\t\t\t<div class=\"add-border show-on-hover\"><\/div>\n\t\t\t\t\t\t<div class=\"show-on-hover\">\n\t\t\t\t\t\t\t<p class=\"big-p\"><div class=\"image-description\">G\u00e4ste<\/div>4<\/p>\n\t\t\t\t\t\t<\/div>\n\t\t\t\t\t\t<div class=\"add-border show-on-hover\"><\/div>\n\t\t\t\t\t\t<div class=\"show-on-hover\">\n\t\t\t\t\t\t\t<p class=\"big-p\"><div class=\"image-description\">Schlafzimmer<\/div>2<\/p>\n\t\t\t\t\t\t<\/div>\n\t\t\t\t\t<\/div>\n\t\t\t\t<\/a>\n\t\t\t<\/div>\n\t\t<\/div>\n\t<\/div><\/div><div class=\"swiper-slide\"><div class=\"swiperlisting\">\t\t\t\t<div id=\"slider\" class=\"flexslider\">\n\t\t\t<ul class=\"slides\">\n\t\t\t\t\t\t\t\t\t<li>\n\t\t\t\t\t\t<a href=\"https:\/\/viva-ferien.ch\/de\/unterkuenfte\/chesa-pidermann-5\/\">\n\t\t\t\t\t\t\t<img decoding=\"async\" src=\"https:\/\/viva-ferien.ch\/wp-content\/uploads\/2022\/11\/mf5270818-1024x576.jpg\" alt=\"Chesa Pidermann 5-0\" \/>\n\t\t\t\t\t\t<\/a>\n\t\t\t\t\t<\/li>\n\t\t\t\t\t\t\t\t\t<li>\n\t\t\t\t\t\t<a href=\"https:\/\/viva-ferien.ch\/de\/unterkuenfte\/chesa-pidermann-5\/\">\n\t\t\t\t\t\t\t<img decoding=\"async\" src=\"https:\/\/viva-ferien.ch\/wp-content\/uploads\/2022\/11\/mf5569957-1024x576.jpg\" alt=\"Chesa Pidermann 5-1\" \/>\n\t\t\t\t\t\t<\/a>\n\t\t\t\t\t<\/li>\n\t\t\t\t\t\t\t\t\t<li>\n\t\t\t\t\t\t<a href=\"https:\/\/viva-ferien.ch\/de\/unterkuenfte\/chesa-pidermann-5\/\">\n\t\t\t\t\t\t\t<img decoding=\"async\" src=\"https:\/\/viva-ferien.ch\/wp-content\/uploads\/2022\/11\/mf5569958-1024x576.jpg\" alt=\"Chesa Pidermann 5-2\" \/>\n\t\t\t\t\t\t<\/a>\n\t\t\t\t\t<\/li>\n\t\t\t\t\t\t\t\t\t<li>\n\t\t\t\t\t\t<a href=\"https:\/\/viva-ferien.ch\/de\/unterkuenfte\/chesa-pidermann-5\/\">\n\t\t\t\t\t\t\t<img decoding=\"async\" src=\"https:\/\/viva-ferien.ch\/wp-content\/uploads\/2022\/11\/mf5569959-1024x576.jpg\" alt=\"Chesa Pidermann 5-3\" \/>\n\t\t\t\t\t\t<\/a>\n\t\t\t\t\t<\/li>\n\t\t\t\t\t\t\t\t\t<li>\n\t\t\t\t\t\t<a href=\"https:\/\/viva-ferien.ch\/de\/unterkuenfte\/chesa-pidermann-5\/\">\n\t\t\t\t\t\t\t<img decoding=\"async\" src=\"https:\/\/viva-ferien.ch\/wp-content\/uploads\/2022\/11\/mf5569960-1024x576.jpg\" alt=\"Chesa Pidermann 5-4\" \/>\n\t\t\t\t\t\t<\/a>\n\t\t\t\t\t<\/li>\n\t\t\t\t\t\t\t<\/ul>\n\t\t<\/div>\n\t\t<div class=\"info-wrapper\">\n\t\t\t<div>\n\t\t\t\t<a href=\"https:\/\/viva-ferien.ch\/de\/unterkuenfte\/chesa-pidermann-5\/\">\n\t\t\t\t\t<div class=\"description-wrapper\">\n\t\t\t\t\t\t<p class=\"image-description uppercase\"><strong>Pontresina<\/strong><\/p>\t\t\t\n\t\t\t\t\t\t<div class=\"wrap-classification\">\t\n\t\t\t\t\t\t\t\t\t\t\t\t\t\t<h3>Chesa Pidermann 5<\/h3>\n\t\t\t\t\t\t\t<div class=\"classification\"><img decoding=\"async\" src=\"\/wp-content\/themes\/vivaferien\/assets\/images\/VIVA_Icon_Klassifizierung_Voll.png\" alt=\"Star\"><img decoding=\"async\" src=\"\/wp-content\/themes\/vivaferien\/assets\/images\/VIVA_Icon_Klassifizierung_Voll.png\" alt=\"Star\"><img decoding=\"async\" src=\"\/wp-content\/themes\/vivaferien\/assets\/images\/VIVA_Icon_Klassifizierung_Voll.png\" alt=\"Star\"><img decoding=\"async\" src=\"\/wp-content\/themes\/vivaferien\/assets\/images\/VIVA_Icon_Klassifizierung_Voll.png\" alt=\"Star\"><img decoding=\"async\" src=\"\/wp-content\/themes\/vivaferien\/assets\/images\/VIVA_Icon_Klassifizierung_Halb.png\" alt=\"half-full Star\"><\/div>\t\t\t\t\t\t<\/div>\n\t\t\t\t\t<\/div>\n\t\t\t\t\t<hr>\n\t\t\t\t\t<\/hr>\n\t\t\t\t\t<div class=\"properties-wrapper\">\n\t\t\t\t\t\t<div>\n\t\t\t\t\t\t\t<!-- <p class=\"big-p\"><div class=\"image-description\">Ab<\/div><\/p>p_6885 -->\n\t\t\t\t\t\t\t<p class=\"big-p\"><div class=\"image-description\">Ab<\/div><span class=\"currency\">CHF<\/span> <span class=\"price\" data-price=\"15100\">151,00<\/span><\/p>\n\t\t\t\t\t\t<\/div>\n\t\t\t\t\t\t<div class=\"add-border show-on-hover\"><\/div>\n\t\t\t\t\t\t<div class=\"show-on-hover\">\n\t\t\t\t\t\t\t<p class=\"big-p\"><div class=\"image-description\">G\u00e4ste<\/div>4<\/p>\n\t\t\t\t\t\t<\/div>\n\t\t\t\t\t\t<div class=\"add-border show-on-hover\"><\/div>\n\t\t\t\t\t\t<div class=\"show-on-hover\">\n\t\t\t\t\t\t\t<p class=\"big-p\"><div class=\"image-description\">Schlafzimmer<\/div>2<\/p>\n\t\t\t\t\t\t<\/div>\n\t\t\t\t\t<\/div>\n\t\t\t\t<\/a>\n\t\t\t<\/div>\n\t\t<\/div>\n\t<\/div><\/div><div class=\"swiper-slide\"><div class=\"swiperlisting\">\t\t\t\t<div id=\"slider\" class=\"flexslider\">\n\t\t\t<ul class=\"slides\">\n\t\t\t\t\t\t\t\t\t<li>\n\t\t\t\t\t\t<a href=\"https:\/\/viva-ferien.ch\/de\/unterkuenfte\/muragls-5\/\">\n\t\t\t\t\t\t\t<img decoding=\"async\" src=\"https:\/\/viva-ferien.ch\/wp-content\/uploads\/2025\/05\/mf21805420-1024x576.jpg\" alt=\"Muragls 5-0\" \/>\n\t\t\t\t\t\t<\/a>\n\t\t\t\t\t<\/li>\n\t\t\t\t\t\t\t\t\t<li>\n\t\t\t\t\t\t<a href=\"https:\/\/viva-ferien.ch\/de\/unterkuenfte\/muragls-5\/\">\n\t\t\t\t\t\t\t<img decoding=\"async\" src=\"https:\/\/viva-ferien.ch\/wp-content\/uploads\/2025\/05\/mf21805433-1024x576.jpg\" alt=\"Muragls 5-1\" \/>\n\t\t\t\t\t\t<\/a>\n\t\t\t\t\t<\/li>\n\t\t\t\t\t\t\t\t\t<li>\n\t\t\t\t\t\t<a href=\"https:\/\/viva-ferien.ch\/de\/unterkuenfte\/muragls-5\/\">\n\t\t\t\t\t\t\t<img decoding=\"async\" src=\"https:\/\/viva-ferien.ch\/wp-content\/uploads\/2025\/05\/mf21805425-1024x576.jpg\" alt=\"Muragls 5-2\" \/>\n\t\t\t\t\t\t<\/a>\n\t\t\t\t\t<\/li>\n\t\t\t\t\t\t\t\t\t<li>\n\t\t\t\t\t\t<a href=\"https:\/\/viva-ferien.ch\/de\/unterkuenfte\/muragls-5\/\">\n\t\t\t\t\t\t\t<img decoding=\"async\" src=\"https:\/\/viva-ferien.ch\/wp-content\/uploads\/2025\/05\/mf21805434-1024x576.jpg\" alt=\"Muragls 5-3\" \/>\n\t\t\t\t\t\t<\/a>\n\t\t\t\t\t<\/li>\n\t\t\t\t\t\t\t\t\t<li>\n\t\t\t\t\t\t<a href=\"https:\/\/viva-ferien.ch\/de\/unterkuenfte\/muragls-5\/\">\n\t\t\t\t\t\t\t<img decoding=\"async\" src=\"https:\/\/viva-ferien.ch\/wp-content\/uploads\/2025\/05\/mf21805426-1024x576.jpg\" alt=\"Muragls 5-4\" \/>\n\t\t\t\t\t\t<\/a>\n\t\t\t\t\t<\/li>\n\t\t\t\t\t\t\t<\/ul>\n\t\t<\/div>\n\t\t<div class=\"info-wrapper\">\n\t\t\t<div>\n\t\t\t\t<a href=\"https:\/\/viva-ferien.ch\/de\/unterkuenfte\/muragls-5\/\">\n\t\t\t\t\t<div class=\"description-wrapper\">\n\t\t\t\t\t\t<p class=\"image-description uppercase\"><strong>Pontresina<\/strong><\/p>\t\t\t\n\t\t\t\t\t\t<div class=\"wrap-classification\">\t\n\t\t\t\t\t\t\t\t\t\t\t\t\t\t<h3>Muragls 5<\/h3>\n\t\t\t\t\t\t\t<div class=\"classification\"><img decoding=\"async\" src=\"\/wp-content\/themes\/vivaferien\/assets\/images\/VIVA_Icon_Klassifizierung_Voll.png\" alt=\"Star\"><img decoding=\"async\" src=\"\/wp-content\/themes\/vivaferien\/assets\/images\/VIVA_Icon_Klassifizierung_Voll.png\" alt=\"Star\"><img decoding=\"async\" src=\"\/wp-content\/themes\/vivaferien\/assets\/images\/VIVA_Icon_Klassifizierung_Voll.png\" alt=\"Star\"><\/div>\t\t\t\t\t\t<\/div>\n\t\t\t\t\t<\/div>\n\t\t\t\t\t<hr>\n\t\t\t\t\t<\/hr>\n\t\t\t\t\t<div class=\"properties-wrapper\">\n\t\t\t\t\t\t<div>\n\t\t\t\t\t\t\t<!-- <p class=\"big-p\"><div class=\"image-description\">Ab<\/div><\/p>p_6885 -->\n\t\t\t\t\t\t\t<p class=\"big-p\"><div class=\"image-description\">Ab<\/div><span class=\"currency\">CHF<\/span> <span class=\"price\" data-price=\"11800\">118,00<\/span><\/p>\n\t\t\t\t\t\t<\/div>\n\t\t\t\t\t\t<div class=\"add-border show-on-hover\"><\/div>\n\t\t\t\t\t\t<div class=\"show-on-hover\">\n\t\t\t\t\t\t\t<p class=\"big-p\"><div class=\"image-description\">G\u00e4ste<\/div>5<\/p>\n\t\t\t\t\t\t<\/div>\n\t\t\t\t\t\t<div class=\"add-border show-on-hover\"><\/div>\n\t\t\t\t\t\t<div class=\"show-on-hover\">\n\t\t\t\t\t\t\t<p class=\"big-p\"><div class=\"image-description\">Schlafzimmer<\/div>2<\/p>\n\t\t\t\t\t\t<\/div>\n\t\t\t\t\t<\/div>\n\t\t\t\t<\/a>\n\t\t\t<\/div>\n\t\t<\/div>\n\t<\/div><\/div><div class=\"swiper-slide\"><div class=\"swiperlisting\">\t\t\t\t<div id=\"slider\" class=\"flexslider\">\n\t\t\t<ul class=\"slides\">\n\t\t\t\t\t\t\t\t\t<li>\n\t\t\t\t\t\t<a href=\"https:\/\/viva-ferien.ch\/de\/unterkuenfte\/piz-chalchagn\/\">\n\t\t\t\t\t\t\t<img decoding=\"async\" src=\"https:\/\/viva-ferien.ch\/wp-content\/uploads\/2024\/10\/mf18534735-1024x576.jpg\" alt=\"Piz Chalchagn-0\" \/>\n\t\t\t\t\t\t<\/a>\n\t\t\t\t\t<\/li>\n\t\t\t\t\t\t\t\t\t<li>\n\t\t\t\t\t\t<a href=\"https:\/\/viva-ferien.ch\/de\/unterkuenfte\/piz-chalchagn\/\">\n\t\t\t\t\t\t\t<img decoding=\"async\" src=\"https:\/\/viva-ferien.ch\/wp-content\/uploads\/2024\/10\/mf18534747-1024x576.jpg\" alt=\"Piz Chalchagn-1\" \/>\n\t\t\t\t\t\t<\/a>\n\t\t\t\t\t<\/li>\n\t\t\t\t\t\t\t\t\t<li>\n\t\t\t\t\t\t<a href=\"https:\/\/viva-ferien.ch\/de\/unterkuenfte\/piz-chalchagn\/\">\n\t\t\t\t\t\t\t<img decoding=\"async\" src=\"https:\/\/viva-ferien.ch\/wp-content\/uploads\/2024\/10\/mf18534746-1024x576.jpg\" alt=\"Piz Chalchagn-2\" \/>\n\t\t\t\t\t\t<\/a>\n\t\t\t\t\t<\/li>\n\t\t\t\t\t\t\t\t\t<li>\n\t\t\t\t\t\t<a href=\"https:\/\/viva-ferien.ch\/de\/unterkuenfte\/piz-chalchagn\/\">\n\t\t\t\t\t\t\t<img decoding=\"async\" src=\"https:\/\/viva-ferien.ch\/wp-content\/uploads\/2024\/10\/mf18534744-1024x576.jpg\" alt=\"Piz Chalchagn-3\" \/>\n\t\t\t\t\t\t<\/a>\n\t\t\t\t\t<\/li>\n\t\t\t\t\t\t\t\t\t<li>\n\t\t\t\t\t\t<a href=\"https:\/\/viva-ferien.ch\/de\/unterkuenfte\/piz-chalchagn\/\">\n\t\t\t\t\t\t\t<img decoding=\"async\" src=\"https:\/\/viva-ferien.ch\/wp-content\/uploads\/2024\/10\/mf18534748-1024x576.jpg\" alt=\"Piz Chalchagn-4\" \/>\n\t\t\t\t\t\t<\/a>\n\t\t\t\t\t<\/li>\n\t\t\t\t\t\t\t<\/ul>\n\t\t<\/div>\n\t\t<div class=\"info-wrapper\">\n\t\t\t<div>\n\t\t\t\t<a href=\"https:\/\/viva-ferien.ch\/de\/unterkuenfte\/piz-chalchagn\/\">\n\t\t\t\t\t<div class=\"description-wrapper\">\n\t\t\t\t\t\t<p class=\"image-description uppercase\"><strong>Pontresina<\/strong><\/p>\t\t\t\n\t\t\t\t\t\t<div class=\"wrap-classification\">\t\n\t\t\t\t\t\t\t\t\t\t\t\t\t\t<h3>Piz Chalchagn<\/h3>\n\t\t\t\t\t\t\t<div class=\"classification\"><img decoding=\"async\" src=\"\/wp-content\/themes\/vivaferien\/assets\/images\/VIVA_Icon_Klassifizierung_Voll.png\" alt=\"Star\"><img decoding=\"async\" src=\"\/wp-content\/themes\/vivaferien\/assets\/images\/VIVA_Icon_Klassifizierung_Voll.png\" alt=\"Star\"><img decoding=\"async\" src=\"\/wp-content\/themes\/vivaferien\/assets\/images\/VIVA_Icon_Klassifizierung_Voll.png\" alt=\"Star\"><img decoding=\"async\" src=\"\/wp-content\/themes\/vivaferien\/assets\/images\/VIVA_Icon_Klassifizierung_Voll.png\" alt=\"Star\"><\/div>\t\t\t\t\t\t<\/div>\n\t\t\t\t\t<\/div>\n\t\t\t\t\t<hr>\n\t\t\t\t\t<\/hr>\n\t\t\t\t\t<div class=\"properties-wrapper\">\n\t\t\t\t\t\t<div>\n\t\t\t\t\t\t\t<!-- <p class=\"big-p\"><div class=\"image-description\">Ab<\/div><\/p>p_6885 -->\n\t\t\t\t\t\t\t<p class=\"big-p\"><div class=\"image-description\">Ab<\/div><span class=\"currency\">CHF<\/span> <span class=\"price\" data-price=\"18300\">183,00<\/span><\/p>\n\t\t\t\t\t\t<\/div>\n\t\t\t\t\t\t<div class=\"add-border show-on-hover\"><\/div>\n\t\t\t\t\t\t<div class=\"show-on-hover\">\n\t\t\t\t\t\t\t<p class=\"big-p\"><div class=\"image-description\">G\u00e4ste<\/div>5<\/p>\n\t\t\t\t\t\t<\/div>\n\t\t\t\t\t\t<div class=\"add-border show-on-hover\"><\/div>\n\t\t\t\t\t\t<div class=\"show-on-hover\">\n\t\t\t\t\t\t\t<p class=\"big-p\"><div class=\"image-description\">Schlafzimmer<\/div>3<\/p>\n\t\t\t\t\t\t<\/div>\n\t\t\t\t\t<\/div>\n\t\t\t\t<\/a>\n\t\t\t<\/div>\n\t\t<\/div>\n\t<\/div><\/div><div class=\"swiper-slide\"><div class=\"swiperlisting\">\t\t\t\t<div id=\"slider\" class=\"flexslider\">\n\t\t\t<ul class=\"slides\">\n\t\t\t\t\t\t\t\t\t<li>\n\t\t\t\t\t\t<a href=\"https:\/\/viva-ferien.ch\/de\/unterkuenfte\/ers-52\/\">\n\t\t\t\t\t\t\t<img decoding=\"async\" src=\"https:\/\/viva-ferien.ch\/wp-content\/uploads\/2023\/08\/mf13170784-1024x576.jpg\" alt=\"Ers 52-0\" \/>\n\t\t\t\t\t\t<\/a>\n\t\t\t\t\t<\/li>\n\t\t\t\t\t\t\t\t\t<li>\n\t\t\t\t\t\t<a href=\"https:\/\/viva-ferien.ch\/de\/unterkuenfte\/ers-52\/\">\n\t\t\t\t\t\t\t<img decoding=\"async\" src=\"https:\/\/viva-ferien.ch\/wp-content\/uploads\/2023\/08\/mf13170807-1024x576.jpg\" alt=\"Ers 52-1\" \/>\n\t\t\t\t\t\t<\/a>\n\t\t\t\t\t<\/li>\n\t\t\t\t\t\t\t\t\t<li>\n\t\t\t\t\t\t<a href=\"https:\/\/viva-ferien.ch\/de\/unterkuenfte\/ers-52\/\">\n\t\t\t\t\t\t\t<img decoding=\"async\" src=\"https:\/\/viva-ferien.ch\/wp-content\/uploads\/2023\/08\/mf13170806-1024x576.jpg\" alt=\"Ers 52-2\" \/>\n\t\t\t\t\t\t<\/a>\n\t\t\t\t\t<\/li>\n\t\t\t\t\t\t\t\t\t<li>\n\t\t\t\t\t\t<a href=\"https:\/\/viva-ferien.ch\/de\/unterkuenfte\/ers-52\/\">\n\t\t\t\t\t\t\t<img decoding=\"async\" src=\"https:\/\/viva-ferien.ch\/wp-content\/uploads\/2023\/08\/mf13170783-1024x576.jpg\" alt=\"Ers 52-3\" \/>\n\t\t\t\t\t\t<\/a>\n\t\t\t\t\t<\/li>\n\t\t\t\t\t\t\t\t\t<li>\n\t\t\t\t\t\t<a href=\"https:\/\/viva-ferien.ch\/de\/unterkuenfte\/ers-52\/\">\n\t\t\t\t\t\t\t<img decoding=\"async\" src=\"https:\/\/viva-ferien.ch\/wp-content\/uploads\/2023\/08\/mf13170805-1024x576.jpg\" alt=\"Ers 52-4\" \/>\n\t\t\t\t\t\t<\/a>\n\t\t\t\t\t<\/li>\n\t\t\t\t\t\t\t<\/ul>\n\t\t<\/div>\n\t\t<div class=\"info-wrapper\">\n\t\t\t<div>\n\t\t\t\t<a href=\"https:\/\/viva-ferien.ch\/de\/unterkuenfte\/ers-52\/\">\n\t\t\t\t\t<div class=\"description-wrapper\">\n\t\t\t\t\t\t<p class=\"image-description uppercase\"><strong>Pontresina<\/strong><\/p>\t\t\t\n\t\t\t\t\t\t<div class=\"wrap-classification\">\t\n\t\t\t\t\t\t\t\t\t\t\t\t\t\t<h3>Ers 52<\/h3>\n\t\t\t\t\t\t\t<div class=\"classification\"><img decoding=\"async\" src=\"\/wp-content\/themes\/vivaferien\/assets\/images\/VIVA_Icon_Klassifizierung_Voll.png\" alt=\"Star\"><img decoding=\"async\" src=\"\/wp-content\/themes\/vivaferien\/assets\/images\/VIVA_Icon_Klassifizierung_Voll.png\" alt=\"Star\"><img decoding=\"async\" src=\"\/wp-content\/themes\/vivaferien\/assets\/images\/VIVA_Icon_Klassifizierung_Voll.png\" alt=\"Star\"><img decoding=\"async\" src=\"\/wp-content\/themes\/vivaferien\/assets\/images\/VIVA_Icon_Klassifizierung_Halb.png\" alt=\"half-full Star\"><\/div>\t\t\t\t\t\t<\/div>\n\t\t\t\t\t<\/div>\n\t\t\t\t\t<hr>\n\t\t\t\t\t<\/hr>\n\t\t\t\t\t<div class=\"properties-wrapper\">\n\t\t\t\t\t\t<div>\n\t\t\t\t\t\t\t<!-- <p class=\"big-p\"><div class=\"image-description\">Ab<\/div><\/p>p_6885 -->\n\t\t\t\t\t\t\t<p class=\"big-p\"><div class=\"image-description\">Ab<\/div><span class=\"currency\">CHF<\/span> <span class=\"price\" data-price=\"15100\">151,00<\/span><\/p>\n\t\t\t\t\t\t<\/div>\n\t\t\t\t\t\t<div class=\"add-border show-on-hover\"><\/div>\n\t\t\t\t\t\t<div class=\"show-on-hover\">\n\t\t\t\t\t\t\t<p class=\"big-p\"><div class=\"image-description\">G\u00e4ste<\/div>5<\/p>\n\t\t\t\t\t\t<\/div>\n\t\t\t\t\t\t<div class=\"add-border show-on-hover\"><\/div>\n\t\t\t\t\t\t<div class=\"show-on-hover\">\n\t\t\t\t\t\t\t<p class=\"big-p\"><div class=\"image-description\">Schlafzimmer<\/div>2<\/p>\n\t\t\t\t\t\t<\/div>\n\t\t\t\t\t<\/div>\n\t\t\t\t<\/a>\n\t\t\t<\/div>\n\t\t<\/div>\n\t<\/div><\/div><div class=\"swiper-slide\"><div class=\"swiperlisting\">\t\t\t\t<div id=\"slider\" class=\"flexslider\">\n\t\t\t<ul class=\"slides\">\n\t\t\t\t\t\t\t\t\t<li>\n\t\t\t\t\t\t<a href=\"https:\/\/viva-ferien.ch\/de\/unterkuenfte\/lodola\/\">\n\t\t\t\t\t\t\t<img decoding=\"async\" src=\"https:\/\/viva-ferien.ch\/wp-content\/uploads\/2022\/11\/mf6704801-1024x576.jpg\" alt=\"Lodola-0\" \/>\n\t\t\t\t\t\t<\/a>\n\t\t\t\t\t<\/li>\n\t\t\t\t\t\t\t\t\t<li>\n\t\t\t\t\t\t<a href=\"https:\/\/viva-ferien.ch\/de\/unterkuenfte\/lodola\/\">\n\t\t\t\t\t\t\t<img decoding=\"async\" src=\"https:\/\/viva-ferien.ch\/wp-content\/uploads\/2022\/11\/mf6704799-1024x576.jpg\" alt=\"Lodola-1\" \/>\n\t\t\t\t\t\t<\/a>\n\t\t\t\t\t<\/li>\n\t\t\t\t\t\t\t\t\t<li>\n\t\t\t\t\t\t<a href=\"https:\/\/viva-ferien.ch\/de\/unterkuenfte\/lodola\/\">\n\t\t\t\t\t\t\t<img decoding=\"async\" src=\"https:\/\/viva-ferien.ch\/wp-content\/uploads\/2022\/11\/mf6704800-1024x576.jpg\" alt=\"Lodola-2\" \/>\n\t\t\t\t\t\t<\/a>\n\t\t\t\t\t<\/li>\n\t\t\t\t\t\t\t\t\t<li>\n\t\t\t\t\t\t<a href=\"https:\/\/viva-ferien.ch\/de\/unterkuenfte\/lodola\/\">\n\t\t\t\t\t\t\t<img decoding=\"async\" src=\"https:\/\/viva-ferien.ch\/wp-content\/uploads\/2022\/11\/mf6704788-1024x576.jpg\" alt=\"Lodola-3\" \/>\n\t\t\t\t\t\t<\/a>\n\t\t\t\t\t<\/li>\n\t\t\t\t\t\t\t\t\t<li>\n\t\t\t\t\t\t<a href=\"https:\/\/viva-ferien.ch\/de\/unterkuenfte\/lodola\/\">\n\t\t\t\t\t\t\t<img decoding=\"async\" src=\"https:\/\/viva-ferien.ch\/wp-content\/uploads\/2022\/11\/mf6704789-1024x576.jpg\" alt=\"Lodola-4\" \/>\n\t\t\t\t\t\t<\/a>\n\t\t\t\t\t<\/li>\n\t\t\t\t\t\t\t<\/ul>\n\t\t<\/div>\n\t\t<div class=\"info-wrapper\">\n\t\t\t<div>\n\t\t\t\t<a href=\"https:\/\/viva-ferien.ch\/de\/unterkuenfte\/lodola\/\">\n\t\t\t\t\t<div class=\"description-wrapper\">\n\t\t\t\t\t\t<p class=\"image-description uppercase\"><strong>Pontresina<\/strong><\/p>\t\t\t\n\t\t\t\t\t\t<div class=\"wrap-classification\">\t\n\t\t\t\t\t\t\t\t\t\t\t\t\t\t<h3>Lodola<\/h3>\n\t\t\t\t\t\t\t<div class=\"classification\"><img decoding=\"async\" src=\"\/wp-content\/themes\/vivaferien\/assets\/images\/VIVA_Icon_Klassifizierung_Voll.png\" alt=\"Star\"><img decoding=\"async\" src=\"\/wp-content\/themes\/vivaferien\/assets\/images\/VIVA_Icon_Klassifizierung_Voll.png\" alt=\"Star\"><img decoding=\"async\" src=\"\/wp-content\/themes\/vivaferien\/assets\/images\/VIVA_Icon_Klassifizierung_Voll.png\" alt=\"Star\"><img decoding=\"async\" src=\"\/wp-content\/themes\/vivaferien\/assets\/images\/VIVA_Icon_Klassifizierung_Voll.png\" alt=\"Star\"><\/div>\t\t\t\t\t\t<\/div>\n\t\t\t\t\t<\/div>\n\t\t\t\t\t<hr>\n\t\t\t\t\t<\/hr>\n\t\t\t\t\t<div class=\"properties-wrapper\">\n\t\t\t\t\t\t<div>\n\t\t\t\t\t\t\t<!-- <p class=\"big-p\"><div class=\"image-description\">Ab<\/div><\/p>p_6885 -->\n\t\t\t\t\t\t\t<p class=\"big-p\"><div class=\"image-description\">Ab<\/div><span class=\"currency\">CHF<\/span> <span class=\"price\" data-price=\"19300\">193,00<\/span><\/p>\n\t\t\t\t\t\t<\/div>\n\t\t\t\t\t\t<div class=\"add-border show-on-hover\"><\/div>\n\t\t\t\t\t\t<div class=\"show-on-hover\">\n\t\t\t\t\t\t\t<p class=\"big-p\"><div class=\"image-description\">G\u00e4ste<\/div>6<\/p>\n\t\t\t\t\t\t<\/div>\n\t\t\t\t\t\t<div class=\"add-border show-on-hover\"><\/div>\n\t\t\t\t\t\t<div class=\"show-on-hover\">\n\t\t\t\t\t\t\t<p class=\"big-p\"><div class=\"image-description\">Schlafzimmer<\/div>3<\/p>\n\t\t\t\t\t\t<\/div>\n\t\t\t\t\t<\/div>\n\t\t\t\t<\/a>\n\t\t\t<\/div>\n\t\t<\/div>\n\t<\/div><\/div><div class=\"swiper-slide\"><div class=\"swiperlisting\">\t\t\t\t<div id=\"slider\" class=\"flexslider\">\n\t\t\t<ul class=\"slides\">\n\t\t\t\t\t\t\t\t\t<li>\n\t\t\t\t\t\t<a href=\"https:\/\/viva-ferien.ch\/de\/unterkuenfte\/spler\/\">\n\t\t\t\t\t\t\t<img decoding=\"async\" src=\"https:\/\/viva-ferien.ch\/wp-content\/uploads\/2026\/01\/mf25574984-1024x576.jpg\" alt=\"Spler-0\" \/>\n\t\t\t\t\t\t<\/a>\n\t\t\t\t\t<\/li>\n\t\t\t\t\t\t\t\t\t<li>\n\t\t\t\t\t\t<a href=\"https:\/\/viva-ferien.ch\/de\/unterkuenfte\/spler\/\">\n\t\t\t\t\t\t\t<img decoding=\"async\" src=\"https:\/\/viva-ferien.ch\/wp-content\/uploads\/2026\/01\/mf25574983-1024x576.jpg\" alt=\"Spler-1\" \/>\n\t\t\t\t\t\t<\/a>\n\t\t\t\t\t<\/li>\n\t\t\t\t\t\t\t\t\t<li>\n\t\t\t\t\t\t<a href=\"https:\/\/viva-ferien.ch\/de\/unterkuenfte\/spler\/\">\n\t\t\t\t\t\t\t<img decoding=\"async\" src=\"https:\/\/viva-ferien.ch\/wp-content\/uploads\/2026\/01\/mf25575002-1024x576.jpg\" alt=\"Spler-2\" \/>\n\t\t\t\t\t\t<\/a>\n\t\t\t\t\t<\/li>\n\t\t\t\t\t\t\t\t\t<li>\n\t\t\t\t\t\t<a href=\"https:\/\/viva-ferien.ch\/de\/unterkuenfte\/spler\/\">\n\t\t\t\t\t\t\t<img decoding=\"async\" src=\"https:\/\/viva-ferien.ch\/wp-content\/uploads\/2026\/01\/mf25575001-1024x576.jpg\" alt=\"Spler-3\" \/>\n\t\t\t\t\t\t<\/a>\n\t\t\t\t\t<\/li>\n\t\t\t\t\t\t\t\t\t<li>\n\t\t\t\t\t\t<a href=\"https:\/\/viva-ferien.ch\/de\/unterkuenfte\/spler\/\">\n\t\t\t\t\t\t\t<img decoding=\"async\" src=\"https:\/\/viva-ferien.ch\/wp-content\/uploads\/2026\/01\/mf25574986-1024x576.jpg\" alt=\"Spler-4\" \/>\n\t\t\t\t\t\t<\/a>\n\t\t\t\t\t<\/li>\n\t\t\t\t\t\t\t<\/ul>\n\t\t<\/div>\n\t\t<div class=\"info-wrapper\">\n\t\t\t<div>\n\t\t\t\t<a href=\"https:\/\/viva-ferien.ch\/de\/unterkuenfte\/spler\/\">\n\t\t\t\t\t<div class=\"description-wrapper\">\n\t\t\t\t\t\t<p class=\"image-description uppercase\"><strong>Pontresina<\/strong><\/p>\t\t\t\n\t\t\t\t\t\t<div class=\"wrap-classification\">\t\n\t\t\t\t\t\t\t\t\t\t\t\t\t\t<h3>Spler<\/h3>\n\t\t\t\t\t\t\t<div class=\"classification\"><img decoding=\"async\" src=\"\/wp-content\/themes\/vivaferien\/assets\/images\/VIVA_Icon_Klassifizierung_Voll.png\" alt=\"Star\"><img decoding=\"async\" src=\"\/wp-content\/themes\/vivaferien\/assets\/images\/VIVA_Icon_Klassifizierung_Voll.png\" alt=\"Star\"><img decoding=\"async\" src=\"\/wp-content\/themes\/vivaferien\/assets\/images\/VIVA_Icon_Klassifizierung_Voll.png\" alt=\"Star\"><img decoding=\"async\" src=\"\/wp-content\/themes\/vivaferien\/assets\/images\/VIVA_Icon_Klassifizierung_Voll.png\" alt=\"Star\"><img decoding=\"async\" src=\"\/wp-content\/themes\/vivaferien\/assets\/images\/VIVA_Icon_Klassifizierung_Halb.png\" alt=\"half-full Star\"><\/div>\t\t\t\t\t\t<\/div>\n\t\t\t\t\t<\/div>\n\t\t\t\t\t<hr>\n\t\t\t\t\t<\/hr>\n\t\t\t\t\t<div class=\"properties-wrapper\">\n\t\t\t\t\t\t<div>\n\t\t\t\t\t\t\t<!-- <p class=\"big-p\"><div class=\"image-description\">Ab<\/div><\/p>p_6885 -->\n\t\t\t\t\t\t\t<p class=\"big-p\"><div class=\"image-description\">Ab<\/div><span class=\"currency\">CHF<\/span> <span class=\"price\" data-price=\"18300\">183,00<\/span><\/p>\n\t\t\t\t\t\t<\/div>\n\t\t\t\t\t\t<div class=\"add-border show-on-hover\"><\/div>\n\t\t\t\t\t\t<div class=\"show-on-hover\">\n\t\t\t\t\t\t\t<p class=\"big-p\"><div class=\"image-description\">G\u00e4ste<\/div>4<\/p>\n\t\t\t\t\t\t<\/div>\n\t\t\t\t\t\t<div class=\"add-border show-on-hover\"><\/div>\n\t\t\t\t\t\t<div class=\"show-on-hover\">\n\t\t\t\t\t\t\t<p class=\"big-p\"><div class=\"image-description\">Schlafzimmer<\/div>2<\/p>\n\t\t\t\t\t\t<\/div>\n\t\t\t\t\t<\/div>\n\t\t\t\t<\/a>\n\t\t\t<\/div>\n\t\t<\/div>\n\t<\/div><\/div><\/div><div class=\"swiper-pagination\"><\/div><div class=\"swiper-button-prev\"><\/div><div class=\"swiper-button-next\"><\/div><div class=\"swiper-scrollbar\"><\/div><\/div><\/div>\n\t\t\t\t<\/div>\n\t\t\t\t<\/div>\n\t\t\t\t\t<\/div>\n\t\t<\/div>\n\t\t\t\t\t\t\t<\/div>\n\t\t<\/section>\n\t\t\t\t<section class=\"elementor-section elementor-top-section elementor-element elementor-element-7219ab9b default-container elementor-section-boxed elementor-section-height-default elementor-section-height-default\" data-id=\"7219ab9b\" data-element_type=\"section\">\n\t\t\t\t\t\t<div class=\"elementor-container elementor-column-gap-default\">\n\t\t\t\t\t<div class=\"elementor-column elementor-col-100 elementor-top-column elementor-element elementor-element-eca65be\" data-id=\"eca65be\" data-element_type=\"column\">\n\t\t\t<div class=\"elementor-widget-wrap elementor-element-populated\">\n\t\t\t\t\t\t\t\t<div class=\"elementor-element elementor-element-4419db3d elementor-widget elementor-widget-text-editor\" data-id=\"4419db3d\" data-element_type=\"widget\" data-widget_type=\"text-editor.default\">\n\t\t\t\t<div class=\"elementor-widget-container\">\n\t\t\t\t\t\t\t<p>Unsere <strong>Ferienwohnungen in Pontresina<\/strong> sind vielseitig und jede einzelne hat einen besonderen Charme. Ob Sie die Ferien zu zweit verbringen oder in einer gro\u00dfen Gruppe anreisen, mit 60-170m\u00b2 bietet jeder unserer <strong>Ferienwohnungen in Pontresina<\/strong> ausreichend Platz f\u00fcr jedermann. Die kleinste <strong>Ferienwohnung in Pontresina<\/strong> bietet Platz f\u00fcr drei Personen, w\u00e4hrend in der gr\u00f6\u00dften Ferienwohnung bis zu sieben Personen Platz finden.<\/p><p>Viele unserer <strong>Ferienwohnungen in Pontresina<\/strong> sind ruhig gelegen, sodass Entspannung hier vorprogrammiert ist. Genie\u00dfen Sie den idyllischen Ausblick auf die majest\u00e4tische Berglandschaft, am besten direkt vom eigenen Balkon aus. Mit der frischen Bergluft in der Nase und warmen Sonnenstrahlen im Gesicht k\u00f6nnen Sie das Bergpanorama direkt von Ihrer <strong>Ferienwohnung in Pontresina<\/strong> aus genie\u00dfen.<\/p>\t\t\t\t\t\t<\/div>\n\t\t\t\t<\/div>\n\t\t\t\t<div class=\"elementor-element elementor-element-31d0d058 elementor-widget elementor-widget-spacer\" data-id=\"31d0d058\" data-element_type=\"widget\" data-widget_type=\"spacer.default\">\n\t\t\t\t<div class=\"elementor-widget-container\">\n\t\t\t<style>\/*! elementor - v3.15.0 - 20-08-2023 *\/\n.elementor-column .elementor-spacer-inner{height:var(--spacer-size)}.e-con{--container-widget-width:100%}.e-con-inner>.elementor-widget-spacer,.e-con>.elementor-widget-spacer{width:var(--container-widget-width,var(--spacer-size));--align-self:var(--container-widget-align-self,initial);--flex-shrink:0}.e-con-inner>.elementor-widget-spacer>.elementor-widget-container,.e-con-inner>.elementor-widget-spacer>.elementor-widget-container>.elementor-spacer,.e-con>.elementor-widget-spacer>.elementor-widget-container,.e-con>.elementor-widget-spacer>.elementor-widget-container>.elementor-spacer{height:100%}.e-con-inner>.elementor-widget-spacer>.elementor-widget-container>.elementor-spacer>.elementor-spacer-inner,.e-con>.elementor-widget-spacer>.elementor-widget-container>.elementor-spacer>.elementor-spacer-inner{height:var(--container-widget-height,var(--spacer-size))}<\/style>\t\t<div class=\"elementor-spacer\">\n\t\t\t<div class=\"elementor-spacer-inner\"><\/div>\n\t\t<\/div>\n\t\t\t\t<\/div>\n\t\t\t\t<\/div>\n\t\t\t\t<div class=\"elementor-element elementor-element-1e65957c elementor-widget elementor-widget-text-editor\" data-id=\"1e65957c\" data-element_type=\"widget\" data-widget_type=\"text-editor.default\">\n\t\t\t\t<div class=\"elementor-widget-container\">\n\t\t\t\t\t\t\t<p>Aber nicht nur der Balkon sorgt f\u00fcr pure Entspannung. Einige unserer <strong><a href=\"https:\/\/viva-ferien.ch\/de\/suchen-buchen\/\">Ferienwohnungen<\/a> in <a href=\"https:\/\/viva-ferien.ch\/de\/ortschaften\/pontresina\/\">Pontresina<\/a> <\/strong>haben einen Kamin. Ein Chemin\u00e9e ist der perfekte Ort, um sich nach einem langen Skitag aufzuw\u00e4rmen und zu entspannen. Nasse Kleidungsgegenst\u00e4nde und Skiausr\u00fcstung werden hier ebenfalls schnell wieder trocken und somit bereit f\u00fcr den n\u00e4chsten Tag auf der Piste. F\u00fcr alles Weitere bieten viele der Ferienwohnungen eine Waschmaschine und einen Trockner an. Des Weiteren verf\u00fcgen alle unsere <strong>Ferienwohnungen in Pontresina<\/strong> \u00fcber WLAN und mindestens einen Fernseher.<\/p><p>Aber auch abseits der Pisten gibt es in <a href=\"https:\/\/viva-ferien.ch\/de\/ortschaften\/pontresina\/\">Pontresina<\/a> Einiges zu sehen. Das Ortszentrum lockt mit vielen Einkaufsm\u00f6glichkeiten, Restaurants und Caf\u00e9s. Ob Sie eines der Restaurants oder Caf\u00e9s aufsuchen oder selbst kochen, bleibt Ihnen \u00fcberlassen. Selbstverst\u00e4ndlich ist Ihre <strong>Ferienwohnung in Pontresina<\/strong> mit modernen K\u00fcchenger\u00e4ten ausgestattet, sodass Sie komfortabel und flexibel selber kochen k\u00f6nnen.<\/p>\t\t\t\t\t\t<\/div>\n\t\t\t\t<\/div>\n\t\t\t\t<div class=\"elementor-element elementor-element-202c29d4 elementor-widget elementor-widget-image\" data-id=\"202c29d4\" data-element_type=\"widget\" data-widget_type=\"image.default\">\n\t\t\t\t<div class=\"elementor-widget-container\">\n\t\t\t<style>\/*! elementor - v3.15.0 - 20-08-2023 *\/\n.elementor-widget-image{text-align:center}.elementor-widget-image a{display:inline-block}.elementor-widget-image a img[src$=\".svg\"]{width:48px}.elementor-widget-image img{vertical-align:middle;display:inline-block}<\/style>\t\t\t\t\t\t\t\t\t\t\t\t<img loading=\"lazy\" decoding=\"async\" width=\"768\" height=\"309\" src=\"https:\/\/viva-ferien.ch\/wp-content\/uploads\/2023\/03\/martin-keller-a4EM1EM-7hI-unsplash-768x309.png\" class=\"attachment-medium_large size-medium_large wp-image-8784\" alt=\"Das Engadin mit blick auf die schneebedeckten Berge.\" srcset=\"https:\/\/viva-ferien.ch\/wp-content\/uploads\/2023\/03\/martin-keller-a4EM1EM-7hI-unsplash-768x309.png 768w, https:\/\/viva-ferien.ch\/wp-content\/uploads\/2023\/03\/martin-keller-a4EM1EM-7hI-unsplash-300x121.png 300w, https:\/\/viva-ferien.ch\/wp-content\/uploads\/2023\/03\/martin-keller-a4EM1EM-7hI-unsplash-1024x412.png 1024w, https:\/\/viva-ferien.ch\/wp-content\/uploads\/2023\/03\/martin-keller-a4EM1EM-7hI-unsplash-1536x617.png 1536w, https:\/\/viva-ferien.ch\/wp-content\/uploads\/2023\/03\/martin-keller-a4EM1EM-7hI-unsplash-2048x823.png 2048w\" sizes=\"(max-width: 768px) 100vw, 768px\" \/>\t\t\t\t\t\t\t\t\t\t\t\t\t\t\t<\/div>\n\t\t\t\t<\/div>\n\t\t\t\t<div class=\"elementor-element elementor-element-f5bb1e0 elementor-widget elementor-widget-spacer\" data-id=\"f5bb1e0\" data-element_type=\"widget\" data-widget_type=\"spacer.default\">\n\t\t\t\t<div class=\"elementor-widget-container\">\n\t\t\t\t\t<div class=\"elementor-spacer\">\n\t\t\t<div class=\"elementor-spacer-inner\"><\/div>\n\t\t<\/div>\n\t\t\t\t<\/div>\n\t\t\t\t<\/div>\n\t\t\t\t<div class=\"elementor-element elementor-element-5cb61f88 elementor-widget elementor-widget-heading\" data-id=\"5cb61f88\" data-element_type=\"widget\" data-widget_type=\"heading.default\">\n\t\t\t\t<div class=\"elementor-widget-container\">\n\t\t\t<h3 class=\"elementor-heading-title elementor-size-default\">Aktivit\u00e4ten in Pontresina<\/h3>\t\t<\/div>\n\t\t\t\t<\/div>\n\t\t\t\t<div class=\"elementor-element elementor-element-13ce797a elementor-widget elementor-widget-text-editor\" data-id=\"13ce797a\" data-element_type=\"widget\" data-widget_type=\"text-editor.default\">\n\t\t\t\t<div class=\"elementor-widget-container\">\n\t\t\t\t\t\t\t<p>Es ist ganz offensichtlich, dass <a href=\"https:\/\/viva-ferien.ch\/de\/ortschaften\/pontresina\/\">Pontresina<\/a> im Winter ein Paradies f\u00fcr Skifahrer, Snowboarder und Skilangl\u00e4ufer ist. Das Skigebiet Diavolezza und Lagalp \u00fcberzeugt mit weiten, gut ausgebauten Pisten und Loipen verschiedener Schwierigkeitsgrade f\u00fcr Einsteiger und Profis.<\/p><p>Wenn der Schnee anf\u00e4ngt zu schmelzen und der Sommer in <a href=\"https:\/\/viva-ferien.ch\/de\/ortschaften\/pontresina\/\">Pontresina<\/a> einkehrt, zeichnen sich wundersch\u00f6ne Wanderwege durch die Berglandschaft. Von einfach bis anspruchsvoll sind hier Wanderwege f\u00fcr jeden dabei. Eine der spektakul\u00e4rsten Wanderung ist von Muottas Muragls zur Alp Languard. Unterwegs sieht man die ganze Seenplatte des Oberengadins ebenfalls die hochalpinen Gletscherberge des bekannten Pal\u00fc und Bernina. Der Piz Bernina in Pontresina ist mit ca. 4.048 Metern der h\u00f6chste Berg in Pontresina und gleichzeitig der h\u00f6chste Gipfel der Ostalpen. Er ist umgeben von Eis und Gletschern, was den Betrachtern einen unvergesslichen Ausblick beschert.<\/p>\t\t\t\t\t\t<\/div>\n\t\t\t\t<\/div>\n\t\t\t\t\t<\/div>\n\t\t<\/div>\n\t\t\t\t\t\t\t<\/div>\n\t\t<\/section>\n\t\t\t\t<section class=\"elementor-section elementor-top-section elementor-element elementor-element-779d7cf7 default-container elementor-section-boxed elementor-section-height-default elementor-section-height-default\" data-id=\"779d7cf7\" data-element_type=\"section\">\n\t\t\t\t\t\t<div class=\"elementor-container elementor-column-gap-default\">\n\t\t\t\t\t<div class=\"elementor-column elementor-col-100 elementor-top-column elementor-element elementor-element-6627dae0 no-wrap raven-column-flex-horizontal\" data-id=\"6627dae0\" data-element_type=\"column\">\n\t\t\t<div class=\"elementor-widget-wrap elementor-element-populated\">\n\t\t\t\t\t\t\t\t<div class=\"elementor-element elementor-element-b8dc2db custom-btn elementor-widget elementor-widget-text-editor\" data-id=\"b8dc2db\" data-element_type=\"widget\" data-widget_type=\"text-editor.default\">\n\t\t\t\t<div class=\"elementor-widget-container\">\n\t\t\t\t\t\t\t<p><a href=\"\/?s\">131 Unterk\u00fcnfte entdecken<\/a><\/p>\t\t\t\t\t\t<\/div>\n\t\t\t\t<\/div>\n\t\t\t\t\t<\/div>\n\t\t<\/div>\n\t\t\t\t\t\t\t<\/div>\n\t\t<\/section>\n\t\t\t\t<section class=\"elementor-section elementor-top-section elementor-element elementor-element-243366f8 default-container elementor-section-boxed elementor-section-height-default elementor-section-height-default\" data-id=\"243366f8\" data-element_type=\"section\">\n\t\t\t\t\t\t<div class=\"elementor-container elementor-column-gap-default\">\n\t\t\t\t\t<div class=\"elementor-column elementor-col-100 elementor-top-column elementor-element elementor-element-245b1db9\" data-id=\"245b1db9\" data-element_type=\"column\">\n\t\t\t<div class=\"elementor-widget-wrap elementor-element-populated\">\n\t\t\t\t\t\t\t\t<div class=\"elementor-element elementor-element-41a7787e elementor-widget elementor-widget-text-editor\" data-id=\"41a7787e\" data-element_type=\"widget\" data-widget_type=\"text-editor.default\">\n\t\t\t\t<div class=\"elementor-widget-container\">\n\t\t\t\t\t\t\t<p>Auch der Hausberg von Pontresina, \u201ePiz Languard\u201c, gilt als ein lohnendes Ausflugsziel der zu besteigenden Berge. Mit gutem Grund befindet sich darum die bekannte Bergsteigerschule in Pontresina. Somit zieht es auch in den warmen Monaten viele Bergg\u00e4nger, Ferieng\u00e4ste und Urlauber in die Berge von Pontresina.<\/p><p>Wurde Ihr Interesse an einer <strong>Ferienwohnung in Pontresina<\/strong> geweckt? <a href=\"https:\/\/viva-ferien.ch\/de\/ortschaften\/pontresina\/\">Pontresina<\/a> ist sowohl im Sommer als auch im Winter ein absolut lohnenswertes Urlaubsziel. Doch letztendlich stehen und fallen die Ferien mit einer geeigneten <a href=\"https:\/\/viva-ferien.ch\/de\/suchen-buchen\/\">Ferienunterkunft<\/a>. Wir haben einige <strong>Ferienwohnungen in Pontresina<\/strong> f\u00fcr Sie in unserem Angebot. \u00dcberzeugen Sie sich selbst von unserer Auswahl und finden Sie die zu Ihnen passende <a href=\"https:\/\/viva-ferien.ch\/de\/suchen-buchen\/\">Ferienunterkunft bei VIVA-Ferien.<\/a><\/p>\t\t\t\t\t\t<\/div>\n\t\t\t\t<\/div>\n\t\t\t\t<div class=\"elementor-element elementor-element-11ca606 elementor-widget elementor-widget-spacer\" data-id=\"11ca606\" data-element_type=\"widget\" data-widget_type=\"spacer.default\">\n\t\t\t\t<div class=\"elementor-widget-container\">\n\t\t\t\t\t<div class=\"elementor-spacer\">\n\t\t\t<div class=\"elementor-spacer-inner\"><\/div>\n\t\t<\/div>\n\t\t\t\t<\/div>\n\t\t\t\t<\/div>\n\t\t\t\t\t<\/div>\n\t\t<\/div>\n\t\t\t\t\t\t\t<\/div>\n\t\t<\/section>\n\t\t\t\t<section class=\"elementor-section elementor-top-section elementor-element elementor-element-512c409 elementor-section-boxed elementor-section-height-default elementor-section-height-default\" data-id=\"512c409\" data-element_type=\"section\" data-settings=\"{&quot;background_background&quot;:&quot;gradient&quot;}\">\n\t\t\t\t\t\t<div class=\"elementor-container elementor-column-gap-default\">\n\t\t\t\t\t<div class=\"elementor-column elementor-col-100 elementor-top-column elementor-element elementor-element-b120644\" data-id=\"b120644\" data-element_type=\"column\">\n\t\t\t<div class=\"elementor-widget-wrap elementor-element-populated\">\n\t\t\t\t\t\t\t\t<div class=\"elementor-element elementor-element-b3c348a elementor-widget elementor-widget-template\" data-id=\"b3c348a\" data-element_type=\"widget\" data-widget_type=\"template.default\">\n\t\t\t\t<div class=\"elementor-widget-container\">\n\t\t\t\t\t<div class=\"elementor-template\">\n\t\t\t\t\t<div data-elementor-type=\"section\" data-elementor-id=\"10025\" class=\"elementor elementor-10025\" data-elementor-post-type=\"elementor_library\">\n\t\t\t\t\t\t\t\t<section class=\"elementor-section elementor-top-section elementor-element elementor-element-86d3918 elementor-section-full_width elementor-section-height-default elementor-section-height-default\" data-id=\"86d3918\" data-element_type=\"section\" data-settings=\"{&quot;background_background&quot;:&quot;gradient&quot;}\">\n\t\t\t\t\t\t<div class=\"elementor-container elementor-column-gap-default\">\n\t\t\t\t\t<div class=\"elementor-column elementor-col-100 elementor-top-column elementor-element elementor-element-ff48e81\" data-id=\"ff48e81\" data-element_type=\"column\">\n\t\t\t<div class=\"elementor-widget-wrap elementor-element-populated\">\n\t\t\t\t\t\t\t\t<div class=\"elementor-element elementor-element-0923d3e elementor-widget elementor-widget-spacer\" data-id=\"0923d3e\" data-element_type=\"widget\" data-widget_type=\"spacer.default\">\n\t\t\t\t<div class=\"elementor-widget-container\">\n\t\t\t\t\t<div class=\"elementor-spacer\">\n\t\t\t<div class=\"elementor-spacer-inner\"><\/div>\n\t\t<\/div>\n\t\t\t\t<\/div>\n\t\t\t\t<\/div>\n\t\t\t\t<div class=\"elementor-element elementor-element-ff1b3e7 elementor-widget elementor-widget-heading\" data-id=\"ff1b3e7\" data-element_type=\"widget\" data-widget_type=\"heading.default\">\n\t\t\t\t<div class=\"elementor-widget-container\">\n\t\t\t<h2 class=\"elementor-heading-title elementor-size-default\">Beliebteste Reiseziele im Engadin<\/h2>\t\t<\/div>\n\t\t\t\t<\/div>\n\t\t\t\t<section class=\"elementor-section elementor-inner-section elementor-element elementor-element-767f52e elementor-section-full_width elementor-section-height-min-height elementor-section-height-default\" data-id=\"767f52e\" data-element_type=\"section\">\n\t\t\t\t\t\t<div class=\"elementor-container elementor-column-gap-default\">\n\t\t\t\t\t<div class=\"raven-column-link elementor-column elementor-col-100 elementor-inner-column elementor-element elementor-element-816fe1c\" data-raven-link=\"https:\/\/viva-ferien.ch\/de\/ortschaften\/st-moritz\/\" data-raven-link-target=\"_self\" data-id=\"816fe1c\" data-element_type=\"column\" data-settings=\"{&quot;background_background&quot;:&quot;classic&quot;}\">\n\t\t\t<div class=\"elementor-widget-wrap elementor-element-populated\">\n\t\t\t\t\t<div class=\"elementor-background-overlay\"><\/div>\n\t\t\t\t\t\t\t\t<div class=\"elementor-element elementor-element-9b9a883 elementor-widget elementor-widget-heading\" data-id=\"9b9a883\" data-element_type=\"widget\" data-widget_type=\"heading.default\">\n\t\t\t\t<div class=\"elementor-widget-container\">\n\t\t\t<h4 class=\"elementor-heading-title elementor-size-default\">St. Moritz<\/h4>\t\t<\/div>\n\t\t\t\t<\/div>\n\t\t\t\t<div class=\"elementor-element elementor-element-e4784ff elementor-widget elementor-widget-spacer\" data-id=\"e4784ff\" data-element_type=\"widget\" data-widget_type=\"spacer.default\">\n\t\t\t\t<div class=\"elementor-widget-container\">\n\t\t\t\t\t<div class=\"elementor-spacer\">\n\t\t\t<div class=\"elementor-spacer-inner\"><\/div>\n\t\t<\/div>\n\t\t\t\t<\/div>\n\t\t\t\t<\/div>\n\t\t\t\t<div class=\"elementor-element elementor-element-91c8dd3 no-margin-bottom elementor-widget elementor-widget-text-editor\" data-id=\"91c8dd3\" data-element_type=\"widget\" data-widget_type=\"text-editor.default\">\n\t\t\t\t<div class=\"elementor-widget-container\">\n\t\t\t\t\t\t\t<p>Stilvoll, elegant und luxuri\u00f6s<\/p>\t\t\t\t\t\t<\/div>\n\t\t\t\t<\/div>\n\t\t\t\t\t<\/div>\n\t\t<\/div>\n\t\t\t\t\t\t\t<\/div>\n\t\t<\/section>\n\t\t\t\t\t<\/div>\n\t\t<\/div>\n\t\t\t\t\t\t\t<\/div>\n\t\t<\/section>\n\t\t\t\t<section class=\"elementor-section elementor-top-section elementor-element elementor-element-ef00146 elementor-section-full_width elementor-section-height-default elementor-section-height-default\" data-id=\"ef00146\" data-element_type=\"section\">\n\t\t\t\t\t\t<div class=\"elementor-container elementor-column-gap-default\">\n\t\t\t\t\t<div class=\"elementor-column elementor-col-100 elementor-top-column elementor-element elementor-element-4cee59c\" data-id=\"4cee59c\" data-element_type=\"column\">\n\t\t\t<div class=\"elementor-widget-wrap elementor-element-populated\">\n\t\t\t\t\t\t\t\t<section class=\"elementor-section elementor-inner-section elementor-element elementor-element-16877de elementor-section-full_width elementor-section-height-default elementor-section-height-default\" data-id=\"16877de\" data-element_type=\"section\" data-settings=\"{&quot;background_background&quot;:&quot;gradient&quot;}\">\n\t\t\t\t\t\t<div class=\"elementor-container elementor-column-gap-default\">\n\t\t\t\t\t<div class=\"elementor-column elementor-col-33 elementor-inner-column elementor-element elementor-element-5efe2e4\" data-id=\"5efe2e4\" data-element_type=\"column\">\n\t\t\t<div class=\"elementor-widget-wrap elementor-element-populated\">\n\t\t\t\t\t\t\t\t<section class=\"elementor-section elementor-inner-section elementor-element elementor-element-87b51f6 elementor-section-full_width elementor-section-height-min-height elementor-section-height-default\" data-id=\"87b51f6\" data-element_type=\"section\">\n\t\t\t\t\t\t<div class=\"elementor-container elementor-column-gap-default\">\n\t\t\t\t\t<div class=\"raven-column-link elementor-column elementor-col-100 elementor-inner-column elementor-element elementor-element-c404b33\" data-raven-link=\"https:\/\/viva-ferien.ch\/de\/ortschaften\/celerina\/\" data-raven-link-target=\"_self\" data-id=\"c404b33\" data-element_type=\"column\" data-settings=\"{&quot;background_background&quot;:&quot;classic&quot;}\">\n\t\t\t<div class=\"elementor-widget-wrap elementor-element-populated\">\n\t\t\t\t\t<div class=\"elementor-background-overlay\"><\/div>\n\t\t\t\t\t\t\t\t<div class=\"elementor-element elementor-element-da97e93 elementor-widget elementor-widget-heading\" data-id=\"da97e93\" data-element_type=\"widget\" data-widget_type=\"heading.default\">\n\t\t\t\t<div class=\"elementor-widget-container\">\n\t\t\t<h4 class=\"elementor-heading-title elementor-size-default\">Celerina<\/h4>\t\t<\/div>\n\t\t\t\t<\/div>\n\t\t\t\t<div class=\"elementor-element elementor-element-8fd3e92 elementor-widget elementor-widget-spacer\" data-id=\"8fd3e92\" data-element_type=\"widget\" data-widget_type=\"spacer.default\">\n\t\t\t\t<div class=\"elementor-widget-container\">\n\t\t\t\t\t<div class=\"elementor-spacer\">\n\t\t\t<div class=\"elementor-spacer-inner\"><\/div>\n\t\t<\/div>\n\t\t\t\t<\/div>\n\t\t\t\t<\/div>\n\t\t\t\t<div class=\"elementor-element elementor-element-c200eb2 no-margin-bottom elementor-widget elementor-widget-text-editor\" data-id=\"c200eb2\" data-element_type=\"widget\" data-widget_type=\"text-editor.default\">\n\t\t\t\t<div class=\"elementor-widget-container\">\n\t\t\t\t\t\t\t<p>Idealer Ausgangspunkt f\u00fcr alle Wanderer, Biker, Langl\u00e4ufer und Skifahrer<\/p>\t\t\t\t\t\t<\/div>\n\t\t\t\t<\/div>\n\t\t\t\t\t<\/div>\n\t\t<\/div>\n\t\t\t\t\t\t\t<\/div>\n\t\t<\/section>\n\t\t\t\t\t<\/div>\n\t\t<\/div>\n\t\t\t\t<div class=\"elementor-column elementor-col-33 elementor-inner-column elementor-element elementor-element-780880f\" data-id=\"780880f\" data-element_type=\"column\">\n\t\t\t<div class=\"elementor-widget-wrap elementor-element-populated\">\n\t\t\t\t\t\t\t\t<section class=\"elementor-section elementor-inner-section elementor-element elementor-element-19b5183 elementor-section-full_width elementor-section-height-min-height elementor-section-height-default\" data-id=\"19b5183\" data-element_type=\"section\">\n\t\t\t\t\t\t<div class=\"elementor-container elementor-column-gap-default\">\n\t\t\t\t\t<div class=\"raven-column-link elementor-column elementor-col-100 elementor-inner-column elementor-element elementor-element-f0f8c45\" data-raven-link=\"https:\/\/viva-ferien.ch\/de\/ortschaften\/pontresina\/\" data-raven-link-target=\"_self\" data-id=\"f0f8c45\" data-element_type=\"column\" data-settings=\"{&quot;background_background&quot;:&quot;classic&quot;}\">\n\t\t\t<div class=\"elementor-widget-wrap elementor-element-populated\">\n\t\t\t\t\t\t\t\t<div class=\"elementor-element elementor-element-7eaa8d2 elementor-widget elementor-widget-heading\" data-id=\"7eaa8d2\" data-element_type=\"widget\" data-widget_type=\"heading.default\">\n\t\t\t\t<div class=\"elementor-widget-container\">\n\t\t\t<h4 class=\"elementor-heading-title elementor-size-default\">Pontresina<\/h4>\t\t<\/div>\n\t\t\t\t<\/div>\n\t\t\t\t<div class=\"elementor-element elementor-element-3f6d696 elementor-widget elementor-widget-spacer\" data-id=\"3f6d696\" data-element_type=\"widget\" data-widget_type=\"spacer.default\">\n\t\t\t\t<div class=\"elementor-widget-container\">\n\t\t\t\t\t<div class=\"elementor-spacer\">\n\t\t\t<div class=\"elementor-spacer-inner\"><\/div>\n\t\t<\/div>\n\t\t\t\t<\/div>\n\t\t\t\t<\/div>\n\t\t\t\t<div class=\"elementor-element elementor-element-ccfe831 no-margin-bottom elementor-widget elementor-widget-text-editor\" data-id=\"ccfe831\" data-element_type=\"widget\" data-widget_type=\"text-editor.default\">\n\t\t\t\t<div class=\"elementor-widget-container\">\n\t\t\t\t\t\t\t<p>Ein Eldorado f\u00fcr Entdecker und Geniesser<\/p>\t\t\t\t\t\t<\/div>\n\t\t\t\t<\/div>\n\t\t\t\t\t<\/div>\n\t\t<\/div>\n\t\t\t\t\t\t\t<\/div>\n\t\t<\/section>\n\t\t\t\t\t<\/div>\n\t\t<\/div>\n\t\t\t\t<div class=\"elementor-column elementor-col-33 elementor-inner-column elementor-element elementor-element-ebf49f4\" data-id=\"ebf49f4\" data-element_type=\"column\">\n\t\t\t<div class=\"elementor-widget-wrap elementor-element-populated\">\n\t\t\t\t\t\t\t\t<section class=\"elementor-section elementor-inner-section elementor-element elementor-element-6ef7b84 elementor-section-full_width elementor-section-height-min-height elementor-section-height-default\" data-id=\"6ef7b84\" data-element_type=\"section\">\n\t\t\t\t\t\t<div class=\"elementor-container elementor-column-gap-default\">\n\t\t\t\t\t<div class=\"raven-column-link elementor-column elementor-col-100 elementor-inner-column elementor-element elementor-element-42bbc17\" data-raven-link=\"https:\/\/viva-ferien.ch\/de\/ortschaften\/samedan\/\" data-raven-link-target=\"_self\" data-id=\"42bbc17\" data-element_type=\"column\" data-settings=\"{&quot;background_background&quot;:&quot;classic&quot;}\">\n\t\t\t<div class=\"elementor-widget-wrap elementor-element-populated\">\n\t\t\t\t\t<div class=\"elementor-background-overlay\"><\/div>\n\t\t\t\t\t\t\t\t<div class=\"elementor-element elementor-element-0f97324 elementor-widget elementor-widget-heading\" data-id=\"0f97324\" data-element_type=\"widget\" data-widget_type=\"heading.default\">\n\t\t\t\t<div class=\"elementor-widget-container\">\n\t\t\t<h4 class=\"elementor-heading-title elementor-size-default\">Samedan<\/h4>\t\t<\/div>\n\t\t\t\t<\/div>\n\t\t\t\t<div class=\"elementor-element elementor-element-acca31c elementor-widget elementor-widget-spacer\" data-id=\"acca31c\" data-element_type=\"widget\" data-widget_type=\"spacer.default\">\n\t\t\t\t<div class=\"elementor-widget-container\">\n\t\t\t\t\t<div class=\"elementor-spacer\">\n\t\t\t<div class=\"elementor-spacer-inner\"><\/div>\n\t\t<\/div>\n\t\t\t\t<\/div>\n\t\t\t\t<\/div>\n\t\t\t\t<div class=\"elementor-element elementor-element-1366ad6 no-margin-bottom elementor-widget elementor-widget-text-editor\" data-id=\"1366ad6\" data-element_type=\"widget\" data-widget_type=\"text-editor.default\">\n\t\t\t\t<div class=\"elementor-widget-container\">\n\t\t\t\t\t\t\t<p>Authentisch und traditionell<\/p>\t\t\t\t\t\t<\/div>\n\t\t\t\t<\/div>\n\t\t\t\t\t<\/div>\n\t\t<\/div>\n\t\t\t\t\t\t\t<\/div>\n\t\t<\/section>\n\t\t\t\t\t<\/div>\n\t\t<\/div>\n\t\t\t\t\t\t\t<\/div>\n\t\t<\/section>\n\t\t\t\t\t<\/div>\n\t\t<\/div>\n\t\t\t\t\t\t\t<\/div>\n\t\t<\/section>\n\t\t\t\t<section class=\"elementor-section elementor-top-section elementor-element elementor-element-f343ec1 elementor-section-boxed elementor-section-height-default elementor-section-height-default\" data-id=\"f343ec1\" data-element_type=\"section\">\n\t\t\t\t\t\t<div class=\"elementor-container elementor-column-gap-default\">\n\t\t\t\t\t<div class=\"elementor-column elementor-col-100 elementor-top-column elementor-element elementor-element-1d192be\" data-id=\"1d192be\" data-element_type=\"column\">\n\t\t\t<div class=\"elementor-widget-wrap elementor-element-populated\">\n\t\t\t\t\t\t\t\t<div class=\"elementor-element elementor-element-ace7e58 elementor-widget elementor-widget-spacer\" data-id=\"ace7e58\" data-element_type=\"widget\" data-widget_type=\"spacer.default\">\n\t\t\t\t<div class=\"elementor-widget-container\">\n\t\t\t\t\t<div class=\"elementor-spacer\">\n\t\t\t<div class=\"elementor-spacer-inner\"><\/div>\n\t\t<\/div>\n\t\t\t\t<\/div>\n\t\t\t\t<\/div>\n\t\t\t\t\t<\/div>\n\t\t<\/div>\n\t\t\t\t\t\t\t<\/div>\n\t\t<\/section>\n\t\t\t\t\t\t<\/div>\n\t\t\t\t<\/div>\n\t\t\t\t<\/div>\n\t\t\t\t<\/div>\n\t\t\t\t\t<\/div>\n\t\t<\/div>\n\t\t\t\t\t\t\t<\/div>\n\t\t<\/section>\n\t\t\t\t\t\t\t<\/div>\n\t\t","protected":false},"excerpt":{"rendered":"<p>Ferienwohnung in Pontresina \u00a0 Tauchen Sie in Pontresina in die Bergwelt ein und buchen Sie erholsame Tage in einer VIVA-Ferienwohnung.\u00a0 Pontresina thront malerisch auf 1.800 Metern \u00fcber dem Meeresspiegel am linken Seitenhang des Berninatals. Sein einzigartiger Charme wird durch die malerische Mischung aus traditionellen Engadiner Bauern- und Patrizierh\u00e4usern mit reichen Sgraffito-Verzierungen sowie eleganten Hotelbauten aus [&hellip;]<\/p>\n","protected":false},"author":1,"featured_media":8798,"parent":0,"menu_order":0,"comment_status":"closed","ping_status":"closed","template":"elementor_header_footer","meta":{"_acf_changed":false,"footnotes":""},"landingpage":[],"acf":[],"yoast_head":"<!-- This site is optimized with the Yoast SEO plugin v22.3 - https:\/\/yoast.com\/wordpress\/plugins\/seo\/ -->\n<title>Ferienwohnung in Pontresina - VIVA-Ferien<\/title>\n<meta name=\"description\" content=\"Eine Ferienwohnung in Pontresina ist genau die richtige Entscheidung, wenn Ihnen der Sinn nach hervorragenden Ski- und Wandergebieten steht.\" \/>\n<meta name=\"robots\" content=\"index, follow, max-snippet:-1, max-image-preview:large, max-video-preview:-1\" \/>\n<link rel=\"canonical\" href=\"https:\/\/viva-ferien.ch\/de\/ferienwohnung-in-pontresina\/\" \/>\n<meta property=\"og:locale\" content=\"de_DE\" \/>\n<meta property=\"og:type\" content=\"article\" \/>\n<meta property=\"og:title\" content=\"Ferienwohnung in Pontresina - VIVA-Ferien\" \/>\n<meta property=\"og:description\" content=\"Eine Ferienwohnung in Pontresina ist genau die richtige Entscheidung, wenn Ihnen der Sinn nach hervorragenden Ski- und Wandergebieten steht.\" \/>\n<meta property=\"og:url\" content=\"https:\/\/viva-ferien.ch\/de\/ferienwohnung-in-pontresina\/\" \/>\n<meta property=\"og:site_name\" content=\"VIVA-Ferien\" \/>\n<meta property=\"article:modified_time\" content=\"2024-03-26T14:03:11+00:00\" \/>\n<meta property=\"og:image\" content=\"https:\/\/viva-ferien.ch\/wp-content\/uploads\/2023\/03\/azzedine-rouichi-CxCe_9JUiL8-unsplash-scaled.jpg\" \/>\n\t<meta property=\"og:image:width\" content=\"2560\" \/>\n\t<meta property=\"og:image:height\" content=\"1707\" \/>\n\t<meta property=\"og:image:type\" content=\"image\/jpeg\" \/>\n<meta name=\"twitter:card\" content=\"summary_large_image\" \/>\n<meta name=\"twitter:label1\" content=\"Gesch\u00e4tzte Lesezeit\" \/>\n\t<meta name=\"twitter:data1\" content=\"6\u00a0Minuten\" \/>\n<script type=\"application\/ld+json\" class=\"yoast-schema-graph\">{\"@context\":\"https:\/\/schema.org\",\"@graph\":[{\"@type\":\"WebPage\",\"@id\":\"https:\/\/viva-ferien.ch\/de\/ferienwohnung-in-pontresina\/\",\"url\":\"https:\/\/viva-ferien.ch\/de\/ferienwohnung-in-pontresina\/\",\"name\":\"Ferienwohnung in Pontresina - VIVA-Ferien\",\"isPartOf\":{\"@id\":\"https:\/\/viva-ferien.ch\/de\/#website\"},\"primaryImageOfPage\":{\"@id\":\"https:\/\/viva-ferien.ch\/de\/ferienwohnung-in-pontresina\/#primaryimage\"},\"image\":{\"@id\":\"https:\/\/viva-ferien.ch\/de\/ferienwohnung-in-pontresina\/#primaryimage\"},\"thumbnailUrl\":\"https:\/\/viva-ferien.ch\/wp-content\/uploads\/2023\/03\/azzedine-rouichi-CxCe_9JUiL8-unsplash-scaled.jpg\",\"datePublished\":\"2023-04-04T13:42:04+00:00\",\"dateModified\":\"2024-03-26T14:03:11+00:00\",\"description\":\"Eine Ferienwohnung in Pontresina ist genau die richtige Entscheidung, wenn Ihnen der Sinn nach hervorragenden Ski- und Wandergebieten steht.\",\"breadcrumb\":{\"@id\":\"https:\/\/viva-ferien.ch\/de\/ferienwohnung-in-pontresina\/#breadcrumb\"},\"inLanguage\":\"de\",\"potentialAction\":[{\"@type\":\"ReadAction\",\"target\":[\"https:\/\/viva-ferien.ch\/de\/ferienwohnung-in-pontresina\/\"]}]},{\"@type\":\"ImageObject\",\"inLanguage\":\"de\",\"@id\":\"https:\/\/viva-ferien.ch\/de\/ferienwohnung-in-pontresina\/#primaryimage\",\"url\":\"https:\/\/viva-ferien.ch\/wp-content\/uploads\/2023\/03\/azzedine-rouichi-CxCe_9JUiL8-unsplash-scaled.jpg\",\"contentUrl\":\"https:\/\/viva-ferien.ch\/wp-content\/uploads\/2023\/03\/azzedine-rouichi-CxCe_9JUiL8-unsplash-scaled.jpg\",\"width\":2560,\"height\":1707,\"caption\":\"Eine Aussichtsplattform im Engadin, mit Sitzb\u00e4nken und einigen Menschen die das Bergpanorama genie\u00dfen\"},{\"@type\":\"BreadcrumbList\",\"@id\":\"https:\/\/viva-ferien.ch\/de\/ferienwohnung-in-pontresina\/#breadcrumb\",\"itemListElement\":[{\"@type\":\"ListItem\",\"position\":1,\"name\":\"VIVA\",\"item\":\"https:\/\/viva-ferien.ch\/de\/\"},{\"@type\":\"ListItem\",\"position\":2,\"name\":\"Ferienwohnung in Pontresina\"}]},{\"@type\":\"WebSite\",\"@id\":\"https:\/\/viva-ferien.ch\/de\/#website\",\"url\":\"https:\/\/viva-ferien.ch\/de\/\",\"name\":\"VIVA-Ferien\",\"description\":\"Ferienwohnungen, Rental, Immobilien, Real Estate, St. Moritz, Engadin.\",\"potentialAction\":[{\"@type\":\"SearchAction\",\"target\":{\"@type\":\"EntryPoint\",\"urlTemplate\":\"https:\/\/viva-ferien.ch\/de\/?s={search_term_string}\"},\"query-input\":\"required name=search_term_string\"}],\"inLanguage\":\"de\"}]}<\/script>\n<!-- \/ Yoast SEO plugin. -->","yoast_head_json":{"title":"Ferienwohnung in Pontresina - VIVA-Ferien","description":"Eine Ferienwohnung in Pontresina ist genau die richtige Entscheidung, wenn Ihnen der Sinn nach hervorragenden Ski- und Wandergebieten steht.","robots":{"index":"index","follow":"follow","max-snippet":"max-snippet:-1","max-image-preview":"max-image-preview:large","max-video-preview":"max-video-preview:-1"},"canonical":"https:\/\/viva-ferien.ch\/de\/ferienwohnung-in-pontresina\/","og_locale":"de_DE","og_type":"article","og_title":"Ferienwohnung in Pontresina - VIVA-Ferien","og_description":"Eine Ferienwohnung in Pontresina ist genau die richtige Entscheidung, wenn Ihnen der Sinn nach hervorragenden Ski- und Wandergebieten steht.","og_url":"https:\/\/viva-ferien.ch\/de\/ferienwohnung-in-pontresina\/","og_site_name":"VIVA-Ferien","article_modified_time":"2024-03-26T14:03:11+00:00","og_image":[{"width":2560,"height":1707,"url":"https:\/\/viva-ferien.ch\/wp-content\/uploads\/2023\/03\/azzedine-rouichi-CxCe_9JUiL8-unsplash-scaled.jpg","type":"image\/jpeg"}],"twitter_card":"summary_large_image","twitter_misc":{"Gesch\u00e4tzte Lesezeit":"6\u00a0Minuten"},"schema":{"@context":"https:\/\/schema.org","@graph":[{"@type":"WebPage","@id":"https:\/\/viva-ferien.ch\/de\/ferienwohnung-in-pontresina\/","url":"https:\/\/viva-ferien.ch\/de\/ferienwohnung-in-pontresina\/","name":"Ferienwohnung in Pontresina - VIVA-Ferien","isPartOf":{"@id":"https:\/\/viva-ferien.ch\/de\/#website"},"primaryImageOfPage":{"@id":"https:\/\/viva-ferien.ch\/de\/ferienwohnung-in-pontresina\/#primaryimage"},"image":{"@id":"https:\/\/viva-ferien.ch\/de\/ferienwohnung-in-pontresina\/#primaryimage"},"thumbnailUrl":"https:\/\/viva-ferien.ch\/wp-content\/uploads\/2023\/03\/azzedine-rouichi-CxCe_9JUiL8-unsplash-scaled.jpg","datePublished":"2023-04-04T13:42:04+00:00","dateModified":"2024-03-26T14:03:11+00:00","description":"Eine Ferienwohnung in Pontresina ist genau die richtige Entscheidung, wenn Ihnen der Sinn nach hervorragenden Ski- und Wandergebieten steht.","breadcrumb":{"@id":"https:\/\/viva-ferien.ch\/de\/ferienwohnung-in-pontresina\/#breadcrumb"},"inLanguage":"de","potentialAction":[{"@type":"ReadAction","target":["https:\/\/viva-ferien.ch\/de\/ferienwohnung-in-pontresina\/"]}]},{"@type":"ImageObject","inLanguage":"de","@id":"https:\/\/viva-ferien.ch\/de\/ferienwohnung-in-pontresina\/#primaryimage","url":"https:\/\/viva-ferien.ch\/wp-content\/uploads\/2023\/03\/azzedine-rouichi-CxCe_9JUiL8-unsplash-scaled.jpg","contentUrl":"https:\/\/viva-ferien.ch\/wp-content\/uploads\/2023\/03\/azzedine-rouichi-CxCe_9JUiL8-unsplash-scaled.jpg","width":2560,"height":1707,"caption":"Eine Aussichtsplattform im Engadin, mit Sitzb\u00e4nken und einigen Menschen die das Bergpanorama genie\u00dfen"},{"@type":"BreadcrumbList","@id":"https:\/\/viva-ferien.ch\/de\/ferienwohnung-in-pontresina\/#breadcrumb","itemListElement":[{"@type":"ListItem","position":1,"name":"VIVA","item":"https:\/\/viva-ferien.ch\/de\/"},{"@type":"ListItem","position":2,"name":"Ferienwohnung in Pontresina"}]},{"@type":"WebSite","@id":"https:\/\/viva-ferien.ch\/de\/#website","url":"https:\/\/viva-ferien.ch\/de\/","name":"VIVA-Ferien","description":"Ferienwohnungen, Rental, Immobilien, Real Estate, St. Moritz, Engadin.","potentialAction":[{"@type":"SearchAction","target":{"@type":"EntryPoint","urlTemplate":"https:\/\/viva-ferien.ch\/de\/?s={search_term_string}"},"query-input":"required name=search_term_string"}],"inLanguage":"de"}]}},"_links":{"self":[{"href":"https:\/\/viva-ferien.ch\/de\/wp-json\/wp\/v2\/pages\/8769"}],"collection":[{"href":"https:\/\/viva-ferien.ch\/de\/wp-json\/wp\/v2\/pages"}],"about":[{"href":"https:\/\/viva-ferien.ch\/de\/wp-json\/wp\/v2\/types\/page"}],"author":[{"embeddable":true,"href":"https:\/\/viva-ferien.ch\/de\/wp-json\/wp\/v2\/users\/1"}],"replies":[{"embeddable":true,"href":"https:\/\/viva-ferien.ch\/de\/wp-json\/wp\/v2\/comments?post=8769"}],"version-history":[{"count":20,"href":"https:\/\/viva-ferien.ch\/de\/wp-json\/wp\/v2\/pages\/8769\/revisions"}],"predecessor-version":[{"id":12082,"href":"https:\/\/viva-ferien.ch\/de\/wp-json\/wp\/v2\/pages\/8769\/revisions\/12082"}],"wp:featuredmedia":[{"embeddable":true,"href":"https:\/\/viva-ferien.ch\/de\/wp-json\/wp\/v2\/media\/8798"}],"wp:attachment":[{"href":"https:\/\/viva-ferien.ch\/de\/wp-json\/wp\/v2\/media?parent=8769"}],"wp:term":[{"taxonomy":"landingpage","embeddable":true,"href":"https:\/\/viva-ferien.ch\/de\/wp-json\/wp\/v2\/landingpage?post=8769"}],"curies":[{"name":"wp","href":"https:\/\/api.w.org\/{rel}","templated":true}]}}